{"id":3495,"date":"2020-06-16T07:16:24","date_gmt":"2020-06-16T07:16:24","guid":{"rendered":"https:\/\/tamara-landau.net\/noticias-2019\/"},"modified":"2020-10-18T20:57:04","modified_gmt":"2020-10-18T20:57:04","slug":"noticias-2019","status":"publish","type":"page","link":"https:\/\/tamara-landau.net\/pt-pt\/noticias-2019\/","title":{"rendered":"Not\u00edcias 2019"},"content":{"rendered":"<p>[et_pb_section fb_built=&#8221;1&#8243; fullwidth=&#8221;on&#8221; _builder_version=&#8221;3.26.4&#8243; background_color=&#8221;#fcfaf6&#8243; locked=&#8221;off&#8221;][et_pb_fullwidth_header title=&#8221;Tamara Landau&#8221; subhead=&#8221;Not\u00edcias 2019 &#8211; 2020&#8243; _builder_version=&#8221;3.26.4&#8243; title_font=&#8221;||||||||&#8221; title_text_color=&#8221;#00cccc&#8221; title_font_size=&#8221;25px&#8221; subhead_font=&#8221;||||||||&#8221; subhead_text_color=&#8221;#0068d8&#8243; subhead_font_size=&#8221;24px&#8221; background_color=&#8221;#fbfaf5&#8243; background_layout=&#8221;light&#8221; custom_padding=&#8221;25px||6px|||&#8221; border_color_all=&#8221;#ffffff&#8221; border_color_bottom=&#8221;#00cccc&#8221; border_style_bottom=&#8221;dotted&#8221;][\/et_pb_fullwidth_header][\/et_pb_section][et_pb_section fb_built=&#8221;1&#8243; fullwidth=&#8221;on&#8221; _builder_version=&#8221;3.26.4&#8243; background_color=&#8221;#ffffff&#8221; custom_padding=&#8221;5px||16px|||&#8221; border_width_bottom=&#8221;1px&#8221; border_color_bottom=&#8221;#d7f9ee&#8221; saved_tabs=&#8221;all&#8221; locked=&#8221;off&#8221;][et_pb_fullwidth_menu menu_id=&#8221;36&#8243; active_link_color=&#8221;#0068d8&#8243; dropdown_menu_text_color=&#8221;#0068d8&#8243; _builder_version=&#8221;3.26.4&#8243; background_color=&#8221;rgba(0,0,0,0)&#8221; custom_margin=&#8221;||-10px|||&#8221; border_color_bottom=&#8221;#d7f9ee&#8221;][\/et_pb_fullwidth_menu][\/et_pb_section][et_pb_section fb_built=&#8221;1&#8243; _builder_version=&#8221;3.26.4&#8243; custom_padding=&#8221;40px||16px|||&#8221; border_width_bottom=&#8221;1px&#8221; border_color_bottom=&#8221;#d7f9ee&#8221; box_shadow_style=&#8221;preset3&#8243; box_shadow_color=&#8221;#d7f9ee&#8221; locked=&#8221;off&#8221;][et_pb_row column_structure=&#8221;2_3,1_3&#8243; _builder_version=&#8221;4.4.3&#8243; min_height=&#8221;179px&#8221; custom_margin=&#8221;|auto|-6px|50px||&#8221; custom_padding=&#8221;3px||8px|||&#8221;][et_pb_column type=&#8221;2_3&#8243; _builder_version=&#8221;3.26.4&#8243;][et_pb_text _builder_version=&#8221;4.4.3&#8243; text_font=&#8221;|||on|||||&#8221; text_text_color=&#8221;#00cccc&#8221; text_font_size=&#8221;18px&#8221; locked=&#8221;off&#8221;]<\/p>\n<p>Mardi 20 octobre 2020<\/p>\n<p>[\/et_pb_text][et_pb_text _builder_version=&#8221;4.4.3&#8243; custom_margin=&#8221;-3px|||||&#8221; custom_padding=&#8221;||0px|||&#8221; locked=&#8221;off&#8221;]<\/p>\n<h2 class=\"entry-title\">Live com Dra M\u00f4nica V\u00e9ras, Salvador &#8211; Brasil<\/h2>\n<p>[\/et_pb_text][et_pb_text _builder_version=&#8221;4.4.3&#8243; custom_padding=&#8221;0px|||||&#8221; locked=&#8221;off&#8221;]<\/p>\n<div>\n<p><strong>Dr M\u00f4nica V\u00e9ras<\/strong>, psychanalyste et directrice du NAPSI, Institution de formation psychanalytique \u00e0 Salvador de Bahia, invite Tamara Landau pour un Live le 20 octobre 2020 en direct \u00e0 11h (Salvador do Brasil) &#8211; 16h (Paris).<\/p>\n<\/div>\n<div>Th\u00e8me : <strong><span class=\"gmail-tlid-translation gmail-translation\" tabindex=\"-1\" lang=\"fr\"><span title=\"\" class=\"gmail-\">&#8220;La souffrance psychologique de la vie foetale&#8221;<\/span><\/span><\/strong><\/div>\n<p><strong><\/strong><\/p>\n<p>[\/et_pb_text][et_pb_text _builder_version=&#8221;4.4.3&#8243; background_color=&#8221;rgba(0,0,0,0)&#8221; custom_padding=&#8221;10px|10px|5px|10px|false|true&#8221; border_width_top=&#8221;1px&#8221; border_color_top=&#8221;#d7f9ee&#8221; locked=&#8221;off&#8221;]<\/p>\n<p><span class=\"gmail-tlid-translation gmail-translation\" lang=\"fr\" tabindex=\"-1\"><span title=\"\" class=\"gmail-\"><a href=\"https:\/\/www.youtube.com\/c\/M%C3%B4nicaV%C3%A9rasPsicanalista\/featured\">Youtube M\u00f4nica V\u00e9ras Psicanalista<\/a><\/span><\/span><\/p>\n<p>En direct le 20 octobre \u00e0 <strong>11h Salvador do Brasil<\/strong> &#8211; 16h \u00e0 Paris.<\/p>\n<p>[\/et_pb_text][\/et_pb_column][et_pb_column type=&#8221;1_3&#8243; _builder_version=&#8221;3.26.4&#8243;][et_pb_image src=&#8221;https:\/\/tamara-landau.net\/wp-content\/uploads\/2020\/10\/Live-Tamara-Landau-Monica-Veras.jpg&#8221; show_in_lightbox=&#8221;on&#8221; _builder_version=&#8221;4.4.3&#8243; width=&#8221;100%&#8221; custom_padding=&#8221;10px|||0px|false|false&#8221; border_width_all=&#8221;1px&#8221; border_color_all=&#8221;#e02b20&#8243; locked=&#8221;off&#8221;][\/et_pb_image][\/et_pb_column][\/et_pb_row][\/et_pb_section][et_pb_section fb_built=&#8221;1&#8243; _builder_version=&#8221;3.26.4&#8243; custom_padding=&#8221;40px||16px|||&#8221; border_width_bottom=&#8221;1px&#8221; border_color_bottom=&#8221;#d7f9ee&#8221; box_shadow_style=&#8221;preset3&#8243; box_shadow_color=&#8221;#d7f9ee&#8221; locked=&#8221;off&#8221;][et_pb_row column_structure=&#8221;2_3,1_3&#8243; _builder_version=&#8221;3.26.4&#8243; min_height=&#8221;179px&#8221; custom_margin=&#8221;|auto|-6px|50px||&#8221; custom_padding=&#8221;3px||8px|||&#8221; locked=&#8221;off&#8221;][et_pb_column type=&#8221;2_3&#8243; _builder_version=&#8221;3.26.4&#8243;][et_pb_text _builder_version=&#8221;4.4.3&#8243; text_font=&#8221;|||on|||||&#8221; text_text_color=&#8221;#00cccc&#8221; text_font_size=&#8221;18px&#8221; locked=&#8221;off&#8221;]Samedi 19 septembre 2020,  10h-12h  et 14h-16h [\/et_pb_text][et_pb_text _builder_version=&#8221;4.4.3&#8243; custom_margin=&#8221;-3px|||||&#8221; custom_padding=&#8221;||0px|||&#8221; locked=&#8221;off&#8221;]<\/p>\n<h2 class=\"entry-title\">Rencontre-d\u00e9bat \u00e0 Montpellier \u00e0 l\u2019Association Lacanienne Internationale  Languedoc-Roussillon<\/h2>\n<p>[\/et_pb_text][et_pb_text _builder_version=&#8221;4.0.9&#8243; custom_padding=&#8221;0px|||||&#8221; locked=&#8221;off&#8221;]<\/p>\n<p>Tamara Landau est invit\u00e9e \u00e0 Montpellier par <strong>Fr\u00e9d\u00e9rique F. Berger<\/strong>, psychanalyste et chercheur, \u00e0 une rencontre-d\u00e9bat autour de son dernier livre &#8220;Accoucher et faire na\u00eetre \u00bb \u00e0 l&#8217;Association Lacanienne Internationale Languedoc-Roussillon.<br \/> <strong><\/strong><\/p>\n<p>[\/et_pb_text][et_pb_text _builder_version=&#8221;4.0.9&#8243; background_color=&#8221;rgba(0,0,0,0)&#8221; custom_padding=&#8221;10px|10px|5px|10px|false|true&#8221; border_width_top=&#8221;1px&#8221; border_color_top=&#8221;#d7f9ee&#8221; locked=&#8221;off&#8221;]<\/p>\n<p>Association Mas des Moulins<br \/> 2452 Avenue du P\u00e8re Soulas, 34090 Montpellier<br \/> Tram 1 : Arr\u00eat Ch\u00e2teau d\u2019\u00d4.<\/p>\n<p>R\u00e9servations : Fr\u00e9d\u00e9rique F. Berger &#8211;\u00a0 frederiquefberger@gmail.com<\/p>\n<p>[\/et_pb_text][\/et_pb_column][et_pb_column type=&#8221;1_3&#8243; _builder_version=&#8221;3.26.4&#8243;][et_pb_image src=&#8221;https:\/\/tamara-landau.net\/wp-content\/uploads\/2020\/07\/Tamara-Landau-ALI-LR-Rencontre-Debat.jpg&#8221; show_in_lightbox=&#8221;on&#8221; _builder_version=&#8221;4.4.3&#8243; width=&#8221;100%&#8221; custom_padding=&#8221;10px|||0px|false|false&#8221; border_width_all=&#8221;1px&#8221; border_color_all=&#8221;#e02b20&#8243; locked=&#8221;off&#8221;][\/et_pb_image][\/et_pb_column][\/et_pb_row][\/et_pb_section][et_pb_section fb_built=&#8221;1&#8243; _builder_version=&#8221;3.26.4&#8243; custom_padding=&#8221;40px||16px|||&#8221; border_width_bottom=&#8221;1px&#8221; border_color_bottom=&#8221;#d7f9ee&#8221; box_shadow_style=&#8221;preset3&#8243; box_shadow_color=&#8221;#d7f9ee&#8221; locked=&#8221;off&#8221;][et_pb_row column_structure=&#8221;2_3,1_3&#8243; _builder_version=&#8221;3.26.4&#8243; min_height=&#8221;179px&#8221; custom_margin=&#8221;|auto|-6px|50px||&#8221; custom_padding=&#8221;3px||8px|||&#8221;][et_pb_column type=&#8221;2_3&#8243; _builder_version=&#8221;3.26.4&#8243;][et_pb_text _builder_version=&#8221;4.0.9&#8243; text_font=&#8221;|||on|||||&#8221; text_text_color=&#8221;#00cccc&#8221; text_font_size=&#8221;18px&#8221; locked=&#8221;off&#8221;]27 f\u00e9vrier 2020 \u00e0 21h[\/et_pb_text][et_pb_text _builder_version=&#8221;3.27.4&#8243; custom_margin=&#8221;-3px|||||&#8221; custom_padding=&#8221;||0px|||&#8221; locked=&#8221;off&#8221;]<\/p>\n<h2 class=\"entry-title\">Jeudi d&#8217;Insistance &#8211; Pr\u00e9sentation livre<\/h2>\n<p>[\/et_pb_text][et_pb_text _builder_version=&#8221;4.0.9&#8243; custom_padding=&#8221;0px|||||&#8221; locked=&#8221;off&#8221;]Rencontre-d\u00e9bat avec <strong>Tamara LANDAU<\/strong> autour de son livre <strong><em>Accoucher et faire na\u00eetre.<\/em><\/strong> <em>Dialogues et s\u00e9parations durant la grossesse<\/em> (Imago, 2019) dans le cadre des Jeudis d\u2019Insistance.[\/et_pb_text][et_pb_text _builder_version=&#8221;4.0.9&#8243; background_color=&#8221;rgba(0,0,0,0)&#8221; custom_padding=&#8221;10px|10px|5px|10px|false|true&#8221; border_width_top=&#8221;1px&#8221; border_color_top=&#8221;#d7f9ee&#8221; locked=&#8221;off&#8221;]Jeudis d\u2019Insistance<br \/>\n14 rue de Birague 75004 Paris[\/et_pb_text][\/et_pb_column][et_pb_column type=&#8221;1_3&#8243; _builder_version=&#8221;3.26.4&#8243;][et_pb_image src=&#8221;https:\/\/tamara-landau.net\/wp-content\/uploads\/2020\/02\/Tamara-Landau-Jeudi-Insistance-2020.jpg&#8221; show_in_lightbox=&#8221;on&#8221; _builder_version=&#8221;4.0.9&#8243; width=&#8221;100%&#8221; custom_padding=&#8221;10px|||0px|false|false&#8221; border_width_all=&#8221;1px&#8221; border_color_all=&#8221;#e02b20&#8243; locked=&#8221;off&#8221;][\/et_pb_image][\/et_pb_column][\/et_pb_row][\/et_pb_section][et_pb_section fb_built=&#8221;1&#8243; _builder_version=&#8221;3.26.4&#8243; custom_padding=&#8221;40px||16px|||&#8221; border_width_bottom=&#8221;1px&#8221; border_color_bottom=&#8221;#d7f9ee&#8221; box_shadow_style=&#8221;preset3&#8243; box_shadow_color=&#8221;#d7f9ee&#8221; locked=&#8221;off&#8221;][et_pb_row column_structure=&#8221;2_3,1_3&#8243; _builder_version=&#8221;3.26.4&#8243; min_height=&#8221;179px&#8221; custom_margin=&#8221;|auto|-6px|50px||&#8221; custom_padding=&#8221;3px||8px|||&#8221;][et_pb_column type=&#8221;2_3&#8243; _builder_version=&#8221;3.26.4&#8243;][et_pb_text _builder_version=&#8221;4.0.9&#8243; text_font=&#8221;|||on|||||&#8221; text_text_color=&#8221;#00cccc&#8221; text_font_size=&#8221;18px&#8221; locked=&#8221;off&#8221;]16 f\u00e9vrier 2020[\/et_pb_text][et_pb_text _builder_version=&#8221;4.0.9&#8243; custom_margin=&#8221;-3px|||||&#8221; custom_padding=&#8221;||0px|||&#8221; locked=&#8221;off&#8221;]<\/p>\n<h2 class=\"entry-title\">Rencontre avec Valerio Grassi<\/h2>\n<p>[\/et_pb_text][et_pb_text _builder_version=&#8221;4.0.9&#8243; custom_padding=&#8221;0px|||||&#8221; locked=&#8221;off&#8221;]Tamara Landau a rencontr\u00e9 en Italie <strong>Valerio Grassi, Senior researcher New York et CERN (Gen\u00e8ve) cochercheur de Higgs<\/strong> (Nobel) sur les bosons pour organiser un \u00e9v\u00e9nement MnemoArt (Art, Psychanalyse et Science) en 2020 \u00e0 Paris autour de son concept &#8220;\u2019arbre renvers\u00e9&#8221; entre psychanalyse et physique quantique.[\/et_pb_text][\/et_pb_column][et_pb_column type=&#8221;1_3&#8243; _builder_version=&#8221;3.26.4&#8243;][et_pb_image src=&#8221;https:\/\/tamara-landau.net\/wp-content\/uploads\/2020\/03\/Valerio-Grassi-Tamara-JP-Landau.jpg&#8221; show_in_lightbox=&#8221;on&#8221; _builder_version=&#8221;4.0.9&#8243;][\/et_pb_image][et_pb_text _builder_version=&#8221;4.0.9&#8243;]\u00e0 gauche Valerio Grassi, Tamara Landau au centre et Jean-Pierre Landau[\/et_pb_text][\/et_pb_column][\/et_pb_row][\/et_pb_section][et_pb_section fb_built=&#8221;1&#8243; _builder_version=&#8221;3.26.4&#8243; custom_padding=&#8221;40px||16px|||&#8221; border_width_bottom=&#8221;1px&#8221; border_color_bottom=&#8221;#d7f9ee&#8221; box_shadow_style=&#8221;preset3&#8243; box_shadow_color=&#8221;#d7f9ee&#8221; locked=&#8221;off&#8221;][et_pb_row column_structure=&#8221;2_3,1_3&#8243; _builder_version=&#8221;3.26.4&#8243; min_height=&#8221;179px&#8221; custom_margin=&#8221;|auto|-6px|50px||&#8221; custom_padding=&#8221;3px||8px|||&#8221;][et_pb_column type=&#8221;2_3&#8243; _builder_version=&#8221;3.26.4&#8243;][et_pb_text _builder_version=&#8221;3.27.4&#8243; text_font=&#8221;|||on|||||&#8221; text_text_color=&#8221;#00cccc&#8221; text_font_size=&#8221;18px&#8221; locked=&#8221;off&#8221;]Jeudi 16 janvier 2020 \u00e0 21h15[\/et_pb_text][et_pb_text _builder_version=&#8221;4.4.3&#8243; custom_margin=&#8221;-3px|||||&#8221; custom_padding=&#8221;||0px|||&#8221; locked=&#8221;off&#8221;]<\/p>\n<h2 class=\"entry-title\">Rencontre \u00e0 La Soci\u00e9t\u00e9 de Psychanalyse Freudienne avec Tamara Landau autour de son livre &#8220;Accoucher et faire na\u00eetre&#8221;<\/h2>\n<p>[\/et_pb_text][et_pb_text _builder_version=&#8221;4.4.3&#8243; custom_padding=&#8221;0px|||||&#8221; locked=&#8221;off&#8221;]<\/p>\n<p><strong>Marta Pepe<\/strong> et l&#8217;association Une biblioth\u00e8que Pour la Psychanalyse invite Tamara LANDAU pour une conf\u00e9rence ayant pour titre <strong>&#8220;Comment pr\u00e9venir des nombreuses pathologies de l\u2019enfant, de l\u2019adolescent et de l\u2019adulte durant la grossesse&#8221;<\/strong>.<\/p>\n<p>avec la participation de <strong>Mme Cl\u00e9op\u00e2tre Athanassiou-Popesco<\/strong>,<span color=\"#808080\"> psychanalyste d\u2019enfants, membre de la SPP (Soci\u00e9t\u00e9<\/span>\u00a0Psychanalytique de Paris).<b class=\"\"><\/b><\/p>\n<p><span style=\"color: #808080;\"><span style=\"font-size: small;\">\u00c0 gauche <strong>Dr. Marta Pepe<\/strong>, <strong>Tamara Landau<\/strong> au centre, \u00e0 droite <strong>Mme Cl\u00e9op\u00e2tre Athanassiou-Popesco<\/strong><\/span><br \/> <\/span><\/p>\n<p>[\/et_pb_text][et_pb_image src=&#8221;https:\/\/tamara-landau.net\/wp-content\/uploads\/2019\/12\/Tours-2019-.jpeg&#8221; _builder_version=&#8221;4.0.9&#8243; locked=&#8221;off&#8221;][\/et_pb_image][\/et_pb_column][et_pb_column type=&#8221;1_3&#8243; _builder_version=&#8221;3.26.4&#8243;][et_pb_image src=&#8221;https:\/\/tamara-landau.net\/wp-content\/uploads\/2019\/12\/SPF-Tamara-Landau-livre-Accoucher.jpg&#8221; show_in_lightbox=&#8221;on&#8221; _builder_version=&#8221;3.26.4&#8243;][\/et_pb_image][et_pb_text _builder_version=&#8221;4.0.9&#8243; background_color=&#8221;rgba(0,0,0,0)&#8221; custom_padding=&#8221;10px|10px|5px|10px|false|true&#8221; border_width_top=&#8221;1px&#8221; border_color_top=&#8221;#d7f9ee&#8221; locked=&#8221;off&#8221;]Soci\u00e9t\u00e9 de Psychanalyse Freudienne,<br \/>\n23, rue Campagne-Premi\u00e8re, 75014 PARIS<br \/>\n<a href=\"https:\/\/www.spf.asso.fr\/\" target=\"_blank\" rel=\"noopener noreferrer\">https:\/\/www.spf.asso.fr<\/a>[\/et_pb_text][\/et_pb_column][\/et_pb_row][\/et_pb_section][et_pb_section fb_built=&#8221;1&#8243; _builder_version=&#8221;3.26.4&#8243; custom_padding=&#8221;40px||16px|||&#8221; border_width_bottom=&#8221;1px&#8221; border_color_bottom=&#8221;#d7f9ee&#8221; box_shadow_style=&#8221;preset3&#8243; box_shadow_color=&#8221;#d7f9ee&#8221; locked=&#8221;off&#8221;][et_pb_row column_structure=&#8221;2_3,1_3&#8243; _builder_version=&#8221;3.26.4&#8243; min_height=&#8221;179px&#8221; custom_margin=&#8221;|auto|-6px|50px||&#8221; custom_padding=&#8221;3px||8px|||&#8221;][et_pb_column type=&#8221;2_3&#8243; _builder_version=&#8221;3.26.4&#8243;][et_pb_text _builder_version=&#8221;4.0.9&#8243; text_font=&#8221;|||on|||||&#8221; text_text_color=&#8221;#00cccc&#8221; text_font_size=&#8221;18px&#8221; locked=&#8221;off&#8221;]Jeudi 2 janvier 2020[\/et_pb_text][et_pb_text _builder_version=&#8221;4.0.9&#8243; custom_margin=&#8221;-3px|||||&#8221; custom_padding=&#8221;||0px|||&#8221; locked=&#8221;off&#8221;]<\/p>\n<h2 class=\"entry-title\">Rencontre avec Noam Sobel<\/h2>\n<p>[\/et_pb_text][et_pb_text _builder_version=&#8221;4.0.9&#8243; custom_padding=&#8221;0px|||||&#8221; locked=&#8221;off&#8221;]Tamara Landau rencontre <strong>Noam Sobel, chef du d\u00e9partement de neuro-biologie de l\u2019Institut Weizmann \u00e0 Rehovot<\/strong> (Isra\u00ebl) pour lui soumettre ses hypoth\u00e8ses concernant le &#8220;lien placentaire primitif&#8221;.[\/et_pb_text][\/et_pb_column][et_pb_column type=&#8221;1_3&#8243; _builder_version=&#8221;3.26.4&#8243;][et_pb_image src=&#8221;https:\/\/tamara-landau.net\/wp-content\/uploads\/2020\/01\/Tamara-Landau-Noam-Sobel.jpeg&#8221; url=&#8221;\/?page_id=248&#8243; _builder_version=&#8221;4.0.9&#8243; width=&#8221;100%&#8221; custom_padding=&#8221;10px|||0px|false|false&#8221; locked=&#8221;off&#8221;][\/et_pb_image][\/et_pb_column][\/et_pb_row][\/et_pb_section][et_pb_section fb_built=&#8221;1&#8243; _builder_version=&#8221;3.26.4&#8243; custom_padding=&#8221;40px||16px|||&#8221; border_width_bottom=&#8221;1px&#8221; border_color_bottom=&#8221;#d7f9ee&#8221; box_shadow_style=&#8221;preset3&#8243; box_shadow_color=&#8221;#d7f9ee&#8221; locked=&#8221;off&#8221;][et_pb_row column_structure=&#8221;2_3,1_3&#8243; _builder_version=&#8221;3.26.4&#8243; min_height=&#8221;179px&#8221; custom_margin=&#8221;|auto|-6px|50px||&#8221; custom_padding=&#8221;3px||8px|||&#8221;][et_pb_column type=&#8221;2_3&#8243; _builder_version=&#8221;3.26.4&#8243;][et_pb_text _builder_version=&#8221;3.27.4&#8243; text_font=&#8221;|||on|||||&#8221; text_text_color=&#8221;#00cccc&#8221; text_font_size=&#8221;18px&#8221; locked=&#8221;off&#8221;]Vendredi 13 d\u00e9cembre 2019 &#8211; 20h30[\/et_pb_text][et_pb_text _builder_version=&#8221;3.27.4&#8243; custom_margin=&#8221;-3px|||||&#8221; custom_padding=&#8221;||0px|||&#8221; locked=&#8221;off&#8221;]<\/p>\n<h2 class=\"entry-title\">Rencontre \u00e0 Tours &#8211; Une Biblioth\u00e8que Pour la Psychanalyse<\/h2>\n<p>[\/et_pb_text][et_pb_text _builder_version=&#8221;4.0.9&#8243; custom_padding=&#8221;0px|||||&#8221; locked=&#8221;off&#8221;]<strong>Marta Pepe<\/strong> et l&#8217;association Une biblioth\u00e8que Pour la Psychanalyse invite Tamara LANDAU pour une conf\u00e9rence ayant pour titre <strong>&#8220;Comment pr\u00e9venir des nombreuses pathologies de l\u2019enfant, de l\u2019adolescent et de l\u2019adulte durant la grossesse&#8221;<\/strong>.<\/p>\n<p><span style=\"color: #808080;\"><span style=\"font-size: small;\">\u00c0 gauche Dr. Marta Pepe, psychiatre et psychanalyste, Tamara Landau au centre, \u00e0 droite Mme Cl\u00e9op\u00e2tre Athanassiou-Popesco, psychanalyste d\u2019enfants, membre de la SPP (Soci\u00e9t\u00e9 Psychanalytique de Paris)<\/span><\/span>[\/et_pb_text][et_pb_image src=&#8221;https:\/\/tamara-landau.net\/wp-content\/uploads\/2019\/12\/Tours-2019-.jpeg&#8221; _builder_version=&#8221;4.0.9&#8243;][\/et_pb_image][\/et_pb_column][et_pb_column type=&#8221;1_3&#8243; _builder_version=&#8221;3.26.4&#8243;][et_pb_image src=&#8221;https:\/\/tamara-landau.net\/wp-content\/uploads\/2019\/11\/2019_12_13_TamaraLandau_UneBPP.jpg&#8221; show_in_lightbox=&#8221;on&#8221; _builder_version=&#8221;3.26.4&#8243;][\/et_pb_image][et_pb_text _builder_version=&#8221;3.27.4&#8243;]La conf\u00e9rence a lieu\u00a0 Salle CRAPI &#8211; 16, rue de la Pierre 37100 TOURS.[\/et_pb_text][et_pb_text _builder_version=&#8221;4.0.9&#8243; background_color=&#8221;rgba(0,0,0,0)&#8221; custom_padding=&#8221;10px|10px|5px|10px|false|true&#8221; border_width_top=&#8221;1px&#8221; border_color_top=&#8221;#d7f9ee&#8221; locked=&#8221;off&#8221;]Une Biblioth\u00e8que Pour La Psychanalyse<br \/>\n46, Rue de la Fosse Marine 37100 TOURS<br \/>\n<a href=\"https:\/\/unebpp.blogspot.com\" target=\"_blank\" rel=\"noopener noreferrer\">unebpp.blogspot.com<\/a>[\/et_pb_text][\/et_pb_column][\/et_pb_row][\/et_pb_section][et_pb_section fb_built=&#8221;1&#8243; _builder_version=&#8221;3.26.4&#8243; custom_padding=&#8221;40px||16px|||&#8221; border_width_bottom=&#8221;1px&#8221; border_color_bottom=&#8221;#d7f9ee&#8221; box_shadow_style=&#8221;preset3&#8243; box_shadow_color=&#8221;#d7f9ee&#8221; locked=&#8221;off&#8221;][et_pb_row column_structure=&#8221;2_3,1_3&#8243; _builder_version=&#8221;3.26.4&#8243; min_height=&#8221;179px&#8221; custom_margin=&#8221;|auto|-6px|50px||&#8221; custom_padding=&#8221;3px||8px|||&#8221;][et_pb_column type=&#8221;2_3&#8243; _builder_version=&#8221;3.26.4&#8243;][et_pb_text _builder_version=&#8221;4.0.9&#8243; text_font=&#8221;|||on|||||&#8221; text_text_color=&#8221;#00cccc&#8221; text_font_size=&#8221;18px&#8221; locked=&#8221;off&#8221;]<span style=\"text-transform: lowercase; color: #ff6600;\">En raison des gr\u00e8ves, pr\u00e9sentation report\u00e9e en 2020, la date sera fix\u00e9e ult\u00e9rieurement.<\/span><br \/>\nJeudi 12 d\u00e9cembre 2019 \u00e0 21h15[\/et_pb_text][et_pb_text _builder_version=&#8221;3.27.4&#8243; custom_margin=&#8221;-3px|||||&#8221; custom_padding=&#8221;||0px|||&#8221; locked=&#8221;off&#8221;]<\/p>\n<h2 class=\"entry-title\">Intervention &#8220;Sur l&#8217;anorexie et la boulimie au regard du f\u00e9minin&#8221;, SPF &#8211; Paris<\/h2>\n<p>[\/et_pb_text][et_pb_text _builder_version=&#8221;3.27.4&#8243; custom_padding=&#8221;0px|||||&#8221; locked=&#8221;off&#8221;]Tamara Landau est invit\u00e9e \u00e0 intervenir &#8220;Sur l&#8217;anorexie et la boulimie au regard du f\u00e9minin&#8221; par\u00a0<strong>Sylvie Ses\u00e9-L\u00e9ger<\/strong>\u00a0et <strong>\u00c9liane Allouch<\/strong>, dans le cadre de leur s\u00e9minaire<em> &#8220;Du f\u00e9minin, de Freud \u00e0 nos jours&#8221;<\/em> \u00e0 la Soci\u00e9t\u00e9 de Psychanalyse Freudienne de Paris.[\/et_pb_text][\/et_pb_column][et_pb_column type=&#8221;1_3&#8243; _builder_version=&#8221;3.26.4&#8243;][et_pb_text _builder_version=&#8221;3.27.4&#8243; background_color=&#8221;rgba(0,0,0,0)&#8221; custom_padding=&#8221;10px|10px|5px|10px|false|true&#8221; border_width_top=&#8221;1px&#8221; border_color_top=&#8221;#d7f9ee&#8221; locked=&#8221;off&#8221;]Soci\u00e9t\u00e9 de Psychanalyse Freudienne,<br \/>\n23, rue Campagne-Premi\u00e8re, 75014 PARIS<br \/>\n<a href=\"https:\/\/www.spf.asso.fr\/les-grands-textes-sur-la-sexualite-feminine\/\">https:\/\/www.spf.asso.fr<\/a>[\/et_pb_text][\/et_pb_column][\/et_pb_row][\/et_pb_section][et_pb_section fb_built=&#8221;1&#8243; _builder_version=&#8221;3.26.4&#8243; custom_padding=&#8221;40px||16px|||&#8221; border_width_bottom=&#8221;1px&#8221; border_color_bottom=&#8221;#d7f9ee&#8221; box_shadow_style=&#8221;preset3&#8243; box_shadow_color=&#8221;#d7f9ee&#8221; locked=&#8221;off&#8221;][et_pb_row column_structure=&#8221;2_3,1_3&#8243; _builder_version=&#8221;3.26.4&#8243; min_height=&#8221;179px&#8221; custom_margin=&#8221;|auto|-6px|50px||&#8221; custom_padding=&#8221;3px||8px|||&#8221;][et_pb_column type=&#8221;2_3&#8243; _builder_version=&#8221;3.26.4&#8243;][et_pb_text _builder_version=&#8221;4.0.9&#8243; text_font=&#8221;|||on|||||&#8221; text_text_color=&#8221;#00cccc&#8221; text_font_size=&#8221;18px&#8221; locked=&#8221;off&#8221;]Mardi 3 d\u00e9cembre 2019[\/et_pb_text][et_pb_text _builder_version=&#8221;4.0.9&#8243; custom_margin=&#8221;-3px|||||&#8221; custom_padding=&#8221;||0px|||&#8221; locked=&#8221;off&#8221;]<\/p>\n<h2 class=\"entry-title\">Sortie de la revue Insistance n\u00b015<\/h2>\n<p>[\/et_pb_text][et_pb_text _builder_version=&#8221;4.0.9&#8243; custom_padding=&#8221;0px|||||&#8221; locked=&#8221;off&#8221;]Sortie de la revue <em><strong>Insistance n\u00b015<\/strong><\/em> (Pourquoi la haine ?<br \/>\nPenser le monde avec Alain Didier-Weill) \u00e0 laquelle Tamara Landau a particip\u00e9 avec l\u2019article <strong>&#8220;La Note Bleue et la (pro)cr\u00e9ation&#8221;<\/strong>.[\/et_pb_text][et_pb_text _builder_version=&#8221;4.0.9&#8243; background_color=&#8221;rgba(0,0,0,0)&#8221; custom_padding=&#8221;10px|10px|5px|10px|false|true&#8221; border_width_top=&#8221;1px&#8221; border_color_top=&#8221;#d7f9ee&#8221; locked=&#8221;off&#8221;]\u00c9ditions \u00c9r\u00e8s<br \/>\n33 avenue Marcel Dassault 31500 Toulouse<br \/>\n<a href=\"https:\/\/www.editions-eres.com\/ouvrage\/4555\/pourquoi-la-haine\" target=\"_blank\" rel=\"noopener noreferrer\">https:\/\/www.editions-eres.com<\/a>[\/et_pb_text][\/et_pb_column][et_pb_column type=&#8221;1_3&#8243; _builder_version=&#8221;3.26.4&#8243;][et_pb_image src=&#8221;https:\/\/tamara-landau.net\/wp-content\/uploads\/2019\/12\/insistance-n15-pourquoi-la-haine-.jpg&#8221; show_in_lightbox=&#8221;on&#8221; _builder_version=&#8221;4.0.9&#8243;][\/et_pb_image][\/et_pb_column][\/et_pb_row][\/et_pb_section][et_pb_section fb_built=&#8221;1&#8243; _builder_version=&#8221;3.26.4&#8243; custom_padding=&#8221;40px||16px|||&#8221; border_width_bottom=&#8221;1px&#8221; border_color_bottom=&#8221;#d7f9ee&#8221; box_shadow_style=&#8221;preset3&#8243; box_shadow_color=&#8221;#d7f9ee&#8221; locked=&#8221;off&#8221;][et_pb_row column_structure=&#8221;2_3,1_3&#8243; _builder_version=&#8221;3.26.4&#8243; min_height=&#8221;179px&#8221; custom_margin=&#8221;|auto|-6px|50px||&#8221; custom_padding=&#8221;3px||8px|||&#8221;][et_pb_column type=&#8221;2_3&#8243; _builder_version=&#8221;3.26.4&#8243;][et_pb_text _builder_version=&#8221;4.0.9&#8243; text_font=&#8221;|||on|||||&#8221; text_text_color=&#8221;#00cccc&#8221; text_font_size=&#8221;18px&#8221; locked=&#8221;off&#8221;]Lundi 2 d\u00e9cembre 2019[\/et_pb_text][et_pb_text _builder_version=&#8221;4.0.9&#8243; custom_margin=&#8221;-3px|||||&#8221; custom_padding=&#8221;||0px|||&#8221; locked=&#8221;off&#8221;]<\/p>\n<h2 class=\"entry-title\">Sortie \u00e0 Dublin de la revue Lacunae n\u00b019<\/h2>\n<p>[\/et_pb_text][et_pb_text _builder_version=&#8221;4.0.9&#8243; custom_padding=&#8221;0px|||||&#8221; locked=&#8221;off&#8221;]Sortie \u00e0 Dublin de la revue Lacunae n\u00b0 19, <strong>Revue Internationale de Psychanalyse Lacanienne<\/strong> de l\u2019APPI (Association for Psychoanalysis and Psychotherapy in Ireland) \u00e0 laquelle Tamara Landau a particip\u00e9 avec l\u2019article <strong>&#8220;Creativity and the symbolic structuring of time and desire after Winnicott and Dolto&#8221;<\/strong>.[\/et_pb_text][et_pb_text _builder_version=&#8221;4.0.9&#8243; background_color=&#8221;rgba(0,0,0,0)&#8221; custom_padding=&#8221;10px|10px|5px|10px|false|true&#8221; border_width_top=&#8221;1px&#8221; border_color_top=&#8221;#d7f9ee&#8221; locked=&#8221;off&#8221;]Lacunae \u2013 Psychoanalytic Journal<br \/>\nAPPI Association for Psychoanalysis and Psychotherapy in Ireland<br \/>\n<a href=\"http:\/\/appi.ie\/publications\/\" target=\"_blank\" rel=\"noopener noreferrer\">http:\/\/appi.ie\/publications\/<\/a>[\/et_pb_text][\/et_pb_column][et_pb_column type=&#8221;1_3&#8243; _builder_version=&#8221;3.26.4&#8243;][et_pb_image src=&#8221;https:\/\/tamara-landau.net\/wp-content\/uploads\/2019\/12\/Lacunae19-APPI-Dublin.jpg&#8221; show_in_lightbox=&#8221;on&#8221; _builder_version=&#8221;4.0.9&#8243;][\/et_pb_image][\/et_pb_column][\/et_pb_row][\/et_pb_section][et_pb_section fb_built=&#8221;1&#8243; _builder_version=&#8221;3.26.4&#8243; custom_padding=&#8221;40px||16px|||&#8221; border_width_bottom=&#8221;1px&#8221; border_color_bottom=&#8221;#d7f9ee&#8221; box_shadow_style=&#8221;preset3&#8243; box_shadow_color=&#8221;#d7f9ee&#8221;][et_pb_row column_structure=&#8221;2_3,1_3&#8243; _builder_version=&#8221;3.26.4&#8243; min_height=&#8221;179px&#8221; custom_margin=&#8221;|auto|-6px|50px||&#8221; custom_padding=&#8221;3px||8px|||&#8221;][et_pb_column type=&#8221;2_3&#8243; _builder_version=&#8221;3.26.4&#8243;][et_pb_text _builder_version=&#8221;3.27.4&#8243; text_font=&#8221;|||on|||||&#8221; text_text_color=&#8221;#00cccc&#8221; text_font_size=&#8221;18px&#8221; locked=&#8221;off&#8221;]7 novembre 2019 &#8211; 20h[\/et_pb_text][et_pb_text _builder_version=&#8221;3.27.4&#8243; custom_margin=&#8221;-3px|||||&#8221; custom_padding=&#8221;||0px|||&#8221; locked=&#8221;off&#8221;]<\/p>\n<h2 class=\"entry-title\">Congr\u00e8s Lacanoamericano, la Plata<\/h2>\n<p>[\/et_pb_text][et_pb_text _builder_version=&#8221;3.27.4&#8243; custom_padding=&#8221;0px|||||&#8221; locked=&#8221;off&#8221;]Tamara Landau intervient au congr\u00e8s Lacanoamericano \u00e0 la Plata.[\/et_pb_text][\/et_pb_column][et_pb_column type=&#8221;1_3&#8243; _builder_version=&#8221;3.26.4&#8243;][et_pb_text _builder_version=&#8221;3.27.4&#8243; background_color=&#8221;rgba(0,0,0,0)&#8221; custom_padding=&#8221;10px|10px|5px|10px|false|true&#8221; border_width_top=&#8221;1px&#8221; border_color_top=&#8221;#d7f9ee&#8221; locked=&#8221;off&#8221;]la Plata,<br \/>\nAv. 7834 La Plata,<br \/>\nSal\u00f3n Jockey Multiespacios[\/et_pb_text][\/et_pb_column][\/et_pb_row][\/et_pb_section][et_pb_section fb_built=&#8221;1&#8243; _builder_version=&#8221;3.26.4&#8243; custom_padding=&#8221;40px||16px|||&#8221; border_width_bottom=&#8221;1px&#8221; border_color_bottom=&#8221;#d7f9ee&#8221; box_shadow_style=&#8221;preset3&#8243; box_shadow_color=&#8221;#d7f9ee&#8221; locked=&#8221;off&#8221;][et_pb_row column_structure=&#8221;2_3,1_3&#8243; _builder_version=&#8221;3.26.4&#8243; min_height=&#8221;179px&#8221; custom_margin=&#8221;|auto|-6px|50px||&#8221; custom_padding=&#8221;3px||8px|||&#8221;][et_pb_column type=&#8221;2_3&#8243; _builder_version=&#8221;3.26.4&#8243;][et_pb_text _builder_version=&#8221;3.27.4&#8243; text_font=&#8221;|||on|||||&#8221; text_text_color=&#8221;#00cccc&#8221; text_font_size=&#8221;18px&#8221; locked=&#8221;off&#8221;]5 novembre 2019, 9h-11h[\/et_pb_text][et_pb_text _builder_version=&#8221;3.27.4&#8243; custom_margin=&#8221;-3px|||||&#8221; custom_padding=&#8221;||0px|||&#8221; locked=&#8221;off&#8221;]<\/p>\n<h2 class=\"entry-title\">Association Psychanalytique Argentine<\/h2>\n<p>[\/et_pb_text][et_pb_text _builder_version=&#8221;4.0.9&#8243; locked=&#8221;off&#8221;]Tamara Landau pr\u00e9sente : &#8220;<span class=\"tlid-translation translation\" lang=\"fr\"><span class=\"\" title=\"\">Vie f\u0153tale et formation des enclaves autistiques et troubles psychiques et comportementaux chez l&#8217;enfant, l&#8217;adolescent et l&#8217;adulte<\/span><\/span>.&#8221;<br \/>\nCoordination : <strong>Dr Hilda Catz<\/strong> PHD.<\/p>\n<p>Projection des vid\u00e9os de Tamara Landau<\/p>\n<p>D\u00e9partement des enfants et adolescents[\/et_pb_text][et_pb_video src=&#8221;https:\/\/www.youtube.com\/watch?v=eEWuSd2keKE&#038;t=9s&#8221; _builder_version=&#8221;4.0.9&#8243;][\/et_pb_video][\/et_pb_column][et_pb_column type=&#8221;1_3&#8243; _builder_version=&#8221;3.26.4&#8243;][et_pb_image src=&#8221;https:\/\/tamara-landau.net\/wp-content\/uploads\/2019\/11\/accoucher-14_12_2018.jpeg&#8221; show_in_lightbox=&#8221;on&#8221; _builder_version=&#8221;3.26.4&#8243;][\/et_pb_image][et_pb_text _builder_version=&#8221;3.27.4&#8243; background_color=&#8221;rgba(0,0,0,0)&#8221; custom_padding=&#8221;10px|10px|5px|10px|false|true&#8221; border_width_top=&#8221;1px&#8221; border_color_top=&#8221;#d7f9ee&#8221; locked=&#8221;off&#8221;]Asociaci\u00f3n Psicoanal\u00edtica Argentina, Rodriguez Pe\u00f1a 1674, Buenos Aires CABA[\/et_pb_text][\/et_pb_column][\/et_pb_row][\/et_pb_section][et_pb_section fb_built=&#8221;1&#8243; _builder_version=&#8221;3.26.4&#8243; custom_padding=&#8221;40px||16px|||&#8221; border_width_bottom=&#8221;1px&#8221; border_color_bottom=&#8221;#d7f9ee&#8221; box_shadow_style=&#8221;preset3&#8243; box_shadow_color=&#8221;#d7f9ee&#8221; locked=&#8221;off&#8221;][et_pb_row column_structure=&#8221;2_3,1_3&#8243; _builder_version=&#8221;3.26.4&#8243; min_height=&#8221;179px&#8221; custom_margin=&#8221;|auto|-6px|50px||&#8221; custom_padding=&#8221;3px||8px|||&#8221;][et_pb_column type=&#8221;2_3&#8243; _builder_version=&#8221;3.26.4&#8243;][et_pb_text _builder_version=&#8221;3.27.4&#8243; text_font=&#8221;|||on|||||&#8221; text_text_color=&#8221;#00cccc&#8221; text_font_size=&#8221;18px&#8221; locked=&#8221;off&#8221;]2 novembre 2019, 19h30[\/et_pb_text][et_pb_text _builder_version=&#8221;3.27.4&#8243; custom_margin=&#8221;-3px|||||&#8221; custom_padding=&#8221;||0px|||&#8221; locked=&#8221;off&#8221;]<\/p>\n<h2 class=\"entry-title\"><strong>Actualidad &amp;Psicoan\u00e1lisis<\/strong> por Canal Metro y Argentinisima<\/h2>\n<p>[\/et_pb_text][et_pb_text _builder_version=&#8221;3.27.4&#8243; locked=&#8221;off&#8221;]Tamara Landau, <strong>emisi\u00f3n con la Doctora Luisa Kremer<\/strong> en Actualidad &amp; Psicoan\u00e1lisis por Canal Metro y Argentinisima<\/p>\n<p>J&#8217;ai \u00e9t\u00e9 invit\u00e9e \u00e0 nouveau par le Docteur Luisa Kremer \u00e0 son <strong>\u00e9mission Actualit\u00e9s &amp; Psychanalyse \u00e0 Buenos Aires<\/strong>. L&#8217;emission est visible samedi 2 novembre \u00e0 19h30 sur la cha\u00eene Metro et dimanche 3 novembre \u00e0 15h sur la cha\u00eene Argentinisima Satelital . Par la suite sur YouTube de la cha\u00eene Metro.[\/et_pb_text][\/et_pb_column][et_pb_column type=&#8221;1_3&#8243; _builder_version=&#8221;3.26.4&#8243;][et_pb_image src=&#8221;https:\/\/tamara-landau.net\/wp-content\/uploads\/2019\/11\/Actualidad-psicoanalisis-tamara-landau.jpg&#8221; show_in_lightbox=&#8221;on&#8221; _builder_version=&#8221;3.26.4&#8243;][\/et_pb_image][et_pb_text _builder_version=&#8221;3.27.4&#8243; background_color=&#8221;rgba(0,0,0,0)&#8221; custom_padding=&#8221;10px|10px|5px|10px|false|true&#8221; border_width_top=&#8221;1px&#8221; border_color_top=&#8221;#d7f9ee&#8221; locked=&#8221;off&#8221;]<a href=\"https:\/\/www.youtube.com\/watch?v=WaiX8joglBw\" target=\"_blank\" rel=\"noopener noreferrer\"><strong>Voir la vid\u00e9o sur youtube<\/strong><\/a><\/p>\n<p>Canal Metro TV, Argentine[\/et_pb_text][\/et_pb_column][\/et_pb_row][\/et_pb_section][et_pb_section fb_built=&#8221;1&#8243; _builder_version=&#8221;3.26.4&#8243; background_color=&#8221;#ffffff&#8221; custom_padding=&#8221;40px||16px|||&#8221; border_width_bottom=&#8221;1px&#8221; border_color_bottom=&#8221;#d7f9ee&#8221; box_shadow_style=&#8221;preset1&#8243; box_shadow_color=&#8221;#d7f9ee&#8221; locked=&#8221;off&#8221;][et_pb_row column_structure=&#8221;2_3,1_3&#8243; _builder_version=&#8221;3.26.4&#8243; min_height=&#8221;100px&#8221; custom_margin=&#8221;|auto|-6px|50px||&#8221; custom_padding=&#8221;3px||8px|||&#8221;][et_pb_column type=&#8221;2_3&#8243; _builder_version=&#8221;3.26.4&#8243;][et_pb_text _builder_version=&#8221;3.27.4&#8243; text_font=&#8221;|||on|||||&#8221; text_text_color=&#8221;#00cccc&#8221; text_font_size=&#8221;18px&#8221; locked=&#8221;off&#8221;]25 et 26 octobre 2019[\/et_pb_text][et_pb_text _builder_version=&#8221;3.27.4&#8243; custom_margin=&#8221;-3px|||||&#8221; custom_padding=&#8221;||0px|||&#8221; locked=&#8221;off&#8221;]<\/p>\n<h2 class=\"entry-title\"><strong>Journ\u00e9es annuels <\/strong>&#8211; Association Psychanalytique Argentine<\/h2>\n<p>[\/et_pb_text][et_pb_text _builder_version=&#8221;4.0.9&#8243; locked=&#8221;off&#8221;]<strong>Hilda Catz<\/strong>, responsable de la section enfant et adolescent de l\u2019Association Psychanalytique Argentine (A.P.A.), invite Tamara Landau aux <strong>Journ\u00e9es annuels de la A.P.A.<\/strong> qui auront lieu \u00e0 Buenos Aires le 25 et 26 octobre&#8230;<\/p>\n<p><img decoding=\"async\" loading=\"lazy\" src=\"https:\/\/tamara-landau.net\/wp-content\/uploads\/2020\/01\/jornadasAPA2019-300x225.jpeg\" width=\"300\" height=\"225\" \/><br \/>\n<span style=\"font-size: small;\"><em>Claudia Borensztejn, pr\u00e9sidente de l\u2019APA, Dr Liliana Kaplan chercheur INSERM, Hilda Catz, responsable enfants et adolescents APA, Tamara Landau, Marcelo Vi\u00f1ar, pr\u00e9sident APU (Association Psychanalytique Uruguay)<\/em><\/span>[\/et_pb_text][\/et_pb_column][et_pb_column type=&#8221;1_3&#8243; _builder_version=&#8221;3.26.4&#8243;][et_pb_image src=&#8221;https:\/\/tamara-landau.net\/wp-content\/uploads\/2019\/10\/APA-Jornada-Anual-2019.jpeg&#8221; show_in_lightbox=&#8221;on&#8221; _builder_version=&#8221;3.26.4&#8243;][\/et_pb_image][et_pb_text _builder_version=&#8221;3.27.4&#8243; background_color=&#8221;rgba(0,0,0,0)&#8221; custom_padding=&#8221;10px|10px|5px|10px|false|true&#8221; border_width_top=&#8221;1px&#8221; border_color_top=&#8221;#d7f9ee&#8221; locked=&#8221;off&#8221;]Asociaci\u00f3n Psicoanal\u00edtica Argentina,<br \/>\nRodriguez Pe\u00f1a 1674, Buenos Aires CABA[\/et_pb_text][\/et_pb_column][\/et_pb_row][\/et_pb_section][et_pb_section fb_built=&#8221;1&#8243; _builder_version=&#8221;3.26.4&#8243; custom_padding=&#8221;40px||16px|||&#8221; border_width_bottom=&#8221;1px&#8221; border_color_bottom=&#8221;#d7f9ee&#8221; box_shadow_style=&#8221;preset3&#8243; box_shadow_color=&#8221;#d7f9ee&#8221;][et_pb_row column_structure=&#8221;2_3,1_3&#8243; _builder_version=&#8221;3.26.4&#8243; min_height=&#8221;100px&#8221; custom_margin=&#8221;|auto|-6px|50px||&#8221; custom_padding=&#8221;15px||8px|||&#8221;][et_pb_column type=&#8221;2_3&#8243; _builder_version=&#8221;3.26.4&#8243;][et_pb_text _builder_version=&#8221;3.27.4&#8243; text_font=&#8221;|||on|||||&#8221; text_text_color=&#8221;#00cccc&#8221; text_font_size=&#8221;18px&#8221; locked=&#8221;off&#8221;]20 octobre 2019[\/et_pb_text][et_pb_text _builder_version=&#8221;3.27.4&#8243; custom_margin=&#8221;-3px|||||&#8221; custom_padding=&#8221;||0px|||&#8221; locked=&#8221;off&#8221;]<\/p>\n<h2 class=\"entry-title\">Sortie de la deuxi\u00e8me \u00e9dition du livre<br \/>\n&#8220;Dar a Luz, Dar Vida&#8221; \u00e0 Buenos Aires<\/h2>\n<p>[\/et_pb_text][et_pb_text _builder_version=&#8221;3.27.4&#8243; locked=&#8221;off&#8221;]Sortie de la deuxi\u00e8me \u00e9dition corrig\u00e9e et augment\u00e9e du livre <em>\u00ab Accoucher et faire na\u00eetre \u00bb<\/em> de Tamara Landau dans la version espagnole<em><strong>\u00a0&#8220;Dar a luz, dar vida. D\u00edalogos y separaciones durante el embarazo&#8221;<\/strong><\/em> aux \u00e9ditions Ricardo Vergara, Buenos Aires.[\/et_pb_text][et_pb_text _builder_version=&#8221;3.27.4&#8243; background_color=&#8221;rgba(0,0,0,0)&#8221; custom_padding=&#8221;10px|10px|5px|10px|false|true&#8221; border_width_top=&#8221;1px&#8221; border_color_top=&#8221;#d7f9ee&#8221; locked=&#8221;off&#8221;]<strong>Ricardo Vergara Ediciones<\/strong>,<br \/>\nBuenos Aires, Argentine[\/et_pb_text][\/et_pb_column][et_pb_column type=&#8221;1_3&#8243; _builder_version=&#8221;3.26.4&#8243;][et_pb_image src=&#8221;https:\/\/tamara-landau.net\/wp-content\/uploads\/2019\/10\/Dar-a-luz-Dar-vida-Tamara-Landau.jpg&#8221; show_in_lightbox=&#8221;on&#8221; _builder_version=&#8221;3.26.4&#8243; locked=&#8221;off&#8221;][\/et_pb_image][\/et_pb_column][\/et_pb_row][\/et_pb_section][et_pb_section fb_built=&#8221;1&#8243; _builder_version=&#8221;3.26.4&#8243; custom_padding=&#8221;40px||16px|||&#8221; border_width_bottom=&#8221;1px&#8221; border_color_bottom=&#8221;#d7f9ee&#8221; box_shadow_style=&#8221;preset3&#8243; box_shadow_color=&#8221;#d7f9ee&#8221;][et_pb_row column_structure=&#8221;2_3,1_3&#8243; _builder_version=&#8221;3.26.4&#8243; min_height=&#8221;199px&#8221; custom_margin=&#8221;|auto||47px|false|false&#8221; custom_padding=&#8221;||0px|||&#8221;][et_pb_column type=&#8221;2_3&#8243; _builder_version=&#8221;3.26.4&#8243;][et_pb_text _builder_version=&#8221;3.27.4&#8243; text_font=&#8221;|||on|||||&#8221; text_text_color=&#8221;#00cccc&#8221; text_font_size=&#8221;18px&#8221; locked=&#8221;off&#8221;]Dimanche 15 septembre 2019 &#8211; 17h30[\/et_pb_text][et_pb_text _builder_version=&#8221;3.27.4&#8243; custom_margin=&#8221;-3px|||||&#8221; custom_padding=&#8221;||0px|||&#8221; locked=&#8221;off&#8221;]<\/p>\n<h2 class=\"entry-title\">Librairie Tschann, Paris<\/h2>\n<p>[\/et_pb_text][et_pb_text _builder_version=&#8221;3.27.4&#8243; locked=&#8221;off&#8221;]La librairie Tschann et les <strong>\u00c9ditions Imago<\/strong> invitent Tamara Landau \u00e0 pr\u00e9senter son dernier livre <em>Accoucher et faire na\u00eetre. Dialogues et s\u00e9parations durant la grossesse<\/em>.<\/p>\n<p>Avec <strong>Gorana Manenti<\/strong>, psychanalyste, comme discutante et <strong>Claudine Bohi<\/strong>, po\u00e9tesse, qui lira ses po\u00e8mes sur ce th\u00e8me.[\/et_pb_text][\/et_pb_column][et_pb_column type=&#8221;1_3&#8243; _builder_version=&#8221;3.26.4&#8243;][et_pb_text _builder_version=&#8221;3.27.4&#8243; background_color=&#8221;rgba(0,0,0,0)&#8221; custom_padding=&#8221;10px|10px|5px|10px|false|true&#8221; border_width_top=&#8221;1px&#8221; border_color_top=&#8221;#d7f9ee&#8221; locked=&#8221;off&#8221;]Librairie Tschann,<br \/>\n125 Boulevard Montparnasse,<br \/>\nParis 75006[\/et_pb_text][\/et_pb_column][\/et_pb_row][\/et_pb_section][et_pb_section fb_built=&#8221;1&#8243; _builder_version=&#8221;3.26.4&#8243; custom_padding=&#8221;40px||16px|||&#8221; border_width_bottom=&#8221;1px&#8221; border_color_bottom=&#8221;#d7f9ee&#8221; box_shadow_style=&#8221;preset3&#8243; box_shadow_color=&#8221;#d7f9ee&#8221;][et_pb_row column_structure=&#8221;2_3,1_3&#8243; _builder_version=&#8221;3.26.4&#8243; min_height=&#8221;240px&#8221; custom_margin=&#8221;|auto|-6px|50px||&#8221; custom_padding=&#8221;3px||8px|||&#8221;][et_pb_column type=&#8221;2_3&#8243; _builder_version=&#8221;3.26.4&#8243;][et_pb_text _builder_version=&#8221;3.27.4&#8243; text_font=&#8221;|||on|||||&#8221; text_text_color=&#8221;#00cccc&#8221; text_font_size=&#8221;18px&#8221; locked=&#8221;off&#8221;]Dimanche 9 juin 2019[\/et_pb_text][et_pb_text _builder_version=&#8221;3.27.4&#8243; custom_margin=&#8221;-3px|||||&#8221; custom_padding=&#8221;||0px|||&#8221; locked=&#8221;off&#8221;]<\/p>\n<h2 class=\"entry-title\">Hommage \u00e0 Alain Didier-Weill<\/h2>\n<p>[\/et_pb_text][et_pb_text _builder_version=&#8221;4.0.9&#8243; locked=&#8221;off&#8221;]<\/p>\n<div class=\"et_pb_module et_pb_text et_pb_text_2 et_pb_bg_layout_light et_pb_text_align_left\">\n<div class=\"et_pb_text_inner\">\n<p class=\"tribe-events-single-event-title\"><strong>Penser le monde avec Alain Didier-Weill : pourquoi la haine ?<\/strong><\/p>\n<p><strong>Projection des vid\u00e9os de Tamara Landau<\/strong> lors de l\u2019\u00e9v\u00e9nement organis\u00e9 en hommage \u00e0\u00a0<b>Alain Didier-Weill<\/b>\u00a0avec le mouvement <strong>INSISTANCE<\/strong> au New Morning.<\/p>\n<\/div>\n<\/div>\n<p>[\/et_pb_text][et_pb_text _builder_version=&#8221;3.27.4&#8243; background_color=&#8221;rgba(0,0,0,0)&#8221; custom_padding=&#8221;10px|10px|5px|10px|false|true&#8221; border_width_top=&#8221;1px&#8221; border_color_top=&#8221;#d7f9ee&#8221; locked=&#8221;off&#8221;]New Morning,<br \/>\n7\/9 rue des Petites Ecuries, Paris[\/et_pb_text][\/et_pb_column][et_pb_column type=&#8221;1_3&#8243; _builder_version=&#8221;3.26.4&#8243;][et_pb_image src=&#8221;https:\/\/tamara-landau.net\/wp-content\/uploads\/2019\/10\/homma-alain-didier-weil-1.jpg&#8221; show_in_lightbox=&#8221;on&#8221; _builder_version=&#8221;3.26.4&#8243;][\/et_pb_image][\/et_pb_column][\/et_pb_row][\/et_pb_section][et_pb_section fb_built=&#8221;1&#8243; _builder_version=&#8221;3.26.4&#8243; custom_padding=&#8221;40px||16px|||&#8221; border_width_bottom=&#8221;1px&#8221; border_color_bottom=&#8221;#d7f9ee&#8221; box_shadow_style=&#8221;preset3&#8243; box_shadow_color=&#8221;#d7f9ee&#8221;][et_pb_row column_structure=&#8221;2_3,1_3&#8243; _builder_version=&#8221;3.26.4&#8243; min_height=&#8221;260px&#8221; custom_margin=&#8221;|auto|-6px|50px||&#8221; custom_padding=&#8221;3px||8px|||&#8221;][et_pb_column type=&#8221;2_3&#8243; _builder_version=&#8221;3.26.4&#8243;][et_pb_text _builder_version=&#8221;3.27.4&#8243; text_font=&#8221;|||on|||||&#8221; text_text_color=&#8221;#00cccc&#8221; text_font_size=&#8221;18px&#8221; locked=&#8221;off&#8221;]Samedi 25 mai 2019 &#8211; 16h[\/et_pb_text][et_pb_text _builder_version=&#8221;3.27.4&#8243; custom_margin=&#8221;-3px|||||&#8221; custom_padding=&#8221;||0px|||&#8221; locked=&#8221;off&#8221;]<\/p>\n<h2 class=\"entry-title\">Librairie La Terrasse de Gutenberg<\/h2>\n<p>[\/et_pb_text][et_pb_text _builder_version=&#8221;3.27.4&#8243; locked=&#8221;off&#8221;]<\/p>\n<div class=\"et_pb_module et_pb_text et_pb_text_2 et_pb_bg_layout_light et_pb_text_align_left\">\n<div class=\"et_pb_text_inner\">\n<div class=\"et_pb_module et_pb_text et_pb_text_2 et_pb_bg_layout_light et_pb_text_align_left\">\n<div class=\"et_pb_text_inner\">\n<p>La librairie <strong>La Terrasse de Gutenberg et les \u00c9ditions Imago<\/strong> invitent\u00a0Tamara Landau\u00a0\u00e0 pr\u00e9senter son dernier livre \u00a0<em>Accoucher et faire na\u00eetre. Dialogues et s\u00e9parations durant la grossesse.<\/em><\/p>\n<p>Avec\u00a0<strong>Claude Guy,\u00a0psychanalyste, comme discutant<\/strong>.<\/p>\n<\/div>\n<\/div>\n<\/div>\n<\/div>\n<p>[\/et_pb_text][\/et_pb_column][et_pb_column type=&#8221;1_3&#8243; _builder_version=&#8221;3.26.4&#8243;][et_pb_text _builder_version=&#8221;3.27.4&#8243; background_color=&#8221;rgba(0,0,0,0)&#8221; custom_padding=&#8221;10px|10px|5px|10px|false|true&#8221; border_width_top=&#8221;1px&#8221; border_color_top=&#8221;#d7f9ee&#8221; locked=&#8221;off&#8221;]La Terrasse de Gutenberg,<br \/>\n6 Emilio Castelar Paris XII.[\/et_pb_text][\/et_pb_column][\/et_pb_row][\/et_pb_section][et_pb_section fb_built=&#8221;1&#8243; _builder_version=&#8221;3.26.4&#8243; custom_padding=&#8221;40px||16px|||&#8221; border_width_bottom=&#8221;1px&#8221; border_color_bottom=&#8221;#d7f9ee&#8221; box_shadow_style=&#8221;preset3&#8243; box_shadow_color=&#8221;#d7f9ee&#8221;][et_pb_row column_structure=&#8221;2_3,1_3&#8243; _builder_version=&#8221;3.26.4&#8243; min_height=&#8221;260px&#8221; custom_margin=&#8221;|auto|-6px|50px||&#8221; custom_padding=&#8221;3px||8px|||&#8221;][et_pb_column type=&#8221;2_3&#8243; _builder_version=&#8221;3.26.4&#8243;][et_pb_text _builder_version=&#8221;3.27.4&#8243; text_font=&#8221;|||on|||||&#8221; text_text_color=&#8221;#00cccc&#8221; text_font_size=&#8221;18px&#8221; locked=&#8221;off&#8221;]Mercredi 10 Avril 2019[\/et_pb_text][et_pb_text _builder_version=&#8221;3.27.4&#8243; custom_margin=&#8221;-3px|||||&#8221; custom_padding=&#8221;||0px|||&#8221; locked=&#8221;off&#8221;]<\/p>\n<h2 class=\"entry-title\">Sortie en librairie du livre<br \/>\n\u00ab\u00a0Accoucher, faire na\u00eetre\u00a0\u00bb<\/h2>\n<p>[\/et_pb_text][et_pb_text _builder_version=&#8221;4.0.9&#8243; locked=&#8221;off&#8221;]<\/p>\n<div class=\"et_pb_module et_pb_text et_pb_text_2 et_pb_bg_layout_light et_pb_text_align_left\">\n<div class=\"et_pb_text_inner\">\n<div class=\"et_pb_module et_pb_text et_pb_text_2 et_pb_bg_layout_light et_pb_text_align_left\">\n<div class=\"et_pb_text_inner\">\n<div class=\"et_pb_module et_pb_text et_pb_text_35 et_pb_bg_layout_light et_pb_text_align_left\">\n<div class=\"et_pb_text_inner\">\n<p>Sortie en librairie du dernier livre de Tamara Landau <strong><em>&#8220;Accoucher et faire na\u00eetre. Dialogues et s\u00e9parations durant la grossesse&#8221;<\/em><\/strong>,\u00a0<a href=\"http:\/\/www.editions-imago.fr\/listeauteur.php?recordID=566&amp;categorie=Psychanalyse%20\/%20Psychologie\" target=\"_blank\" rel=\"noopener noreferrer\">\u00c9ditions Imago<\/a>, 2019.<\/p>\n<p>240 pages,\u00a02019. ISBN 978-2-84952-972-0<\/p>\n<\/div>\n<\/div>\n<\/div>\n<\/div>\n<\/div>\n<\/div>\n<p>[\/et_pb_text][et_pb_text _builder_version=&#8221;3.27.4&#8243; background_color=&#8221;rgba(0,0,0,0)&#8221; custom_padding=&#8221;10px|10px|5px|10px|false|true&#8221; border_width_top=&#8221;1px&#8221; border_color_top=&#8221;#d7f9ee&#8221; locked=&#8221;off&#8221;]<a href=\"http:\/\/www.editions-imago.fr\/listeauteur.php?recordID=566&amp;categorie=Psychanalyse%20\/%20Psychologie\" target=\"_blank\" rel=\"noopener noreferrer\">\u00c9ditions Imago<\/a> 7, rue Suger \u2013 75006 PARIS[\/et_pb_text][\/et_pb_column][et_pb_column type=&#8221;1_3&#8243; _builder_version=&#8221;3.26.4&#8243;][et_pb_image src=&#8221;https:\/\/tamara-landau.net\/wp-content\/uploads\/2019\/09\/Accoucher_faire-naitre-tamara-landau.jpg&#8221; show_in_lightbox=&#8221;on&#8221; _builder_version=&#8221;3.26.4&#8243;][\/et_pb_image][\/et_pb_column][\/et_pb_row][\/et_pb_section][et_pb_section fb_built=&#8221;1&#8243; _builder_version=&#8221;3.26.4&#8243; custom_padding=&#8221;40px||16px|||&#8221; border_width_bottom=&#8221;1px&#8221; border_color_bottom=&#8221;#d7f9ee&#8221; box_shadow_style=&#8221;preset3&#8243; box_shadow_color=&#8221;#d7f9ee&#8221;][et_pb_row column_structure=&#8221;2_3,1_3&#8243; _builder_version=&#8221;3.26.4&#8243; custom_margin=&#8221;|auto|-6px|50px||&#8221; custom_padding=&#8221;3px||8px|||&#8221;][et_pb_column type=&#8221;2_3&#8243; _builder_version=&#8221;3.26.4&#8243;][et_pb_text _builder_version=&#8221;3.27.4&#8243; text_font=&#8221;|||on|||||&#8221; text_text_color=&#8221;#00cccc&#8221; text_font_size=&#8221;18px&#8221; locked=&#8221;off&#8221;]Mardi 2 Avril 2019[\/et_pb_text][et_pb_text _builder_version=&#8221;3.27.4&#8243; custom_margin=&#8221;-3px|||||&#8221; custom_padding=&#8221;||0px|||&#8221; locked=&#8221;off&#8221;]<\/p>\n<h2 class=\"entry-title\">\u00c9v\u00e9nement Mnemoart\u00a0 &#8211; Biblioth\u00e8que Polonaise de Paris<\/h2>\n<p>[\/et_pb_text][et_pb_text _builder_version=&#8221;3.27.4&#8243;]Le Pr\u00e9sident de la Soci\u00e9t\u00e9 Historique et Litt\u00e9raire Polonaise <strong>C. Pierre ZALESKI<\/strong> et la Directrice de la collection artistique <strong>Anna Czarnocka<\/strong> vous invitent \u00e0 l\u2019exposition des artistes du groupe <strong>MnemoArt<\/strong> autour du livre de Tamara Landau <em>Accoucher et faire na\u00eetre. Dialogues et s\u00e9parations durant la grossesse<\/em>, \u00c9ditions Imago.<\/p>\n<div class=\"et_pb_column et_pb_column_3_8 et_pb_column_inner et_pb_column_inner_29\">\n<div class=\"et_pb_module et_pb_text et_pb_text_39 et_pb_bg_layout_light et_pb_text_align_left\">\n<div class=\"et_pb_text_inner\">\n<p>&nbsp;<\/p>\n<\/div>\n<\/div>\n<\/div>\n<p>[\/et_pb_text][et_pb_image src=&#8221;https:\/\/tamara-landau.net\/wp-content\/uploads\/2019\/10\/2-avril-Mnemoart-Bibliotheque-polonaise.jpg&#8221; show_in_lightbox=&#8221;on&#8221; _builder_version=&#8221;3.26.4&#8243; border_width_all=&#8221;1px&#8221;][\/et_pb_image][et_pb_video src=&#8221;https:\/\/www.youtube.com\/watch?v=ZigAakCgTpw&#038;feature=youtu.be&#8221; _builder_version=&#8221;3.26.4&#8243;][\/et_pb_video][et_pb_video src=&#8221;https:\/\/www.youtube.com\/watch?v=avlBWkm75dg&#8221; _builder_version=&#8221;3.26.4&#8243;][\/et_pb_video][\/et_pb_column][et_pb_column type=&#8221;1_3&#8243; _builder_version=&#8221;3.26.4&#8243;][et_pb_text _builder_version=&#8221;3.27.4&#8243; background_color=&#8221;rgba(0,0,0,0)&#8221; custom_padding=&#8221;10px|10px|5px|10px|false|true&#8221; border_width_top=&#8221;1px&#8221; border_color_top=&#8221;#d7f9ee&#8221;]<strong>Exposition<\/strong>\u00a0du 3 au 6 avril 2019.<br \/>\n<strong style=\"font-size: 16px;\">Vernissage et la pr\u00e9sentation<\/strong><span style=\"font-size: 16px;\"> du livre mardi 2 avril \u00e0 19h.<\/span>[\/et_pb_text][et_pb_text _builder_version=&#8221;3.27.4&#8243; background_color=&#8221;rgba(0,0,0,0)&#8221; custom_padding=&#8221;10px|10px|5px|10px|false|true&#8221; border_width_top=&#8221;1px&#8221; border_color_top=&#8221;#d7f9ee&#8221; locked=&#8221;off&#8221;]<strong>Biblioth\u00e8que Polonaise de Paris<\/strong> 6, quai d\u2019Orl\u00e9ans \u2013 75004 Paris.[\/et_pb_text][\/et_pb_column][\/et_pb_row][\/et_pb_section][et_pb_section fb_built=&#8221;1&#8243; _builder_version=&#8221;3.26.4&#8243; custom_padding=&#8221;40px||16px|||&#8221; border_width_bottom=&#8221;1px&#8221; border_color_bottom=&#8221;#d7f9ee&#8221; box_shadow_style=&#8221;preset3&#8243; box_shadow_color=&#8221;#d7f9ee&#8221; locked=&#8221;off&#8221;][et_pb_row column_structure=&#8221;2_3,1_3&#8243; _builder_version=&#8221;3.26.4&#8243; min_height=&#8221;179px&#8221; custom_margin=&#8221;|auto|12px|50px||&#8221; custom_padding=&#8221;3px||8px|||&#8221;][et_pb_column type=&#8221;2_3&#8243; _builder_version=&#8221;3.26.4&#8243;][et_pb_text _builder_version=&#8221;4.0.9&#8243; text_font=&#8221;|||on|||||&#8221; text_text_color=&#8221;#00cccc&#8221; text_font_size=&#8221;18px&#8221;]Exposition jusqu\u2019au 31 mars 2019[\/et_pb_text][et_pb_text _builder_version=&#8221;3.27.4&#8243;]<\/p>\n<h2 class=\"entry-titre\">Mus\u00e9e Juif de Buenos Aires,<br \/>\n&#8220;L&#8217;arbre renvers\u00e9&#8221;, sculpture de Tamara Landau<\/h2>\n<p>[\/et_pb_text][et_pb_text _builder_version=&#8221;3.27.4&#8243;]Exposition au Mus\u00e9e Juif de Buenos Aires\u00a0 prolong\u00e9e jusqu&#8217;au 31 mars 2019 de l&#8217;installation &#8220;L\u2019arbre renvers\u00e9&#8221; de Tamara Landau.[\/et_pb_text][et_pb_video src=&#8221;https:\/\/www.youtube.com\/watch?v=CHtXxyvKe6A&#8221; _builder_version=&#8221;3.26.4&#8243;][\/et_pb_video][\/et_pb_column][et_pb_column type=&#8221;1_3&#8243; _builder_version=&#8221;3.26.4&#8243;][et_pb_text _builder_version=&#8221;3.27.4&#8243; background_color=&#8221;rgba(0,0,0,0)&#8221; custom_padding=&#8221;10px|10px|5px|10px|false|true&#8221; border_width_top=&#8221;1px&#8221; border_color_top=&#8221;#d7f9ee&#8221;]Mus\u00e9e Juif de Buenos Aires<br \/>\nLibertad 769 C.A.B.A.[\/et_pb_text][\/et_pb_column][\/et_pb_row][\/et_pb_section][et_pb_section fb_built=&#8221;1&#8243; fullwidth=&#8221;on&#8221; _builder_version=&#8221;3.26.4&#8243; background_color=&#8221;#ffffff&#8221; custom_padding=&#8221;5px||16px|||&#8221; border_width_bottom=&#8221;1px&#8221; border_color_bottom=&#8221;#d7f9ee&#8221; locked=&#8221;off&#8221;][et_pb_fullwidth_menu menu_id=&#8221;36&#8243; active_link_color=&#8221;#0068d8&#8243; dropdown_menu_text_color=&#8221;#0068d8&#8243; _builder_version=&#8221;3.26.4&#8243; background_color=&#8221;rgba(0,0,0,0)&#8221; custom_margin=&#8221;||-10px|||&#8221; border_color_bottom=&#8221;#d7f9ee&#8221;][\/et_pb_fullwidth_menu][\/et_pb_section]<\/p>\n","protected":false},"excerpt":{"rendered":"<p>[et_pb_section fb_built=&#8221;1&#8243; fullwidth=&#8221;on&#8221; _builder_version=&#8221;3.26.4&#8243; background_color=&#8221;#fcfaf6&#8243; locked=&#8221;off&#8221;][et_pb_fullwidth_header title=&#8221;Tamara Landau&#8221; subhead=&#8221;Not\u00edcias 2019 &#8211; 2020&#8243; _builder_version=&#8221;3.26.4&#8243; title_font=&#8221;||||||||&#8221; title_text_color=&#8221;#00cccc&#8221; title_font_size=&#8221;25px&#8221; subhead_font=&#8221;||||||||&#8221; subhead_text_color=&#8221;#0068d8&#8243; subhead_font_size=&#8221;24px&#8221; background_color=&#8221;#fbfaf5&#8243; background_layout=&#8221;light&#8221; custom_padding=&#8221;25px||6px|||&#8221; border_color_all=&#8221;#ffffff&#8221; border_color_bottom=&#8221;#00cccc&#8221; border_style_bottom=&#8221;dotted&#8221;][\/et_pb_fullwidth_header][\/et_pb_section][et_pb_section fb_built=&#8221;1&#8243; fullwidth=&#8221;on&#8221; _builder_version=&#8221;3.26.4&#8243; background_color=&#8221;#ffffff&#8221; custom_padding=&#8221;5px||16px|||&#8221; border_width_bottom=&#8221;1px&#8221; border_color_bottom=&#8221;#d7f9ee&#8221; saved_tabs=&#8221;all&#8221; locked=&#8221;off&#8221;][et_pb_fullwidth_menu menu_id=&#8221;36&#8243; active_link_color=&#8221;#0068d8&#8243; dropdown_menu_text_color=&#8221;#0068d8&#8243; _builder_version=&#8221;3.26.4&#8243; background_color=&#8221;rgba(0,0,0,0)&#8221; custom_margin=&#8221;||-10px|||&#8221; border_color_bottom=&#8221;#d7f9ee&#8221;][\/et_pb_fullwidth_menu][\/et_pb_section][et_pb_section fb_built=&#8221;1&#8243; _builder_version=&#8221;3.26.4&#8243; custom_padding=&#8221;40px||16px|||&#8221; border_width_bottom=&#8221;1px&#8221; border_color_bottom=&#8221;#d7f9ee&#8221; box_shadow_style=&#8221;preset3&#8243; box_shadow_color=&#8221;#d7f9ee&#8221; locked=&#8221;off&#8221;][et_pb_row column_structure=&#8221;2_3,1_3&#8243; _builder_version=&#8221;4.4.3&#8243; min_height=&#8221;179px&#8221; custom_margin=&#8221;|auto|-6px|50px||&#8221; custom_padding=&#8221;3px||8px|||&#8221;][et_pb_column type=&#8221;2_3&#8243; [&hellip;]<\/p>\n","protected":false},"author":1,"featured_media":0,"parent":0,"menu_order":0,"comment_status":"closed","ping_status":"closed","template":"","meta":{"_et_pb_use_builder":"on","_et_pb_old_content":"","_et_gb_content_width":""},"yoast_head":"<!-- This site is optimized with the Yoast SEO plugin v20.3 - https:\/\/yoast.com\/wordpress\/plugins\/seo\/ -->\n<title>Not\u00edcias 2019 | Tamara Landau<\/title>\n<meta name=\"robots\" content=\"index, follow, max-snippet:-1, max-image-preview:large, max-video-preview:-1\" \/>\n<link rel=\"canonical\" href=\"https:\/\/tamara-landau.net\/pt-pt\/noticias-2019\/\" \/>\n<meta property=\"og:locale\" content=\"pt_PT\" \/>\n<meta property=\"og:type\" content=\"article\" \/>\n<meta property=\"og:title\" content=\"Not\u00edcias 2019 | Tamara Landau\" \/>\n<meta property=\"og:description\" content=\"[et_pb_section fb_built=&#8221;1&#8243; fullwidth=&#8221;on&#8221; _builder_version=&#8221;3.26.4&#8243; background_color=&#8221;#fcfaf6&#8243; locked=&#8221;off&#8221;][et_pb_fullwidth_header title=&#8221;Tamara Landau&#8221; subhead=&#8221;Not\u00edcias 2019 &#8211; 2020&#8243; _builder_version=&#8221;3.26.4&#8243; title_font=&#8221;||||||||&#8221; title_text_color=&#8221;#00cccc&#8221; title_font_size=&#8221;25px&#8221; subhead_font=&#8221;||||||||&#8221; subhead_text_color=&#8221;#0068d8&#8243; subhead_font_size=&#8221;24px&#8221; background_color=&#8221;#fbfaf5&#8243; background_layout=&#8221;light&#8221; custom_padding=&#8221;25px||6px|||&#8221; border_color_all=&#8221;#ffffff&#8221; border_color_bottom=&#8221;#00cccc&#8221; border_style_bottom=&#8221;dotted&#8221;][\/et_pb_fullwidth_header][\/et_pb_section][et_pb_section fb_built=&#8221;1&#8243; fullwidth=&#8221;on&#8221; _builder_version=&#8221;3.26.4&#8243; background_color=&#8221;#ffffff&#8221; custom_padding=&#8221;5px||16px|||&#8221; border_width_bottom=&#8221;1px&#8221; border_color_bottom=&#8221;#d7f9ee&#8221; saved_tabs=&#8221;all&#8221; locked=&#8221;off&#8221;][et_pb_fullwidth_menu menu_id=&#8221;36&#8243; active_link_color=&#8221;#0068d8&#8243; dropdown_menu_text_color=&#8221;#0068d8&#8243; _builder_version=&#8221;3.26.4&#8243; background_color=&#8221;rgba(0,0,0,0)&#8221; custom_margin=&#8221;||-10px|||&#8221; border_color_bottom=&#8221;#d7f9ee&#8221;][\/et_pb_fullwidth_menu][\/et_pb_section][et_pb_section fb_built=&#8221;1&#8243; _builder_version=&#8221;3.26.4&#8243; custom_padding=&#8221;40px||16px|||&#8221; border_width_bottom=&#8221;1px&#8221; border_color_bottom=&#8221;#d7f9ee&#8221; box_shadow_style=&#8221;preset3&#8243; box_shadow_color=&#8221;#d7f9ee&#8221; locked=&#8221;off&#8221;][et_pb_row column_structure=&#8221;2_3,1_3&#8243; _builder_version=&#8221;4.4.3&#8243; min_height=&#8221;179px&#8221; custom_margin=&#8221;|auto|-6px|50px||&#8221; custom_padding=&#8221;3px||8px|||&#8221;][et_pb_column type=&#8221;2_3&#8243; [&hellip;]\" \/>\n<meta property=\"og:url\" content=\"https:\/\/tamara-landau.net\/pt-pt\/noticias-2019\/\" \/>\n<meta property=\"og:site_name\" content=\"Tamara Landau\" \/>\n<meta property=\"article:modified_time\" content=\"2020-10-18T20:57:04+00:00\" \/>\n<meta property=\"og:image\" content=\"https:\/\/tamara-landau.net\/wp-content\/uploads\/2020\/01\/jornadasAPA2019-300x225.jpeg\" \/>\n<meta name=\"twitter:card\" content=\"summary_large_image\" \/>\n<meta name=\"twitter:label1\" content=\"Tempo estimado de leitura\" \/>\n\t<meta name=\"twitter:data1\" content=\"27 minutos\" \/>\n<script type=\"application\/ld+json\" class=\"yoast-schema-graph\">{\"@context\":\"https:\/\/schema.org\",\"@graph\":[{\"@type\":\"WebPage\",\"@id\":\"https:\/\/tamara-landau.net\/pt-pt\/noticias-2019\/\",\"url\":\"https:\/\/tamara-landau.net\/pt-pt\/noticias-2019\/\",\"name\":\"Not\u00edcias 2019 | Tamara Landau\",\"isPartOf\":{\"@id\":\"https:\/\/tamara-landau.net\/#website\"},\"datePublished\":\"2020-06-16T07:16:24+00:00\",\"dateModified\":\"2020-10-18T20:57:04+00:00\",\"breadcrumb\":{\"@id\":\"https:\/\/tamara-landau.net\/pt-pt\/noticias-2019\/#breadcrumb\"},\"inLanguage\":\"pt-PT\",\"potentialAction\":[{\"@type\":\"ReadAction\",\"target\":[\"https:\/\/tamara-landau.net\/pt-pt\/noticias-2019\/\"]}]},{\"@type\":\"BreadcrumbList\",\"@id\":\"https:\/\/tamara-landau.net\/pt-pt\/noticias-2019\/#breadcrumb\",\"itemListElement\":[{\"@type\":\"ListItem\",\"position\":1,\"name\":\"Accueil\",\"item\":\"https:\/\/tamara-landau.net\/pt-pt\/tamara-landau-psicanalista-e-escultora\/\"},{\"@type\":\"ListItem\",\"position\":2,\"name\":\"Not\u00edcias 2019\"}]},{\"@type\":\"WebSite\",\"@id\":\"https:\/\/tamara-landau.net\/#website\",\"url\":\"https:\/\/tamara-landau.net\/\",\"name\":\"Tamara Landau\",\"description\":\"psychanalyste et sculptrice\",\"potentialAction\":[{\"@type\":\"SearchAction\",\"target\":{\"@type\":\"EntryPoint\",\"urlTemplate\":\"https:\/\/tamara-landau.net\/?s={search_term_string}\"},\"query-input\":\"required name=search_term_string\"}],\"inLanguage\":\"pt-PT\"}]}<\/script>\n<!-- \/ Yoast SEO plugin. -->","yoast_head_json":{"title":"Not\u00edcias 2019 | Tamara Landau","robots":{"index":"index","follow":"follow","max-snippet":"max-snippet:-1","max-image-preview":"max-image-preview:large","max-video-preview":"max-video-preview:-1"},"canonical":"https:\/\/tamara-landau.net\/pt-pt\/noticias-2019\/","og_locale":"pt_PT","og_type":"article","og_title":"Not\u00edcias 2019 | Tamara Landau","og_description":"[et_pb_section fb_built=&#8221;1&#8243; fullwidth=&#8221;on&#8221; _builder_version=&#8221;3.26.4&#8243; background_color=&#8221;#fcfaf6&#8243; locked=&#8221;off&#8221;][et_pb_fullwidth_header title=&#8221;Tamara Landau&#8221; subhead=&#8221;Not\u00edcias 2019 &#8211; 2020&#8243; _builder_version=&#8221;3.26.4&#8243; title_font=&#8221;||||||||&#8221; title_text_color=&#8221;#00cccc&#8221; title_font_size=&#8221;25px&#8221; subhead_font=&#8221;||||||||&#8221; subhead_text_color=&#8221;#0068d8&#8243; subhead_font_size=&#8221;24px&#8221; background_color=&#8221;#fbfaf5&#8243; background_layout=&#8221;light&#8221; custom_padding=&#8221;25px||6px|||&#8221; border_color_all=&#8221;#ffffff&#8221; border_color_bottom=&#8221;#00cccc&#8221; border_style_bottom=&#8221;dotted&#8221;][\/et_pb_fullwidth_header][\/et_pb_section][et_pb_section fb_built=&#8221;1&#8243; fullwidth=&#8221;on&#8221; _builder_version=&#8221;3.26.4&#8243; background_color=&#8221;#ffffff&#8221; custom_padding=&#8221;5px||16px|||&#8221; border_width_bottom=&#8221;1px&#8221; border_color_bottom=&#8221;#d7f9ee&#8221; saved_tabs=&#8221;all&#8221; locked=&#8221;off&#8221;][et_pb_fullwidth_menu menu_id=&#8221;36&#8243; active_link_color=&#8221;#0068d8&#8243; dropdown_menu_text_color=&#8221;#0068d8&#8243; _builder_version=&#8221;3.26.4&#8243; background_color=&#8221;rgba(0,0,0,0)&#8221; custom_margin=&#8221;||-10px|||&#8221; border_color_bottom=&#8221;#d7f9ee&#8221;][\/et_pb_fullwidth_menu][\/et_pb_section][et_pb_section fb_built=&#8221;1&#8243; _builder_version=&#8221;3.26.4&#8243; custom_padding=&#8221;40px||16px|||&#8221; border_width_bottom=&#8221;1px&#8221; border_color_bottom=&#8221;#d7f9ee&#8221; box_shadow_style=&#8221;preset3&#8243; box_shadow_color=&#8221;#d7f9ee&#8221; locked=&#8221;off&#8221;][et_pb_row column_structure=&#8221;2_3,1_3&#8243; _builder_version=&#8221;4.4.3&#8243; min_height=&#8221;179px&#8221; custom_margin=&#8221;|auto|-6px|50px||&#8221; custom_padding=&#8221;3px||8px|||&#8221;][et_pb_column type=&#8221;2_3&#8243; [&hellip;]","og_url":"https:\/\/tamara-landau.net\/pt-pt\/noticias-2019\/","og_site_name":"Tamara Landau","article_modified_time":"2020-10-18T20:57:04+00:00","og_image":[{"url":"https:\/\/tamara-landau.net\/wp-content\/uploads\/2020\/01\/jornadasAPA2019-300x225.jpeg"}],"twitter_card":"summary_large_image","twitter_misc":{"Tempo estimado de leitura":"27 minutos"},"schema":{"@context":"https:\/\/schema.org","@graph":[{"@type":"WebPage","@id":"https:\/\/tamara-landau.net\/pt-pt\/noticias-2019\/","url":"https:\/\/tamara-landau.net\/pt-pt\/noticias-2019\/","name":"Not\u00edcias 2019 | Tamara Landau","isPartOf":{"@id":"https:\/\/tamara-landau.net\/#website"},"datePublished":"2020-06-16T07:16:24+00:00","dateModified":"2020-10-18T20:57:04+00:00","breadcrumb":{"@id":"https:\/\/tamara-landau.net\/pt-pt\/noticias-2019\/#breadcrumb"},"inLanguage":"pt-PT","potentialAction":[{"@type":"ReadAction","target":["https:\/\/tamara-landau.net\/pt-pt\/noticias-2019\/"]}]},{"@type":"BreadcrumbList","@id":"https:\/\/tamara-landau.net\/pt-pt\/noticias-2019\/#breadcrumb","itemListElement":[{"@type":"ListItem","position":1,"name":"Accueil","item":"https:\/\/tamara-landau.net\/pt-pt\/tamara-landau-psicanalista-e-escultora\/"},{"@type":"ListItem","position":2,"name":"Not\u00edcias 2019"}]},{"@type":"WebSite","@id":"https:\/\/tamara-landau.net\/#website","url":"https:\/\/tamara-landau.net\/","name":"Tamara Landau","description":"psychanalyste et sculptrice","potentialAction":[{"@type":"SearchAction","target":{"@type":"EntryPoint","urlTemplate":"https:\/\/tamara-landau.net\/?s={search_term_string}"},"query-input":"required name=search_term_string"}],"inLanguage":"pt-PT"}]}},"_links":{"self":[{"href":"https:\/\/tamara-landau.net\/pt-pt\/wp-json\/wp\/v2\/pages\/3495"}],"collection":[{"href":"https:\/\/tamara-landau.net\/pt-pt\/wp-json\/wp\/v2\/pages"}],"about":[{"href":"https:\/\/tamara-landau.net\/pt-pt\/wp-json\/wp\/v2\/types\/page"}],"author":[{"embeddable":true,"href":"https:\/\/tamara-landau.net\/pt-pt\/wp-json\/wp\/v2\/users\/1"}],"replies":[{"embeddable":true,"href":"https:\/\/tamara-landau.net\/pt-pt\/wp-json\/wp\/v2\/comments?post=3495"}],"version-history":[{"count":6,"href":"https:\/\/tamara-landau.net\/pt-pt\/wp-json\/wp\/v2\/pages\/3495\/revisions"}],"predecessor-version":[{"id":3656,"href":"https:\/\/tamara-landau.net\/pt-pt\/wp-json\/wp\/v2\/pages\/3495\/revisions\/3656"}],"wp:attachment":[{"href":"https:\/\/tamara-landau.net\/pt-pt\/wp-json\/wp\/v2\/media?parent=3495"}],"curies":[{"name":"wp","href":"https:\/\/api.w.org\/{rel}","templated":true}]}}