{"id":3485,"date":"2020-06-16T06:55:02","date_gmt":"2020-06-16T06:55:02","guid":{"rendered":"https:\/\/tamara-landau.net\/tamara-landau-psicanalista\/"},"modified":"2020-06-16T08:06:43","modified_gmt":"2020-06-16T08:06:43","slug":"tamara-landau-psicanalista","status":"publish","type":"page","link":"https:\/\/tamara-landau.net\/pt-pt\/tamara-landau-psicanalista\/","title":{"rendered":"Tamara Landau, Psicanalista"},"content":{"rendered":"<p>[et_pb_section fb_built=&#8221;1&#8243; fullwidth=&#8221;on&#8221; _builder_version=&#8221;3.26.4&#8243; background_color=&#8221;#fcfaf6&#8243;][et_pb_fullwidth_header title=&#8221;Tamara Landau&#8221; subhead=&#8221;Psicanalista&#8221; _builder_version=&#8221;3.26.4&#8243; title_font=&#8221;||||||||&#8221; title_text_color=&#8221;#00cccc&#8221; title_font_size=&#8221;25px&#8221; subhead_font=&#8221;||||||||&#8221; subhead_text_color=&#8221;#0068d8&#8243; subhead_font_size=&#8221;24px&#8221; background_color=&#8221;#fbfaf5&#8243; background_layout=&#8221;light&#8221; custom_padding=&#8221;25px||6px|||&#8221; border_color_all=&#8221;#ffffff&#8221; border_color_bottom=&#8221;#00cccc&#8221; border_style_bottom=&#8221;dotted&#8221;][\/et_pb_fullwidth_header][\/et_pb_section][et_pb_section fb_built=&#8221;1&#8243; admin_label=&#8221;section&#8221; _builder_version=&#8221;3.26.4&#8243; background_color=&#8221;#fffbf9&#8243; background_color_gradient_direction=&#8221;89deg&#8221; max_width=&#8221;100%&#8221; custom_padding=&#8221;||6px|||&#8221; collapsed=&#8221;on&#8221;][et_pb_row admin_label=&#8221;row&#8221; _builder_version=&#8221;3.26.4&#8243; background_color=&#8221;rgba(0,0,0,0)&#8221; background_size=&#8221;initial&#8221; background_position=&#8221;top_left&#8221; background_repeat=&#8221;repeat&#8221; custom_padding=&#8221;|90px||70px||&#8221;][et_pb_column type=&#8221;4_4&#8243; _builder_version=&#8221;3.25&#8243; custom_padding=&#8221;|||&#8221; custom_padding__hover=&#8221;|||&#8221;][et_pb_text admin_label=&#8221;Text&#8221; _builder_version=&#8221;3.27.4&#8243; background_size=&#8221;initial&#8221; background_position=&#8221;top_left&#8221; background_repeat=&#8221;repeat&#8221;]Tamara Landau Rosenberg nasceu em 1949 em Mil\u00e3o na It\u00e1lia.<\/p>\n<p>Ela d\u00e1 in\u00edcio a seu percurso anal\u00edtico ainda muito jovem com <strong>Cesare Musatti<\/strong>, o pioneiro da psican\u00e1lise na It\u00e1lia.<\/p>\n<p>Em 1970, em Paris, ela encontra <strong>Jacques Lacan<\/strong> que a convida a participar da Escola Freudiana. Ela inicia, algum tempo depois, uma an\u00e1lise e uma supervis\u00e3o com Lacan.<\/p>\n<p>A partir desta \u00e9poca, ela trabalha com <strong>Stanislas Tomkiewicz<\/strong>, pedopsiquiatra esclarecido, muito engajado na luta pelo respeito dos doentes mentais (na \u00e9poca, na Fran\u00e7a, ainda presos em camisolas de for\u00e7a). Tomkiewicz, diretor de pesquisa no I.N.S.E.R.M. (Montrouge), passa depois a ser seu orientador de tese, e apresenta-lhe todos os protagonistas da \u201cantipsiquiatria\u201d na Europa: Cooper na Inglaterra, Basaglia na It\u00e1lia e Roellens na Fran\u00e7a.[\/et_pb_text][\/et_pb_column][\/et_pb_row][\/et_pb_section][et_pb_section fb_built=&#8221;1&#8243; admin_label=&#8221;section&#8221; _builder_version=&#8221;3.26.4&#8243; background_color=&#8221;#fcfcfc&#8221; background_color_gradient_direction=&#8221;271deg&#8221; max_width=&#8221;100%&#8221; custom_padding=&#8221;||6px|||&#8221; border_width_top=&#8221;1px&#8221; border_color_top=&#8221;#d7f9ee&#8221; border_style_top=&#8221;dotted&#8221;][et_pb_row admin_label=&#8221;row&#8221; _builder_version=&#8221;3.26.4&#8243; background_color=&#8221;rgba(0,0,0,0)&#8221; background_size=&#8221;initial&#8221; background_position=&#8221;top_left&#8221; background_repeat=&#8221;repeat&#8221; custom_padding=&#8221;7px|90px||70px||&#8221;][et_pb_column type=&#8221;4_4&#8243; _builder_version=&#8221;3.25&#8243; custom_padding=&#8221;|||&#8221; custom_padding__hover=&#8221;|||&#8221;][et_pb_text admin_label=&#8221;Text&#8221; _builder_version=&#8221;4.4.3&#8243; background_size=&#8221;initial&#8221; background_position=&#8221;top_left&#8221; background_repeat=&#8221;repeat&#8221; hover_enabled=&#8221;0&#8243;]<\/p>\n<p>Em 1972, ela participa com Tomkiewicz da cria\u00e7\u00e3o de um setor \u201cantipsiqui\u00e1trico\u201d no departamento franc\u00eas de Seine-Saint-Denis, verdadeiro \u201clugar\u201d de troca apaixonada de ideias libert\u00e1rias e de cria\u00e7\u00e3o entre os terapeutas e os pacientes.<\/p>\n<p>Muitos fil\u00f3sofos, psicanalistas e artistas de renome participam desta aventura. Desde ent\u00e3o, apesar de findada esta experi\u00eancia e da nova orienta\u00e7\u00e3o da psiquiatria na Fran\u00e7a, que rejeita aos poucos todas as refer\u00eancias \u00e0 psican\u00e1lise, Tamara Landau continua trabalhando nesta regi\u00e3o enquanto \u201cpsicanalista de campo\u201d.<\/p>\n<p>Em 1973, Tamara participa da cria\u00e7\u00e3o da revista \u201cGardesFous\u201d e integra o comit\u00ea editorial (Artigo <strong><a href=\"https:\/\/tamara-landau.net\/pt-pt\/mise-au-point-esclarecimento-gardes-fous-n2-1974\/\">&#8220;Mise au Point&#8221;<\/a><\/strong> <em>Esclarecimento<\/em>).<\/p>\n<p>[\/et_pb_text][\/et_pb_column][\/et_pb_row][\/et_pb_section][et_pb_section fb_built=&#8221;1&#8243; admin_label=&#8221;section&#8221; _builder_version=&#8221;3.26.4&#8243; background_color=&#8221;#fcfbf9&#8243; background_color_gradient_direction=&#8221;89deg&#8221; max_width=&#8221;100%&#8221; custom_padding=&#8221;||6px|||&#8221; border_width_top=&#8221;1px&#8221; border_color_top=&#8221;#d7f9ee&#8221; border_style_top=&#8221;dotted&#8221;][et_pb_row admin_label=&#8221;row&#8221; _builder_version=&#8221;3.26.4&#8243; background_color=&#8221;rgba(0,0,0,0)&#8221; background_size=&#8221;initial&#8221; background_position=&#8221;top_left&#8221; background_repeat=&#8221;repeat&#8221; custom_padding=&#8221;1px|90px||||&#8221;][et_pb_column type=&#8221;4_4&#8243; _builder_version=&#8221;3.25&#8243; custom_padding=&#8221;|||&#8221; custom_padding__hover=&#8221;|||&#8221;][et_pb_text admin_label=&#8221;Text&#8221; _builder_version=&#8221;4.4.3&#8243; background_size=&#8221;initial&#8221; background_position=&#8221;top_left&#8221; background_repeat=&#8221;repeat&#8221; custom_padding=&#8221;|||70px||&#8221; hover_enabled=&#8221;0&#8243;]<\/p>\n<p>Ela ensina a psicologia patol\u00f3gica na Universidade da cidade de Amiens, como professora visitante, e trabalha tamb\u00e9m, durante uns dez anos, como psicoterapeuta junto a adolescentes em dificuldade, residindo em uma unidade de acolhimento, e junto a pacientes alco\u00f3licos e usu\u00e1rios de drogas.<\/p>\n<p>Ela prossegue em sua forma\u00e7\u00e3o psicanal\u00edtica (an\u00e1lise, supervis\u00f5es e semin\u00e1rios de supervis\u00e3o, cart\u00e9is) com outros seniores da psican\u00e1lise (Octave Mannoni, Gisela Pankow, Jean Clavreul, Fran\u00e7oise Dolto).<\/p>\n<p>Ela \u00e9 psicanalista membro ativo do <strong>Centro de Forma\u00e7\u00e3o e de Pesquisa Psicanal\u00edtica<\/strong> desde sua funda\u00e7\u00e3o, em 1982, no qual vem animando muitos semin\u00e1rios de pesquisa e de supervis\u00e3o.<\/p>\n<p>Em 1994, \u00e9 <strong>membro fundador da Sociedade de Psican\u00e1lise Freudiana (Paris)<\/strong>, onde ela segue animando semin\u00e1rios de pesquisa.<\/p>\n<p>Desde 1994, ela tamb\u00e9m \u00e9 <strong>escultora<\/strong>.<\/p>\n<p>[\/et_pb_text][\/et_pb_column][\/et_pb_row][\/et_pb_section][et_pb_section fb_built=&#8221;1&#8243; admin_label=&#8221;section&#8221; _builder_version=&#8221;3.26.4&#8243; background_color=&#8221;#f4f4f4&#8243; max_width=&#8221;100%&#8221; custom_padding=&#8221;20px|||||&#8221; border_width_top=&#8221;1px&#8221; border_color_top=&#8221;#d7f9ee&#8221; border_style_top=&#8221;dotted&#8221;][et_pb_row admin_label=&#8221;row&#8221; _builder_version=&#8221;3.26.4&#8243; background_color=&#8221;rgba(0,0,0,0)&#8221; background_size=&#8221;initial&#8221; background_position=&#8221;top_left&#8221; background_repeat=&#8221;repeat&#8221; custom_padding=&#8221;|90px||||&#8221;][et_pb_column type=&#8221;4_4&#8243; _builder_version=&#8221;3.25&#8243; custom_padding=&#8221;|||&#8221; custom_padding__hover=&#8221;|||&#8221;][et_pb_text admin_label=&#8221;Text&#8221; _builder_version=&#8221;3.27.4&#8243; background_size=&#8221;initial&#8221; background_position=&#8221;top_left&#8221; background_repeat=&#8221;repeat&#8221; custom_padding=&#8221;|||70px||&#8221;]Em 2005, \u00e9 membro do F\u00f3rum Lou Salom\u00e9, mulheres psicanalistas em rede, Mil\u00e3o.<\/p>\n<p>Em 2007, \u00e9 membro e redatora da revista Insistance (<em>Insist\u00eancia<\/em>).<\/p>\n<p>Em 2008, \u00e9 membro de honra do <strong>movimento psicanal\u00edtico \u201cLa Ginestra\u201d na It\u00e1lia<\/strong>. No mesmo ano, funda com Jean-Pierre Landau a associa\u00e7\u00e3o MnemoArt, grupo de pesquisa experimental ligando psican\u00e1lise, arte e ci\u00eancia. <strong>MnemoArt<\/strong> \u00e9 composto de psicanalistas, artistas, escritores, pesquisadores e m\u00fasicos.<\/p>\n<p>Em 2009, ela passa a ser membro encarregada das rela\u00e7\u00f5es culturais e art\u00edsticas Paris-Roma do I.S.A.P., Institut de Hautes \u00c9tudes Psychanalytique (<em>Instituto de Altos Estudos Psicanal\u00edticos<\/em>) e redatora do JEP, Journal of European Psychoanalysis (<em>Jornal de Psican\u00e1lise Europeia<\/em>), revista em l\u00edngua inglesa editada em Roma (It\u00e1lia) e Nova Iorque (Estados-Unidos)<\/p>\n<p>Em 2016, torna-se membro encarregada das rela\u00e7\u00f5es culturais e art\u00edsticas Paris-Roma do Centro Antinoo Internacional\/Funda\u00e7\u00e3o Marguerite Yourcenar.[\/et_pb_text][\/et_pb_column][\/et_pb_row][et_pb_row column_structure=&#8221;1_3,1_3,1_3&#8243; _builder_version=&#8221;3.26.4&#8243; custom_margin=&#8221;3px|auto||auto||&#8221; custom_padding=&#8221;16px|||50px||&#8221; locked=&#8221;off&#8221;][et_pb_column type=&#8221;1_3&#8243; _builder_version=&#8221;3.26.4&#8243;][et_pb_image src=&#8221;https:\/\/tamara-landau.net\/wp-content\/uploads\/2019\/09\/Accoucher_faire-naitre-tamara-landau.jpg&#8221; url=&#8221;\/?page_id=248&#8243; _builder_version=&#8221;3.26.4&#8243; width=&#8221;100%&#8221; custom_padding=&#8221;10px|||0px|false|false&#8221;][\/et_pb_image][\/et_pb_column][et_pb_column type=&#8221;1_3&#8243; _builder_version=&#8221;3.26.4&#8243;][et_pb_image src=&#8221;https:\/\/tamara-landau.net\/wp-content\/uploads\/2019\/09\/funambules-oubli-tamara-landau.jpg&#8221; url=&#8221;https:\/\/tamara-landau.net\/pt-pt\/as-funambulas-do-esquecimento-origens-da-anorexia-e-da-bulimia\/&#8221; _builder_version=&#8221;4.4.3&#8243; width=&#8221;100%&#8221; custom_padding=&#8221;10px|||0px|false|false&#8221; hover_enabled=&#8221;0&#8243;][\/et_pb_image][\/et_pb_column][et_pb_column type=&#8221;1_3&#8243; _builder_version=&#8221;3.26.4&#8243;][et_pb_image src=&#8221;https:\/\/tamara-landau.net\/wp-content\/uploads\/2019\/09\/impossible-naissance-tamara-landau.jpg&#8221; url=&#8221;https:\/\/tamara-landau.net\/pt-pt\/o-impossivel-nascimento-ou-a-crianca-enclavada-fobias-e-neuroses-de-angustia\/&#8221; _builder_version=&#8221;4.4.3&#8243; width=&#8221;100%&#8221; custom_padding=&#8221;10px|||0px|false|false&#8221; hover_enabled=&#8221;0&#8243;][\/et_pb_image][\/et_pb_column][\/et_pb_row][\/et_pb_section]<\/p>\n","protected":false},"excerpt":{"rendered":"<p>[et_pb_section fb_built=&#8221;1&#8243; fullwidth=&#8221;on&#8221; _builder_version=&#8221;3.26.4&#8243; background_color=&#8221;#fcfaf6&#8243;][et_pb_fullwidth_header title=&#8221;Tamara Landau&#8221; subhead=&#8221;Psicanalista&#8221; _builder_version=&#8221;3.26.4&#8243; title_font=&#8221;||||||||&#8221; title_text_color=&#8221;#00cccc&#8221; title_font_size=&#8221;25px&#8221; subhead_font=&#8221;||||||||&#8221; subhead_text_color=&#8221;#0068d8&#8243; subhead_font_size=&#8221;24px&#8221; background_color=&#8221;#fbfaf5&#8243; background_layout=&#8221;light&#8221; custom_padding=&#8221;25px||6px|||&#8221; border_color_all=&#8221;#ffffff&#8221; border_color_bottom=&#8221;#00cccc&#8221; border_style_bottom=&#8221;dotted&#8221;][\/et_pb_fullwidth_header][\/et_pb_section][et_pb_section fb_built=&#8221;1&#8243; admin_label=&#8221;section&#8221; _builder_version=&#8221;3.26.4&#8243; background_color=&#8221;#fffbf9&#8243; background_color_gradient_direction=&#8221;89deg&#8221; max_width=&#8221;100%&#8221; custom_padding=&#8221;||6px|||&#8221; collapsed=&#8221;on&#8221;][et_pb_row admin_label=&#8221;row&#8221; _builder_version=&#8221;3.26.4&#8243; background_color=&#8221;rgba(0,0,0,0)&#8221; background_size=&#8221;initial&#8221; background_position=&#8221;top_left&#8221; background_repeat=&#8221;repeat&#8221; custom_padding=&#8221;|90px||70px||&#8221;][et_pb_column type=&#8221;4_4&#8243; _builder_version=&#8221;3.25&#8243; custom_padding=&#8221;|||&#8221; custom_padding__hover=&#8221;|||&#8221;][et_pb_text admin_label=&#8221;Text&#8221; _builder_version=&#8221;3.27.4&#8243; background_size=&#8221;initial&#8221; background_position=&#8221;top_left&#8221; background_repeat=&#8221;repeat&#8221;]Tamara Landau Rosenberg nasceu em 1949 em Mil\u00e3o na It\u00e1lia. Ela [&hellip;]<\/p>\n","protected":false},"author":1,"featured_media":0,"parent":0,"menu_order":0,"comment_status":"closed","ping_status":"closed","template":"","meta":{"_et_pb_use_builder":"on","_et_pb_old_content":"","_et_gb_content_width":""},"yoast_head":"<!-- This site is optimized with the Yoast SEO plugin v20.3 - https:\/\/yoast.com\/wordpress\/plugins\/seo\/ -->\n<title>Tamara Landau, Psicanalista | Tamara Landau<\/title>\n<meta name=\"robots\" content=\"index, follow, max-snippet:-1, max-image-preview:large, max-video-preview:-1\" \/>\n<link rel=\"canonical\" href=\"https:\/\/tamara-landau.net\/pt-pt\/tamara-landau-psicanalista\/\" \/>\n<meta property=\"og:locale\" content=\"pt_PT\" \/>\n<meta property=\"og:type\" content=\"article\" \/>\n<meta property=\"og:title\" content=\"Tamara Landau, Psicanalista | Tamara Landau\" \/>\n<meta property=\"og:description\" content=\"[et_pb_section fb_built=&#8221;1&#8243; fullwidth=&#8221;on&#8221; _builder_version=&#8221;3.26.4&#8243; background_color=&#8221;#fcfaf6&#8243;][et_pb_fullwidth_header title=&#8221;Tamara Landau&#8221; subhead=&#8221;Psicanalista&#8221; _builder_version=&#8221;3.26.4&#8243; title_font=&#8221;||||||||&#8221; title_text_color=&#8221;#00cccc&#8221; title_font_size=&#8221;25px&#8221; subhead_font=&#8221;||||||||&#8221; subhead_text_color=&#8221;#0068d8&#8243; subhead_font_size=&#8221;24px&#8221; background_color=&#8221;#fbfaf5&#8243; background_layout=&#8221;light&#8221; custom_padding=&#8221;25px||6px|||&#8221; border_color_all=&#8221;#ffffff&#8221; border_color_bottom=&#8221;#00cccc&#8221; border_style_bottom=&#8221;dotted&#8221;][\/et_pb_fullwidth_header][\/et_pb_section][et_pb_section fb_built=&#8221;1&#8243; admin_label=&#8221;section&#8221; _builder_version=&#8221;3.26.4&#8243; background_color=&#8221;#fffbf9&#8243; background_color_gradient_direction=&#8221;89deg&#8221; max_width=&#8221;100%&#8221; custom_padding=&#8221;||6px|||&#8221; collapsed=&#8221;on&#8221;][et_pb_row admin_label=&#8221;row&#8221; _builder_version=&#8221;3.26.4&#8243; background_color=&#8221;rgba(0,0,0,0)&#8221; background_size=&#8221;initial&#8221; background_position=&#8221;top_left&#8221; background_repeat=&#8221;repeat&#8221; custom_padding=&#8221;|90px||70px||&#8221;][et_pb_column type=&#8221;4_4&#8243; _builder_version=&#8221;3.25&#8243; custom_padding=&#8221;|||&#8221; custom_padding__hover=&#8221;|||&#8221;][et_pb_text admin_label=&#8221;Text&#8221; _builder_version=&#8221;3.27.4&#8243; background_size=&#8221;initial&#8221; background_position=&#8221;top_left&#8221; background_repeat=&#8221;repeat&#8221;]Tamara Landau Rosenberg nasceu em 1949 em Mil\u00e3o na It\u00e1lia. Ela [&hellip;]\" \/>\n<meta property=\"og:url\" content=\"https:\/\/tamara-landau.net\/pt-pt\/tamara-landau-psicanalista\/\" \/>\n<meta property=\"og:site_name\" content=\"Tamara Landau\" \/>\n<meta property=\"article:modified_time\" content=\"2020-06-16T08:06:43+00:00\" \/>\n<meta name=\"twitter:card\" content=\"summary_large_image\" \/>\n<meta name=\"twitter:label1\" content=\"Tempo estimado de leitura\" \/>\n\t<meta name=\"twitter:data1\" content=\"6 minutos\" \/>\n<script type=\"application\/ld+json\" class=\"yoast-schema-graph\">{\"@context\":\"https:\/\/schema.org\",\"@graph\":[{\"@type\":\"WebPage\",\"@id\":\"https:\/\/tamara-landau.net\/pt-pt\/tamara-landau-psicanalista\/\",\"url\":\"https:\/\/tamara-landau.net\/pt-pt\/tamara-landau-psicanalista\/\",\"name\":\"Tamara Landau, Psicanalista | Tamara Landau\",\"isPartOf\":{\"@id\":\"https:\/\/tamara-landau.net\/#website\"},\"datePublished\":\"2020-06-16T06:55:02+00:00\",\"dateModified\":\"2020-06-16T08:06:43+00:00\",\"breadcrumb\":{\"@id\":\"https:\/\/tamara-landau.net\/pt-pt\/tamara-landau-psicanalista\/#breadcrumb\"},\"inLanguage\":\"pt-PT\",\"potentialAction\":[{\"@type\":\"ReadAction\",\"target\":[\"https:\/\/tamara-landau.net\/pt-pt\/tamara-landau-psicanalista\/\"]}]},{\"@type\":\"BreadcrumbList\",\"@id\":\"https:\/\/tamara-landau.net\/pt-pt\/tamara-landau-psicanalista\/#breadcrumb\",\"itemListElement\":[{\"@type\":\"ListItem\",\"position\":1,\"name\":\"Accueil\",\"item\":\"https:\/\/tamara-landau.net\/pt-pt\/tamara-landau-psicanalista-e-escultora\/\"},{\"@type\":\"ListItem\",\"position\":2,\"name\":\"Tamara Landau, Psicanalista\"}]},{\"@type\":\"WebSite\",\"@id\":\"https:\/\/tamara-landau.net\/#website\",\"url\":\"https:\/\/tamara-landau.net\/\",\"name\":\"Tamara Landau\",\"description\":\"psychanalyste et sculptrice\",\"potentialAction\":[{\"@type\":\"SearchAction\",\"target\":{\"@type\":\"EntryPoint\",\"urlTemplate\":\"https:\/\/tamara-landau.net\/?s={search_term_string}\"},\"query-input\":\"required name=search_term_string\"}],\"inLanguage\":\"pt-PT\"}]}<\/script>\n<!-- \/ Yoast SEO plugin. -->","yoast_head_json":{"title":"Tamara Landau, Psicanalista | Tamara Landau","robots":{"index":"index","follow":"follow","max-snippet":"max-snippet:-1","max-image-preview":"max-image-preview:large","max-video-preview":"max-video-preview:-1"},"canonical":"https:\/\/tamara-landau.net\/pt-pt\/tamara-landau-psicanalista\/","og_locale":"pt_PT","og_type":"article","og_title":"Tamara Landau, Psicanalista | Tamara Landau","og_description":"[et_pb_section fb_built=&#8221;1&#8243; fullwidth=&#8221;on&#8221; _builder_version=&#8221;3.26.4&#8243; background_color=&#8221;#fcfaf6&#8243;][et_pb_fullwidth_header title=&#8221;Tamara Landau&#8221; subhead=&#8221;Psicanalista&#8221; _builder_version=&#8221;3.26.4&#8243; title_font=&#8221;||||||||&#8221; title_text_color=&#8221;#00cccc&#8221; title_font_size=&#8221;25px&#8221; subhead_font=&#8221;||||||||&#8221; subhead_text_color=&#8221;#0068d8&#8243; subhead_font_size=&#8221;24px&#8221; background_color=&#8221;#fbfaf5&#8243; background_layout=&#8221;light&#8221; custom_padding=&#8221;25px||6px|||&#8221; border_color_all=&#8221;#ffffff&#8221; border_color_bottom=&#8221;#00cccc&#8221; border_style_bottom=&#8221;dotted&#8221;][\/et_pb_fullwidth_header][\/et_pb_section][et_pb_section fb_built=&#8221;1&#8243; admin_label=&#8221;section&#8221; _builder_version=&#8221;3.26.4&#8243; background_color=&#8221;#fffbf9&#8243; background_color_gradient_direction=&#8221;89deg&#8221; max_width=&#8221;100%&#8221; custom_padding=&#8221;||6px|||&#8221; collapsed=&#8221;on&#8221;][et_pb_row admin_label=&#8221;row&#8221; _builder_version=&#8221;3.26.4&#8243; background_color=&#8221;rgba(0,0,0,0)&#8221; background_size=&#8221;initial&#8221; background_position=&#8221;top_left&#8221; background_repeat=&#8221;repeat&#8221; custom_padding=&#8221;|90px||70px||&#8221;][et_pb_column type=&#8221;4_4&#8243; _builder_version=&#8221;3.25&#8243; custom_padding=&#8221;|||&#8221; custom_padding__hover=&#8221;|||&#8221;][et_pb_text admin_label=&#8221;Text&#8221; _builder_version=&#8221;3.27.4&#8243; background_size=&#8221;initial&#8221; background_position=&#8221;top_left&#8221; background_repeat=&#8221;repeat&#8221;]Tamara Landau Rosenberg nasceu em 1949 em Mil\u00e3o na It\u00e1lia. Ela [&hellip;]","og_url":"https:\/\/tamara-landau.net\/pt-pt\/tamara-landau-psicanalista\/","og_site_name":"Tamara Landau","article_modified_time":"2020-06-16T08:06:43+00:00","twitter_card":"summary_large_image","twitter_misc":{"Tempo estimado de leitura":"6 minutos"},"schema":{"@context":"https:\/\/schema.org","@graph":[{"@type":"WebPage","@id":"https:\/\/tamara-landau.net\/pt-pt\/tamara-landau-psicanalista\/","url":"https:\/\/tamara-landau.net\/pt-pt\/tamara-landau-psicanalista\/","name":"Tamara Landau, Psicanalista | Tamara Landau","isPartOf":{"@id":"https:\/\/tamara-landau.net\/#website"},"datePublished":"2020-06-16T06:55:02+00:00","dateModified":"2020-06-16T08:06:43+00:00","breadcrumb":{"@id":"https:\/\/tamara-landau.net\/pt-pt\/tamara-landau-psicanalista\/#breadcrumb"},"inLanguage":"pt-PT","potentialAction":[{"@type":"ReadAction","target":["https:\/\/tamara-landau.net\/pt-pt\/tamara-landau-psicanalista\/"]}]},{"@type":"BreadcrumbList","@id":"https:\/\/tamara-landau.net\/pt-pt\/tamara-landau-psicanalista\/#breadcrumb","itemListElement":[{"@type":"ListItem","position":1,"name":"Accueil","item":"https:\/\/tamara-landau.net\/pt-pt\/tamara-landau-psicanalista-e-escultora\/"},{"@type":"ListItem","position":2,"name":"Tamara Landau, Psicanalista"}]},{"@type":"WebSite","@id":"https:\/\/tamara-landau.net\/#website","url":"https:\/\/tamara-landau.net\/","name":"Tamara Landau","description":"psychanalyste et sculptrice","potentialAction":[{"@type":"SearchAction","target":{"@type":"EntryPoint","urlTemplate":"https:\/\/tamara-landau.net\/?s={search_term_string}"},"query-input":"required name=search_term_string"}],"inLanguage":"pt-PT"}]}},"_links":{"self":[{"href":"https:\/\/tamara-landau.net\/pt-pt\/wp-json\/wp\/v2\/pages\/3485"}],"collection":[{"href":"https:\/\/tamara-landau.net\/pt-pt\/wp-json\/wp\/v2\/pages"}],"about":[{"href":"https:\/\/tamara-landau.net\/pt-pt\/wp-json\/wp\/v2\/types\/page"}],"author":[{"embeddable":true,"href":"https:\/\/tamara-landau.net\/pt-pt\/wp-json\/wp\/v2\/users\/1"}],"replies":[{"embeddable":true,"href":"https:\/\/tamara-landau.net\/pt-pt\/wp-json\/wp\/v2\/comments?post=3485"}],"version-history":[{"count":7,"href":"https:\/\/tamara-landau.net\/pt-pt\/wp-json\/wp\/v2\/pages\/3485\/revisions"}],"predecessor-version":[{"id":3535,"href":"https:\/\/tamara-landau.net\/pt-pt\/wp-json\/wp\/v2\/pages\/3485\/revisions\/3535"}],"wp:attachment":[{"href":"https:\/\/tamara-landau.net\/pt-pt\/wp-json\/wp\/v2\/media?parent=3485"}],"curies":[{"name":"wp","href":"https:\/\/api.w.org\/{rel}","templated":true}]}}