{"id":3482,"date":"2020-06-16T06:46:41","date_gmt":"2020-06-16T06:46:41","guid":{"rendered":"https:\/\/tamara-landau.net\/tamara-landau-escultora\/"},"modified":"2020-06-16T08:09:48","modified_gmt":"2020-06-16T08:09:48","slug":"tamara-landau-escultora","status":"publish","type":"page","link":"https:\/\/tamara-landau.net\/pt-pt\/tamara-landau-escultora\/","title":{"rendered":"Tamara Landau, Escultora"},"content":{"rendered":"<p>[et_pb_section fb_built=&#8221;1&#8243; fullwidth=&#8221;on&#8221; _builder_version=&#8221;3.26.4&#8243; background_color=&#8221;#fcfaf6&#8243;][et_pb_fullwidth_header title=&#8221;Tamara Landau&#8221; subhead=&#8221;Escultora&#8221; _builder_version=&#8221;3.26.4&#8243; title_font=&#8221;||||||||&#8221; title_text_color=&#8221;#00cccc&#8221; title_font_size=&#8221;25px&#8221; subhead_font=&#8221;||||||||&#8221; subhead_text_color=&#8221;#0068d8&#8243; subhead_font_size=&#8221;24px&#8221; background_color=&#8221;#fbfaf5&#8243; background_layout=&#8221;light&#8221; custom_padding=&#8221;25px||6px|||&#8221; border_color_all=&#8221;#ffffff&#8221; border_color_bottom=&#8221;#00cccc&#8221; border_style_bottom=&#8221;dotted&#8221;][\/et_pb_fullwidth_header][\/et_pb_section][et_pb_section fb_built=&#8221;1&#8243; admin_label=&#8221;section&#8221; _builder_version=&#8221;3.26.4&#8243; background_color=&#8221;#fcfcfc&#8221; use_background_color_gradient=&#8221;on&#8221; background_color_gradient_start=&#8221;#ffffff&#8221; background_color_gradient_end=&#8221;#efefef&#8221; background_color_gradient_start_position=&#8221;70%&#8221; max_width=&#8221;100%&#8221; custom_padding=&#8221;||35px|||&#8221;][et_pb_row column_structure=&#8221;3_5,2_5&#8243; admin_label=&#8221;row&#8221; _builder_version=&#8221;3.26.4&#8243; background_color=&#8221;rgba(0,0,0,0)&#8221; custom_margin=&#8221;||||false|false&#8221; custom_padding=&#8221;||1px|||&#8221; collapsed=&#8221;off&#8221;][et_pb_column type=&#8221;3_5&#8243; _builder_version=&#8221;3.25&#8243; custom_padding=&#8221;|||&#8221; custom_padding__hover=&#8221;|||&#8221;][et_pb_text admin_label=&#8221;Text&#8221; _builder_version=&#8221;4.4.3&#8243; background_size=&#8221;initial&#8221; background_position=&#8221;top_left&#8221; background_repeat=&#8221;repeat&#8221; hover_enabled=&#8221;0&#8243;]<\/p>\n<p><strong>Tamara Landau, psicanalista, passou a ser escultora para poder escutar, pensar e transmitir o sofrimento escondido e indiz\u00edvel dos pacientes.<\/strong><\/p>\n<p>Entre 1994 e 2002, frequenta o ateli\u00ea de Alberto Carlinsky, aluno de Ossip Zadkine, o ateli\u00ea de Fran\u00e7oise Voledda e os de Belas Artes.<\/p>\n<p>A talha direta imp\u00f5e-se para ela como primeira escrita po\u00e9tica das zonas insond\u00e1veis do inconsciente. Suas obras em alabastro, pedra feminina muito er\u00f3tica e sinuosa chamada \u201c\u00e1gata com seios\u201d em Volterra, ao mesmo tempo dura e tenra, expressam com for\u00e7a esta ambival\u00eancia origin\u00e1ria.<\/p>\n<p>[\/et_pb_text][\/et_pb_column][et_pb_column type=&#8221;2_5&#8243; _builder_version=&#8221;3.25&#8243; custom_padding=&#8221;|||&#8221; custom_padding__hover=&#8221;|||&#8221;][et_pb_image src=&#8221;https:\/\/tamara-landau.net\/wp-content\/uploads\/2019\/10\/tamara-landau-sculptrice.jpg&#8221; _builder_version=&#8221;3.26.4&#8243;][\/et_pb_image][\/et_pb_column][\/et_pb_row][\/et_pb_section][et_pb_section fb_built=&#8221;1&#8243; admin_label=&#8221;section&#8221; _builder_version=&#8221;3.26.4&#8243; background_color=&#8221;#efefef&#8221; max_width=&#8221;100%&#8221;][et_pb_row column_structure=&#8221;2_5,3_5&#8243; _builder_version=&#8221;3.26.4&#8243; background_color=&#8221;rgba(0,0,0,0)&#8221; collapsed=&#8221;off&#8221;][et_pb_column type=&#8221;2_5&#8243; _builder_version=&#8221;3.26.4&#8243;][et_pb_image src=&#8221;https:\/\/tamara-landau.net\/wp-content\/uploads\/2019\/10\/IMG_0797.jpg&#8221; show_in_lightbox=&#8221;on&#8221; _builder_version=&#8221;3.26.4&#8243; custom_margin=&#8221;4px||1px|||&#8221; custom_padding=&#8221;1px||20px||false|false&#8221;][\/et_pb_image][et_pb_image src=&#8221;https:\/\/tamara-landau.net\/wp-content\/uploads\/2019\/10\/IMG_0790.jpg&#8221; show_in_lightbox=&#8221;on&#8221; _builder_version=&#8221;3.26.4&#8243; custom_padding=&#8221;20px||80px||false|false&#8221;][\/et_pb_image][et_pb_image src=&#8221;https:\/\/tamara-landau.net\/wp-content\/uploads\/2019\/10\/IMG_0783.jpg&#8221; show_in_lightbox=&#8221;on&#8221; _builder_version=&#8221;3.26.4&#8243; custom_margin=&#8221;27px|||||&#8221; custom_padding=&#8221;||80px||false|false&#8221;][\/et_pb_image][et_pb_image src=&#8221;https:\/\/tamara-landau.net\/wp-content\/uploads\/2019\/10\/Tamara-Landau-Space-and-dream1.jpg&#8221; show_in_lightbox=&#8221;on&#8221; _builder_version=&#8221;3.26.4&#8243; custom_padding=&#8221;80px||20px||false|false&#8221;][\/et_pb_image][et_pb_image src=&#8221;https:\/\/tamara-landau.net\/wp-content\/uploads\/2019\/10\/ArbreRenverseTL_03.jpg&#8221; show_in_lightbox=&#8221;on&#8221; _builder_version=&#8221;3.26.4&#8243; custom_margin=&#8221;||9px|||&#8221; custom_padding=&#8221;80px||20px||false|false&#8221;][\/et_pb_image][et_pb_image src=&#8221;https:\/\/tamara-landau.net\/wp-content\/uploads\/2019\/10\/tamara-landau-arbol-invertido-17.jpg&#8221; show_in_lightbox=&#8221;on&#8221; _builder_version=&#8221;3.26.4&#8243; custom_padding=&#8221;10px||80px||false|false&#8221;][\/et_pb_image][et_pb_image src=&#8221;https:\/\/tamara-landau.net\/wp-content\/uploads\/2019\/10\/soiree-2avril-1.jpg&#8221; show_in_lightbox=&#8221;on&#8221; _builder_version=&#8221;3.26.4&#8243; custom_padding=&#8221;10px||80px||false|false&#8221;][\/et_pb_image][et_pb_image src=&#8221;https:\/\/tamara-landau.net\/wp-content\/uploads\/2019\/10\/IMG_0820.jpg&#8221; show_in_lightbox=&#8221;on&#8221; _builder_version=&#8221;3.26.4&#8243; custom_padding=&#8221;10px||80px||false|false&#8221;][\/et_pb_image][\/et_pb_column][et_pb_column type=&#8221;3_5&#8243; _builder_version=&#8221;3.26.4&#8243;][et_pb_text admin_label=&#8221;Text&#8221; _builder_version=&#8221;4.0.9&#8243; background_size=&#8221;initial&#8221; background_position=&#8221;top_left&#8221; background_repeat=&#8221;repeat&#8221;]<\/p>\n<p>Tamara Landau participa de exposi\u00e7\u00f5es coletivas a partir de 2001, \u201cArt in Progress\u201d, Artship, Paris, St Francisco e nos ateli\u00eas de Belas Artes. Depois, a troca com <a href=\"http:\/\/ww.jplandau.net\">Jean-Pierre Landau, psicanalista e pintor<\/a>, ir\u00e1 nutrir com suas \u201cpalavras-cores\u201d sua elabora\u00e7\u00e3o te\u00f3rica e sua escrita.<\/p>\n<p>* Em 2004, ela vai expor suas esculturas acerca da \u201ccrian\u00e7a enclavada\u201d no Museu do Montparnasse, Paris, no Centro de Exposi\u00e7\u00f5es em Marselha, no Vinatier em Lyon.<\/p>\n<p>* Em 2005, a exposi\u00e7\u00e3o no Espa\u00e7o Beaurepaire em Paris ir\u00e1 encerrar esta fase focada no tormento e na falha origin\u00e1ria.<\/p>\n<p><strong>Outra reflex\u00e3o anuncia-se, mais alegre, sobre o tempo, o inconsciente e a capacidade de transforma\u00e7\u00e3o dos sujeitos. A cria\u00e7\u00e3o torna-se assim ao mesmo tempo ferramenta de escuta, de mudan\u00e7a e o \u00fanico meio de estar em rela\u00e7\u00e3o com o mundo. A liga\u00e7\u00e3o entre o ser, o tempo e o desejo \u00e9 doravante figurada de forma l\u00fadica em instala\u00e7\u00f5es que associam sonho e lembran\u00e7as com o real em um ato po\u00e9tico.<\/strong><\/p>\n<p>Na exposi\u00e7\u00e3o \u201cL\u2019\u00e9-lu, l\u2019\u00e9-cri et le temps\u201d em 2008 na galeria La Blanchisserie, em Boulogne (departamento 92), Tamara Landau marca esta virada com \u201cBloco-de-notas m\u00e1gico 1\u201d que vai continuar nos mergulhando no inconsciente ao fazer-nos sobrevoar, como um tapete m\u00e1gico, o universo de todos os poss\u00edveis.<\/p>\n<p>* Em Agosto de 2008, sua instala\u00e7\u00e3o \u201cSpace and dream 1\u201d \u00e9 <a href=\"http:\/\/www.artecommunications.com\/index.en.php\/component\/content\/article\/388-francia-tamara-landau-jean-pierre-landau-bruno-contensou\">selecionada pelo j\u00fari<\/a> para representar a Fran\u00e7a no <a href=\"http:\/\/www.artecommunications.com\/index.php\/open?lang=en#catid34\">OPEN XI<\/a>, exposi\u00e7\u00e3o internacional de esculturas e instala\u00e7\u00f5es em Veneza.<\/p>\n<p>* Em Outubro de 2008, ela exp\u00f5e suas esculturas de alabastros em Chiavenna, <a href=\"http:\/\/www.exibart.com\/profilo\/eventiV2.asp?idelemento=60858\">exposi\u00e7\u00e3o internacional de esculturas, instala\u00e7\u00f5es e pinturas<\/a>.<\/p>\n<p>* Em Novembro de 2008, ela participa com seu v\u00eddeo e suas instala\u00e7\u00f5es da exposi\u00e7\u00e3o \u201cAngeli, tracce d\u2019infinito\u201d <a href=\"http:\/\/www.exibart.com\/profilo\/eventiV2.asp?idelemento=62963\">\u00ab\u00a0<em>Anjos, rastros de infinito<\/em>\u00a0\u00bb<\/a>em La Mya Lurgo Gallery em Lugano.<\/p>\n<p>* Em Fevereiro de 2009, ela apresenta sua instala\u00e7\u00e3o \u201cBloco-de-Notas 2\u201d em Mil\u00e3o, no Espa\u00e7o Tadini. Em Maio, participa com um v\u00eddeo e uma performance da exposi\u00e7\u00e3o coletiva \u201cL\u2019\u00e2me du son\u201d <a href=\"http:\/\/www.exibart.com\/profilo\/eventiV2.asp?idelemento=71929\">\u00ab\u00a0<em>A alma do som<\/em>\u00a0\u00bb<\/a>ligada \u00e0 Bienal de Veneza, organizada por Pardes, laborat\u00f3rio de pesquisa em arte contempor\u00e2nea (Mirano).<\/p>\n<p>* Em Outubro de 2009, ela participa com esculturas da exposi\u00e7\u00e3o coletiva de MnemoArt na Villa Reale em Monza.<\/p>\n<p>* Em Maio de 2010, ela apresenta seu v\u00eddeo \u201cL\u2019Autre sc\u00e8ne. Traces\u201d (\u201c<em>A Outra Cena. Rastros<\/em>\u201d) no Freud Museum em Londres.<\/p>\n<p>* Em Outubro de 2010, ela participa com um tr\u00edptico de alabastro da Jornada dos Museus Italianos de Arte Contempor\u00e2nea com a exposi\u00e7\u00e3o \u201cEl\u00e9vations et Permutations\u201d (\u201c<em>Eleva\u00e7\u00f5es e Permuta\u00e7\u00f5es<\/em>\u201d) Em Mirano (Veneza), retomada pela RAI (Radio e Televis\u00e3o Italiana) no programa \u201cO Para\u00edso da Arte\u201d.<\/p>\n<p>* Em Abril de 2011, ela exp\u00f5e sua instala\u00e7\u00e3o \u201cRescap\u00e9\u201d (\u201c<em>Sobrevivente<\/em>\u201d) em uma exposi\u00e7\u00e3o coletiva sobre a Shoah na Soci\u00e9t\u00e9 des Gens et des Lettres (\u201c<em>Sociedade das Pessoas e das Letras<\/em>\u201d), em Paris. Em Outubro, ela participa com suas esculturas da exposi\u00e7\u00e3o de pinturas e esculturas \u201cArs poetica erotica\u201d na galeria Orenda Art International em Paris.<\/p>\n<p>* Em Abril de 2012, ela exp\u00f5e um alabastro, uma grande instala\u00e7\u00e3o e o v\u00eddeo \u201cm\u00e8refille toutattach\u00e9\u201c (\u201c<em>m\u00e3efilha tudoligado<\/em>\u201d) na exposi\u00e7\u00e3o coletiva acerca de seu livro \u201cLes funambules de l\u2019oubli\u201d (\u201c<em>Os fun\u00e2mbulos do esquecimento<\/em>\u201d) que aconteceu no Instituto H\u00fangaro em Paris.<\/p>\n<p>* Em Junho de 2012, ela projetou seus v\u00eddeos na livraria La Terrasse de Gutenberg em Paris.<\/p>\n<p>* 2013 \u2013 Proje\u00e7\u00e3o de v\u00eddeos, centro de conven\u00e7\u00f5es de Buenos Aires, Argentina.<\/p>\n<p>* 2013 \u2013 Exposi\u00e7\u00e3o coletiva MnemoArt, Prefeitura da XIV circunscri\u00e7\u00e3o de Paris.<\/p>\n<p>* 2014 \u2013 Proje\u00e7\u00e3o de v\u00eddeos na livraria-galeria La Terrasse de Gutenberg, Paris.<\/p>\n<p>* 2015 \u2013 Proje\u00e7\u00e3o de v\u00eddeos no Instituto Franc\u00eas em Mil\u00e3o.<\/p>\n<p>* 2015 Proje\u00e7\u00e3o de v\u00eddeos na exposi\u00e7\u00e3o \u201cJean-Pierre Landau ou l\u2019\u00e9coute \u00e0 l\u2019oeuvre\u201d (\u201c<em>Jean-Pierre Landau ou a escuta operando<\/em>\u201d)<\/p>\n<p>* <a href=\"http:\/\/spaziotadini.com\/2015\/05\/30\/mostre-milano-fuori-expo-2015-il-gusto-delle-parole-energia-per-la-vita\/\" target=\"_blank\" rel=\"noopener noreferrer\">2015 \u2013Il gusto delle Parole energia per la vita\u201d, exposi\u00e7\u00e3o com o grupo MnemoArt, Espa\u00e7o Tadini, Mil\u00e3o.<\/a><\/p>\n<p>* 2015 \u2013Proje\u00e7\u00e3o de v\u00eddeos na Alian\u00e7a Francesa de Buenos Aires, Argentina.<\/p>\n<p>* 2015 \u2013Exposi\u00e7\u00e3o coletiva MnemoArt: <em><a href=\"http:\/\/www.mnemoart.org\/pdf-doc\/2015_cat_rome.pdf\" target=\"_blank\" rel=\"noopener noreferrer\">BAR<\/a><\/em>, Arquivo Central, Roma.<\/p>\n<p>* Exposi\u00e7\u00e3o coletiva \u201cM\u00e9moire et infini\u201d (\u201c<em>Mem\u00f3ria e infinito<\/em>\u201d) na galeria Utopia em Roma.<\/p>\n<p>* Proje\u00e7\u00e3o de v\u00eddeos na exposi\u00e7\u00e3o \u201cCaderneta de um psicanalista\u201d de Jean-Pierre Landau em Roma, DAIStudio.<\/p>\n<p>* 2016 V\u00eddeo-Performance com Jean-Pierre Landau no Arquivo Central de Estado em Roma.<\/p>\n<p>* 2016 V\u00eddeo-performance \u201cLes funambules de l\u2019oubli\u201d (\u201c<em>Os fun\u00e2mbulos do Esquecimento<\/em>\u201d) em Roma, DAIStudio.<\/p>\n<p>* 2016 Proje\u00e7\u00e3o dos v\u00eddeos em Palermo, editora Navarra.<\/p>\n<p>[\/et_pb_text][\/et_pb_column][\/et_pb_row][\/et_pb_section]<\/p>\n","protected":false},"excerpt":{"rendered":"<p>[et_pb_section fb_built=&#8221;1&#8243; fullwidth=&#8221;on&#8221; _builder_version=&#8221;3.26.4&#8243; background_color=&#8221;#fcfaf6&#8243;][et_pb_fullwidth_header title=&#8221;Tamara Landau&#8221; subhead=&#8221;Escultora&#8221; _builder_version=&#8221;3.26.4&#8243; title_font=&#8221;||||||||&#8221; title_text_color=&#8221;#00cccc&#8221; title_font_size=&#8221;25px&#8221; subhead_font=&#8221;||||||||&#8221; subhead_text_color=&#8221;#0068d8&#8243; subhead_font_size=&#8221;24px&#8221; background_color=&#8221;#fbfaf5&#8243; background_layout=&#8221;light&#8221; custom_padding=&#8221;25px||6px|||&#8221; border_color_all=&#8221;#ffffff&#8221; border_color_bottom=&#8221;#00cccc&#8221; border_style_bottom=&#8221;dotted&#8221;][\/et_pb_fullwidth_header][\/et_pb_section][et_pb_section fb_built=&#8221;1&#8243; admin_label=&#8221;section&#8221; _builder_version=&#8221;3.26.4&#8243; background_color=&#8221;#fcfcfc&#8221; use_background_color_gradient=&#8221;on&#8221; background_color_gradient_start=&#8221;#ffffff&#8221; background_color_gradient_end=&#8221;#efefef&#8221; background_color_gradient_start_position=&#8221;70%&#8221; max_width=&#8221;100%&#8221; custom_padding=&#8221;||35px|||&#8221;][et_pb_row column_structure=&#8221;3_5,2_5&#8243; admin_label=&#8221;row&#8221; _builder_version=&#8221;3.26.4&#8243; background_color=&#8221;rgba(0,0,0,0)&#8221; custom_margin=&#8221;||||false|false&#8221; custom_padding=&#8221;||1px|||&#8221; collapsed=&#8221;off&#8221;][et_pb_column type=&#8221;3_5&#8243; _builder_version=&#8221;3.25&#8243; custom_padding=&#8221;|||&#8221; custom_padding__hover=&#8221;|||&#8221;][et_pb_text admin_label=&#8221;Text&#8221; _builder_version=&#8221;4.4.3&#8243; background_size=&#8221;initial&#8221; background_position=&#8221;top_left&#8221; background_repeat=&#8221;repeat&#8221; hover_enabled=&#8221;0&#8243;] Tamara Landau, psicanalista, passou a ser escultora [&hellip;]<\/p>\n","protected":false},"author":1,"featured_media":3483,"parent":0,"menu_order":0,"comment_status":"closed","ping_status":"closed","template":"","meta":{"_et_pb_use_builder":"on","_et_pb_old_content":"","_et_gb_content_width":""},"yoast_head":"<!-- This site is optimized with the Yoast SEO plugin v20.3 - https:\/\/yoast.com\/wordpress\/plugins\/seo\/ -->\n<title>Tamara Landau, Escultora | Tamara Landau<\/title>\n<meta name=\"robots\" content=\"index, follow, max-snippet:-1, max-image-preview:large, max-video-preview:-1\" \/>\n<link rel=\"canonical\" href=\"https:\/\/tamara-landau.net\/pt-pt\/tamara-landau-escultora\/\" \/>\n<meta property=\"og:locale\" content=\"pt_PT\" \/>\n<meta property=\"og:type\" content=\"article\" \/>\n<meta property=\"og:title\" content=\"Tamara Landau, Escultora | Tamara Landau\" \/>\n<meta property=\"og:description\" content=\"[et_pb_section fb_built=&#8221;1&#8243; fullwidth=&#8221;on&#8221; _builder_version=&#8221;3.26.4&#8243; background_color=&#8221;#fcfaf6&#8243;][et_pb_fullwidth_header title=&#8221;Tamara Landau&#8221; subhead=&#8221;Escultora&#8221; _builder_version=&#8221;3.26.4&#8243; title_font=&#8221;||||||||&#8221; title_text_color=&#8221;#00cccc&#8221; title_font_size=&#8221;25px&#8221; subhead_font=&#8221;||||||||&#8221; subhead_text_color=&#8221;#0068d8&#8243; subhead_font_size=&#8221;24px&#8221; background_color=&#8221;#fbfaf5&#8243; background_layout=&#8221;light&#8221; custom_padding=&#8221;25px||6px|||&#8221; border_color_all=&#8221;#ffffff&#8221; border_color_bottom=&#8221;#00cccc&#8221; border_style_bottom=&#8221;dotted&#8221;][\/et_pb_fullwidth_header][\/et_pb_section][et_pb_section fb_built=&#8221;1&#8243; admin_label=&#8221;section&#8221; _builder_version=&#8221;3.26.4&#8243; background_color=&#8221;#fcfcfc&#8221; use_background_color_gradient=&#8221;on&#8221; background_color_gradient_start=&#8221;#ffffff&#8221; background_color_gradient_end=&#8221;#efefef&#8221; background_color_gradient_start_position=&#8221;70%&#8221; max_width=&#8221;100%&#8221; custom_padding=&#8221;||35px|||&#8221;][et_pb_row column_structure=&#8221;3_5,2_5&#8243; admin_label=&#8221;row&#8221; _builder_version=&#8221;3.26.4&#8243; background_color=&#8221;rgba(0,0,0,0)&#8221; custom_margin=&#8221;||||false|false&#8221; custom_padding=&#8221;||1px|||&#8221; collapsed=&#8221;off&#8221;][et_pb_column type=&#8221;3_5&#8243; _builder_version=&#8221;3.25&#8243; custom_padding=&#8221;|||&#8221; custom_padding__hover=&#8221;|||&#8221;][et_pb_text admin_label=&#8221;Text&#8221; _builder_version=&#8221;4.4.3&#8243; background_size=&#8221;initial&#8221; background_position=&#8221;top_left&#8221; background_repeat=&#8221;repeat&#8221; hover_enabled=&#8221;0&#8243;] Tamara Landau, psicanalista, passou a ser escultora [&hellip;]\" \/>\n<meta property=\"og:url\" content=\"https:\/\/tamara-landau.net\/pt-pt\/tamara-landau-escultora\/\" \/>\n<meta property=\"og:site_name\" content=\"Tamara Landau\" \/>\n<meta property=\"article:modified_time\" content=\"2020-06-16T08:09:48+00:00\" \/>\n<meta property=\"og:image\" content=\"https:\/\/tamara-landau.net\/wp-content\/uploads\/2019\/10\/IMG_0797.jpg\" \/>\n\t<meta property=\"og:image:width\" content=\"1000\" \/>\n\t<meta property=\"og:image:height\" content=\"667\" \/>\n\t<meta property=\"og:image:type\" content=\"image\/jpeg\" \/>\n<meta name=\"twitter:card\" content=\"summary_large_image\" \/>\n<meta name=\"twitter:label1\" content=\"Tempo estimado de leitura\" \/>\n\t<meta name=\"twitter:data1\" content=\"7 minutos\" \/>\n<script type=\"application\/ld+json\" class=\"yoast-schema-graph\">{\"@context\":\"https:\/\/schema.org\",\"@graph\":[{\"@type\":\"WebPage\",\"@id\":\"https:\/\/tamara-landau.net\/pt-pt\/tamara-landau-escultora\/\",\"url\":\"https:\/\/tamara-landau.net\/pt-pt\/tamara-landau-escultora\/\",\"name\":\"Tamara Landau, Escultora | Tamara Landau\",\"isPartOf\":{\"@id\":\"https:\/\/tamara-landau.net\/#website\"},\"datePublished\":\"2020-06-16T06:46:41+00:00\",\"dateModified\":\"2020-06-16T08:09:48+00:00\",\"breadcrumb\":{\"@id\":\"https:\/\/tamara-landau.net\/pt-pt\/tamara-landau-escultora\/#breadcrumb\"},\"inLanguage\":\"pt-PT\",\"potentialAction\":[{\"@type\":\"ReadAction\",\"target\":[\"https:\/\/tamara-landau.net\/pt-pt\/tamara-landau-escultora\/\"]}]},{\"@type\":\"BreadcrumbList\",\"@id\":\"https:\/\/tamara-landau.net\/pt-pt\/tamara-landau-escultora\/#breadcrumb\",\"itemListElement\":[{\"@type\":\"ListItem\",\"position\":1,\"name\":\"Accueil\",\"item\":\"https:\/\/tamara-landau.net\/pt-pt\/tamara-landau-psicanalista-e-escultora\/\"},{\"@type\":\"ListItem\",\"position\":2,\"name\":\"Tamara Landau, Escultora\"}]},{\"@type\":\"WebSite\",\"@id\":\"https:\/\/tamara-landau.net\/#website\",\"url\":\"https:\/\/tamara-landau.net\/\",\"name\":\"Tamara Landau\",\"description\":\"psychanalyste et sculptrice\",\"potentialAction\":[{\"@type\":\"SearchAction\",\"target\":{\"@type\":\"EntryPoint\",\"urlTemplate\":\"https:\/\/tamara-landau.net\/?s={search_term_string}\"},\"query-input\":\"required name=search_term_string\"}],\"inLanguage\":\"pt-PT\"}]}<\/script>\n<!-- \/ Yoast SEO plugin. -->","yoast_head_json":{"title":"Tamara Landau, Escultora | Tamara Landau","robots":{"index":"index","follow":"follow","max-snippet":"max-snippet:-1","max-image-preview":"max-image-preview:large","max-video-preview":"max-video-preview:-1"},"canonical":"https:\/\/tamara-landau.net\/pt-pt\/tamara-landau-escultora\/","og_locale":"pt_PT","og_type":"article","og_title":"Tamara Landau, Escultora | Tamara Landau","og_description":"[et_pb_section fb_built=&#8221;1&#8243; fullwidth=&#8221;on&#8221; _builder_version=&#8221;3.26.4&#8243; background_color=&#8221;#fcfaf6&#8243;][et_pb_fullwidth_header title=&#8221;Tamara Landau&#8221; subhead=&#8221;Escultora&#8221; _builder_version=&#8221;3.26.4&#8243; title_font=&#8221;||||||||&#8221; title_text_color=&#8221;#00cccc&#8221; title_font_size=&#8221;25px&#8221; subhead_font=&#8221;||||||||&#8221; subhead_text_color=&#8221;#0068d8&#8243; subhead_font_size=&#8221;24px&#8221; background_color=&#8221;#fbfaf5&#8243; background_layout=&#8221;light&#8221; custom_padding=&#8221;25px||6px|||&#8221; border_color_all=&#8221;#ffffff&#8221; border_color_bottom=&#8221;#00cccc&#8221; border_style_bottom=&#8221;dotted&#8221;][\/et_pb_fullwidth_header][\/et_pb_section][et_pb_section fb_built=&#8221;1&#8243; admin_label=&#8221;section&#8221; _builder_version=&#8221;3.26.4&#8243; background_color=&#8221;#fcfcfc&#8221; use_background_color_gradient=&#8221;on&#8221; background_color_gradient_start=&#8221;#ffffff&#8221; background_color_gradient_end=&#8221;#efefef&#8221; background_color_gradient_start_position=&#8221;70%&#8221; max_width=&#8221;100%&#8221; custom_padding=&#8221;||35px|||&#8221;][et_pb_row column_structure=&#8221;3_5,2_5&#8243; admin_label=&#8221;row&#8221; _builder_version=&#8221;3.26.4&#8243; background_color=&#8221;rgba(0,0,0,0)&#8221; custom_margin=&#8221;||||false|false&#8221; custom_padding=&#8221;||1px|||&#8221; collapsed=&#8221;off&#8221;][et_pb_column type=&#8221;3_5&#8243; _builder_version=&#8221;3.25&#8243; custom_padding=&#8221;|||&#8221; custom_padding__hover=&#8221;|||&#8221;][et_pb_text admin_label=&#8221;Text&#8221; _builder_version=&#8221;4.4.3&#8243; background_size=&#8221;initial&#8221; background_position=&#8221;top_left&#8221; background_repeat=&#8221;repeat&#8221; hover_enabled=&#8221;0&#8243;] Tamara Landau, psicanalista, passou a ser escultora [&hellip;]","og_url":"https:\/\/tamara-landau.net\/pt-pt\/tamara-landau-escultora\/","og_site_name":"Tamara Landau","article_modified_time":"2020-06-16T08:09:48+00:00","og_image":[{"width":1000,"height":667,"url":"https:\/\/tamara-landau.net\/wp-content\/uploads\/2019\/10\/IMG_0797.jpg","type":"image\/jpeg"}],"twitter_card":"summary_large_image","twitter_misc":{"Tempo estimado de leitura":"7 minutos"},"schema":{"@context":"https:\/\/schema.org","@graph":[{"@type":"WebPage","@id":"https:\/\/tamara-landau.net\/pt-pt\/tamara-landau-escultora\/","url":"https:\/\/tamara-landau.net\/pt-pt\/tamara-landau-escultora\/","name":"Tamara Landau, Escultora | Tamara Landau","isPartOf":{"@id":"https:\/\/tamara-landau.net\/#website"},"datePublished":"2020-06-16T06:46:41+00:00","dateModified":"2020-06-16T08:09:48+00:00","breadcrumb":{"@id":"https:\/\/tamara-landau.net\/pt-pt\/tamara-landau-escultora\/#breadcrumb"},"inLanguage":"pt-PT","potentialAction":[{"@type":"ReadAction","target":["https:\/\/tamara-landau.net\/pt-pt\/tamara-landau-escultora\/"]}]},{"@type":"BreadcrumbList","@id":"https:\/\/tamara-landau.net\/pt-pt\/tamara-landau-escultora\/#breadcrumb","itemListElement":[{"@type":"ListItem","position":1,"name":"Accueil","item":"https:\/\/tamara-landau.net\/pt-pt\/tamara-landau-psicanalista-e-escultora\/"},{"@type":"ListItem","position":2,"name":"Tamara Landau, Escultora"}]},{"@type":"WebSite","@id":"https:\/\/tamara-landau.net\/#website","url":"https:\/\/tamara-landau.net\/","name":"Tamara Landau","description":"psychanalyste et sculptrice","potentialAction":[{"@type":"SearchAction","target":{"@type":"EntryPoint","urlTemplate":"https:\/\/tamara-landau.net\/?s={search_term_string}"},"query-input":"required name=search_term_string"}],"inLanguage":"pt-PT"}]}},"_links":{"self":[{"href":"https:\/\/tamara-landau.net\/pt-pt\/wp-json\/wp\/v2\/pages\/3482"}],"collection":[{"href":"https:\/\/tamara-landau.net\/pt-pt\/wp-json\/wp\/v2\/pages"}],"about":[{"href":"https:\/\/tamara-landau.net\/pt-pt\/wp-json\/wp\/v2\/types\/page"}],"author":[{"embeddable":true,"href":"https:\/\/tamara-landau.net\/pt-pt\/wp-json\/wp\/v2\/users\/1"}],"replies":[{"embeddable":true,"href":"https:\/\/tamara-landau.net\/pt-pt\/wp-json\/wp\/v2\/comments?post=3482"}],"version-history":[{"count":2,"href":"https:\/\/tamara-landau.net\/pt-pt\/wp-json\/wp\/v2\/pages\/3482\/revisions"}],"predecessor-version":[{"id":3537,"href":"https:\/\/tamara-landau.net\/pt-pt\/wp-json\/wp\/v2\/pages\/3482\/revisions\/3537"}],"wp:featuredmedia":[{"embeddable":true,"href":"https:\/\/tamara-landau.net\/pt-pt\/wp-json\/wp\/v2\/media\/3483"}],"wp:attachment":[{"href":"https:\/\/tamara-landau.net\/pt-pt\/wp-json\/wp\/v2\/media?parent=3482"}],"curies":[{"name":"wp","href":"https:\/\/api.w.org\/{rel}","templated":true}]}}