{"id":3470,"date":"2020-06-16T06:25:55","date_gmt":"2020-06-16T06:25:55","guid":{"rendered":"https:\/\/tamara-landau.net\/as-funambulas-do-esquecimento-origens-da-anorexia-e-da-bulimia\/as-funambulas-do-esquecimento-preambulo\/"},"modified":"2020-06-16T08:17:28","modified_gmt":"2020-06-16T08:17:28","slug":"as-funambulas-do-esquecimento-preambulo","status":"publish","type":"page","link":"https:\/\/tamara-landau.net\/pt-pt\/as-funambulas-do-esquecimento-origens-da-anorexia-e-da-bulimia\/as-funambulas-do-esquecimento-preambulo\/","title":{"rendered":"As fun\u00e2mbulas do esquecimento. Pre\u00e2mbulo"},"content":{"rendered":"<p>[et_pb_section fb_built=&#8221;1&#8243; fullwidth=&#8221;on&#8221; _builder_version=&#8221;3.26.4&#8243; background_color=&#8221;#fcfaf6&#8243;][et_pb_fullwidth_header title=&#8221;Tamara Landau&#8221; subhead=&#8221;As Fun\u0101mbulas do Esquecimento &#8211; Origens da anorexia e da bulimia&#8221; _builder_version=&#8221;3.26.4&#8243; title_font=&#8221;||||||||&#8221; title_text_color=&#8221;#00cccc&#8221; title_font_size=&#8221;25px&#8221; subhead_font=&#8221;||||||||&#8221; subhead_text_color=&#8221;#0068d8&#8243; subhead_font_size=&#8221;24px&#8221; background_color=&#8221;#fbfaf5&#8243; background_layout=&#8221;light&#8221; custom_padding=&#8221;25px||6px|||&#8221; border_color_all=&#8221;#ffffff&#8221; border_color_bottom=&#8221;#00cccc&#8221; border_style_bottom=&#8221;dotted&#8221; saved_tabs=&#8221;all&#8221;][\/et_pb_fullwidth_header][\/et_pb_section][et_pb_section fb_built=&#8221;1&#8243; fullwidth=&#8221;on&#8221; _builder_version=&#8221;3.26.4&#8243;][et_pb_fullwidth_menu menu_id=&#8221;34&#8243; active_link_color=&#8221;#0068d8&#8243; _builder_version=&#8221;3.26.4&#8243; menu_font=&#8221;|600||on|||||&#8221;][\/et_pb_fullwidth_menu][\/et_pb_section][et_pb_section fb_built=&#8221;1&#8243; _builder_version=&#8221;3.26.4&#8243;][et_pb_row column_structure=&#8221;1_3,2_3&#8243; _builder_version=&#8221;3.26.4&#8243;][et_pb_column type=&#8221;1_3&#8243; _builder_version=&#8221;3.26.4&#8243;][et_pb_image src=&#8221;https:\/\/tamara-landau.net\/wp-content\/uploads\/2019\/09\/funambules-oubli-tamara-landau.jpg&#8221; _builder_version=&#8221;3.26.4&#8243; locked=&#8221;off&#8221;][\/et_pb_image][\/et_pb_column][et_pb_column type=&#8221;2_3&#8243; _builder_version=&#8221;3.26.4&#8243;][et_pb_text _builder_version=&#8221;3.27.4&#8243;]<\/p>\n<h1>Pre\u00e2mbulo<\/h1>\n<p>Nasci sem corpo\u201d&#8230; \u201cEsqueci de mim desde o nascimento\u201d&#8230; \u201cSou um nada que perambula do outro lado do espelho\u201d&#8230; \u201cMe sinto gravada no nada\u201d&#8230;<\/p>\n<p>As falas de mulheres anor\u00e9xicas e bul\u00edmicas t\u00eam me acompanhado, h\u00e1 anos, como a trilha sonora de um filme.<\/p>\n<p>Can\u00e7\u00f5es de ninar tristes que se parecem, seus cantos repletos de dor e nostalgia tecem o fio de minha escuta, ritmam os sil\u00eancios e sacodem meu pensamento.<\/p>\n<p>Elas me ocupam, contra a minha vontade, tir\u00e2nicas por terror de serem novamente descuidadas.<\/p>\n<p>Tais como vultos vagueando ao longe em desertos desconhecidos de todos, elas gritam em um vazio estridente.<\/p>\n<p>\u00c9brias de sede e desola\u00e7\u00e3o, no limiar da agonia, j\u00e1 se sentem mortas.<\/p>\n<p>Estas foram as primeiras palavras de Soledad, sopradas no tempo de um respiro: \u201cMeus pais me esqueceram em algum lugar&#8230; Me sinto vagar pelos ares como um p\u00e1ssaro&#8230; Todo p\u00e1ssaro tem um ninho de onde ele v\u00eam, onde refugiar-se, eu n\u00e3o tive ninho, n\u00e3o tive pais e estou esperando&#8230; Estou esperando que me amem&#8230; que me mostrem o caminho&#8230; Estou esperando viver, ter um desejo, ser capaz de amar, ter um corpo meu mesmo&#8230; Me sinto travada por dentro, em um vazio cheio de l\u00e1grimas, e fico esperando&#8230;\u201d<\/p>\n<p>Suas vozes surgem do fundo do tempo, estila\u00e7\u00e3o de l\u00e1grimas de estrelas seguida por um fragor em rajadas e, depois, por um sil\u00eancio cego. Caladas, elas desaparecem atr\u00e1s da gal\u00e1xia de onde, desesperadas, nos espreitam. Estrelas fantasmas, h\u00e1 milh\u00f5es de anos no vazio sideral, est\u00e3o esperando&#8230; Stella diz: \u201cTomei o estrada real, n\u00e3o guardar nada de mim, do eu de antes, do eu que mam\u00e3e tinha escolhido para mim. Se assim posso definir este esquecimento total&#8230; Fico impressionada com a desenvoltura beirando a arrog\u00e2ncia com a qual me abandono ao despojamento, e depois ao nada, nada\u201d<\/p>\n<p>Carrego em mim a viv\u00eancia pungente destas pacientes, sombras desnorteadas em busca de seu corpo perdido. \u00d3rf\u00e3s, elas ficam vagueando incansavelmente no rastro da aus\u00eancia.<\/p>\n<p>Ao longo do tempo, n\u00e3o quis mais ser a \u00fanica deposit\u00e1ria de sua memoria, a \u00fanica testemunha de sua exist\u00eancia, a guardi\u00e3 invis\u00edvel de sua imagem. Era preciso que eu encontrasse uma resposta para estas perguntas: Como perderam seu corpo? Por quais raz\u00f5es se destroem com comida demais ou de menos em um incessante flerte com a morte? Por que, estrelas cadentes, gritam por socorro e se desvanecem-no nada, querendo fazer de n\u00f3s c\u00famplices impotentes?<\/p>\n<p>E sobretudo, como ajud\u00e1-las a reencontrar seu corpo precipitado no fundo do po\u00e7o do tempo, na profundeza do esquecimento?<\/p>\n<h1><span class=\"lettrineRouge\">\u00a0<\/span><\/h1>\n<p>&nbsp;<\/p>\n<p><span class=\"lettrineRouge\">&#8220;J<\/span>e suis n\u00e9e sans corps&#8221;\u2026 &#8220;Je me suis oubli\u00e9e depuis la naissance&#8221;\u2026 &#8220;Je suis un n\u00e9ant qui d\u00e9ambule de l\u2019autre c\u00f4t\u00e9 du miroir&#8221;\u2026&#8221;Je me sens grav\u00e9e dans le rien&#8221;..<br \/>\n<strong>Les paroles de femmes anorexiques et boulimiques m\u2019accompagnent, depuis des ann\u00e9es,<\/strong> comme une musique de film.<br \/>\nBerceuses tristes qui se ressemblent, leurs chants empreints de douleur et de nostalgie tissent le fil de mon \u00e9coute, rythment les silences et bousculent ma pens\u00e9e.<br \/>\nElles m\u2019occupent, contre mon gr\u00e9, tyranniques par terreur d\u2019\u00eatre d\u00e9laiss\u00e9es encore.<br \/>\nTelles des silhouettes r\u00f4dant au loin dans des d\u00e9serts inconnus de tous, elles crient dans un vide strident.<br \/>\nIvres de soif et de d\u00e9tresse, au seuil de l\u2019agonie, elles se sentent d\u00e9j\u00e0 mortes.<br \/>\nVoici les premi\u00e8res paroles de Soledad, souffl\u00e9es le temps d\u2019un respire : \u00ab Mes parents m\u2019ont oubli\u00e9e quelque part\u2026 Je me sens errer dans les airs comme un oiseau\u2026 Tout oiseau a un nid d\u2019o\u00f9 il vient, o\u00f9 se r\u00e9fugier ; moi je n\u2019ai pas eu de nid, je n\u2019ai pas eu de parents et j\u2019attends\u2026 J\u2019attends qu\u2019on m\u2019aime\u2026 qu\u2019on m\u2019indique la route\u2026 J\u2019attends de vivre, d\u2019avoir un d\u00e9sir, d\u2019\u00eatre capable d\u2019aimer, d\u2019avoir un corps bien \u00e0 moi\u2026 Je me sens coinc\u00e9e \u00e0 l\u2019int\u00e9rieur, dans un vide plein de larmes, et j\u2019attends\u2026 \u00bb<br \/>\nLeurs voix surgissent du fond du temps, stillation de larmes d\u2019\u00e9toiles suivie d\u2019un vrombissement en rafales puis d\u2019un silence aveugle. Muettes, elles disparaissent derri\u00e8re la galaxie d\u2019o\u00f9 elles nous guettent, d\u00e9sesp\u00e9r\u00e9es. \u00c9toiles fant\u00f4mes, depuis des millions d\u2019ann\u00e9es dans le vide sid\u00e9ral, elles attendent\u2026 Stella dit : \u00ab J\u2019ai pris la voie royale, ne rien conserver de moi, du moi d\u2019avant, du moi que maman avait choisi pour moi. Si je puis d\u00e9finir ainsi cet oubli total\u2026 Je me sens impressionn\u00e9e par la d\u00e9sinvolture qui frise l\u2019insolence avec laquelle je m\u2019abandonne au d\u00e9pouillement, puis au n\u00e9ant, au rien. \u00bb<br \/>\nJe porte en moi le v\u00e9cu poignant de ces patientes, ombres \u00e9gar\u00e9es \u00e0 la recherche de leur corps perdu. Orphelines, elles errent inlassablement dans le sillon de l\u2019absence.<br \/>\nAu fil du temps, je n\u2019ai plus voulu \u00eatre l\u2019unique d\u00e9positaire de leur m\u00e9moire, le seul t\u00e9moin de leur existence, la gardienne invisible de leur image. Il me fallait trouver une r\u00e9ponse \u00e0 ces questions : <strong>Comment ont-elles perdu leur corps ?<\/strong> Pour quelles raisons se d\u00e9truisent-elles avec trop ou pas assez de nourriture dans un flirt incessant avec la mort ? Pourquoi, \u00e9toiles filantes, crient-elles au secours tout en s\u2019\u00e9vanouissant dans le n\u00e9ant, voulant faire de nous des complices impuissants ?<br \/>\nEt surtout, <strong>comment les aider \u00e0 retrouver leur corps pr\u00e9cipit\u00e9 au fond du puits du temps, dans la profondeur de l\u2019oubli?<\/strong>[\/et_pb_text][\/et_pb_column][\/et_pb_row][\/et_pb_section]<\/p>\n","protected":false},"excerpt":{"rendered":"<p>[et_pb_section fb_built=&#8221;1&#8243; fullwidth=&#8221;on&#8221; _builder_version=&#8221;3.26.4&#8243; background_color=&#8221;#fcfaf6&#8243;][et_pb_fullwidth_header title=&#8221;Tamara Landau&#8221; subhead=&#8221;As Fun\u0101mbulas do Esquecimento &#8211; Origens da anorexia e da bulimia&#8221; _builder_version=&#8221;3.26.4&#8243; title_font=&#8221;||||||||&#8221; title_text_color=&#8221;#00cccc&#8221; title_font_size=&#8221;25px&#8221; subhead_font=&#8221;||||||||&#8221; subhead_text_color=&#8221;#0068d8&#8243; subhead_font_size=&#8221;24px&#8221; background_color=&#8221;#fbfaf5&#8243; background_layout=&#8221;light&#8221; custom_padding=&#8221;25px||6px|||&#8221; border_color_all=&#8221;#ffffff&#8221; border_color_bottom=&#8221;#00cccc&#8221; border_style_bottom=&#8221;dotted&#8221; saved_tabs=&#8221;all&#8221;][\/et_pb_fullwidth_header][\/et_pb_section][et_pb_section fb_built=&#8221;1&#8243; fullwidth=&#8221;on&#8221; _builder_version=&#8221;3.26.4&#8243;][et_pb_fullwidth_menu menu_id=&#8221;34&#8243; active_link_color=&#8221;#0068d8&#8243; _builder_version=&#8221;3.26.4&#8243; menu_font=&#8221;|600||on|||||&#8221;][\/et_pb_fullwidth_menu][\/et_pb_section][et_pb_section fb_built=&#8221;1&#8243; _builder_version=&#8221;3.26.4&#8243;][et_pb_row column_structure=&#8221;1_3,2_3&#8243; _builder_version=&#8221;3.26.4&#8243;][et_pb_column type=&#8221;1_3&#8243; _builder_version=&#8221;3.26.4&#8243;][et_pb_image src=&#8221;https:\/\/tamara-landau.net\/wp-content\/uploads\/2019\/09\/funambules-oubli-tamara-landau.jpg&#8221; _builder_version=&#8221;3.26.4&#8243; locked=&#8221;off&#8221;][\/et_pb_image][\/et_pb_column][et_pb_column type=&#8221;2_3&#8243; _builder_version=&#8221;3.26.4&#8243;][et_pb_text _builder_version=&#8221;3.27.4&#8243;] Pre\u00e2mbulo Nasci sem corpo\u201d&#8230; [&hellip;]<\/p>\n","protected":false},"author":1,"featured_media":0,"parent":3466,"menu_order":0,"comment_status":"closed","ping_status":"closed","template":"","meta":{"_et_pb_use_builder":"on","_et_pb_old_content":"","_et_gb_content_width":""},"yoast_head":"<!-- This site is optimized with the Yoast SEO plugin v20.3 - https:\/\/yoast.com\/wordpress\/plugins\/seo\/ -->\n<title>As fun\u00e2mbulas do esquecimento. Pre\u00e2mbulo | Tamara Landau<\/title>\n<meta name=\"robots\" content=\"index, follow, max-snippet:-1, max-image-preview:large, max-video-preview:-1\" \/>\n<link rel=\"canonical\" href=\"https:\/\/tamara-landau.net\/pt-pt\/as-funambulas-do-esquecimento-origens-da-anorexia-e-da-bulimia\/as-funambulas-do-esquecimento-preambulo\/\" \/>\n<meta property=\"og:locale\" content=\"pt_PT\" \/>\n<meta property=\"og:type\" content=\"article\" \/>\n<meta property=\"og:title\" content=\"As fun\u00e2mbulas do esquecimento. Pre\u00e2mbulo | Tamara Landau\" \/>\n<meta property=\"og:description\" content=\"[et_pb_section fb_built=&#8221;1&#8243; fullwidth=&#8221;on&#8221; _builder_version=&#8221;3.26.4&#8243; background_color=&#8221;#fcfaf6&#8243;][et_pb_fullwidth_header title=&#8221;Tamara Landau&#8221; subhead=&#8221;As Fun\u0101mbulas do Esquecimento &#8211; Origens da anorexia e da bulimia&#8221; _builder_version=&#8221;3.26.4&#8243; title_font=&#8221;||||||||&#8221; title_text_color=&#8221;#00cccc&#8221; title_font_size=&#8221;25px&#8221; subhead_font=&#8221;||||||||&#8221; subhead_text_color=&#8221;#0068d8&#8243; subhead_font_size=&#8221;24px&#8221; background_color=&#8221;#fbfaf5&#8243; background_layout=&#8221;light&#8221; custom_padding=&#8221;25px||6px|||&#8221; border_color_all=&#8221;#ffffff&#8221; border_color_bottom=&#8221;#00cccc&#8221; border_style_bottom=&#8221;dotted&#8221; saved_tabs=&#8221;all&#8221;][\/et_pb_fullwidth_header][\/et_pb_section][et_pb_section fb_built=&#8221;1&#8243; fullwidth=&#8221;on&#8221; _builder_version=&#8221;3.26.4&#8243;][et_pb_fullwidth_menu menu_id=&#8221;34&#8243; active_link_color=&#8221;#0068d8&#8243; _builder_version=&#8221;3.26.4&#8243; menu_font=&#8221;|600||on|||||&#8221;][\/et_pb_fullwidth_menu][\/et_pb_section][et_pb_section fb_built=&#8221;1&#8243; _builder_version=&#8221;3.26.4&#8243;][et_pb_row column_structure=&#8221;1_3,2_3&#8243; _builder_version=&#8221;3.26.4&#8243;][et_pb_column type=&#8221;1_3&#8243; _builder_version=&#8221;3.26.4&#8243;][et_pb_image src=&#8221;https:\/\/tamara-landau.net\/wp-content\/uploads\/2019\/09\/funambules-oubli-tamara-landau.jpg&#8221; _builder_version=&#8221;3.26.4&#8243; locked=&#8221;off&#8221;][\/et_pb_image][\/et_pb_column][et_pb_column type=&#8221;2_3&#8243; _builder_version=&#8221;3.26.4&#8243;][et_pb_text _builder_version=&#8221;3.27.4&#8243;] Pre\u00e2mbulo Nasci sem corpo\u201d&#8230; [&hellip;]\" \/>\n<meta property=\"og:url\" content=\"https:\/\/tamara-landau.net\/pt-pt\/as-funambulas-do-esquecimento-origens-da-anorexia-e-da-bulimia\/as-funambulas-do-esquecimento-preambulo\/\" \/>\n<meta property=\"og:site_name\" content=\"Tamara Landau\" \/>\n<meta property=\"article:modified_time\" content=\"2020-06-16T08:17:28+00:00\" \/>\n<meta name=\"twitter:card\" content=\"summary_large_image\" \/>\n<meta name=\"twitter:label1\" content=\"Tempo estimado de leitura\" \/>\n\t<meta name=\"twitter:data1\" content=\"6 minutos\" \/>\n<script type=\"application\/ld+json\" class=\"yoast-schema-graph\">{\"@context\":\"https:\/\/schema.org\",\"@graph\":[{\"@type\":\"WebPage\",\"@id\":\"https:\/\/tamara-landau.net\/pt-pt\/as-funambulas-do-esquecimento-origens-da-anorexia-e-da-bulimia\/as-funambulas-do-esquecimento-preambulo\/\",\"url\":\"https:\/\/tamara-landau.net\/pt-pt\/as-funambulas-do-esquecimento-origens-da-anorexia-e-da-bulimia\/as-funambulas-do-esquecimento-preambulo\/\",\"name\":\"As fun\u00e2mbulas do esquecimento. Pre\u00e2mbulo | Tamara Landau\",\"isPartOf\":{\"@id\":\"https:\/\/tamara-landau.net\/#website\"},\"datePublished\":\"2020-06-16T06:25:55+00:00\",\"dateModified\":\"2020-06-16T08:17:28+00:00\",\"breadcrumb\":{\"@id\":\"https:\/\/tamara-landau.net\/pt-pt\/as-funambulas-do-esquecimento-origens-da-anorexia-e-da-bulimia\/as-funambulas-do-esquecimento-preambulo\/#breadcrumb\"},\"inLanguage\":\"pt-PT\",\"potentialAction\":[{\"@type\":\"ReadAction\",\"target\":[\"https:\/\/tamara-landau.net\/pt-pt\/as-funambulas-do-esquecimento-origens-da-anorexia-e-da-bulimia\/as-funambulas-do-esquecimento-preambulo\/\"]}]},{\"@type\":\"BreadcrumbList\",\"@id\":\"https:\/\/tamara-landau.net\/pt-pt\/as-funambulas-do-esquecimento-origens-da-anorexia-e-da-bulimia\/as-funambulas-do-esquecimento-preambulo\/#breadcrumb\",\"itemListElement\":[{\"@type\":\"ListItem\",\"position\":1,\"name\":\"Accueil\",\"item\":\"https:\/\/tamara-landau.net\/pt-pt\/tamara-landau-psicanalista-e-escultora\/\"},{\"@type\":\"ListItem\",\"position\":2,\"name\":\"As Fun\u0101mbulas do Esquecimento &#8211; Origens da anorexia e da bulimia\",\"item\":\"https:\/\/tamara-landau.net\/pt-pt\/as-funambulas-do-esquecimento-origens-da-anorexia-e-da-bulimia\/\"},{\"@type\":\"ListItem\",\"position\":3,\"name\":\"As fun\u00e2mbulas do esquecimento. Pre\u00e2mbulo\"}]},{\"@type\":\"WebSite\",\"@id\":\"https:\/\/tamara-landau.net\/#website\",\"url\":\"https:\/\/tamara-landau.net\/\",\"name\":\"Tamara Landau\",\"description\":\"psychanalyste et sculptrice\",\"potentialAction\":[{\"@type\":\"SearchAction\",\"target\":{\"@type\":\"EntryPoint\",\"urlTemplate\":\"https:\/\/tamara-landau.net\/?s={search_term_string}\"},\"query-input\":\"required name=search_term_string\"}],\"inLanguage\":\"pt-PT\"}]}<\/script>\n<!-- \/ Yoast SEO plugin. -->","yoast_head_json":{"title":"As fun\u00e2mbulas do esquecimento. Pre\u00e2mbulo | Tamara Landau","robots":{"index":"index","follow":"follow","max-snippet":"max-snippet:-1","max-image-preview":"max-image-preview:large","max-video-preview":"max-video-preview:-1"},"canonical":"https:\/\/tamara-landau.net\/pt-pt\/as-funambulas-do-esquecimento-origens-da-anorexia-e-da-bulimia\/as-funambulas-do-esquecimento-preambulo\/","og_locale":"pt_PT","og_type":"article","og_title":"As fun\u00e2mbulas do esquecimento. Pre\u00e2mbulo | Tamara Landau","og_description":"[et_pb_section fb_built=&#8221;1&#8243; fullwidth=&#8221;on&#8221; _builder_version=&#8221;3.26.4&#8243; background_color=&#8221;#fcfaf6&#8243;][et_pb_fullwidth_header title=&#8221;Tamara Landau&#8221; subhead=&#8221;As Fun\u0101mbulas do Esquecimento &#8211; Origens da anorexia e da bulimia&#8221; _builder_version=&#8221;3.26.4&#8243; title_font=&#8221;||||||||&#8221; title_text_color=&#8221;#00cccc&#8221; title_font_size=&#8221;25px&#8221; subhead_font=&#8221;||||||||&#8221; subhead_text_color=&#8221;#0068d8&#8243; subhead_font_size=&#8221;24px&#8221; background_color=&#8221;#fbfaf5&#8243; background_layout=&#8221;light&#8221; custom_padding=&#8221;25px||6px|||&#8221; border_color_all=&#8221;#ffffff&#8221; border_color_bottom=&#8221;#00cccc&#8221; border_style_bottom=&#8221;dotted&#8221; saved_tabs=&#8221;all&#8221;][\/et_pb_fullwidth_header][\/et_pb_section][et_pb_section fb_built=&#8221;1&#8243; fullwidth=&#8221;on&#8221; _builder_version=&#8221;3.26.4&#8243;][et_pb_fullwidth_menu menu_id=&#8221;34&#8243; active_link_color=&#8221;#0068d8&#8243; _builder_version=&#8221;3.26.4&#8243; menu_font=&#8221;|600||on|||||&#8221;][\/et_pb_fullwidth_menu][\/et_pb_section][et_pb_section fb_built=&#8221;1&#8243; _builder_version=&#8221;3.26.4&#8243;][et_pb_row column_structure=&#8221;1_3,2_3&#8243; _builder_version=&#8221;3.26.4&#8243;][et_pb_column type=&#8221;1_3&#8243; _builder_version=&#8221;3.26.4&#8243;][et_pb_image src=&#8221;https:\/\/tamara-landau.net\/wp-content\/uploads\/2019\/09\/funambules-oubli-tamara-landau.jpg&#8221; _builder_version=&#8221;3.26.4&#8243; locked=&#8221;off&#8221;][\/et_pb_image][\/et_pb_column][et_pb_column type=&#8221;2_3&#8243; _builder_version=&#8221;3.26.4&#8243;][et_pb_text _builder_version=&#8221;3.27.4&#8243;] Pre\u00e2mbulo Nasci sem corpo\u201d&#8230; [&hellip;]","og_url":"https:\/\/tamara-landau.net\/pt-pt\/as-funambulas-do-esquecimento-origens-da-anorexia-e-da-bulimia\/as-funambulas-do-esquecimento-preambulo\/","og_site_name":"Tamara Landau","article_modified_time":"2020-06-16T08:17:28+00:00","twitter_card":"summary_large_image","twitter_misc":{"Tempo estimado de leitura":"6 minutos"},"schema":{"@context":"https:\/\/schema.org","@graph":[{"@type":"WebPage","@id":"https:\/\/tamara-landau.net\/pt-pt\/as-funambulas-do-esquecimento-origens-da-anorexia-e-da-bulimia\/as-funambulas-do-esquecimento-preambulo\/","url":"https:\/\/tamara-landau.net\/pt-pt\/as-funambulas-do-esquecimento-origens-da-anorexia-e-da-bulimia\/as-funambulas-do-esquecimento-preambulo\/","name":"As fun\u00e2mbulas do esquecimento. Pre\u00e2mbulo | Tamara Landau","isPartOf":{"@id":"https:\/\/tamara-landau.net\/#website"},"datePublished":"2020-06-16T06:25:55+00:00","dateModified":"2020-06-16T08:17:28+00:00","breadcrumb":{"@id":"https:\/\/tamara-landau.net\/pt-pt\/as-funambulas-do-esquecimento-origens-da-anorexia-e-da-bulimia\/as-funambulas-do-esquecimento-preambulo\/#breadcrumb"},"inLanguage":"pt-PT","potentialAction":[{"@type":"ReadAction","target":["https:\/\/tamara-landau.net\/pt-pt\/as-funambulas-do-esquecimento-origens-da-anorexia-e-da-bulimia\/as-funambulas-do-esquecimento-preambulo\/"]}]},{"@type":"BreadcrumbList","@id":"https:\/\/tamara-landau.net\/pt-pt\/as-funambulas-do-esquecimento-origens-da-anorexia-e-da-bulimia\/as-funambulas-do-esquecimento-preambulo\/#breadcrumb","itemListElement":[{"@type":"ListItem","position":1,"name":"Accueil","item":"https:\/\/tamara-landau.net\/pt-pt\/tamara-landau-psicanalista-e-escultora\/"},{"@type":"ListItem","position":2,"name":"As Fun\u0101mbulas do Esquecimento &#8211; Origens da anorexia e da bulimia","item":"https:\/\/tamara-landau.net\/pt-pt\/as-funambulas-do-esquecimento-origens-da-anorexia-e-da-bulimia\/"},{"@type":"ListItem","position":3,"name":"As fun\u00e2mbulas do esquecimento. Pre\u00e2mbulo"}]},{"@type":"WebSite","@id":"https:\/\/tamara-landau.net\/#website","url":"https:\/\/tamara-landau.net\/","name":"Tamara Landau","description":"psychanalyste et sculptrice","potentialAction":[{"@type":"SearchAction","target":{"@type":"EntryPoint","urlTemplate":"https:\/\/tamara-landau.net\/?s={search_term_string}"},"query-input":"required name=search_term_string"}],"inLanguage":"pt-PT"}]}},"_links":{"self":[{"href":"https:\/\/tamara-landau.net\/pt-pt\/wp-json\/wp\/v2\/pages\/3470"}],"collection":[{"href":"https:\/\/tamara-landau.net\/pt-pt\/wp-json\/wp\/v2\/pages"}],"about":[{"href":"https:\/\/tamara-landau.net\/pt-pt\/wp-json\/wp\/v2\/types\/page"}],"author":[{"embeddable":true,"href":"https:\/\/tamara-landau.net\/pt-pt\/wp-json\/wp\/v2\/users\/1"}],"replies":[{"embeddable":true,"href":"https:\/\/tamara-landau.net\/pt-pt\/wp-json\/wp\/v2\/comments?post=3470"}],"version-history":[{"count":4,"href":"https:\/\/tamara-landau.net\/pt-pt\/wp-json\/wp\/v2\/pages\/3470\/revisions"}],"predecessor-version":[{"id":3547,"href":"https:\/\/tamara-landau.net\/pt-pt\/wp-json\/wp\/v2\/pages\/3470\/revisions\/3547"}],"up":[{"embeddable":true,"href":"https:\/\/tamara-landau.net\/pt-pt\/wp-json\/wp\/v2\/pages\/3466"}],"wp:attachment":[{"href":"https:\/\/tamara-landau.net\/pt-pt\/wp-json\/wp\/v2\/media?parent=3470"}],"curies":[{"name":"wp","href":"https:\/\/api.w.org\/{rel}","templated":true}]}}