{"id":3462,"date":"2020-06-16T06:09:29","date_gmt":"2020-06-16T06:09:29","guid":{"rendered":"https:\/\/tamara-landau.net\/o-impossivel-nascimento-ou-a-crianca-enclavada-fobias-e-neuroses-de-angustia\/o-impossivel-nascimento-preambulo\/"},"modified":"2020-06-16T06:09:29","modified_gmt":"2020-06-16T06:09:29","slug":"o-impossivel-nascimento-preambulo","status":"publish","type":"page","link":"https:\/\/tamara-landau.net\/pt-pt\/o-impossivel-nascimento-ou-a-crianca-enclavada-fobias-e-neuroses-de-angustia\/o-impossivel-nascimento-preambulo\/","title":{"rendered":"O Imposs\u00edvel Nascimento, Pre\u00e2mbulo"},"content":{"rendered":"<p>[et_pb_section fb_built=&#8221;1&#8243; fullwidth=&#8221;on&#8221; _builder_version=&#8221;3.26.4&#8243; background_color=&#8221;#fcfaf6&#8243;][et_pb_fullwidth_header title=&#8221;Tamara Landau&#8221; subhead=&#8221;O Imposs\u00edvel Nascimento ou a Crian\u00e7a Enclavada fobias e neuroses de ang\u00fastia&#8221; _builder_version=&#8221;3.26.4&#8243; title_font=&#8221;||||||||&#8221; title_text_color=&#8221;#00cccc&#8221; title_font_size=&#8221;25px&#8221; subhead_font=&#8221;||||||||&#8221; subhead_text_color=&#8221;#0068d8&#8243; subhead_font_size=&#8221;22px&#8221; background_color=&#8221;#fbfaf5&#8243; background_layout=&#8221;light&#8221; custom_padding=&#8221;25px||6px|||&#8221; border_color_all=&#8221;#ffffff&#8221; border_color_bottom=&#8221;#00cccc&#8221; border_style_bottom=&#8221;dotted&#8221; global_module=&#8221;1041&#8243; saved_tabs=&#8221;all&#8221;][\/et_pb_fullwidth_header][\/et_pb_section][et_pb_section fb_built=&#8221;1&#8243; fullwidth=&#8221;on&#8221; _builder_version=&#8221;3.26.4&#8243; locked=&#8221;off&#8221;][et_pb_fullwidth_menu menu_id=&#8221;35&#8243; _builder_version=&#8221;3.26.4&#8243; menu_font=&#8221;|600||on|||||&#8221; global_module=&#8221;1500&#8243; saved_tabs=&#8221;all&#8221;][\/et_pb_fullwidth_menu][\/et_pb_section][et_pb_section fb_built=&#8221;1&#8243; _builder_version=&#8221;3.26.4&#8243;][et_pb_row column_structure=&#8221;1_3,2_3&#8243; _builder_version=&#8221;3.26.4&#8243;][et_pb_column type=&#8221;1_3&#8243; _builder_version=&#8221;3.26.4&#8243;][et_pb_image src=&#8221;https:\/\/tamara-landau.net\/wp-content\/uploads\/2019\/09\/impossible-naissance-tamara-landau.jpg&#8221; _builder_version=&#8221;3.26.4&#8243; locked=&#8221;off&#8221;][\/et_pb_image][\/et_pb_column][et_pb_column type=&#8221;2_3&#8243; _builder_version=&#8221;3.26.4&#8243;][et_pb_text _builder_version=&#8221;3.27.4&#8243;]<\/p>\n<h1><strong>Pre\u00e2mbulo<\/strong><\/h1>\n<h2><strong>\u00a0<\/strong><\/h2>\n<p>[\/et_pb_text][et_pb_text _builder_version=&#8221;3.27.4&#8243;]<span class=\"lettrineRouge\">N<\/span>asci ap\u00e1trida na It\u00e1lia, de pais de origem h\u00fangara de Transilv\u00e2nia sobreviventes da Shoah.<br \/>\n<span class=\"lettrineGrise\">D<\/span>esde meu nascimento, tenho sido sua psicanalista e int\u00e9rprete.<br \/>\n<span class=\"lettrineNoire\">I<\/span>mersa em uma babel sonora de l\u00ednguas que n\u00e3o me eram dirigidas.<br \/>\n<span class=\"lettrineRouge\">H<\/span>\u00fangaro, romeno, i\u00eddiche, alem\u00e3o, hebraico,<br \/>\n<span class=\"lettrineGrise\">M<\/span>e constru\u00ed na orla dos alfas privativos que adornam meus nomes,<br \/>\n<span class=\"lettrineNoire\">A<\/span>conchegada no calor sensual do italiano, minha l\u00edngua adotiva.<br \/>\n<span class=\"lettrineRouge\">E<\/span>sta l\u00edngua que, j\u00e1 pequena, me esfor\u00e7ava para ensinar para minha m\u00e3e.<br \/>\n<span class=\"lettrineGrise\">M<\/span>eu sonho de crian\u00e7a, quando falava comigo em todas essas l\u00ednguas na frente do espelho,<br \/>\n<span class=\"lettrineNoire\">P<\/span>ara remedar os gestos mas sobretudo para buscar um interlocutor,<br \/>\n<span class=\"lettrineRouge\">E<\/span>ra inventar uma l\u00edngua ao menos europeia.<br \/>\n<span class=\"lettrineGrise\">L<\/span>utei toda a minha vida sustentada por este desejo,<br \/>\n<span class=\"lettrineNoire\">D<\/span>o qual me resta como vest\u00edgio um sotaque misturad\u00edssimo.<br \/>\n<span class=\"lettrineRouge\">M<\/span>e considero hoje uma psicanalista artes\u00e3 poliglota:<br \/>\n<span class=\"lettrineGrise\">F<\/span>ui aprendiz de Seniores da psican\u00e1lise de diversas l\u00ednguas<br \/>\n<span class=\"lettrineNoire\">E<\/span> me situo, na minha pr\u00e1tica comum de psicanalista, do lado das mulheres e dos ing\u00eanuos.<br \/>\n<span class=\"lettrineRouge\">N<\/span>\u00e3o sou nem uma erudita, nem uma cientista e avan\u00e7o gra\u00e7as a minha intui\u00e7\u00e3o,<br \/>\n<span class=\"lettrineGrise\">T<\/span>entando ouvir, \u201cver\u201d com meus olhos e continuar pensando.<br \/>\n<span class=\"lettrineNoire\">T<\/span>ransmitir minhas reflex\u00f5es pela escrita foi para mim uma prova\u00e7\u00e3o.<br \/>\n<span class=\"lettrineRouge\">F<\/span>oi preciso para isso que eu atacasse primeiro a pedra, com cinzel e com buril, com a m\u00e3o.<br \/>\n<span class=\"lettrineGrise\">O<\/span>usei cortar a \u201crocha de origem\u201d da castra\u00e7\u00e3o primitiva,<br \/>\n<span class=\"lettrineNoire\">F<\/span>ormular o impens\u00e1vel da M\u00e3e Primordial<br \/>\n<span class=\"lettrineRouge\">E<\/span> imaginar o real inumano da procria\u00e7\u00e3o.[\/et_pb_text][\/et_pb_column][\/et_pb_row][\/et_pb_section]<\/p>\n","protected":false},"excerpt":{"rendered":"<p>[et_pb_section fb_built=&#8221;1&#8243; fullwidth=&#8221;on&#8221; _builder_version=&#8221;3.26.4&#8243; background_color=&#8221;#fcfaf6&#8243;][et_pb_fullwidth_header title=&#8221;Tamara Landau&#8221; subhead=&#8221;O Imposs\u00edvel Nascimento ou a Crian\u00e7a Enclavada fobias e neuroses de ang\u00fastia&#8221; _builder_version=&#8221;3.26.4&#8243; title_font=&#8221;||||||||&#8221; title_text_color=&#8221;#00cccc&#8221; title_font_size=&#8221;25px&#8221; subhead_font=&#8221;||||||||&#8221; subhead_text_color=&#8221;#0068d8&#8243; subhead_font_size=&#8221;22px&#8221; background_color=&#8221;#fbfaf5&#8243; background_layout=&#8221;light&#8221; custom_padding=&#8221;25px||6px|||&#8221; border_color_all=&#8221;#ffffff&#8221; border_color_bottom=&#8221;#00cccc&#8221; border_style_bottom=&#8221;dotted&#8221; global_module=&#8221;1041&#8243; saved_tabs=&#8221;all&#8221;][\/et_pb_fullwidth_header][\/et_pb_section][et_pb_section fb_built=&#8221;1&#8243; fullwidth=&#8221;on&#8221; _builder_version=&#8221;3.26.4&#8243; locked=&#8221;off&#8221;][et_pb_fullwidth_menu menu_id=&#8221;35&#8243; _builder_version=&#8221;3.26.4&#8243; menu_font=&#8221;|600||on|||||&#8221; global_module=&#8221;1500&#8243; saved_tabs=&#8221;all&#8221;][\/et_pb_fullwidth_menu][\/et_pb_section][et_pb_section fb_built=&#8221;1&#8243; _builder_version=&#8221;3.26.4&#8243;][et_pb_row column_structure=&#8221;1_3,2_3&#8243; _builder_version=&#8221;3.26.4&#8243;][et_pb_column type=&#8221;1_3&#8243; _builder_version=&#8221;3.26.4&#8243;][et_pb_image src=&#8221;https:\/\/tamara-landau.net\/wp-content\/uploads\/2019\/09\/impossible-naissance-tamara-landau.jpg&#8221; _builder_version=&#8221;3.26.4&#8243; locked=&#8221;off&#8221;][\/et_pb_image][\/et_pb_column][et_pb_column type=&#8221;2_3&#8243; _builder_version=&#8221;3.26.4&#8243;][et_pb_text _builder_version=&#8221;3.27.4&#8243;] [&hellip;]<\/p>\n","protected":false},"author":1,"featured_media":0,"parent":3456,"menu_order":0,"comment_status":"closed","ping_status":"closed","template":"","meta":{"_et_pb_use_builder":"on","_et_pb_old_content":"","_et_gb_content_width":""},"yoast_head":"<!-- This site is optimized with the Yoast SEO plugin v20.3 - https:\/\/yoast.com\/wordpress\/plugins\/seo\/ -->\n<title>O Imposs\u00edvel Nascimento, Pre\u00e2mbulo | Tamara Landau<\/title>\n<meta name=\"robots\" content=\"index, follow, max-snippet:-1, max-image-preview:large, max-video-preview:-1\" \/>\n<link rel=\"canonical\" href=\"https:\/\/tamara-landau.net\/pt-pt\/o-impossivel-nascimento-ou-a-crianca-enclavada-fobias-e-neuroses-de-angustia\/o-impossivel-nascimento-preambulo\/\" \/>\n<meta property=\"og:locale\" content=\"pt_PT\" \/>\n<meta property=\"og:type\" content=\"article\" \/>\n<meta property=\"og:title\" content=\"O Imposs\u00edvel Nascimento, Pre\u00e2mbulo | Tamara Landau\" \/>\n<meta property=\"og:description\" content=\"[et_pb_section fb_built=&#8221;1&#8243; fullwidth=&#8221;on&#8221; _builder_version=&#8221;3.26.4&#8243; background_color=&#8221;#fcfaf6&#8243;][et_pb_fullwidth_header title=&#8221;Tamara Landau&#8221; subhead=&#8221;O Imposs\u00edvel Nascimento ou a Crian\u00e7a Enclavada fobias e neuroses de ang\u00fastia&#8221; _builder_version=&#8221;3.26.4&#8243; title_font=&#8221;||||||||&#8221; title_text_color=&#8221;#00cccc&#8221; title_font_size=&#8221;25px&#8221; subhead_font=&#8221;||||||||&#8221; subhead_text_color=&#8221;#0068d8&#8243; subhead_font_size=&#8221;22px&#8221; background_color=&#8221;#fbfaf5&#8243; background_layout=&#8221;light&#8221; custom_padding=&#8221;25px||6px|||&#8221; border_color_all=&#8221;#ffffff&#8221; border_color_bottom=&#8221;#00cccc&#8221; border_style_bottom=&#8221;dotted&#8221; global_module=&#8221;1041&#8243; saved_tabs=&#8221;all&#8221;][\/et_pb_fullwidth_header][\/et_pb_section][et_pb_section fb_built=&#8221;1&#8243; fullwidth=&#8221;on&#8221; _builder_version=&#8221;3.26.4&#8243; locked=&#8221;off&#8221;][et_pb_fullwidth_menu menu_id=&#8221;35&#8243; _builder_version=&#8221;3.26.4&#8243; menu_font=&#8221;|600||on|||||&#8221; global_module=&#8221;1500&#8243; saved_tabs=&#8221;all&#8221;][\/et_pb_fullwidth_menu][\/et_pb_section][et_pb_section fb_built=&#8221;1&#8243; _builder_version=&#8221;3.26.4&#8243;][et_pb_row column_structure=&#8221;1_3,2_3&#8243; _builder_version=&#8221;3.26.4&#8243;][et_pb_column type=&#8221;1_3&#8243; _builder_version=&#8221;3.26.4&#8243;][et_pb_image src=&#8221;https:\/\/tamara-landau.net\/wp-content\/uploads\/2019\/09\/impossible-naissance-tamara-landau.jpg&#8221; _builder_version=&#8221;3.26.4&#8243; locked=&#8221;off&#8221;][\/et_pb_image][\/et_pb_column][et_pb_column type=&#8221;2_3&#8243; _builder_version=&#8221;3.26.4&#8243;][et_pb_text _builder_version=&#8221;3.27.4&#8243;] [&hellip;]\" \/>\n<meta property=\"og:url\" content=\"https:\/\/tamara-landau.net\/pt-pt\/o-impossivel-nascimento-ou-a-crianca-enclavada-fobias-e-neuroses-de-angustia\/o-impossivel-nascimento-preambulo\/\" \/>\n<meta property=\"og:site_name\" content=\"Tamara Landau\" \/>\n<meta name=\"twitter:card\" content=\"summary_large_image\" \/>\n<meta name=\"twitter:label1\" content=\"Tempo estimado de leitura\" \/>\n\t<meta name=\"twitter:data1\" content=\"2 minutos\" \/>\n<script type=\"application\/ld+json\" class=\"yoast-schema-graph\">{\"@context\":\"https:\/\/schema.org\",\"@graph\":[{\"@type\":\"WebPage\",\"@id\":\"https:\/\/tamara-landau.net\/pt-pt\/o-impossivel-nascimento-ou-a-crianca-enclavada-fobias-e-neuroses-de-angustia\/o-impossivel-nascimento-preambulo\/\",\"url\":\"https:\/\/tamara-landau.net\/pt-pt\/o-impossivel-nascimento-ou-a-crianca-enclavada-fobias-e-neuroses-de-angustia\/o-impossivel-nascimento-preambulo\/\",\"name\":\"O Imposs\u00edvel Nascimento, Pre\u00e2mbulo | Tamara Landau\",\"isPartOf\":{\"@id\":\"https:\/\/tamara-landau.net\/#website\"},\"datePublished\":\"2020-06-16T06:09:29+00:00\",\"dateModified\":\"2020-06-16T06:09:29+00:00\",\"breadcrumb\":{\"@id\":\"https:\/\/tamara-landau.net\/pt-pt\/o-impossivel-nascimento-ou-a-crianca-enclavada-fobias-e-neuroses-de-angustia\/o-impossivel-nascimento-preambulo\/#breadcrumb\"},\"inLanguage\":\"pt-PT\",\"potentialAction\":[{\"@type\":\"ReadAction\",\"target\":[\"https:\/\/tamara-landau.net\/pt-pt\/o-impossivel-nascimento-ou-a-crianca-enclavada-fobias-e-neuroses-de-angustia\/o-impossivel-nascimento-preambulo\/\"]}]},{\"@type\":\"BreadcrumbList\",\"@id\":\"https:\/\/tamara-landau.net\/pt-pt\/o-impossivel-nascimento-ou-a-crianca-enclavada-fobias-e-neuroses-de-angustia\/o-impossivel-nascimento-preambulo\/#breadcrumb\",\"itemListElement\":[{\"@type\":\"ListItem\",\"position\":1,\"name\":\"Accueil\",\"item\":\"https:\/\/tamara-landau.net\/pt-pt\/tamara-landau-psicanalista-e-escultora\/\"},{\"@type\":\"ListItem\",\"position\":2,\"name\":\"O Imposs\u00edvel Nascimento ou a Crian\u00e7a Enclavada fobias e neuroses de ang\u00fastia\",\"item\":\"https:\/\/tamara-landau.net\/pt-pt\/o-impossivel-nascimento-ou-a-crianca-enclavada-fobias-e-neuroses-de-angustia\/\"},{\"@type\":\"ListItem\",\"position\":3,\"name\":\"O Imposs\u00edvel Nascimento, Pre\u00e2mbulo\"}]},{\"@type\":\"WebSite\",\"@id\":\"https:\/\/tamara-landau.net\/#website\",\"url\":\"https:\/\/tamara-landau.net\/\",\"name\":\"Tamara Landau\",\"description\":\"psychanalyste et sculptrice\",\"potentialAction\":[{\"@type\":\"SearchAction\",\"target\":{\"@type\":\"EntryPoint\",\"urlTemplate\":\"https:\/\/tamara-landau.net\/?s={search_term_string}\"},\"query-input\":\"required name=search_term_string\"}],\"inLanguage\":\"pt-PT\"}]}<\/script>\n<!-- \/ Yoast SEO plugin. -->","yoast_head_json":{"title":"O Imposs\u00edvel Nascimento, Pre\u00e2mbulo | Tamara Landau","robots":{"index":"index","follow":"follow","max-snippet":"max-snippet:-1","max-image-preview":"max-image-preview:large","max-video-preview":"max-video-preview:-1"},"canonical":"https:\/\/tamara-landau.net\/pt-pt\/o-impossivel-nascimento-ou-a-crianca-enclavada-fobias-e-neuroses-de-angustia\/o-impossivel-nascimento-preambulo\/","og_locale":"pt_PT","og_type":"article","og_title":"O Imposs\u00edvel Nascimento, Pre\u00e2mbulo | Tamara Landau","og_description":"[et_pb_section fb_built=&#8221;1&#8243; fullwidth=&#8221;on&#8221; _builder_version=&#8221;3.26.4&#8243; background_color=&#8221;#fcfaf6&#8243;][et_pb_fullwidth_header title=&#8221;Tamara Landau&#8221; subhead=&#8221;O Imposs\u00edvel Nascimento ou a Crian\u00e7a Enclavada fobias e neuroses de ang\u00fastia&#8221; _builder_version=&#8221;3.26.4&#8243; title_font=&#8221;||||||||&#8221; title_text_color=&#8221;#00cccc&#8221; title_font_size=&#8221;25px&#8221; subhead_font=&#8221;||||||||&#8221; subhead_text_color=&#8221;#0068d8&#8243; subhead_font_size=&#8221;22px&#8221; background_color=&#8221;#fbfaf5&#8243; background_layout=&#8221;light&#8221; custom_padding=&#8221;25px||6px|||&#8221; border_color_all=&#8221;#ffffff&#8221; border_color_bottom=&#8221;#00cccc&#8221; border_style_bottom=&#8221;dotted&#8221; global_module=&#8221;1041&#8243; saved_tabs=&#8221;all&#8221;][\/et_pb_fullwidth_header][\/et_pb_section][et_pb_section fb_built=&#8221;1&#8243; fullwidth=&#8221;on&#8221; _builder_version=&#8221;3.26.4&#8243; locked=&#8221;off&#8221;][et_pb_fullwidth_menu menu_id=&#8221;35&#8243; _builder_version=&#8221;3.26.4&#8243; menu_font=&#8221;|600||on|||||&#8221; global_module=&#8221;1500&#8243; saved_tabs=&#8221;all&#8221;][\/et_pb_fullwidth_menu][\/et_pb_section][et_pb_section fb_built=&#8221;1&#8243; _builder_version=&#8221;3.26.4&#8243;][et_pb_row column_structure=&#8221;1_3,2_3&#8243; _builder_version=&#8221;3.26.4&#8243;][et_pb_column type=&#8221;1_3&#8243; _builder_version=&#8221;3.26.4&#8243;][et_pb_image src=&#8221;https:\/\/tamara-landau.net\/wp-content\/uploads\/2019\/09\/impossible-naissance-tamara-landau.jpg&#8221; _builder_version=&#8221;3.26.4&#8243; locked=&#8221;off&#8221;][\/et_pb_image][\/et_pb_column][et_pb_column type=&#8221;2_3&#8243; _builder_version=&#8221;3.26.4&#8243;][et_pb_text _builder_version=&#8221;3.27.4&#8243;] [&hellip;]","og_url":"https:\/\/tamara-landau.net\/pt-pt\/o-impossivel-nascimento-ou-a-crianca-enclavada-fobias-e-neuroses-de-angustia\/o-impossivel-nascimento-preambulo\/","og_site_name":"Tamara Landau","twitter_card":"summary_large_image","twitter_misc":{"Tempo estimado de leitura":"2 minutos"},"schema":{"@context":"https:\/\/schema.org","@graph":[{"@type":"WebPage","@id":"https:\/\/tamara-landau.net\/pt-pt\/o-impossivel-nascimento-ou-a-crianca-enclavada-fobias-e-neuroses-de-angustia\/o-impossivel-nascimento-preambulo\/","url":"https:\/\/tamara-landau.net\/pt-pt\/o-impossivel-nascimento-ou-a-crianca-enclavada-fobias-e-neuroses-de-angustia\/o-impossivel-nascimento-preambulo\/","name":"O Imposs\u00edvel Nascimento, Pre\u00e2mbulo | Tamara Landau","isPartOf":{"@id":"https:\/\/tamara-landau.net\/#website"},"datePublished":"2020-06-16T06:09:29+00:00","dateModified":"2020-06-16T06:09:29+00:00","breadcrumb":{"@id":"https:\/\/tamara-landau.net\/pt-pt\/o-impossivel-nascimento-ou-a-crianca-enclavada-fobias-e-neuroses-de-angustia\/o-impossivel-nascimento-preambulo\/#breadcrumb"},"inLanguage":"pt-PT","potentialAction":[{"@type":"ReadAction","target":["https:\/\/tamara-landau.net\/pt-pt\/o-impossivel-nascimento-ou-a-crianca-enclavada-fobias-e-neuroses-de-angustia\/o-impossivel-nascimento-preambulo\/"]}]},{"@type":"BreadcrumbList","@id":"https:\/\/tamara-landau.net\/pt-pt\/o-impossivel-nascimento-ou-a-crianca-enclavada-fobias-e-neuroses-de-angustia\/o-impossivel-nascimento-preambulo\/#breadcrumb","itemListElement":[{"@type":"ListItem","position":1,"name":"Accueil","item":"https:\/\/tamara-landau.net\/pt-pt\/tamara-landau-psicanalista-e-escultora\/"},{"@type":"ListItem","position":2,"name":"O Imposs\u00edvel Nascimento ou a Crian\u00e7a Enclavada fobias e neuroses de ang\u00fastia","item":"https:\/\/tamara-landau.net\/pt-pt\/o-impossivel-nascimento-ou-a-crianca-enclavada-fobias-e-neuroses-de-angustia\/"},{"@type":"ListItem","position":3,"name":"O Imposs\u00edvel Nascimento, Pre\u00e2mbulo"}]},{"@type":"WebSite","@id":"https:\/\/tamara-landau.net\/#website","url":"https:\/\/tamara-landau.net\/","name":"Tamara Landau","description":"psychanalyste et sculptrice","potentialAction":[{"@type":"SearchAction","target":{"@type":"EntryPoint","urlTemplate":"https:\/\/tamara-landau.net\/?s={search_term_string}"},"query-input":"required name=search_term_string"}],"inLanguage":"pt-PT"}]}},"_links":{"self":[{"href":"https:\/\/tamara-landau.net\/pt-pt\/wp-json\/wp\/v2\/pages\/3462"}],"collection":[{"href":"https:\/\/tamara-landau.net\/pt-pt\/wp-json\/wp\/v2\/pages"}],"about":[{"href":"https:\/\/tamara-landau.net\/pt-pt\/wp-json\/wp\/v2\/types\/page"}],"author":[{"embeddable":true,"href":"https:\/\/tamara-landau.net\/pt-pt\/wp-json\/wp\/v2\/users\/1"}],"replies":[{"embeddable":true,"href":"https:\/\/tamara-landau.net\/pt-pt\/wp-json\/wp\/v2\/comments?post=3462"}],"version-history":[{"count":1,"href":"https:\/\/tamara-landau.net\/pt-pt\/wp-json\/wp\/v2\/pages\/3462\/revisions"}],"predecessor-version":[{"id":3463,"href":"https:\/\/tamara-landau.net\/pt-pt\/wp-json\/wp\/v2\/pages\/3462\/revisions\/3463"}],"up":[{"embeddable":true,"href":"https:\/\/tamara-landau.net\/pt-pt\/wp-json\/wp\/v2\/pages\/3456"}],"wp:attachment":[{"href":"https:\/\/tamara-landau.net\/pt-pt\/wp-json\/wp\/v2\/media?parent=3462"}],"curies":[{"name":"wp","href":"https:\/\/api.w.org\/{rel}","templated":true}]}}