{"id":3460,"date":"2020-06-16T06:07:44","date_gmt":"2020-06-16T06:07:44","guid":{"rendered":"https:\/\/tamara-landau.net\/o-impossivel-nascimento-ou-a-crianca-enclavada-fobias-e-neuroses-de-angustia\/o-impossivel-nascimento-teoria\/"},"modified":"2020-06-16T06:07:44","modified_gmt":"2020-06-16T06:07:44","slug":"o-impossivel-nascimento-teoria","status":"publish","type":"page","link":"https:\/\/tamara-landau.net\/pt-pt\/o-impossivel-nascimento-ou-a-crianca-enclavada-fobias-e-neuroses-de-angustia\/o-impossivel-nascimento-teoria\/","title":{"rendered":"O Imposs\u00edvel Nascimento, Teoria"},"content":{"rendered":"<p>[et_pb_section fb_built=&#8221;1&#8243; fullwidth=&#8221;on&#8221; _builder_version=&#8221;3.26.4&#8243; background_color=&#8221;#fcfaf6&#8243;][et_pb_fullwidth_header title=&#8221;Tamara Landau&#8221; subhead=&#8221;O Imposs\u00edvel Nascimento ou a Crian\u00e7a Enclavada fobias e neuroses de ang\u00fastia&#8221; _builder_version=&#8221;3.26.4&#8243; title_font=&#8221;||||||||&#8221; title_text_color=&#8221;#00cccc&#8221; title_font_size=&#8221;25px&#8221; subhead_font=&#8221;||||||||&#8221; subhead_text_color=&#8221;#0068d8&#8243; subhead_font_size=&#8221;22px&#8221; background_color=&#8221;#fbfaf5&#8243; background_layout=&#8221;light&#8221; custom_padding=&#8221;25px||6px|||&#8221; border_color_all=&#8221;#ffffff&#8221; border_color_bottom=&#8221;#00cccc&#8221; border_style_bottom=&#8221;dotted&#8221; global_module=&#8221;1041&#8243; saved_tabs=&#8221;all&#8221;][\/et_pb_fullwidth_header][\/et_pb_section][et_pb_section fb_built=&#8221;1&#8243; fullwidth=&#8221;on&#8221; _builder_version=&#8221;3.26.4&#8243; locked=&#8221;off&#8221;][et_pb_fullwidth_menu menu_id=&#8221;35&#8243; _builder_version=&#8221;3.26.4&#8243; menu_font=&#8221;|600||on|||||&#8221; global_module=&#8221;1500&#8243; saved_tabs=&#8221;all&#8221;][\/et_pb_fullwidth_menu][\/et_pb_section][et_pb_section fb_built=&#8221;1&#8243; _builder_version=&#8221;3.26.4&#8243;][et_pb_row column_structure=&#8221;1_3,2_3&#8243; _builder_version=&#8221;3.26.4&#8243;][et_pb_column type=&#8221;1_3&#8243; _builder_version=&#8221;3.26.4&#8243;][et_pb_image src=&#8221;https:\/\/tamara-landau.net\/wp-content\/uploads\/2019\/09\/impossible-naissance-tamara-landau.jpg&#8221; _builder_version=&#8221;3.26.4&#8243; locked=&#8221;off&#8221;][\/et_pb_image][\/et_pb_column][et_pb_column type=&#8221;2_3&#8243; _builder_version=&#8221;3.26.4&#8243;][et_pb_text _builder_version=&#8221;3.27.4&#8243;]<\/p>\n<h2><strong>Teoria<\/strong><\/h2>\n<p><span class=\"lettrineNoire\">A<\/span> experi\u00eancia cl\u00ednica levou-me a constatar que muitos pacientes neur\u00f3ticos t\u00eam transtornos de reconhecimento de si que eles expressam atrav\u00e9s de viv\u00eancias corporais recorrentes: a impress\u00e3o de serem transparente, de n\u00e3o ter um corpo que lhes pertence realmente, de sentir leve e pesad\u00edssimo ao mesmo tempo, e sobretudo, de n\u00e3o reconhecer a pr\u00f3pria imagem no espelho mas de ver nele a imagem de sua m\u00e3e (as mulheres em particular)<\/p>\n<p>Esta perturba\u00e7\u00e3o se encontra tamb\u00e9m em frequentes lapsos tais como \u201cminha m\u00e3e\u201d em vez de \u201cminha av\u00f3\u201d, \u201cmeu pai\u201d para \u201cmeu av\u00f4\u201d, ou \u201cmorri aos quatro anos\u201d ou ainda \u201ceu vou nascer em &#8230;\u201d de pacientes gr\u00e1vidas<\/p>\n<p>Observamos com frequ\u00eancia esta invers\u00e3o do tempo da genealogia nas mulheres gr\u00e1vidas, e, de forma muito comum, nas pacientes bul\u00edmicas. Estas expressam claramente essas impress\u00f5es: \u201co rosto que vejo no espelho \u00e9 o da minha m\u00e3e\u201d, ou ent\u00e3o: \u201cn\u00e3o me reconhe\u00e7o no espelho abaixo da minha cintura, j\u00e1 que meu corpo e minha gordura n\u00e3o me pertencem, pertencem \u00e0 minha m\u00e3e\u201d.<\/p>\n<p>Acontece que, nas bul\u00edmicas, esta viv\u00eancia fusional \u00e9 acompanhada tamb\u00e9m por uma puls\u00e3o de destrui\u00e7\u00e3o que elas expressam claramente com falas tais como: \u201ceu como para matar minha m\u00e3e\u201d.<\/p>\n<p>O conjunto destes dist\u00farbios provem da persist\u00eancia de um v\u00ednculo fusional m\u00e3e-crian\u00e7a.<\/p>\n<p>Este v\u00ednculo fusional se caracteriza pelos fantasmas origin\u00e1rios \u201cuma vida para dois\u201d, \u201cum corpo para dois\u201d, e modela na crian\u00e7a a percep\u00e7\u00e3o de seu pr\u00f3prio corpo: aquilo que a m\u00e3e n\u00e3o v\u00ea, n\u00e3o sente e n\u00e3o nomeia, n\u00e3o existe.<\/p>\n<p>Consequentemente, toda tentativa de individua\u00e7\u00e3o \u00e9 sentida como amea\u00e7adora, suscet\u00edvel de levar \u00e0 morte ou \u00e0 loucura.<\/p>\n<p>Segundo minha hip\u00f3tese, o feto \u00e9 estruturado inconscientemente por um esquema corporal fusional organizado por sua av\u00f3 com sua m\u00e3e, desde a vida fetal desta.<\/p>\n<p>Em outras palavras, a percep\u00e7\u00e3o do corpo pr\u00f3prio da crian\u00e7a \u00e9 estruturada inconscientemente pela av\u00f3. Mas se, durante a gravidez, a mulher reencontra o sentimento de \u201cpertencer\u201d ao corpo de sua pr\u00f3pria m\u00e3e, ela experimenta em seguida o sentimento de \u201cpertencer\u201d ao corpo do feto, e este experimenta, ao inverso, o sentimento de \u201cpertencer\u201d ao corpo de sua m\u00e3e e de sua av\u00f3.<\/p>\n<p>Este processo constitui o fantasma origin\u00e1rio da \u00e1rvore invertida, que os desenhos espont\u00e2neos de pacientes contribu\u00edram a formalizar.<\/p>\n<p>Minha obra explica como a m\u00e3e consegue elaborar inconscientemente este processo ontogen\u00e9tico atrav\u00e9s de um esquema de fantasmas origin\u00e1rios (de origem filogen\u00e9tica pois ligado \u00e0s puls\u00f5es de auto-conserva\u00e7\u00e3o do eu) ao longo da gravidez (fase designada como a \u201cmarca primordial\u201d) para, por um lado, organizar o esquema fusional que ela forma com a crian\u00e7a, e, por outro lado, para desprender inconscientemente esta deste v\u00ednculo fusional origin\u00e1rio.<\/p>\n<p>Com efeito, pude constatar clinicamente que o processo ontogen\u00e9tico prossegue tamb\u00e9m depois do nascimento da crian\u00e7a, durante cerca de tr\u00eas anos (fase designada como a \u201cmarca prim\u00e1ria\u201d. No decorrer da marca prim\u00e1ria, a m\u00e3e prossegue inconscientemente no processo de elabora\u00e7\u00e3o ps\u00edquica para desvencilhar-se do sentimento de pertencer ao corpo da crian\u00e7a.<\/p>\n<p>De fato, este sentimento, fort\u00edssimo no nascimento, vai diminuindo de intensidade (no n\u00edvel biol\u00f3gico), no decorrer das tr\u00eas fases, que duram cerca de um ano, quando a crian\u00e7a atinge certa maturidade e autonomia psicomotora.<\/p>\n<p>Disto tudo decorre uma ideia-mestra: se a m\u00e3e, por v\u00e1rias raz\u00f5es (ligadas a sua hist\u00f3ria, a seu desejo, a sua pr\u00f3pria viv\u00eancia fetal, a sua pr\u00f3pria representa\u00e7\u00e3o corporal, ao momento que ela est\u00e1 atravessando, etc.) n\u00e3o consegue, durante a gravidez, tomar consci\u00eancia das modifica\u00e7\u00f5es sentidas em seu corpo e elaborar inconscientemente o processo filo-ontogen\u00e9tico ocorrendo atrav\u00e9s dos fantasmas origin\u00e1rios, ela provoca uma desorganiza\u00e7\u00e3o do esquema corporal da crian\u00e7a.<\/p>\n<p>Esta desorganiza\u00e7\u00e3o vai ser a causa mais precoce dos transtornos da percep\u00e7\u00e3o do corpo pr\u00f3prio e dos transtornos ps\u00edquicos na crian\u00e7a, e notadamente a causa arcaica das fobias e das neuroses de ang\u00fastia.<\/p>\n<p>&nbsp;[\/et_pb_text][\/et_pb_column][\/et_pb_row][\/et_pb_section]<\/p>\n","protected":false},"excerpt":{"rendered":"<p>[et_pb_section fb_built=&#8221;1&#8243; fullwidth=&#8221;on&#8221; _builder_version=&#8221;3.26.4&#8243; background_color=&#8221;#fcfaf6&#8243;][et_pb_fullwidth_header title=&#8221;Tamara Landau&#8221; subhead=&#8221;O Imposs\u00edvel Nascimento ou a Crian\u00e7a Enclavada fobias e neuroses de ang\u00fastia&#8221; _builder_version=&#8221;3.26.4&#8243; title_font=&#8221;||||||||&#8221; title_text_color=&#8221;#00cccc&#8221; title_font_size=&#8221;25px&#8221; subhead_font=&#8221;||||||||&#8221; subhead_text_color=&#8221;#0068d8&#8243; subhead_font_size=&#8221;22px&#8221; background_color=&#8221;#fbfaf5&#8243; background_layout=&#8221;light&#8221; custom_padding=&#8221;25px||6px|||&#8221; border_color_all=&#8221;#ffffff&#8221; border_color_bottom=&#8221;#00cccc&#8221; border_style_bottom=&#8221;dotted&#8221; global_module=&#8221;1041&#8243; saved_tabs=&#8221;all&#8221;][\/et_pb_fullwidth_header][\/et_pb_section][et_pb_section fb_built=&#8221;1&#8243; fullwidth=&#8221;on&#8221; _builder_version=&#8221;3.26.4&#8243; locked=&#8221;off&#8221;][et_pb_fullwidth_menu menu_id=&#8221;35&#8243; _builder_version=&#8221;3.26.4&#8243; menu_font=&#8221;|600||on|||||&#8221; global_module=&#8221;1500&#8243; saved_tabs=&#8221;all&#8221;][\/et_pb_fullwidth_menu][\/et_pb_section][et_pb_section fb_built=&#8221;1&#8243; _builder_version=&#8221;3.26.4&#8243;][et_pb_row column_structure=&#8221;1_3,2_3&#8243; _builder_version=&#8221;3.26.4&#8243;][et_pb_column type=&#8221;1_3&#8243; _builder_version=&#8221;3.26.4&#8243;][et_pb_image src=&#8221;https:\/\/tamara-landau.net\/wp-content\/uploads\/2019\/09\/impossible-naissance-tamara-landau.jpg&#8221; _builder_version=&#8221;3.26.4&#8243; locked=&#8221;off&#8221;][\/et_pb_image][\/et_pb_column][et_pb_column type=&#8221;2_3&#8243; _builder_version=&#8221;3.26.4&#8243;][et_pb_text _builder_version=&#8221;3.27.4&#8243;] [&hellip;]<\/p>\n","protected":false},"author":1,"featured_media":0,"parent":3456,"menu_order":0,"comment_status":"closed","ping_status":"closed","template":"","meta":{"_et_pb_use_builder":"on","_et_pb_old_content":"","_et_gb_content_width":""},"yoast_head":"<!-- This site is optimized with the Yoast SEO plugin v20.3 - https:\/\/yoast.com\/wordpress\/plugins\/seo\/ -->\n<title>O Imposs\u00edvel Nascimento, Teoria | Tamara Landau<\/title>\n<meta name=\"robots\" content=\"index, follow, max-snippet:-1, max-image-preview:large, max-video-preview:-1\" \/>\n<link rel=\"canonical\" href=\"https:\/\/tamara-landau.net\/pt-pt\/o-impossivel-nascimento-ou-a-crianca-enclavada-fobias-e-neuroses-de-angustia\/o-impossivel-nascimento-teoria\/\" \/>\n<meta property=\"og:locale\" content=\"pt_PT\" \/>\n<meta property=\"og:type\" content=\"article\" \/>\n<meta property=\"og:title\" content=\"O Imposs\u00edvel Nascimento, Teoria | Tamara Landau\" \/>\n<meta property=\"og:description\" content=\"[et_pb_section fb_built=&#8221;1&#8243; fullwidth=&#8221;on&#8221; _builder_version=&#8221;3.26.4&#8243; background_color=&#8221;#fcfaf6&#8243;][et_pb_fullwidth_header title=&#8221;Tamara Landau&#8221; subhead=&#8221;O Imposs\u00edvel Nascimento ou a Crian\u00e7a Enclavada fobias e neuroses de ang\u00fastia&#8221; _builder_version=&#8221;3.26.4&#8243; title_font=&#8221;||||||||&#8221; title_text_color=&#8221;#00cccc&#8221; title_font_size=&#8221;25px&#8221; subhead_font=&#8221;||||||||&#8221; subhead_text_color=&#8221;#0068d8&#8243; subhead_font_size=&#8221;22px&#8221; background_color=&#8221;#fbfaf5&#8243; background_layout=&#8221;light&#8221; custom_padding=&#8221;25px||6px|||&#8221; border_color_all=&#8221;#ffffff&#8221; border_color_bottom=&#8221;#00cccc&#8221; border_style_bottom=&#8221;dotted&#8221; global_module=&#8221;1041&#8243; saved_tabs=&#8221;all&#8221;][\/et_pb_fullwidth_header][\/et_pb_section][et_pb_section fb_built=&#8221;1&#8243; fullwidth=&#8221;on&#8221; _builder_version=&#8221;3.26.4&#8243; locked=&#8221;off&#8221;][et_pb_fullwidth_menu menu_id=&#8221;35&#8243; _builder_version=&#8221;3.26.4&#8243; menu_font=&#8221;|600||on|||||&#8221; global_module=&#8221;1500&#8243; saved_tabs=&#8221;all&#8221;][\/et_pb_fullwidth_menu][\/et_pb_section][et_pb_section fb_built=&#8221;1&#8243; _builder_version=&#8221;3.26.4&#8243;][et_pb_row column_structure=&#8221;1_3,2_3&#8243; _builder_version=&#8221;3.26.4&#8243;][et_pb_column type=&#8221;1_3&#8243; _builder_version=&#8221;3.26.4&#8243;][et_pb_image src=&#8221;https:\/\/tamara-landau.net\/wp-content\/uploads\/2019\/09\/impossible-naissance-tamara-landau.jpg&#8221; _builder_version=&#8221;3.26.4&#8243; locked=&#8221;off&#8221;][\/et_pb_image][\/et_pb_column][et_pb_column type=&#8221;2_3&#8243; _builder_version=&#8221;3.26.4&#8243;][et_pb_text _builder_version=&#8221;3.27.4&#8243;] [&hellip;]\" \/>\n<meta property=\"og:url\" content=\"https:\/\/tamara-landau.net\/pt-pt\/o-impossivel-nascimento-ou-a-crianca-enclavada-fobias-e-neuroses-de-angustia\/o-impossivel-nascimento-teoria\/\" \/>\n<meta property=\"og:site_name\" content=\"Tamara Landau\" \/>\n<meta name=\"twitter:card\" content=\"summary_large_image\" \/>\n<meta name=\"twitter:label1\" content=\"Tempo estimado de leitura\" \/>\n\t<meta name=\"twitter:data1\" content=\"5 minutos\" \/>\n<script type=\"application\/ld+json\" class=\"yoast-schema-graph\">{\"@context\":\"https:\/\/schema.org\",\"@graph\":[{\"@type\":\"WebPage\",\"@id\":\"https:\/\/tamara-landau.net\/pt-pt\/o-impossivel-nascimento-ou-a-crianca-enclavada-fobias-e-neuroses-de-angustia\/o-impossivel-nascimento-teoria\/\",\"url\":\"https:\/\/tamara-landau.net\/pt-pt\/o-impossivel-nascimento-ou-a-crianca-enclavada-fobias-e-neuroses-de-angustia\/o-impossivel-nascimento-teoria\/\",\"name\":\"O Imposs\u00edvel Nascimento, Teoria | Tamara Landau\",\"isPartOf\":{\"@id\":\"https:\/\/tamara-landau.net\/#website\"},\"datePublished\":\"2020-06-16T06:07:44+00:00\",\"dateModified\":\"2020-06-16T06:07:44+00:00\",\"breadcrumb\":{\"@id\":\"https:\/\/tamara-landau.net\/pt-pt\/o-impossivel-nascimento-ou-a-crianca-enclavada-fobias-e-neuroses-de-angustia\/o-impossivel-nascimento-teoria\/#breadcrumb\"},\"inLanguage\":\"pt-PT\",\"potentialAction\":[{\"@type\":\"ReadAction\",\"target\":[\"https:\/\/tamara-landau.net\/pt-pt\/o-impossivel-nascimento-ou-a-crianca-enclavada-fobias-e-neuroses-de-angustia\/o-impossivel-nascimento-teoria\/\"]}]},{\"@type\":\"BreadcrumbList\",\"@id\":\"https:\/\/tamara-landau.net\/pt-pt\/o-impossivel-nascimento-ou-a-crianca-enclavada-fobias-e-neuroses-de-angustia\/o-impossivel-nascimento-teoria\/#breadcrumb\",\"itemListElement\":[{\"@type\":\"ListItem\",\"position\":1,\"name\":\"Accueil\",\"item\":\"https:\/\/tamara-landau.net\/pt-pt\/tamara-landau-psicanalista-e-escultora\/\"},{\"@type\":\"ListItem\",\"position\":2,\"name\":\"O Imposs\u00edvel Nascimento ou a Crian\u00e7a Enclavada fobias e neuroses de ang\u00fastia\",\"item\":\"https:\/\/tamara-landau.net\/pt-pt\/o-impossivel-nascimento-ou-a-crianca-enclavada-fobias-e-neuroses-de-angustia\/\"},{\"@type\":\"ListItem\",\"position\":3,\"name\":\"O Imposs\u00edvel Nascimento, Teoria\"}]},{\"@type\":\"WebSite\",\"@id\":\"https:\/\/tamara-landau.net\/#website\",\"url\":\"https:\/\/tamara-landau.net\/\",\"name\":\"Tamara Landau\",\"description\":\"psychanalyste et sculptrice\",\"potentialAction\":[{\"@type\":\"SearchAction\",\"target\":{\"@type\":\"EntryPoint\",\"urlTemplate\":\"https:\/\/tamara-landau.net\/?s={search_term_string}\"},\"query-input\":\"required name=search_term_string\"}],\"inLanguage\":\"pt-PT\"}]}<\/script>\n<!-- \/ Yoast SEO plugin. -->","yoast_head_json":{"title":"O Imposs\u00edvel Nascimento, Teoria | Tamara Landau","robots":{"index":"index","follow":"follow","max-snippet":"max-snippet:-1","max-image-preview":"max-image-preview:large","max-video-preview":"max-video-preview:-1"},"canonical":"https:\/\/tamara-landau.net\/pt-pt\/o-impossivel-nascimento-ou-a-crianca-enclavada-fobias-e-neuroses-de-angustia\/o-impossivel-nascimento-teoria\/","og_locale":"pt_PT","og_type":"article","og_title":"O Imposs\u00edvel Nascimento, Teoria | Tamara Landau","og_description":"[et_pb_section fb_built=&#8221;1&#8243; fullwidth=&#8221;on&#8221; _builder_version=&#8221;3.26.4&#8243; background_color=&#8221;#fcfaf6&#8243;][et_pb_fullwidth_header title=&#8221;Tamara Landau&#8221; subhead=&#8221;O Imposs\u00edvel Nascimento ou a Crian\u00e7a Enclavada fobias e neuroses de ang\u00fastia&#8221; _builder_version=&#8221;3.26.4&#8243; title_font=&#8221;||||||||&#8221; title_text_color=&#8221;#00cccc&#8221; title_font_size=&#8221;25px&#8221; subhead_font=&#8221;||||||||&#8221; subhead_text_color=&#8221;#0068d8&#8243; subhead_font_size=&#8221;22px&#8221; background_color=&#8221;#fbfaf5&#8243; background_layout=&#8221;light&#8221; custom_padding=&#8221;25px||6px|||&#8221; border_color_all=&#8221;#ffffff&#8221; border_color_bottom=&#8221;#00cccc&#8221; border_style_bottom=&#8221;dotted&#8221; global_module=&#8221;1041&#8243; saved_tabs=&#8221;all&#8221;][\/et_pb_fullwidth_header][\/et_pb_section][et_pb_section fb_built=&#8221;1&#8243; fullwidth=&#8221;on&#8221; _builder_version=&#8221;3.26.4&#8243; locked=&#8221;off&#8221;][et_pb_fullwidth_menu menu_id=&#8221;35&#8243; _builder_version=&#8221;3.26.4&#8243; menu_font=&#8221;|600||on|||||&#8221; global_module=&#8221;1500&#8243; saved_tabs=&#8221;all&#8221;][\/et_pb_fullwidth_menu][\/et_pb_section][et_pb_section fb_built=&#8221;1&#8243; _builder_version=&#8221;3.26.4&#8243;][et_pb_row column_structure=&#8221;1_3,2_3&#8243; _builder_version=&#8221;3.26.4&#8243;][et_pb_column type=&#8221;1_3&#8243; _builder_version=&#8221;3.26.4&#8243;][et_pb_image src=&#8221;https:\/\/tamara-landau.net\/wp-content\/uploads\/2019\/09\/impossible-naissance-tamara-landau.jpg&#8221; _builder_version=&#8221;3.26.4&#8243; locked=&#8221;off&#8221;][\/et_pb_image][\/et_pb_column][et_pb_column type=&#8221;2_3&#8243; _builder_version=&#8221;3.26.4&#8243;][et_pb_text _builder_version=&#8221;3.27.4&#8243;] [&hellip;]","og_url":"https:\/\/tamara-landau.net\/pt-pt\/o-impossivel-nascimento-ou-a-crianca-enclavada-fobias-e-neuroses-de-angustia\/o-impossivel-nascimento-teoria\/","og_site_name":"Tamara Landau","twitter_card":"summary_large_image","twitter_misc":{"Tempo estimado de leitura":"5 minutos"},"schema":{"@context":"https:\/\/schema.org","@graph":[{"@type":"WebPage","@id":"https:\/\/tamara-landau.net\/pt-pt\/o-impossivel-nascimento-ou-a-crianca-enclavada-fobias-e-neuroses-de-angustia\/o-impossivel-nascimento-teoria\/","url":"https:\/\/tamara-landau.net\/pt-pt\/o-impossivel-nascimento-ou-a-crianca-enclavada-fobias-e-neuroses-de-angustia\/o-impossivel-nascimento-teoria\/","name":"O Imposs\u00edvel Nascimento, Teoria | Tamara Landau","isPartOf":{"@id":"https:\/\/tamara-landau.net\/#website"},"datePublished":"2020-06-16T06:07:44+00:00","dateModified":"2020-06-16T06:07:44+00:00","breadcrumb":{"@id":"https:\/\/tamara-landau.net\/pt-pt\/o-impossivel-nascimento-ou-a-crianca-enclavada-fobias-e-neuroses-de-angustia\/o-impossivel-nascimento-teoria\/#breadcrumb"},"inLanguage":"pt-PT","potentialAction":[{"@type":"ReadAction","target":["https:\/\/tamara-landau.net\/pt-pt\/o-impossivel-nascimento-ou-a-crianca-enclavada-fobias-e-neuroses-de-angustia\/o-impossivel-nascimento-teoria\/"]}]},{"@type":"BreadcrumbList","@id":"https:\/\/tamara-landau.net\/pt-pt\/o-impossivel-nascimento-ou-a-crianca-enclavada-fobias-e-neuroses-de-angustia\/o-impossivel-nascimento-teoria\/#breadcrumb","itemListElement":[{"@type":"ListItem","position":1,"name":"Accueil","item":"https:\/\/tamara-landau.net\/pt-pt\/tamara-landau-psicanalista-e-escultora\/"},{"@type":"ListItem","position":2,"name":"O Imposs\u00edvel Nascimento ou a Crian\u00e7a Enclavada fobias e neuroses de ang\u00fastia","item":"https:\/\/tamara-landau.net\/pt-pt\/o-impossivel-nascimento-ou-a-crianca-enclavada-fobias-e-neuroses-de-angustia\/"},{"@type":"ListItem","position":3,"name":"O Imposs\u00edvel Nascimento, Teoria"}]},{"@type":"WebSite","@id":"https:\/\/tamara-landau.net\/#website","url":"https:\/\/tamara-landau.net\/","name":"Tamara Landau","description":"psychanalyste et sculptrice","potentialAction":[{"@type":"SearchAction","target":{"@type":"EntryPoint","urlTemplate":"https:\/\/tamara-landau.net\/?s={search_term_string}"},"query-input":"required name=search_term_string"}],"inLanguage":"pt-PT"}]}},"_links":{"self":[{"href":"https:\/\/tamara-landau.net\/pt-pt\/wp-json\/wp\/v2\/pages\/3460"}],"collection":[{"href":"https:\/\/tamara-landau.net\/pt-pt\/wp-json\/wp\/v2\/pages"}],"about":[{"href":"https:\/\/tamara-landau.net\/pt-pt\/wp-json\/wp\/v2\/types\/page"}],"author":[{"embeddable":true,"href":"https:\/\/tamara-landau.net\/pt-pt\/wp-json\/wp\/v2\/users\/1"}],"replies":[{"embeddable":true,"href":"https:\/\/tamara-landau.net\/pt-pt\/wp-json\/wp\/v2\/comments?post=3460"}],"version-history":[{"count":1,"href":"https:\/\/tamara-landau.net\/pt-pt\/wp-json\/wp\/v2\/pages\/3460\/revisions"}],"predecessor-version":[{"id":3461,"href":"https:\/\/tamara-landau.net\/pt-pt\/wp-json\/wp\/v2\/pages\/3460\/revisions\/3461"}],"up":[{"embeddable":true,"href":"https:\/\/tamara-landau.net\/pt-pt\/wp-json\/wp\/v2\/pages\/3456"}],"wp:attachment":[{"href":"https:\/\/tamara-landau.net\/pt-pt\/wp-json\/wp\/v2\/media?parent=3460"}],"curies":[{"name":"wp","href":"https:\/\/api.w.org\/{rel}","templated":true}]}}