{"id":3458,"date":"2020-06-16T06:05:40","date_gmt":"2020-06-16T06:05:40","guid":{"rendered":"https:\/\/tamara-landau.net\/o-impossivel-nascimento-ou-a-crianca-enclavada-fobias-e-neuroses-de-angustia\/o-impossivel-nascimento-introducao\/"},"modified":"2020-06-16T08:11:51","modified_gmt":"2020-06-16T08:11:51","slug":"o-impossivel-nascimento-introducao","status":"publish","type":"page","link":"https:\/\/tamara-landau.net\/pt-pt\/o-impossivel-nascimento-ou-a-crianca-enclavada-fobias-e-neuroses-de-angustia\/o-impossivel-nascimento-introducao\/","title":{"rendered":"O Imposs\u00edvel Nascimento, Introdu\u00e7\u00e3o"},"content":{"rendered":"<p>[et_pb_section fb_built=&#8221;1&#8243; fullwidth=&#8221;on&#8221; _builder_version=&#8221;3.26.4&#8243; background_color=&#8221;#fcfaf6&#8243;][et_pb_fullwidth_header title=&#8221;Tamara Landau&#8221; subhead=&#8221;O Imposs\u00edvel Nascimento ou a Crian\u00e7a Enclavada fobias e neuroses de ang\u00fastia&#8221; _builder_version=&#8221;3.26.4&#8243; title_font=&#8221;||||||||&#8221; title_text_color=&#8221;#00cccc&#8221; title_font_size=&#8221;25px&#8221; subhead_font=&#8221;||||||||&#8221; subhead_text_color=&#8221;#0068d8&#8243; subhead_font_size=&#8221;22px&#8221; background_color=&#8221;#fbfaf5&#8243; background_layout=&#8221;light&#8221; custom_padding=&#8221;25px||6px|||&#8221; border_color_all=&#8221;#ffffff&#8221; border_color_bottom=&#8221;#00cccc&#8221; border_style_bottom=&#8221;dotted&#8221; saved_tabs=&#8221;all&#8221;][\/et_pb_fullwidth_header][\/et_pb_section][et_pb_section fb_built=&#8221;1&#8243; fullwidth=&#8221;on&#8221; _builder_version=&#8221;3.26.4&#8243; locked=&#8221;off&#8221;][et_pb_fullwidth_menu menu_id=&#8221;35&#8243; _builder_version=&#8221;3.26.4&#8243; menu_font=&#8221;|600||on|||||&#8221; saved_tabs=&#8221;all&#8221;][\/et_pb_fullwidth_menu][\/et_pb_section][et_pb_section fb_built=&#8221;1&#8243; _builder_version=&#8221;3.26.4&#8243;][et_pb_row column_structure=&#8221;1_3,2_3&#8243; _builder_version=&#8221;3.26.4&#8243;][et_pb_column type=&#8221;1_3&#8243; _builder_version=&#8221;3.26.4&#8243;][et_pb_image src=&#8221;https:\/\/tamara-landau.net\/wp-content\/uploads\/2019\/09\/impossible-naissance-tamara-landau.jpg&#8221; _builder_version=&#8221;3.26.4&#8243; locked=&#8221;off&#8221;][\/et_pb_image][\/et_pb_column][et_pb_column type=&#8221;2_3&#8243; _builder_version=&#8221;3.26.4&#8243;][et_pb_text _builder_version=&#8221;3.27.4&#8243;]<\/p>\n<h2><strong>Introdu\u00e7\u00e3o<\/strong><\/h2>\n<p><span class=\"lettrineNoire\">N<\/span>a origem desta obra, dificuldades enfrentadas em minha pr\u00e1tica anal\u00edtica, uma experi\u00eancia cl\u00ednica com mulheres bul\u00edmicas, e um trabalho com uma core\u00f3grafa.<\/p>\n<p>\u00c0s voltas h\u00e1 anos com frequentes impasses terap\u00eauticos, marcados por uma interrup\u00e7\u00e3o ou uma extens\u00e3o da dura\u00e7\u00e3o dos tratamentos, com pacientes sofrendo de neuroses graves, eu precisava encontrar respostas.<\/p>\n<p>Estas emergiram quando o tratamento de pacientes bul\u00edmicas me trouxe algumas modalidades muito intensas da transfer\u00eancia e da puls\u00e3o de destrui\u00e7\u00e3o desvendando a perman\u00eancia de um v\u00ednculo fusional e das ang\u00fastias ligadas a viv\u00eancias corporais arcaicas relativas \u00e0 sobreviv\u00eancia.<\/p>\n<p>Desde ent\u00e3o minha pesquisa estava lan\u00e7ada e n\u00e3o cessou de enriquecer-se de elementos cl\u00ednicos e de novas experi\u00eancias. O trabalho com uma core\u00f3grafa participando de pesquisas sobre a aus\u00eancia de gravidade e com mulheres escultoras ajudaram-me a trazer certa luz sobre os fantasmas inconscientes atuando durante a vida fetal, levando-me aos poucos a elaborar uma problem\u00e1tica arcaica subjacente a todas as formas de patologia consideradas pela psican\u00e1lise freudiana: psicoses, neuroses e pervers\u00f5es.<\/p>\n<p>Com efeito, a dificuldade dos pacientes neur\u00f3ticos para sentirem-se realmente existir sem passar por um v\u00ednculo fusional colocou-me na via de um fantasma e de um conceito dos quais esta obra prop\u00f5e a elabora\u00e7\u00e3o e o exame. Esta impress\u00e3o de nunca ter sido realmente vistos pelos pais deixava a entender que eles tinham ficado fixados em seu espa\u00e7o ps\u00edquico e corporal inconsciente. Assombrados pelo fantasma de serem enterrados, de ter escapado de um assassinato, eles viviam como sobreviventes culpados, invis\u00edveis, fora do tempo e fora da hist\u00f3ria, sob o dom\u00ednio de um fantasma de auto-engendramento.<\/p>\n<p>Mas, este fantasma inconsciente, que sup\u00f5e uma renega\u00e7\u00e3o das origens e uma invers\u00e3o da imagem e da percep\u00e7\u00e3o do corpo pr\u00f3prio, percept\u00edvel nos diversos lapsos, materializa-se muitas vezes sob a forma de uma \u00e1rvore invertida, que algumas pacientes desenharam espontaneamente no tratamento.<\/p>\n<p>O pr\u00f3prio sujeito ocupa o lugar de um tronco de \u00e1rvore geracional que \u00e9 a um tempo seu corpo, o corpo de sua m\u00e3e e o de sua av\u00f3. Os galhos \u201cem plena luz\u201d da av\u00f3 tornam-se as ra\u00edzes do pr\u00f3prio sujeito, que, mergulhado sob a terra \u201cnas trevas\u201d, alimenta a seiva e o sentimento real de existir de sua m\u00e3e.<\/p>\n<p>A representa\u00e7\u00e3o inconsciente de um espa\u00e7o ps\u00edquico e corporal fusional ancorado nos fantasmas e no tempo da experi\u00eancia vivida pela av\u00f3 materna e pela m\u00e3e, \u00e9, assim me parece, o mais arcaico dos fantasmas relativos \u00e0 transmiss\u00e3o da vida. Isolando este, dando-lhe o estatuto de fantasma origin\u00e1rio, apareceu-me a seguinte intui\u00e7\u00e3o: a percep\u00e7\u00e3o de si e o real sentimento de existir da crian\u00e7a formam-se na percep\u00e7\u00e3o de si e no sentimento real de existir da m\u00e3e, de tal forma que, se esta n\u00e3o adquiriu o sentimento de existir realmente desligada de sua pr\u00f3pria m\u00e3e, as condi\u00e7\u00f5es est\u00e3o reunidas para a fixa\u00e7\u00e3o na crian\u00e7a do fantasma origin\u00e1rio da \u00e1rvore invertida.<\/p>\n<p>Disto decorre uma hip\u00f3tese que nunca foi avan\u00e7ada na literatura psicanal\u00edtica, inclusive nos autores mais preocupados com a rela\u00e7\u00e3o m\u00e3e\/crian\u00e7a e a incid\u00eancia do origin\u00e1rio na g\u00eanese das doen\u00e7as mentais: em todas as patologias, ap\u00f3s uma fixa\u00e7\u00e3o no fantasma da \u00e1rvore invertida, o sujeito sente inconscientemente seu corpo como se este ainda \u201cpertencesse\u201d \u00e0 sua m\u00e3e e \u00e0 sua av\u00f3.<\/p>\n<p><span class=\"lettrineNoire\">\u00a0<\/span>[\/et_pb_text][\/et_pb_column][\/et_pb_row][\/et_pb_section]<\/p>\n","protected":false},"excerpt":{"rendered":"<p>[et_pb_section fb_built=&#8221;1&#8243; fullwidth=&#8221;on&#8221; _builder_version=&#8221;3.26.4&#8243; background_color=&#8221;#fcfaf6&#8243;][et_pb_fullwidth_header title=&#8221;Tamara Landau&#8221; subhead=&#8221;O Imposs\u00edvel Nascimento ou a Crian\u00e7a Enclavada fobias e neuroses de ang\u00fastia&#8221; _builder_version=&#8221;3.26.4&#8243; title_font=&#8221;||||||||&#8221; title_text_color=&#8221;#00cccc&#8221; title_font_size=&#8221;25px&#8221; subhead_font=&#8221;||||||||&#8221; subhead_text_color=&#8221;#0068d8&#8243; subhead_font_size=&#8221;22px&#8221; background_color=&#8221;#fbfaf5&#8243; background_layout=&#8221;light&#8221; custom_padding=&#8221;25px||6px|||&#8221; border_color_all=&#8221;#ffffff&#8221; border_color_bottom=&#8221;#00cccc&#8221; border_style_bottom=&#8221;dotted&#8221; saved_tabs=&#8221;all&#8221;][\/et_pb_fullwidth_header][\/et_pb_section][et_pb_section fb_built=&#8221;1&#8243; fullwidth=&#8221;on&#8221; _builder_version=&#8221;3.26.4&#8243; locked=&#8221;off&#8221;][et_pb_fullwidth_menu menu_id=&#8221;35&#8243; _builder_version=&#8221;3.26.4&#8243; menu_font=&#8221;|600||on|||||&#8221; saved_tabs=&#8221;all&#8221;][\/et_pb_fullwidth_menu][\/et_pb_section][et_pb_section fb_built=&#8221;1&#8243; _builder_version=&#8221;3.26.4&#8243;][et_pb_row column_structure=&#8221;1_3,2_3&#8243; _builder_version=&#8221;3.26.4&#8243;][et_pb_column type=&#8221;1_3&#8243; _builder_version=&#8221;3.26.4&#8243;][et_pb_image src=&#8221;https:\/\/tamara-landau.net\/wp-content\/uploads\/2019\/09\/impossible-naissance-tamara-landau.jpg&#8221; _builder_version=&#8221;3.26.4&#8243; locked=&#8221;off&#8221;][\/et_pb_image][\/et_pb_column][et_pb_column type=&#8221;2_3&#8243; _builder_version=&#8221;3.26.4&#8243;][et_pb_text _builder_version=&#8221;3.27.4&#8243;] Introdu\u00e7\u00e3o Na [&hellip;]<\/p>\n","protected":false},"author":1,"featured_media":0,"parent":3456,"menu_order":0,"comment_status":"closed","ping_status":"closed","template":"","meta":{"_et_pb_use_builder":"on","_et_pb_old_content":"","_et_gb_content_width":""},"yoast_head":"<!-- This site is optimized with the Yoast SEO plugin v20.3 - https:\/\/yoast.com\/wordpress\/plugins\/seo\/ -->\n<title>O Imposs\u00edvel Nascimento, Introdu\u00e7\u00e3o | Tamara Landau<\/title>\n<meta name=\"robots\" content=\"index, follow, max-snippet:-1, max-image-preview:large, max-video-preview:-1\" \/>\n<link rel=\"canonical\" href=\"https:\/\/tamara-landau.net\/pt-pt\/o-impossivel-nascimento-ou-a-crianca-enclavada-fobias-e-neuroses-de-angustia\/o-impossivel-nascimento-introducao\/\" \/>\n<meta property=\"og:locale\" content=\"pt_PT\" \/>\n<meta property=\"og:type\" content=\"article\" \/>\n<meta property=\"og:title\" content=\"O Imposs\u00edvel Nascimento, Introdu\u00e7\u00e3o | Tamara Landau\" \/>\n<meta property=\"og:description\" content=\"[et_pb_section fb_built=&#8221;1&#8243; fullwidth=&#8221;on&#8221; _builder_version=&#8221;3.26.4&#8243; background_color=&#8221;#fcfaf6&#8243;][et_pb_fullwidth_header title=&#8221;Tamara Landau&#8221; subhead=&#8221;O Imposs\u00edvel Nascimento ou a Crian\u00e7a Enclavada fobias e neuroses de ang\u00fastia&#8221; _builder_version=&#8221;3.26.4&#8243; title_font=&#8221;||||||||&#8221; title_text_color=&#8221;#00cccc&#8221; title_font_size=&#8221;25px&#8221; subhead_font=&#8221;||||||||&#8221; subhead_text_color=&#8221;#0068d8&#8243; subhead_font_size=&#8221;22px&#8221; background_color=&#8221;#fbfaf5&#8243; background_layout=&#8221;light&#8221; custom_padding=&#8221;25px||6px|||&#8221; border_color_all=&#8221;#ffffff&#8221; border_color_bottom=&#8221;#00cccc&#8221; border_style_bottom=&#8221;dotted&#8221; saved_tabs=&#8221;all&#8221;][\/et_pb_fullwidth_header][\/et_pb_section][et_pb_section fb_built=&#8221;1&#8243; fullwidth=&#8221;on&#8221; _builder_version=&#8221;3.26.4&#8243; locked=&#8221;off&#8221;][et_pb_fullwidth_menu menu_id=&#8221;35&#8243; _builder_version=&#8221;3.26.4&#8243; menu_font=&#8221;|600||on|||||&#8221; saved_tabs=&#8221;all&#8221;][\/et_pb_fullwidth_menu][\/et_pb_section][et_pb_section fb_built=&#8221;1&#8243; _builder_version=&#8221;3.26.4&#8243;][et_pb_row column_structure=&#8221;1_3,2_3&#8243; _builder_version=&#8221;3.26.4&#8243;][et_pb_column type=&#8221;1_3&#8243; _builder_version=&#8221;3.26.4&#8243;][et_pb_image src=&#8221;https:\/\/tamara-landau.net\/wp-content\/uploads\/2019\/09\/impossible-naissance-tamara-landau.jpg&#8221; _builder_version=&#8221;3.26.4&#8243; locked=&#8221;off&#8221;][\/et_pb_image][\/et_pb_column][et_pb_column type=&#8221;2_3&#8243; _builder_version=&#8221;3.26.4&#8243;][et_pb_text _builder_version=&#8221;3.27.4&#8243;] Introdu\u00e7\u00e3o Na [&hellip;]\" \/>\n<meta property=\"og:url\" content=\"https:\/\/tamara-landau.net\/pt-pt\/o-impossivel-nascimento-ou-a-crianca-enclavada-fobias-e-neuroses-de-angustia\/o-impossivel-nascimento-introducao\/\" \/>\n<meta property=\"og:site_name\" content=\"Tamara Landau\" \/>\n<meta property=\"article:modified_time\" content=\"2020-06-16T08:11:51+00:00\" \/>\n<meta name=\"twitter:card\" content=\"summary_large_image\" \/>\n<meta name=\"twitter:label1\" content=\"Tempo estimado de leitura\" \/>\n\t<meta name=\"twitter:data1\" content=\"4 minutos\" \/>\n<script type=\"application\/ld+json\" class=\"yoast-schema-graph\">{\"@context\":\"https:\/\/schema.org\",\"@graph\":[{\"@type\":\"WebPage\",\"@id\":\"https:\/\/tamara-landau.net\/pt-pt\/o-impossivel-nascimento-ou-a-crianca-enclavada-fobias-e-neuroses-de-angustia\/o-impossivel-nascimento-introducao\/\",\"url\":\"https:\/\/tamara-landau.net\/pt-pt\/o-impossivel-nascimento-ou-a-crianca-enclavada-fobias-e-neuroses-de-angustia\/o-impossivel-nascimento-introducao\/\",\"name\":\"O Imposs\u00edvel Nascimento, Introdu\u00e7\u00e3o | Tamara Landau\",\"isPartOf\":{\"@id\":\"https:\/\/tamara-landau.net\/#website\"},\"datePublished\":\"2020-06-16T06:05:40+00:00\",\"dateModified\":\"2020-06-16T08:11:51+00:00\",\"breadcrumb\":{\"@id\":\"https:\/\/tamara-landau.net\/pt-pt\/o-impossivel-nascimento-ou-a-crianca-enclavada-fobias-e-neuroses-de-angustia\/o-impossivel-nascimento-introducao\/#breadcrumb\"},\"inLanguage\":\"pt-PT\",\"potentialAction\":[{\"@type\":\"ReadAction\",\"target\":[\"https:\/\/tamara-landau.net\/pt-pt\/o-impossivel-nascimento-ou-a-crianca-enclavada-fobias-e-neuroses-de-angustia\/o-impossivel-nascimento-introducao\/\"]}]},{\"@type\":\"BreadcrumbList\",\"@id\":\"https:\/\/tamara-landau.net\/pt-pt\/o-impossivel-nascimento-ou-a-crianca-enclavada-fobias-e-neuroses-de-angustia\/o-impossivel-nascimento-introducao\/#breadcrumb\",\"itemListElement\":[{\"@type\":\"ListItem\",\"position\":1,\"name\":\"Accueil\",\"item\":\"https:\/\/tamara-landau.net\/pt-pt\/tamara-landau-psicanalista-e-escultora\/\"},{\"@type\":\"ListItem\",\"position\":2,\"name\":\"O Imposs\u00edvel Nascimento ou a Crian\u00e7a Enclavada fobias e neuroses de ang\u00fastia\",\"item\":\"https:\/\/tamara-landau.net\/pt-pt\/o-impossivel-nascimento-ou-a-crianca-enclavada-fobias-e-neuroses-de-angustia\/\"},{\"@type\":\"ListItem\",\"position\":3,\"name\":\"O Imposs\u00edvel Nascimento, Introdu\u00e7\u00e3o\"}]},{\"@type\":\"WebSite\",\"@id\":\"https:\/\/tamara-landau.net\/#website\",\"url\":\"https:\/\/tamara-landau.net\/\",\"name\":\"Tamara Landau\",\"description\":\"psychanalyste et sculptrice\",\"potentialAction\":[{\"@type\":\"SearchAction\",\"target\":{\"@type\":\"EntryPoint\",\"urlTemplate\":\"https:\/\/tamara-landau.net\/?s={search_term_string}\"},\"query-input\":\"required name=search_term_string\"}],\"inLanguage\":\"pt-PT\"}]}<\/script>\n<!-- \/ Yoast SEO plugin. -->","yoast_head_json":{"title":"O Imposs\u00edvel Nascimento, Introdu\u00e7\u00e3o | Tamara Landau","robots":{"index":"index","follow":"follow","max-snippet":"max-snippet:-1","max-image-preview":"max-image-preview:large","max-video-preview":"max-video-preview:-1"},"canonical":"https:\/\/tamara-landau.net\/pt-pt\/o-impossivel-nascimento-ou-a-crianca-enclavada-fobias-e-neuroses-de-angustia\/o-impossivel-nascimento-introducao\/","og_locale":"pt_PT","og_type":"article","og_title":"O Imposs\u00edvel Nascimento, Introdu\u00e7\u00e3o | Tamara Landau","og_description":"[et_pb_section fb_built=&#8221;1&#8243; fullwidth=&#8221;on&#8221; _builder_version=&#8221;3.26.4&#8243; background_color=&#8221;#fcfaf6&#8243;][et_pb_fullwidth_header title=&#8221;Tamara Landau&#8221; subhead=&#8221;O Imposs\u00edvel Nascimento ou a Crian\u00e7a Enclavada fobias e neuroses de ang\u00fastia&#8221; _builder_version=&#8221;3.26.4&#8243; title_font=&#8221;||||||||&#8221; title_text_color=&#8221;#00cccc&#8221; title_font_size=&#8221;25px&#8221; subhead_font=&#8221;||||||||&#8221; subhead_text_color=&#8221;#0068d8&#8243; subhead_font_size=&#8221;22px&#8221; background_color=&#8221;#fbfaf5&#8243; background_layout=&#8221;light&#8221; custom_padding=&#8221;25px||6px|||&#8221; border_color_all=&#8221;#ffffff&#8221; border_color_bottom=&#8221;#00cccc&#8221; border_style_bottom=&#8221;dotted&#8221; saved_tabs=&#8221;all&#8221;][\/et_pb_fullwidth_header][\/et_pb_section][et_pb_section fb_built=&#8221;1&#8243; fullwidth=&#8221;on&#8221; _builder_version=&#8221;3.26.4&#8243; locked=&#8221;off&#8221;][et_pb_fullwidth_menu menu_id=&#8221;35&#8243; _builder_version=&#8221;3.26.4&#8243; menu_font=&#8221;|600||on|||||&#8221; saved_tabs=&#8221;all&#8221;][\/et_pb_fullwidth_menu][\/et_pb_section][et_pb_section fb_built=&#8221;1&#8243; _builder_version=&#8221;3.26.4&#8243;][et_pb_row column_structure=&#8221;1_3,2_3&#8243; _builder_version=&#8221;3.26.4&#8243;][et_pb_column type=&#8221;1_3&#8243; _builder_version=&#8221;3.26.4&#8243;][et_pb_image src=&#8221;https:\/\/tamara-landau.net\/wp-content\/uploads\/2019\/09\/impossible-naissance-tamara-landau.jpg&#8221; _builder_version=&#8221;3.26.4&#8243; locked=&#8221;off&#8221;][\/et_pb_image][\/et_pb_column][et_pb_column type=&#8221;2_3&#8243; _builder_version=&#8221;3.26.4&#8243;][et_pb_text _builder_version=&#8221;3.27.4&#8243;] Introdu\u00e7\u00e3o Na [&hellip;]","og_url":"https:\/\/tamara-landau.net\/pt-pt\/o-impossivel-nascimento-ou-a-crianca-enclavada-fobias-e-neuroses-de-angustia\/o-impossivel-nascimento-introducao\/","og_site_name":"Tamara Landau","article_modified_time":"2020-06-16T08:11:51+00:00","twitter_card":"summary_large_image","twitter_misc":{"Tempo estimado de leitura":"4 minutos"},"schema":{"@context":"https:\/\/schema.org","@graph":[{"@type":"WebPage","@id":"https:\/\/tamara-landau.net\/pt-pt\/o-impossivel-nascimento-ou-a-crianca-enclavada-fobias-e-neuroses-de-angustia\/o-impossivel-nascimento-introducao\/","url":"https:\/\/tamara-landau.net\/pt-pt\/o-impossivel-nascimento-ou-a-crianca-enclavada-fobias-e-neuroses-de-angustia\/o-impossivel-nascimento-introducao\/","name":"O Imposs\u00edvel Nascimento, Introdu\u00e7\u00e3o | Tamara Landau","isPartOf":{"@id":"https:\/\/tamara-landau.net\/#website"},"datePublished":"2020-06-16T06:05:40+00:00","dateModified":"2020-06-16T08:11:51+00:00","breadcrumb":{"@id":"https:\/\/tamara-landau.net\/pt-pt\/o-impossivel-nascimento-ou-a-crianca-enclavada-fobias-e-neuroses-de-angustia\/o-impossivel-nascimento-introducao\/#breadcrumb"},"inLanguage":"pt-PT","potentialAction":[{"@type":"ReadAction","target":["https:\/\/tamara-landau.net\/pt-pt\/o-impossivel-nascimento-ou-a-crianca-enclavada-fobias-e-neuroses-de-angustia\/o-impossivel-nascimento-introducao\/"]}]},{"@type":"BreadcrumbList","@id":"https:\/\/tamara-landau.net\/pt-pt\/o-impossivel-nascimento-ou-a-crianca-enclavada-fobias-e-neuroses-de-angustia\/o-impossivel-nascimento-introducao\/#breadcrumb","itemListElement":[{"@type":"ListItem","position":1,"name":"Accueil","item":"https:\/\/tamara-landau.net\/pt-pt\/tamara-landau-psicanalista-e-escultora\/"},{"@type":"ListItem","position":2,"name":"O Imposs\u00edvel Nascimento ou a Crian\u00e7a Enclavada fobias e neuroses de ang\u00fastia","item":"https:\/\/tamara-landau.net\/pt-pt\/o-impossivel-nascimento-ou-a-crianca-enclavada-fobias-e-neuroses-de-angustia\/"},{"@type":"ListItem","position":3,"name":"O Imposs\u00edvel Nascimento, Introdu\u00e7\u00e3o"}]},{"@type":"WebSite","@id":"https:\/\/tamara-landau.net\/#website","url":"https:\/\/tamara-landau.net\/","name":"Tamara Landau","description":"psychanalyste et sculptrice","potentialAction":[{"@type":"SearchAction","target":{"@type":"EntryPoint","urlTemplate":"https:\/\/tamara-landau.net\/?s={search_term_string}"},"query-input":"required name=search_term_string"}],"inLanguage":"pt-PT"}]}},"_links":{"self":[{"href":"https:\/\/tamara-landau.net\/pt-pt\/wp-json\/wp\/v2\/pages\/3458"}],"collection":[{"href":"https:\/\/tamara-landau.net\/pt-pt\/wp-json\/wp\/v2\/pages"}],"about":[{"href":"https:\/\/tamara-landau.net\/pt-pt\/wp-json\/wp\/v2\/types\/page"}],"author":[{"embeddable":true,"href":"https:\/\/tamara-landau.net\/pt-pt\/wp-json\/wp\/v2\/users\/1"}],"replies":[{"embeddable":true,"href":"https:\/\/tamara-landau.net\/pt-pt\/wp-json\/wp\/v2\/comments?post=3458"}],"version-history":[{"count":2,"href":"https:\/\/tamara-landau.net\/pt-pt\/wp-json\/wp\/v2\/pages\/3458\/revisions"}],"predecessor-version":[{"id":3538,"href":"https:\/\/tamara-landau.net\/pt-pt\/wp-json\/wp\/v2\/pages\/3458\/revisions\/3538"}],"up":[{"embeddable":true,"href":"https:\/\/tamara-landau.net\/pt-pt\/wp-json\/wp\/v2\/pages\/3456"}],"wp:attachment":[{"href":"https:\/\/tamara-landau.net\/pt-pt\/wp-json\/wp\/v2\/media?parent=3458"}],"curies":[{"name":"wp","href":"https:\/\/api.w.org\/{rel}","templated":true}]}}