{"id":3456,"date":"2020-06-16T06:03:21","date_gmt":"2020-06-16T06:03:21","guid":{"rendered":"https:\/\/tamara-landau.net\/o-impossivel-nascimento-ou-a-crianca-enclavada-fobias-e-neuroses-de-angustia\/"},"modified":"2020-06-16T06:03:21","modified_gmt":"2020-06-16T06:03:21","slug":"o-impossivel-nascimento-ou-a-crianca-enclavada-fobias-e-neuroses-de-angustia","status":"publish","type":"page","link":"https:\/\/tamara-landau.net\/pt-pt\/o-impossivel-nascimento-ou-a-crianca-enclavada-fobias-e-neuroses-de-angustia\/","title":{"rendered":"O Imposs\u00edvel Nascimento ou a Crian\u00e7a Enclavada fobias e neuroses de ang\u00fastia"},"content":{"rendered":"<p>[et_pb_section fb_built=&#8221;1&#8243; fullwidth=&#8221;on&#8221; _builder_version=&#8221;3.26.4&#8243; background_color=&#8221;#fcfaf6&#8243;][et_pb_fullwidth_header title=&#8221;Tamara Landau&#8221; subhead=&#8221;O Imposs\u00edvel Nascimento ou a Crian\u00e7a Enclavada fobias e neuroses de ang\u00fastia&#8221; _builder_version=&#8221;3.26.4&#8243; title_font=&#8221;||||||||&#8221; title_text_color=&#8221;#00cccc&#8221; title_font_size=&#8221;25px&#8221; subhead_font=&#8221;||||||||&#8221; subhead_text_color=&#8221;#0068d8&#8243; subhead_font_size=&#8221;22px&#8221; background_color=&#8221;#fbfaf5&#8243; background_layout=&#8221;light&#8221; custom_padding=&#8221;25px||6px|||&#8221; border_color_all=&#8221;#ffffff&#8221; border_color_bottom=&#8221;#00cccc&#8221; border_style_bottom=&#8221;dotted&#8221;][\/et_pb_fullwidth_header][\/et_pb_section][et_pb_section fb_built=&#8221;1&#8243; fullwidth=&#8221;on&#8221; _builder_version=&#8221;3.26.4&#8243;][et_pb_fullwidth_menu menu_id=&#8221;35&#8243; _builder_version=&#8221;3.26.4&#8243; menu_font=&#8221;|600||on|||||&#8221; global_module=&#8221;1500&#8243; saved_tabs=&#8221;all&#8221;][\/et_pb_fullwidth_menu][\/et_pb_section][et_pb_section fb_built=&#8221;1&#8243; _builder_version=&#8221;3.26.4&#8243;][et_pb_row column_structure=&#8221;1_2,1_2&#8243; _builder_version=&#8221;3.26.4&#8243;][et_pb_column type=&#8221;1_2&#8243; _builder_version=&#8221;3.26.4&#8243;][et_pb_text _builder_version=&#8221;3.27.4&#8243; custom_margin=&#8221;||4px|||&#8221;]Meu livro <strong>\u201cO Imposs\u00edvel Nascimento ou a Crian\u00e7a Enclavada \u2013 fobias e neuroses de ang\u00fastia \u2013\u201c<\/strong> \u00e9 reeditado, publica\u00e7\u00e3o da 2\u00aa edi\u00e7\u00e3o em 26 de Setembro de 2009 pela <a href=\"http:\/\/www.editions-imago.fr\" target=\"_blank\" rel=\"noopener noreferrer\"><strong>IMAGO<\/strong><\/a>.[\/et_pb_text][et_pb_video src=&#8221;https:\/\/youtu.be\/LYGpWGv5IJk&#8221; _builder_version=&#8221;4.0.9&#8243; hover_enabled=&#8221;0&#8243; custom_padding=&#8221;17px|||||&#8221;][\/et_pb_video][\/et_pb_column][et_pb_column type=&#8221;1_2&#8243; _builder_version=&#8221;3.26.4&#8243;][et_pb_image src=&#8221;https:\/\/tamara-landau.net\/wp-content\/uploads\/2020\/01\/impossible-naissance-tamara-landau.jpg&#8221; _builder_version=&#8221;4.0.9&#8243; hover_enabled=&#8221;0&#8243; custom_margin=&#8221;||40px|||&#8221; align=&#8221;center&#8221; background_color=&#8221;rgba(0,0,0,0)&#8221;][\/et_pb_image][et_pb_text _builder_version=&#8221;4.0.9&#8243; hover_enabled=&#8221;0&#8243;]<\/p>\n<p style=\"text-align: center;\"><span style=\"font-size: 16px;\">Podem encomend\u00e1-lo online em<\/span><\/p>\n<p style=\"text-align: center;\"><a href=\"http:\/\/www.amazon.fr\/exec\/obidos\/ASIN\/2911416988\/402-0225887-9866501\"> <img decoding=\"async\" loading=\"lazy\" style=\"display: block; margin-left: auto; margin-right: auto;\" src=\"\/wp-content\/uploads\/2019\/09\/logoamazon.gif\" alt=\"[logo Amazon.com]\" width=\"141\" height=\"42\" align=\"middle\" border=\"0\" \/><br \/>\n<\/a> ou <a href=\"http:\/\/www.fnac.com\/Shelf\/article.asp?Mn=3&amp;SID=11878ab6-addd-ee90-08a9-c64c8b13c1cc&amp;TTL=210620041834&amp;Origin=FnacAff&amp;PRID=1509336&amp;Ra=-1&amp;To=0&amp;Nu=2&amp;UID=0b870359a-8af4-8a8a-5dfa-a590ea59fe54&amp;Fr=0\"><strong> FNAC.COM<\/strong> <img decoding=\"async\" loading=\"lazy\" src=\"\/wp-content\/uploads\/2019\/09\/logofnac.gif\" alt=\"[logo Fnac.com]\" width=\"46\" height=\"38\" align=\"middle\" border=\"0\" \/><\/a><\/p>\n<p>[\/et_pb_text][\/et_pb_column][\/et_pb_row][\/et_pb_section]<\/p>\n","protected":false},"excerpt":{"rendered":"<p>[et_pb_section fb_built=&#8221;1&#8243; fullwidth=&#8221;on&#8221; _builder_version=&#8221;3.26.4&#8243; background_color=&#8221;#fcfaf6&#8243;][et_pb_fullwidth_header title=&#8221;Tamara Landau&#8221; subhead=&#8221;O Imposs\u00edvel Nascimento ou a Crian\u00e7a Enclavada fobias e neuroses de ang\u00fastia&#8221; _builder_version=&#8221;3.26.4&#8243; title_font=&#8221;||||||||&#8221; title_text_color=&#8221;#00cccc&#8221; title_font_size=&#8221;25px&#8221; subhead_font=&#8221;||||||||&#8221; subhead_text_color=&#8221;#0068d8&#8243; subhead_font_size=&#8221;22px&#8221; background_color=&#8221;#fbfaf5&#8243; background_layout=&#8221;light&#8221; custom_padding=&#8221;25px||6px|||&#8221; border_color_all=&#8221;#ffffff&#8221; border_color_bottom=&#8221;#00cccc&#8221; border_style_bottom=&#8221;dotted&#8221;][\/et_pb_fullwidth_header][\/et_pb_section][et_pb_section fb_built=&#8221;1&#8243; fullwidth=&#8221;on&#8221; _builder_version=&#8221;3.26.4&#8243;][et_pb_fullwidth_menu menu_id=&#8221;35&#8243; _builder_version=&#8221;3.26.4&#8243; menu_font=&#8221;|600||on|||||&#8221; global_module=&#8221;1500&#8243; saved_tabs=&#8221;all&#8221;][\/et_pb_fullwidth_menu][\/et_pb_section][et_pb_section fb_built=&#8221;1&#8243; _builder_version=&#8221;3.26.4&#8243;][et_pb_row column_structure=&#8221;1_2,1_2&#8243; _builder_version=&#8221;3.26.4&#8243;][et_pb_column type=&#8221;1_2&#8243; _builder_version=&#8221;3.26.4&#8243;][et_pb_text _builder_version=&#8221;3.27.4&#8243; custom_margin=&#8221;||4px|||&#8221;]Meu livro \u201cO Imposs\u00edvel Nascimento ou a Crian\u00e7a [&hellip;]<\/p>\n","protected":false},"author":1,"featured_media":0,"parent":0,"menu_order":0,"comment_status":"closed","ping_status":"closed","template":"","meta":{"_et_pb_use_builder":"on","_et_pb_old_content":"","_et_gb_content_width":""},"yoast_head":"<!-- This site is optimized with the Yoast SEO plugin v20.3 - https:\/\/yoast.com\/wordpress\/plugins\/seo\/ -->\n<title>O Imposs\u00edvel Nascimento ou a Crian\u00e7a Enclavada fobias e neuroses de ang\u00fastia | Tamara Landau<\/title>\n<meta name=\"robots\" content=\"index, follow, max-snippet:-1, max-image-preview:large, max-video-preview:-1\" \/>\n<link rel=\"canonical\" href=\"https:\/\/tamara-landau.net\/pt-pt\/o-impossivel-nascimento-ou-a-crianca-enclavada-fobias-e-neuroses-de-angustia\/\" \/>\n<meta property=\"og:locale\" content=\"pt_PT\" \/>\n<meta property=\"og:type\" content=\"article\" \/>\n<meta property=\"og:title\" content=\"O Imposs\u00edvel Nascimento ou a Crian\u00e7a Enclavada fobias e neuroses de ang\u00fastia | Tamara Landau\" \/>\n<meta property=\"og:description\" content=\"[et_pb_section fb_built=&#8221;1&#8243; fullwidth=&#8221;on&#8221; _builder_version=&#8221;3.26.4&#8243; background_color=&#8221;#fcfaf6&#8243;][et_pb_fullwidth_header title=&#8221;Tamara Landau&#8221; subhead=&#8221;O Imposs\u00edvel Nascimento ou a Crian\u00e7a Enclavada fobias e neuroses de ang\u00fastia&#8221; _builder_version=&#8221;3.26.4&#8243; title_font=&#8221;||||||||&#8221; title_text_color=&#8221;#00cccc&#8221; title_font_size=&#8221;25px&#8221; subhead_font=&#8221;||||||||&#8221; subhead_text_color=&#8221;#0068d8&#8243; subhead_font_size=&#8221;22px&#8221; background_color=&#8221;#fbfaf5&#8243; background_layout=&#8221;light&#8221; custom_padding=&#8221;25px||6px|||&#8221; border_color_all=&#8221;#ffffff&#8221; border_color_bottom=&#8221;#00cccc&#8221; border_style_bottom=&#8221;dotted&#8221;][\/et_pb_fullwidth_header][\/et_pb_section][et_pb_section fb_built=&#8221;1&#8243; fullwidth=&#8221;on&#8221; _builder_version=&#8221;3.26.4&#8243;][et_pb_fullwidth_menu menu_id=&#8221;35&#8243; _builder_version=&#8221;3.26.4&#8243; menu_font=&#8221;|600||on|||||&#8221; global_module=&#8221;1500&#8243; saved_tabs=&#8221;all&#8221;][\/et_pb_fullwidth_menu][\/et_pb_section][et_pb_section fb_built=&#8221;1&#8243; _builder_version=&#8221;3.26.4&#8243;][et_pb_row column_structure=&#8221;1_2,1_2&#8243; _builder_version=&#8221;3.26.4&#8243;][et_pb_column type=&#8221;1_2&#8243; _builder_version=&#8221;3.26.4&#8243;][et_pb_text _builder_version=&#8221;3.27.4&#8243; custom_margin=&#8221;||4px|||&#8221;]Meu livro \u201cO Imposs\u00edvel Nascimento ou a Crian\u00e7a [&hellip;]\" \/>\n<meta property=\"og:url\" content=\"https:\/\/tamara-landau.net\/pt-pt\/o-impossivel-nascimento-ou-a-crianca-enclavada-fobias-e-neuroses-de-angustia\/\" \/>\n<meta property=\"og:site_name\" content=\"Tamara Landau\" \/>\n<meta property=\"og:image\" content=\"https:\/\/tamara-landau.net\/wp-content\/uploads\/2019\/09\/logoamazon.gif\" \/>\n<meta name=\"twitter:card\" content=\"summary_large_image\" \/>\n<meta name=\"twitter:label1\" content=\"Tempo estimado de leitura\" \/>\n\t<meta name=\"twitter:data1\" content=\"1 minuto\" \/>\n<script type=\"application\/ld+json\" class=\"yoast-schema-graph\">{\"@context\":\"https:\/\/schema.org\",\"@graph\":[{\"@type\":\"WebPage\",\"@id\":\"https:\/\/tamara-landau.net\/pt-pt\/o-impossivel-nascimento-ou-a-crianca-enclavada-fobias-e-neuroses-de-angustia\/\",\"url\":\"https:\/\/tamara-landau.net\/pt-pt\/o-impossivel-nascimento-ou-a-crianca-enclavada-fobias-e-neuroses-de-angustia\/\",\"name\":\"O Imposs\u00edvel Nascimento ou a Crian\u00e7a Enclavada fobias e neuroses de ang\u00fastia | Tamara Landau\",\"isPartOf\":{\"@id\":\"https:\/\/tamara-landau.net\/#website\"},\"datePublished\":\"2020-06-16T06:03:21+00:00\",\"dateModified\":\"2020-06-16T06:03:21+00:00\",\"breadcrumb\":{\"@id\":\"https:\/\/tamara-landau.net\/pt-pt\/o-impossivel-nascimento-ou-a-crianca-enclavada-fobias-e-neuroses-de-angustia\/#breadcrumb\"},\"inLanguage\":\"pt-PT\",\"potentialAction\":[{\"@type\":\"ReadAction\",\"target\":[\"https:\/\/tamara-landau.net\/pt-pt\/o-impossivel-nascimento-ou-a-crianca-enclavada-fobias-e-neuroses-de-angustia\/\"]}]},{\"@type\":\"BreadcrumbList\",\"@id\":\"https:\/\/tamara-landau.net\/pt-pt\/o-impossivel-nascimento-ou-a-crianca-enclavada-fobias-e-neuroses-de-angustia\/#breadcrumb\",\"itemListElement\":[{\"@type\":\"ListItem\",\"position\":1,\"name\":\"Accueil\",\"item\":\"https:\/\/tamara-landau.net\/pt-pt\/tamara-landau-psicanalista-e-escultora\/\"},{\"@type\":\"ListItem\",\"position\":2,\"name\":\"O Imposs\u00edvel Nascimento ou a Crian\u00e7a Enclavada fobias e neuroses de ang\u00fastia\"}]},{\"@type\":\"WebSite\",\"@id\":\"https:\/\/tamara-landau.net\/#website\",\"url\":\"https:\/\/tamara-landau.net\/\",\"name\":\"Tamara Landau\",\"description\":\"psychanalyste et sculptrice\",\"potentialAction\":[{\"@type\":\"SearchAction\",\"target\":{\"@type\":\"EntryPoint\",\"urlTemplate\":\"https:\/\/tamara-landau.net\/?s={search_term_string}\"},\"query-input\":\"required name=search_term_string\"}],\"inLanguage\":\"pt-PT\"}]}<\/script>\n<!-- \/ Yoast SEO plugin. -->","yoast_head_json":{"title":"O Imposs\u00edvel Nascimento ou a Crian\u00e7a Enclavada fobias e neuroses de ang\u00fastia | Tamara Landau","robots":{"index":"index","follow":"follow","max-snippet":"max-snippet:-1","max-image-preview":"max-image-preview:large","max-video-preview":"max-video-preview:-1"},"canonical":"https:\/\/tamara-landau.net\/pt-pt\/o-impossivel-nascimento-ou-a-crianca-enclavada-fobias-e-neuroses-de-angustia\/","og_locale":"pt_PT","og_type":"article","og_title":"O Imposs\u00edvel Nascimento ou a Crian\u00e7a Enclavada fobias e neuroses de ang\u00fastia | Tamara Landau","og_description":"[et_pb_section fb_built=&#8221;1&#8243; fullwidth=&#8221;on&#8221; _builder_version=&#8221;3.26.4&#8243; background_color=&#8221;#fcfaf6&#8243;][et_pb_fullwidth_header title=&#8221;Tamara Landau&#8221; subhead=&#8221;O Imposs\u00edvel Nascimento ou a Crian\u00e7a Enclavada fobias e neuroses de ang\u00fastia&#8221; _builder_version=&#8221;3.26.4&#8243; title_font=&#8221;||||||||&#8221; title_text_color=&#8221;#00cccc&#8221; title_font_size=&#8221;25px&#8221; subhead_font=&#8221;||||||||&#8221; subhead_text_color=&#8221;#0068d8&#8243; subhead_font_size=&#8221;22px&#8221; background_color=&#8221;#fbfaf5&#8243; background_layout=&#8221;light&#8221; custom_padding=&#8221;25px||6px|||&#8221; border_color_all=&#8221;#ffffff&#8221; border_color_bottom=&#8221;#00cccc&#8221; border_style_bottom=&#8221;dotted&#8221;][\/et_pb_fullwidth_header][\/et_pb_section][et_pb_section fb_built=&#8221;1&#8243; fullwidth=&#8221;on&#8221; _builder_version=&#8221;3.26.4&#8243;][et_pb_fullwidth_menu menu_id=&#8221;35&#8243; _builder_version=&#8221;3.26.4&#8243; menu_font=&#8221;|600||on|||||&#8221; global_module=&#8221;1500&#8243; saved_tabs=&#8221;all&#8221;][\/et_pb_fullwidth_menu][\/et_pb_section][et_pb_section fb_built=&#8221;1&#8243; _builder_version=&#8221;3.26.4&#8243;][et_pb_row column_structure=&#8221;1_2,1_2&#8243; _builder_version=&#8221;3.26.4&#8243;][et_pb_column type=&#8221;1_2&#8243; _builder_version=&#8221;3.26.4&#8243;][et_pb_text _builder_version=&#8221;3.27.4&#8243; custom_margin=&#8221;||4px|||&#8221;]Meu livro \u201cO Imposs\u00edvel Nascimento ou a Crian\u00e7a [&hellip;]","og_url":"https:\/\/tamara-landau.net\/pt-pt\/o-impossivel-nascimento-ou-a-crianca-enclavada-fobias-e-neuroses-de-angustia\/","og_site_name":"Tamara Landau","og_image":[{"url":"https:\/\/tamara-landau.net\/wp-content\/uploads\/2019\/09\/logoamazon.gif"}],"twitter_card":"summary_large_image","twitter_misc":{"Tempo estimado de leitura":"1 minuto"},"schema":{"@context":"https:\/\/schema.org","@graph":[{"@type":"WebPage","@id":"https:\/\/tamara-landau.net\/pt-pt\/o-impossivel-nascimento-ou-a-crianca-enclavada-fobias-e-neuroses-de-angustia\/","url":"https:\/\/tamara-landau.net\/pt-pt\/o-impossivel-nascimento-ou-a-crianca-enclavada-fobias-e-neuroses-de-angustia\/","name":"O Imposs\u00edvel Nascimento ou a Crian\u00e7a Enclavada fobias e neuroses de ang\u00fastia | Tamara Landau","isPartOf":{"@id":"https:\/\/tamara-landau.net\/#website"},"datePublished":"2020-06-16T06:03:21+00:00","dateModified":"2020-06-16T06:03:21+00:00","breadcrumb":{"@id":"https:\/\/tamara-landau.net\/pt-pt\/o-impossivel-nascimento-ou-a-crianca-enclavada-fobias-e-neuroses-de-angustia\/#breadcrumb"},"inLanguage":"pt-PT","potentialAction":[{"@type":"ReadAction","target":["https:\/\/tamara-landau.net\/pt-pt\/o-impossivel-nascimento-ou-a-crianca-enclavada-fobias-e-neuroses-de-angustia\/"]}]},{"@type":"BreadcrumbList","@id":"https:\/\/tamara-landau.net\/pt-pt\/o-impossivel-nascimento-ou-a-crianca-enclavada-fobias-e-neuroses-de-angustia\/#breadcrumb","itemListElement":[{"@type":"ListItem","position":1,"name":"Accueil","item":"https:\/\/tamara-landau.net\/pt-pt\/tamara-landau-psicanalista-e-escultora\/"},{"@type":"ListItem","position":2,"name":"O Imposs\u00edvel Nascimento ou a Crian\u00e7a Enclavada fobias e neuroses de ang\u00fastia"}]},{"@type":"WebSite","@id":"https:\/\/tamara-landau.net\/#website","url":"https:\/\/tamara-landau.net\/","name":"Tamara Landau","description":"psychanalyste et sculptrice","potentialAction":[{"@type":"SearchAction","target":{"@type":"EntryPoint","urlTemplate":"https:\/\/tamara-landau.net\/?s={search_term_string}"},"query-input":"required name=search_term_string"}],"inLanguage":"pt-PT"}]}},"_links":{"self":[{"href":"https:\/\/tamara-landau.net\/pt-pt\/wp-json\/wp\/v2\/pages\/3456"}],"collection":[{"href":"https:\/\/tamara-landau.net\/pt-pt\/wp-json\/wp\/v2\/pages"}],"about":[{"href":"https:\/\/tamara-landau.net\/pt-pt\/wp-json\/wp\/v2\/types\/page"}],"author":[{"embeddable":true,"href":"https:\/\/tamara-landau.net\/pt-pt\/wp-json\/wp\/v2\/users\/1"}],"replies":[{"embeddable":true,"href":"https:\/\/tamara-landau.net\/pt-pt\/wp-json\/wp\/v2\/comments?post=3456"}],"version-history":[{"count":1,"href":"https:\/\/tamara-landau.net\/pt-pt\/wp-json\/wp\/v2\/pages\/3456\/revisions"}],"predecessor-version":[{"id":3457,"href":"https:\/\/tamara-landau.net\/pt-pt\/wp-json\/wp\/v2\/pages\/3456\/revisions\/3457"}],"wp:attachment":[{"href":"https:\/\/tamara-landau.net\/pt-pt\/wp-json\/wp\/v2\/media?parent=3456"}],"curies":[{"name":"wp","href":"https:\/\/api.w.org\/{rel}","templated":true}]}}