{"id":2817,"date":"2019-12-10T18:05:14","date_gmt":"2019-12-10T18:05:14","guid":{"rendered":"https:\/\/tamara-landau.net\/eventi-2018\/"},"modified":"2019-12-10T18:05:15","modified_gmt":"2019-12-10T18:05:15","slug":"eventi-2018","status":"publish","type":"page","link":"https:\/\/tamara-landau.net\/it\/eventi-2018\/","title":{"rendered":"Eventi 2018"},"content":{"rendered":"<p>[et_pb_section fb_built=&#8221;1&#8243; fullwidth=&#8221;on&#8221; _builder_version=&#8221;3.26.4&#8243; background_color=&#8221;#fcfaf6&#8243;][et_pb_fullwidth_header title=&#8221;Tamara Landau&#8221; subhead=&#8221;Eventi 2018&#8243; _builder_version=&#8221;3.26.4&#8243; title_font=&#8221;||||||||&#8221; title_text_color=&#8221;#00cccc&#8221; title_font_size=&#8221;25px&#8221; subhead_font=&#8221;||||||||&#8221; subhead_text_color=&#8221;#0068d8&#8243; subhead_font_size=&#8221;24px&#8221; background_color=&#8221;#fbfaf5&#8243; border_color_all=&#8221;#ffffff&#8221; border_color_bottom=&#8221;#00cccc&#8221; border_style_bottom=&#8221;dotted&#8221; background_layout=&#8221;light&#8221; custom_padding=&#8221;25px||6px|||&#8221;][\/et_pb_fullwidth_header][\/et_pb_section][et_pb_section fb_built=&#8221;1&#8243; fullwidth=&#8221;on&#8221; _builder_version=&#8221;3.26.4&#8243; background_color=&#8221;#ffffff&#8221; border_width_bottom=&#8221;1px&#8221; border_color_bottom=&#8221;#d7f9ee&#8221; custom_padding=&#8221;5px||16px|||&#8221; global_module=&#8221;1253&#8243; locked=&#8221;off&#8221;][et_pb_fullwidth_menu menu_id=&#8221;36&#8243; active_link_color=&#8221;#0068d8&#8243; dropdown_menu_text_color=&#8221;#0068d8&#8243; _builder_version=&#8221;3.26.4&#8243; background_color=&#8221;rgba(0,0,0,0)&#8221; border_color_bottom=&#8221;#d7f9ee&#8221; custom_margin=&#8221;||-10px|||&#8221;][\/et_pb_fullwidth_menu][\/et_pb_section][et_pb_section fb_built=&#8221;1&#8243; _builder_version=&#8221;3.26.4&#8243; border_width_bottom=&#8221;1px&#8221; border_color_bottom=&#8221;#d7f9ee&#8221; box_shadow_style=&#8221;preset3&#8243; box_shadow_color=&#8221;#d7f9ee&#8221; custom_padding=&#8221;40px||16px|||&#8221; locked=&#8221;off&#8221;][et_pb_row column_structure=&#8221;2_3,1_3&#8243; custom_padding=&#8221;3px||8px|||&#8221; custom_margin=&#8221;|auto|-6px|50px||&#8221; _builder_version=&#8221;3.26.4&#8243; min_height=&#8221;179px&#8221;][et_pb_column type=&#8221;2_3&#8243; _builder_version=&#8221;3.26.4&#8243;][et_pb_text _builder_version=&#8221;3.26.4&#8243; text_font=&#8221;|||on|||||&#8221; text_text_color=&#8221;#00cccc&#8221; text_font_size=&#8221;18px&#8221;]<span class=\"tlid-translation translation\" lang=\"it\"><span class=\"\" title=\"\">Mostra dal 12 novembre 2018 al 31 marzo 2019<\/span><\/span>[\/et_pb_text][et_pb_text _builder_version=&#8221;3.26.4&#8243;]<\/p>\n<h2 class=\"entry-titre\">Exposition \u00ab Carnet d\u2019un psychanalyste IV \u00bb prolong\u00e9e jusqu\u2019au 31 mars 2019<\/h2>\n<p>[\/et_pb_text][et_pb_text _builder_version=&#8221;3.26.4&#8243;]<\/p>\n<p><span>La grande salle du Mus\u00e9e Juif de Buenos Aires en Argentine accueille l\u2019exposition &#8220;Carnet d\u2019un psychanalyste IV&#8221; avec les tableaux de\u00a0<\/span><strong>Jean-Pierre Landau<\/strong><span>, la sculpture et les vid\u00e9os de\u00a0<\/span>Tamara Landau.<\/p>\n<p>[\/et_pb_text][et_pb_image src=&#8221;https:\/\/tamara-landau.net\/wp-content\/uploads\/2019\/10\/IMG-12112018_01.jpg&#8221; show_in_lightbox=&#8221;on&#8221; _builder_version=&#8221;3.26.4&#8243;][\/et_pb_image][et_pb_video src=&#8221;https:\/\/www.youtube.com\/watch?v=QCpVMygS0Pk&#038;feature=youtu.be&#8221; _builder_version=&#8221;3.26.4&#8243;][\/et_pb_video][\/et_pb_column][et_pb_column type=&#8221;1_3&#8243; _builder_version=&#8221;3.26.4&#8243;][et_pb_text _builder_version=&#8221;3.26.4&#8243; background_color=&#8221;rgba(0,0,0,0)&#8221; border_width_top=&#8221;1px&#8221; border_color_top=&#8221;#d7f9ee&#8221; custom_padding=&#8221;10px|10px|5px|10px|false|true&#8221;]<\/p>\n<p><strong>Mus\u00e9e Juif de Buenos Aires<\/strong>,<br \/> Libertad 769 C.A.B.A.<\/p>\n<p>[\/et_pb_text][\/et_pb_column][\/et_pb_row][\/et_pb_section][et_pb_section fb_built=&#8221;1&#8243; _builder_version=&#8221;3.26.4&#8243; border_width_bottom=&#8221;1px&#8221; border_color_bottom=&#8221;#d7f9ee&#8221; box_shadow_style=&#8221;preset3&#8243; box_shadow_color=&#8221;#d7f9ee&#8221; custom_padding=&#8221;40px||16px|||&#8221; locked=&#8221;off&#8221;][et_pb_row column_structure=&#8221;2_3,1_3&#8243; custom_padding=&#8221;3px||8px|||&#8221; custom_margin=&#8221;|auto|-6px|50px||&#8221; _builder_version=&#8221;3.26.4&#8243; min_height=&#8221;179px&#8221;][et_pb_column type=&#8221;2_3&#8243; _builder_version=&#8221;3.26.4&#8243;][et_pb_text _builder_version=&#8221;3.26.4&#8243; text_font=&#8221;|||on|||||&#8221; text_text_color=&#8221;#00cccc&#8221; text_font_size=&#8221;18px&#8221; custom_margin=&#8221;||15px|||&#8221;]<span class=\"tlid-translation translation\" lang=\"it\"><span class=\"\" title=\"\">Dicembre 2018<\/span><\/span>[\/et_pb_text][et_pb_text _builder_version=&#8221;3.26.4&#8243; custom_margin=&#8221;||15px|||&#8221;]<\/p>\n<h2 class=\"entry-titre\">Livre collectif, sous la dir. de Larissa Ornellas<\/h2>\n<p>[\/et_pb_text][et_pb_text _builder_version=&#8221;3.26.4&#8243;]<\/p>\n<p><strong>Participation \u00e0 Salvador de Bahia<\/strong> (Br\u00e9sil), au livre collectif, sous la direction de Larissa Ornellas, <strong>&#8220;Desafios da subjetividade frente \u00e0s vicissitudes comtempor\u00e2neas: praticas psicanaliticas&#8221;<\/strong>. Editions Instituto Langage.<\/p>\n<p>[\/et_pb_text][\/et_pb_column][et_pb_column type=&#8221;1_3&#8243; _builder_version=&#8221;3.26.4&#8243;][et_pb_image src=&#8221;https:\/\/tamara-landau.net\/wp-content\/uploads\/2019\/10\/desafios_01.jpg&#8221; _builder_version=&#8221;3.26.4&#8243;][\/et_pb_image][\/et_pb_column][\/et_pb_row][\/et_pb_section][et_pb_section fb_built=&#8221;1&#8243; _builder_version=&#8221;3.26.4&#8243; border_width_bottom=&#8221;1px&#8221; border_color_bottom=&#8221;#d7f9ee&#8221; box_shadow_style=&#8221;preset3&#8243; box_shadow_color=&#8221;#d7f9ee&#8221; custom_padding=&#8221;40px||16px|||&#8221; locked=&#8221;off&#8221;][et_pb_row column_structure=&#8221;2_3,1_3&#8243; custom_padding=&#8221;3px||8px|||&#8221; custom_margin=&#8221;|auto|-6px|50px||&#8221; _builder_version=&#8221;3.26.4&#8243; min_height=&#8221;179px&#8221;][et_pb_column type=&#8221;2_3&#8243; _builder_version=&#8221;3.26.4&#8243;][et_pb_text _builder_version=&#8221;3.26.4&#8243; text_font=&#8221;|||on|||||&#8221; text_text_color=&#8221;#00cccc&#8221; text_font_size=&#8221;18px&#8221;]<span class=\"tlid-translation translation\" lang=\"it\"><span class=\"\" title=\"\">Sabato 10 novembre 2018<\/span><\/span>[\/et_pb_text][et_pb_text _builder_version=&#8221;3.26.4&#8243;]<\/p>\n<h2 class=\"entry-titre\">Nuit Blanche des Mus\u00e9es en Argentine<\/h2>\n<p>[\/et_pb_text][et_pb_text _builder_version=&#8221;3.26.4&#8243;]<\/p>\n<p><span>Durant la Nuit Blanche des Mus\u00e9es en Argentine, l\u2019exposition &#8220;Carnet d\u2019un psychanalyste IV&#8221; avec les peintures et dessins de\u00a0<\/span><strong>Jean-Pierre Landau<\/strong><span>, la <strong>sculpture et les vid\u00e9os de<\/strong>\u00a0<\/span><strong>Tamara Landau<\/strong><span>\u00a0seront expos\u00e9s dans la grande salle du Mus\u00e9e Juif de Buenos Aires<\/span>.<\/p>\n<p>[\/et_pb_text][et_pb_image src=&#8221;https:\/\/tamara-landau.net\/wp-content\/uploads\/2019\/10\/image002_B.jpg&#8221; show_in_lightbox=&#8221;on&#8221; _builder_version=&#8221;3.26.4&#8243;][\/et_pb_image][\/et_pb_column][et_pb_column type=&#8221;1_3&#8243; _builder_version=&#8221;3.26.4&#8243;][et_pb_text _builder_version=&#8221;3.26.4&#8243; background_color=&#8221;rgba(0,0,0,0)&#8221; border_width_top=&#8221;1px&#8221; border_color_top=&#8221;#d7f9ee&#8221; custom_padding=&#8221;10px|10px|5px|10px|false|true&#8221;]<\/p>\n<p><strong>Mus\u00e9e Juif de Buenos Aires<\/strong>,<br \/> Libertad 769 C.A.B.A.<\/p>\n<p>[\/et_pb_text][\/et_pb_column][\/et_pb_row][\/et_pb_section][et_pb_section fb_built=&#8221;1&#8243; _builder_version=&#8221;3.26.4&#8243; border_width_bottom=&#8221;1px&#8221; border_color_bottom=&#8221;#d7f9ee&#8221; box_shadow_style=&#8221;preset3&#8243; box_shadow_color=&#8221;#d7f9ee&#8221; custom_padding=&#8221;40px||16px|||&#8221; locked=&#8221;off&#8221;][et_pb_row column_structure=&#8221;2_3,1_3&#8243; custom_padding=&#8221;3px||8px|||&#8221; custom_margin=&#8221;|auto|-6px|50px||&#8221; _builder_version=&#8221;3.26.4&#8243; min_height=&#8221;264px&#8221;][et_pb_column type=&#8221;2_3&#8243; _builder_version=&#8221;3.26.4&#8243;][et_pb_text _builder_version=&#8221;3.26.4&#8243; text_font=&#8221;|||on|||||&#8221; text_text_color=&#8221;#00cccc&#8221; text_font_size=&#8221;18px&#8221;]<span class=\"tlid-translation translation\" lang=\"it\"><span class=\"\" title=\"\">Sabato 9 settembre 2018<\/span><\/span>[\/et_pb_text][et_pb_text _builder_version=&#8221;3.26.4&#8243;]<\/p>\n<h2 class=\"entry-titre\">Canal metro TV, Dr. Luisa R. Kremer, <br \/>&#8220;Actualidad y psicoanalisis&#8221;.<\/h2>\n<p>[\/et_pb_text][et_pb_text _builder_version=&#8221;3.26.4&#8243;]<\/p>\n<p><strong>Tamara Landau<\/strong><span>\u00a0est invit\u00e9e \u00e0 pr\u00e9senter son livre &#8220;Dar a luz, dar vida&#8221; par le\u00a0<\/span><strong>Dr. Luisa R. Kremer<\/strong><span>\u00a0\u00e0 son \u00e9mission de t\u00e9l\u00e9vision sur canal metro dans le programme &#8220;<\/span><a href=\"https:\/\/www.youtube.com\/watch?reload=9&amp;v=Lcc7wT59Fp8\">Actualidad y psicoanalisis<\/a><span>&#8220;.<\/span><\/p>\n<p>[\/et_pb_text][\/et_pb_column][et_pb_column type=&#8221;1_3&#8243; _builder_version=&#8221;3.26.4&#8243;][et_pb_image src=&#8221;https:\/\/tamara-landau.net\/wp-content\/uploads\/2019\/10\/Actualidad-psicoanalysis-Tamara-Landau.jpg&#8221; url=&#8221;https:\/\/www.youtube.com\/watch?reload=9&amp;v=Lcc7wT59Fp8&#8243; _builder_version=&#8221;3.26.4&#8243;][\/et_pb_image][et_pb_text _builder_version=&#8221;3.26.4&#8243; background_color=&#8221;rgba(0,0,0,0)&#8221; border_width_top=&#8221;1px&#8221; border_color_top=&#8221;#d7f9ee&#8221; custom_padding=&#8221;10px|10px|5px|10px|false|true&#8221;]<\/p>\n<p>Canal Metro TV, Argentine<\/p>\n<p>[\/et_pb_text][et_pb_text _builder_version=&#8221;3.26.4&#8243; background_color=&#8221;rgba(0,0,0,0)&#8221; border_width_top=&#8221;1px&#8221; border_color_top=&#8221;#d7f9ee&#8221; custom_padding=&#8221;10px|10px|5px|10px|false|true&#8221;]<\/p>\n<p><strong>Voir la vid\u00e9o <span><\/span><a href=\"https:\/\/www.youtube.com\/watch?reload=9&amp;v=Lcc7wT59Fp8\">Actualidad y psicoanalisis<\/a><br \/> <\/strong><\/p>\n<p>[\/et_pb_text][\/et_pb_column][\/et_pb_row][\/et_pb_section][et_pb_section fb_built=&#8221;1&#8243; _builder_version=&#8221;3.26.4&#8243; border_width_bottom=&#8221;1px&#8221; border_color_bottom=&#8221;#d7f9ee&#8221; box_shadow_style=&#8221;preset3&#8243; box_shadow_color=&#8221;#d7f9ee&#8221; custom_padding=&#8221;40px||16px|||&#8221; locked=&#8221;off&#8221;][et_pb_row column_structure=&#8221;2_3,1_3&#8243; custom_padding=&#8221;3px||8px|||&#8221; custom_margin=&#8221;|auto|-6px|50px||&#8221; _builder_version=&#8221;3.26.4&#8243; min_height=&#8221;179px&#8221;][et_pb_column type=&#8221;2_3&#8243; _builder_version=&#8221;3.26.4&#8243;][et_pb_text _builder_version=&#8221;3.26.4&#8243; text_font=&#8221;|||on|||||&#8221; text_text_color=&#8221;#00cccc&#8221; text_font_size=&#8221;18px&#8221;]<span class=\"tlid-translation translation\" lang=\"it\"><span class=\"\" title=\"\">Marted\u00ec 4 settembre 2018<\/span><\/span>[\/et_pb_text][et_pb_text _builder_version=&#8221;3.26.4&#8243;]<\/p>\n<h2 class=\"entry-titre\">Association Psychanalytique Argentine<\/h2>\n<p>[\/et_pb_text][et_pb_text _builder_version=&#8221;3.26.4&#8243;]Alicia Lotufo de Weinstein, la coordinatrice des activit\u00e9s de la Association Psychanalytique Argentine (A.P.A.) avec Rosalia Alvarez, la responsable du d\u00e9partement &#8220;Famille et couple&#8221;, Hilda Catz, la responsable du d\u00e9partement &#8220;enfants et adolescents&#8221;, Isabel Eckell de Muscio, responsable du d\u00e9partement de psychosomatique, invitent Tamara Landau \u00e0 pr\u00e9senter son travail sur \u00abLa vie pr\u00e9natale et les traumatismes endog\u00e8nes indicibles en acte dans la constitution du psychisme\u00bb.[\/et_pb_text][et_pb_image src=&#8221;https:\/\/tamara-landau.net\/wp-content\/uploads\/2019\/10\/invitacion4-9-18.jpg&#8221; show_in_lightbox=&#8221;on&#8221; _builder_version=&#8221;3.26.4&#8243;][\/et_pb_image][\/et_pb_column][et_pb_column type=&#8221;1_3&#8243; _builder_version=&#8221;3.26.4&#8243;][et_pb_text _builder_version=&#8221;3.26.4&#8243; background_color=&#8221;rgba(0,0,0,0)&#8221; border_width_top=&#8221;1px&#8221; border_color_top=&#8221;#d7f9ee&#8221; custom_padding=&#8221;10px|10px|5px|10px|false|true&#8221;]<\/p>\n<p>Asociaci\u00f3n Psicoanal\u00edtica Argentina, <br \/>Rodriguez Pe\u00f1a 1674,<br \/> Buenos Aires CABA<\/p>\n<p>[\/et_pb_text][\/et_pb_column][\/et_pb_row][\/et_pb_section][et_pb_section fb_built=&#8221;1&#8243; _builder_version=&#8221;3.26.4&#8243; border_width_bottom=&#8221;1px&#8221; border_color_bottom=&#8221;#d7f9ee&#8221; box_shadow_style=&#8221;preset3&#8243; box_shadow_color=&#8221;#d7f9ee&#8221; custom_padding=&#8221;40px||16px|||&#8221; locked=&#8221;off&#8221;][et_pb_row column_structure=&#8221;2_3,1_3&#8243; custom_padding=&#8221;3px||8px|||&#8221; custom_margin=&#8221;|auto|-6px|50px||&#8221; _builder_version=&#8221;3.26.4&#8243; min_height=&#8221;179px&#8221;][et_pb_column type=&#8221;2_3&#8243; _builder_version=&#8221;3.26.4&#8243;][et_pb_text _builder_version=&#8221;3.26.4&#8243; text_font=&#8221;|||on|||||&#8221; text_text_color=&#8221;#00cccc&#8221; text_font_size=&#8221;18px&#8221;]<span class=\"tlid-translation translation\" lang=\"it\"><span title=\"\">Gioved\u00ec 30 agosto 2018<\/span><\/span>[\/et_pb_text][et_pb_text _builder_version=&#8221;3.26.4&#8243;]<\/p>\n<h2 class=\"entry-titre\">XII Congr\u00e8s Argentin de Sant\u00e9 Mentale, <br \/>Buenos Aires<\/h2>\n<p>[\/et_pb_text][et_pb_text _builder_version=&#8221;3.26.4&#8243;]<\/p>\n<p>Tamara Landau est invit\u00e9e par la Pr\u00e9sidente <strong>Beatriz Kennel<\/strong>, Professeur et Chercheur \u00e0 l\u2019Universit\u00e9 de Buenos Aires (UBA), \u00e0 intervenir au <strong>XII Congr\u00e8s Argentin de Sant\u00e9 Mentale, section \u00e9pist\u00e9mologie et m\u00e9thodologie de la recherche en Sant\u00e9 Mentale<\/strong>. <br \/>Titre de l\u2019intervention : <br \/>&#8220;De la recherche en psychanalyse \u00e0 l\u2019\u00e9criture. Le parcours du livre &#8220;Accoucher et faire na\u00eetre&#8221; dans la version espagnole <em>Dar a luz, dar vida. Di\u00e1logos y separaciones durante el embarazo<\/em>&#8221; Ediciones Ricardo Vergara. <br \/>Discutants <strong>Prof. Dr. Beatriz Kennel et Dr Silvia Raggi<\/strong><\/p>\n<p>[\/et_pb_text][\/et_pb_column][et_pb_column type=&#8221;1_3&#8243; _builder_version=&#8221;3.26.4&#8243;][et_pb_text _builder_version=&#8221;3.26.4&#8243; background_color=&#8221;rgba(0,0,0,0)&#8221; border_width_top=&#8221;1px&#8221; border_color_top=&#8221;#d7f9ee&#8221; custom_padding=&#8221;10px|10px|5px|10px|false|true&#8221;]<\/p>\n<p><span>Hotel Panamericano<br \/>Buenos Aires <br \/>Congr\u00e8s du 29 au 31 ao\u00fbt 2018<\/span><\/p>\n<p>[\/et_pb_text][\/et_pb_column][\/et_pb_row][\/et_pb_section][et_pb_section fb_built=&#8221;1&#8243; _builder_version=&#8221;3.26.4&#8243; border_width_bottom=&#8221;1px&#8221; border_color_bottom=&#8221;#d7f9ee&#8221; box_shadow_style=&#8221;preset3&#8243; box_shadow_color=&#8221;#d7f9ee&#8221; custom_padding=&#8221;40px||16px|||&#8221; locked=&#8221;off&#8221;][et_pb_row column_structure=&#8221;2_3,1_3&#8243; custom_padding=&#8221;3px||8px|||&#8221; custom_margin=&#8221;|auto|-6px|50px||&#8221; _builder_version=&#8221;3.26.4&#8243; min_height=&#8221;179px&#8221;][et_pb_column type=&#8221;2_3&#8243; _builder_version=&#8221;3.26.4&#8243;][et_pb_text _builder_version=&#8221;3.26.4&#8243; text_font=&#8221;|||on|||||&#8221; text_text_color=&#8221;#00cccc&#8221; text_font_size=&#8221;18px&#8221;]<span class=\"tlid-translation translation\" lang=\"it\"><span title=\"\">Sabato 25 agosto 2018<\/span><\/span>[\/et_pb_text][et_pb_text _builder_version=&#8221;3.26.4&#8243;]<\/p>\n<h2 class=\"entry-titre\">Galerie Buenos Aires Sur, Pr\u00e9sentation<\/h2>\n<p>[\/et_pb_text][et_pb_text _builder_version=&#8221;3.26.4&#8243;]Tamara Landau pr\u00e9sente son livre \u00e0 16h30 dans la galerie Buenos Aires Sur durant l\u2019exposition de Jean-Pierre Landau &#8220;Carnet d\u2019un psychanalyste IV&#8221;.[\/et_pb_text][\/et_pb_column][et_pb_column type=&#8221;1_3&#8243; _builder_version=&#8221;3.26.4&#8243;][et_pb_text _builder_version=&#8221;3.26.4&#8243; background_color=&#8221;rgba(0,0,0,0)&#8221; border_width_top=&#8221;1px&#8221; border_color_top=&#8221;#d7f9ee&#8221; custom_padding=&#8221;10px|10px|5px|10px|false|true&#8221;]<\/p>\n<p>Galerie Buenos Aires Sur, Bolivar 1268 <br \/>Buenos Aires<\/p>\n<p>[\/et_pb_text][\/et_pb_column][\/et_pb_row][\/et_pb_section][et_pb_section fb_built=&#8221;1&#8243; _builder_version=&#8221;3.26.4&#8243; border_width_bottom=&#8221;1px&#8221; border_color_bottom=&#8221;#d7f9ee&#8221; box_shadow_style=&#8221;preset3&#8243; box_shadow_color=&#8221;#d7f9ee&#8221; custom_padding=&#8221;40px||16px|||&#8221; locked=&#8221;off&#8221;][et_pb_row column_structure=&#8221;2_3,1_3&#8243; custom_padding=&#8221;3px||8px|||&#8221; custom_margin=&#8221;|auto|-6px|50px||&#8221; _builder_version=&#8221;3.26.4&#8243; min_height=&#8221;179px&#8221;][et_pb_column type=&#8221;2_3&#8243; _builder_version=&#8221;3.26.4&#8243;][et_pb_text _builder_version=&#8221;3.26.4&#8243; text_font=&#8221;|||on|||||&#8221; text_text_color=&#8221;#00cccc&#8221; text_font_size=&#8221;18px&#8221;]<span class=\"tlid-translation translation\" lang=\"it\"><span title=\"\">Gioved\u00ec 23 agosto<\/span><\/span> 2018 &#8211; 15h[\/et_pb_text][et_pb_text _builder_version=&#8221;3.26.4&#8243;]<\/p>\n<h2 class=\"entry-titre\">Facult\u00e9 de psychologie de l\u2019Universit\u00e9 de Salvador (USAL)<\/h2>\n<p>[\/et_pb_text][et_pb_text _builder_version=&#8221;3.26.4&#8243;]<\/p>\n<p>Tamara Landau est invit\u00e9e par <strong>Gabriela Renault<\/strong>, doyenne de la facult\u00e9, et le <strong>Prof. Charo Maro\u00f1o<\/strong> \u00e0 pr\u00e9senter son livre \u00ab&#8221;Dar a luz, dar vida&#8221; \u00e0 la facult\u00e9 de psychologie de l\u2019Universit\u00e9 de Salvador (USAL).<\/p>\n<p>[\/et_pb_text][\/et_pb_column][et_pb_column type=&#8221;1_3&#8243; _builder_version=&#8221;3.26.4&#8243;][et_pb_text _builder_version=&#8221;3.26.4&#8243; background_color=&#8221;rgba(0,0,0,0)&#8221; border_width_top=&#8221;1px&#8221; border_color_top=&#8221;#d7f9ee&#8221; custom_padding=&#8221;10px|10px|5px|10px|false|true&#8221;]<\/p>\n<p>Facult\u00e9 de psychologie de l\u2019Universit\u00e9 de Salvador (USAL), <br \/>M.T. de Alvear 1335, Buenos Aires<\/p>\n<p>[\/et_pb_text][\/et_pb_column][\/et_pb_row][\/et_pb_section][et_pb_section fb_built=&#8221;1&#8243; _builder_version=&#8221;3.26.4&#8243; border_width_bottom=&#8221;1px&#8221; border_color_bottom=&#8221;#d7f9ee&#8221; box_shadow_style=&#8221;preset3&#8243; box_shadow_color=&#8221;#d7f9ee&#8221; custom_padding=&#8221;40px||16px|||&#8221; locked=&#8221;off&#8221;][et_pb_row column_structure=&#8221;2_3,1_3&#8243; custom_padding=&#8221;3px||8px|||&#8221; custom_margin=&#8221;|auto|-6px|50px||&#8221; _builder_version=&#8221;3.26.4&#8243; min_height=&#8221;179px&#8221;][et_pb_column type=&#8221;2_3&#8243; _builder_version=&#8221;3.26.4&#8243;][et_pb_text _builder_version=&#8221;3.26.4&#8243; text_font=&#8221;|||on|||||&#8221; text_text_color=&#8221;#00cccc&#8221; text_font_size=&#8221;18px&#8221;]<span class=\"tlid-translation translation\" lang=\"it\"><span title=\"\">Mercoled\u00ec 22 agosto<\/span><\/span> 2018[\/et_pb_text][et_pb_text _builder_version=&#8221;3.26.4&#8243;]<\/p>\n<h2 class=\"entry-titre\">Galerie Buenos Aires Sur, Exposition<\/h2>\n<p>[\/et_pb_text][et_pb_text _builder_version=&#8221;3.26.4&#8243;]<\/p>\n<p><strong>Eva Piccolo<\/strong>, la curatrice, invite au vernissage de l\u2019exposition de J<strong>ean-Pierre Landau<\/strong> &#8220;Carnet d\u2019un psychanalyste IV&#8221; avec les vid\u00e9os de <strong>Tamara Landau<\/strong> \u00e0 la galerie Buenos Aires Sur. L\u2019exposition aura lieu du 22 ao\u00fbt au 30 ao\u00fbt.<\/p>\n<p>[\/et_pb_text][\/et_pb_column][et_pb_column type=&#8221;1_3&#8243; _builder_version=&#8221;3.26.4&#8243;][et_pb_text _builder_version=&#8221;3.26.4&#8243; background_color=&#8221;rgba(0,0,0,0)&#8221; border_width_top=&#8221;1px&#8221; border_color_top=&#8221;#d7f9ee&#8221; custom_padding=&#8221;10px|10px|5px|10px|false|true&#8221;]<\/p>\n<p>Galerie Buenos Aires Sur, Bolivar 1268 <br \/>Buenos Aires<\/p>\n<p>[\/et_pb_text][\/et_pb_column][\/et_pb_row][\/et_pb_section][et_pb_section fb_built=&#8221;1&#8243; _builder_version=&#8221;3.26.4&#8243; border_width_bottom=&#8221;1px&#8221; border_color_bottom=&#8221;#d7f9ee&#8221; box_shadow_style=&#8221;preset3&#8243; box_shadow_color=&#8221;#d7f9ee&#8221; custom_padding=&#8221;40px||16px|||&#8221; locked=&#8221;off&#8221;][et_pb_row column_structure=&#8221;2_3,1_3&#8243; custom_padding=&#8221;3px||8px|||&#8221; custom_margin=&#8221;|auto|-6px|50px||&#8221; _builder_version=&#8221;3.26.4&#8243; min_height=&#8221;179px&#8221;][et_pb_column type=&#8221;2_3&#8243; _builder_version=&#8221;3.26.4&#8243;][et_pb_text _builder_version=&#8221;3.26.4&#8243; text_font=&#8221;|||on|||||&#8221; text_text_color=&#8221;#00cccc&#8221; text_font_size=&#8221;18px&#8221;]<span class=\"tlid-translation translation\" lang=\"it\"><span title=\"\">Sabato 18 agosto<\/span><\/span> 2018[\/et_pb_text][et_pb_text _builder_version=&#8221;3.26.4&#8243;]<\/p>\n<h2 class=\"entry-titre\">Universit\u00e9 Maimonides, Buenos Aires<\/h2>\n<p>[\/et_pb_text][et_pb_text _builder_version=&#8221;3.26.4&#8243;]<\/p>\n<p>Tamara Landau<span>\u00a0est invit\u00e9e par <strong>Jaqui Zieler<\/strong> \u00e0 parler de son livre &#8220;Dar a luz, dar vida&#8221; \u00e0 l\u2019Universit\u00e9 Maimonides de Buenos Aires.<\/span><\/p>\n<p>[\/et_pb_text][\/et_pb_column][et_pb_column type=&#8221;1_3&#8243; _builder_version=&#8221;3.26.4&#8243;][et_pb_text _builder_version=&#8221;3.26.4&#8243; background_color=&#8221;rgba(0,0,0,0)&#8221; border_width_top=&#8221;1px&#8221; border_color_top=&#8221;#d7f9ee&#8221; custom_padding=&#8221;10px|10px|5px|10px|false|true&#8221;]<\/p>\n<p><span>Universit\u00e9 Maimonides, <br \/>Hidalgo 775 Buenos Aires<\/span><\/p>\n<p>[\/et_pb_text][\/et_pb_column][\/et_pb_row][\/et_pb_section][et_pb_section fb_built=&#8221;1&#8243; _builder_version=&#8221;3.26.4&#8243; border_width_bottom=&#8221;1px&#8221; border_color_bottom=&#8221;#d7f9ee&#8221; box_shadow_style=&#8221;preset3&#8243; box_shadow_color=&#8221;#d7f9ee&#8221; custom_padding=&#8221;40px||16px|||&#8221; locked=&#8221;off&#8221;][et_pb_row column_structure=&#8221;2_3,1_3&#8243; custom_padding=&#8221;3px||8px|||&#8221; custom_margin=&#8221;|auto|12px|50px||&#8221; _builder_version=&#8221;3.26.4&#8243; min_height=&#8221;179px&#8221;][et_pb_column type=&#8221;2_3&#8243; _builder_version=&#8221;3.26.4&#8243;][et_pb_text _builder_version=&#8221;3.26.4&#8243; text_font=&#8221;|||on|||||&#8221; text_text_color=&#8221;#00cccc&#8221; text_font_size=&#8221;18px&#8221;]<span class=\"tlid-translation translation\" lang=\"it\"><span class=\"\" title=\"\">Marted\u00ec 14 agosto 2018<\/span><br \/>\n<span title=\"\">dalle 18.30<\/span><\/span>[\/et_pb_text][et_pb_text _builder_version=&#8221;3.26.4&#8243;]<\/p>\n<h2 class=\"entry-titre\">Mus\u00e9e Juif de Buenos Aires, <br \/>Donation de &#8220;L&#8217;arbre renvers\u00e9&#8221;, sculpture de Tamara Landau<\/h2>\n<p>[\/et_pb_text][et_pb_image src=&#8221;https:\/\/tamara-landau.net\/wp-content\/uploads\/2019\/10\/ArbreRenverseTL_03.jpg&#8221; show_in_lightbox=&#8221;on&#8221; _builder_version=&#8221;3.26.4&#8243;][\/et_pb_image][et_pb_text _builder_version=&#8221;3.26.4&#8243;]<\/p>\n<p>Le Mus\u00e9e Juif de Buenos Aires et <strong>Liliana Flugelman<\/strong>, la curatrice, pr\u00e9sentent l\u2019\u00e9v\u00e9nement <strong>Mnemoart &#8220;Art, M\u00e9moire et Psychanalyse&#8221;<\/strong> avec les Landau \u2013 Sigmund, Jean-Pierre &amp; Tamara. <br \/>Seront projet\u00e9s des vid\u00e9os de l\u2019exposition &#8220;P\u00e8re&amp;Fils&#8221; avec des \u0153uvres de <strong>Sigmund Landau<\/strong> et <strong>Jean-Pierre Landau<\/strong>; une performance picturale de Jean-Pierre Landau avec musique klezmer de <strong>Martin Rur<\/strong> et sera c\u00e9l\u00e9br\u00e9e la donation au Mus\u00e9e de la sculpture \u00abL\u2019arbre renvers\u00e9\u00bb de Tamara Landau, figuration plastique de son concept psychanalytique comment\u00e9 par le <strong>Dr. Liliana Kaplan<\/strong> (chercheur INSERM).<\/p>\n<p>[\/et_pb_text][et_pb_video src=&#8221;https:\/\/www.youtube.com\/watch?v=CHtXxyvKe6A&#8221; _builder_version=&#8221;3.26.4&#8243;][\/et_pb_video][\/et_pb_column][et_pb_column type=&#8221;1_3&#8243; _builder_version=&#8221;3.26.4&#8243;][et_pb_text _builder_version=&#8221;3.26.4&#8243; background_color=&#8221;rgba(0,0,0,0)&#8221; border_width_top=&#8221;1px&#8221; border_color_top=&#8221;#d7f9ee&#8221; custom_padding=&#8221;10px|10px|5px|10px|false|true&#8221;]<\/p>\n<p><span>Mus\u00e9e Juif de Buenos Aires<br \/> Libertad 769 C.A.B.A.<\/span><\/p>\n<p>[\/et_pb_text][et_pb_text _builder_version=&#8221;3.26.4&#8243; background_color=&#8221;rgba(0,0,0,0)&#8221; border_width_top=&#8221;1px&#8221; border_color_top=&#8221;#d7f9ee&#8221; custom_padding=&#8221;10px|10px|5px|10px|false|true&#8221;]<\/p>\n<p><a href=\"https:\/\/youtu.be\/rimPFjesKwA\" target=\"_blank\" rel=\"noopener noreferrer\">\u00c9v\u00e9nement Landau<br \/> &#8220;ART, M\u00c9MOIRE et PSYCHANALYSE&#8221;<br \/> Mus\u00e9e Juif de Buenos Aires.<br \/> 14 ao\u00fbt 2018 (<strong>Voir la vid\u00e9o<\/strong>)<\/a><\/p>\n<p>[\/et_pb_text][\/et_pb_column][\/et_pb_row][\/et_pb_section][et_pb_section fb_built=&#8221;1&#8243; _builder_version=&#8221;3.26.4&#8243; border_width_bottom=&#8221;1px&#8221; border_color_bottom=&#8221;#d7f9ee&#8221; box_shadow_style=&#8221;preset3&#8243; box_shadow_color=&#8221;#d7f9ee&#8221; custom_padding=&#8221;40px||16px|||&#8221; locked=&#8221;off&#8221;][et_pb_row column_structure=&#8221;2_3,1_3&#8243; custom_padding=&#8221;3px||8px|||&#8221; custom_margin=&#8221;|auto|-6px|50px||&#8221; _builder_version=&#8221;3.26.4&#8243; min_height=&#8221;179px&#8221;][et_pb_column type=&#8221;2_3&#8243; _builder_version=&#8221;3.26.4&#8243;][et_pb_text _builder_version=&#8221;3.26.4&#8243; text_font=&#8221;|||on|||||&#8221; text_text_color=&#8221;#00cccc&#8221; text_font_size=&#8221;18px&#8221;]<span class=\"tlid-translation translation\" lang=\"it\"><span title=\"\">Marted\u00ec 7 agosto 2018 dalle 13h alle 14h30<\/span><\/span>[\/et_pb_text][et_pb_text _builder_version=&#8221;3.26.4&#8243;]<\/p>\n<h2 class=\"entry-titre\"><span>Association Psychanalytique Argentine (A.P.A.)<\/span><\/h2>\n<p>[\/et_pb_text][et_pb_text _builder_version=&#8221;3.26.4&#8243;]<\/p>\n<p><span>Le\u00a0<\/span><strong>dr.Hilda Catz<\/strong><span>, responsable du d\u00e9partement des enfants et adolescents, invite Tamara Landau \u00e0 parler de son dernier livre publi\u00e9 aux \u00e9ditions Ricardo Vergara en Argentine <em>&#8220;Dar a luz, dar vida. Di\u00e1logos y separaciones durante el embarazo&#8221;<\/em> \u00e0 l&#8217;Association Psychanalytique Argentine (A.P.A.) de Buenos Aires.<\/span><\/p>\n<p>[\/et_pb_text][\/et_pb_column][et_pb_column type=&#8221;1_3&#8243; _builder_version=&#8221;3.26.4&#8243;][et_pb_text _builder_version=&#8221;3.26.4&#8243; background_color=&#8221;rgba(0,0,0,0)&#8221; border_width_top=&#8221;1px&#8221; border_color_top=&#8221;#d7f9ee&#8221; custom_padding=&#8221;10px|10px|5px|10px|false|true&#8221;]<\/p>\n<p><span>Association Psychanalytique Argentine (A.P.A.) rue Rodriguez Pe\u00f1a 1674, <br \/>Buenos Aires<\/span><\/p>\n<p>[\/et_pb_text][\/et_pb_column][\/et_pb_row][\/et_pb_section][et_pb_section fb_built=&#8221;1&#8243; _builder_version=&#8221;3.26.4&#8243; border_width_bottom=&#8221;1px&#8221; border_color_bottom=&#8221;#d7f9ee&#8221; box_shadow_style=&#8221;preset3&#8243; box_shadow_color=&#8221;#d7f9ee&#8221; custom_padding=&#8221;40px||16px|||&#8221; locked=&#8221;off&#8221;][et_pb_row column_structure=&#8221;2_3,1_3&#8243; custom_padding=&#8221;3px||8px|||&#8221; custom_margin=&#8221;|auto|-6px|50px||&#8221; _builder_version=&#8221;3.26.4&#8243; min_height=&#8221;179px&#8221;][et_pb_column type=&#8221;2_3&#8243; _builder_version=&#8221;3.26.4&#8243;][et_pb_text _builder_version=&#8221;3.26.4&#8243; text_font=&#8221;|||on|||||&#8221; text_text_color=&#8221;#00cccc&#8221; text_font_size=&#8221;18px&#8221;]<span class=\"tlid-translation translation\" lang=\"it\"><span title=\"\">Luglio 2018<\/span><\/span>[\/et_pb_text][et_pb_text _builder_version=&#8221;3.26.4&#8243;]<\/p>\n<h2 class=\"entry-titre\">Publication du livre de Tamara Landau <br \/>&#8220;Dar a luz, dar vida&#8221;<\/h2>\n<p>[\/et_pb_text][et_pb_text _builder_version=&#8221;3.26.4&#8243;]<\/p>\n<p><span>Publication du livre de\u00a0<\/span>Tamara Landau<span>\u00a0<strong>&#8220;Dar a luz, dar vida. Di\u00e1logos y separaciones durante el embarazo&#8221;<\/strong> Editions Ricardo Vergara, Buenos Aires 2018.<\/span><\/p>\n<p>[\/et_pb_text][\/et_pb_column][et_pb_column type=&#8221;1_3&#8243; _builder_version=&#8221;3.26.4&#8243;][et_pb_text _builder_version=&#8221;3.26.4&#8243; background_color=&#8221;rgba(0,0,0,0)&#8221; border_width_top=&#8221;1px&#8221; border_color_top=&#8221;#d7f9ee&#8221; custom_padding=&#8221;10px|10px|5px|10px|false|true&#8221;]<\/p>\n<p><span>Editions Ricardo Vergara, <br \/>Buenos Aires <\/span><\/p>\n<p>[\/et_pb_text][\/et_pb_column][\/et_pb_row][\/et_pb_section][et_pb_section fb_built=&#8221;1&#8243; _builder_version=&#8221;3.26.4&#8243; border_width_bottom=&#8221;1px&#8221; border_color_bottom=&#8221;#d7f9ee&#8221; box_shadow_style=&#8221;preset3&#8243; box_shadow_color=&#8221;#d7f9ee&#8221; custom_padding=&#8221;40px||16px|||&#8221; locked=&#8221;off&#8221;][et_pb_row column_structure=&#8221;2_3,1_3&#8243; custom_padding=&#8221;3px||8px|||&#8221; custom_margin=&#8221;|auto|-6px|50px||&#8221; _builder_version=&#8221;3.26.4&#8243; min_height=&#8221;179px&#8221;][et_pb_column type=&#8221;2_3&#8243; _builder_version=&#8221;3.26.4&#8243;][et_pb_text _builder_version=&#8221;3.26.4&#8243; text_font=&#8221;|||on|||||&#8221; text_text_color=&#8221;#00cccc&#8221; text_font_size=&#8221;18px&#8221;]<span class=\"tlid-translation translation\" lang=\"it\"><span title=\"\">Gennaio 2018<\/span><\/span>[\/et_pb_text][et_pb_text _builder_version=&#8221;3.26.4&#8243;]<\/p>\n<h2 class=\"entry-titre\">Publication Revue Cr\u00e9avida<\/h2>\n<p>[\/et_pb_text][et_pb_text _builder_version=&#8221;3.26.4&#8243;]<\/p>\n<p>Publication du <strong>S\u00e9minaire d&#8217;\u00c9cologie p\u00e9rinatale<\/strong> de Tamara Landau dans la revue Cr\u00e9avida N\u00b023, Buenos Aires, sous la direction de <strong>Jaqui Zieler<\/strong>.<\/p>\n<p>[\/et_pb_text][\/et_pb_column][et_pb_column type=&#8221;1_3&#8243; _builder_version=&#8221;3.26.4&#8243;][et_pb_text _builder_version=&#8221;3.26.4&#8243; background_color=&#8221;rgba(0,0,0,0)&#8221; border_width_top=&#8221;1px&#8221; border_color_top=&#8221;#d7f9ee&#8221; custom_padding=&#8221;10px|10px|5px|10px|false|true&#8221;]<\/p>\n<p><span><a href=\"http:\/\/www.fundacioncreavida.org.ar\/\">www.fundacioncreavida.org.ar<\/a><br \/> Buenos Aires <\/span><\/p>\n<p>[\/et_pb_text][\/et_pb_column][\/et_pb_row][\/et_pb_section][et_pb_section fb_built=&#8221;1&#8243; fullwidth=&#8221;on&#8221; _builder_version=&#8221;3.26.4&#8243; background_color=&#8221;#ffffff&#8221; border_width_bottom=&#8221;1px&#8221; border_color_bottom=&#8221;#d7f9ee&#8221; custom_padding=&#8221;5px||16px|||&#8221; global_module=&#8221;1253&#8243; locked=&#8221;off&#8221;][et_pb_fullwidth_menu menu_id=&#8221;36&#8243; active_link_color=&#8221;#0068d8&#8243; dropdown_menu_text_color=&#8221;#0068d8&#8243; _builder_version=&#8221;3.26.4&#8243; background_color=&#8221;rgba(0,0,0,0)&#8221; border_color_bottom=&#8221;#d7f9ee&#8221; custom_margin=&#8221;||-10px|||&#8221;][\/et_pb_fullwidth_menu][\/et_pb_section]<\/p>\n","protected":false},"excerpt":{"rendered":"<p>[et_pb_section fb_built=&#8221;1&#8243; fullwidth=&#8221;on&#8221; _builder_version=&#8221;3.26.4&#8243; background_color=&#8221;#fcfaf6&#8243;][et_pb_fullwidth_header title=&#8221;Tamara Landau&#8221; subhead=&#8221;Eventi 2018&#8243; _builder_version=&#8221;3.26.4&#8243; title_font=&#8221;||||||||&#8221; title_text_color=&#8221;#00cccc&#8221; title_font_size=&#8221;25px&#8221; subhead_font=&#8221;||||||||&#8221; subhead_text_color=&#8221;#0068d8&#8243; subhead_font_size=&#8221;24px&#8221; background_color=&#8221;#fbfaf5&#8243; border_color_all=&#8221;#ffffff&#8221; border_color_bottom=&#8221;#00cccc&#8221; border_style_bottom=&#8221;dotted&#8221; background_layout=&#8221;light&#8221; custom_padding=&#8221;25px||6px|||&#8221;][\/et_pb_fullwidth_header][\/et_pb_section][et_pb_section fb_built=&#8221;1&#8243; fullwidth=&#8221;on&#8221; _builder_version=&#8221;3.26.4&#8243; background_color=&#8221;#ffffff&#8221; border_width_bottom=&#8221;1px&#8221; border_color_bottom=&#8221;#d7f9ee&#8221; custom_padding=&#8221;5px||16px|||&#8221; global_module=&#8221;1253&#8243; locked=&#8221;off&#8221;][et_pb_fullwidth_menu menu_id=&#8221;36&#8243; active_link_color=&#8221;#0068d8&#8243; dropdown_menu_text_color=&#8221;#0068d8&#8243; _builder_version=&#8221;3.26.4&#8243; background_color=&#8221;rgba(0,0,0,0)&#8221; border_color_bottom=&#8221;#d7f9ee&#8221; custom_margin=&#8221;||-10px|||&#8221;][\/et_pb_fullwidth_menu][\/et_pb_section][et_pb_section fb_built=&#8221;1&#8243; _builder_version=&#8221;3.26.4&#8243; border_width_bottom=&#8221;1px&#8221; border_color_bottom=&#8221;#d7f9ee&#8221; box_shadow_style=&#8221;preset3&#8243; box_shadow_color=&#8221;#d7f9ee&#8221; custom_padding=&#8221;40px||16px|||&#8221; locked=&#8221;off&#8221;][et_pb_row column_structure=&#8221;2_3,1_3&#8243; custom_padding=&#8221;3px||8px|||&#8221; custom_margin=&#8221;|auto|-6px|50px||&#8221; _builder_version=&#8221;3.26.4&#8243; min_height=&#8221;179px&#8221;][et_pb_column type=&#8221;2_3&#8243; _builder_version=&#8221;3.26.4&#8243;][et_pb_text _builder_version=&#8221;3.26.4&#8243; text_font=&#8221;|||on|||||&#8221; [&hellip;]<\/p>\n","protected":false},"author":1,"featured_media":0,"parent":0,"menu_order":0,"comment_status":"closed","ping_status":"closed","template":"","meta":{"_et_pb_use_builder":"on","_et_pb_old_content":"","_et_gb_content_width":""},"yoast_head":"<!-- This site is optimized with the Yoast SEO plugin v20.3 - https:\/\/yoast.com\/wordpress\/plugins\/seo\/ -->\n<title>Eventi 2018 | Tamara Landau<\/title>\n<meta name=\"robots\" content=\"index, follow, max-snippet:-1, max-image-preview:large, max-video-preview:-1\" \/>\n<link rel=\"canonical\" href=\"https:\/\/tamara-landau.net\/it\/eventi-2018\/\" \/>\n<meta property=\"og:locale\" content=\"it_IT\" \/>\n<meta property=\"og:type\" content=\"article\" \/>\n<meta property=\"og:title\" content=\"Eventi 2018 | Tamara Landau\" \/>\n<meta property=\"og:description\" content=\"[et_pb_section fb_built=&#8221;1&#8243; fullwidth=&#8221;on&#8221; _builder_version=&#8221;3.26.4&#8243; background_color=&#8221;#fcfaf6&#8243;][et_pb_fullwidth_header title=&#8221;Tamara Landau&#8221; subhead=&#8221;Eventi 2018&#8243; _builder_version=&#8221;3.26.4&#8243; title_font=&#8221;||||||||&#8221; title_text_color=&#8221;#00cccc&#8221; title_font_size=&#8221;25px&#8221; subhead_font=&#8221;||||||||&#8221; subhead_text_color=&#8221;#0068d8&#8243; subhead_font_size=&#8221;24px&#8221; background_color=&#8221;#fbfaf5&#8243; border_color_all=&#8221;#ffffff&#8221; border_color_bottom=&#8221;#00cccc&#8221; border_style_bottom=&#8221;dotted&#8221; background_layout=&#8221;light&#8221; custom_padding=&#8221;25px||6px|||&#8221;][\/et_pb_fullwidth_header][\/et_pb_section][et_pb_section fb_built=&#8221;1&#8243; fullwidth=&#8221;on&#8221; _builder_version=&#8221;3.26.4&#8243; background_color=&#8221;#ffffff&#8221; border_width_bottom=&#8221;1px&#8221; border_color_bottom=&#8221;#d7f9ee&#8221; custom_padding=&#8221;5px||16px|||&#8221; global_module=&#8221;1253&#8243; locked=&#8221;off&#8221;][et_pb_fullwidth_menu menu_id=&#8221;36&#8243; active_link_color=&#8221;#0068d8&#8243; dropdown_menu_text_color=&#8221;#0068d8&#8243; _builder_version=&#8221;3.26.4&#8243; background_color=&#8221;rgba(0,0,0,0)&#8221; border_color_bottom=&#8221;#d7f9ee&#8221; custom_margin=&#8221;||-10px|||&#8221;][\/et_pb_fullwidth_menu][\/et_pb_section][et_pb_section fb_built=&#8221;1&#8243; _builder_version=&#8221;3.26.4&#8243; border_width_bottom=&#8221;1px&#8221; border_color_bottom=&#8221;#d7f9ee&#8221; box_shadow_style=&#8221;preset3&#8243; box_shadow_color=&#8221;#d7f9ee&#8221; custom_padding=&#8221;40px||16px|||&#8221; locked=&#8221;off&#8221;][et_pb_row column_structure=&#8221;2_3,1_3&#8243; custom_padding=&#8221;3px||8px|||&#8221; custom_margin=&#8221;|auto|-6px|50px||&#8221; _builder_version=&#8221;3.26.4&#8243; min_height=&#8221;179px&#8221;][et_pb_column type=&#8221;2_3&#8243; _builder_version=&#8221;3.26.4&#8243;][et_pb_text _builder_version=&#8221;3.26.4&#8243; text_font=&#8221;|||on|||||&#8221; [&hellip;]\" \/>\n<meta property=\"og:url\" content=\"https:\/\/tamara-landau.net\/it\/eventi-2018\/\" \/>\n<meta property=\"og:site_name\" content=\"Tamara Landau\" \/>\n<meta property=\"article:modified_time\" content=\"2019-12-10T18:05:15+00:00\" \/>\n<meta name=\"twitter:card\" content=\"summary_large_image\" \/>\n<meta name=\"twitter:label1\" content=\"Tempo di lettura stimato\" \/>\n\t<meta name=\"twitter:data1\" content=\"16 minuti\" \/>\n<script type=\"application\/ld+json\" class=\"yoast-schema-graph\">{\"@context\":\"https:\/\/schema.org\",\"@graph\":[{\"@type\":\"WebPage\",\"@id\":\"https:\/\/tamara-landau.net\/it\/eventi-2018\/\",\"url\":\"https:\/\/tamara-landau.net\/it\/eventi-2018\/\",\"name\":\"Eventi 2018 | Tamara Landau\",\"isPartOf\":{\"@id\":\"https:\/\/tamara-landau.net\/#website\"},\"datePublished\":\"2019-12-10T18:05:14+00:00\",\"dateModified\":\"2019-12-10T18:05:15+00:00\",\"breadcrumb\":{\"@id\":\"https:\/\/tamara-landau.net\/it\/eventi-2018\/#breadcrumb\"},\"inLanguage\":\"it-IT\",\"potentialAction\":[{\"@type\":\"ReadAction\",\"target\":[\"https:\/\/tamara-landau.net\/it\/eventi-2018\/\"]}]},{\"@type\":\"BreadcrumbList\",\"@id\":\"https:\/\/tamara-landau.net\/it\/eventi-2018\/#breadcrumb\",\"itemListElement\":[{\"@type\":\"ListItem\",\"position\":1,\"name\":\"Accueil\",\"item\":\"https:\/\/tamara-landau.net\/it\/tamara-landau-psicanalista-e-scultrice\/\"},{\"@type\":\"ListItem\",\"position\":2,\"name\":\"Eventi 2018\"}]},{\"@type\":\"WebSite\",\"@id\":\"https:\/\/tamara-landau.net\/#website\",\"url\":\"https:\/\/tamara-landau.net\/\",\"name\":\"Tamara Landau\",\"description\":\"psychanalyste et sculptrice\",\"potentialAction\":[{\"@type\":\"SearchAction\",\"target\":{\"@type\":\"EntryPoint\",\"urlTemplate\":\"https:\/\/tamara-landau.net\/?s={search_term_string}\"},\"query-input\":\"required name=search_term_string\"}],\"inLanguage\":\"it-IT\"}]}<\/script>\n<!-- \/ Yoast SEO plugin. -->","yoast_head_json":{"title":"Eventi 2018 | Tamara Landau","robots":{"index":"index","follow":"follow","max-snippet":"max-snippet:-1","max-image-preview":"max-image-preview:large","max-video-preview":"max-video-preview:-1"},"canonical":"https:\/\/tamara-landau.net\/it\/eventi-2018\/","og_locale":"it_IT","og_type":"article","og_title":"Eventi 2018 | Tamara Landau","og_description":"[et_pb_section fb_built=&#8221;1&#8243; fullwidth=&#8221;on&#8221; _builder_version=&#8221;3.26.4&#8243; background_color=&#8221;#fcfaf6&#8243;][et_pb_fullwidth_header title=&#8221;Tamara Landau&#8221; subhead=&#8221;Eventi 2018&#8243; _builder_version=&#8221;3.26.4&#8243; title_font=&#8221;||||||||&#8221; title_text_color=&#8221;#00cccc&#8221; title_font_size=&#8221;25px&#8221; subhead_font=&#8221;||||||||&#8221; subhead_text_color=&#8221;#0068d8&#8243; subhead_font_size=&#8221;24px&#8221; background_color=&#8221;#fbfaf5&#8243; border_color_all=&#8221;#ffffff&#8221; border_color_bottom=&#8221;#00cccc&#8221; border_style_bottom=&#8221;dotted&#8221; background_layout=&#8221;light&#8221; custom_padding=&#8221;25px||6px|||&#8221;][\/et_pb_fullwidth_header][\/et_pb_section][et_pb_section fb_built=&#8221;1&#8243; fullwidth=&#8221;on&#8221; _builder_version=&#8221;3.26.4&#8243; background_color=&#8221;#ffffff&#8221; border_width_bottom=&#8221;1px&#8221; border_color_bottom=&#8221;#d7f9ee&#8221; custom_padding=&#8221;5px||16px|||&#8221; global_module=&#8221;1253&#8243; locked=&#8221;off&#8221;][et_pb_fullwidth_menu menu_id=&#8221;36&#8243; active_link_color=&#8221;#0068d8&#8243; dropdown_menu_text_color=&#8221;#0068d8&#8243; _builder_version=&#8221;3.26.4&#8243; background_color=&#8221;rgba(0,0,0,0)&#8221; border_color_bottom=&#8221;#d7f9ee&#8221; custom_margin=&#8221;||-10px|||&#8221;][\/et_pb_fullwidth_menu][\/et_pb_section][et_pb_section fb_built=&#8221;1&#8243; _builder_version=&#8221;3.26.4&#8243; border_width_bottom=&#8221;1px&#8221; border_color_bottom=&#8221;#d7f9ee&#8221; box_shadow_style=&#8221;preset3&#8243; box_shadow_color=&#8221;#d7f9ee&#8221; custom_padding=&#8221;40px||16px|||&#8221; locked=&#8221;off&#8221;][et_pb_row column_structure=&#8221;2_3,1_3&#8243; custom_padding=&#8221;3px||8px|||&#8221; custom_margin=&#8221;|auto|-6px|50px||&#8221; _builder_version=&#8221;3.26.4&#8243; min_height=&#8221;179px&#8221;][et_pb_column type=&#8221;2_3&#8243; _builder_version=&#8221;3.26.4&#8243;][et_pb_text _builder_version=&#8221;3.26.4&#8243; text_font=&#8221;|||on|||||&#8221; [&hellip;]","og_url":"https:\/\/tamara-landau.net\/it\/eventi-2018\/","og_site_name":"Tamara Landau","article_modified_time":"2019-12-10T18:05:15+00:00","twitter_card":"summary_large_image","twitter_misc":{"Tempo di lettura stimato":"16 minuti"},"schema":{"@context":"https:\/\/schema.org","@graph":[{"@type":"WebPage","@id":"https:\/\/tamara-landau.net\/it\/eventi-2018\/","url":"https:\/\/tamara-landau.net\/it\/eventi-2018\/","name":"Eventi 2018 | Tamara Landau","isPartOf":{"@id":"https:\/\/tamara-landau.net\/#website"},"datePublished":"2019-12-10T18:05:14+00:00","dateModified":"2019-12-10T18:05:15+00:00","breadcrumb":{"@id":"https:\/\/tamara-landau.net\/it\/eventi-2018\/#breadcrumb"},"inLanguage":"it-IT","potentialAction":[{"@type":"ReadAction","target":["https:\/\/tamara-landau.net\/it\/eventi-2018\/"]}]},{"@type":"BreadcrumbList","@id":"https:\/\/tamara-landau.net\/it\/eventi-2018\/#breadcrumb","itemListElement":[{"@type":"ListItem","position":1,"name":"Accueil","item":"https:\/\/tamara-landau.net\/it\/tamara-landau-psicanalista-e-scultrice\/"},{"@type":"ListItem","position":2,"name":"Eventi 2018"}]},{"@type":"WebSite","@id":"https:\/\/tamara-landau.net\/#website","url":"https:\/\/tamara-landau.net\/","name":"Tamara Landau","description":"psychanalyste et sculptrice","potentialAction":[{"@type":"SearchAction","target":{"@type":"EntryPoint","urlTemplate":"https:\/\/tamara-landau.net\/?s={search_term_string}"},"query-input":"required name=search_term_string"}],"inLanguage":"it-IT"}]}},"_links":{"self":[{"href":"https:\/\/tamara-landau.net\/it\/wp-json\/wp\/v2\/pages\/2817"}],"collection":[{"href":"https:\/\/tamara-landau.net\/it\/wp-json\/wp\/v2\/pages"}],"about":[{"href":"https:\/\/tamara-landau.net\/it\/wp-json\/wp\/v2\/types\/page"}],"author":[{"embeddable":true,"href":"https:\/\/tamara-landau.net\/it\/wp-json\/wp\/v2\/users\/1"}],"replies":[{"embeddable":true,"href":"https:\/\/tamara-landau.net\/it\/wp-json\/wp\/v2\/comments?post=2817"}],"version-history":[{"count":1,"href":"https:\/\/tamara-landau.net\/it\/wp-json\/wp\/v2\/pages\/2817\/revisions"}],"predecessor-version":[{"id":2818,"href":"https:\/\/tamara-landau.net\/it\/wp-json\/wp\/v2\/pages\/2817\/revisions\/2818"}],"wp:attachment":[{"href":"https:\/\/tamara-landau.net\/it\/wp-json\/wp\/v2\/media?parent=2817"}],"curies":[{"name":"wp","href":"https:\/\/api.w.org\/{rel}","templated":true}]}}