{"id":2768,"date":"2019-12-10T16:14:24","date_gmt":"2019-12-10T16:14:24","guid":{"rendered":"https:\/\/tamara-landau.net\/tamara-landau-scultrice\/"},"modified":"2019-12-10T17:05:54","modified_gmt":"2019-12-10T17:05:54","slug":"tamara-landau-scultrice","status":"publish","type":"page","link":"https:\/\/tamara-landau.net\/it\/tamara-landau-scultrice\/","title":{"rendered":"Tamara Landau, Scultrice"},"content":{"rendered":"<p>[et_pb_section fb_built=&#8221;1&#8243; fullwidth=&#8221;on&#8221; _builder_version=&#8221;3.26.4&#8243; background_color=&#8221;#fcfaf6&#8243;][et_pb_fullwidth_header title=&#8221;Tamara Landau&#8221; subhead=&#8221;Scultrice&#8221; _builder_version=&#8221;3.26.4&#8243; title_font=&#8221;||||||||&#8221; title_text_color=&#8221;#00cccc&#8221; title_font_size=&#8221;25px&#8221; subhead_font=&#8221;||||||||&#8221; subhead_text_color=&#8221;#0068d8&#8243; subhead_font_size=&#8221;24px&#8221; background_color=&#8221;#fbfaf5&#8243; border_color_all=&#8221;#ffffff&#8221; border_color_bottom=&#8221;#00cccc&#8221; border_style_bottom=&#8221;dotted&#8221; background_layout=&#8221;light&#8221; custom_padding=&#8221;25px||6px|||&#8221;][\/et_pb_fullwidth_header][\/et_pb_section][et_pb_section fb_built=&#8221;1&#8243; admin_label=&#8221;section&#8221; _builder_version=&#8221;3.26.4&#8243; background_color=&#8221;#fcfcfc&#8221; use_background_color_gradient=&#8221;on&#8221; background_color_gradient_start=&#8221;#ffffff&#8221; background_color_gradient_end=&#8221;#efefef&#8221; background_color_gradient_start_position=&#8221;70%&#8221; max_width=&#8221;100%&#8221; custom_padding=&#8221;||35px|||&#8221;][et_pb_row column_structure=&#8221;3_5,2_5&#8243; custom_padding=&#8221;||1px|||&#8221; custom_margin=&#8221;||||false|false&#8221; admin_label=&#8221;row&#8221; _builder_version=&#8221;3.26.4&#8243; background_color=&#8221;rgba(0,0,0,0)&#8221; collapsed=&#8221;off&#8221;][et_pb_column type=&#8221;3_5&#8243; _builder_version=&#8221;3.25&#8243; custom_padding=&#8221;|||&#8221; custom_padding__hover=&#8221;|||&#8221;][et_pb_text admin_label=&#8221;Text&#8221; _builder_version=&#8221;3.26.4&#8243; background_size=&#8221;initial&#8221; background_position=&#8221;top_left&#8221; background_repeat=&#8221;repeat&#8221;]<\/p>\n<p><span style=\"color: rgba(0, 0, 0, 0.568627);\"><strong>Tamara Landau, psicanalista, diviene scultrice per poter ascoltare, pensare e trasmettere la sofferenza nascosta e inesprimibile dei pazienti.<\/strong><\/span><\/p>\n<p>Tra il 1994 e il 2002 frequenta l&#8217;atelier di A. Carlinsky, allieva di O.Zadkine, quello di Voledda e delle Belle Arti.<\/p>\n<p>Scolpire la pietra le si impone come prima scrittura poetica delle zone insondabili dell&#8217;inconscio. Le sue opere in alabastro, pietra femminile molto erotica e sinuosa al contempo dura e tenera, esprimono con forza questa ambivalenza originaria.<\/p>\n<p>&nbsp;<\/p>\n<p>[\/et_pb_text][\/et_pb_column][et_pb_column type=&#8221;2_5&#8243; _builder_version=&#8221;3.25&#8243; custom_padding=&#8221;|||&#8221; custom_padding__hover=&#8221;|||&#8221;][et_pb_image src=&#8221;https:\/\/tamara-landau.net\/wp-content\/uploads\/2019\/10\/tamara-landau-sculptrice.jpg&#8221; _builder_version=&#8221;3.26.4&#8243;][\/et_pb_image][\/et_pb_column][\/et_pb_row][\/et_pb_section][et_pb_section fb_built=&#8221;1&#8243; admin_label=&#8221;section&#8221; _builder_version=&#8221;3.26.4&#8243; background_color=&#8221;#efefef&#8221; max_width=&#8221;100%&#8221;][et_pb_row column_structure=&#8221;2_5,3_5&#8243; _builder_version=&#8221;3.26.4&#8243; background_color=&#8221;rgba(0,0,0,0)&#8221; collapsed=&#8221;off&#8221;][et_pb_column type=&#8221;2_5&#8243; _builder_version=&#8221;3.26.4&#8243;][et_pb_image src=&#8221;https:\/\/tamara-landau.net\/wp-content\/uploads\/2019\/10\/IMG_0797.jpg&#8221; show_in_lightbox=&#8221;on&#8221; _builder_version=&#8221;3.26.4&#8243; custom_margin=&#8221;4px||1px|||&#8221; custom_padding=&#8221;1px||20px||false|false&#8221;][\/et_pb_image][et_pb_image src=&#8221;https:\/\/tamara-landau.net\/wp-content\/uploads\/2019\/10\/IMG_0790.jpg&#8221; show_in_lightbox=&#8221;on&#8221; _builder_version=&#8221;3.26.4&#8243; custom_padding=&#8221;20px||80px||false|false&#8221;][\/et_pb_image][et_pb_image src=&#8221;https:\/\/tamara-landau.net\/wp-content\/uploads\/2019\/10\/IMG_0783.jpg&#8221; show_in_lightbox=&#8221;on&#8221; _builder_version=&#8221;3.26.4&#8243; custom_margin=&#8221;27px|||||&#8221; custom_padding=&#8221;||80px||false|false&#8221;][\/et_pb_image][et_pb_image src=&#8221;https:\/\/tamara-landau.net\/wp-content\/uploads\/2019\/10\/Tamara-Landau-Space-and-dream1.jpg&#8221; show_in_lightbox=&#8221;on&#8221; _builder_version=&#8221;3.26.4&#8243; custom_padding=&#8221;80px||20px||false|false&#8221;][\/et_pb_image][et_pb_image src=&#8221;https:\/\/tamara-landau.net\/wp-content\/uploads\/2019\/10\/ArbreRenverseTL_03.jpg&#8221; show_in_lightbox=&#8221;on&#8221; _builder_version=&#8221;3.26.4&#8243; custom_margin=&#8221;||9px|||&#8221; custom_padding=&#8221;80px||20px||false|false&#8221;][\/et_pb_image][et_pb_image src=&#8221;https:\/\/tamara-landau.net\/wp-content\/uploads\/2019\/10\/tamara-landau-arbol-invertido-17.jpg&#8221; show_in_lightbox=&#8221;on&#8221; _builder_version=&#8221;3.26.4&#8243; custom_padding=&#8221;10px||80px||false|false&#8221;][\/et_pb_image][\/et_pb_column][et_pb_column type=&#8221;3_5&#8243; _builder_version=&#8221;3.26.4&#8243;][et_pb_text admin_label=&#8221;Text&#8221; _builder_version=&#8221;3.26.4&#8243; background_size=&#8221;initial&#8221; background_position=&#8221;top_left&#8221; background_repeat=&#8221;repeat&#8221;]<\/p>\n<p>Tamara Landau partecipa a esposizioni collettive a partire dal 2001, \u201cArt in progress\u201d Artship, Parigi, St Francisco e altri atelier di Belle Arti. In seguito, lo scambio con <a href=\"http:\/\/www.jplandau.net\/\" target=\"_blank\" rel=\"noopener noreferrer\">Jean-Pierre Landau<\/a>, psicanalista e pittore, porter\u00e0 nutrimento con le sue \u201cparole-colori\u201d alla sua elaborazione teorica e ai suoi scritti.<\/p>\n<p>* Nel 2004 espone le sue sculture sul tema de \u201cl&#8217;enfant enclav\u00e9\u201d al Museo di Montparnasse, Parigi, al palazzo dei Congressi a Marsiglia, al Vinatier a Lione.<\/p>\n<p>* Nel 2005 l&#8217;esposizione presso l&#8217;Espace Beurepaire a Parigi chiuder\u00e0 questa fase all\u2019ascolto del tormento e della faglia originaria.<\/p>\n<p>* Un&#8217;altra riflessione si annuncia, pi\u00f9 gioiosa, sul tempo, l&#8217;inconscio e la capacit\u00e0 di trasformazione dei soggetti. La creazione diviene cos\u00ec al contempo strumento di ascolto, di cambiamento e il solo modo di essere in relazione con il mondo. Il rapporto tra l&#8217;essere, il tempo e il desiderio \u00e8 ormai raffigurato in modo ludico nelle installazioni che legano sogno e ricordi al reale in un atto poetico. Nell&#8217;esposizione \u201cL&#8217;\u00e9-lu, l&#8217;\u00e9 -cri et le temps\u201d nel 2008 alla galleria La Blanchisserie a Boulogne (92), Tamara Landau segna la svolta con \u201cBloc-notes magique 1\u201d che continua a immergerci nell&#8217;inconscio e ci fa sorvolare, come un tappeto magico, l&#8217;universo di tutto il possibile.<\/p>\n<p>* Nell&#8217;agosto 2008, la sua installazione \u201cSpace and dream 1\u201d viene selezionata dalla giuria per rappresentare la Francia a OPEN XI, esposizione internazionale di scultura e installazioni a Venezia.<\/p>\n<p>* Nell&#8217;ottobre 2008, espone le sua sculture di alabastro a Chiavenna all&#8217;Esposizione internazionale di scultura, installazioni e pittura.<\/p>\n<p>* Nel novembre 2008, partecipa con un video e le sue installazioni alla mostra \u201cAngeli, tracce d&#8217;infinito\u201d alla galleria Mya Lurgo di Lugano.<\/p>\n<p>* Nel febbraio 2009, presenta l&#8217;installazione \u201cBloc-notes 2\u201d allo Spazio Tadini di Milano. In maggio partecipa con un video e una performance alla mostra collettiva \u201cL&#8217;anima del sogno\u201d organizzata da Pardes, laboratorio di ricerca nell&#8217;arte contemporanea (Mirano, VE), collegata alla Biennale di Venezia.<\/p>\n<p>* Nell\u2019ottobre 2009, prende parte con delle sculture alla collettiva di Mnemoart a Villa Reale di Monza &#8220;Territori visibili e invisibili del male&#8221;.<\/p>\n<p>* In maggio 2010, al Freud Museum di Londra, presenta il suo video \u201cL&#8217;autre scene. Traces\u201d.<\/p>\n<p>* Nell&#8217;ottobre 2010 prende parte con un trittico di alabastro all&#8217;esposizione \u201cElevazioni e Permutazioni 2\u201d per la Giornata dei Musei Italiani di Arte Contemporanea a Mirano (Venezia). La mostra viene ripresa da RAI2 per la trasmissione Il Paradiso dell&#8217;Arte.<\/p>\n<p>* In aprile 2011, espone l&#8217;installazione \u201cRescap\u00e9\u201d in una collettiva sulla Shoah presso la Societ\u00e9 des Gens et des Lettres a Parigi. In ottobre partecipa con alcune opere alla mostra di pittura e scultura \u201cArs poetica erotica\u201d presso la galleria Orenda Art International di Parigi.<\/p>\n<p>* In aprile 2012, espone un alabastro, una grande installazione e il video \u201cM\u00e8refille toutattach\u00e9\u201d alla mostra collettiva sul suo libro \u201cLes funambules de l&#8217;oubli\u201d che ha luogo all&#8217;Istituto Ungherese di Parigi.<\/p>\n<p>* In giugno 2012, proietta i suoi video alla libreria La Terrasse di Gutenberg a Parigi.<\/p>\n<p>* 2013 Proiezione dei video al palazzo dei congressi di Buenos Aires.<\/p>\n<p>* 2013 Mostra collettiva MnemoArt al Palazzo Municipale di Parigi XIV.<\/p>\n<p>* 2014 Video-performance con Jean-Pierre Landau alla libreria La Terrasse de Gutenberg a Parigi.<\/p>\n<p>* 2015 Video-performance con Jean-Pierre Landau alla mostra \u00ab P\u00e8re&amp;Fils \u00bb all\u2019Istituto Francese di Milano.<\/p>\n<p>* 2015 Video-performance \u00ab Le funambule della dimenticanza \u00bb all\u2019Istituto Francese di Milano.<\/p>\n<p>* 2015 Proiezione dei video nella mostra \u00ab Jean-Pierre Landau o l\u2019ascolto all\u2019opera \u00bb allo Spazio Tadini Milano.<\/p>\n<p>* 2015 Mostra collettiva \u00ab Il gusto delle parole \u00bb allo Spazio Tadini a Milano, fuoriexpo Milano 2015.<\/p>\n<p>* 2015 Video-performance \u00ab Le funambole della dimenticanza \u00bb all\u2019Alliance Fran\u00e7aise di Buenos Aires.<\/p>\n<p>* 2015 Mostra collettiva BAR Bellezza-Arte-Restaurazione all\u2019Archivio Centrale di Stato a Roma.<\/p>\n<p>* 2016 Mostra collettiva \u00ab Memoria e infinito \u00bb alla galeria Utopia a Roma.<\/p>\n<p>* 2016 Proiezione di video nella mostra di Jean-Pierre Landau \u00ab Carnet di uno psicanalista \u00bb a Roma, DAIstudio.<\/p>\n<p>* 2016 Video-performance con Jean-Pierre Landau all\u2019Archivio Centrale di Stato a Roma.<\/p>\n<p>* 2016 Video-Performance \u00ab Le funambole della dimenticanza \u00bb a Roma, DAIstudio.<\/p>\n<p>* 2016 Proiezione dei video con presentazione dei libri a Palermo, Navarra edizioni<\/p>\n<p>&nbsp;<\/p>\n<p>[\/et_pb_text][\/et_pb_column][\/et_pb_row][\/et_pb_section]<\/p>\n","protected":false},"excerpt":{"rendered":"<p>[et_pb_section fb_built=&#8221;1&#8243; fullwidth=&#8221;on&#8221; _builder_version=&#8221;3.26.4&#8243; background_color=&#8221;#fcfaf6&#8243;][et_pb_fullwidth_header title=&#8221;Tamara Landau&#8221; subhead=&#8221;Scultrice&#8221; _builder_version=&#8221;3.26.4&#8243; title_font=&#8221;||||||||&#8221; title_text_color=&#8221;#00cccc&#8221; title_font_size=&#8221;25px&#8221; subhead_font=&#8221;||||||||&#8221; subhead_text_color=&#8221;#0068d8&#8243; subhead_font_size=&#8221;24px&#8221; background_color=&#8221;#fbfaf5&#8243; border_color_all=&#8221;#ffffff&#8221; border_color_bottom=&#8221;#00cccc&#8221; border_style_bottom=&#8221;dotted&#8221; background_layout=&#8221;light&#8221; custom_padding=&#8221;25px||6px|||&#8221;][\/et_pb_fullwidth_header][\/et_pb_section][et_pb_section fb_built=&#8221;1&#8243; admin_label=&#8221;section&#8221; _builder_version=&#8221;3.26.4&#8243; background_color=&#8221;#fcfcfc&#8221; use_background_color_gradient=&#8221;on&#8221; background_color_gradient_start=&#8221;#ffffff&#8221; background_color_gradient_end=&#8221;#efefef&#8221; background_color_gradient_start_position=&#8221;70%&#8221; max_width=&#8221;100%&#8221; custom_padding=&#8221;||35px|||&#8221;][et_pb_row column_structure=&#8221;3_5,2_5&#8243; custom_padding=&#8221;||1px|||&#8221; custom_margin=&#8221;||||false|false&#8221; admin_label=&#8221;row&#8221; _builder_version=&#8221;3.26.4&#8243; background_color=&#8221;rgba(0,0,0,0)&#8221; collapsed=&#8221;off&#8221;][et_pb_column type=&#8221;3_5&#8243; _builder_version=&#8221;3.25&#8243; custom_padding=&#8221;|||&#8221; custom_padding__hover=&#8221;|||&#8221;][et_pb_text admin_label=&#8221;Text&#8221; _builder_version=&#8221;3.26.4&#8243; background_size=&#8221;initial&#8221; background_position=&#8221;top_left&#8221; background_repeat=&#8221;repeat&#8221;] Tamara Landau, psicanalista, diviene scultrice per poter ascoltare, [&hellip;]<\/p>\n","protected":false},"author":1,"featured_media":2769,"parent":0,"menu_order":0,"comment_status":"closed","ping_status":"closed","template":"","meta":{"_et_pb_use_builder":"on","_et_pb_old_content":"<!-- wp:paragraph -->\r\n<p>Tamara Landau, psychanalyste, est devenue sculpteur pour\r\n\t  pouvoir \u00e9couter, penser et transmettre la souffrance cach\u00e9e\r\n\t  et indicible des patients. Entre 1994 et 2002, elle\r\n\t  fr\u00e9quente l'atelier de A.\u00a0Carlinsky, \u00e9l\u00e8ve de O.\u00a0Zadkine,\r\n\t  celui de Voledda et les ateliers des Beaux Arts. La taille\r\n\t  directe s'impose \u00e0 elle comme premi\u00e8re \u00e9criture po\u00e9tique des\r\n\t  zones insondables de l'inconscient. Ses oeuvres en alb\u00e2tre,\r\n\t  pierre f\u00e9minine tr\u00e8s \u00e9rotique et sinueuse nomm\u00e9e \u00ab\u00a0agathe \u00e0\r\n\t  seins\u00a0\u00bb \u00e0 Volterra, \u00e0 la fois dure et tendre, expriment avec\r\n\t  force cette ambivalence originaire. <\/p>\r\n<!-- \/wp:paragraph -->\r\n\r\n<!-- wp:paragraph -->\r\n<p>Tamara Landau participe \u00e0 des expositions collectives \u00e0\r\n\t  partir de 2001, \u00ab\u00a0Art in progress\u00a0\u00bb Artship, Paris, St\r\n\t  Francisco et aux ateliers des Beaux Arts. Par la suite,\r\n\t  l'\u00e9change avec <a href=\"http:\/\/ww.jplandau.net\">Jean-Pierre\r\n\t    Landau,  psychanalyste et peintre<\/a>, viendra nourrir\r\n\t  avec ses \u00ab\u00a0mots-couleurs\u00a0\u00bb son \u00e9laboration th\u00e9orique et son\r\n\t  \u00e9criture.<\/p>\r\n<!-- \/wp:paragraph -->\r\n\r\n<!-- wp:paragraph -->\r\n<p>* En 2004, elle va exposer ses sculptures autour de\r\n\t  \u00ab\u00a0l'enfant enclav\u00e9\u00a0\u00bb au Mus\u00e9e du Montparnasse, Paris, au\r\n\t  Palais des Congr\u00e8s \u00e0 Marseille, au Vinatier \u00e0 Lyon. <\/p>\r\n<!-- \/wp:paragraph -->\r\n\r\n<!-- wp:paragraph -->\r\n<p>* En 2005, l'exposition \u00e0 l'Espace Beaurepaire  \u00e0 Paris viendra clore\r\n\t  cette phase riv\u00e9e sur le tourment et la faille\r\n\t  originaire. \r\n\t  Une autre r\u00e9flexion s'annonce, plus joyeuse, sur\r\n\t  le temps, l'inconscient et la capacit\u00e9 de transformation des\r\n\t  sujets. La cr\u00e9ation devient ainsi \u00e0 la fois outil d'\u00e9coute,\r\n\t  de changement et le seul moyen d'\u00eatre en relation avec le\r\n\t  monde. Le rapport entre l'\u00eatre, le temps et le d\u00e9sir est\r\n\t  d\u00e9sormais figur\u00e9 de fa\u00e7on ludique dans des installations qui\r\n\t  relient r\u00eave et souvenirs au r\u00e9el dans un acte\r\n\t  po\u00e9tique. Dans l'exposition \u00ab\u00a0L'\u00e9-lu, l'\u00e9-cri et le temps\u00a0\u00bb\r\n\t  en 2008 \u00e0 la galerie La Blanchisserie, \u00e0 Boulogne(92),\r\n\t  Tamara Landau marque ce tournant avec \u00ab\u00a0Bloc-notes magique\r\n\t  1\u00a0\u00bb qui va continuer \u00e0 nous plonger dans l'inconscient en\r\n\t  nous faisant survoler, comme un tapis magique, l'univers de\r\n\t  tous les possibles. \r\n\t  <\/p>\r\n<!-- \/wp:paragraph -->\r\n\r\n<!-- wp:paragraph -->\r\n<p>* En ao\u00fbt 2008, son installation \u00ab\u00a0Space and dream 1\u00a0\u00bb est <a href=\"http:\/\/www.artecommunications.com\/index.en.php\/component\/content\/article\/388-francia-tamara-landau-jean-pierre-landau-bruno-contensou\">s\u00e9lectionn\u00e9e par le jury<\/a> pour repr\u00e9senter la France \u00e0 <a href=\"http:\/\/www.artecommunications.com\/index.php\/open?lang=en#catid34\">OPEN XI<\/a>, exposition internationale de sculptures et installations \u00e0 Venise. <\/p>\r\n<!-- \/wp:paragraph -->\r\n\r\n<!-- wp:paragraph -->\r\n<p>* En octobre 2008, elle expose ses sculptures en alb\u00e2tres \u00e0 Chiavenna, <a href=\"http:\/\/www.exibart.com\/profilo\/eventiV2.asp?idelemento=60858\">exposition internationale de sculptures, installations et peintures<\/a>. <\/p>\r\n<!-- \/wp:paragraph -->\r\n\r\n<!-- wp:paragraph -->\r\n<p>* En novembre 2008, elle participe avec sa video et ses installations \u00e0 l'exposition <a href=\"http:\/\/www.exibart.com\/profilo\/eventiV2.asp?idelemento=62963\">\u00ab\u00a0Angeli, tracce d'infinito\u00a0\u00bb<\/a> \u00e0 la Mya Lurgo Gallery \u00e0 Lugano. <\/p>\r\n<!-- \/wp:paragraph -->\r\n\r\n<!-- wp:paragraph -->\r\n<p>* En f\u00e9vrier 2009, elle pr\u00e9sente son installation \u00ab\u00a0Bloc-notes 2\u00a0\u00bb\r\n \u00e0 Milan, \u00e0 l'Espace Tadini. En mai,elle participe avec une vid\u00e9o et une\r\n performance \u00e0 l'exposition collective <a href=\"http:\/\/www.exibart.com\/profilo\/eventiV2.asp?idelemento=71929\">\u00ab\u00a0L'\u00e2me du son\u00a0\u00bb<\/a> reli\u00e9e \u00e0 la Biennale de Venise, organis\u00e9e par Pardes, laboratoire de recherche en art contemporain (Mirano). <\/p>\r\n<!-- \/wp:paragraph -->\r\n\r\n<!-- wp:paragraph -->\r\n<p>* En octobre 2009, elle participe avec des sculptures \u00e0 l\u2019expo collective de Mnemoart \u00e0 Villa Reale \u00e0 Monza. <\/p>\r\n<!-- \/wp:paragraph -->\r\n\r\n<!-- wp:paragraph -->\r\n<p>* En mai 2010, elle pr\u00e9sente  sa video \u00ab\u00a0L'Autre sc\u00e8ne. Traces\u00a0\u00bb au Freud Museum \u00e0 Londres. <\/p>\r\n<!-- \/wp:paragraph -->\r\n\r\n<!-- wp:paragraph -->\r\n<p>* En octobre 2010,  elle participe avec un triptyque en alb\u00e2tre \u00e0 \r\nla journ\u00e9e des Mus\u00e9es d'Art Contemporain Italiens avec l'exposition \r\n\u00ab\u00a0El\u00e9vations et Permutations\u00bb2 \u00e0 Mirano (Venise)reprise par RAI2\u00a0dans \r\nl'\u00e9mission \u00ab\u00a0Le paradis de l'art\u00a0\u00bb. <\/p>\r\n<!-- \/wp:paragraph -->\r\n\r\n<!-- wp:paragraph -->\r\n<p>* En avril 2011, elle expose son installation \u00abRescap\u00e9\u00bb dans une \r\nexpo collective sur la Shoah \u00e0 la Soci\u00e9t\u00e9 des Gens et des Lettres, \u00e0 \r\nParis. En octobre, elle participe avec ses sculptures \u00e0 l'exposition de \r\npeintures et de sculptures \u00ab\u00a0Ars poetica erotica\u00a0\u00bb \u00e0 la galerie Orenda  \r\n Art International \u00e0 Paris.<\/p>\r\n<!-- \/wp:paragraph -->\r\n\r\n<!-- wp:paragraph -->\r\n<p>* En avril 2012 elle expose un alb\u00e2tre, une grande installation et\r\n la video \"m\u00e8refille toutattach\u00e9\" \u00e0 l'exposition collective autour de \r\nson livre \"Les funambules de l'oubli\" qui a eu lieu \u00e0 L'institut \r\nHongrois \u00e0 Paris. <\/p>\r\n<!-- \/wp:paragraph -->\r\n\r\n<!-- wp:paragraph -->\r\n<p>* En juin 2012, elle a projet\u00e9  ses  video \u00e0 la librairie  La terrasse de Gutenberg  \u00e0 Paris.<\/p>\r\n<!-- \/wp:paragraph -->\r\n\r\n<!-- wp:paragraph -->\r\n<p>* 2013 \u2013 Projection de vid\u00e9os, palais de congr\u00e8s de Buenos Aires, Argentine<\/p>\r\n<!-- \/wp:paragraph -->\r\n\r\n<!-- wp:paragraph -->\r\n<p>* 2013 \u2013 Exposition collective MnemoArt, Mairie du XIVe arrondissement de Paris<\/p>\r\n<!-- \/wp:paragraph -->\r\n\r\n<!-- wp:paragraph -->\r\n<p>* 2014 \u2013 Projection de vid\u00e9os \u00e0 la librairie-galerie La Terrasse de Gutenberg, Paris<\/p>\r\n<!-- \/wp:paragraph -->\r\n\r\n<!-- wp:paragraph -->\r\n<p>* 2015 \u2013 Projection de vid\u00e9os \u00e0 l\u2019Institut Fran\u00e7ais de Milan<\/p>\r\n<!-- \/wp:paragraph -->\r\n\r\n<!-- wp:paragraph -->\r\n<p>* 2015 Projection vid\u00e9o dans l\u2019exposition \"Jean-Pierre Landau ou l\u2019\u00e9coute \u00e0 l\u2019oeuvre\" Spazio Tadini Milano.<\/p>\r\n<!-- \/wp:paragraph -->\r\n\r\n<!-- wp:paragraph -->\r\n<p>* <a href=\"http:\/\/spaziotadini.com\/2015\/05\/30\/mostre-milano-fuori-expo-2015-il-gusto-delle-parole-energia-per-la-vita\/\" target=\"_blank\" rel=\"noreferrer noopener\">2015 \u2013 <em>Il gusto delle parole energia per la vita<\/em>, exposition avec le groupe MnemoArt, Espace Tadini, Milan<\/a><\/p>\r\n<!-- \/wp:paragraph -->\r\n\r\n<!-- wp:paragraph -->\r\n<p>* 2015 \u2013 Projection de vid\u00e9os \u00e0 l\u2019Alliance Fran\u00e7aise de Buenos Aires<\/p>\r\n<!-- \/wp:paragraph -->\r\n\r\n<!-- wp:paragraph -->\r\n<p>* 2015 \u2013 Exposition collective MnemoArt : <em><a href=\"http:\/\/www.mnemoart.org\/pdf-doc\/2015_cat_rome.pdf\" target=\"_blank\" rel=\"noreferrer noopener\">BAR<\/a><\/em>, Archive Centrale, Rome<\/p>\r\n<!-- \/wp:paragraph -->\r\n\r\n<!-- wp:paragraph -->\r\n<p>* 2016 Exposition collective  \"M\u00e9moire et infini\" \u00e0 la galerie Utopia \u00e0 Rome.<\/p>\r\n<!-- \/wp:paragraph -->\r\n\r\n<!-- wp:paragraph -->\r\n<p>* 2016 Projection vid\u00e9o dans exposition \"Carnet d\u2019un psychanalyste\" de Jean-Pierre Landau \u00e0 Rome, DAIStudio.<\/p>\r\n<!-- \/wp:paragraph -->\r\n\r\n<!-- wp:paragraph -->\r\n<p>* 2016 Vid\u00e9o-performance avec Jean-Pierre Landau \u00e0 l\u2019Archive Centrale d\u2019\u00c9tat \u00e0 Rome.<\/p>\r\n<!-- \/wp:paragraph -->\r\n\r\n<!-- wp:paragraph -->\r\n<p>* 2016 Vid\u00e9o-performance \"Les funambules de l\u2019oubli\" \u00e0 Rome, DAIstudio. <\/p>\r\n<!-- \/wp:paragraph -->\r\n\r\n<!-- wp:paragraph -->\r\n<p>* 2016 Projection des vid\u00e9os \u00e0 Palerme, Navarra edizione.<\/p>\r\n<!-- \/wp:paragraph -->\r\n\r\n<!-- wp:paragraph -->\r\n<p>* 2017 Projection des vid\u00e9os \u00e0 l'Universit\u00e9 de l'\u00c9tat de Bahia (UNEB), \u00e0 Salvador (Bresil).<\/p>\r\n<!-- \/wp:paragraph -->\r\n\r\n<!-- wp:paragraph -->\r\n<p>Anna Caterina Bellati, commissaire d'expositions et \u00e9diteur,<a href=\"http:\/\/www.bellatieditore.com\">edizione BELLATI<\/a>.<\/p>\r\n<!-- \/wp:paragraph -->","_et_gb_content_width":""},"yoast_head":"<!-- This site is optimized with the Yoast SEO plugin v20.3 - https:\/\/yoast.com\/wordpress\/plugins\/seo\/ -->\n<title>Tamara Landau, Scultrice | Tamara Landau<\/title>\n<meta name=\"robots\" content=\"index, follow, max-snippet:-1, max-image-preview:large, max-video-preview:-1\" \/>\n<link rel=\"canonical\" href=\"https:\/\/tamara-landau.net\/it\/tamara-landau-scultrice\/\" \/>\n<meta property=\"og:locale\" content=\"it_IT\" \/>\n<meta property=\"og:type\" content=\"article\" \/>\n<meta property=\"og:title\" content=\"Tamara Landau, Scultrice | Tamara Landau\" \/>\n<meta property=\"og:description\" content=\"[et_pb_section fb_built=&#8221;1&#8243; fullwidth=&#8221;on&#8221; _builder_version=&#8221;3.26.4&#8243; background_color=&#8221;#fcfaf6&#8243;][et_pb_fullwidth_header title=&#8221;Tamara Landau&#8221; subhead=&#8221;Scultrice&#8221; _builder_version=&#8221;3.26.4&#8243; title_font=&#8221;||||||||&#8221; title_text_color=&#8221;#00cccc&#8221; title_font_size=&#8221;25px&#8221; subhead_font=&#8221;||||||||&#8221; subhead_text_color=&#8221;#0068d8&#8243; subhead_font_size=&#8221;24px&#8221; background_color=&#8221;#fbfaf5&#8243; border_color_all=&#8221;#ffffff&#8221; border_color_bottom=&#8221;#00cccc&#8221; border_style_bottom=&#8221;dotted&#8221; background_layout=&#8221;light&#8221; custom_padding=&#8221;25px||6px|||&#8221;][\/et_pb_fullwidth_header][\/et_pb_section][et_pb_section fb_built=&#8221;1&#8243; admin_label=&#8221;section&#8221; _builder_version=&#8221;3.26.4&#8243; background_color=&#8221;#fcfcfc&#8221; use_background_color_gradient=&#8221;on&#8221; background_color_gradient_start=&#8221;#ffffff&#8221; background_color_gradient_end=&#8221;#efefef&#8221; background_color_gradient_start_position=&#8221;70%&#8221; max_width=&#8221;100%&#8221; custom_padding=&#8221;||35px|||&#8221;][et_pb_row column_structure=&#8221;3_5,2_5&#8243; custom_padding=&#8221;||1px|||&#8221; custom_margin=&#8221;||||false|false&#8221; admin_label=&#8221;row&#8221; _builder_version=&#8221;3.26.4&#8243; background_color=&#8221;rgba(0,0,0,0)&#8221; collapsed=&#8221;off&#8221;][et_pb_column type=&#8221;3_5&#8243; _builder_version=&#8221;3.25&#8243; custom_padding=&#8221;|||&#8221; custom_padding__hover=&#8221;|||&#8221;][et_pb_text admin_label=&#8221;Text&#8221; _builder_version=&#8221;3.26.4&#8243; background_size=&#8221;initial&#8221; background_position=&#8221;top_left&#8221; background_repeat=&#8221;repeat&#8221;] Tamara Landau, psicanalista, diviene scultrice per poter ascoltare, [&hellip;]\" \/>\n<meta property=\"og:url\" content=\"https:\/\/tamara-landau.net\/it\/tamara-landau-scultrice\/\" \/>\n<meta property=\"og:site_name\" content=\"Tamara Landau\" \/>\n<meta property=\"article:modified_time\" content=\"2019-12-10T17:05:54+00:00\" \/>\n<meta property=\"og:image\" content=\"https:\/\/tamara-landau.net\/wp-content\/uploads\/2019\/10\/IMG_0797.jpg\" \/>\n\t<meta property=\"og:image:width\" content=\"1000\" \/>\n\t<meta property=\"og:image:height\" content=\"667\" \/>\n\t<meta property=\"og:image:type\" content=\"image\/jpeg\" \/>\n<meta name=\"twitter:card\" content=\"summary_large_image\" \/>\n<meta name=\"twitter:label1\" content=\"Tempo di lettura stimato\" \/>\n\t<meta name=\"twitter:data1\" content=\"6 minuti\" \/>\n<script type=\"application\/ld+json\" class=\"yoast-schema-graph\">{\"@context\":\"https:\/\/schema.org\",\"@graph\":[{\"@type\":\"WebPage\",\"@id\":\"https:\/\/tamara-landau.net\/it\/tamara-landau-scultrice\/\",\"url\":\"https:\/\/tamara-landau.net\/it\/tamara-landau-scultrice\/\",\"name\":\"Tamara Landau, Scultrice | Tamara Landau\",\"isPartOf\":{\"@id\":\"https:\/\/tamara-landau.net\/#website\"},\"datePublished\":\"2019-12-10T16:14:24+00:00\",\"dateModified\":\"2019-12-10T17:05:54+00:00\",\"breadcrumb\":{\"@id\":\"https:\/\/tamara-landau.net\/it\/tamara-landau-scultrice\/#breadcrumb\"},\"inLanguage\":\"it-IT\",\"potentialAction\":[{\"@type\":\"ReadAction\",\"target\":[\"https:\/\/tamara-landau.net\/it\/tamara-landau-scultrice\/\"]}]},{\"@type\":\"BreadcrumbList\",\"@id\":\"https:\/\/tamara-landau.net\/it\/tamara-landau-scultrice\/#breadcrumb\",\"itemListElement\":[{\"@type\":\"ListItem\",\"position\":1,\"name\":\"Accueil\",\"item\":\"https:\/\/tamara-landau.net\/it\/tamara-landau-psicanalista-e-scultrice\/\"},{\"@type\":\"ListItem\",\"position\":2,\"name\":\"Tamara Landau, Scultrice\"}]},{\"@type\":\"WebSite\",\"@id\":\"https:\/\/tamara-landau.net\/#website\",\"url\":\"https:\/\/tamara-landau.net\/\",\"name\":\"Tamara Landau\",\"description\":\"psychanalyste et sculptrice\",\"potentialAction\":[{\"@type\":\"SearchAction\",\"target\":{\"@type\":\"EntryPoint\",\"urlTemplate\":\"https:\/\/tamara-landau.net\/?s={search_term_string}\"},\"query-input\":\"required name=search_term_string\"}],\"inLanguage\":\"it-IT\"}]}<\/script>\n<!-- \/ Yoast SEO plugin. -->","yoast_head_json":{"title":"Tamara Landau, Scultrice | Tamara Landau","robots":{"index":"index","follow":"follow","max-snippet":"max-snippet:-1","max-image-preview":"max-image-preview:large","max-video-preview":"max-video-preview:-1"},"canonical":"https:\/\/tamara-landau.net\/it\/tamara-landau-scultrice\/","og_locale":"it_IT","og_type":"article","og_title":"Tamara Landau, Scultrice | Tamara Landau","og_description":"[et_pb_section fb_built=&#8221;1&#8243; fullwidth=&#8221;on&#8221; _builder_version=&#8221;3.26.4&#8243; background_color=&#8221;#fcfaf6&#8243;][et_pb_fullwidth_header title=&#8221;Tamara Landau&#8221; subhead=&#8221;Scultrice&#8221; _builder_version=&#8221;3.26.4&#8243; title_font=&#8221;||||||||&#8221; title_text_color=&#8221;#00cccc&#8221; title_font_size=&#8221;25px&#8221; subhead_font=&#8221;||||||||&#8221; subhead_text_color=&#8221;#0068d8&#8243; subhead_font_size=&#8221;24px&#8221; background_color=&#8221;#fbfaf5&#8243; border_color_all=&#8221;#ffffff&#8221; border_color_bottom=&#8221;#00cccc&#8221; border_style_bottom=&#8221;dotted&#8221; background_layout=&#8221;light&#8221; custom_padding=&#8221;25px||6px|||&#8221;][\/et_pb_fullwidth_header][\/et_pb_section][et_pb_section fb_built=&#8221;1&#8243; admin_label=&#8221;section&#8221; _builder_version=&#8221;3.26.4&#8243; background_color=&#8221;#fcfcfc&#8221; use_background_color_gradient=&#8221;on&#8221; background_color_gradient_start=&#8221;#ffffff&#8221; background_color_gradient_end=&#8221;#efefef&#8221; background_color_gradient_start_position=&#8221;70%&#8221; max_width=&#8221;100%&#8221; custom_padding=&#8221;||35px|||&#8221;][et_pb_row column_structure=&#8221;3_5,2_5&#8243; custom_padding=&#8221;||1px|||&#8221; custom_margin=&#8221;||||false|false&#8221; admin_label=&#8221;row&#8221; _builder_version=&#8221;3.26.4&#8243; background_color=&#8221;rgba(0,0,0,0)&#8221; collapsed=&#8221;off&#8221;][et_pb_column type=&#8221;3_5&#8243; _builder_version=&#8221;3.25&#8243; custom_padding=&#8221;|||&#8221; custom_padding__hover=&#8221;|||&#8221;][et_pb_text admin_label=&#8221;Text&#8221; _builder_version=&#8221;3.26.4&#8243; background_size=&#8221;initial&#8221; background_position=&#8221;top_left&#8221; background_repeat=&#8221;repeat&#8221;] Tamara Landau, psicanalista, diviene scultrice per poter ascoltare, [&hellip;]","og_url":"https:\/\/tamara-landau.net\/it\/tamara-landau-scultrice\/","og_site_name":"Tamara Landau","article_modified_time":"2019-12-10T17:05:54+00:00","og_image":[{"width":1000,"height":667,"url":"https:\/\/tamara-landau.net\/wp-content\/uploads\/2019\/10\/IMG_0797.jpg","type":"image\/jpeg"}],"twitter_card":"summary_large_image","twitter_misc":{"Tempo di lettura stimato":"6 minuti"},"schema":{"@context":"https:\/\/schema.org","@graph":[{"@type":"WebPage","@id":"https:\/\/tamara-landau.net\/it\/tamara-landau-scultrice\/","url":"https:\/\/tamara-landau.net\/it\/tamara-landau-scultrice\/","name":"Tamara Landau, Scultrice | Tamara Landau","isPartOf":{"@id":"https:\/\/tamara-landau.net\/#website"},"datePublished":"2019-12-10T16:14:24+00:00","dateModified":"2019-12-10T17:05:54+00:00","breadcrumb":{"@id":"https:\/\/tamara-landau.net\/it\/tamara-landau-scultrice\/#breadcrumb"},"inLanguage":"it-IT","potentialAction":[{"@type":"ReadAction","target":["https:\/\/tamara-landau.net\/it\/tamara-landau-scultrice\/"]}]},{"@type":"BreadcrumbList","@id":"https:\/\/tamara-landau.net\/it\/tamara-landau-scultrice\/#breadcrumb","itemListElement":[{"@type":"ListItem","position":1,"name":"Accueil","item":"https:\/\/tamara-landau.net\/it\/tamara-landau-psicanalista-e-scultrice\/"},{"@type":"ListItem","position":2,"name":"Tamara Landau, Scultrice"}]},{"@type":"WebSite","@id":"https:\/\/tamara-landau.net\/#website","url":"https:\/\/tamara-landau.net\/","name":"Tamara Landau","description":"psychanalyste et sculptrice","potentialAction":[{"@type":"SearchAction","target":{"@type":"EntryPoint","urlTemplate":"https:\/\/tamara-landau.net\/?s={search_term_string}"},"query-input":"required name=search_term_string"}],"inLanguage":"it-IT"}]}},"_links":{"self":[{"href":"https:\/\/tamara-landau.net\/it\/wp-json\/wp\/v2\/pages\/2768"}],"collection":[{"href":"https:\/\/tamara-landau.net\/it\/wp-json\/wp\/v2\/pages"}],"about":[{"href":"https:\/\/tamara-landau.net\/it\/wp-json\/wp\/v2\/types\/page"}],"author":[{"embeddable":true,"href":"https:\/\/tamara-landau.net\/it\/wp-json\/wp\/v2\/users\/1"}],"replies":[{"embeddable":true,"href":"https:\/\/tamara-landau.net\/it\/wp-json\/wp\/v2\/comments?post=2768"}],"version-history":[{"count":3,"href":"https:\/\/tamara-landau.net\/it\/wp-json\/wp\/v2\/pages\/2768\/revisions"}],"predecessor-version":[{"id":2774,"href":"https:\/\/tamara-landau.net\/it\/wp-json\/wp\/v2\/pages\/2768\/revisions\/2774"}],"wp:featuredmedia":[{"embeddable":true,"href":"https:\/\/tamara-landau.net\/it\/wp-json\/wp\/v2\/media\/2769"}],"wp:attachment":[{"href":"https:\/\/tamara-landau.net\/it\/wp-json\/wp\/v2\/media?parent=2768"}],"curies":[{"name":"wp","href":"https:\/\/api.w.org\/{rel}","templated":true}]}}