{"id":2750,"date":"2019-12-10T16:03:14","date_gmt":"2019-12-10T16:03:14","guid":{"rendered":"https:\/\/tamara-landau.net\/tamara-landau-psicoanalista\/"},"modified":"2019-12-10T16:12:58","modified_gmt":"2019-12-10T16:12:58","slug":"tamara-landau-psicoanalista","status":"publish","type":"page","link":"https:\/\/tamara-landau.net\/it\/tamara-landau-psicoanalista\/","title":{"rendered":"Tamara Landau, Psicoanalista"},"content":{"rendered":"<p>[et_pb_section fb_built=&#8221;1&#8243; fullwidth=&#8221;on&#8221; _builder_version=&#8221;3.26.4&#8243; background_color=&#8221;#fcfaf6&#8243;][et_pb_fullwidth_header title=&#8221;Tamara Landau&#8221; subhead=&#8221;Psicoanalista&#8221; _builder_version=&#8221;3.26.4&#8243; title_font=&#8221;||||||||&#8221; title_text_color=&#8221;#00cccc&#8221; title_font_size=&#8221;25px&#8221; subhead_font=&#8221;||||||||&#8221; subhead_text_color=&#8221;#0068d8&#8243; subhead_font_size=&#8221;24px&#8221; background_color=&#8221;#fbfaf5&#8243; border_color_all=&#8221;#ffffff&#8221; border_color_bottom=&#8221;#00cccc&#8221; border_style_bottom=&#8221;dotted&#8221; background_layout=&#8221;light&#8221; custom_padding=&#8221;25px||6px|||&#8221;][\/et_pb_fullwidth_header][\/et_pb_section][et_pb_section fb_built=&#8221;1&#8243; admin_label=&#8221;section&#8221; _builder_version=&#8221;3.26.4&#8243; background_color=&#8221;#fffbf9&#8243; background_color_gradient_direction=&#8221;89deg&#8221; max_width=&#8221;100%&#8221; custom_padding=&#8221;||6px|||&#8221; collapsed=&#8221;on&#8221;][et_pb_row custom_padding=&#8221;|90px||70px||&#8221; admin_label=&#8221;row&#8221; _builder_version=&#8221;3.26.4&#8243; background_color=&#8221;rgba(0,0,0,0)&#8221; background_size=&#8221;initial&#8221; background_position=&#8221;top_left&#8221; background_repeat=&#8221;repeat&#8221;][et_pb_column type=&#8221;4_4&#8243; _builder_version=&#8221;3.25&#8243; custom_padding=&#8221;|||&#8221; custom_padding__hover=&#8221;|||&#8221;][et_pb_text admin_label=&#8221;Text&#8221; _builder_version=&#8221;3.26.4&#8243; background_size=&#8221;initial&#8221; background_position=&#8221;top_left&#8221; background_repeat=&#8221;repeat&#8221;]<\/p>\n<p>Tamara Landau Rosenberg \u00e8 nata nel 1949 a Milano, Itali.<\/p>\n<p>Inizia molto giovane il suo percorso analitico con <strong>Cesare Musatti<\/strong>, il pioniere della psicanalisi in Italia.<\/p>\n<p>Nel 1970 incontra <strong>Jacques Lacan<\/strong> che la invita a far parte della Scuola Freudiana.<br \/>Inizia, poco dopo, un&#8217;analisi e un controllo con quest&#8217;ultimo.<\/p>\n<p>Da allora lavora con <strong>Stanislas Tomkievicz<\/strong>, noto psichiatra infantile molto attivo nella lotta per il rispetto dei malati mentali (all&#8217;epoca in Francia ancora costretti nelle camicie di forza).<br \/>Tomkievicz, direttore delle ricerche all I.N.S.E.R.M. (a Montrouge), diventa in seguito il suo relatore di tesi e le fa conoscere tutti i protagonisti della \u201cantipsichiatria\u201d in Europa:Cooper in Inghilterra, Basaglia in Italia e Roellens in Francia.<\/p>\n<p>[\/et_pb_text][\/et_pb_column][\/et_pb_row][\/et_pb_section][et_pb_section fb_built=&#8221;1&#8243; admin_label=&#8221;section&#8221; _builder_version=&#8221;3.26.4&#8243; background_color=&#8221;#fcfcfc&#8221; background_color_gradient_direction=&#8221;271deg&#8221; border_width_top=&#8221;1px&#8221; border_color_top=&#8221;#d7f9ee&#8221; border_style_top=&#8221;dotted&#8221; max_width=&#8221;100%&#8221; custom_padding=&#8221;||6px|||&#8221;][et_pb_row custom_padding=&#8221;7px|90px||70px||&#8221; admin_label=&#8221;row&#8221; _builder_version=&#8221;3.26.4&#8243; background_color=&#8221;rgba(0,0,0,0)&#8221; background_size=&#8221;initial&#8221; background_position=&#8221;top_left&#8221; background_repeat=&#8221;repeat&#8221;][et_pb_column type=&#8221;4_4&#8243; _builder_version=&#8221;3.25&#8243; custom_padding=&#8221;|||&#8221; custom_padding__hover=&#8221;|||&#8221;][et_pb_text admin_label=&#8221;Text&#8221; _builder_version=&#8221;3.26.4&#8243; background_size=&#8221;initial&#8221; background_position=&#8221;top_left&#8221; background_repeat=&#8221;repeat&#8221;]<\/p>\n<p>Nel 1972 partecipa con quest&#8217;ultimo alla creazione di in reparto <strong>\u201cantipsichiatrico\u201d<\/strong> nella Seine-Saint-Denis, vero \u201cluogo\u201d di scambio appassionato di idee libertarie e di creazione tra i terapeuti e i pazienti.<\/p>\n<p>Numerosi filosofi, psicanalisti e artisti rinomati partecipano a questa avventura.<\/p>\n<p>Da allora, malgrado la fine di questa esperienza e il nuovo orientamento della psichiatria in Francia, che rigetta a poco a poco tutte le referenze alla psicanalisi, Tamara Landau continua a lavorare nel settore in qualit\u00e0 di psicanalista.<\/p>\n<p>Nel 1973 partecipa alla creazione della rivista <em><strong>Gardes Fous<\/strong><\/em> e fa parte del comitato di redazione (articolo <strong><a href=\"https:\/\/tamara-landau.net\/it\/mise-au-point-gardes-fous-n2-1974\/\">&#8220;Mise au Point&#8221;<\/a><\/strong>).<\/p>\n<p>[\/et_pb_text][\/et_pb_column][\/et_pb_row][\/et_pb_section][et_pb_section fb_built=&#8221;1&#8243; admin_label=&#8221;section&#8221; _builder_version=&#8221;3.26.4&#8243; background_color=&#8221;#fcfbf9&#8243; background_color_gradient_direction=&#8221;89deg&#8221; border_width_top=&#8221;1px&#8221; border_color_top=&#8221;#d7f9ee&#8221; border_style_top=&#8221;dotted&#8221; max_width=&#8221;100%&#8221; custom_padding=&#8221;||6px|||&#8221;][et_pb_row custom_padding=&#8221;1px|90px||||&#8221; admin_label=&#8221;row&#8221; _builder_version=&#8221;3.26.4&#8243; background_color=&#8221;rgba(0,0,0,0)&#8221; background_size=&#8221;initial&#8221; background_position=&#8221;top_left&#8221; background_repeat=&#8221;repeat&#8221;][et_pb_column type=&#8221;4_4&#8243; _builder_version=&#8221;3.25&#8243; custom_padding=&#8221;|||&#8221; custom_padding__hover=&#8221;|||&#8221;][et_pb_text admin_label=&#8221;Text&#8221; _builder_version=&#8221;3.26.4&#8243; background_size=&#8221;initial&#8221; background_position=&#8221;top_left&#8221; background_repeat=&#8221;repeat&#8221; custom_padding=&#8221;|||70px||&#8221;]<\/p>\n<p>Insegna psicologia patologica all&#8217;universit\u00e0 di Amiens come docente incaricato, e, per una decina d&#8217;anni, lavora come psicoterapeuta con adolescenti in difficolt\u00e0 in un centro per pazienti alcolisti e tossicomani.<br \/>Perfeziona la sua formazione analitica (analisi, supervisione e seminari di supervisione, cartels) con altri maestri della psicanalisi (Octave Mannoni, Gisela Pankow, Jean Clavreul, Fran\u00e7oise Dolto). <br \/>E&#8217;psicanalista membro attivo del <strong>Centro di Formazione e Ricerca Psicanalitica<\/strong> fin dalla sua fondazione nel 1982, dove dirige numerosi seminari di ricerca e di supervisione.<\/p>\n<p>Nel 1994 \u00e8 membro fondatore della <strong>Societ\u00e0 di Psicanalisi Freudiana di Parigi<\/strong> presso cui continua a tenere dei seminari di ricerca.<\/p>\n<p>A partire dal 1994 inizia la sua attivit\u00e0 di <strong>scultrice<\/strong>.<\/p>\n<p>[\/et_pb_text][\/et_pb_column][\/et_pb_row][\/et_pb_section][et_pb_section fb_built=&#8221;1&#8243; admin_label=&#8221;section&#8221; _builder_version=&#8221;3.26.4&#8243; background_color=&#8221;#f4f4f4&#8243; border_width_top=&#8221;1px&#8221; border_color_top=&#8221;#d7f9ee&#8221; border_style_top=&#8221;dotted&#8221; max_width=&#8221;100%&#8221; custom_padding=&#8221;20px|||||&#8221;][et_pb_row custom_padding=&#8221;|90px||||&#8221; admin_label=&#8221;row&#8221; _builder_version=&#8221;3.26.4&#8243; background_color=&#8221;rgba(0,0,0,0)&#8221; background_size=&#8221;initial&#8221; background_position=&#8221;top_left&#8221; background_repeat=&#8221;repeat&#8221;][et_pb_column type=&#8221;4_4&#8243; _builder_version=&#8221;3.25&#8243; custom_padding=&#8221;|||&#8221; custom_padding__hover=&#8221;|||&#8221;][et_pb_text admin_label=&#8221;Text&#8221; _builder_version=&#8221;3.26.4&#8243; background_size=&#8221;initial&#8221; background_position=&#8221;top_left&#8221; background_repeat=&#8221;repeat&#8221; custom_padding=&#8221;|||70px||&#8221;]<\/p>\n<p>Nel 2005 partecipa al <strong>Forum Lou Salom\u00e8<\/strong>, associazione di donne psicanaliste, a Milano.<\/p>\n<p>Nel 2007 diviene membro e redattrice della rivista Insistance.<\/p>\n<p>Nel 2008 \u00e8 membro onorario del movimento psicanalitico italiano <em><strong>La Ginestra<\/strong><\/em>. Nel 2008 fonda con Jean-Pierre Landau l&#8217;associazione <strong>MnemoArt<\/strong> (Arte, Psicoanalisi e Scienza).<\/p>\n<p>Nel 2009 diventa membro incaricato delle relazioni culturali e artistiche Parigi-Roma presso l&#8217;Istituto di Alti Studi Psicanalitici. (I.S.A.P.) e redattrice del <strong>Journal of European Psychoanalysys<\/strong> (JEP), rivista in lingua inglese pubblicata a Roma e a New York.<\/p>\n<p>Nel 2016 Tamara Landau diventa membro incaricato delle relazioni culturali e artistiche Parigi-Roma del <strong>Centro Antinoo Internazionale-Fondazione Marguerite Yourcenar<\/strong>.<\/p>\n<p>[\/et_pb_text][\/et_pb_column][\/et_pb_row][et_pb_row column_structure=&#8221;1_3,1_3,1_3&#8243; custom_padding=&#8221;16px|||50px||&#8221; custom_margin=&#8221;3px|auto||auto||&#8221; _builder_version=&#8221;3.26.4&#8243; locked=&#8221;off&#8221;][et_pb_column type=&#8221;1_3&#8243; _builder_version=&#8221;3.26.4&#8243;][et_pb_image src=&#8221;https:\/\/tamara-landau.net\/wp-content\/uploads\/2019\/09\/Accoucher_faire-naitre-tamara-landau.jpg&#8221; url=&#8221;\/?page_id=248&#8243; _builder_version=&#8221;3.26.4&#8243; width=&#8221;100%&#8221; custom_padding=&#8221;10px|||0px|false|false&#8221;][\/et_pb_image][\/et_pb_column][et_pb_column type=&#8221;1_3&#8243; _builder_version=&#8221;3.26.4&#8243;][et_pb_image src=&#8221;https:\/\/tamara-landau.net\/wp-content\/uploads\/2019\/12\/funambole_it.jpg&#8221; url=&#8221;\/les-funambules-de-l-oubli-origines-de-l-anorexie-et-de-la-boulimie&#8221; _builder_version=&#8221;3.26.4&#8243; width=&#8221;100%&#8221; custom_padding=&#8221;10px|||0px|false|false&#8221;][\/et_pb_image][\/et_pb_column][et_pb_column type=&#8221;1_3&#8243; _builder_version=&#8221;3.26.4&#8243;][et_pb_image src=&#8221;https:\/\/tamara-landau.net\/wp-content\/uploads\/2019\/12\/nascita_it.jpg&#8221; url=&#8221;https:\/\/tamara-landau.net\/it\/la-nascita-impossibile-o-il-bambino-enclave-fobie-nevrosi-dangoscia-e-sentimento-di-esistere\/&#8221; _builder_version=&#8221;3.26.4&#8243; width=&#8221;100%&#8221; custom_padding=&#8221;10px|||0px|false|false&#8221;][\/et_pb_image][\/et_pb_column][\/et_pb_row][\/et_pb_section]<\/p>\n","protected":false},"excerpt":{"rendered":"<p>[et_pb_section fb_built=&#8221;1&#8243; fullwidth=&#8221;on&#8221; _builder_version=&#8221;3.26.4&#8243; background_color=&#8221;#fcfaf6&#8243;][et_pb_fullwidth_header title=&#8221;Tamara Landau&#8221; subhead=&#8221;Psicoanalista&#8221; _builder_version=&#8221;3.26.4&#8243; title_font=&#8221;||||||||&#8221; title_text_color=&#8221;#00cccc&#8221; title_font_size=&#8221;25px&#8221; subhead_font=&#8221;||||||||&#8221; subhead_text_color=&#8221;#0068d8&#8243; subhead_font_size=&#8221;24px&#8221; background_color=&#8221;#fbfaf5&#8243; border_color_all=&#8221;#ffffff&#8221; border_color_bottom=&#8221;#00cccc&#8221; border_style_bottom=&#8221;dotted&#8221; background_layout=&#8221;light&#8221; custom_padding=&#8221;25px||6px|||&#8221;][\/et_pb_fullwidth_header][\/et_pb_section][et_pb_section fb_built=&#8221;1&#8243; admin_label=&#8221;section&#8221; _builder_version=&#8221;3.26.4&#8243; background_color=&#8221;#fffbf9&#8243; background_color_gradient_direction=&#8221;89deg&#8221; max_width=&#8221;100%&#8221; custom_padding=&#8221;||6px|||&#8221; collapsed=&#8221;on&#8221;][et_pb_row custom_padding=&#8221;|90px||70px||&#8221; admin_label=&#8221;row&#8221; _builder_version=&#8221;3.26.4&#8243; background_color=&#8221;rgba(0,0,0,0)&#8221; background_size=&#8221;initial&#8221; background_position=&#8221;top_left&#8221; background_repeat=&#8221;repeat&#8221;][et_pb_column type=&#8221;4_4&#8243; _builder_version=&#8221;3.25&#8243; custom_padding=&#8221;|||&#8221; custom_padding__hover=&#8221;|||&#8221;][et_pb_text admin_label=&#8221;Text&#8221; _builder_version=&#8221;3.26.4&#8243; background_size=&#8221;initial&#8221; background_position=&#8221;top_left&#8221; background_repeat=&#8221;repeat&#8221;] Tamara Landau Rosenberg \u00e8 nata nel 1949 a Milano, Itali. [&hellip;]<\/p>\n","protected":false},"author":1,"featured_media":0,"parent":0,"menu_order":0,"comment_status":"closed","ping_status":"closed","template":"","meta":{"_et_pb_use_builder":"on","_et_pb_old_content":"<!-- wp:paragraph -->\r\n<p>Psychanalyste<\/p>\r\n<!-- \/wp:paragraph -->\r\n\r\n<!-- wp:paragraph -->\r\n<p>Tamara Landau est n\u00e9e en 1949 \u00e0 Milan en Italie.<\/p>\r\n<!-- \/wp:paragraph -->\r\n\r\n<!-- wp:paragraph -->\r\n<p>Elle d\u00e9marre son parcours analytique tr\u00e8s jeune avec Cesare Musatti, le pionnier de la psychanalyse en Italie.<\/p>\r\n<!-- \/wp:paragraph -->\r\n\r\n<!-- wp:paragraph -->\r\n<p>En 1970, elle rencontre Jacques Lacan \u00e0 Paris qui l'invite \u00e0 rejoindre l'\u00c9cole freudienne.<br>\r\n      Elle engage, quelque temps plus tard, une analyse et un contr\u00f4le avec ce dernier.<br>\r\n      D\u00e8s cette \u00e9poque, elle travaille avec\u00a0 Stanislas Tomkiewicz, \r\npedo\u00adpsychiatre \u00e9clair\u00e9, tr\u00e8s engag\u00e9 dans la lutte pour le \trespect des \r\nmalades mentaux (\u00e0 l'\u00e9poque, en France, encore retenus par des \r\ncamisoles). Tomkiewicz, directeur de recherche \u00e0 l'I.N.S.E.R.M. \r\n(Montrouge), devient par la suite son directeur de th\u00e8se, et lui fait \r\nconna\u00eetre tous les protagonistes de \u00ab\u00a0l'antipsychiatrie\u00a0\u00bb en Europe\u00a0: \r\nCooper en Angleterre, Basaglia en Italie et Roellens en France.<\/p>\r\n<!-- \/wp:paragraph -->\r\n\r\n<!-- wp:paragraph -->\r\n<p>En 1972, elle participe avec ce dernier \u00e0 la cr\u00e9ation d'un secteur  \u00ab\u00a0antipsychiatrique\u00a0\u00bb dans la  Seine-Saint-Denis, v\u00e9ritable\u00a0 \u00ab\u00a0lieu\u00a0\u00bb  d'\u00e9change passionn\u00e9 d'id\u00e9es libertaires et de cr\u00e9ation entre les  th\u00e9rapeutes et les patients.<br>       De nombreux philosophes, psychanalystes et\u00a0 artistes de renom\u00a0participent \u00e0 cette aventure.<br>       D\u00e8s lors, malgr\u00e9 la fin de cette exp\u00e9rience et la nouvelle  orientation de la psychiatrie en France, qui rejette peu \u00e0 peu   toutes les r\u00e9f\u00e9rences \u00e0 la psychanalyse, Tamara Landau continue \u00e0  travailler sur le secteur en tant que \u00ab\u00a0psychanalyste de terrain\u00a0\u00bb.<\/p>\r\n<!-- \/wp:paragraph -->\r\n\r\n<!-- wp:paragraph -->\r\n<p>En 1973, elle participe \u00e0 la cr\u00e9ation de la revue \u00ab\u00a0GardesFous\u00a0\u00bb et elle fait partie du comit\u00e9 de r\u00e9daction (article <a href=\"https:\/\/www.tamara-landau.net\/mise-au-point.fr.php\">\"Mise au Point\"<\/a>).<br>\r\n  Elle enseigne la psychologie pathologique \u00e0 l'Universit\u00e9 d'Amiens, \r\ncomme charg\u00e9e de cours, et elle travaille \u00e9galement, \tpendant une \r\ndizaine d'ann\u00e9es, comme psychoth\u00e9rapeute aupr\u00e8s d'adolescentes en \r\ndifficult\u00e9, r\u00e9sidant dans un foyer, et aupr\u00e8s de patients alcooliques et\r\n toxicomanes.<br>\r\n  Elle poursuit sa formation analytique (analyse, contr\u00f4les et \r\ns\u00e9minaires de contr\u00f4le, cartels) avec d'autres seniors de la \r\npsychanalyse (Octave Mannoni, Gisela Pankow, Jean Clavreul, Fran\u00e7oise \r\nDolto).<br>\r\n  Elle est psychanalyste membre actif du Centre de Formation et de Recherche Psychanalytique d\u00e8s la fondation, en 1982, o\u00f9\r\n  elle anime des nombreux s\u00e9minaires de recherche et de contr\u00f4le.<\/p>\r\n<!-- \/wp:paragraph -->\r\n\r\n<!-- wp:paragraph -->\r\n<p>En 1994, elle est membre fondateur de la Soci\u00e9t\u00e9 de psychanalyse \r\nfreudienne (Paris), o\u00f9 elle continue \u00e0 animer des s\u00e9minaires de \r\nrecherche.<\/p>\r\n<!-- \/wp:paragraph -->\r\n\r\n<!-- wp:paragraph -->\r\n<p>Depuis 1994, elle est aussi sculpteur.<\/p>\r\n<!-- \/wp:paragraph -->\r\n\r\n<!-- wp:paragraph -->\r\n<p>En 2005 elle est  membre du Forum Lou Salom\u00e9, psychanalystes femmes en r\u00e9seau, Milan.<\/p>\r\n<!-- \/wp:paragraph -->\r\n\r\n<!-- wp:paragraph -->\r\n<p>En 2007 elle est membre et  r\u00e9dactrice de la revue Insistance. <\/p>\r\n<!-- \/wp:paragraph -->\r\n\r\n<!-- wp:paragraph -->\r\n<p>En 2008 elle est membre d'honneur du mouvement psychanalytique  \u00ab\u00a0La Ginestra\u00a0\u00bb en Italie. La m\u00eame ann\u00e9e, elle fonde avec Jean-Pierre  Landau l\u2019association MnemoArt, groupe de recherche exp\u00e9rimentale mettant en relation  psychanalyse, art et science. MnemoArt est compos\u00e9 de psychanalystes, d'artistes, d'\u00e9crivains, de chercheurs et de  musiciens.<\/p>\r\n<!-- \/wp:paragraph -->\r\n\r\n<!-- wp:paragraph -->\r\n<p>En 2009 elle devient membre  charg\u00e9e des relations culturelles et  artistiques Paris-Rome de l'I.S.A.P. (Institut de Hautes \u00c9tudes  Psychanalytique) et r\u00e9dactrice du  JEP,  Journal of European  Psychoanalysis, revue en langue anglaise \u00e9dit\u00e9e  \u00e0  Rome (Italie) et \u00e0 New York (\u00c9tats-Unis).<\/p>\r\n<!-- \/wp:paragraph -->\r\n\r\n<!-- wp:paragraph -->\r\n<p>En 2016  elle devient membre charg\u00e9e des relations culturelles \r\net artistiques Paris- Rome du Centre Antinoo International\/fondation \r\nMarguerite Yourcenar. <a href=\"http:\/\/www.centroantinoo-yourcenar.it\">Link.<\/a>\r\n\t  <\/p>\r\n<!-- \/wp:paragraph -->","_et_gb_content_width":""},"yoast_head":"<!-- This site is optimized with the Yoast SEO plugin v20.3 - https:\/\/yoast.com\/wordpress\/plugins\/seo\/ -->\n<title>Tamara Landau, Psicoanalista | Tamara Landau<\/title>\n<meta name=\"robots\" content=\"index, follow, max-snippet:-1, max-image-preview:large, max-video-preview:-1\" \/>\n<link rel=\"canonical\" href=\"https:\/\/tamara-landau.net\/it\/tamara-landau-psicoanalista\/\" \/>\n<meta property=\"og:locale\" content=\"it_IT\" \/>\n<meta property=\"og:type\" content=\"article\" \/>\n<meta property=\"og:title\" content=\"Tamara Landau, Psicoanalista | Tamara Landau\" \/>\n<meta property=\"og:description\" content=\"[et_pb_section fb_built=&#8221;1&#8243; fullwidth=&#8221;on&#8221; _builder_version=&#8221;3.26.4&#8243; background_color=&#8221;#fcfaf6&#8243;][et_pb_fullwidth_header title=&#8221;Tamara Landau&#8221; subhead=&#8221;Psicoanalista&#8221; _builder_version=&#8221;3.26.4&#8243; title_font=&#8221;||||||||&#8221; title_text_color=&#8221;#00cccc&#8221; title_font_size=&#8221;25px&#8221; subhead_font=&#8221;||||||||&#8221; subhead_text_color=&#8221;#0068d8&#8243; subhead_font_size=&#8221;24px&#8221; background_color=&#8221;#fbfaf5&#8243; border_color_all=&#8221;#ffffff&#8221; border_color_bottom=&#8221;#00cccc&#8221; border_style_bottom=&#8221;dotted&#8221; background_layout=&#8221;light&#8221; custom_padding=&#8221;25px||6px|||&#8221;][\/et_pb_fullwidth_header][\/et_pb_section][et_pb_section fb_built=&#8221;1&#8243; admin_label=&#8221;section&#8221; _builder_version=&#8221;3.26.4&#8243; background_color=&#8221;#fffbf9&#8243; background_color_gradient_direction=&#8221;89deg&#8221; max_width=&#8221;100%&#8221; custom_padding=&#8221;||6px|||&#8221; collapsed=&#8221;on&#8221;][et_pb_row custom_padding=&#8221;|90px||70px||&#8221; admin_label=&#8221;row&#8221; _builder_version=&#8221;3.26.4&#8243; background_color=&#8221;rgba(0,0,0,0)&#8221; background_size=&#8221;initial&#8221; background_position=&#8221;top_left&#8221; background_repeat=&#8221;repeat&#8221;][et_pb_column type=&#8221;4_4&#8243; _builder_version=&#8221;3.25&#8243; custom_padding=&#8221;|||&#8221; custom_padding__hover=&#8221;|||&#8221;][et_pb_text admin_label=&#8221;Text&#8221; _builder_version=&#8221;3.26.4&#8243; background_size=&#8221;initial&#8221; background_position=&#8221;top_left&#8221; background_repeat=&#8221;repeat&#8221;] Tamara Landau Rosenberg \u00e8 nata nel 1949 a Milano, Itali. [&hellip;]\" \/>\n<meta property=\"og:url\" content=\"https:\/\/tamara-landau.net\/it\/tamara-landau-psicoanalista\/\" \/>\n<meta property=\"og:site_name\" content=\"Tamara Landau\" \/>\n<meta property=\"article:modified_time\" content=\"2019-12-10T16:12:58+00:00\" \/>\n<meta name=\"twitter:card\" content=\"summary_large_image\" \/>\n<meta name=\"twitter:label1\" content=\"Tempo di lettura stimato\" \/>\n\t<meta name=\"twitter:data1\" content=\"5 minuti\" \/>\n<script type=\"application\/ld+json\" class=\"yoast-schema-graph\">{\"@context\":\"https:\/\/schema.org\",\"@graph\":[{\"@type\":\"WebPage\",\"@id\":\"https:\/\/tamara-landau.net\/it\/tamara-landau-psicoanalista\/\",\"url\":\"https:\/\/tamara-landau.net\/it\/tamara-landau-psicoanalista\/\",\"name\":\"Tamara Landau, Psicoanalista | Tamara Landau\",\"isPartOf\":{\"@id\":\"https:\/\/tamara-landau.net\/#website\"},\"datePublished\":\"2019-12-10T16:03:14+00:00\",\"dateModified\":\"2019-12-10T16:12:58+00:00\",\"breadcrumb\":{\"@id\":\"https:\/\/tamara-landau.net\/it\/tamara-landau-psicoanalista\/#breadcrumb\"},\"inLanguage\":\"it-IT\",\"potentialAction\":[{\"@type\":\"ReadAction\",\"target\":[\"https:\/\/tamara-landau.net\/it\/tamara-landau-psicoanalista\/\"]}]},{\"@type\":\"BreadcrumbList\",\"@id\":\"https:\/\/tamara-landau.net\/it\/tamara-landau-psicoanalista\/#breadcrumb\",\"itemListElement\":[{\"@type\":\"ListItem\",\"position\":1,\"name\":\"Accueil\",\"item\":\"https:\/\/tamara-landau.net\/it\/tamara-landau-psicanalista-e-scultrice\/\"},{\"@type\":\"ListItem\",\"position\":2,\"name\":\"Tamara Landau, Psicoanalista\"}]},{\"@type\":\"WebSite\",\"@id\":\"https:\/\/tamara-landau.net\/#website\",\"url\":\"https:\/\/tamara-landau.net\/\",\"name\":\"Tamara Landau\",\"description\":\"psychanalyste et sculptrice\",\"potentialAction\":[{\"@type\":\"SearchAction\",\"target\":{\"@type\":\"EntryPoint\",\"urlTemplate\":\"https:\/\/tamara-landau.net\/?s={search_term_string}\"},\"query-input\":\"required name=search_term_string\"}],\"inLanguage\":\"it-IT\"}]}<\/script>\n<!-- \/ Yoast SEO plugin. -->","yoast_head_json":{"title":"Tamara Landau, Psicoanalista | Tamara Landau","robots":{"index":"index","follow":"follow","max-snippet":"max-snippet:-1","max-image-preview":"max-image-preview:large","max-video-preview":"max-video-preview:-1"},"canonical":"https:\/\/tamara-landau.net\/it\/tamara-landau-psicoanalista\/","og_locale":"it_IT","og_type":"article","og_title":"Tamara Landau, Psicoanalista | Tamara Landau","og_description":"[et_pb_section fb_built=&#8221;1&#8243; fullwidth=&#8221;on&#8221; _builder_version=&#8221;3.26.4&#8243; background_color=&#8221;#fcfaf6&#8243;][et_pb_fullwidth_header title=&#8221;Tamara Landau&#8221; subhead=&#8221;Psicoanalista&#8221; _builder_version=&#8221;3.26.4&#8243; title_font=&#8221;||||||||&#8221; title_text_color=&#8221;#00cccc&#8221; title_font_size=&#8221;25px&#8221; subhead_font=&#8221;||||||||&#8221; subhead_text_color=&#8221;#0068d8&#8243; subhead_font_size=&#8221;24px&#8221; background_color=&#8221;#fbfaf5&#8243; border_color_all=&#8221;#ffffff&#8221; border_color_bottom=&#8221;#00cccc&#8221; border_style_bottom=&#8221;dotted&#8221; background_layout=&#8221;light&#8221; custom_padding=&#8221;25px||6px|||&#8221;][\/et_pb_fullwidth_header][\/et_pb_section][et_pb_section fb_built=&#8221;1&#8243; admin_label=&#8221;section&#8221; _builder_version=&#8221;3.26.4&#8243; background_color=&#8221;#fffbf9&#8243; background_color_gradient_direction=&#8221;89deg&#8221; max_width=&#8221;100%&#8221; custom_padding=&#8221;||6px|||&#8221; collapsed=&#8221;on&#8221;][et_pb_row custom_padding=&#8221;|90px||70px||&#8221; admin_label=&#8221;row&#8221; _builder_version=&#8221;3.26.4&#8243; background_color=&#8221;rgba(0,0,0,0)&#8221; background_size=&#8221;initial&#8221; background_position=&#8221;top_left&#8221; background_repeat=&#8221;repeat&#8221;][et_pb_column type=&#8221;4_4&#8243; _builder_version=&#8221;3.25&#8243; custom_padding=&#8221;|||&#8221; custom_padding__hover=&#8221;|||&#8221;][et_pb_text admin_label=&#8221;Text&#8221; _builder_version=&#8221;3.26.4&#8243; background_size=&#8221;initial&#8221; background_position=&#8221;top_left&#8221; background_repeat=&#8221;repeat&#8221;] Tamara Landau Rosenberg \u00e8 nata nel 1949 a Milano, Itali. [&hellip;]","og_url":"https:\/\/tamara-landau.net\/it\/tamara-landau-psicoanalista\/","og_site_name":"Tamara Landau","article_modified_time":"2019-12-10T16:12:58+00:00","twitter_card":"summary_large_image","twitter_misc":{"Tempo di lettura stimato":"5 minuti"},"schema":{"@context":"https:\/\/schema.org","@graph":[{"@type":"WebPage","@id":"https:\/\/tamara-landau.net\/it\/tamara-landau-psicoanalista\/","url":"https:\/\/tamara-landau.net\/it\/tamara-landau-psicoanalista\/","name":"Tamara Landau, Psicoanalista | Tamara Landau","isPartOf":{"@id":"https:\/\/tamara-landau.net\/#website"},"datePublished":"2019-12-10T16:03:14+00:00","dateModified":"2019-12-10T16:12:58+00:00","breadcrumb":{"@id":"https:\/\/tamara-landau.net\/it\/tamara-landau-psicoanalista\/#breadcrumb"},"inLanguage":"it-IT","potentialAction":[{"@type":"ReadAction","target":["https:\/\/tamara-landau.net\/it\/tamara-landau-psicoanalista\/"]}]},{"@type":"BreadcrumbList","@id":"https:\/\/tamara-landau.net\/it\/tamara-landau-psicoanalista\/#breadcrumb","itemListElement":[{"@type":"ListItem","position":1,"name":"Accueil","item":"https:\/\/tamara-landau.net\/it\/tamara-landau-psicanalista-e-scultrice\/"},{"@type":"ListItem","position":2,"name":"Tamara Landau, Psicoanalista"}]},{"@type":"WebSite","@id":"https:\/\/tamara-landau.net\/#website","url":"https:\/\/tamara-landau.net\/","name":"Tamara Landau","description":"psychanalyste et sculptrice","potentialAction":[{"@type":"SearchAction","target":{"@type":"EntryPoint","urlTemplate":"https:\/\/tamara-landau.net\/?s={search_term_string}"},"query-input":"required name=search_term_string"}],"inLanguage":"it-IT"}]}},"_links":{"self":[{"href":"https:\/\/tamara-landau.net\/it\/wp-json\/wp\/v2\/pages\/2750"}],"collection":[{"href":"https:\/\/tamara-landau.net\/it\/wp-json\/wp\/v2\/pages"}],"about":[{"href":"https:\/\/tamara-landau.net\/it\/wp-json\/wp\/v2\/types\/page"}],"author":[{"embeddable":true,"href":"https:\/\/tamara-landau.net\/it\/wp-json\/wp\/v2\/users\/1"}],"replies":[{"embeddable":true,"href":"https:\/\/tamara-landau.net\/it\/wp-json\/wp\/v2\/comments?post=2750"}],"version-history":[{"count":10,"href":"https:\/\/tamara-landau.net\/it\/wp-json\/wp\/v2\/pages\/2750\/revisions"}],"predecessor-version":[{"id":2764,"href":"https:\/\/tamara-landau.net\/it\/wp-json\/wp\/v2\/pages\/2750\/revisions\/2764"}],"wp:attachment":[{"href":"https:\/\/tamara-landau.net\/it\/wp-json\/wp\/v2\/media?parent=2750"}],"curies":[{"name":"wp","href":"https:\/\/api.w.org\/{rel}","templated":true}]}}