{"id":2693,"date":"2019-12-10T14:35:49","date_gmt":"2019-12-10T14:35:49","guid":{"rendered":"https:\/\/tamara-landau.net\/la-nascita-impossibile-o-il-bambino-enclave-fobie-nevrosi-dangoscia-e-sentimento-di-esistere\/la-nascita-impossibile-teoria\/"},"modified":"2019-12-10T14:37:32","modified_gmt":"2019-12-10T14:37:32","slug":"la-nascita-impossibile-teoria","status":"publish","type":"page","link":"https:\/\/tamara-landau.net\/it\/la-nascita-impossibile-o-il-bambino-enclave-fobie-nevrosi-dangoscia-e-sentimento-di-esistere\/la-nascita-impossibile-teoria\/","title":{"rendered":"La nascita impossibile, Teoria"},"content":{"rendered":"<p>[et_pb_section fb_built=&#8221;1&#8243; fullwidth=&#8221;on&#8221; _builder_version=&#8221;3.26.4&#8243; background_color=&#8221;#fcfaf6&#8243;][et_pb_fullwidth_header title=&#8221;Tamara Landau&#8221; subhead=&#8221;La nascita impossibile o il bambino %22enclav\u00e9%22 fobie, nevrosi d&#8217;angoscia e sentimento di esistere&#8221; _builder_version=&#8221;3.26.4&#8243; title_font=&#8221;||||||||&#8221; title_text_color=&#8221;#00cccc&#8221; title_font_size=&#8221;25px&#8221; subhead_font=&#8221;||||||||&#8221; subhead_text_color=&#8221;#0068d8&#8243; subhead_font_size=&#8221;22px&#8221; background_color=&#8221;#fbfaf5&#8243; border_color_all=&#8221;#ffffff&#8221; border_color_bottom=&#8221;#00cccc&#8221; border_style_bottom=&#8221;dotted&#8221; background_layout=&#8221;light&#8221; custom_padding=&#8221;25px||6px|||&#8221; saved_tabs=&#8221;all&#8221;][\/et_pb_fullwidth_header][\/et_pb_section][et_pb_section fb_built=&#8221;1&#8243; fullwidth=&#8221;on&#8221; _builder_version=&#8221;3.26.4&#8243; locked=&#8221;off&#8221;][et_pb_fullwidth_menu menu_id=&#8221;35&#8243; _builder_version=&#8221;3.26.4&#8243; menu_font=&#8221;|600||on|||||&#8221; saved_tabs=&#8221;all&#8221;][\/et_pb_fullwidth_menu][\/et_pb_section][et_pb_section fb_built=&#8221;1&#8243; _builder_version=&#8221;3.26.4&#8243;][et_pb_row column_structure=&#8221;1_3,2_3&#8243; _builder_version=&#8221;3.26.4&#8243;][et_pb_column type=&#8221;1_3&#8243; _builder_version=&#8221;3.26.4&#8243;][et_pb_sidebar orientation=&#8221;right&#8221; area=&#8221;et_pb_widget_area_6&#8243; show_border=&#8221;off&#8221; _builder_version=&#8221;3.26.4&#8243;][\/et_pb_sidebar][\/et_pb_column][et_pb_column type=&#8221;2_3&#8243; _builder_version=&#8221;3.26.4&#8243;][et_pb_text _builder_version=&#8221;3.26.4&#8243;]<\/p>\n<h2><strong><span class=\"lettrineNoire\">Teoria<\/span><\/strong><\/h2>\n<p>L&#8217;esperienza clinica mi ha portato a constatare che molti pazienti nevrotici hanno problemi nel riconoscimento di s\u00e9 che esprimono attraverso dei vissuti corporali ricorrenti: l&#8217;impressione di essere trasparenti, di non avere un corpo che gli appartenga veramente, di sentirsi leggeri e pesantissimi allo stesso tempo e soprtutto di non riconoscere la propria immagine reflessa nello specchio, ma di vedervi quella della madre (le donne in particolar modo)<\/p>\n<p>Si ritrova spesso questo disturbo anche nei frequenti lapsus tipo \u201cmia madre\u201d in luogo di \u201cmia nonna\u201d, \u201cmio padre\u201d in luogo di \u201cmio nonno\u201d oppure \u201csono morto\/a quattro anni\u201d o ancora \u201cnascer\u00f2 il&#8230;\u201d delle pazienti incinte.<\/p>\n<p>Si osserva spesso questa inversione dei tempi della genealogia nelle donne incinte e, sovente, nelle pazienti bulimiche.<\/p>\n<p>Queste ultime esprimono con chiarezza le loro impressioni: \u201cil volto che vedo nello specchio \u00e8 quello di mia madre\u201d; oppure: \u201cal di sopra della vita non mi riconosco nello specchio poich\u00e9 il mio corpo e la mia grassezza non appartengono a me, appartengono a mia madre\u201d.<\/p>\n<p>O ancora, nelle bulimiche, questo vissuto fusionale si accompagna anche a una pulsione di distruzione che esprimono chiaramente in propositi del genere: \u201cmangio per uccidere mia madre\u201d.<\/p>\n<p>L&#8217;insieme di questi disturbi si manifesta nei fantasmi originari \u201cuna vita per due\u201d, \u201cun corpo per due\u201d e modella nel bambino la percezione del proprio corpo: quello che la madre non vede, non sente e non nomina non esiste.<\/p>\n<p>Da qui ogni tentativo d&#8217;individuazione viene risentito come minaccioso, suscettibile di condurre alla morte o alla follia.<\/p>\n<p>Secondo la mia ipotesi, il feto \u00e8 strutturato inconsciamente in uno schema corporale fusionale creato dalla sua nonna con la madre, gi\u00e0 dalla vita fetale di lei. In altre parole, la percezione del proprio corpo del bambino \u00e8 strutturata inconsciamente dalla di lui nonna. Ma se, durante la gravidanza, la donna ritrova la sensazione di \u201cappartenere\u201d al corpo della propria madre, ella prova in seguito la sensazione di \u201cappartenere\u201d al corpo del feto, e ci\u00f2 prova, inversamente, la sensazione di \u201cappartenere\u201d al corpo della madre e della nonna.<\/p>\n<p>Questo processo costituisce il fanatsma originario dell&#8217;albero rovesciato che disegni spontanei di pazienti hanno contribuito a formalizzare.<\/p>\n<p>La mia opera spiega come la madre giunge ad elaborare inconsciamente questo processo ontogenetico attraverso uno schema di fantasma originari (d&#8217;origine filogenetica poich\u00e9 legati a pusioni di autoconservazione del s\u00e9) durante tutta la gravidanza (fase designata come \u201cimpronta primordiale\u201d) per, da una parte, organizzare lo schema fusionale che forma con il bambino, dall&#8217;altra per d\u00e9prendre inconsciamente quello del legame fusionale originario.<\/p>\n<p>In effetti ho potuto constatare clinicamente che il processo ontogenetico prosegue anche dopo la nascita del bambino, all&#8217;incirca per tre anni (fase designata come \u201cImpronta primaria \u201c).<\/p>\n<p>Nel corso dell&#8217;impronta primaria, la madre da seguito inconsciamente al processo di elaborazione fisica per distaccarsi dalla sensazione di appartenere al corpo del bambino.<\/p>\n<p>Effettivamente, questo sentimento molto forte alla nascita, diminuisce progressivamente d&#8217;intensit\u00e0 (a livello biologico), attraverso tre fasi che durano circa un anno, fino a quando cio\u00e8 il bambino raggiunge una maturit\u00e0 e una autonomia psicomotoria.<\/p>\n<p>Da tutto ci\u00f2 scaturisce un&#8217;idea guida:<br \/>\nse la madre, per differenti ragioni (legate alla sua storia, al suo desiderio, al suo proprio visuto fetale, alla sua propria rappresentazione corporale, al momento che attraversa, ecc.) non giunge durante la gestazione a prendere coscienza delle modificazioni provate nel proprio corpo e a elaborare inconsciamente il processo filo-ontogenetico in corso attraverso i fantasmi originari, ella provocher\u00e0 una disorganizzazione dello schema corporale del figlio. Questa disorganizzazione \u00e8 la causa pi\u00f9 precoce dei disturbi di percezione del proprio corpo e dei disturbi psichici del bambino e, soprattutto, la causa arcaica delle fobie e delle nevrosi di angoscia.<\/p>\n<p>.<\/p>\n<p>Ce processus constitue le<strong> fantasme originaire de l&#8217;arbre renvers\u00e9<\/strong>, que les dessins spontan\u00e9s de patients ont contribu\u00e9 \u00e0 formaliser.<\/p>\n<p>Mon ouvrage explique comment la m\u00e8re parvient \u00e0 \u00e9laborer inconsciemment ce processus ontog\u00e9n\u00e9tique \u00e0 travers un sch\u00e8me de fantasmes originaires (d&#8217;origine phylog\u00e9n\u00e9tique car li\u00e9 aux pulsions d&#8217;autoconservation du moi) tout au long de la grossesse (phase d\u00e9sign\u00e9e comme l&#8217;\u00ab\u00a0empreinte primordiale\u00a0\u00bb) pour, d&#8217;une part, organiser le sch\u00e9ma fusionnel qu&#8217;elle forme avec l&#8217;enfant et, d&#8217;autre part, pour d\u00e9prendre inconsciemment celui-ci de ce lien fusionnel originaire.<\/p>\n<p>En effet, j&#8217;ai pu constater cliniquement que le processus ontog\u00e9n\u00e9tique se poursuit aussi apr\u00e8s la naissance de l&#8217;enfant, durant environ trois ans (phase d\u00e9sign\u00e9e comme l&#8217;\u00ab\u00a0empreinte primaire\u00a0\u00bb).<br \/>\nAu cours de l&#8217;empreinte primaire, la m\u00e8re poursuit inconsciemment le processus d&#8217;\u00e9laboration psychique pour se d\u00e9tacher du sentiment d&#8217;appartenir au corps de l&#8217;enfant.<br \/>\nEn effet, ce sentiment, tr\u00e8s fort \u00e0 la naissance, diminue d&#8217;intensit\u00e9 progressivement (au niveau biologique), au cours de trois phases, qui durent un an environ, lorsque l&#8217;enfant a atteint une maturit\u00e9 et une autonomie psychomotrice.<\/p>\n<p>De tout ceci d\u00e9coule une id\u00e9e ma\u00eetresse\u00a0: si la m\u00e8re, pour diff\u00e9rentes raisons (li\u00e9es \u00e0 son histoire, \u00e0 son d\u00e9sir, \u00e0 son propre v\u00e9cu f\u0153tal, \u00e0 sa propre repr\u00e9sentation corporelle, au moment qu&#8217;elle traverse, etc.) n&#8217;arrive pas, durant la grossesse, \u00e0 prendre conscience des modifications ressenties dans son corps et \u00e0 \u00e9laborer inconsciemment le processus phylo-ontog\u00e9n\u00e9tique en cours \u00e0 travers les fantasmes originaires, elle provoque une d\u00e9sorganisation du sch\u00e9ma corporel de l&#8217;enfant.<\/p>\n<p>Cette d\u00e9sorganisation va \u00eatre la cause plus pr\u00e9coce des troubles de la perception du corps propre et des troubles psychiques chez ce dernier, et notamment la cause archa\u00efque des phobies et des n\u00e9vroses d&#8217;angoisse.[\/et_pb_text][\/et_pb_column][\/et_pb_row][\/et_pb_section]<\/p>\n","protected":false},"excerpt":{"rendered":"<p>[et_pb_section fb_built=&#8221;1&#8243; fullwidth=&#8221;on&#8221; _builder_version=&#8221;3.26.4&#8243; background_color=&#8221;#fcfaf6&#8243;][et_pb_fullwidth_header title=&#8221;Tamara Landau&#8221; subhead=&#8221;La nascita impossibile o il bambino %22enclav\u00e9%22 fobie, nevrosi d&#8217;angoscia e sentimento di esistere&#8221; _builder_version=&#8221;3.26.4&#8243; title_font=&#8221;||||||||&#8221; title_text_color=&#8221;#00cccc&#8221; title_font_size=&#8221;25px&#8221; subhead_font=&#8221;||||||||&#8221; subhead_text_color=&#8221;#0068d8&#8243; subhead_font_size=&#8221;22px&#8221; background_color=&#8221;#fbfaf5&#8243; border_color_all=&#8221;#ffffff&#8221; border_color_bottom=&#8221;#00cccc&#8221; border_style_bottom=&#8221;dotted&#8221; background_layout=&#8221;light&#8221; custom_padding=&#8221;25px||6px|||&#8221; saved_tabs=&#8221;all&#8221;][\/et_pb_fullwidth_header][\/et_pb_section][et_pb_section fb_built=&#8221;1&#8243; fullwidth=&#8221;on&#8221; _builder_version=&#8221;3.26.4&#8243; locked=&#8221;off&#8221;][et_pb_fullwidth_menu menu_id=&#8221;35&#8243; _builder_version=&#8221;3.26.4&#8243; menu_font=&#8221;|600||on|||||&#8221; saved_tabs=&#8221;all&#8221;][\/et_pb_fullwidth_menu][\/et_pb_section][et_pb_section fb_built=&#8221;1&#8243; _builder_version=&#8221;3.26.4&#8243;][et_pb_row column_structure=&#8221;1_3,2_3&#8243; _builder_version=&#8221;3.26.4&#8243;][et_pb_column type=&#8221;1_3&#8243; _builder_version=&#8221;3.26.4&#8243;][et_pb_sidebar orientation=&#8221;right&#8221; area=&#8221;et_pb_widget_area_6&#8243; show_border=&#8221;off&#8221; _builder_version=&#8221;3.26.4&#8243;][\/et_pb_sidebar][\/et_pb_column][et_pb_column type=&#8221;2_3&#8243; _builder_version=&#8221;3.26.4&#8243;][et_pb_text [&hellip;]<\/p>\n","protected":false},"author":1,"featured_media":0,"parent":2667,"menu_order":0,"comment_status":"closed","ping_status":"closed","template":"","meta":{"_et_pb_use_builder":"on","_et_pb_old_content":"","_et_gb_content_width":""},"yoast_head":"<!-- This site is optimized with the Yoast SEO plugin v20.3 - https:\/\/yoast.com\/wordpress\/plugins\/seo\/ -->\n<title>La nascita impossibile, Teoria | Tamara Landau<\/title>\n<meta name=\"robots\" content=\"index, follow, max-snippet:-1, max-image-preview:large, max-video-preview:-1\" \/>\n<link rel=\"canonical\" href=\"https:\/\/tamara-landau.net\/it\/la-nascita-impossibile-o-il-bambino-enclave-fobie-nevrosi-dangoscia-e-sentimento-di-esistere\/la-nascita-impossibile-teoria\/\" \/>\n<meta property=\"og:locale\" content=\"it_IT\" \/>\n<meta property=\"og:type\" content=\"article\" \/>\n<meta property=\"og:title\" content=\"La nascita impossibile, Teoria | Tamara Landau\" \/>\n<meta property=\"og:description\" content=\"[et_pb_section fb_built=&#8221;1&#8243; fullwidth=&#8221;on&#8221; _builder_version=&#8221;3.26.4&#8243; background_color=&#8221;#fcfaf6&#8243;][et_pb_fullwidth_header title=&#8221;Tamara Landau&#8221; subhead=&#8221;La nascita impossibile o il bambino %22enclav\u00e9%22 fobie, nevrosi d&#8217;angoscia e sentimento di esistere&#8221; _builder_version=&#8221;3.26.4&#8243; title_font=&#8221;||||||||&#8221; title_text_color=&#8221;#00cccc&#8221; title_font_size=&#8221;25px&#8221; subhead_font=&#8221;||||||||&#8221; subhead_text_color=&#8221;#0068d8&#8243; subhead_font_size=&#8221;22px&#8221; background_color=&#8221;#fbfaf5&#8243; border_color_all=&#8221;#ffffff&#8221; border_color_bottom=&#8221;#00cccc&#8221; border_style_bottom=&#8221;dotted&#8221; background_layout=&#8221;light&#8221; custom_padding=&#8221;25px||6px|||&#8221; saved_tabs=&#8221;all&#8221;][\/et_pb_fullwidth_header][\/et_pb_section][et_pb_section fb_built=&#8221;1&#8243; fullwidth=&#8221;on&#8221; _builder_version=&#8221;3.26.4&#8243; locked=&#8221;off&#8221;][et_pb_fullwidth_menu menu_id=&#8221;35&#8243; _builder_version=&#8221;3.26.4&#8243; menu_font=&#8221;|600||on|||||&#8221; saved_tabs=&#8221;all&#8221;][\/et_pb_fullwidth_menu][\/et_pb_section][et_pb_section fb_built=&#8221;1&#8243; _builder_version=&#8221;3.26.4&#8243;][et_pb_row column_structure=&#8221;1_3,2_3&#8243; _builder_version=&#8221;3.26.4&#8243;][et_pb_column type=&#8221;1_3&#8243; _builder_version=&#8221;3.26.4&#8243;][et_pb_sidebar orientation=&#8221;right&#8221; area=&#8221;et_pb_widget_area_6&#8243; show_border=&#8221;off&#8221; _builder_version=&#8221;3.26.4&#8243;][\/et_pb_sidebar][\/et_pb_column][et_pb_column type=&#8221;2_3&#8243; _builder_version=&#8221;3.26.4&#8243;][et_pb_text [&hellip;]\" \/>\n<meta property=\"og:url\" content=\"https:\/\/tamara-landau.net\/it\/la-nascita-impossibile-o-il-bambino-enclave-fobie-nevrosi-dangoscia-e-sentimento-di-esistere\/la-nascita-impossibile-teoria\/\" \/>\n<meta property=\"og:site_name\" content=\"Tamara Landau\" \/>\n<meta property=\"article:modified_time\" content=\"2019-12-10T14:37:32+00:00\" \/>\n<meta name=\"twitter:card\" content=\"summary_large_image\" \/>\n<meta name=\"twitter:label1\" content=\"Tempo di lettura stimato\" \/>\n\t<meta name=\"twitter:data1\" content=\"5 minuti\" \/>\n<script type=\"application\/ld+json\" class=\"yoast-schema-graph\">{\"@context\":\"https:\/\/schema.org\",\"@graph\":[{\"@type\":\"WebPage\",\"@id\":\"https:\/\/tamara-landau.net\/it\/la-nascita-impossibile-o-il-bambino-enclave-fobie-nevrosi-dangoscia-e-sentimento-di-esistere\/la-nascita-impossibile-teoria\/\",\"url\":\"https:\/\/tamara-landau.net\/it\/la-nascita-impossibile-o-il-bambino-enclave-fobie-nevrosi-dangoscia-e-sentimento-di-esistere\/la-nascita-impossibile-teoria\/\",\"name\":\"La nascita impossibile, Teoria | Tamara Landau\",\"isPartOf\":{\"@id\":\"https:\/\/tamara-landau.net\/#website\"},\"datePublished\":\"2019-12-10T14:35:49+00:00\",\"dateModified\":\"2019-12-10T14:37:32+00:00\",\"breadcrumb\":{\"@id\":\"https:\/\/tamara-landau.net\/it\/la-nascita-impossibile-o-il-bambino-enclave-fobie-nevrosi-dangoscia-e-sentimento-di-esistere\/la-nascita-impossibile-teoria\/#breadcrumb\"},\"inLanguage\":\"it-IT\",\"potentialAction\":[{\"@type\":\"ReadAction\",\"target\":[\"https:\/\/tamara-landau.net\/it\/la-nascita-impossibile-o-il-bambino-enclave-fobie-nevrosi-dangoscia-e-sentimento-di-esistere\/la-nascita-impossibile-teoria\/\"]}]},{\"@type\":\"BreadcrumbList\",\"@id\":\"https:\/\/tamara-landau.net\/it\/la-nascita-impossibile-o-il-bambino-enclave-fobie-nevrosi-dangoscia-e-sentimento-di-esistere\/la-nascita-impossibile-teoria\/#breadcrumb\",\"itemListElement\":[{\"@type\":\"ListItem\",\"position\":1,\"name\":\"Accueil\",\"item\":\"https:\/\/tamara-landau.net\/it\/tamara-landau-psicanalista-e-scultrice\/\"},{\"@type\":\"ListItem\",\"position\":2,\"name\":\"La nascita impossibile o il bambino \u00ab\u00a0enclav\u00e9\u00a0\u00bb fobie, nevrosi d&rsquo;angoscia e sentimento di esistere\",\"item\":\"https:\/\/tamara-landau.net\/it\/la-nascita-impossibile-o-il-bambino-enclave-fobie-nevrosi-dangoscia-e-sentimento-di-esistere\/\"},{\"@type\":\"ListItem\",\"position\":3,\"name\":\"La nascita impossibile, Teoria\"}]},{\"@type\":\"WebSite\",\"@id\":\"https:\/\/tamara-landau.net\/#website\",\"url\":\"https:\/\/tamara-landau.net\/\",\"name\":\"Tamara Landau\",\"description\":\"psychanalyste et sculptrice\",\"potentialAction\":[{\"@type\":\"SearchAction\",\"target\":{\"@type\":\"EntryPoint\",\"urlTemplate\":\"https:\/\/tamara-landau.net\/?s={search_term_string}\"},\"query-input\":\"required name=search_term_string\"}],\"inLanguage\":\"it-IT\"}]}<\/script>\n<!-- \/ Yoast SEO plugin. -->","yoast_head_json":{"title":"La nascita impossibile, Teoria | Tamara Landau","robots":{"index":"index","follow":"follow","max-snippet":"max-snippet:-1","max-image-preview":"max-image-preview:large","max-video-preview":"max-video-preview:-1"},"canonical":"https:\/\/tamara-landau.net\/it\/la-nascita-impossibile-o-il-bambino-enclave-fobie-nevrosi-dangoscia-e-sentimento-di-esistere\/la-nascita-impossibile-teoria\/","og_locale":"it_IT","og_type":"article","og_title":"La nascita impossibile, Teoria | Tamara Landau","og_description":"[et_pb_section fb_built=&#8221;1&#8243; fullwidth=&#8221;on&#8221; _builder_version=&#8221;3.26.4&#8243; background_color=&#8221;#fcfaf6&#8243;][et_pb_fullwidth_header title=&#8221;Tamara Landau&#8221; subhead=&#8221;La nascita impossibile o il bambino %22enclav\u00e9%22 fobie, nevrosi d&#8217;angoscia e sentimento di esistere&#8221; _builder_version=&#8221;3.26.4&#8243; title_font=&#8221;||||||||&#8221; title_text_color=&#8221;#00cccc&#8221; title_font_size=&#8221;25px&#8221; subhead_font=&#8221;||||||||&#8221; subhead_text_color=&#8221;#0068d8&#8243; subhead_font_size=&#8221;22px&#8221; background_color=&#8221;#fbfaf5&#8243; border_color_all=&#8221;#ffffff&#8221; border_color_bottom=&#8221;#00cccc&#8221; border_style_bottom=&#8221;dotted&#8221; background_layout=&#8221;light&#8221; custom_padding=&#8221;25px||6px|||&#8221; saved_tabs=&#8221;all&#8221;][\/et_pb_fullwidth_header][\/et_pb_section][et_pb_section fb_built=&#8221;1&#8243; fullwidth=&#8221;on&#8221; _builder_version=&#8221;3.26.4&#8243; locked=&#8221;off&#8221;][et_pb_fullwidth_menu menu_id=&#8221;35&#8243; _builder_version=&#8221;3.26.4&#8243; menu_font=&#8221;|600||on|||||&#8221; saved_tabs=&#8221;all&#8221;][\/et_pb_fullwidth_menu][\/et_pb_section][et_pb_section fb_built=&#8221;1&#8243; _builder_version=&#8221;3.26.4&#8243;][et_pb_row column_structure=&#8221;1_3,2_3&#8243; _builder_version=&#8221;3.26.4&#8243;][et_pb_column type=&#8221;1_3&#8243; _builder_version=&#8221;3.26.4&#8243;][et_pb_sidebar orientation=&#8221;right&#8221; area=&#8221;et_pb_widget_area_6&#8243; show_border=&#8221;off&#8221; _builder_version=&#8221;3.26.4&#8243;][\/et_pb_sidebar][\/et_pb_column][et_pb_column type=&#8221;2_3&#8243; _builder_version=&#8221;3.26.4&#8243;][et_pb_text [&hellip;]","og_url":"https:\/\/tamara-landau.net\/it\/la-nascita-impossibile-o-il-bambino-enclave-fobie-nevrosi-dangoscia-e-sentimento-di-esistere\/la-nascita-impossibile-teoria\/","og_site_name":"Tamara Landau","article_modified_time":"2019-12-10T14:37:32+00:00","twitter_card":"summary_large_image","twitter_misc":{"Tempo di lettura stimato":"5 minuti"},"schema":{"@context":"https:\/\/schema.org","@graph":[{"@type":"WebPage","@id":"https:\/\/tamara-landau.net\/it\/la-nascita-impossibile-o-il-bambino-enclave-fobie-nevrosi-dangoscia-e-sentimento-di-esistere\/la-nascita-impossibile-teoria\/","url":"https:\/\/tamara-landau.net\/it\/la-nascita-impossibile-o-il-bambino-enclave-fobie-nevrosi-dangoscia-e-sentimento-di-esistere\/la-nascita-impossibile-teoria\/","name":"La nascita impossibile, Teoria | Tamara Landau","isPartOf":{"@id":"https:\/\/tamara-landau.net\/#website"},"datePublished":"2019-12-10T14:35:49+00:00","dateModified":"2019-12-10T14:37:32+00:00","breadcrumb":{"@id":"https:\/\/tamara-landau.net\/it\/la-nascita-impossibile-o-il-bambino-enclave-fobie-nevrosi-dangoscia-e-sentimento-di-esistere\/la-nascita-impossibile-teoria\/#breadcrumb"},"inLanguage":"it-IT","potentialAction":[{"@type":"ReadAction","target":["https:\/\/tamara-landau.net\/it\/la-nascita-impossibile-o-il-bambino-enclave-fobie-nevrosi-dangoscia-e-sentimento-di-esistere\/la-nascita-impossibile-teoria\/"]}]},{"@type":"BreadcrumbList","@id":"https:\/\/tamara-landau.net\/it\/la-nascita-impossibile-o-il-bambino-enclave-fobie-nevrosi-dangoscia-e-sentimento-di-esistere\/la-nascita-impossibile-teoria\/#breadcrumb","itemListElement":[{"@type":"ListItem","position":1,"name":"Accueil","item":"https:\/\/tamara-landau.net\/it\/tamara-landau-psicanalista-e-scultrice\/"},{"@type":"ListItem","position":2,"name":"La nascita impossibile o il bambino \u00ab\u00a0enclav\u00e9\u00a0\u00bb fobie, nevrosi d&rsquo;angoscia e sentimento di esistere","item":"https:\/\/tamara-landau.net\/it\/la-nascita-impossibile-o-il-bambino-enclave-fobie-nevrosi-dangoscia-e-sentimento-di-esistere\/"},{"@type":"ListItem","position":3,"name":"La nascita impossibile, Teoria"}]},{"@type":"WebSite","@id":"https:\/\/tamara-landau.net\/#website","url":"https:\/\/tamara-landau.net\/","name":"Tamara Landau","description":"psychanalyste et sculptrice","potentialAction":[{"@type":"SearchAction","target":{"@type":"EntryPoint","urlTemplate":"https:\/\/tamara-landau.net\/?s={search_term_string}"},"query-input":"required name=search_term_string"}],"inLanguage":"it-IT"}]}},"_links":{"self":[{"href":"https:\/\/tamara-landau.net\/it\/wp-json\/wp\/v2\/pages\/2693"}],"collection":[{"href":"https:\/\/tamara-landau.net\/it\/wp-json\/wp\/v2\/pages"}],"about":[{"href":"https:\/\/tamara-landau.net\/it\/wp-json\/wp\/v2\/types\/page"}],"author":[{"embeddable":true,"href":"https:\/\/tamara-landau.net\/it\/wp-json\/wp\/v2\/users\/1"}],"replies":[{"embeddable":true,"href":"https:\/\/tamara-landau.net\/it\/wp-json\/wp\/v2\/comments?post=2693"}],"version-history":[{"count":2,"href":"https:\/\/tamara-landau.net\/it\/wp-json\/wp\/v2\/pages\/2693\/revisions"}],"predecessor-version":[{"id":2696,"href":"https:\/\/tamara-landau.net\/it\/wp-json\/wp\/v2\/pages\/2693\/revisions\/2696"}],"up":[{"embeddable":true,"href":"https:\/\/tamara-landau.net\/it\/wp-json\/wp\/v2\/pages\/2667"}],"wp:attachment":[{"href":"https:\/\/tamara-landau.net\/it\/wp-json\/wp\/v2\/media?parent=2693"}],"curies":[{"name":"wp","href":"https:\/\/api.w.org\/{rel}","templated":true}]}}