{"id":1867,"date":"2019-11-02T21:33:01","date_gmt":"2019-11-02T21:33:01","guid":{"rendered":"https:\/\/tamara-landau.net\/eventos-2018\/"},"modified":"2019-11-27T06:38:26","modified_gmt":"2019-11-27T06:38:26","slug":"eventos-2018","status":"publish","type":"page","link":"https:\/\/tamara-landau.net\/es\/eventos-2018\/","title":{"rendered":"Eventos 2018"},"content":{"rendered":"<p>[et_pb_section fb_built=\u00bb1&#8243; fullwidth=\u00bbon\u00bb _builder_version=\u00bb3.26.4&#8243; background_color=\u00bb#fcfaf6&#8243;][et_pb_fullwidth_header title=\u00bbTamara Landau\u00bb subhead=\u00bbEventos 2018&#8243; _builder_version=\u00bb3.26.4&#8243; title_font=\u00bb||||||||\u00bb title_text_color=\u00bb#00cccc\u00bb title_font_size=\u00bb25px\u00bb subhead_font=\u00bb||||||||\u00bb subhead_text_color=\u00bb#0068d8&#8243; subhead_font_size=\u00bb24px\u00bb background_color=\u00bb#fbfaf5&#8243; border_color_all=\u00bb#ffffff\u00bb border_color_bottom=\u00bb#00cccc\u00bb border_style_bottom=\u00bbdotted\u00bb background_layout=\u00bblight\u00bb custom_padding=\u00bb25px||6px|||\u00bb][\/et_pb_fullwidth_header][\/et_pb_section][et_pb_section fb_built=\u00bb1&#8243; fullwidth=\u00bbon\u00bb _builder_version=\u00bb3.26.4&#8243; background_color=\u00bb#ffffff\u00bb border_width_bottom=\u00bb1px\u00bb border_color_bottom=\u00bb#d7f9ee\u00bb custom_padding=\u00bb5px||16px|||\u00bb global_module=\u00bb1253&#8243; locked=\u00bboff\u00bb][et_pb_fullwidth_menu menu_id=\u00bb36&#8243; active_link_color=\u00bb#0068d8&#8243; dropdown_menu_text_color=\u00bb#0068d8&#8243; _builder_version=\u00bb3.26.4&#8243; background_color=\u00bbrgba(0,0,0,0)\u00bb border_color_bottom=\u00bb#d7f9ee\u00bb custom_margin=\u00bb||-10px|||\u00bb][\/et_pb_fullwidth_menu][\/et_pb_section][et_pb_section fb_built=\u00bb1&#8243; _builder_version=\u00bb3.26.4&#8243; border_width_bottom=\u00bb1px\u00bb border_color_bottom=\u00bb#d7f9ee\u00bb box_shadow_style=\u00bbpreset3&#8243; box_shadow_color=\u00bb#d7f9ee\u00bb custom_padding=\u00bb40px||16px|||\u00bb locked=\u00bboff\u00bb][et_pb_row column_structure=\u00bb2_3,1_3&#8243; custom_padding=\u00bb3px||8px|||\u00bb custom_margin=\u00bb|auto|-6px|50px||\u00bb _builder_version=\u00bb3.26.4&#8243; min_height=\u00bb179px\u00bb][et_pb_column type=\u00bb2_3&#8243; _builder_version=\u00bb3.26.4&#8243;][et_pb_text _builder_version=\u00bb3.26.4&#8243; text_font=\u00bb|||on|||||\u00bb text_text_color=\u00bb#00cccc\u00bb text_font_size=\u00bb18px\u00bb]Exposition du 12 Novembre 2018 au 31 mars 2019[\/et_pb_text][et_pb_text _builder_version=\u00bb3.26.4&#8243;]<\/p>\n<h2 class=\"entry-titre\">Exposition \u00ab Carnet d\u2019un psychanalyste IV \u00bb prolong\u00e9e jusqu\u2019au 31 mars 2019<\/h2>\n<p>[\/et_pb_text][et_pb_text _builder_version=\u00bb3.26.4&#8243;]La grande salle du Mus\u00e9e Juif de Buenos Aires en Argentine accueille l\u2019exposition \u00abCarnet d\u2019un psychanalyste IV\u00bb avec les tableaux de\u00a0<strong>Jean-Pierre Landau<\/strong>, la sculpture et les vid\u00e9os de\u00a0Tamara Landau.<br \/>\n[\/et_pb_text][et_pb_image src=\u00bbhttps:\/\/tamara-landau.net\/wp-content\/uploads\/2019\/10\/IMG-12112018_01.jpg\u00bb show_in_lightbox=\u00bbon\u00bb _builder_version=\u00bb3.26.4&#8243;][\/et_pb_image][et_pb_video src=\u00bbhttps:\/\/www.youtube.com\/watch?v=QCpVMygS0Pk&#038;feature=youtu.be\u00bb _builder_version=\u00bb3.26.4&#8243;][\/et_pb_video][\/et_pb_column][et_pb_column type=\u00bb1_3&#8243; _builder_version=\u00bb3.26.4&#8243;][et_pb_text _builder_version=\u00bb3.26.4&#8243; background_color=\u00bbrgba(0,0,0,0)\u00bb border_width_top=\u00bb1px\u00bb border_color_top=\u00bb#d7f9ee\u00bb custom_padding=\u00bb10px|10px|5px|10px|false|true\u00bb]<strong>Mus\u00e9e Juif de Buenos Aires<\/strong>,<br \/>\nLibertad 769 C.A.B.A.[\/et_pb_text][\/et_pb_column][\/et_pb_row][\/et_pb_section][et_pb_section fb_built=\u00bb1&#8243; _builder_version=\u00bb3.26.4&#8243; border_width_bottom=\u00bb1px\u00bb border_color_bottom=\u00bb#d7f9ee\u00bb box_shadow_style=\u00bbpreset3&#8243; box_shadow_color=\u00bb#d7f9ee\u00bb custom_padding=\u00bb40px||16px|||\u00bb locked=\u00bboff\u00bb][et_pb_row column_structure=\u00bb2_3,1_3&#8243; custom_padding=\u00bb3px||8px|||\u00bb custom_margin=\u00bb|auto|-6px|50px||\u00bb _builder_version=\u00bb3.26.4&#8243; min_height=\u00bb179px\u00bb][et_pb_column type=\u00bb2_3&#8243; _builder_version=\u00bb3.26.4&#8243;][et_pb_text _builder_version=\u00bb3.26.4&#8243; text_font=\u00bb|||on|||||\u00bb text_text_color=\u00bb#00cccc\u00bb text_font_size=\u00bb18px\u00bb custom_margin=\u00bb||15px|||\u00bb]<span class=\"tlid-translation translation\" lang=\"es\"><span class=\"\" title=\"\">Diciembre 2018<\/span><\/span>[\/et_pb_text][et_pb_text _builder_version=\u00bb3.26.4&#8243; custom_margin=\u00bb||15px|||\u00bb]<\/p>\n<h2 class=\"entry-titre\">Livre collectif, sous la dir. de Larissa Ornellas<\/h2>\n<p>[\/et_pb_text][et_pb_text _builder_version=\u00bb3.26.4&#8243;]<strong>Participation \u00e0 Salvador de Bahia<\/strong> (Br\u00e9sil), au livre collectif, sous la direction de Larissa Ornellas, <strong>\u00abDesafios da subjetividade frente \u00e0s vicissitudes comtempor\u00e2neas: praticas psicanaliticas\u00bb<\/strong>. Editions Instituto Langage.[\/et_pb_text][\/et_pb_column][et_pb_column type=\u00bb1_3&#8243; _builder_version=\u00bb3.26.4&#8243;][et_pb_image src=\u00bbhttps:\/\/tamara-landau.net\/wp-content\/uploads\/2019\/10\/desafios_01.jpg\u00bb _builder_version=\u00bb3.26.4&#8243;][\/et_pb_image][\/et_pb_column][\/et_pb_row][\/et_pb_section][et_pb_section fb_built=\u00bb1&#8243; _builder_version=\u00bb3.26.4&#8243; border_width_bottom=\u00bb1px\u00bb border_color_bottom=\u00bb#d7f9ee\u00bb box_shadow_style=\u00bbpreset3&#8243; box_shadow_color=\u00bb#d7f9ee\u00bb custom_padding=\u00bb40px||16px|||\u00bb locked=\u00bboff\u00bb][et_pb_row column_structure=\u00bb2_3,1_3&#8243; custom_padding=\u00bb3px||8px|||\u00bb custom_margin=\u00bb|auto|-6px|50px||\u00bb _builder_version=\u00bb3.26.4&#8243; min_height=\u00bb179px\u00bb][et_pb_column type=\u00bb2_3&#8243; _builder_version=\u00bb3.26.4&#8243;][et_pb_text _builder_version=\u00bb3.26.4&#8243; text_font=\u00bb|||on|||||\u00bb text_text_color=\u00bb#00cccc\u00bb text_font_size=\u00bb18px\u00bb]<span class=\"tlid-translation translation\" lang=\"es\"><span class=\"\" title=\"\">S\u00e1bado 10 de noviembre de 2018<\/span><\/span>[\/et_pb_text][et_pb_text _builder_version=\u00bb3.26.4&#8243;]<\/p>\n<h2 class=\"entry-titre\">Nuit Blanche des Mus\u00e9es en Argentine<\/h2>\n<p>[\/et_pb_text][et_pb_text _builder_version=\u00bb3.26.4&#8243;]Durant la Nuit Blanche des Mus\u00e9es en Argentine, l\u2019exposition \u00abCarnet d\u2019un psychanalyste IV\u00bb avec les peintures et dessins de\u00a0<strong>Jean-Pierre Landau<\/strong>, la <strong>sculpture et les vid\u00e9os de<\/strong>\u00a0<strong>Tamara Landau<\/strong>\u00a0seront expos\u00e9s dans la grande salle du Mus\u00e9e Juif de Buenos Aires.[\/et_pb_text][et_pb_image src=\u00bbhttps:\/\/tamara-landau.net\/wp-content\/uploads\/2019\/10\/image002_B.jpg\u00bb show_in_lightbox=\u00bbon\u00bb _builder_version=\u00bb3.26.4&#8243;][\/et_pb_image][\/et_pb_column][et_pb_column type=\u00bb1_3&#8243; _builder_version=\u00bb3.26.4&#8243;][et_pb_text _builder_version=\u00bb3.26.4&#8243; background_color=\u00bbrgba(0,0,0,0)\u00bb border_width_top=\u00bb1px\u00bb border_color_top=\u00bb#d7f9ee\u00bb custom_padding=\u00bb10px|10px|5px|10px|false|true\u00bb]<strong>Mus\u00e9e Juif de Buenos Aires<\/strong>,<br \/>\nLibertad 769 C.A.B.A.[\/et_pb_text][\/et_pb_column][\/et_pb_row][\/et_pb_section][et_pb_section fb_built=\u00bb1&#8243; _builder_version=\u00bb3.26.4&#8243; border_width_bottom=\u00bb1px\u00bb border_color_bottom=\u00bb#d7f9ee\u00bb box_shadow_style=\u00bbpreset3&#8243; box_shadow_color=\u00bb#d7f9ee\u00bb custom_padding=\u00bb40px||16px|||\u00bb locked=\u00bboff\u00bb][et_pb_row column_structure=\u00bb2_3,1_3&#8243; custom_padding=\u00bb3px||8px|||\u00bb custom_margin=\u00bb|auto|-6px|50px||\u00bb _builder_version=\u00bb3.26.4&#8243; min_height=\u00bb264px\u00bb][et_pb_column type=\u00bb2_3&#8243; _builder_version=\u00bb3.26.4&#8243;][et_pb_text _builder_version=\u00bb3.26.4&#8243; text_font=\u00bb|||on|||||\u00bb text_text_color=\u00bb#00cccc\u00bb text_font_size=\u00bb18px\u00bb]<span class=\"tlid-translation translation\" lang=\"es\"><span class=\"\" title=\"\">S\u00e1bado 9 de septiembre de 2018<\/span><\/span>[\/et_pb_text][et_pb_text _builder_version=\u00bb3.26.4&#8243;]<\/p>\n<h2 class=\"entry-titre\">Canal metro TV, Dr. Luisa R. Kremer,<br \/>\n\u00abActualidad y psicoanalisis\u00bb.<\/h2>\n<p>[\/et_pb_text][et_pb_text _builder_version=\u00bb3.26.4&#8243;]<strong>Tamara Landau<\/strong>\u00a0est invit\u00e9e \u00e0 pr\u00e9senter son livre \u00abDar a luz, dar vida\u00bb par le\u00a0<strong>Dr. Luisa R. Kremer<\/strong>\u00a0\u00e0 son \u00e9mission de t\u00e9l\u00e9vision sur canal metro dans le programme \u00ab<a href=\"https:\/\/www.youtube.com\/watch?reload=9&amp;v=Lcc7wT59Fp8\">Actualidad y psicoanalisis<\/a>\u00ab.[\/et_pb_text][\/et_pb_column][et_pb_column type=\u00bb1_3&#8243; _builder_version=\u00bb3.26.4&#8243;][et_pb_image src=\u00bbhttps:\/\/tamara-landau.net\/wp-content\/uploads\/2019\/10\/Actualidad-psicoanalysis-Tamara-Landau.jpg\u00bb url=\u00bbhttps:\/\/www.youtube.com\/watch?reload=9&amp;v=Lcc7wT59Fp8&#8243; _builder_version=\u00bb3.26.4&#8243;][\/et_pb_image][et_pb_text _builder_version=\u00bb3.26.4&#8243; background_color=\u00bbrgba(0,0,0,0)\u00bb border_width_top=\u00bb1px\u00bb border_color_top=\u00bb#d7f9ee\u00bb custom_padding=\u00bb10px|10px|5px|10px|false|true\u00bb]Canal Metro TV, Argentine[\/et_pb_text][et_pb_text _builder_version=\u00bb3.26.4&#8243; background_color=\u00bbrgba(0,0,0,0)\u00bb border_width_top=\u00bb1px\u00bb border_color_top=\u00bb#d7f9ee\u00bb custom_padding=\u00bb10px|10px|5px|10px|false|true\u00bb]<strong><span class=\"tlid-translation translation\" lang=\"es\"><span class=\"\" title=\"\">Mira el video<\/span><\/span> <a href=\"https:\/\/www.youtube.com\/watch?reload=9&amp;v=Lcc7wT59Fp8\">Actualidad y psicoanalisis<\/a><br \/>\n<\/strong>[\/et_pb_text][\/et_pb_column][\/et_pb_row][\/et_pb_section][et_pb_section fb_built=\u00bb1&#8243; _builder_version=\u00bb3.26.4&#8243; border_width_bottom=\u00bb1px\u00bb border_color_bottom=\u00bb#d7f9ee\u00bb box_shadow_style=\u00bbpreset3&#8243; box_shadow_color=\u00bb#d7f9ee\u00bb custom_padding=\u00bb40px||16px|||\u00bb locked=\u00bboff\u00bb][et_pb_row column_structure=\u00bb2_3,1_3&#8243; custom_padding=\u00bb3px||8px|||\u00bb custom_margin=\u00bb|auto|-6px|50px||\u00bb _builder_version=\u00bb3.26.4&#8243; min_height=\u00bb179px\u00bb][et_pb_column type=\u00bb2_3&#8243; _builder_version=\u00bb3.26.4&#8243;][et_pb_text _builder_version=\u00bb3.26.4&#8243; text_font=\u00bb|||on|||||\u00bb text_text_color=\u00bb#00cccc\u00bb text_font_size=\u00bb18px\u00bb]<span class=\"tlid-translation translation\" lang=\"es\"><span class=\"\" title=\"\">Martes 4 de septiembre de 2018<\/span><\/span>[\/et_pb_text][et_pb_text _builder_version=\u00bb3.26.4&#8243;]<\/p>\n<h2 class=\"entry-title\">Asociaci\u00f3n Psicoanal\u00edtica Argentina<\/h2>\n<p>[\/et_pb_text][et_pb_text _builder_version=\u00bb3.26.4&#8243;]Alicia Lotufo de Weinstein, la coordinatrice des activit\u00e9s de la Association Psychanalytique Argentine (A.P.A.) avec Rosalia Alvarez, la responsable du d\u00e9partement \u00abFamille et couple\u00bb, Hilda Catz, la responsable du d\u00e9partement \u00abenfants et adolescents\u00bb, Isabel Eckell de Muscio, responsable du d\u00e9partement de psychosomatique, invitent Tamara Landau \u00e0 pr\u00e9senter son travail sur \u00abLa vie pr\u00e9natale et les traumatismes endog\u00e8nes indicibles en acte dans la constitution du psychisme\u00bb.[\/et_pb_text][et_pb_image src=\u00bbhttps:\/\/tamara-landau.net\/wp-content\/uploads\/2019\/10\/invitacion4-9-18.jpg\u00bb show_in_lightbox=\u00bbon\u00bb _builder_version=\u00bb3.26.4&#8243;][\/et_pb_image][\/et_pb_column][et_pb_column type=\u00bb1_3&#8243; _builder_version=\u00bb3.26.4&#8243;][et_pb_text _builder_version=\u00bb3.26.4&#8243; background_color=\u00bbrgba(0,0,0,0)\u00bb border_width_top=\u00bb1px\u00bb border_color_top=\u00bb#d7f9ee\u00bb custom_padding=\u00bb10px|10px|5px|10px|false|true\u00bb]Asociaci\u00f3n Psicoanal\u00edtica Argentina,<br \/>\nRodriguez Pe\u00f1a 1674,<br \/>\nBuenos Aires CABA[\/et_pb_text][\/et_pb_column][\/et_pb_row][\/et_pb_section][et_pb_section fb_built=\u00bb1&#8243; _builder_version=\u00bb3.26.4&#8243; border_width_bottom=\u00bb1px\u00bb border_color_bottom=\u00bb#d7f9ee\u00bb box_shadow_style=\u00bbpreset3&#8243; box_shadow_color=\u00bb#d7f9ee\u00bb custom_padding=\u00bb40px||16px|||\u00bb locked=\u00bboff\u00bb][et_pb_row column_structure=\u00bb2_3,1_3&#8243; custom_padding=\u00bb3px||8px|||\u00bb custom_margin=\u00bb|auto|-6px|50px||\u00bb _builder_version=\u00bb3.26.4&#8243; min_height=\u00bb179px\u00bb][et_pb_column type=\u00bb2_3&#8243; _builder_version=\u00bb3.26.4&#8243;][et_pb_text _builder_version=\u00bb3.26.4&#8243; text_font=\u00bb|||on|||||\u00bb text_text_color=\u00bb#00cccc\u00bb text_font_size=\u00bb18px\u00bb]<span class=\"tlid-translation translation\" lang=\"es\"><span class=\"\" title=\"\">Jueves 30 de agosto de 2018<\/span><\/span>[\/et_pb_text][et_pb_text _builder_version=\u00bb3.26.4&#8243;]<\/p>\n<h2 class=\"entry-titre\">XII Congr\u00e8s Argentin de Sant\u00e9 Mentale,<br \/>\nBuenos Aires<\/h2>\n<p>[\/et_pb_text][et_pb_text _builder_version=\u00bb3.26.4&#8243;]Tamara Landau est invit\u00e9e par la Pr\u00e9sidente <strong>Beatriz Kennel<\/strong>, Professeur et Chercheur \u00e0 l\u2019Universit\u00e9 de Buenos Aires (UBA), \u00e0 intervenir au <strong>XII Congr\u00e8s Argentin de Sant\u00e9 Mentale, section \u00e9pist\u00e9mologie et m\u00e9thodologie de la recherche en Sant\u00e9 Mentale<\/strong>.<br \/>\nTitre de l\u2019intervention :<br \/>\n\u00abDe la recherche en psychanalyse \u00e0 l\u2019\u00e9criture. Le parcours du livre \u00abAccoucher et faire na\u00eetre\u00bb dans la version espagnole <em>Dar a luz, dar vida. Di\u00e1logos y separaciones durante el embarazo<\/em>\u00bb Ediciones Ricardo Vergara.<br \/>\nDiscutants <strong>Prof. Dr. Beatriz Kennel et Dr Silvia Raggi<\/strong>[\/et_pb_text][\/et_pb_column][et_pb_column type=\u00bb1_3&#8243; _builder_version=\u00bb3.26.4&#8243;][et_pb_text _builder_version=\u00bb3.26.4&#8243; background_color=\u00bbrgba(0,0,0,0)\u00bb border_width_top=\u00bb1px\u00bb border_color_top=\u00bb#d7f9ee\u00bb custom_padding=\u00bb10px|10px|5px|10px|false|true\u00bb]Hotel Panamericano<br \/>\nBuenos Aires<br \/>\nCongr\u00e8s du 29 au 31 ao\u00fbt 2018[\/et_pb_text][\/et_pb_column][\/et_pb_row][\/et_pb_section][et_pb_section fb_built=\u00bb1&#8243; _builder_version=\u00bb3.26.4&#8243; border_width_bottom=\u00bb1px\u00bb border_color_bottom=\u00bb#d7f9ee\u00bb box_shadow_style=\u00bbpreset3&#8243; box_shadow_color=\u00bb#d7f9ee\u00bb custom_padding=\u00bb40px||16px|||\u00bb locked=\u00bboff\u00bb][et_pb_row column_structure=\u00bb2_3,1_3&#8243; custom_padding=\u00bb3px||8px|||\u00bb custom_margin=\u00bb|auto|-6px|50px||\u00bb _builder_version=\u00bb3.26.4&#8243; min_height=\u00bb179px\u00bb][et_pb_column type=\u00bb2_3&#8243; _builder_version=\u00bb3.26.4&#8243;][et_pb_text _builder_version=\u00bb3.26.4&#8243; text_font=\u00bb|||on|||||\u00bb text_text_color=\u00bb#00cccc\u00bb text_font_size=\u00bb18px\u00bb]<span class=\"tlid-translation translation\" lang=\"es\"><span class=\"\" title=\"\">S\u00e1bado 25 de agosto de 2018<\/span><\/span>[\/et_pb_text][et_pb_text _builder_version=\u00bb3.26.4&#8243;]<\/p>\n<h2 class=\"entry-titre\">Galeria Buenos Aires Sur, Pr\u00e9sentation<\/h2>\n<p>[\/et_pb_text][et_pb_text _builder_version=\u00bb3.26.4&#8243;]Tamara Landau pr\u00e9sente son livre \u00e0 16h30 dans la galerie Buenos Aires Sur durant l\u2019exposition de Jean-Pierre Landau \u00abCarnet d\u2019un psychanalyste IV\u00bb.[\/et_pb_text][\/et_pb_column][et_pb_column type=\u00bb1_3&#8243; _builder_version=\u00bb3.26.4&#8243;][et_pb_text _builder_version=\u00bb3.26.4&#8243; background_color=\u00bbrgba(0,0,0,0)\u00bb border_width_top=\u00bb1px\u00bb border_color_top=\u00bb#d7f9ee\u00bb custom_padding=\u00bb10px|10px|5px|10px|false|true\u00bb]Galeria Buenos Aires Sur, Bolivar 1268<br \/>\nBuenos Aires[\/et_pb_text][\/et_pb_column][\/et_pb_row][\/et_pb_section][et_pb_section fb_built=\u00bb1&#8243; _builder_version=\u00bb3.26.4&#8243; border_width_bottom=\u00bb1px\u00bb border_color_bottom=\u00bb#d7f9ee\u00bb box_shadow_style=\u00bbpreset3&#8243; box_shadow_color=\u00bb#d7f9ee\u00bb custom_padding=\u00bb40px||16px|||\u00bb locked=\u00bboff\u00bb][et_pb_row column_structure=\u00bb2_3,1_3&#8243; custom_padding=\u00bb3px||8px|||\u00bb custom_margin=\u00bb|auto|-6px|50px||\u00bb _builder_version=\u00bb3.26.4&#8243; min_height=\u00bb179px\u00bb][et_pb_column type=\u00bb2_3&#8243; _builder_version=\u00bb3.26.4&#8243;][et_pb_text _builder_version=\u00bb3.26.4&#8243; text_font=\u00bb|||on|||||\u00bb text_text_color=\u00bb#00cccc\u00bb text_font_size=\u00bb18px\u00bb]<span class=\"tlid-translation translation\" lang=\"es\"><span class=\"\" title=\"\">Jueves, 23 de agosto de 2018 &#8211; 15h<\/span><\/span>[\/et_pb_text][et_pb_text _builder_version=\u00bb3.26.4&#8243;]<\/p>\n<h2 class=\"entry-titre\">Facult\u00e9 de psychologie de l\u2019Universit\u00e9 de Salvador (USAL)<\/h2>\n<p>[\/et_pb_text][et_pb_text _builder_version=\u00bb3.26.4&#8243;]Tamara Landau est invit\u00e9e par <strong>Gabriela Renault<\/strong>, doyenne de la facult\u00e9, et le <strong>Prof. Charo Maro\u00f1o<\/strong> \u00e0 pr\u00e9senter son livre \u00ab\u00bbDar a luz, dar vida\u00bb \u00e0 la facult\u00e9 de psychologie de l\u2019Universit\u00e9 de Salvador (USAL).[\/et_pb_text][\/et_pb_column][et_pb_column type=\u00bb1_3&#8243; _builder_version=\u00bb3.26.4&#8243;][et_pb_text _builder_version=\u00bb3.26.4&#8243; background_color=\u00bbrgba(0,0,0,0)\u00bb border_width_top=\u00bb1px\u00bb border_color_top=\u00bb#d7f9ee\u00bb custom_padding=\u00bb10px|10px|5px|10px|false|true\u00bb]Facult\u00e9 de psychologie de l\u2019Universit\u00e9 de Salvador (USAL),<br \/>\nM.T. de Alvear 1335, Buenos Aires[\/et_pb_text][\/et_pb_column][\/et_pb_row][\/et_pb_section][et_pb_section fb_built=\u00bb1&#8243; _builder_version=\u00bb3.26.4&#8243; border_width_bottom=\u00bb1px\u00bb border_color_bottom=\u00bb#d7f9ee\u00bb box_shadow_style=\u00bbpreset3&#8243; box_shadow_color=\u00bb#d7f9ee\u00bb custom_padding=\u00bb40px||16px|||\u00bb locked=\u00bboff\u00bb][et_pb_row column_structure=\u00bb2_3,1_3&#8243; custom_padding=\u00bb3px||8px|||\u00bb custom_margin=\u00bb|auto|-6px|50px||\u00bb _builder_version=\u00bb3.26.4&#8243; min_height=\u00bb179px\u00bb][et_pb_column type=\u00bb2_3&#8243; _builder_version=\u00bb3.26.4&#8243;][et_pb_text _builder_version=\u00bb3.26.4&#8243; text_font=\u00bb|||on|||||\u00bb text_text_color=\u00bb#00cccc\u00bb text_font_size=\u00bb18px\u00bb]Miercoles 22 de agosto 2018[\/et_pb_text][et_pb_text _builder_version=\u00bb3.26.4&#8243;]<\/p>\n<h2 class=\"entry-titre\">Galeria Buenos Aires Sur, Exposici\u00f3n<\/h2>\n<p>[\/et_pb_text][et_pb_text _builder_version=\u00bb3.26.4&#8243;]Eva Piccolo (curadora) invita a la apertura de la exposici\u00f3n de Jean-Pierre Landau \u00ab Carnet d\u2019un psychanalyste IV \u00bb con los videos de Tamara Landau a la galeria Buenos Aires Sur, Bolivar 1268 Buenos Aires. La exposici\u00f3n se realizar\u00e1 del 22 al 30 de agosto.[\/et_pb_text][\/et_pb_column][et_pb_column type=\u00bb1_3&#8243; _builder_version=\u00bb3.26.4&#8243;][et_pb_text _builder_version=\u00bb3.26.4&#8243; background_color=\u00bbrgba(0,0,0,0)\u00bb border_width_top=\u00bb1px\u00bb border_color_top=\u00bb#d7f9ee\u00bb custom_padding=\u00bb10px|10px|5px|10px|false|true\u00bb]Galeria Buenos Aires Sur, Bolivar 1268<br \/>\nBuenos Aires[\/et_pb_text][\/et_pb_column][\/et_pb_row][\/et_pb_section][et_pb_section fb_built=\u00bb1&#8243; _builder_version=\u00bb3.26.4&#8243; border_width_bottom=\u00bb1px\u00bb border_color_bottom=\u00bb#d7f9ee\u00bb box_shadow_style=\u00bbpreset3&#8243; box_shadow_color=\u00bb#d7f9ee\u00bb custom_padding=\u00bb40px||16px|||\u00bb locked=\u00bboff\u00bb][et_pb_row column_structure=\u00bb2_3,1_3&#8243; custom_padding=\u00bb3px||8px|||\u00bb custom_margin=\u00bb|auto|-6px|50px||\u00bb _builder_version=\u00bb3.26.4&#8243; min_height=\u00bb179px\u00bb][et_pb_column type=\u00bb2_3&#8243; _builder_version=\u00bb3.26.4&#8243;][et_pb_text _builder_version=\u00bb3.26.4&#8243; text_font=\u00bb|||on|||||\u00bb text_text_color=\u00bb#00cccc\u00bb text_font_size=\u00bb18px\u00bb]<span class=\"tlid-translation translation\" lang=\"es\"><span class=\"\" title=\"\">S\u00e1bado 18 de agosto de 2018<\/span><\/span>[\/et_pb_text][et_pb_text _builder_version=\u00bb3.26.4&#8243;]<\/p>\n<h2 class=\"entry-titre\">Universit\u00e9 Maimonides, Buenos Aires<\/h2>\n<p>[\/et_pb_text][et_pb_text _builder_version=\u00bb3.26.4&#8243;]Tamara Landau\u00a0est invit\u00e9e par <strong>Jaqui Zieler<\/strong> \u00e0 parler de son livre \u00abDar a luz, dar vida\u00bb \u00e0 l\u2019Universit\u00e9 Maimonides de Buenos Aires.[\/et_pb_text][\/et_pb_column][et_pb_column type=\u00bb1_3&#8243; _builder_version=\u00bb3.26.4&#8243;][et_pb_text _builder_version=\u00bb3.26.4&#8243; background_color=\u00bbrgba(0,0,0,0)\u00bb border_width_top=\u00bb1px\u00bb border_color_top=\u00bb#d7f9ee\u00bb custom_padding=\u00bb10px|10px|5px|10px|false|true\u00bb]Universit\u00e9 Maimonides,<br \/>\nHidalgo 775 Buenos Aires[\/et_pb_text][\/et_pb_column][\/et_pb_row][\/et_pb_section][et_pb_section fb_built=\u00bb1&#8243; _builder_version=\u00bb3.26.4&#8243; border_width_bottom=\u00bb1px\u00bb border_color_bottom=\u00bb#d7f9ee\u00bb box_shadow_style=\u00bbpreset3&#8243; box_shadow_color=\u00bb#d7f9ee\u00bb custom_padding=\u00bb40px||16px|||\u00bb locked=\u00bboff\u00bb][et_pb_row column_structure=\u00bb2_3,1_3&#8243; custom_padding=\u00bb3px||8px|||\u00bb custom_margin=\u00bb|auto|12px|50px||\u00bb _builder_version=\u00bb3.26.4&#8243; min_height=\u00bb179px\u00bb][et_pb_column type=\u00bb2_3&#8243; _builder_version=\u00bb3.26.4&#8243;][et_pb_text _builder_version=\u00bb3.26.4&#8243; text_font=\u00bb|||on|||||\u00bb text_text_color=\u00bb#00cccc\u00bb text_font_size=\u00bb18px\u00bb]Martes 14 de agosto 2018[\/et_pb_text][et_pb_text _builder_version=\u00bb3.26.4&#8243;]<\/p>\n<h2 class=\"entry-titre\">Museo Judio de Buenos Aires,<br \/>\nDonaci\u00f3n de \u00abL&#8217;arbre renvers\u00e9\u00bb, escultura de Tamara Landau<\/h2>\n<p>[\/et_pb_text][et_pb_image src=\u00bbhttps:\/\/tamara-landau.net\/wp-content\/uploads\/2019\/10\/ArbreRenverseTL_03.jpg\u00bb show_in_lightbox=\u00bbon\u00bb _builder_version=\u00bb3.26.4&#8243;][\/et_pb_image][et_pb_text _builder_version=\u00bb3.26.4&#8243;]<strong>Liliana Olmeda de Flugelman<\/strong>, curadora del Museo Judio de Buenos Aires, invita a Tamara Landau a realizar una conferencia con motivo de la donaci\u00f3n de su escultura \u00abL&#8217;arbre renvers\u00e9\u00bb, con la participaci\u00f3n de Liliana Kaplan.[\/et_pb_text][et_pb_video src=\u00bbhttps:\/\/www.youtube.com\/watch?v=CHtXxyvKe6A\u00bb _builder_version=\u00bb3.26.4&#8243;][\/et_pb_video][\/et_pb_column][et_pb_column type=\u00bb1_3&#8243; _builder_version=\u00bb3.26.4&#8243;][et_pb_text _builder_version=\u00bb3.26.4&#8243; background_color=\u00bbrgba(0,0,0,0)\u00bb border_width_top=\u00bb1px\u00bb border_color_top=\u00bb#d7f9ee\u00bb custom_padding=\u00bb10px|10px|5px|10px|false|true\u00bb]Mus\u00e9e Juif de Buenos Aires<br \/>\nLibertad 769 C.A.B.A.[\/et_pb_text][et_pb_text _builder_version=\u00bb3.26.4&#8243; background_color=\u00bbrgba(0,0,0,0)\u00bb border_width_top=\u00bb1px\u00bb border_color_top=\u00bb#d7f9ee\u00bb custom_padding=\u00bb10px|10px|5px|10px|false|true\u00bb]<a href=\"https:\/\/youtu.be\/rimPFjesKwA\" target=\"_blank\" rel=\"noopener noreferrer\">\u00c9v\u00e9nement Landau<br \/>\n\u00abART, M\u00c9MOIRE et PSYCHANALYSE\u00bb<br \/>\nMus\u00e9e Juif de Buenos Aires.<br \/>\n14 ao\u00fbt 2018 (<strong>Voir la vid\u00e9o<\/strong>)<\/a>[\/et_pb_text][\/et_pb_column][\/et_pb_row][\/et_pb_section][et_pb_section fb_built=\u00bb1&#8243; _builder_version=\u00bb3.26.4&#8243; border_width_bottom=\u00bb1px\u00bb border_color_bottom=\u00bb#d7f9ee\u00bb box_shadow_style=\u00bbpreset3&#8243; box_shadow_color=\u00bb#d7f9ee\u00bb custom_padding=\u00bb40px||16px|||\u00bb locked=\u00bboff\u00bb][et_pb_row column_structure=\u00bb2_3,1_3&#8243; custom_padding=\u00bb3px||8px|||\u00bb custom_margin=\u00bb|auto|-6px|50px||\u00bb _builder_version=\u00bb3.26.4&#8243; min_height=\u00bb179px\u00bb][et_pb_column type=\u00bb2_3&#8243; _builder_version=\u00bb3.26.4&#8243;][et_pb_text _builder_version=\u00bb3.26.4&#8243; text_font=\u00bb|||on|||||\u00bb text_text_color=\u00bb#00cccc\u00bb text_font_size=\u00bb18px\u00bb]Mardi 7 ao\u00fbt 2018 de 13h \u00e0 14h30[\/et_pb_text][et_pb_text _builder_version=\u00bb3.26.4&#8243;]<\/p>\n<h2 class=\"entry-title\">Asociaci\u00f3n Psicoanal\u00edtica Argentina<\/h2>\n<p>[\/et_pb_text][et_pb_text _builder_version=\u00bb3.26.4&#8243;]Le\u00a0<strong>dr.Hilda Catz<\/strong>, responsable du d\u00e9partement des enfants et adolescents, invite Tamara Landau \u00e0 parler de son dernier livre publi\u00e9 aux \u00e9ditions Ricardo Vergara en Argentine <em>\u00abDar a luz, dar vida. Di\u00e1logos y separaciones durante el embarazo\u00bb<\/em> \u00e0 l&#8217;Association Psychanalytique Argentine (A.P.A.) de Buenos Aires.[\/et_pb_text][\/et_pb_column][et_pb_column type=\u00bb1_3&#8243; _builder_version=\u00bb3.26.4&#8243;][et_pb_text _builder_version=\u00bb3.26.4&#8243; background_color=\u00bbrgba(0,0,0,0)\u00bb border_width_top=\u00bb1px\u00bb border_color_top=\u00bb#d7f9ee\u00bb custom_padding=\u00bb10px|10px|5px|10px|false|true\u00bb]Asociaci\u00f3n Psicoanal\u00edtica Argentina (A.P.A.) rue Rodriguez Pe\u00f1a 1674,<br \/>\nBuenos Aires[\/et_pb_text][\/et_pb_column][\/et_pb_row][\/et_pb_section][et_pb_section fb_built=\u00bb1&#8243; _builder_version=\u00bb3.26.4&#8243; border_width_bottom=\u00bb1px\u00bb border_color_bottom=\u00bb#d7f9ee\u00bb box_shadow_style=\u00bbpreset3&#8243; box_shadow_color=\u00bb#d7f9ee\u00bb custom_padding=\u00bb40px||16px|||\u00bb locked=\u00bboff\u00bb][et_pb_row column_structure=\u00bb2_3,1_3&#8243; custom_padding=\u00bb3px||8px|||\u00bb custom_margin=\u00bb|auto|-6px|50px||\u00bb _builder_version=\u00bb3.26.4&#8243; min_height=\u00bb179px\u00bb][et_pb_column type=\u00bb2_3&#8243; _builder_version=\u00bb3.26.4&#8243;][et_pb_text _builder_version=\u00bb3.26.4&#8243; text_font=\u00bb|||on|||||\u00bb text_text_color=\u00bb#00cccc\u00bb text_font_size=\u00bb18px\u00bb]Julio 2018[\/et_pb_text][et_pb_text _builder_version=\u00bb3.26.4&#8243;]Publicaci\u00f3n del libro de Tamara Landau <em>Dar a luz, dar vida<\/em>[\/et_pb_text][et_pb_text _builder_version=\u00bb3.26.4&#8243;]Publicaci\u00f3n dl libro de Tamara Landau <em>Dar a luz, dar vida<\/em> Ediciones Ricardo Vergara, Buenos Aires 2018.[\/et_pb_text][\/et_pb_column][et_pb_column type=\u00bb1_3&#8243; _builder_version=\u00bb3.26.4&#8243;][et_pb_text _builder_version=\u00bb3.26.4&#8243; background_color=\u00bbrgba(0,0,0,0)\u00bb border_width_top=\u00bb1px\u00bb border_color_top=\u00bb#d7f9ee\u00bb custom_padding=\u00bb10px|10px|5px|10px|false|true\u00bb]Editions Ricardo Vergara,<br \/>\nBuenos Aires[\/et_pb_text][\/et_pb_column][\/et_pb_row][\/et_pb_section][et_pb_section fb_built=\u00bb1&#8243; _builder_version=\u00bb3.26.4&#8243; border_width_bottom=\u00bb1px\u00bb border_color_bottom=\u00bb#d7f9ee\u00bb box_shadow_style=\u00bbpreset3&#8243; box_shadow_color=\u00bb#d7f9ee\u00bb custom_padding=\u00bb40px||16px|||\u00bb locked=\u00bboff\u00bb][et_pb_row column_structure=\u00bb2_3,1_3&#8243; custom_padding=\u00bb3px||8px|||\u00bb custom_margin=\u00bb|auto|-6px|50px||\u00bb _builder_version=\u00bb3.26.4&#8243; min_height=\u00bb179px\u00bb][et_pb_column type=\u00bb2_3&#8243; _builder_version=\u00bb3.26.4&#8243;][et_pb_text _builder_version=\u00bb3.26.4&#8243; text_font=\u00bb|||on|||||\u00bb text_text_color=\u00bb#00cccc\u00bb text_font_size=\u00bb18px\u00bb]Enero 2018[\/et_pb_text][et_pb_text _builder_version=\u00bb3.26.4&#8243;]<\/p>\n<h2 class=\"entry-titre\">Publication Revista Cr\u00e9avida<\/h2>\n<p>[\/et_pb_text][et_pb_text _builder_version=\u00bb3.26.4&#8243;]Publicacion del Seminario de Ecologia Perinatal de Tamara Landau en la revista \u00abCr\u00e9avida\u00bb N\u00b0 23. Buenos Aires, bajo la direcci\u00f3n de Jaqui Zieler.[\/et_pb_text][\/et_pb_column][et_pb_column type=\u00bb1_3&#8243; _builder_version=\u00bb3.26.4&#8243;][et_pb_text _builder_version=\u00bb3.26.4&#8243; background_color=\u00bbrgba(0,0,0,0)\u00bb border_width_top=\u00bb1px\u00bb border_color_top=\u00bb#d7f9ee\u00bb custom_padding=\u00bb10px|10px|5px|10px|false|true\u00bb]<a href=\"http:\/\/www.fundacioncreavida.org.ar\/\">www.fundacioncreavida.org.ar<\/a><br \/>\nBuenos Aires[\/et_pb_text][\/et_pb_column][\/et_pb_row][\/et_pb_section][et_pb_section fb_built=\u00bb1&#8243; fullwidth=\u00bbon\u00bb _builder_version=\u00bb3.26.4&#8243; background_color=\u00bb#ffffff\u00bb border_width_bottom=\u00bb1px\u00bb border_color_bottom=\u00bb#d7f9ee\u00bb custom_padding=\u00bb5px||16px|||\u00bb global_module=\u00bb1253&#8243; locked=\u00bboff\u00bb][et_pb_fullwidth_menu menu_id=\u00bb36&#8243; active_link_color=\u00bb#0068d8&#8243; dropdown_menu_text_color=\u00bb#0068d8&#8243; _builder_version=\u00bb3.26.4&#8243; background_color=\u00bbrgba(0,0,0,0)\u00bb border_color_bottom=\u00bb#d7f9ee\u00bb custom_margin=\u00bb||-10px|||\u00bb][\/et_pb_fullwidth_menu][\/et_pb_section]<\/p>\n","protected":false},"excerpt":{"rendered":"<p>[et_pb_section fb_built=\u00bb1&#8243; fullwidth=\u00bbon\u00bb _builder_version=\u00bb3.26.4&#8243; background_color=\u00bb#fcfaf6&#8243;][et_pb_fullwidth_header title=\u00bbTamara Landau\u00bb subhead=\u00bbEventos 2018&#8243; _builder_version=\u00bb3.26.4&#8243; title_font=\u00bb||||||||\u00bb title_text_color=\u00bb#00cccc\u00bb title_font_size=\u00bb25px\u00bb subhead_font=\u00bb||||||||\u00bb subhead_text_color=\u00bb#0068d8&#8243; subhead_font_size=\u00bb24px\u00bb background_color=\u00bb#fbfaf5&#8243; border_color_all=\u00bb#ffffff\u00bb border_color_bottom=\u00bb#00cccc\u00bb border_style_bottom=\u00bbdotted\u00bb background_layout=\u00bblight\u00bb custom_padding=\u00bb25px||6px|||\u00bb][\/et_pb_fullwidth_header][\/et_pb_section][et_pb_section fb_built=\u00bb1&#8243; fullwidth=\u00bbon\u00bb _builder_version=\u00bb3.26.4&#8243; background_color=\u00bb#ffffff\u00bb border_width_bottom=\u00bb1px\u00bb border_color_bottom=\u00bb#d7f9ee\u00bb custom_padding=\u00bb5px||16px|||\u00bb global_module=\u00bb1253&#8243; locked=\u00bboff\u00bb][et_pb_fullwidth_menu menu_id=\u00bb36&#8243; active_link_color=\u00bb#0068d8&#8243; dropdown_menu_text_color=\u00bb#0068d8&#8243; _builder_version=\u00bb3.26.4&#8243; background_color=\u00bbrgba(0,0,0,0)\u00bb border_color_bottom=\u00bb#d7f9ee\u00bb custom_margin=\u00bb||-10px|||\u00bb][\/et_pb_fullwidth_menu][\/et_pb_section][et_pb_section fb_built=\u00bb1&#8243; _builder_version=\u00bb3.26.4&#8243; border_width_bottom=\u00bb1px\u00bb border_color_bottom=\u00bb#d7f9ee\u00bb box_shadow_style=\u00bbpreset3&#8243; box_shadow_color=\u00bb#d7f9ee\u00bb custom_padding=\u00bb40px||16px|||\u00bb locked=\u00bboff\u00bb][et_pb_row column_structure=\u00bb2_3,1_3&#8243; custom_padding=\u00bb3px||8px|||\u00bb custom_margin=\u00bb|auto|-6px|50px||\u00bb _builder_version=\u00bb3.26.4&#8243; min_height=\u00bb179px\u00bb][et_pb_column type=\u00bb2_3&#8243; _builder_version=\u00bb3.26.4&#8243;][et_pb_text _builder_version=\u00bb3.26.4&#8243; text_font=\u00bb|||on|||||\u00bb [&hellip;]<\/p>\n","protected":false},"author":1,"featured_media":0,"parent":0,"menu_order":0,"comment_status":"closed","ping_status":"closed","template":"","meta":{"_et_pb_use_builder":"on","_et_pb_old_content":"","_et_gb_content_width":""},"yoast_head":"<!-- This site is optimized with the Yoast SEO plugin v20.3 - https:\/\/yoast.com\/wordpress\/plugins\/seo\/ -->\n<title>Eventos 2018 | Tamara Landau<\/title>\n<meta name=\"robots\" content=\"index, follow, max-snippet:-1, max-image-preview:large, max-video-preview:-1\" \/>\n<link rel=\"canonical\" href=\"https:\/\/tamara-landau.net\/es\/eventos-2018\/\" \/>\n<meta property=\"og:locale\" content=\"es_ES\" \/>\n<meta property=\"og:type\" content=\"article\" \/>\n<meta property=\"og:title\" content=\"Eventos 2018 | Tamara Landau\" \/>\n<meta property=\"og:description\" content=\"[et_pb_section fb_built=\u00bb1&#8243; fullwidth=\u00bbon\u00bb _builder_version=\u00bb3.26.4&#8243; background_color=\u00bb#fcfaf6&#8243;][et_pb_fullwidth_header title=\u00bbTamara Landau\u00bb subhead=\u00bbEventos 2018&#8243; _builder_version=\u00bb3.26.4&#8243; title_font=\u00bb||||||||\u00bb title_text_color=\u00bb#00cccc\u00bb title_font_size=\u00bb25px\u00bb subhead_font=\u00bb||||||||\u00bb subhead_text_color=\u00bb#0068d8&#8243; subhead_font_size=\u00bb24px\u00bb background_color=\u00bb#fbfaf5&#8243; border_color_all=\u00bb#ffffff\u00bb border_color_bottom=\u00bb#00cccc\u00bb border_style_bottom=\u00bbdotted\u00bb background_layout=\u00bblight\u00bb custom_padding=\u00bb25px||6px|||\u00bb][\/et_pb_fullwidth_header][\/et_pb_section][et_pb_section fb_built=\u00bb1&#8243; fullwidth=\u00bbon\u00bb _builder_version=\u00bb3.26.4&#8243; background_color=\u00bb#ffffff\u00bb border_width_bottom=\u00bb1px\u00bb border_color_bottom=\u00bb#d7f9ee\u00bb custom_padding=\u00bb5px||16px|||\u00bb global_module=\u00bb1253&#8243; locked=\u00bboff\u00bb][et_pb_fullwidth_menu menu_id=\u00bb36&#8243; active_link_color=\u00bb#0068d8&#8243; dropdown_menu_text_color=\u00bb#0068d8&#8243; _builder_version=\u00bb3.26.4&#8243; background_color=\u00bbrgba(0,0,0,0)\u00bb border_color_bottom=\u00bb#d7f9ee\u00bb custom_margin=\u00bb||-10px|||\u00bb][\/et_pb_fullwidth_menu][\/et_pb_section][et_pb_section fb_built=\u00bb1&#8243; _builder_version=\u00bb3.26.4&#8243; border_width_bottom=\u00bb1px\u00bb border_color_bottom=\u00bb#d7f9ee\u00bb box_shadow_style=\u00bbpreset3&#8243; box_shadow_color=\u00bb#d7f9ee\u00bb custom_padding=\u00bb40px||16px|||\u00bb locked=\u00bboff\u00bb][et_pb_row column_structure=\u00bb2_3,1_3&#8243; custom_padding=\u00bb3px||8px|||\u00bb custom_margin=\u00bb|auto|-6px|50px||\u00bb _builder_version=\u00bb3.26.4&#8243; min_height=\u00bb179px\u00bb][et_pb_column type=\u00bb2_3&#8243; _builder_version=\u00bb3.26.4&#8243;][et_pb_text _builder_version=\u00bb3.26.4&#8243; text_font=\u00bb|||on|||||\u00bb [&hellip;]\" \/>\n<meta property=\"og:url\" content=\"https:\/\/tamara-landau.net\/es\/eventos-2018\/\" \/>\n<meta property=\"og:site_name\" content=\"Tamara Landau\" \/>\n<meta property=\"article:modified_time\" content=\"2019-11-27T06:38:26+00:00\" \/>\n<meta name=\"twitter:card\" content=\"summary_large_image\" \/>\n<meta name=\"twitter:label1\" content=\"Tiempo de lectura\" \/>\n\t<meta name=\"twitter:data1\" content=\"16 minutos\" \/>\n<script type=\"application\/ld+json\" class=\"yoast-schema-graph\">{\"@context\":\"https:\/\/schema.org\",\"@graph\":[{\"@type\":\"WebPage\",\"@id\":\"https:\/\/tamara-landau.net\/es\/eventos-2018\/\",\"url\":\"https:\/\/tamara-landau.net\/es\/eventos-2018\/\",\"name\":\"Eventos 2018 | Tamara Landau\",\"isPartOf\":{\"@id\":\"https:\/\/tamara-landau.net\/#website\"},\"datePublished\":\"2019-11-02T21:33:01+00:00\",\"dateModified\":\"2019-11-27T06:38:26+00:00\",\"breadcrumb\":{\"@id\":\"https:\/\/tamara-landau.net\/es\/eventos-2018\/#breadcrumb\"},\"inLanguage\":\"es\",\"potentialAction\":[{\"@type\":\"ReadAction\",\"target\":[\"https:\/\/tamara-landau.net\/es\/eventos-2018\/\"]}]},{\"@type\":\"BreadcrumbList\",\"@id\":\"https:\/\/tamara-landau.net\/es\/eventos-2018\/#breadcrumb\",\"itemListElement\":[{\"@type\":\"ListItem\",\"position\":1,\"name\":\"Accueil\",\"item\":\"https:\/\/tamara-landau.net\/es\/tamara-landau-psicoanalista-y-escultora\/\"},{\"@type\":\"ListItem\",\"position\":2,\"name\":\"Eventos 2018\"}]},{\"@type\":\"WebSite\",\"@id\":\"https:\/\/tamara-landau.net\/#website\",\"url\":\"https:\/\/tamara-landau.net\/\",\"name\":\"Tamara Landau\",\"description\":\"psychanalyste et sculptrice\",\"potentialAction\":[{\"@type\":\"SearchAction\",\"target\":{\"@type\":\"EntryPoint\",\"urlTemplate\":\"https:\/\/tamara-landau.net\/?s={search_term_string}\"},\"query-input\":\"required name=search_term_string\"}],\"inLanguage\":\"es\"}]}<\/script>\n<!-- \/ Yoast SEO plugin. -->","yoast_head_json":{"title":"Eventos 2018 | Tamara Landau","robots":{"index":"index","follow":"follow","max-snippet":"max-snippet:-1","max-image-preview":"max-image-preview:large","max-video-preview":"max-video-preview:-1"},"canonical":"https:\/\/tamara-landau.net\/es\/eventos-2018\/","og_locale":"es_ES","og_type":"article","og_title":"Eventos 2018 | Tamara Landau","og_description":"[et_pb_section fb_built=\u00bb1&#8243; fullwidth=\u00bbon\u00bb _builder_version=\u00bb3.26.4&#8243; background_color=\u00bb#fcfaf6&#8243;][et_pb_fullwidth_header title=\u00bbTamara Landau\u00bb subhead=\u00bbEventos 2018&#8243; _builder_version=\u00bb3.26.4&#8243; title_font=\u00bb||||||||\u00bb title_text_color=\u00bb#00cccc\u00bb title_font_size=\u00bb25px\u00bb subhead_font=\u00bb||||||||\u00bb subhead_text_color=\u00bb#0068d8&#8243; subhead_font_size=\u00bb24px\u00bb background_color=\u00bb#fbfaf5&#8243; border_color_all=\u00bb#ffffff\u00bb border_color_bottom=\u00bb#00cccc\u00bb border_style_bottom=\u00bbdotted\u00bb background_layout=\u00bblight\u00bb custom_padding=\u00bb25px||6px|||\u00bb][\/et_pb_fullwidth_header][\/et_pb_section][et_pb_section fb_built=\u00bb1&#8243; fullwidth=\u00bbon\u00bb _builder_version=\u00bb3.26.4&#8243; background_color=\u00bb#ffffff\u00bb border_width_bottom=\u00bb1px\u00bb border_color_bottom=\u00bb#d7f9ee\u00bb custom_padding=\u00bb5px||16px|||\u00bb global_module=\u00bb1253&#8243; locked=\u00bboff\u00bb][et_pb_fullwidth_menu menu_id=\u00bb36&#8243; active_link_color=\u00bb#0068d8&#8243; dropdown_menu_text_color=\u00bb#0068d8&#8243; _builder_version=\u00bb3.26.4&#8243; background_color=\u00bbrgba(0,0,0,0)\u00bb border_color_bottom=\u00bb#d7f9ee\u00bb custom_margin=\u00bb||-10px|||\u00bb][\/et_pb_fullwidth_menu][\/et_pb_section][et_pb_section fb_built=\u00bb1&#8243; _builder_version=\u00bb3.26.4&#8243; border_width_bottom=\u00bb1px\u00bb border_color_bottom=\u00bb#d7f9ee\u00bb box_shadow_style=\u00bbpreset3&#8243; box_shadow_color=\u00bb#d7f9ee\u00bb custom_padding=\u00bb40px||16px|||\u00bb locked=\u00bboff\u00bb][et_pb_row column_structure=\u00bb2_3,1_3&#8243; custom_padding=\u00bb3px||8px|||\u00bb custom_margin=\u00bb|auto|-6px|50px||\u00bb _builder_version=\u00bb3.26.4&#8243; min_height=\u00bb179px\u00bb][et_pb_column type=\u00bb2_3&#8243; _builder_version=\u00bb3.26.4&#8243;][et_pb_text _builder_version=\u00bb3.26.4&#8243; text_font=\u00bb|||on|||||\u00bb [&hellip;]","og_url":"https:\/\/tamara-landau.net\/es\/eventos-2018\/","og_site_name":"Tamara Landau","article_modified_time":"2019-11-27T06:38:26+00:00","twitter_card":"summary_large_image","twitter_misc":{"Tiempo de lectura":"16 minutos"},"schema":{"@context":"https:\/\/schema.org","@graph":[{"@type":"WebPage","@id":"https:\/\/tamara-landau.net\/es\/eventos-2018\/","url":"https:\/\/tamara-landau.net\/es\/eventos-2018\/","name":"Eventos 2018 | Tamara Landau","isPartOf":{"@id":"https:\/\/tamara-landau.net\/#website"},"datePublished":"2019-11-02T21:33:01+00:00","dateModified":"2019-11-27T06:38:26+00:00","breadcrumb":{"@id":"https:\/\/tamara-landau.net\/es\/eventos-2018\/#breadcrumb"},"inLanguage":"es","potentialAction":[{"@type":"ReadAction","target":["https:\/\/tamara-landau.net\/es\/eventos-2018\/"]}]},{"@type":"BreadcrumbList","@id":"https:\/\/tamara-landau.net\/es\/eventos-2018\/#breadcrumb","itemListElement":[{"@type":"ListItem","position":1,"name":"Accueil","item":"https:\/\/tamara-landau.net\/es\/tamara-landau-psicoanalista-y-escultora\/"},{"@type":"ListItem","position":2,"name":"Eventos 2018"}]},{"@type":"WebSite","@id":"https:\/\/tamara-landau.net\/#website","url":"https:\/\/tamara-landau.net\/","name":"Tamara Landau","description":"psychanalyste et sculptrice","potentialAction":[{"@type":"SearchAction","target":{"@type":"EntryPoint","urlTemplate":"https:\/\/tamara-landau.net\/?s={search_term_string}"},"query-input":"required name=search_term_string"}],"inLanguage":"es"}]}},"_links":{"self":[{"href":"https:\/\/tamara-landau.net\/es\/wp-json\/wp\/v2\/pages\/1867"}],"collection":[{"href":"https:\/\/tamara-landau.net\/es\/wp-json\/wp\/v2\/pages"}],"about":[{"href":"https:\/\/tamara-landau.net\/es\/wp-json\/wp\/v2\/types\/page"}],"author":[{"embeddable":true,"href":"https:\/\/tamara-landau.net\/es\/wp-json\/wp\/v2\/users\/1"}],"replies":[{"embeddable":true,"href":"https:\/\/tamara-landau.net\/es\/wp-json\/wp\/v2\/comments?post=1867"}],"version-history":[{"count":6,"href":"https:\/\/tamara-landau.net\/es\/wp-json\/wp\/v2\/pages\/1867\/revisions"}],"predecessor-version":[{"id":2606,"href":"https:\/\/tamara-landau.net\/es\/wp-json\/wp\/v2\/pages\/1867\/revisions\/2606"}],"wp:attachment":[{"href":"https:\/\/tamara-landau.net\/es\/wp-json\/wp\/v2\/media?parent=1867"}],"curies":[{"name":"wp","href":"https:\/\/api.w.org\/{rel}","templated":true}]}}