{"id":1600,"date":"2019-10-24T07:51:09","date_gmt":"2019-10-24T07:51:09","guid":{"rendered":"https:\/\/tamara-landau.net\/el-nacimiento-imposible-o-el-nino-enclavado-fobias-y-neurosis-de-angustia\/el-nacimiento-imposible-teoria\/"},"modified":"2019-12-14T07:56:34","modified_gmt":"2019-12-14T07:56:34","slug":"el-nacimiento-imposible-teoria","status":"publish","type":"page","link":"https:\/\/tamara-landau.net\/es\/el-nacimiento-imposible-o-el-nino-enclavado-fobias-y-neurosis-de-angustia\/el-nacimiento-imposible-teoria\/","title":{"rendered":"El nacimiento imposible, Teor\u00eda"},"content":{"rendered":"<p>[et_pb_section fb_built=\u00bb1&#8243; fullwidth=\u00bbon\u00bb _builder_version=\u00bb3.26.4&#8243; background_color=\u00bb#fcfaf6&#8243;][et_pb_fullwidth_header title=\u00bbTamara Landau\u00bb subhead=\u00bbEl Nacimiento imposible o el ni\u00f1o enclavado &#8211; fobias y neurosis de angustia\u00bb _builder_version=\u00bb3.26.4&#8243; title_font=\u00bb||||||||\u00bb title_text_color=\u00bb#00cccc\u00bb title_font_size=\u00bb25px\u00bb subhead_font=\u00bb||||||||\u00bb subhead_text_color=\u00bb#0068d8&#8243; subhead_font_size=\u00bb22px\u00bb background_color=\u00bb#fbfaf5&#8243; background_layout=\u00bblight\u00bb custom_padding=\u00bb25px||6px|||\u00bb border_color_all=\u00bb#ffffff\u00bb border_color_bottom=\u00bb#00cccc\u00bb border_style_bottom=\u00bbdotted\u00bb saved_tabs=\u00bball\u00bb][\/et_pb_fullwidth_header][\/et_pb_section][et_pb_section fb_built=\u00bb1&#8243; fullwidth=\u00bbon\u00bb _builder_version=\u00bb3.26.4&#8243; locked=\u00bboff\u00bb][et_pb_fullwidth_menu menu_id=\u00bb35&#8243; _builder_version=\u00bb3.26.4&#8243; menu_font=\u00bb|600||on|||||\u00bb saved_tabs=\u00bball\u00bb][\/et_pb_fullwidth_menu][\/et_pb_section][et_pb_section fb_built=\u00bb1&#8243; _builder_version=\u00bb3.26.4&#8243;][et_pb_row column_structure=\u00bb1_3,2_3&#8243; _builder_version=\u00bb3.26.4&#8243;][et_pb_column type=\u00bb1_3&#8243; _builder_version=\u00bb3.26.4&#8243;][et_pb_image src=\u00bbhttps:\/\/tamara-landau.net\/wp-content\/uploads\/2019\/11\/nacimiento_es1.jpg\u00bb _builder_version=\u00bb4.0.9&#8243; locked=\u00bboff\u00bb][\/et_pb_image][\/et_pb_column][et_pb_column type=\u00bb2_3&#8243; _builder_version=\u00bb3.26.4&#8243;][et_pb_text _builder_version=\u00bb3.27.4&#8243;]<\/p>\n<h1><strong>Teor\u00eda<\/strong><\/h1>\n<p>La experiencia cl\u00ednica me llev\u00f3 a constatar que numerosos pacientes neur\u00f3ticos sufren trastornos del reconocimiento del cuerpo propio que expresan a trav\u00e9s de vivencias corporales recurrentes: la impresi\u00f3n de ser transparentes, de no tener un cuerpo que les pertenezca de veras, de sentirse ligeros a la vez que muy pesados, y sobre todo, de no reconocer su propia imagen en el espejo, pero s\u00ed, la de su madre (particularmente las mujeres).<\/p>\n<p>Tales trastornos se expresan tambi\u00e9n por frecuentes lapsus como \u201cmi madre\u201d en vez de \u201cmi abuela\u201d, \u201cmi padre\u201d por \u201cmi abuelo\u201d, \u201cmor\u00ed a los cuatro a\u00f1os\u201d, o \u201cvoy a nacer en ,,,\u201d de pacientes encintas.<\/p>\n<p>Se observa con frecuencia esta inversi\u00f3n del tiempo de la genealog\u00eda en las mujeres encintas, y, com\u00fanmente, en las pacientes bul\u00edmicas. Estas expresan claramente estas impresiones: \u201cla cara que veo en el espejo es la de mi madre\u201d; o: \u201cno me reconozco en el espejo, de cintura para abajo, ya que mi cuerpo y mi grasa no me pertenecen, pertenecen a mi madre\u201d; o: \u201cla mano que me atiborra de az\u00facar pertenece a mi madre\u201d.<\/p>\n<p>Ahora bien, en las bul\u00edmicas, esta vivencia fusional va acompa\u00f1ada tambi\u00e9n de una pulsi\u00f3n destructiva que expresan claramente: \u201cyo como para matar a mi madre\u201d.<\/p>\n<p>Estos trastornos en conjunto proceden de la persistencia de un lazo fusional madre-hijo.<\/p>\n<p>Este lazo fusional se caracteriza por las fantas\u00edas originarias \u201cuna vida para dos\u201d, \u201cun cuerpo para dos\u201d, y modela en el hijo la percepci\u00f3n de su propio cuerpo: lo que la madre no ve, no siente y no nombra, no existe.<\/p>\n<p>En consecuencia, toda tentativa de individuaci\u00f3n es vivida como amenazadora, capaz de conducir a la muerte o a la locura. Seg\u00fan mi hip\u00f3tesis, el feto est\u00e1 estructurado inconscientemente por un esquema corporal fusional organizado por su abuela con su madre, ya desde la vida fetal de esta.<\/p>\n<p>Dicho de otro modo, la percepci\u00f3n del cuerpo propio del ni\u00f1o es inconscientemente estructurado por la abuela. Pero si, durante el embarazo, la mujer vuelve a tener la sensaci\u00f3n de \u201cpertenecer\u201d al cuerpo de su propia madre, despu\u00e9s tiene el sentimiento de \u201cpertenecer\u201d al cuerpo del feto, y \u00e9ste, a la inversa, tiene el sentimiento de \u201cpertenecer\u201d al cuerpo de su madre y de su abuela.<\/p>\n<p>Este proceso constituye el fantasma originario del \u00e1rbol invertido, que los dibujos espont\u00e1neos de pacientes permitieron concretar.<\/p>\n<p>En este libro explico c\u00f3mo la madre logra elaborar inconscientemente este proceso ontog\u00e9nico mediante un esquema de fantasmas originarios (de origen filogen\u00e9tico ya que ligado a las pulsiones de autoconservaci\u00f3n del yo) a lo largo del embarazo (fase denominada \u201chuella primordial\u201d) para organizar el esquema fusional que forma con el ni\u00f1o, por una parte, y, por otra parte, para desprenderle inconscientemente de este lazo fusional originario.<\/p>\n<p>En efecto, pude observar cl\u00ednicamente que el proceso ontog\u00e9nico contin\u00faa tambi\u00e9n despu\u00e9s de nacer el ni\u00f1o, durante unos tres a\u00f1os (fase denominada \u201chuella primaria\u201d). Durante la huella primaria, la madre contin\u00faa inconscientemente el proceso de elaboraci\u00f3n ps\u00edquica para desprenderse del sentimiento de pertenecer al cuerpo del ni\u00f1o.<\/p>\n<p>En efecto, este sentimiento, muy fuerte al nacer el ni\u00f1o, disminuye de intensidad progresivamente (a nivel biol\u00f3gico), a lo largo de tres fases, que duran alrededor de un a\u00f1o, cuando el ni\u00f1o ha alcanzado una madurez y una autonom\u00eda psicomotriz.<\/p>\n<p>De todo ello se deriva una idea clave: si la madre, por diversas razones (ligadas a su historia, a su deseo, a su propia vivencia fetal, a su propia representaci\u00f3n corporal, al momento que est\u00e1 viviendo, etc.) no consigue, durante el embarazo, tomar conciencia de las modificaciones experimentadas en su cuerpo ni elaborar inconscientemente el proceso filo-ontog\u00e9nico en curso a trav\u00e9s de los fantasmas originarios, provoca una desorganizaci\u00f3n del esquema corporal del ni\u00f1o.<\/p>\n<p>Dicha desorganizaci\u00f3n va a ser la causa m\u00e1s precoz de los trastornos de la percepci\u00f3n del cuerpo propio y de los trastornos ps\u00edquicos en el ni\u00f1o, y, en particular, la causa arcaica de las fobias y de las neurosis de angustia.<\/p>\n<p>[\/et_pb_text][\/et_pb_column][\/et_pb_row][\/et_pb_section]<\/p>\n","protected":false},"excerpt":{"rendered":"<p>[et_pb_section fb_built=\u00bb1&#8243; fullwidth=\u00bbon\u00bb _builder_version=\u00bb3.26.4&#8243; background_color=\u00bb#fcfaf6&#8243;][et_pb_fullwidth_header title=\u00bbTamara Landau\u00bb subhead=\u00bbEl Nacimiento imposible o el ni\u00f1o enclavado &#8211; fobias y neurosis de angustia\u00bb _builder_version=\u00bb3.26.4&#8243; title_font=\u00bb||||||||\u00bb title_text_color=\u00bb#00cccc\u00bb title_font_size=\u00bb25px\u00bb subhead_font=\u00bb||||||||\u00bb subhead_text_color=\u00bb#0068d8&#8243; subhead_font_size=\u00bb22px\u00bb background_color=\u00bb#fbfaf5&#8243; background_layout=\u00bblight\u00bb custom_padding=\u00bb25px||6px|||\u00bb border_color_all=\u00bb#ffffff\u00bb border_color_bottom=\u00bb#00cccc\u00bb border_style_bottom=\u00bbdotted\u00bb saved_tabs=\u00bball\u00bb][\/et_pb_fullwidth_header][\/et_pb_section][et_pb_section fb_built=\u00bb1&#8243; fullwidth=\u00bbon\u00bb _builder_version=\u00bb3.26.4&#8243; locked=\u00bboff\u00bb][et_pb_fullwidth_menu menu_id=\u00bb35&#8243; _builder_version=\u00bb3.26.4&#8243; menu_font=\u00bb|600||on|||||\u00bb saved_tabs=\u00bball\u00bb][\/et_pb_fullwidth_menu][\/et_pb_section][et_pb_section fb_built=\u00bb1&#8243; _builder_version=\u00bb3.26.4&#8243;][et_pb_row column_structure=\u00bb1_3,2_3&#8243; _builder_version=\u00bb3.26.4&#8243;][et_pb_column type=\u00bb1_3&#8243; _builder_version=\u00bb3.26.4&#8243;][et_pb_image src=\u00bbhttps:\/\/tamara-landau.net\/wp-content\/uploads\/2019\/11\/nacimiento_es1.jpg\u00bb _builder_version=\u00bb4.0.9&#8243; locked=\u00bboff\u00bb][\/et_pb_image][\/et_pb_column][et_pb_column type=\u00bb2_3&#8243; _builder_version=\u00bb3.26.4&#8243;][et_pb_text _builder_version=\u00bb3.27.4&#8243;] Teor\u00eda [&hellip;]<\/p>\n","protected":false},"author":1,"featured_media":0,"parent":1591,"menu_order":0,"comment_status":"closed","ping_status":"closed","template":"","meta":{"_et_pb_use_builder":"on","_et_pb_old_content":"","_et_gb_content_width":""},"yoast_head":"<!-- This site is optimized with the Yoast SEO plugin v20.3 - https:\/\/yoast.com\/wordpress\/plugins\/seo\/ -->\n<title>El nacimiento imposible, Teor\u00eda | Tamara Landau<\/title>\n<meta name=\"robots\" content=\"index, follow, max-snippet:-1, max-image-preview:large, max-video-preview:-1\" \/>\n<link rel=\"canonical\" href=\"https:\/\/tamara-landau.net\/es\/el-nacimiento-imposible-o-el-nino-enclavado-fobias-y-neurosis-de-angustia\/el-nacimiento-imposible-teoria\/\" \/>\n<meta property=\"og:locale\" content=\"es_ES\" \/>\n<meta property=\"og:type\" content=\"article\" \/>\n<meta property=\"og:title\" content=\"El nacimiento imposible, Teor\u00eda | Tamara Landau\" \/>\n<meta property=\"og:description\" content=\"[et_pb_section fb_built=\u00bb1&#8243; fullwidth=\u00bbon\u00bb _builder_version=\u00bb3.26.4&#8243; background_color=\u00bb#fcfaf6&#8243;][et_pb_fullwidth_header title=\u00bbTamara Landau\u00bb subhead=\u00bbEl Nacimiento imposible o el ni\u00f1o enclavado &#8211; fobias y neurosis de angustia\u00bb _builder_version=\u00bb3.26.4&#8243; title_font=\u00bb||||||||\u00bb title_text_color=\u00bb#00cccc\u00bb title_font_size=\u00bb25px\u00bb subhead_font=\u00bb||||||||\u00bb subhead_text_color=\u00bb#0068d8&#8243; subhead_font_size=\u00bb22px\u00bb background_color=\u00bb#fbfaf5&#8243; background_layout=\u00bblight\u00bb custom_padding=\u00bb25px||6px|||\u00bb border_color_all=\u00bb#ffffff\u00bb border_color_bottom=\u00bb#00cccc\u00bb border_style_bottom=\u00bbdotted\u00bb saved_tabs=\u00bball\u00bb][\/et_pb_fullwidth_header][\/et_pb_section][et_pb_section fb_built=\u00bb1&#8243; fullwidth=\u00bbon\u00bb _builder_version=\u00bb3.26.4&#8243; locked=\u00bboff\u00bb][et_pb_fullwidth_menu menu_id=\u00bb35&#8243; _builder_version=\u00bb3.26.4&#8243; menu_font=\u00bb|600||on|||||\u00bb saved_tabs=\u00bball\u00bb][\/et_pb_fullwidth_menu][\/et_pb_section][et_pb_section fb_built=\u00bb1&#8243; _builder_version=\u00bb3.26.4&#8243;][et_pb_row column_structure=\u00bb1_3,2_3&#8243; _builder_version=\u00bb3.26.4&#8243;][et_pb_column type=\u00bb1_3&#8243; _builder_version=\u00bb3.26.4&#8243;][et_pb_image src=\u00bbhttps:\/\/tamara-landau.net\/wp-content\/uploads\/2019\/11\/nacimiento_es1.jpg\u00bb _builder_version=\u00bb4.0.9&#8243; locked=\u00bboff\u00bb][\/et_pb_image][\/et_pb_column][et_pb_column type=\u00bb2_3&#8243; _builder_version=\u00bb3.26.4&#8243;][et_pb_text _builder_version=\u00bb3.27.4&#8243;] Teor\u00eda [&hellip;]\" \/>\n<meta property=\"og:url\" content=\"https:\/\/tamara-landau.net\/es\/el-nacimiento-imposible-o-el-nino-enclavado-fobias-y-neurosis-de-angustia\/el-nacimiento-imposible-teoria\/\" \/>\n<meta property=\"og:site_name\" content=\"Tamara Landau\" \/>\n<meta property=\"article:modified_time\" content=\"2019-12-14T07:56:34+00:00\" \/>\n<meta name=\"twitter:card\" content=\"summary_large_image\" \/>\n<meta name=\"twitter:label1\" content=\"Tiempo de lectura\" \/>\n\t<meta name=\"twitter:data1\" content=\"4 minutos\" \/>\n<script type=\"application\/ld+json\" class=\"yoast-schema-graph\">{\"@context\":\"https:\/\/schema.org\",\"@graph\":[{\"@type\":\"WebPage\",\"@id\":\"https:\/\/tamara-landau.net\/es\/el-nacimiento-imposible-o-el-nino-enclavado-fobias-y-neurosis-de-angustia\/el-nacimiento-imposible-teoria\/\",\"url\":\"https:\/\/tamara-landau.net\/es\/el-nacimiento-imposible-o-el-nino-enclavado-fobias-y-neurosis-de-angustia\/el-nacimiento-imposible-teoria\/\",\"name\":\"El nacimiento imposible, Teor\u00eda | Tamara Landau\",\"isPartOf\":{\"@id\":\"https:\/\/tamara-landau.net\/#website\"},\"datePublished\":\"2019-10-24T07:51:09+00:00\",\"dateModified\":\"2019-12-14T07:56:34+00:00\",\"breadcrumb\":{\"@id\":\"https:\/\/tamara-landau.net\/es\/el-nacimiento-imposible-o-el-nino-enclavado-fobias-y-neurosis-de-angustia\/el-nacimiento-imposible-teoria\/#breadcrumb\"},\"inLanguage\":\"es\",\"potentialAction\":[{\"@type\":\"ReadAction\",\"target\":[\"https:\/\/tamara-landau.net\/es\/el-nacimiento-imposible-o-el-nino-enclavado-fobias-y-neurosis-de-angustia\/el-nacimiento-imposible-teoria\/\"]}]},{\"@type\":\"BreadcrumbList\",\"@id\":\"https:\/\/tamara-landau.net\/es\/el-nacimiento-imposible-o-el-nino-enclavado-fobias-y-neurosis-de-angustia\/el-nacimiento-imposible-teoria\/#breadcrumb\",\"itemListElement\":[{\"@type\":\"ListItem\",\"position\":1,\"name\":\"Accueil\",\"item\":\"https:\/\/tamara-landau.net\/es\/tamara-landau-psicoanalista-y-escultora\/\"},{\"@type\":\"ListItem\",\"position\":2,\"name\":\"El Nacimiento imposible o el ni\u00f1o enclavado &#8211; fobias y neurosis de angustia\",\"item\":\"https:\/\/tamara-landau.net\/es\/el-nacimiento-imposible-o-el-nino-enclavado-fobias-y-neurosis-de-angustia\/\"},{\"@type\":\"ListItem\",\"position\":3,\"name\":\"El nacimiento imposible, Teor\u00eda\"}]},{\"@type\":\"WebSite\",\"@id\":\"https:\/\/tamara-landau.net\/#website\",\"url\":\"https:\/\/tamara-landau.net\/\",\"name\":\"Tamara Landau\",\"description\":\"psychanalyste et sculptrice\",\"potentialAction\":[{\"@type\":\"SearchAction\",\"target\":{\"@type\":\"EntryPoint\",\"urlTemplate\":\"https:\/\/tamara-landau.net\/?s={search_term_string}\"},\"query-input\":\"required name=search_term_string\"}],\"inLanguage\":\"es\"}]}<\/script>\n<!-- \/ Yoast SEO plugin. -->","yoast_head_json":{"title":"El nacimiento imposible, Teor\u00eda | Tamara Landau","robots":{"index":"index","follow":"follow","max-snippet":"max-snippet:-1","max-image-preview":"max-image-preview:large","max-video-preview":"max-video-preview:-1"},"canonical":"https:\/\/tamara-landau.net\/es\/el-nacimiento-imposible-o-el-nino-enclavado-fobias-y-neurosis-de-angustia\/el-nacimiento-imposible-teoria\/","og_locale":"es_ES","og_type":"article","og_title":"El nacimiento imposible, Teor\u00eda | Tamara Landau","og_description":"[et_pb_section fb_built=\u00bb1&#8243; fullwidth=\u00bbon\u00bb _builder_version=\u00bb3.26.4&#8243; background_color=\u00bb#fcfaf6&#8243;][et_pb_fullwidth_header title=\u00bbTamara Landau\u00bb subhead=\u00bbEl Nacimiento imposible o el ni\u00f1o enclavado &#8211; fobias y neurosis de angustia\u00bb _builder_version=\u00bb3.26.4&#8243; title_font=\u00bb||||||||\u00bb title_text_color=\u00bb#00cccc\u00bb title_font_size=\u00bb25px\u00bb subhead_font=\u00bb||||||||\u00bb subhead_text_color=\u00bb#0068d8&#8243; subhead_font_size=\u00bb22px\u00bb background_color=\u00bb#fbfaf5&#8243; background_layout=\u00bblight\u00bb custom_padding=\u00bb25px||6px|||\u00bb border_color_all=\u00bb#ffffff\u00bb border_color_bottom=\u00bb#00cccc\u00bb border_style_bottom=\u00bbdotted\u00bb saved_tabs=\u00bball\u00bb][\/et_pb_fullwidth_header][\/et_pb_section][et_pb_section fb_built=\u00bb1&#8243; fullwidth=\u00bbon\u00bb _builder_version=\u00bb3.26.4&#8243; locked=\u00bboff\u00bb][et_pb_fullwidth_menu menu_id=\u00bb35&#8243; _builder_version=\u00bb3.26.4&#8243; menu_font=\u00bb|600||on|||||\u00bb saved_tabs=\u00bball\u00bb][\/et_pb_fullwidth_menu][\/et_pb_section][et_pb_section fb_built=\u00bb1&#8243; _builder_version=\u00bb3.26.4&#8243;][et_pb_row column_structure=\u00bb1_3,2_3&#8243; _builder_version=\u00bb3.26.4&#8243;][et_pb_column type=\u00bb1_3&#8243; _builder_version=\u00bb3.26.4&#8243;][et_pb_image src=\u00bbhttps:\/\/tamara-landau.net\/wp-content\/uploads\/2019\/11\/nacimiento_es1.jpg\u00bb _builder_version=\u00bb4.0.9&#8243; locked=\u00bboff\u00bb][\/et_pb_image][\/et_pb_column][et_pb_column type=\u00bb2_3&#8243; _builder_version=\u00bb3.26.4&#8243;][et_pb_text _builder_version=\u00bb3.27.4&#8243;] Teor\u00eda [&hellip;]","og_url":"https:\/\/tamara-landau.net\/es\/el-nacimiento-imposible-o-el-nino-enclavado-fobias-y-neurosis-de-angustia\/el-nacimiento-imposible-teoria\/","og_site_name":"Tamara Landau","article_modified_time":"2019-12-14T07:56:34+00:00","twitter_card":"summary_large_image","twitter_misc":{"Tiempo de lectura":"4 minutos"},"schema":{"@context":"https:\/\/schema.org","@graph":[{"@type":"WebPage","@id":"https:\/\/tamara-landau.net\/es\/el-nacimiento-imposible-o-el-nino-enclavado-fobias-y-neurosis-de-angustia\/el-nacimiento-imposible-teoria\/","url":"https:\/\/tamara-landau.net\/es\/el-nacimiento-imposible-o-el-nino-enclavado-fobias-y-neurosis-de-angustia\/el-nacimiento-imposible-teoria\/","name":"El nacimiento imposible, Teor\u00eda | Tamara Landau","isPartOf":{"@id":"https:\/\/tamara-landau.net\/#website"},"datePublished":"2019-10-24T07:51:09+00:00","dateModified":"2019-12-14T07:56:34+00:00","breadcrumb":{"@id":"https:\/\/tamara-landau.net\/es\/el-nacimiento-imposible-o-el-nino-enclavado-fobias-y-neurosis-de-angustia\/el-nacimiento-imposible-teoria\/#breadcrumb"},"inLanguage":"es","potentialAction":[{"@type":"ReadAction","target":["https:\/\/tamara-landau.net\/es\/el-nacimiento-imposible-o-el-nino-enclavado-fobias-y-neurosis-de-angustia\/el-nacimiento-imposible-teoria\/"]}]},{"@type":"BreadcrumbList","@id":"https:\/\/tamara-landau.net\/es\/el-nacimiento-imposible-o-el-nino-enclavado-fobias-y-neurosis-de-angustia\/el-nacimiento-imposible-teoria\/#breadcrumb","itemListElement":[{"@type":"ListItem","position":1,"name":"Accueil","item":"https:\/\/tamara-landau.net\/es\/tamara-landau-psicoanalista-y-escultora\/"},{"@type":"ListItem","position":2,"name":"El Nacimiento imposible o el ni\u00f1o enclavado &#8211; fobias y neurosis de angustia","item":"https:\/\/tamara-landau.net\/es\/el-nacimiento-imposible-o-el-nino-enclavado-fobias-y-neurosis-de-angustia\/"},{"@type":"ListItem","position":3,"name":"El nacimiento imposible, Teor\u00eda"}]},{"@type":"WebSite","@id":"https:\/\/tamara-landau.net\/#website","url":"https:\/\/tamara-landau.net\/","name":"Tamara Landau","description":"psychanalyste et sculptrice","potentialAction":[{"@type":"SearchAction","target":{"@type":"EntryPoint","urlTemplate":"https:\/\/tamara-landau.net\/?s={search_term_string}"},"query-input":"required name=search_term_string"}],"inLanguage":"es"}]}},"_links":{"self":[{"href":"https:\/\/tamara-landau.net\/es\/wp-json\/wp\/v2\/pages\/1600"}],"collection":[{"href":"https:\/\/tamara-landau.net\/es\/wp-json\/wp\/v2\/pages"}],"about":[{"href":"https:\/\/tamara-landau.net\/es\/wp-json\/wp\/v2\/types\/page"}],"author":[{"embeddable":true,"href":"https:\/\/tamara-landau.net\/es\/wp-json\/wp\/v2\/users\/1"}],"replies":[{"embeddable":true,"href":"https:\/\/tamara-landau.net\/es\/wp-json\/wp\/v2\/comments?post=1600"}],"version-history":[{"count":4,"href":"https:\/\/tamara-landau.net\/es\/wp-json\/wp\/v2\/pages\/1600\/revisions"}],"predecessor-version":[{"id":2999,"href":"https:\/\/tamara-landau.net\/es\/wp-json\/wp\/v2\/pages\/1600\/revisions\/2999"}],"up":[{"embeddable":true,"href":"https:\/\/tamara-landau.net\/es\/wp-json\/wp\/v2\/pages\/1591"}],"wp:attachment":[{"href":"https:\/\/tamara-landau.net\/es\/wp-json\/wp\/v2\/media?parent=1600"}],"curies":[{"name":"wp","href":"https:\/\/api.w.org\/{rel}","templated":true}]}}