{"id":1557,"date":"2019-10-23T09:57:10","date_gmt":"2019-10-23T09:57:10","guid":{"rendered":"https:\/\/tamara-landau.net\/origenes-prenatales-de-la-anorexia-y-la-bulimia-las-funambulas-del-olvido\/las-funambulas-del-olvido-prefacio\/"},"modified":"2019-10-23T16:13:57","modified_gmt":"2019-10-23T16:13:57","slug":"las-funambulas-del-olvido-prefacio","status":"publish","type":"page","link":"https:\/\/tamara-landau.net\/es\/origenes-prenatales-de-la-anorexia-y-la-bulimia-las-funambulas-del-olvido\/las-funambulas-del-olvido-prefacio\/","title":{"rendered":"Las fun\u00e1mbulas del olvido, Prefacio"},"content":{"rendered":"<p>[et_pb_section fb_built=\u00bb1&#8243; fullwidth=\u00bbon\u00bb _builder_version=\u00bb3.26.4&#8243; background_color=\u00bb#fcfaf6&#8243;][et_pb_fullwidth_header title=\u00bbTamara Landau\u00bb subhead=\u00bbOr\u00edgenes prenatales de la anorexia y la bulimia Las fun\u00e1mbulas del olvido\u00bb _builder_version=\u00bb3.26.4&#8243; title_font=\u00bb||||||||\u00bb title_text_color=\u00bb#00cccc\u00bb title_font_size=\u00bb25px\u00bb subhead_font=\u00bb||||||||\u00bb subhead_text_color=\u00bb#0068d8&#8243; subhead_font_size=\u00bb22px\u00bb background_color=\u00bb#fbfaf5&#8243; border_color_all=\u00bb#ffffff\u00bb border_color_bottom=\u00bb#00cccc\u00bb border_style_bottom=\u00bbdotted\u00bb background_layout=\u00bblight\u00bb custom_padding=\u00bb25px||6px|||\u00bb saved_tabs=\u00bball\u00bb global_module=\u00bb1580&#8243;][\/et_pb_fullwidth_header][\/et_pb_section][et_pb_section fb_built=\u00bb1&#8243; fullwidth=\u00bbon\u00bb _builder_version=\u00bb3.26.4&#8243;][et_pb_fullwidth_menu menu_id=\u00bb34&#8243; active_link_color=\u00bb#0068d8&#8243; _builder_version=\u00bb3.26.4&#8243; menu_font=\u00bb|600||on|||||\u00bb][\/et_pb_fullwidth_menu][\/et_pb_section][et_pb_section fb_built=\u00bb1&#8243; _builder_version=\u00bb3.26.4&#8243;][et_pb_row column_structure=\u00bb1_3,2_3&#8243; _builder_version=\u00bb3.26.4&#8243;][et_pb_column type=\u00bb1_3&#8243; _builder_version=\u00bb3.26.4&#8243;][et_pb_sidebar area=\u00bbet_pb_widget_area_9&#8243; show_border=\u00bboff\u00bb _builder_version=\u00bb3.26.4&#8243;][\/et_pb_sidebar][\/et_pb_column][et_pb_column type=\u00bb2_3&#8243; _builder_version=\u00bb3.26.4&#8243;][et_pb_text _builder_version=\u00bb3.26.4&#8243;]<\/p>\n<h1>Prefacio<\/h1>\n<p>&nbsp;<\/p>\n<p><strong><em>Yo nac\u00ed sin cuerpo\u2026 Me olvid\u00e9 de m\u00ed desde que nac\u00ed\u2026 Soy una nada que deambula tras la otra cara del espejo\u2026 Me siento grabada en la nada.<\/em><\/strong><\/p>\n<p><strong>Las palabras de mujeres anor\u00e9xicas y bul\u00edmicas me acompa\u00f1an, desde hace a\u00f1os, como la m\u00fasica de un filme. Tristes canciones de cuna, todas parecidas, sus cantos impregnados de dolor y nostalgia tejen el hilo de mi escucha, acompasan los silencios y atropellan mi pensamiento. Ellas me ocupan a pesar m\u00edo, tir\u00e1nicas por terror a ser abandonadas una vez m\u00e1s.<\/strong><\/p>\n<p>Cual siluetas rondando por desiertos desconocidos de todos, ellas gritan en un vac\u00edo estridente. Ebrias de sed y desamparo, en el umbral de la agon\u00eda, se sienten ya muertas.<\/p>\n<p>Estas son las primeras palabras de Soledad, sopladas en un respiro: \u201cMis padres me han olvidado en alg\u00fan sitio\u2026 Yo me siento dando vueltas por los aires como un p\u00e1jaro\u2026 Todo p\u00e1jaro tiene un nido de donde viene, donde refugiarse; yo no he tenido nido, yo no he tenido padres y espero\u2026 Espero a que todos me amen\u2026 a que me indiquen el camino\u2026 Yo espero a vivir, tener un deseo, ser capaz de amar, tener un cuerpo bien m\u00edo\u2026 Yo me siento atrapada en el interior, dentro de un vac\u00edo lleno de l\u00e1grimas, y espero\u2026\u201d<\/p>\n<p>Sus voces surgen del fondo de los tiempos, goteo de l\u00e1grimas de estrellas seguido de un zumbido en r\u00e1fagas y luego, de un silencio ciego. Mudas, ellas desaparecen tras la galaxia de donde nos acechan, desesperadas. Estrellas fantasmas, desde hace millones de a\u00f1os en un vac\u00edo sideral, esperan\u2026<br \/> Stella dice: \u201cAgarr\u00e9 por la v\u00eda real, no conservar nada de m\u00ed, de mi yo de antes, del yo que mam\u00e1 escogiera para m\u00ed. Si yo puedo definir as\u00ed este olvido total\u2026Yo me siento impresionada por la desenvoltura que raya en la insolencia con la que yo me abandono al despojo y luego, a la nada\u201d.<\/p>\n<p>Yo llevo en m\u00ed la vivencia desgarradora de esas pacientes, sombras extraviadas a la b\u00fasqueda de sus cuerpos perdidos. Hu\u00e9rfanas, ellas van errando incansablemente por el surco de la ausencia.<\/p>\n<p>En el transcurso de los a\u00f1os, ya no he deseado m\u00e1s ser la \u00fanica depositaria de su memoria, el \u00fanico testigo de su existencia, la guardiana invisible de su imagen.<\/p>\n<p>Me hac\u00eda falta encontrar una respuesta a estas preguntas: \u00bfc\u00f3mo perdieron su cuerpo? \u00bfpor qu\u00e9 razones se destruyen ellas con demasiada o insuficiente comida en un coqueteo incesante con la muerte? \u00bfpor qu\u00e9, estrellas fugaces, piden socorro mientras se desvanecen en la nada, deseando hacer de nosotros c\u00f3mplices impotentes? Y sobre todo, \u00bfc\u00f3mo ayudarlas a recobrar su cuerpo arrojado al fondo del pozo de los tiempos, en lo profundo del olvido?<\/p>\n<p>[\/et_pb_text][\/et_pb_column][\/et_pb_row][\/et_pb_section]<\/p>\n","protected":false},"excerpt":{"rendered":"<p>[et_pb_section fb_built=\u00bb1&#8243; fullwidth=\u00bbon\u00bb _builder_version=\u00bb3.26.4&#8243; background_color=\u00bb#fcfaf6&#8243;][et_pb_fullwidth_header title=\u00bbTamara Landau\u00bb subhead=\u00bbOr\u00edgenes prenatales de la anorexia y la bulimia Las fun\u00e1mbulas del olvido\u00bb _builder_version=\u00bb3.26.4&#8243; title_font=\u00bb||||||||\u00bb title_text_color=\u00bb#00cccc\u00bb title_font_size=\u00bb25px\u00bb subhead_font=\u00bb||||||||\u00bb subhead_text_color=\u00bb#0068d8&#8243; subhead_font_size=\u00bb22px\u00bb background_color=\u00bb#fbfaf5&#8243; border_color_all=\u00bb#ffffff\u00bb border_color_bottom=\u00bb#00cccc\u00bb border_style_bottom=\u00bbdotted\u00bb background_layout=\u00bblight\u00bb custom_padding=\u00bb25px||6px|||\u00bb saved_tabs=\u00bball\u00bb global_module=\u00bb1580&#8243;][\/et_pb_fullwidth_header][\/et_pb_section][et_pb_section fb_built=\u00bb1&#8243; fullwidth=\u00bbon\u00bb _builder_version=\u00bb3.26.4&#8243;][et_pb_fullwidth_menu menu_id=\u00bb34&#8243; active_link_color=\u00bb#0068d8&#8243; _builder_version=\u00bb3.26.4&#8243; menu_font=\u00bb|600||on|||||\u00bb][\/et_pb_fullwidth_menu][\/et_pb_section][et_pb_section fb_built=\u00bb1&#8243; _builder_version=\u00bb3.26.4&#8243;][et_pb_row column_structure=\u00bb1_3,2_3&#8243; _builder_version=\u00bb3.26.4&#8243;][et_pb_column type=\u00bb1_3&#8243; _builder_version=\u00bb3.26.4&#8243;][et_pb_sidebar area=\u00bbet_pb_widget_area_9&#8243; show_border=\u00bboff\u00bb _builder_version=\u00bb3.26.4&#8243;][\/et_pb_sidebar][\/et_pb_column][et_pb_column type=\u00bb2_3&#8243; _builder_version=\u00bb3.26.4&#8243;][et_pb_text _builder_version=\u00bb3.26.4&#8243;] Prefacio &nbsp; [&hellip;]<\/p>\n","protected":false},"author":1,"featured_media":0,"parent":1552,"menu_order":0,"comment_status":"closed","ping_status":"closed","template":"","meta":{"_et_pb_use_builder":"on","_et_pb_old_content":"","_et_gb_content_width":""},"yoast_head":"<!-- This site is optimized with the Yoast SEO plugin v20.3 - https:\/\/yoast.com\/wordpress\/plugins\/seo\/ -->\n<title>Las fun\u00e1mbulas del olvido, Prefacio | Tamara Landau<\/title>\n<meta name=\"robots\" content=\"index, follow, max-snippet:-1, max-image-preview:large, max-video-preview:-1\" \/>\n<link rel=\"canonical\" href=\"https:\/\/tamara-landau.net\/es\/origenes-prenatales-de-la-anorexia-y-la-bulimia-las-funambulas-del-olvido\/las-funambulas-del-olvido-prefacio\/\" \/>\n<meta property=\"og:locale\" content=\"es_ES\" \/>\n<meta property=\"og:type\" content=\"article\" \/>\n<meta property=\"og:title\" content=\"Las fun\u00e1mbulas del olvido, Prefacio | Tamara Landau\" \/>\n<meta property=\"og:description\" content=\"[et_pb_section fb_built=\u00bb1&#8243; fullwidth=\u00bbon\u00bb _builder_version=\u00bb3.26.4&#8243; background_color=\u00bb#fcfaf6&#8243;][et_pb_fullwidth_header title=\u00bbTamara Landau\u00bb subhead=\u00bbOr\u00edgenes prenatales de la anorexia y la bulimia Las fun\u00e1mbulas del olvido\u00bb _builder_version=\u00bb3.26.4&#8243; title_font=\u00bb||||||||\u00bb title_text_color=\u00bb#00cccc\u00bb title_font_size=\u00bb25px\u00bb subhead_font=\u00bb||||||||\u00bb subhead_text_color=\u00bb#0068d8&#8243; subhead_font_size=\u00bb22px\u00bb background_color=\u00bb#fbfaf5&#8243; border_color_all=\u00bb#ffffff\u00bb border_color_bottom=\u00bb#00cccc\u00bb border_style_bottom=\u00bbdotted\u00bb background_layout=\u00bblight\u00bb custom_padding=\u00bb25px||6px|||\u00bb saved_tabs=\u00bball\u00bb global_module=\u00bb1580&#8243;][\/et_pb_fullwidth_header][\/et_pb_section][et_pb_section fb_built=\u00bb1&#8243; fullwidth=\u00bbon\u00bb _builder_version=\u00bb3.26.4&#8243;][et_pb_fullwidth_menu menu_id=\u00bb34&#8243; active_link_color=\u00bb#0068d8&#8243; _builder_version=\u00bb3.26.4&#8243; menu_font=\u00bb|600||on|||||\u00bb][\/et_pb_fullwidth_menu][\/et_pb_section][et_pb_section fb_built=\u00bb1&#8243; _builder_version=\u00bb3.26.4&#8243;][et_pb_row column_structure=\u00bb1_3,2_3&#8243; _builder_version=\u00bb3.26.4&#8243;][et_pb_column type=\u00bb1_3&#8243; _builder_version=\u00bb3.26.4&#8243;][et_pb_sidebar area=\u00bbet_pb_widget_area_9&#8243; show_border=\u00bboff\u00bb _builder_version=\u00bb3.26.4&#8243;][\/et_pb_sidebar][\/et_pb_column][et_pb_column type=\u00bb2_3&#8243; _builder_version=\u00bb3.26.4&#8243;][et_pb_text _builder_version=\u00bb3.26.4&#8243;] Prefacio &nbsp; [&hellip;]\" \/>\n<meta property=\"og:url\" content=\"https:\/\/tamara-landau.net\/es\/origenes-prenatales-de-la-anorexia-y-la-bulimia-las-funambulas-del-olvido\/las-funambulas-del-olvido-prefacio\/\" \/>\n<meta property=\"og:site_name\" content=\"Tamara Landau\" \/>\n<meta property=\"article:modified_time\" content=\"2019-10-23T16:13:57+00:00\" \/>\n<meta name=\"twitter:card\" content=\"summary_large_image\" \/>\n<meta name=\"twitter:label1\" content=\"Tiempo de lectura\" \/>\n\t<meta name=\"twitter:data1\" content=\"3 minutos\" \/>\n<script type=\"application\/ld+json\" class=\"yoast-schema-graph\">{\"@context\":\"https:\/\/schema.org\",\"@graph\":[{\"@type\":\"WebPage\",\"@id\":\"https:\/\/tamara-landau.net\/es\/origenes-prenatales-de-la-anorexia-y-la-bulimia-las-funambulas-del-olvido\/las-funambulas-del-olvido-prefacio\/\",\"url\":\"https:\/\/tamara-landau.net\/es\/origenes-prenatales-de-la-anorexia-y-la-bulimia-las-funambulas-del-olvido\/las-funambulas-del-olvido-prefacio\/\",\"name\":\"Las fun\u00e1mbulas del olvido, Prefacio | Tamara Landau\",\"isPartOf\":{\"@id\":\"https:\/\/tamara-landau.net\/#website\"},\"datePublished\":\"2019-10-23T09:57:10+00:00\",\"dateModified\":\"2019-10-23T16:13:57+00:00\",\"breadcrumb\":{\"@id\":\"https:\/\/tamara-landau.net\/es\/origenes-prenatales-de-la-anorexia-y-la-bulimia-las-funambulas-del-olvido\/las-funambulas-del-olvido-prefacio\/#breadcrumb\"},\"inLanguage\":\"es\",\"potentialAction\":[{\"@type\":\"ReadAction\",\"target\":[\"https:\/\/tamara-landau.net\/es\/origenes-prenatales-de-la-anorexia-y-la-bulimia-las-funambulas-del-olvido\/las-funambulas-del-olvido-prefacio\/\"]}]},{\"@type\":\"BreadcrumbList\",\"@id\":\"https:\/\/tamara-landau.net\/es\/origenes-prenatales-de-la-anorexia-y-la-bulimia-las-funambulas-del-olvido\/las-funambulas-del-olvido-prefacio\/#breadcrumb\",\"itemListElement\":[{\"@type\":\"ListItem\",\"position\":1,\"name\":\"Accueil\",\"item\":\"https:\/\/tamara-landau.net\/es\/tamara-landau-psicoanalista-y-escultora\/\"},{\"@type\":\"ListItem\",\"position\":2,\"name\":\"Or\u00edgenes prenatales de la anorexia y la bulimia Las fun\u00e1mbulas del olvido\",\"item\":\"https:\/\/tamara-landau.net\/es\/origenes-prenatales-de-la-anorexia-y-la-bulimia-las-funambulas-del-olvido\/\"},{\"@type\":\"ListItem\",\"position\":3,\"name\":\"Las fun\u00e1mbulas del olvido, Prefacio\"}]},{\"@type\":\"WebSite\",\"@id\":\"https:\/\/tamara-landau.net\/#website\",\"url\":\"https:\/\/tamara-landau.net\/\",\"name\":\"Tamara Landau\",\"description\":\"psychanalyste et sculptrice\",\"potentialAction\":[{\"@type\":\"SearchAction\",\"target\":{\"@type\":\"EntryPoint\",\"urlTemplate\":\"https:\/\/tamara-landau.net\/?s={search_term_string}\"},\"query-input\":\"required name=search_term_string\"}],\"inLanguage\":\"es\"}]}<\/script>\n<!-- \/ Yoast SEO plugin. -->","yoast_head_json":{"title":"Las fun\u00e1mbulas del olvido, Prefacio | Tamara Landau","robots":{"index":"index","follow":"follow","max-snippet":"max-snippet:-1","max-image-preview":"max-image-preview:large","max-video-preview":"max-video-preview:-1"},"canonical":"https:\/\/tamara-landau.net\/es\/origenes-prenatales-de-la-anorexia-y-la-bulimia-las-funambulas-del-olvido\/las-funambulas-del-olvido-prefacio\/","og_locale":"es_ES","og_type":"article","og_title":"Las fun\u00e1mbulas del olvido, Prefacio | Tamara Landau","og_description":"[et_pb_section fb_built=\u00bb1&#8243; fullwidth=\u00bbon\u00bb _builder_version=\u00bb3.26.4&#8243; background_color=\u00bb#fcfaf6&#8243;][et_pb_fullwidth_header title=\u00bbTamara Landau\u00bb subhead=\u00bbOr\u00edgenes prenatales de la anorexia y la bulimia Las fun\u00e1mbulas del olvido\u00bb _builder_version=\u00bb3.26.4&#8243; title_font=\u00bb||||||||\u00bb title_text_color=\u00bb#00cccc\u00bb title_font_size=\u00bb25px\u00bb subhead_font=\u00bb||||||||\u00bb subhead_text_color=\u00bb#0068d8&#8243; subhead_font_size=\u00bb22px\u00bb background_color=\u00bb#fbfaf5&#8243; border_color_all=\u00bb#ffffff\u00bb border_color_bottom=\u00bb#00cccc\u00bb border_style_bottom=\u00bbdotted\u00bb background_layout=\u00bblight\u00bb custom_padding=\u00bb25px||6px|||\u00bb saved_tabs=\u00bball\u00bb global_module=\u00bb1580&#8243;][\/et_pb_fullwidth_header][\/et_pb_section][et_pb_section fb_built=\u00bb1&#8243; fullwidth=\u00bbon\u00bb _builder_version=\u00bb3.26.4&#8243;][et_pb_fullwidth_menu menu_id=\u00bb34&#8243; active_link_color=\u00bb#0068d8&#8243; _builder_version=\u00bb3.26.4&#8243; menu_font=\u00bb|600||on|||||\u00bb][\/et_pb_fullwidth_menu][\/et_pb_section][et_pb_section fb_built=\u00bb1&#8243; _builder_version=\u00bb3.26.4&#8243;][et_pb_row column_structure=\u00bb1_3,2_3&#8243; _builder_version=\u00bb3.26.4&#8243;][et_pb_column type=\u00bb1_3&#8243; _builder_version=\u00bb3.26.4&#8243;][et_pb_sidebar area=\u00bbet_pb_widget_area_9&#8243; show_border=\u00bboff\u00bb _builder_version=\u00bb3.26.4&#8243;][\/et_pb_sidebar][\/et_pb_column][et_pb_column type=\u00bb2_3&#8243; _builder_version=\u00bb3.26.4&#8243;][et_pb_text _builder_version=\u00bb3.26.4&#8243;] Prefacio &nbsp; [&hellip;]","og_url":"https:\/\/tamara-landau.net\/es\/origenes-prenatales-de-la-anorexia-y-la-bulimia-las-funambulas-del-olvido\/las-funambulas-del-olvido-prefacio\/","og_site_name":"Tamara Landau","article_modified_time":"2019-10-23T16:13:57+00:00","twitter_card":"summary_large_image","twitter_misc":{"Tiempo de lectura":"3 minutos"},"schema":{"@context":"https:\/\/schema.org","@graph":[{"@type":"WebPage","@id":"https:\/\/tamara-landau.net\/es\/origenes-prenatales-de-la-anorexia-y-la-bulimia-las-funambulas-del-olvido\/las-funambulas-del-olvido-prefacio\/","url":"https:\/\/tamara-landau.net\/es\/origenes-prenatales-de-la-anorexia-y-la-bulimia-las-funambulas-del-olvido\/las-funambulas-del-olvido-prefacio\/","name":"Las fun\u00e1mbulas del olvido, Prefacio | Tamara Landau","isPartOf":{"@id":"https:\/\/tamara-landau.net\/#website"},"datePublished":"2019-10-23T09:57:10+00:00","dateModified":"2019-10-23T16:13:57+00:00","breadcrumb":{"@id":"https:\/\/tamara-landau.net\/es\/origenes-prenatales-de-la-anorexia-y-la-bulimia-las-funambulas-del-olvido\/las-funambulas-del-olvido-prefacio\/#breadcrumb"},"inLanguage":"es","potentialAction":[{"@type":"ReadAction","target":["https:\/\/tamara-landau.net\/es\/origenes-prenatales-de-la-anorexia-y-la-bulimia-las-funambulas-del-olvido\/las-funambulas-del-olvido-prefacio\/"]}]},{"@type":"BreadcrumbList","@id":"https:\/\/tamara-landau.net\/es\/origenes-prenatales-de-la-anorexia-y-la-bulimia-las-funambulas-del-olvido\/las-funambulas-del-olvido-prefacio\/#breadcrumb","itemListElement":[{"@type":"ListItem","position":1,"name":"Accueil","item":"https:\/\/tamara-landau.net\/es\/tamara-landau-psicoanalista-y-escultora\/"},{"@type":"ListItem","position":2,"name":"Or\u00edgenes prenatales de la anorexia y la bulimia Las fun\u00e1mbulas del olvido","item":"https:\/\/tamara-landau.net\/es\/origenes-prenatales-de-la-anorexia-y-la-bulimia-las-funambulas-del-olvido\/"},{"@type":"ListItem","position":3,"name":"Las fun\u00e1mbulas del olvido, Prefacio"}]},{"@type":"WebSite","@id":"https:\/\/tamara-landau.net\/#website","url":"https:\/\/tamara-landau.net\/","name":"Tamara Landau","description":"psychanalyste et sculptrice","potentialAction":[{"@type":"SearchAction","target":{"@type":"EntryPoint","urlTemplate":"https:\/\/tamara-landau.net\/?s={search_term_string}"},"query-input":"required name=search_term_string"}],"inLanguage":"es"}]}},"_links":{"self":[{"href":"https:\/\/tamara-landau.net\/es\/wp-json\/wp\/v2\/pages\/1557"}],"collection":[{"href":"https:\/\/tamara-landau.net\/es\/wp-json\/wp\/v2\/pages"}],"about":[{"href":"https:\/\/tamara-landau.net\/es\/wp-json\/wp\/v2\/types\/page"}],"author":[{"embeddable":true,"href":"https:\/\/tamara-landau.net\/es\/wp-json\/wp\/v2\/users\/1"}],"replies":[{"embeddable":true,"href":"https:\/\/tamara-landau.net\/es\/wp-json\/wp\/v2\/comments?post=1557"}],"version-history":[{"count":3,"href":"https:\/\/tamara-landau.net\/es\/wp-json\/wp\/v2\/pages\/1557\/revisions"}],"predecessor-version":[{"id":1585,"href":"https:\/\/tamara-landau.net\/es\/wp-json\/wp\/v2\/pages\/1557\/revisions\/1585"}],"up":[{"embeddable":true,"href":"https:\/\/tamara-landau.net\/es\/wp-json\/wp\/v2\/pages\/1552"}],"wp:attachment":[{"href":"https:\/\/tamara-landau.net\/es\/wp-json\/wp\/v2\/media?parent=1557"}],"curies":[{"name":"wp","href":"https:\/\/api.w.org\/{rel}","templated":true}]}}