{"id":1529,"date":"2019-10-23T08:39:03","date_gmt":"2019-10-23T08:39:03","guid":{"rendered":"https:\/\/tamara-landau.net\/dar-a-luz-dar-vida-dialogos-y-separaciones-durante-el-embarazo\/dar-a-luz-dar-vida-dialogos-y-separaciones-durante-el-embarazo-introduccion\/"},"modified":"2019-10-23T08:39:58","modified_gmt":"2019-10-23T08:39:58","slug":"dar-a-luz-dar-vida-dialogos-y-separaciones-durante-el-embarazo-introduccion","status":"publish","type":"page","link":"https:\/\/tamara-landau.net\/es\/dar-a-luz-dar-vida-dialogos-y-separaciones-durante-el-embarazo\/dar-a-luz-dar-vida-dialogos-y-separaciones-durante-el-embarazo-introduccion\/","title":{"rendered":"Dar a luz, dar vida. Di\u00e1logos y separaciones durante el embarazo. Introducci\u00f3n"},"content":{"rendered":"<p>[et_pb_section fb_built=\u00bb1&#8243; fullwidth=\u00bbon\u00bb _builder_version=\u00bb3.26.4&#8243; background_color=\u00bb#fcfaf6&#8243;][et_pb_fullwidth_header title=\u00bbTamara Landau\u00bb subhead=\u00bbDar a luz, dar vida. Di\u00e1logos y separaciones durante el embarazo\u00bb _builder_version=\u00bb3.26.4&#8243; title_font=\u00bb||||||||\u00bb title_text_color=\u00bb#00cccc\u00bb title_font_size=\u00bb25px\u00bb subhead_font=\u00bb||||||||\u00bb subhead_text_color=\u00bb#0068d8&#8243; subhead_font_size=\u00bb24px\u00bb background_color=\u00bb#fbfaf5&#8243; border_color_all=\u00bb#ffffff\u00bb border_color_bottom=\u00bb#00cccc\u00bb border_style_bottom=\u00bbdotted\u00bb background_layout=\u00bblight\u00bb custom_padding=\u00bb25px||6px|||\u00bb][\/et_pb_fullwidth_header][\/et_pb_section][et_pb_section fb_built=\u00bb1&#8243; fullwidth=\u00bbon\u00bb _builder_version=\u00bb3.26.4&#8243; locked=\u00bboff\u00bb][et_pb_fullwidth_menu menu_id=\u00bb33&#8243; active_link_color=\u00bb#0068d8&#8243; _builder_version=\u00bb3.26.4&#8243; menu_font=\u00bb|600||on|||||\u00bb background_color=\u00bbrgba(0,0,0,0)\u00bb][\/et_pb_fullwidth_menu][\/et_pb_section][et_pb_section fb_built=\u00bb1&#8243; _builder_version=\u00bb3.26.4&#8243;][et_pb_row column_structure=\u00bb1_3,2_3&#8243; _builder_version=\u00bb3.26.4&#8243;][et_pb_column type=\u00bb1_3&#8243; _builder_version=\u00bb3.26.4&#8243;][et_pb_sidebar _builder_version=\u00bb3.26.4&#8243;][\/et_pb_sidebar][et_pb_sidebar orientation=\u00bbright\u00bb area=\u00bbet_pb_widget_area_8&#8243; show_border=\u00bboff\u00bb _builder_version=\u00bb3.26.4&#8243; saved_tabs=\u00bball\u00bb][\/et_pb_sidebar][\/et_pb_column][et_pb_column type=\u00bb2_3&#8243; _builder_version=\u00bb3.26.4&#8243;][et_pb_text _builder_version=\u00bb3.26.4&#8243;]<\/p>\n<h2>Introducci\u00f3n<\/h2>\n<p>&nbsp;<\/p>\n<p><strong>El embarazo es un momento de gran trastorno que transforma para siempre la vida y el cuerpo de una mujer, una fuente de j\u00fabilo y profunda plenitud. Entonces es cuando se manifiesta el magn\u00edfico poder de creaci\u00f3n de las mujeres, que no deja de ejercer una fuerte fascinaci\u00f3n en todos.<\/strong><\/p>\n<p>Hoy d\u00eda, en Francia y en el mundo entero, contamos con numerosos tipos de preparaci\u00f3n al parto, tales como el yoga, la haptonom\u00eda, el canto, la sofrolog\u00eda, etc. Son muy \u00fatiles todos esos m\u00e9todos, ayudan a los progenitores a acoger a su hijo, a acompa\u00f1ar de mejor manera su llegada al mundo. Lo que proponemos en este libro persigue el mismo objetivo, pero de manera complementaria. Abrigamos la ambici\u00f3n de ense\u00f1ar a las futuras madres a escuchar a su beb\u00e9 cuando todav\u00eda est\u00e1 en su vientre, a hablarle a todo lo largo del embarazo, y as\u00ed a prepararle, a \u00e9l, a su propio nacimiento, mucho antes del parto.<\/p>\n<p>Cuando nace el beb\u00e9, ya tiene nueve meses de existencia. Es decir que, cuando ve la luz, ya tiene una historia construida merced a la fina relaci\u00f3n que los progenitores, en particular la madre, han podido tejer con \u00e9l ya desde la concepci\u00f3n. En las antiguas tradiciones orientales, en China por ejemplo, al nacer, el reci\u00e9n nacido ya tiene un a\u00f1o de edad. Por esta raz\u00f3n se celebra su primer aniversario al mismo tiempo que se entierra simb\u00f3licamente a ambos padres de antes del nacimiento. Esta leyenda recalca, de cierto modo, lo que vamos a desarrollar en este libro: durante el embarazo se teje un lazo muy fusional entre los padres y el feto. Los padres proyectan su amor, sus deseos, sus angustias, sus esperanzas y sus fantas\u00edas en el ni\u00f1o, incluso antes de concebirlo. Al nacer el ni\u00f1o, los padres deben deshacerse de estas proyecciones, angustias y fantas\u00edas, en cierto modo, enterrarlas, para comenzar a construir con el reci\u00e9n nacido nuevos lazos que inventar con \u00e9l en relaci\u00f3n con el feto percibido, imaginado y so\u00f1ado durante el embarazo.<\/p>\n<p>Esta idea del olvido al nacer tambi\u00e9n aparece en el Antiguo Testamento, retomada despu\u00e9s en un comentario talm\u00fadico muy conocido: el del \u00e1ngel que viene a dar un golpecito en la boca del reci\u00e9n nacido, dici\u00e9ndole \u201c\u00a1Chito!\u201d, para que calle y olvide todo lo que ya sabe. As\u00ed queda reprimido todo lo vivido antes de nacer, \u00a1ya que, en cuanto embri\u00f3n y luego feto, lo habr\u00eda o\u00eddo, le\u00eddo y aprendido todo! De aquel gesto del \u00e1ngel, queda como huella el peque\u00f1o surco entre la nariz y la boca, denominado en lenguaje m\u00e9dico <i>philtrum<\/i>, t\u00e9rmino que procede del griego antiguo <i>philein<\/i> y que significa \u201camar\u201d, y evoca aquel brebaje m\u00e1gico, el \u201cfiltro de amor\u201d y de nostalgia para la mam\u00e1 que mira por primera vez al reci\u00e9n nacido.<\/p>\n<p>Estas leyendas subrayan la necesidad para los padres y el reci\u00e9n nacido de olvidar todo lo ocurrido durante el embarazo, de borrar el saber adquirido. Conservar reminiscencias de ello podr\u00eda ser peligroso para los padres y sobre todo para el ni\u00f1o. Esta idea se anticipa al descubrimiento por Freud, del olvido en el nacimiento (es decir la represi\u00f3n originaria) de la experiencia vivida y las fantas\u00edas inconscientes que obran durante la vida fetal.<\/p>\n<p>Para el ser humano, nacer y llegar a ser progenitor es un asunto complicado. La relaci\u00f3n materna con el ni\u00f1o se va elaborando a lo largo del embarazo y consta de impulsos de amor pasional pero tambi\u00e9n de rechazos. En efecto, el sentimiento de plenitud y de comunicaci\u00f3n fusional oculta angustias y fantas\u00edas inconscientes indecibles.<\/p>\n<p>Intentaremos identificar estas angustias, las fantas\u00edas y los sue\u00f1os que provocan, porque pensamos que cuando quedan inconscientes, pueden ser el origen de las dificultades del parto.<\/p>\n<p>Las hip\u00f3tesis planteadas fueron forjadas a partir de la experiencia cl\u00ednica con las mujeres, en particular aquellas que est\u00e1n aquejadas de bulimia y anorexia. Sus comportamientos repetitivos, su compulsi\u00f3n a comer o ayunar me dieron a entender que sufr\u00edan de reminiscencias fetales, m\u00e1s exactamente, que luchaban contra angustias y traumatismos que hab\u00edan experimentado antes de nacer. Mi trabajo con las mujeres embarazadas me permiti\u00f3 comprobar que a menudo pasan por momentos de crisis debidos a los cambios experimentados, que pueden ser el origen de problemas para la madre y para el ni\u00f1o. Por consiguiente, me pareci\u00f3 importante identificarlos para prevenir los accidentes del embarazo (aborto natural, parto prematuro, ces\u00e1rea\u2026) y diferentes trastornos del comportamiento y de la percepci\u00f3n de s\u00ed del ni\u00f1o despu\u00e9s del nacimiento. Varias hip\u00f3tesis formuladas aqu\u00ed comienzan a ser comprobadas por investigaciones recientes en neurociencias, cuyas referencias est\u00e1n al final de este libro.<\/p>\n<p>Con este libro intento, ante todo, obrar por la prevenci\u00f3n, destin\u00e1ndolo a las futuras madres as\u00ed como a los profesionales que las acompa\u00f1an.<\/p>\n<p>Tamara Landau[\/et_pb_text][\/et_pb_column][\/et_pb_row][\/et_pb_section]<\/p>\n","protected":false},"excerpt":{"rendered":"<p>[et_pb_section fb_built=\u00bb1&#8243; fullwidth=\u00bbon\u00bb _builder_version=\u00bb3.26.4&#8243; background_color=\u00bb#fcfaf6&#8243;][et_pb_fullwidth_header title=\u00bbTamara Landau\u00bb subhead=\u00bbDar a luz, dar vida. Di\u00e1logos y separaciones durante el embarazo\u00bb _builder_version=\u00bb3.26.4&#8243; title_font=\u00bb||||||||\u00bb title_text_color=\u00bb#00cccc\u00bb title_font_size=\u00bb25px\u00bb subhead_font=\u00bb||||||||\u00bb subhead_text_color=\u00bb#0068d8&#8243; subhead_font_size=\u00bb24px\u00bb background_color=\u00bb#fbfaf5&#8243; border_color_all=\u00bb#ffffff\u00bb border_color_bottom=\u00bb#00cccc\u00bb border_style_bottom=\u00bbdotted\u00bb background_layout=\u00bblight\u00bb custom_padding=\u00bb25px||6px|||\u00bb][\/et_pb_fullwidth_header][\/et_pb_section][et_pb_section fb_built=\u00bb1&#8243; fullwidth=\u00bbon\u00bb _builder_version=\u00bb3.26.4&#8243; locked=\u00bboff\u00bb][et_pb_fullwidth_menu menu_id=\u00bb33&#8243; active_link_color=\u00bb#0068d8&#8243; _builder_version=\u00bb3.26.4&#8243; menu_font=\u00bb|600||on|||||\u00bb background_color=\u00bbrgba(0,0,0,0)\u00bb][\/et_pb_fullwidth_menu][\/et_pb_section][et_pb_section fb_built=\u00bb1&#8243; _builder_version=\u00bb3.26.4&#8243;][et_pb_row column_structure=\u00bb1_3,2_3&#8243; _builder_version=\u00bb3.26.4&#8243;][et_pb_column type=\u00bb1_3&#8243; _builder_version=\u00bb3.26.4&#8243;][et_pb_sidebar _builder_version=\u00bb3.26.4&#8243;][\/et_pb_sidebar][et_pb_sidebar orientation=\u00bbright\u00bb area=\u00bbet_pb_widget_area_8&#8243; show_border=\u00bboff\u00bb _builder_version=\u00bb3.26.4&#8243; saved_tabs=\u00bball\u00bb][\/et_pb_sidebar][\/et_pb_column][et_pb_column type=\u00bb2_3&#8243; _builder_version=\u00bb3.26.4&#8243;][et_pb_text _builder_version=\u00bb3.26.4&#8243;] [&hellip;]<\/p>\n","protected":false},"author":1,"featured_media":0,"parent":1484,"menu_order":0,"comment_status":"closed","ping_status":"closed","template":"","meta":{"_et_pb_use_builder":"on","_et_pb_old_content":"","_et_gb_content_width":""},"yoast_head":"<!-- This site is optimized with the Yoast SEO plugin v20.3 - https:\/\/yoast.com\/wordpress\/plugins\/seo\/ -->\n<title>Dar a luz, dar vida. Di\u00e1logos y separaciones durante el embarazo. Introducci\u00f3n | Tamara Landau<\/title>\n<meta name=\"robots\" content=\"index, follow, max-snippet:-1, max-image-preview:large, max-video-preview:-1\" \/>\n<link rel=\"canonical\" href=\"https:\/\/tamara-landau.net\/es\/dar-a-luz-dar-vida-dialogos-y-separaciones-durante-el-embarazo\/dar-a-luz-dar-vida-dialogos-y-separaciones-durante-el-embarazo-introduccion\/\" \/>\n<meta property=\"og:locale\" content=\"es_ES\" \/>\n<meta property=\"og:type\" content=\"article\" \/>\n<meta property=\"og:title\" content=\"Dar a luz, dar vida. Di\u00e1logos y separaciones durante el embarazo. Introducci\u00f3n | Tamara Landau\" \/>\n<meta property=\"og:description\" content=\"[et_pb_section fb_built=\u00bb1&#8243; fullwidth=\u00bbon\u00bb _builder_version=\u00bb3.26.4&#8243; background_color=\u00bb#fcfaf6&#8243;][et_pb_fullwidth_header title=\u00bbTamara Landau\u00bb subhead=\u00bbDar a luz, dar vida. Di\u00e1logos y separaciones durante el embarazo\u00bb _builder_version=\u00bb3.26.4&#8243; title_font=\u00bb||||||||\u00bb title_text_color=\u00bb#00cccc\u00bb title_font_size=\u00bb25px\u00bb subhead_font=\u00bb||||||||\u00bb subhead_text_color=\u00bb#0068d8&#8243; subhead_font_size=\u00bb24px\u00bb background_color=\u00bb#fbfaf5&#8243; border_color_all=\u00bb#ffffff\u00bb border_color_bottom=\u00bb#00cccc\u00bb border_style_bottom=\u00bbdotted\u00bb background_layout=\u00bblight\u00bb custom_padding=\u00bb25px||6px|||\u00bb][\/et_pb_fullwidth_header][\/et_pb_section][et_pb_section fb_built=\u00bb1&#8243; fullwidth=\u00bbon\u00bb _builder_version=\u00bb3.26.4&#8243; locked=\u00bboff\u00bb][et_pb_fullwidth_menu menu_id=\u00bb33&#8243; active_link_color=\u00bb#0068d8&#8243; _builder_version=\u00bb3.26.4&#8243; menu_font=\u00bb|600||on|||||\u00bb background_color=\u00bbrgba(0,0,0,0)\u00bb][\/et_pb_fullwidth_menu][\/et_pb_section][et_pb_section fb_built=\u00bb1&#8243; _builder_version=\u00bb3.26.4&#8243;][et_pb_row column_structure=\u00bb1_3,2_3&#8243; _builder_version=\u00bb3.26.4&#8243;][et_pb_column type=\u00bb1_3&#8243; _builder_version=\u00bb3.26.4&#8243;][et_pb_sidebar _builder_version=\u00bb3.26.4&#8243;][\/et_pb_sidebar][et_pb_sidebar orientation=\u00bbright\u00bb area=\u00bbet_pb_widget_area_8&#8243; show_border=\u00bboff\u00bb _builder_version=\u00bb3.26.4&#8243; saved_tabs=\u00bball\u00bb][\/et_pb_sidebar][\/et_pb_column][et_pb_column type=\u00bb2_3&#8243; _builder_version=\u00bb3.26.4&#8243;][et_pb_text _builder_version=\u00bb3.26.4&#8243;] [&hellip;]\" \/>\n<meta property=\"og:url\" content=\"https:\/\/tamara-landau.net\/es\/dar-a-luz-dar-vida-dialogos-y-separaciones-durante-el-embarazo\/dar-a-luz-dar-vida-dialogos-y-separaciones-durante-el-embarazo-introduccion\/\" \/>\n<meta property=\"og:site_name\" content=\"Tamara Landau\" \/>\n<meta property=\"article:modified_time\" content=\"2019-10-23T08:39:58+00:00\" \/>\n<meta name=\"twitter:card\" content=\"summary_large_image\" \/>\n<meta name=\"twitter:label1\" content=\"Tiempo de lectura\" \/>\n\t<meta name=\"twitter:data1\" content=\"5 minutos\" \/>\n<script type=\"application\/ld+json\" class=\"yoast-schema-graph\">{\"@context\":\"https:\/\/schema.org\",\"@graph\":[{\"@type\":\"WebPage\",\"@id\":\"https:\/\/tamara-landau.net\/es\/dar-a-luz-dar-vida-dialogos-y-separaciones-durante-el-embarazo\/dar-a-luz-dar-vida-dialogos-y-separaciones-durante-el-embarazo-introduccion\/\",\"url\":\"https:\/\/tamara-landau.net\/es\/dar-a-luz-dar-vida-dialogos-y-separaciones-durante-el-embarazo\/dar-a-luz-dar-vida-dialogos-y-separaciones-durante-el-embarazo-introduccion\/\",\"name\":\"Dar a luz, dar vida. Di\u00e1logos y separaciones durante el embarazo. Introducci\u00f3n | Tamara Landau\",\"isPartOf\":{\"@id\":\"https:\/\/tamara-landau.net\/#website\"},\"datePublished\":\"2019-10-23T08:39:03+00:00\",\"dateModified\":\"2019-10-23T08:39:58+00:00\",\"breadcrumb\":{\"@id\":\"https:\/\/tamara-landau.net\/es\/dar-a-luz-dar-vida-dialogos-y-separaciones-durante-el-embarazo\/dar-a-luz-dar-vida-dialogos-y-separaciones-durante-el-embarazo-introduccion\/#breadcrumb\"},\"inLanguage\":\"es\",\"potentialAction\":[{\"@type\":\"ReadAction\",\"target\":[\"https:\/\/tamara-landau.net\/es\/dar-a-luz-dar-vida-dialogos-y-separaciones-durante-el-embarazo\/dar-a-luz-dar-vida-dialogos-y-separaciones-durante-el-embarazo-introduccion\/\"]}]},{\"@type\":\"BreadcrumbList\",\"@id\":\"https:\/\/tamara-landau.net\/es\/dar-a-luz-dar-vida-dialogos-y-separaciones-durante-el-embarazo\/dar-a-luz-dar-vida-dialogos-y-separaciones-durante-el-embarazo-introduccion\/#breadcrumb\",\"itemListElement\":[{\"@type\":\"ListItem\",\"position\":1,\"name\":\"Accueil\",\"item\":\"https:\/\/tamara-landau.net\/es\/tamara-landau-psicoanalista-y-escultora\/\"},{\"@type\":\"ListItem\",\"position\":2,\"name\":\"Dar a luz, dar vida. Di\u00e1logos y separaciones durante el embarazo.\",\"item\":\"https:\/\/tamara-landau.net\/es\/dar-a-luz-dar-vida-dialogos-y-separaciones-durante-el-embarazo\/\"},{\"@type\":\"ListItem\",\"position\":3,\"name\":\"Dar a luz, dar vida. Di\u00e1logos y separaciones durante el embarazo. Introducci\u00f3n\"}]},{\"@type\":\"WebSite\",\"@id\":\"https:\/\/tamara-landau.net\/#website\",\"url\":\"https:\/\/tamara-landau.net\/\",\"name\":\"Tamara Landau\",\"description\":\"psychanalyste et sculptrice\",\"potentialAction\":[{\"@type\":\"SearchAction\",\"target\":{\"@type\":\"EntryPoint\",\"urlTemplate\":\"https:\/\/tamara-landau.net\/?s={search_term_string}\"},\"query-input\":\"required name=search_term_string\"}],\"inLanguage\":\"es\"}]}<\/script>\n<!-- \/ Yoast SEO plugin. -->","yoast_head_json":{"title":"Dar a luz, dar vida. Di\u00e1logos y separaciones durante el embarazo. Introducci\u00f3n | Tamara Landau","robots":{"index":"index","follow":"follow","max-snippet":"max-snippet:-1","max-image-preview":"max-image-preview:large","max-video-preview":"max-video-preview:-1"},"canonical":"https:\/\/tamara-landau.net\/es\/dar-a-luz-dar-vida-dialogos-y-separaciones-durante-el-embarazo\/dar-a-luz-dar-vida-dialogos-y-separaciones-durante-el-embarazo-introduccion\/","og_locale":"es_ES","og_type":"article","og_title":"Dar a luz, dar vida. Di\u00e1logos y separaciones durante el embarazo. Introducci\u00f3n | Tamara Landau","og_description":"[et_pb_section fb_built=\u00bb1&#8243; fullwidth=\u00bbon\u00bb _builder_version=\u00bb3.26.4&#8243; background_color=\u00bb#fcfaf6&#8243;][et_pb_fullwidth_header title=\u00bbTamara Landau\u00bb subhead=\u00bbDar a luz, dar vida. Di\u00e1logos y separaciones durante el embarazo\u00bb _builder_version=\u00bb3.26.4&#8243; title_font=\u00bb||||||||\u00bb title_text_color=\u00bb#00cccc\u00bb title_font_size=\u00bb25px\u00bb subhead_font=\u00bb||||||||\u00bb subhead_text_color=\u00bb#0068d8&#8243; subhead_font_size=\u00bb24px\u00bb background_color=\u00bb#fbfaf5&#8243; border_color_all=\u00bb#ffffff\u00bb border_color_bottom=\u00bb#00cccc\u00bb border_style_bottom=\u00bbdotted\u00bb background_layout=\u00bblight\u00bb custom_padding=\u00bb25px||6px|||\u00bb][\/et_pb_fullwidth_header][\/et_pb_section][et_pb_section fb_built=\u00bb1&#8243; fullwidth=\u00bbon\u00bb _builder_version=\u00bb3.26.4&#8243; locked=\u00bboff\u00bb][et_pb_fullwidth_menu menu_id=\u00bb33&#8243; active_link_color=\u00bb#0068d8&#8243; _builder_version=\u00bb3.26.4&#8243; menu_font=\u00bb|600||on|||||\u00bb background_color=\u00bbrgba(0,0,0,0)\u00bb][\/et_pb_fullwidth_menu][\/et_pb_section][et_pb_section fb_built=\u00bb1&#8243; _builder_version=\u00bb3.26.4&#8243;][et_pb_row column_structure=\u00bb1_3,2_3&#8243; _builder_version=\u00bb3.26.4&#8243;][et_pb_column type=\u00bb1_3&#8243; _builder_version=\u00bb3.26.4&#8243;][et_pb_sidebar _builder_version=\u00bb3.26.4&#8243;][\/et_pb_sidebar][et_pb_sidebar orientation=\u00bbright\u00bb area=\u00bbet_pb_widget_area_8&#8243; show_border=\u00bboff\u00bb _builder_version=\u00bb3.26.4&#8243; saved_tabs=\u00bball\u00bb][\/et_pb_sidebar][\/et_pb_column][et_pb_column type=\u00bb2_3&#8243; _builder_version=\u00bb3.26.4&#8243;][et_pb_text _builder_version=\u00bb3.26.4&#8243;] [&hellip;]","og_url":"https:\/\/tamara-landau.net\/es\/dar-a-luz-dar-vida-dialogos-y-separaciones-durante-el-embarazo\/dar-a-luz-dar-vida-dialogos-y-separaciones-durante-el-embarazo-introduccion\/","og_site_name":"Tamara Landau","article_modified_time":"2019-10-23T08:39:58+00:00","twitter_card":"summary_large_image","twitter_misc":{"Tiempo de lectura":"5 minutos"},"schema":{"@context":"https:\/\/schema.org","@graph":[{"@type":"WebPage","@id":"https:\/\/tamara-landau.net\/es\/dar-a-luz-dar-vida-dialogos-y-separaciones-durante-el-embarazo\/dar-a-luz-dar-vida-dialogos-y-separaciones-durante-el-embarazo-introduccion\/","url":"https:\/\/tamara-landau.net\/es\/dar-a-luz-dar-vida-dialogos-y-separaciones-durante-el-embarazo\/dar-a-luz-dar-vida-dialogos-y-separaciones-durante-el-embarazo-introduccion\/","name":"Dar a luz, dar vida. Di\u00e1logos y separaciones durante el embarazo. Introducci\u00f3n | Tamara Landau","isPartOf":{"@id":"https:\/\/tamara-landau.net\/#website"},"datePublished":"2019-10-23T08:39:03+00:00","dateModified":"2019-10-23T08:39:58+00:00","breadcrumb":{"@id":"https:\/\/tamara-landau.net\/es\/dar-a-luz-dar-vida-dialogos-y-separaciones-durante-el-embarazo\/dar-a-luz-dar-vida-dialogos-y-separaciones-durante-el-embarazo-introduccion\/#breadcrumb"},"inLanguage":"es","potentialAction":[{"@type":"ReadAction","target":["https:\/\/tamara-landau.net\/es\/dar-a-luz-dar-vida-dialogos-y-separaciones-durante-el-embarazo\/dar-a-luz-dar-vida-dialogos-y-separaciones-durante-el-embarazo-introduccion\/"]}]},{"@type":"BreadcrumbList","@id":"https:\/\/tamara-landau.net\/es\/dar-a-luz-dar-vida-dialogos-y-separaciones-durante-el-embarazo\/dar-a-luz-dar-vida-dialogos-y-separaciones-durante-el-embarazo-introduccion\/#breadcrumb","itemListElement":[{"@type":"ListItem","position":1,"name":"Accueil","item":"https:\/\/tamara-landau.net\/es\/tamara-landau-psicoanalista-y-escultora\/"},{"@type":"ListItem","position":2,"name":"Dar a luz, dar vida. Di\u00e1logos y separaciones durante el embarazo.","item":"https:\/\/tamara-landau.net\/es\/dar-a-luz-dar-vida-dialogos-y-separaciones-durante-el-embarazo\/"},{"@type":"ListItem","position":3,"name":"Dar a luz, dar vida. Di\u00e1logos y separaciones durante el embarazo. Introducci\u00f3n"}]},{"@type":"WebSite","@id":"https:\/\/tamara-landau.net\/#website","url":"https:\/\/tamara-landau.net\/","name":"Tamara Landau","description":"psychanalyste et sculptrice","potentialAction":[{"@type":"SearchAction","target":{"@type":"EntryPoint","urlTemplate":"https:\/\/tamara-landau.net\/?s={search_term_string}"},"query-input":"required name=search_term_string"}],"inLanguage":"es"}]}},"_links":{"self":[{"href":"https:\/\/tamara-landau.net\/es\/wp-json\/wp\/v2\/pages\/1529"}],"collection":[{"href":"https:\/\/tamara-landau.net\/es\/wp-json\/wp\/v2\/pages"}],"about":[{"href":"https:\/\/tamara-landau.net\/es\/wp-json\/wp\/v2\/types\/page"}],"author":[{"embeddable":true,"href":"https:\/\/tamara-landau.net\/es\/wp-json\/wp\/v2\/users\/1"}],"replies":[{"embeddable":true,"href":"https:\/\/tamara-landau.net\/es\/wp-json\/wp\/v2\/comments?post=1529"}],"version-history":[{"count":2,"href":"https:\/\/tamara-landau.net\/es\/wp-json\/wp\/v2\/pages\/1529\/revisions"}],"predecessor-version":[{"id":1531,"href":"https:\/\/tamara-landau.net\/es\/wp-json\/wp\/v2\/pages\/1529\/revisions\/1531"}],"up":[{"embeddable":true,"href":"https:\/\/tamara-landau.net\/es\/wp-json\/wp\/v2\/pages\/1484"}],"wp:attachment":[{"href":"https:\/\/tamara-landau.net\/es\/wp-json\/wp\/v2\/media?parent=1529"}],"curies":[{"name":"wp","href":"https:\/\/api.w.org\/{rel}","templated":true}]}}