{"id":1524,"date":"2019-10-23T08:04:15","date_gmt":"2019-10-23T08:04:15","guid":{"rendered":"https:\/\/tamara-landau.net\/dar-a-luz-dar-vida-dialogos-y-separaciones-durante-el-embarazo\/dar-a-luz-dar-vida-dialogos-y-separaciones-durante-el-embarazo-postface\/"},"modified":"2019-10-23T08:06:38","modified_gmt":"2019-10-23T08:06:38","slug":"dar-a-luz-dar-vida-dialogos-y-separaciones-durante-el-embarazo-postface","status":"publish","type":"page","link":"https:\/\/tamara-landau.net\/es\/dar-a-luz-dar-vida-dialogos-y-separaciones-durante-el-embarazo\/dar-a-luz-dar-vida-dialogos-y-separaciones-durante-el-embarazo-postface\/","title":{"rendered":"Dar a luz, dar vida. Di\u00e1logos y separaciones durante el embarazo. Postface"},"content":{"rendered":"<p>[et_pb_section fb_built=\u00bb1&#8243; fullwidth=\u00bbon\u00bb _builder_version=\u00bb3.26.4&#8243; background_color=\u00bb#fcfaf6&#8243;][et_pb_fullwidth_header title=\u00bbTamara Landau\u00bb subhead=\u00bbDar a luz, dar vida. Di\u00e1logos y separaciones durante el embarazo.\u00bb _builder_version=\u00bb3.26.4&#8243; title_font=\u00bb||||||||\u00bb title_text_color=\u00bb#00cccc\u00bb title_font_size=\u00bb25px\u00bb subhead_font=\u00bb||||||||\u00bb subhead_text_color=\u00bb#0068d8&#8243; subhead_font_size=\u00bb24px\u00bb background_color=\u00bb#fbfaf5&#8243; border_color_all=\u00bb#ffffff\u00bb border_color_bottom=\u00bb#00cccc\u00bb border_style_bottom=\u00bbdotted\u00bb background_layout=\u00bblight\u00bb custom_padding=\u00bb25px||6px|||\u00bb][\/et_pb_fullwidth_header][\/et_pb_section][et_pb_section fb_built=\u00bb1&#8243; fullwidth=\u00bbon\u00bb _builder_version=\u00bb3.26.4&#8243; locked=\u00bboff\u00bb][et_pb_fullwidth_menu menu_id=\u00bb33&#8243; active_link_color=\u00bb#0068d8&#8243; _builder_version=\u00bb3.26.4&#8243; menu_font=\u00bb|600||on|||||\u00bb background_color=\u00bbrgba(0,0,0,0)\u00bb][\/et_pb_fullwidth_menu][\/et_pb_section][et_pb_section fb_built=\u00bb1&#8243; _builder_version=\u00bb3.26.4&#8243;][et_pb_row column_structure=\u00bb1_3,2_3&#8243; _builder_version=\u00bb3.26.4&#8243;][et_pb_column type=\u00bb1_3&#8243; _builder_version=\u00bb3.26.4&#8243;][et_pb_sidebar orientation=\u00bbright\u00bb area=\u00bbet_pb_widget_area_8&#8243; show_border=\u00bboff\u00bb _builder_version=\u00bb3.26.4&#8243; saved_tabs=\u00bball\u00bb][\/et_pb_sidebar][\/et_pb_column][et_pb_column type=\u00bb2_3&#8243; _builder_version=\u00bb3.26.4&#8243;][et_pb_text _builder_version=\u00bb3.26.4&#8243;]<\/p>\n<h1>Postface de la Dra. Liliana Kaplan<\/h1>\n<p>[\/et_pb_text][et_pb_text _builder_version=\u00bb3.26.4&#8243;]<\/p>\n<p>Tamara Landau contact\u00f3 conmigo por intermediario de un amigo com\u00fan para pedirme que me enterara de sus investigaciones e intuiciones psicoanal\u00edticas que expone en este libro, para que las comparara con los datos de la biolog\u00eda de la reproducci\u00f3n, especialidad a la que me dediqu\u00e9 durante tres decenios en mi laboratorio de la Reproducci\u00f3n humana.<\/p>\n<p>La tarea no me pareci\u00f3 f\u00e1cil, debido a un prejuicio que reconozco de buen grado, frente a tantos textos dudosos. Pero la lectura del libro de Tamara Landau, he de decirlo, fue una fuente de placer. Su teor\u00eda de la retroacci\u00f3n simb\u00f3lica de la memoria inconsciente prenatal, fundada en sus observaciones de cl\u00ednica psicoanal\u00edtica, me parece no solo interesante, sino que concuerda con los datos biol\u00f3gicos de las etapas de la gestaci\u00f3n. De hecho, Tamara Landau analiz\u00f3 los sue\u00f1os, lapsos, y dibujos de sus pacientes bul\u00edmicas-anor\u00e9xicas durante su embarazo, lo cual le permiti\u00f3 elaborar su teor\u00eda del \u201c\u00e1rbol invertido\u201d que describe la inversi\u00f3n simb\u00f3lica de las generaciones reactivada durante el embarazo en estas pacientes. La originalidad de su pensamiento le permiti\u00f3 tambi\u00e9n encontrar nociones del \u00e1rbol invertido desarrolladas en mitolog\u00edas muy antiguas.<br \/>En resumidas cuentas, este libro, m\u00e1s cercano a la escritura de un Freud que tantos\u00a0 trabajos demasiado preciosos y abigarrados que abundan en esta disciplina, fue para m\u00ed una agradable sorpresa.<\/p>\n<p>Tamara Landau contact\u00f3 conmigo por intermediario de un amigo com\u00fan para pedirme que me enterara de sus investigaciones e intuiciones psicoanal\u00edticas que expone en este libro, para que las comparara con los datos de la biolog\u00eda de la reproducci\u00f3n, especialidad a la que me dediqu\u00e9 durante tres decenios en mi laboratorio de la Reproducci\u00f3n humana.<\/p>\n<p>La tarea no me pareci\u00f3 f\u00e1cil, debido a un prejuicio que reconozco de buen grado, frente a tantos textos dudosos. Pero la lectura del libro de Tamara Landau, he de decirlo, fue una fuente de placer. Su teor\u00eda de la retroacci\u00f3n simb\u00f3lica de la memoria inconsciente prenatal, fundada en sus observaciones de cl\u00ednica psicoanal\u00edtica, me parece no solo interesante, sino que concuerda con los datos biol\u00f3gicos de las etapas de la gestaci\u00f3n. De hecho, Tamara Landau analiz\u00f3 los sue\u00f1os, lapsos, y dibujos de sus pacientes bul\u00edmicas-anor\u00e9xicas durante su embarazo, lo cual le permiti\u00f3 elaborar su teor\u00eda del \u201c\u00e1rbol invertido\u201d que describe la inversi\u00f3n simb\u00f3lica de las generaciones reactivada durante el embarazo en estas pacientes.<\/p>\n<p>La originalidad de su pensamiento le permiti\u00f3 tambi\u00e9n encontrar nociones del \u00e1rbol invertido desarrolladas en mitolog\u00edas muy antiguas.<br \/>En resumidas cuentas, este libro, m\u00e1s cercano a la escritura de un Freud que tantos\u00a0 trabajos demasiado preciosos y abigarrados que abundan en esta disciplina, fue para m\u00ed una agradable sorpresa.<\/p>\n<p><strong>Liliana Kaplan<\/strong><\/p>\n<p><strong>Ex investigadora en el I.N.S.E.R.M. de Par\u00eds, doctor en medicina, biolog\u00eda y titular de un D.E.A\u00a0 en filosof\u00eda. Autora, en 1984, de la\u00a0 patente cient\u00edfica francesa sobre el diagn\u00f3stico prenatal muy precoz por biopsia de la placenta (N\u00b0 84 1040).<\/strong><\/p>\n<p>[\/et_pb_text][\/et_pb_column][\/et_pb_row][\/et_pb_section]<\/p>\n","protected":false},"excerpt":{"rendered":"<p>[et_pb_section fb_built=\u00bb1&#8243; fullwidth=\u00bbon\u00bb _builder_version=\u00bb3.26.4&#8243; background_color=\u00bb#fcfaf6&#8243;][et_pb_fullwidth_header title=\u00bbTamara Landau\u00bb subhead=\u00bbDar a luz, dar vida. Di\u00e1logos y separaciones durante el embarazo.\u00bb _builder_version=\u00bb3.26.4&#8243; title_font=\u00bb||||||||\u00bb title_text_color=\u00bb#00cccc\u00bb title_font_size=\u00bb25px\u00bb subhead_font=\u00bb||||||||\u00bb subhead_text_color=\u00bb#0068d8&#8243; subhead_font_size=\u00bb24px\u00bb background_color=\u00bb#fbfaf5&#8243; border_color_all=\u00bb#ffffff\u00bb border_color_bottom=\u00bb#00cccc\u00bb border_style_bottom=\u00bbdotted\u00bb background_layout=\u00bblight\u00bb custom_padding=\u00bb25px||6px|||\u00bb][\/et_pb_fullwidth_header][\/et_pb_section][et_pb_section fb_built=\u00bb1&#8243; fullwidth=\u00bbon\u00bb _builder_version=\u00bb3.26.4&#8243; locked=\u00bboff\u00bb][et_pb_fullwidth_menu menu_id=\u00bb33&#8243; active_link_color=\u00bb#0068d8&#8243; _builder_version=\u00bb3.26.4&#8243; menu_font=\u00bb|600||on|||||\u00bb background_color=\u00bbrgba(0,0,0,0)\u00bb][\/et_pb_fullwidth_menu][\/et_pb_section][et_pb_section fb_built=\u00bb1&#8243; _builder_version=\u00bb3.26.4&#8243;][et_pb_row column_structure=\u00bb1_3,2_3&#8243; _builder_version=\u00bb3.26.4&#8243;][et_pb_column type=\u00bb1_3&#8243; _builder_version=\u00bb3.26.4&#8243;][et_pb_sidebar orientation=\u00bbright\u00bb area=\u00bbet_pb_widget_area_8&#8243; show_border=\u00bboff\u00bb _builder_version=\u00bb3.26.4&#8243; saved_tabs=\u00bball\u00bb][\/et_pb_sidebar][\/et_pb_column][et_pb_column type=\u00bb2_3&#8243; _builder_version=\u00bb3.26.4&#8243;][et_pb_text _builder_version=\u00bb3.26.4&#8243;] Postface [&hellip;]<\/p>\n","protected":false},"author":1,"featured_media":0,"parent":1484,"menu_order":0,"comment_status":"closed","ping_status":"closed","template":"","meta":{"_et_pb_use_builder":"on","_et_pb_old_content":"","_et_gb_content_width":""},"yoast_head":"<!-- This site is optimized with the Yoast SEO plugin v20.3 - https:\/\/yoast.com\/wordpress\/plugins\/seo\/ -->\n<title>Dar a luz, dar vida. Di\u00e1logos y separaciones durante el embarazo. Postface | Tamara Landau<\/title>\n<meta name=\"robots\" content=\"index, follow, max-snippet:-1, max-image-preview:large, max-video-preview:-1\" \/>\n<link rel=\"canonical\" href=\"https:\/\/tamara-landau.net\/es\/dar-a-luz-dar-vida-dialogos-y-separaciones-durante-el-embarazo\/dar-a-luz-dar-vida-dialogos-y-separaciones-durante-el-embarazo-postface\/\" \/>\n<meta property=\"og:locale\" content=\"es_ES\" \/>\n<meta property=\"og:type\" content=\"article\" \/>\n<meta property=\"og:title\" content=\"Dar a luz, dar vida. Di\u00e1logos y separaciones durante el embarazo. Postface | Tamara Landau\" \/>\n<meta property=\"og:description\" content=\"[et_pb_section fb_built=\u00bb1&#8243; fullwidth=\u00bbon\u00bb _builder_version=\u00bb3.26.4&#8243; background_color=\u00bb#fcfaf6&#8243;][et_pb_fullwidth_header title=\u00bbTamara Landau\u00bb subhead=\u00bbDar a luz, dar vida. Di\u00e1logos y separaciones durante el embarazo.\u00bb _builder_version=\u00bb3.26.4&#8243; title_font=\u00bb||||||||\u00bb title_text_color=\u00bb#00cccc\u00bb title_font_size=\u00bb25px\u00bb subhead_font=\u00bb||||||||\u00bb subhead_text_color=\u00bb#0068d8&#8243; subhead_font_size=\u00bb24px\u00bb background_color=\u00bb#fbfaf5&#8243; border_color_all=\u00bb#ffffff\u00bb border_color_bottom=\u00bb#00cccc\u00bb border_style_bottom=\u00bbdotted\u00bb background_layout=\u00bblight\u00bb custom_padding=\u00bb25px||6px|||\u00bb][\/et_pb_fullwidth_header][\/et_pb_section][et_pb_section fb_built=\u00bb1&#8243; fullwidth=\u00bbon\u00bb _builder_version=\u00bb3.26.4&#8243; locked=\u00bboff\u00bb][et_pb_fullwidth_menu menu_id=\u00bb33&#8243; active_link_color=\u00bb#0068d8&#8243; _builder_version=\u00bb3.26.4&#8243; menu_font=\u00bb|600||on|||||\u00bb background_color=\u00bbrgba(0,0,0,0)\u00bb][\/et_pb_fullwidth_menu][\/et_pb_section][et_pb_section fb_built=\u00bb1&#8243; _builder_version=\u00bb3.26.4&#8243;][et_pb_row column_structure=\u00bb1_3,2_3&#8243; _builder_version=\u00bb3.26.4&#8243;][et_pb_column type=\u00bb1_3&#8243; _builder_version=\u00bb3.26.4&#8243;][et_pb_sidebar orientation=\u00bbright\u00bb area=\u00bbet_pb_widget_area_8&#8243; show_border=\u00bboff\u00bb _builder_version=\u00bb3.26.4&#8243; saved_tabs=\u00bball\u00bb][\/et_pb_sidebar][\/et_pb_column][et_pb_column type=\u00bb2_3&#8243; _builder_version=\u00bb3.26.4&#8243;][et_pb_text _builder_version=\u00bb3.26.4&#8243;] Postface [&hellip;]\" \/>\n<meta property=\"og:url\" content=\"https:\/\/tamara-landau.net\/es\/dar-a-luz-dar-vida-dialogos-y-separaciones-durante-el-embarazo\/dar-a-luz-dar-vida-dialogos-y-separaciones-durante-el-embarazo-postface\/\" \/>\n<meta property=\"og:site_name\" content=\"Tamara Landau\" \/>\n<meta property=\"article:modified_time\" content=\"2019-10-23T08:06:38+00:00\" \/>\n<meta name=\"twitter:card\" content=\"summary_large_image\" \/>\n<meta name=\"twitter:label1\" content=\"Tiempo de lectura\" \/>\n\t<meta name=\"twitter:data1\" content=\"4 minutos\" \/>\n<script type=\"application\/ld+json\" class=\"yoast-schema-graph\">{\"@context\":\"https:\/\/schema.org\",\"@graph\":[{\"@type\":\"WebPage\",\"@id\":\"https:\/\/tamara-landau.net\/es\/dar-a-luz-dar-vida-dialogos-y-separaciones-durante-el-embarazo\/dar-a-luz-dar-vida-dialogos-y-separaciones-durante-el-embarazo-postface\/\",\"url\":\"https:\/\/tamara-landau.net\/es\/dar-a-luz-dar-vida-dialogos-y-separaciones-durante-el-embarazo\/dar-a-luz-dar-vida-dialogos-y-separaciones-durante-el-embarazo-postface\/\",\"name\":\"Dar a luz, dar vida. Di\u00e1logos y separaciones durante el embarazo. Postface | Tamara Landau\",\"isPartOf\":{\"@id\":\"https:\/\/tamara-landau.net\/#website\"},\"datePublished\":\"2019-10-23T08:04:15+00:00\",\"dateModified\":\"2019-10-23T08:06:38+00:00\",\"breadcrumb\":{\"@id\":\"https:\/\/tamara-landau.net\/es\/dar-a-luz-dar-vida-dialogos-y-separaciones-durante-el-embarazo\/dar-a-luz-dar-vida-dialogos-y-separaciones-durante-el-embarazo-postface\/#breadcrumb\"},\"inLanguage\":\"es\",\"potentialAction\":[{\"@type\":\"ReadAction\",\"target\":[\"https:\/\/tamara-landau.net\/es\/dar-a-luz-dar-vida-dialogos-y-separaciones-durante-el-embarazo\/dar-a-luz-dar-vida-dialogos-y-separaciones-durante-el-embarazo-postface\/\"]}]},{\"@type\":\"BreadcrumbList\",\"@id\":\"https:\/\/tamara-landau.net\/es\/dar-a-luz-dar-vida-dialogos-y-separaciones-durante-el-embarazo\/dar-a-luz-dar-vida-dialogos-y-separaciones-durante-el-embarazo-postface\/#breadcrumb\",\"itemListElement\":[{\"@type\":\"ListItem\",\"position\":1,\"name\":\"Accueil\",\"item\":\"https:\/\/tamara-landau.net\/es\/tamara-landau-psicoanalista-y-escultora\/\"},{\"@type\":\"ListItem\",\"position\":2,\"name\":\"Dar a luz, dar vida. Di\u00e1logos y separaciones durante el embarazo.\",\"item\":\"https:\/\/tamara-landau.net\/es\/dar-a-luz-dar-vida-dialogos-y-separaciones-durante-el-embarazo\/\"},{\"@type\":\"ListItem\",\"position\":3,\"name\":\"Dar a luz, dar vida. Di\u00e1logos y separaciones durante el embarazo. Postface\"}]},{\"@type\":\"WebSite\",\"@id\":\"https:\/\/tamara-landau.net\/#website\",\"url\":\"https:\/\/tamara-landau.net\/\",\"name\":\"Tamara Landau\",\"description\":\"psychanalyste et sculptrice\",\"potentialAction\":[{\"@type\":\"SearchAction\",\"target\":{\"@type\":\"EntryPoint\",\"urlTemplate\":\"https:\/\/tamara-landau.net\/?s={search_term_string}\"},\"query-input\":\"required name=search_term_string\"}],\"inLanguage\":\"es\"}]}<\/script>\n<!-- \/ Yoast SEO plugin. -->","yoast_head_json":{"title":"Dar a luz, dar vida. Di\u00e1logos y separaciones durante el embarazo. Postface | Tamara Landau","robots":{"index":"index","follow":"follow","max-snippet":"max-snippet:-1","max-image-preview":"max-image-preview:large","max-video-preview":"max-video-preview:-1"},"canonical":"https:\/\/tamara-landau.net\/es\/dar-a-luz-dar-vida-dialogos-y-separaciones-durante-el-embarazo\/dar-a-luz-dar-vida-dialogos-y-separaciones-durante-el-embarazo-postface\/","og_locale":"es_ES","og_type":"article","og_title":"Dar a luz, dar vida. Di\u00e1logos y separaciones durante el embarazo. Postface | Tamara Landau","og_description":"[et_pb_section fb_built=\u00bb1&#8243; fullwidth=\u00bbon\u00bb _builder_version=\u00bb3.26.4&#8243; background_color=\u00bb#fcfaf6&#8243;][et_pb_fullwidth_header title=\u00bbTamara Landau\u00bb subhead=\u00bbDar a luz, dar vida. Di\u00e1logos y separaciones durante el embarazo.\u00bb _builder_version=\u00bb3.26.4&#8243; title_font=\u00bb||||||||\u00bb title_text_color=\u00bb#00cccc\u00bb title_font_size=\u00bb25px\u00bb subhead_font=\u00bb||||||||\u00bb subhead_text_color=\u00bb#0068d8&#8243; subhead_font_size=\u00bb24px\u00bb background_color=\u00bb#fbfaf5&#8243; border_color_all=\u00bb#ffffff\u00bb border_color_bottom=\u00bb#00cccc\u00bb border_style_bottom=\u00bbdotted\u00bb background_layout=\u00bblight\u00bb custom_padding=\u00bb25px||6px|||\u00bb][\/et_pb_fullwidth_header][\/et_pb_section][et_pb_section fb_built=\u00bb1&#8243; fullwidth=\u00bbon\u00bb _builder_version=\u00bb3.26.4&#8243; locked=\u00bboff\u00bb][et_pb_fullwidth_menu menu_id=\u00bb33&#8243; active_link_color=\u00bb#0068d8&#8243; _builder_version=\u00bb3.26.4&#8243; menu_font=\u00bb|600||on|||||\u00bb background_color=\u00bbrgba(0,0,0,0)\u00bb][\/et_pb_fullwidth_menu][\/et_pb_section][et_pb_section fb_built=\u00bb1&#8243; _builder_version=\u00bb3.26.4&#8243;][et_pb_row column_structure=\u00bb1_3,2_3&#8243; _builder_version=\u00bb3.26.4&#8243;][et_pb_column type=\u00bb1_3&#8243; _builder_version=\u00bb3.26.4&#8243;][et_pb_sidebar orientation=\u00bbright\u00bb area=\u00bbet_pb_widget_area_8&#8243; show_border=\u00bboff\u00bb _builder_version=\u00bb3.26.4&#8243; saved_tabs=\u00bball\u00bb][\/et_pb_sidebar][\/et_pb_column][et_pb_column type=\u00bb2_3&#8243; _builder_version=\u00bb3.26.4&#8243;][et_pb_text _builder_version=\u00bb3.26.4&#8243;] Postface [&hellip;]","og_url":"https:\/\/tamara-landau.net\/es\/dar-a-luz-dar-vida-dialogos-y-separaciones-durante-el-embarazo\/dar-a-luz-dar-vida-dialogos-y-separaciones-durante-el-embarazo-postface\/","og_site_name":"Tamara Landau","article_modified_time":"2019-10-23T08:06:38+00:00","twitter_card":"summary_large_image","twitter_misc":{"Tiempo de lectura":"4 minutos"},"schema":{"@context":"https:\/\/schema.org","@graph":[{"@type":"WebPage","@id":"https:\/\/tamara-landau.net\/es\/dar-a-luz-dar-vida-dialogos-y-separaciones-durante-el-embarazo\/dar-a-luz-dar-vida-dialogos-y-separaciones-durante-el-embarazo-postface\/","url":"https:\/\/tamara-landau.net\/es\/dar-a-luz-dar-vida-dialogos-y-separaciones-durante-el-embarazo\/dar-a-luz-dar-vida-dialogos-y-separaciones-durante-el-embarazo-postface\/","name":"Dar a luz, dar vida. Di\u00e1logos y separaciones durante el embarazo. Postface | Tamara Landau","isPartOf":{"@id":"https:\/\/tamara-landau.net\/#website"},"datePublished":"2019-10-23T08:04:15+00:00","dateModified":"2019-10-23T08:06:38+00:00","breadcrumb":{"@id":"https:\/\/tamara-landau.net\/es\/dar-a-luz-dar-vida-dialogos-y-separaciones-durante-el-embarazo\/dar-a-luz-dar-vida-dialogos-y-separaciones-durante-el-embarazo-postface\/#breadcrumb"},"inLanguage":"es","potentialAction":[{"@type":"ReadAction","target":["https:\/\/tamara-landau.net\/es\/dar-a-luz-dar-vida-dialogos-y-separaciones-durante-el-embarazo\/dar-a-luz-dar-vida-dialogos-y-separaciones-durante-el-embarazo-postface\/"]}]},{"@type":"BreadcrumbList","@id":"https:\/\/tamara-landau.net\/es\/dar-a-luz-dar-vida-dialogos-y-separaciones-durante-el-embarazo\/dar-a-luz-dar-vida-dialogos-y-separaciones-durante-el-embarazo-postface\/#breadcrumb","itemListElement":[{"@type":"ListItem","position":1,"name":"Accueil","item":"https:\/\/tamara-landau.net\/es\/tamara-landau-psicoanalista-y-escultora\/"},{"@type":"ListItem","position":2,"name":"Dar a luz, dar vida. Di\u00e1logos y separaciones durante el embarazo.","item":"https:\/\/tamara-landau.net\/es\/dar-a-luz-dar-vida-dialogos-y-separaciones-durante-el-embarazo\/"},{"@type":"ListItem","position":3,"name":"Dar a luz, dar vida. Di\u00e1logos y separaciones durante el embarazo. Postface"}]},{"@type":"WebSite","@id":"https:\/\/tamara-landau.net\/#website","url":"https:\/\/tamara-landau.net\/","name":"Tamara Landau","description":"psychanalyste et sculptrice","potentialAction":[{"@type":"SearchAction","target":{"@type":"EntryPoint","urlTemplate":"https:\/\/tamara-landau.net\/?s={search_term_string}"},"query-input":"required name=search_term_string"}],"inLanguage":"es"}]}},"_links":{"self":[{"href":"https:\/\/tamara-landau.net\/es\/wp-json\/wp\/v2\/pages\/1524"}],"collection":[{"href":"https:\/\/tamara-landau.net\/es\/wp-json\/wp\/v2\/pages"}],"about":[{"href":"https:\/\/tamara-landau.net\/es\/wp-json\/wp\/v2\/types\/page"}],"author":[{"embeddable":true,"href":"https:\/\/tamara-landau.net\/es\/wp-json\/wp\/v2\/users\/1"}],"replies":[{"embeddable":true,"href":"https:\/\/tamara-landau.net\/es\/wp-json\/wp\/v2\/comments?post=1524"}],"version-history":[{"count":3,"href":"https:\/\/tamara-landau.net\/es\/wp-json\/wp\/v2\/pages\/1524\/revisions"}],"predecessor-version":[{"id":1528,"href":"https:\/\/tamara-landau.net\/es\/wp-json\/wp\/v2\/pages\/1524\/revisions\/1528"}],"up":[{"embeddable":true,"href":"https:\/\/tamara-landau.net\/es\/wp-json\/wp\/v2\/pages\/1484"}],"wp:attachment":[{"href":"https:\/\/tamara-landau.net\/es\/wp-json\/wp\/v2\/media?parent=1524"}],"curies":[{"name":"wp","href":"https:\/\/api.w.org\/{rel}","templated":true}]}}