{"id":1454,"date":"2019-10-23T05:43:38","date_gmt":"2019-10-23T05:43:38","guid":{"rendered":"https:\/\/tamara-landau.net\/tamara-landau-escultora\/"},"modified":"2019-10-23T05:50:55","modified_gmt":"2019-10-23T05:50:55","slug":"tamara-landau-escultora","status":"publish","type":"page","link":"https:\/\/tamara-landau.net\/es\/tamara-landau-escultora\/","title":{"rendered":"Tamara Landau, Escultora"},"content":{"rendered":"<p>[et_pb_section fb_built=\u00bb1&#8243; fullwidth=\u00bbon\u00bb _builder_version=\u00bb3.26.4&#8243; background_color=\u00bb#fcfaf6&#8243;][et_pb_fullwidth_header title=\u00bbTamara Landau\u00bb subhead=\u00bbSculptrice\u00bb _builder_version=\u00bb3.26.4&#8243; title_font=\u00bb||||||||\u00bb title_text_color=\u00bb#00cccc\u00bb title_font_size=\u00bb25px\u00bb subhead_font=\u00bb||||||||\u00bb subhead_text_color=\u00bb#0068d8&#8243; subhead_font_size=\u00bb24px\u00bb background_color=\u00bb#fbfaf5&#8243; border_color_all=\u00bb#ffffff\u00bb border_color_bottom=\u00bb#00cccc\u00bb border_style_bottom=\u00bbdotted\u00bb background_layout=\u00bblight\u00bb custom_padding=\u00bb25px||6px|||\u00bb][\/et_pb_fullwidth_header][\/et_pb_section][et_pb_section fb_built=\u00bb1&#8243; admin_label=\u00bbsection\u00bb _builder_version=\u00bb3.26.4&#8243; background_color=\u00bb#fcfcfc\u00bb use_background_color_gradient=\u00bbon\u00bb background_color_gradient_start=\u00bb#ffffff\u00bb background_color_gradient_end=\u00bb#efefef\u00bb background_color_gradient_start_position=\u00bb70%\u00bb max_width=\u00bb100%\u00bb custom_padding=\u00bb||35px|||\u00bb][et_pb_row column_structure=\u00bb3_5,2_5&#8243; custom_padding=\u00bb||1px|||\u00bb custom_margin=\u00bb||||false|false\u00bb admin_label=\u00bbrow\u00bb _builder_version=\u00bb3.26.4&#8243; background_color=\u00bbrgba(0,0,0,0)\u00bb collapsed=\u00bboff\u00bb][et_pb_column type=\u00bb3_5&#8243; _builder_version=\u00bb3.25&#8243; custom_padding=\u00bb|||\u00bb custom_padding__hover=\u00bb|||\u00bb][et_pb_text admin_label=\u00bbText\u00bb _builder_version=\u00bb3.26.4&#8243; background_size=\u00bbinitial\u00bb background_position=\u00bbtop_left\u00bb background_repeat=\u00bbrepeat\u00bb]<\/p>\n<p><span style=\"color: rgba(0, 0, 0, 0.568627);\"><strong><span>Tamara Landau, psicoanalista, se convirti\u00f3 en escultora para poder escuchar, pensar y transmitir el sufrimiento oculto e indecible de los pacientes<\/span>.<\/strong><\/span><\/p>\n<p><span>Entre 1994 y 2002, frecuenta el taller de A. Carlinsky, alumna de O. Zadkine, el taller de Voledda y los talleres de la Escuela de Bellas Artes de Par\u00eds. <\/span><\/p>\n<p><span>La escultura en piedra se impone a ella como primera escritura po\u00e9tica de las zonas insondables del inconsciente. Sus obras de alabastro, piedra femenina muy er\u00f3tica y sinuosa llamada \u201c\u00e1gata de senos\u201d en Volterra, a la vez dura y tierna, expresan con fuerza esta ambivalencia originaria.<\/span>.<\/p>\n<p>[\/et_pb_text][\/et_pb_column][et_pb_column type=\u00bb2_5&#8243; _builder_version=\u00bb3.25&#8243; custom_padding=\u00bb|||\u00bb custom_padding__hover=\u00bb|||\u00bb][et_pb_image src=\u00bbhttps:\/\/tamara-landau.net\/wp-content\/uploads\/2019\/10\/tamara-landau-sculptrice.jpg\u00bb _builder_version=\u00bb3.26.4&#8243;][\/et_pb_image][\/et_pb_column][\/et_pb_row][\/et_pb_section][et_pb_section fb_built=\u00bb1&#8243; admin_label=\u00bbsection\u00bb _builder_version=\u00bb3.26.4&#8243; background_color=\u00bb#efefef\u00bb max_width=\u00bb100%\u00bb][et_pb_row column_structure=\u00bb2_5,3_5&#8243; _builder_version=\u00bb3.26.4&#8243; background_color=\u00bbrgba(0,0,0,0)\u00bb collapsed=\u00bboff\u00bb][et_pb_column type=\u00bb2_5&#8243; _builder_version=\u00bb3.26.4&#8243;][et_pb_image src=\u00bbhttps:\/\/tamara-landau.net\/wp-content\/uploads\/2019\/10\/IMG_0797.jpg\u00bb show_in_lightbox=\u00bbon\u00bb _builder_version=\u00bb3.26.4&#8243; custom_margin=\u00bb4px||1px|||\u00bb custom_padding=\u00bb1px||20px||false|false\u00bb][\/et_pb_image][et_pb_image src=\u00bbhttps:\/\/tamara-landau.net\/wp-content\/uploads\/2019\/10\/IMG_0790.jpg\u00bb show_in_lightbox=\u00bbon\u00bb _builder_version=\u00bb3.26.4&#8243; custom_padding=\u00bb20px||80px||false|false\u00bb][\/et_pb_image][et_pb_image src=\u00bbhttps:\/\/tamara-landau.net\/wp-content\/uploads\/2019\/10\/IMG_0783.jpg\u00bb show_in_lightbox=\u00bbon\u00bb _builder_version=\u00bb3.26.4&#8243; custom_margin=\u00bb27px|||||\u00bb custom_padding=\u00bb||80px||false|false\u00bb][\/et_pb_image][et_pb_image src=\u00bbhttps:\/\/tamara-landau.net\/wp-content\/uploads\/2019\/10\/Tamara-Landau-Space-and-dream1.jpg\u00bb show_in_lightbox=\u00bbon\u00bb _builder_version=\u00bb3.26.4&#8243; custom_padding=\u00bb80px||20px||false|false\u00bb][\/et_pb_image][et_pb_image src=\u00bbhttps:\/\/tamara-landau.net\/wp-content\/uploads\/2019\/10\/ArbreRenverseTL_03.jpg\u00bb show_in_lightbox=\u00bbon\u00bb _builder_version=\u00bb3.26.4&#8243; custom_margin=\u00bb||9px|||\u00bb custom_padding=\u00bb80px||20px||false|false\u00bb][\/et_pb_image][et_pb_image src=\u00bbhttps:\/\/tamara-landau.net\/wp-content\/uploads\/2019\/10\/tamara-landau-arbol-invertido-17.jpg\u00bb show_in_lightbox=\u00bbon\u00bb _builder_version=\u00bb3.26.4&#8243; custom_padding=\u00bb10px||80px||false|false\u00bb][\/et_pb_image][\/et_pb_column][et_pb_column type=\u00bb3_5&#8243; _builder_version=\u00bb3.26.4&#8243;][et_pb_text admin_label=\u00bbText\u00bb _builder_version=\u00bb3.26.4&#8243; background_size=\u00bbinitial\u00bb background_position=\u00bbtop_left\u00bb background_repeat=\u00bbrepeat\u00bb]<\/p>\n<p>A partir de 2001, Tamara Landau participa en exposiciones colectivas, \u201cArt in progress\u201d Artship, Par\u00eds, San Francisco y en los talleres de la Escuela de Bellas Artes. M\u00e1s adelante, el intercambio con Jean-Pierre Landau, psicoanalista y pintor, sustentar\u00e1 con sus \u201cpalabras-colores\u201d su elaboraci\u00f3n te\u00f3rica y su escritura.<\/p>\n<p>* En 2004, expone sus esculturas acerca del \u201cni\u00f1o enclavado\u201d en el Mus\u00e9e du Montparnasse, Par\u00eds, en el Palais des Congr\u00e8s en Marsellas, en el Vinatier en Ly\u00f3n.<\/p>\n<p>* En 2005, la exposici\u00f3n en el Espace Beaurepaire en Par\u00eds concluye esta fase centrada en el tormento y en la falla originaria.<\/p>\n<p><strong>Otra reflexi\u00f3n se anuncia, m\u00e1s alegre, sobre el tiempo, el inconsciente y la capacidad de transformaci\u00f3n de los sujetos. La creaci\u00f3n se convierte as\u00ed en instrumento de escucha, de cambio y el \u00fanico medio de relacionarse con el mundo. En adelante, la relaci\u00f3n entre el ser, el tiempo y el deseo quedar\u00e1 figurada de forma l\u00fadica en unas instalaciones que relacionan sue\u00f1os y recuerdos con lo real en un acto po\u00e9tico.<\/strong><\/p>\n<p>En la exposici\u00f3n \u201cL\u2019\u00e9-lu, l\u2019\u00e9-cri et le temps\u201d en 2008 en la galer\u00eda La Blanchisserie, en Boulogne (92), Tamara Landau marca este hito con \u201cBloc-notes magique 1\u201d que sigue sumi\u00e9ndonos en el inconsciente haci\u00e9ndonos sobrevolar, como en una alfombra voladora, el universo de todos los posibles.<\/p>\n<p>* En agosto de 2008, su instalaci\u00f3n \u00ab Space and dream 1 \u00bb se ve seleccionada por el jurado para representar a Francia en OPEN XI, exposici\u00f3n internacional de esculturas e instalaciones en Venecia.<\/p>\n<p>* En octubre de 2008, expone sus esculturas de alabastro en Chiavenna, exposici\u00f3n internacional de esculturas, instalaciones y pinturas.<\/p>\n<p>* En noviembre de 2008, participa con su video y sus instalaciones en la exposici\u00f3n \u00ab Angeli, tracce d&#8217;infinito \u00bb en la Mya Lurgo Gallery en Lugano.<\/p>\n<p>* En febrero de 2009, presenta su instalaci\u00f3n \u201cBloc-notes 2\u201d en Mil\u00e1n, en el Espacio Tadini. En mayo, participa con una video y una performance en la exposici\u00f3n colectiva \u00ab L&#8217;\u00e2me du son \u00bb en relaci\u00f3n con la Bienal de Venecia, organizada por Pardes, laboratorio de investigaci\u00f3n en arte contempor\u00e1neo (Mirano).<\/p>\n<p>* En octubre 2009, ella participa con varias esculturas a la exposici\u00f3n colectiva de Mnemoart \u00e0 Villa Reale a Monza.<\/p>\n<p>* En mayo de 2010, presenta su video \u201cL\u2019Autre sc\u00e8ne. Traces\u201d en el Freud Museum en Londres.<\/p>\n<p>* En octubre de 2010, participa con un tr\u00edptico de alabastro en el d\u00eda de los Museos de Arte Contempor\u00e1neo Italianos con la exposici\u00f3n \u201cEl\u00e9vations et Permutations 2\u201d en Mirano (Venecia) retomada por la RAI2 en el programa \u201cEl para\u00edso del arte\u201d.<\/p>\n<p>* En abril de 2011, expone su instalaci\u00f3n \u201cRescap\u00e9\u201d en una expo colectiva sobre la Shoah en la Soci\u00e9t\u00e9 des Gens de Lettres, en Par\u00eds. En octubre, participa con sus esculturas en la exposici\u00f3n de pinturas y esculturas \u201cArs poetica erotica\u201d en la galer\u00eda Orenda Art International en Par\u00eds.<\/p>\n<p>* En abril de 2012, expone un alabastro, una instalaci\u00f3n y la video \u201cm\u00e8refille toutattach\u00e9\u201d en la exposici\u00f3n colectiva acerca de su libro \u201cLes funambules de l\u2019oubli\u201d en el Institut Hongrois en Par\u00eds.<\/p>\n<p>* En junio de 2012, proyecta sus videos en la librer\u00eda La Terrasse de Gutemberg en Par\u00eds.<\/p>\n<p>* 2013 \u2013 Projecci\u00f3n de vid\u00e9os, Palacio de Congresos de Buenos Aires, Argentine.<\/p>\n<p>* 2013 \u2013 Exposici\u00f3n colectiva MnemoArt, Municipalidad dal XIVe barrio de Paris.<\/p>\n<p>* 2014 \u2013 Projecci\u00f3n de vid\u00e9os a la libreiria-galeria La Terrasse de Gutenberg, Paris.<\/p>\n<p>* 2015 \u2013 Projecci\u00f3n de vid\u00e9os al Institut Fran\u00e7ais de Milan.<\/p>\n<p>* 2015 \u2013 Il gusto delle parole energia per la vita, exposicion con el grupo MnemoArt, Espace Tadini, Milan.<\/p>\n<p>* 2015 \u2013 Projecci\u00f3n de vid\u00e9os a la Alliance Fran\u00e7aise de Buenos Aires.<\/p>\n<p>* 2015 \u2013 Exposici\u00f3n colectiva MnemoArt : BAR, Archivo Central, Roma.<\/p>\n<p>* 2016 &#8211; Exposici\u00f3n colectiva \u00abM\u00e9moire et infini\u00bb a la galerie Utopia a Roma.<\/p>\n<p>* 2016 &#8211; Projecci\u00f3n vid\u00e9o en la exposici\u00f3n \u00abCarnet d\u2019un psychanalyste\u00bb de Jean-Pierre Landau a Roma, DAIStudio.<\/p>\n<p>* 2016 &#8211; Vid\u00e9o-performancia con Jean-Pierre Landau al Archivo Central del Estado a Roma.<\/p>\n<p>* 2016 &#8211; Vid\u00e9o-performancia \u00abLes funambules de l\u2019oubli\u00bb a Roma, DAIstudio.<\/p>\n<p>* 2016 &#8211; Projecci\u00f3n de vid\u00e9os a Palermo, Navarra edizione.<\/p>\n<p>* 2017 &#8211; Projeccion de vid\u00e9os a la Universidad del \u00c9statdo de Bahia (UNEB),a Salvador (Brasil).<\/p>\n<p>[\/et_pb_text][\/et_pb_column][\/et_pb_row][\/et_pb_section]<\/p>\n","protected":false},"excerpt":{"rendered":"<p>[et_pb_section fb_built=\u00bb1&#8243; fullwidth=\u00bbon\u00bb _builder_version=\u00bb3.26.4&#8243; background_color=\u00bb#fcfaf6&#8243;][et_pb_fullwidth_header title=\u00bbTamara Landau\u00bb subhead=\u00bbSculptrice\u00bb _builder_version=\u00bb3.26.4&#8243; title_font=\u00bb||||||||\u00bb title_text_color=\u00bb#00cccc\u00bb title_font_size=\u00bb25px\u00bb subhead_font=\u00bb||||||||\u00bb subhead_text_color=\u00bb#0068d8&#8243; subhead_font_size=\u00bb24px\u00bb background_color=\u00bb#fbfaf5&#8243; border_color_all=\u00bb#ffffff\u00bb border_color_bottom=\u00bb#00cccc\u00bb border_style_bottom=\u00bbdotted\u00bb background_layout=\u00bblight\u00bb custom_padding=\u00bb25px||6px|||\u00bb][\/et_pb_fullwidth_header][\/et_pb_section][et_pb_section fb_built=\u00bb1&#8243; admin_label=\u00bbsection\u00bb _builder_version=\u00bb3.26.4&#8243; background_color=\u00bb#fcfcfc\u00bb use_background_color_gradient=\u00bbon\u00bb background_color_gradient_start=\u00bb#ffffff\u00bb background_color_gradient_end=\u00bb#efefef\u00bb background_color_gradient_start_position=\u00bb70%\u00bb max_width=\u00bb100%\u00bb custom_padding=\u00bb||35px|||\u00bb][et_pb_row column_structure=\u00bb3_5,2_5&#8243; custom_padding=\u00bb||1px|||\u00bb custom_margin=\u00bb||||false|false\u00bb admin_label=\u00bbrow\u00bb _builder_version=\u00bb3.26.4&#8243; background_color=\u00bbrgba(0,0,0,0)\u00bb collapsed=\u00bboff\u00bb][et_pb_column type=\u00bb3_5&#8243; _builder_version=\u00bb3.25&#8243; custom_padding=\u00bb|||\u00bb custom_padding__hover=\u00bb|||\u00bb][et_pb_text admin_label=\u00bbText\u00bb _builder_version=\u00bb3.26.4&#8243; background_size=\u00bbinitial\u00bb background_position=\u00bbtop_left\u00bb background_repeat=\u00bbrepeat\u00bb] Tamara Landau, psicoanalista, se convirti\u00f3 en escultora para [&hellip;]<\/p>\n","protected":false},"author":1,"featured_media":1455,"parent":0,"menu_order":0,"comment_status":"closed","ping_status":"closed","template":"","meta":{"_et_pb_use_builder":"on","_et_pb_old_content":"<!-- wp:paragraph -->\n<p>Tamara Landau, psychanalyste, est devenue sculpteur pour\n\t  pouvoir \u00e9couter, penser et transmettre la souffrance cach\u00e9e\n\t  et indicible des patients. Entre 1994 et 2002, elle\n\t  fr\u00e9quente l'atelier de A.&nbsp;Carlinsky, \u00e9l\u00e8ve de O.&nbsp;Zadkine,\n\t  celui de Voledda et les ateliers des Beaux Arts. La taille\n\t  directe s'impose \u00e0 elle comme premi\u00e8re \u00e9criture po\u00e9tique des\n\t  zones insondables de l'inconscient. Ses oeuvres en alb\u00e2tre,\n\t  pierre f\u00e9minine tr\u00e8s \u00e9rotique et sinueuse nomm\u00e9e \u00ab&nbsp;agathe \u00e0\n\t  seins&nbsp;\u00bb \u00e0 Volterra, \u00e0 la fois dure et tendre, expriment avec\n\t  force cette ambivalence originaire. <\/p>\n<!-- \/wp:paragraph -->\n\n<!-- wp:paragraph -->\n<p>Tamara Landau participe \u00e0 des expositions collectives \u00e0\n\t  partir de 2001, \u00ab&nbsp;Art in progress&nbsp;\u00bb Artship, Paris, St\n\t  Francisco et aux ateliers des Beaux Arts. Par la suite,\n\t  l'\u00e9change avec <a href=\"http:\/\/ww.jplandau.net\">Jean-Pierre\n\t    Landau,  psychanalyste et peintre<\/a>, viendra nourrir\n\t  avec ses \u00ab&nbsp;mots-couleurs&nbsp;\u00bb son \u00e9laboration th\u00e9orique et son\n\t  \u00e9criture.<\/p>\n<!-- \/wp:paragraph -->\n\n<!-- wp:paragraph -->\n<p>* En 2004, elle va exposer ses sculptures autour de\n\t  \u00ab&nbsp;l'enfant enclav\u00e9&nbsp;\u00bb au Mus\u00e9e du Montparnasse, Paris, au\n\t  Palais des Congr\u00e8s \u00e0 Marseille, au Vinatier \u00e0 Lyon. <\/p>\n<!-- \/wp:paragraph -->\n\n<!-- wp:paragraph -->\n<p>* En 2005, l'exposition \u00e0 l'Espace Beaurepaire  \u00e0 Paris viendra clore\n\t  cette phase riv\u00e9e sur le tourment et la faille\n\t  originaire. \n\t  Une autre r\u00e9flexion s'annonce, plus joyeuse, sur\n\t  le temps, l'inconscient et la capacit\u00e9 de transformation des\n\t  sujets. La cr\u00e9ation devient ainsi \u00e0 la fois outil d'\u00e9coute,\n\t  de changement et le seul moyen d'\u00eatre en relation avec le\n\t  monde. Le rapport entre l'\u00eatre, le temps et le d\u00e9sir est\n\t  d\u00e9sormais figur\u00e9 de fa\u00e7on ludique dans des installations qui\n\t  relient r\u00eave et souvenirs au r\u00e9el dans un acte\n\t  po\u00e9tique. Dans l'exposition \u00ab&nbsp;L'\u00e9-lu, l'\u00e9-cri et le temps&nbsp;\u00bb\n\t  en 2008 \u00e0 la galerie La Blanchisserie, \u00e0 Boulogne(92),\n\t  Tamara Landau marque ce tournant avec \u00ab&nbsp;Bloc-notes magique\n\t  1&nbsp;\u00bb qui va continuer \u00e0 nous plonger dans l'inconscient en\n\t  nous faisant survoler, comme un tapis magique, l'univers de\n\t  tous les possibles. \n\t  <\/p>\n<!-- \/wp:paragraph -->\n\n<!-- wp:paragraph -->\n<p>* En ao\u00fbt 2008, son installation \u00ab&nbsp;Space and dream 1&nbsp;\u00bb est <a href=\"http:\/\/www.artecommunications.com\/index.en.php\/component\/content\/article\/388-francia-tamara-landau-jean-pierre-landau-bruno-contensou\">s\u00e9lectionn\u00e9e par le jury<\/a> pour repr\u00e9senter la France \u00e0 <a href=\"http:\/\/www.artecommunications.com\/index.php\/open?lang=en#catid34\">OPEN XI<\/a>, exposition internationale de sculptures et installations \u00e0 Venise. <\/p>\n<!-- \/wp:paragraph -->\n\n<!-- wp:paragraph -->\n<p>* En octobre 2008, elle expose ses sculptures en alb\u00e2tres \u00e0 Chiavenna, <a href=\"http:\/\/www.exibart.com\/profilo\/eventiV2.asp?idelemento=60858\">exposition internationale de sculptures, installations et peintures<\/a>. <\/p>\n<!-- \/wp:paragraph -->\n\n<!-- wp:paragraph -->\n<p>* En novembre 2008, elle participe avec sa video et ses installations \u00e0 l'exposition <a href=\"http:\/\/www.exibart.com\/profilo\/eventiV2.asp?idelemento=62963\">\u00ab&nbsp;Angeli, tracce d'infinito&nbsp;\u00bb<\/a> \u00e0 la Mya Lurgo Gallery \u00e0 Lugano. <\/p>\n<!-- \/wp:paragraph -->\n\n<!-- wp:paragraph -->\n<p>* En f\u00e9vrier 2009, elle pr\u00e9sente son installation \u00ab&nbsp;Bloc-notes 2&nbsp;\u00bb\n \u00e0 Milan, \u00e0 l'Espace Tadini. En mai,elle participe avec une vid\u00e9o et une\n performance \u00e0 l'exposition collective <a href=\"http:\/\/www.exibart.com\/profilo\/eventiV2.asp?idelemento=71929\">\u00ab&nbsp;L'\u00e2me du son&nbsp;\u00bb<\/a> reli\u00e9e \u00e0 la Biennale de Venise, organis\u00e9e par Pardes, laboratoire de recherche en art contemporain (Mirano). <\/p>\n<!-- \/wp:paragraph -->\n\n<!-- wp:paragraph -->\n<p>* En octobre 2009, elle participe avec des sculptures \u00e0 l\u2019expo collective de Mnemoart \u00e0 Villa Reale \u00e0 Monza. <\/p>\n<!-- \/wp:paragraph -->\n\n<!-- wp:paragraph -->\n<p>* En mai 2010, elle pr\u00e9sente  sa video \u00ab&nbsp;L'Autre sc\u00e8ne. Traces&nbsp;\u00bb au Freud Museum \u00e0 Londres. <\/p>\n<!-- \/wp:paragraph -->\n\n<!-- wp:paragraph -->\n<p>* En octobre 2010,  elle participe avec un triptyque en alb\u00e2tre \u00e0 \nla journ\u00e9e des Mus\u00e9es d'Art Contemporain Italiens avec l'exposition \n\u00ab&nbsp;El\u00e9vations et Permutations\u00bb2 \u00e0 Mirano (Venise)reprise par RAI2&nbsp;dans \nl'\u00e9mission \u00ab&nbsp;Le paradis de l'art&nbsp;\u00bb. <\/p>\n<!-- \/wp:paragraph -->\n\n<!-- wp:paragraph -->\n<p>* En avril 2011, elle expose son installation \u00abRescap\u00e9\u00bb dans une \nexpo collective sur la Shoah \u00e0 la Soci\u00e9t\u00e9 des Gens et des Lettres, \u00e0 \nParis. En octobre, elle participe avec ses sculptures \u00e0 l'exposition de \npeintures et de sculptures \u00ab&nbsp;Ars poetica erotica&nbsp;\u00bb \u00e0 la galerie Orenda  \n Art International \u00e0 Paris.<\/p>\n<!-- \/wp:paragraph -->\n\n<!-- wp:paragraph -->\n<p>* En avril 2012 elle expose un alb\u00e2tre, une grande installation et\n la video \"m\u00e8refille toutattach\u00e9\" \u00e0 l'exposition collective autour de \nson livre \"Les funambules de l'oubli\" qui a eu lieu \u00e0 L'institut \nHongrois \u00e0 Paris. <\/p>\n<!-- \/wp:paragraph -->\n\n<!-- wp:paragraph -->\n<p>* En juin 2012, elle a projet\u00e9  ses  video \u00e0 la librairie  La terrasse de Gutenberg  \u00e0 Paris.<\/p>\n<!-- \/wp:paragraph -->\n\n<!-- wp:paragraph -->\n<p>* 2013 \u2013 Projection de vid\u00e9os, palais de congr\u00e8s de Buenos Aires, Argentine<\/p>\n<!-- \/wp:paragraph -->\n\n<!-- wp:paragraph -->\n<p>* 2013 \u2013 Exposition collective MnemoArt, Mairie du XIVe arrondissement de Paris<\/p>\n<!-- \/wp:paragraph -->\n\n<!-- wp:paragraph -->\n<p>* 2014 \u2013 Projection de vid\u00e9os \u00e0 la librairie-galerie La Terrasse de Gutenberg, Paris<\/p>\n<!-- \/wp:paragraph -->\n\n<!-- wp:paragraph -->\n<p>* 2015 \u2013 Projection de vid\u00e9os \u00e0 l\u2019Institut Fran\u00e7ais de Milan<\/p>\n<!-- \/wp:paragraph -->\n\n<!-- wp:paragraph -->\n<p>* 2015 Projection vid\u00e9o dans l\u2019exposition \"Jean-Pierre Landau ou l\u2019\u00e9coute \u00e0 l\u2019oeuvre\" Spazio Tadini Milano.<\/p>\n<!-- \/wp:paragraph -->\n\n<!-- wp:paragraph -->\n<p>* <a href=\"http:\/\/spaziotadini.com\/2015\/05\/30\/mostre-milano-fuori-expo-2015-il-gusto-delle-parole-energia-per-la-vita\/\" target=\"_blank\" rel=\"noreferrer noopener\">2015 \u2013 <em>Il gusto delle parole energia per la vita<\/em>, exposition avec le groupe MnemoArt, Espace Tadini, Milan<\/a><\/p>\n<!-- \/wp:paragraph -->\n\n<!-- wp:paragraph -->\n<p>* 2015 \u2013 Projection de vid\u00e9os \u00e0 l\u2019Alliance Fran\u00e7aise de Buenos Aires<\/p>\n<!-- \/wp:paragraph -->\n\n<!-- wp:paragraph -->\n<p>* 2015 \u2013 Exposition collective MnemoArt : <em><a href=\"http:\/\/www.mnemoart.org\/pdf-doc\/2015_cat_rome.pdf\" target=\"_blank\" rel=\"noreferrer noopener\">BAR<\/a><\/em>, Archive Centrale, Rome<\/p>\n<!-- \/wp:paragraph -->\n\n<!-- wp:paragraph -->\n<p>* 2016 Exposition collective  \"M\u00e9moire et infini\" \u00e0 la galerie Utopia \u00e0 Rome.<\/p>\n<!-- \/wp:paragraph -->\n\n<!-- wp:paragraph -->\n<p>* 2016 Projection vid\u00e9o dans exposition \"Carnet d\u2019un psychanalyste\" de Jean-Pierre Landau \u00e0 Rome, DAIStudio.<\/p>\n<!-- \/wp:paragraph -->\n\n<!-- wp:paragraph -->\n<p>* 2016 Vid\u00e9o-performance avec Jean-Pierre Landau \u00e0 l\u2019Archive Centrale d\u2019\u00c9tat \u00e0 Rome.<\/p>\n<!-- \/wp:paragraph -->\n\n<!-- wp:paragraph -->\n<p>* 2016 Vid\u00e9o-performance \"Les funambules de l\u2019oubli\" \u00e0 Rome, DAIstudio. <\/p>\n<!-- \/wp:paragraph -->\n\n<!-- wp:paragraph -->\n<p>* 2016 Projection des vid\u00e9os \u00e0 Palerme, Navarra edizione.<\/p>\n<!-- \/wp:paragraph -->\n\n<!-- wp:paragraph -->\n<p>* 2017 Projection des vid\u00e9os \u00e0 l'Universit\u00e9 de l'\u00c9tat de Bahia (UNEB), \u00e0 Salvador (Bresil).<\/p>\n<!-- \/wp:paragraph -->\n\n<!-- wp:paragraph -->\n<p>Anna Caterina Bellati, commissaire d'expositions et \u00e9diteur,<a href=\"http:\/\/www.bellatieditore.com\">edizione BELLATI<\/a>.<\/p>\n<!-- \/wp:paragraph -->","_et_gb_content_width":""},"yoast_head":"<!-- This site is optimized with the Yoast SEO plugin v20.3 - https:\/\/yoast.com\/wordpress\/plugins\/seo\/ -->\n<title>Tamara Landau, Escultora | Tamara Landau<\/title>\n<meta name=\"robots\" content=\"index, follow, max-snippet:-1, max-image-preview:large, max-video-preview:-1\" \/>\n<link rel=\"canonical\" href=\"https:\/\/tamara-landau.net\/es\/tamara-landau-escultora\/\" \/>\n<meta property=\"og:locale\" content=\"es_ES\" \/>\n<meta property=\"og:type\" content=\"article\" \/>\n<meta property=\"og:title\" content=\"Tamara Landau, Escultora | Tamara Landau\" \/>\n<meta property=\"og:description\" content=\"[et_pb_section fb_built=\u00bb1&#8243; fullwidth=\u00bbon\u00bb _builder_version=\u00bb3.26.4&#8243; background_color=\u00bb#fcfaf6&#8243;][et_pb_fullwidth_header title=\u00bbTamara Landau\u00bb subhead=\u00bbSculptrice\u00bb _builder_version=\u00bb3.26.4&#8243; title_font=\u00bb||||||||\u00bb title_text_color=\u00bb#00cccc\u00bb title_font_size=\u00bb25px\u00bb subhead_font=\u00bb||||||||\u00bb subhead_text_color=\u00bb#0068d8&#8243; subhead_font_size=\u00bb24px\u00bb background_color=\u00bb#fbfaf5&#8243; border_color_all=\u00bb#ffffff\u00bb border_color_bottom=\u00bb#00cccc\u00bb border_style_bottom=\u00bbdotted\u00bb background_layout=\u00bblight\u00bb custom_padding=\u00bb25px||6px|||\u00bb][\/et_pb_fullwidth_header][\/et_pb_section][et_pb_section fb_built=\u00bb1&#8243; admin_label=\u00bbsection\u00bb _builder_version=\u00bb3.26.4&#8243; background_color=\u00bb#fcfcfc\u00bb use_background_color_gradient=\u00bbon\u00bb background_color_gradient_start=\u00bb#ffffff\u00bb background_color_gradient_end=\u00bb#efefef\u00bb background_color_gradient_start_position=\u00bb70%\u00bb max_width=\u00bb100%\u00bb custom_padding=\u00bb||35px|||\u00bb][et_pb_row column_structure=\u00bb3_5,2_5&#8243; custom_padding=\u00bb||1px|||\u00bb custom_margin=\u00bb||||false|false\u00bb admin_label=\u00bbrow\u00bb _builder_version=\u00bb3.26.4&#8243; background_color=\u00bbrgba(0,0,0,0)\u00bb collapsed=\u00bboff\u00bb][et_pb_column type=\u00bb3_5&#8243; _builder_version=\u00bb3.25&#8243; custom_padding=\u00bb|||\u00bb custom_padding__hover=\u00bb|||\u00bb][et_pb_text admin_label=\u00bbText\u00bb _builder_version=\u00bb3.26.4&#8243; background_size=\u00bbinitial\u00bb background_position=\u00bbtop_left\u00bb background_repeat=\u00bbrepeat\u00bb] Tamara Landau, psicoanalista, se convirti\u00f3 en escultora para [&hellip;]\" \/>\n<meta property=\"og:url\" content=\"https:\/\/tamara-landau.net\/es\/tamara-landau-escultora\/\" \/>\n<meta property=\"og:site_name\" content=\"Tamara Landau\" \/>\n<meta property=\"article:modified_time\" content=\"2019-10-23T05:50:55+00:00\" \/>\n<meta property=\"og:image\" content=\"https:\/\/tamara-landau.net\/wp-content\/uploads\/2019\/10\/IMG_0797.jpg\" \/>\n\t<meta property=\"og:image:width\" content=\"1000\" \/>\n\t<meta property=\"og:image:height\" content=\"667\" \/>\n\t<meta property=\"og:image:type\" content=\"image\/jpeg\" \/>\n<meta name=\"twitter:card\" content=\"summary_large_image\" \/>\n<meta name=\"twitter:label1\" content=\"Tiempo de lectura\" \/>\n\t<meta name=\"twitter:data1\" content=\"6 minutos\" \/>\n<script type=\"application\/ld+json\" class=\"yoast-schema-graph\">{\"@context\":\"https:\/\/schema.org\",\"@graph\":[{\"@type\":\"WebPage\",\"@id\":\"https:\/\/tamara-landau.net\/es\/tamara-landau-escultora\/\",\"url\":\"https:\/\/tamara-landau.net\/es\/tamara-landau-escultora\/\",\"name\":\"Tamara Landau, Escultora | Tamara Landau\",\"isPartOf\":{\"@id\":\"https:\/\/tamara-landau.net\/#website\"},\"datePublished\":\"2019-10-23T05:43:38+00:00\",\"dateModified\":\"2019-10-23T05:50:55+00:00\",\"breadcrumb\":{\"@id\":\"https:\/\/tamara-landau.net\/es\/tamara-landau-escultora\/#breadcrumb\"},\"inLanguage\":\"es\",\"potentialAction\":[{\"@type\":\"ReadAction\",\"target\":[\"https:\/\/tamara-landau.net\/es\/tamara-landau-escultora\/\"]}]},{\"@type\":\"BreadcrumbList\",\"@id\":\"https:\/\/tamara-landau.net\/es\/tamara-landau-escultora\/#breadcrumb\",\"itemListElement\":[{\"@type\":\"ListItem\",\"position\":1,\"name\":\"Accueil\",\"item\":\"https:\/\/tamara-landau.net\/es\/tamara-landau-psicoanalista-y-escultora\/\"},{\"@type\":\"ListItem\",\"position\":2,\"name\":\"Tamara Landau, Escultora\"}]},{\"@type\":\"WebSite\",\"@id\":\"https:\/\/tamara-landau.net\/#website\",\"url\":\"https:\/\/tamara-landau.net\/\",\"name\":\"Tamara Landau\",\"description\":\"psychanalyste et sculptrice\",\"potentialAction\":[{\"@type\":\"SearchAction\",\"target\":{\"@type\":\"EntryPoint\",\"urlTemplate\":\"https:\/\/tamara-landau.net\/?s={search_term_string}\"},\"query-input\":\"required name=search_term_string\"}],\"inLanguage\":\"es\"}]}<\/script>\n<!-- \/ Yoast SEO plugin. -->","yoast_head_json":{"title":"Tamara Landau, Escultora | Tamara Landau","robots":{"index":"index","follow":"follow","max-snippet":"max-snippet:-1","max-image-preview":"max-image-preview:large","max-video-preview":"max-video-preview:-1"},"canonical":"https:\/\/tamara-landau.net\/es\/tamara-landau-escultora\/","og_locale":"es_ES","og_type":"article","og_title":"Tamara Landau, Escultora | Tamara Landau","og_description":"[et_pb_section fb_built=\u00bb1&#8243; fullwidth=\u00bbon\u00bb _builder_version=\u00bb3.26.4&#8243; background_color=\u00bb#fcfaf6&#8243;][et_pb_fullwidth_header title=\u00bbTamara Landau\u00bb subhead=\u00bbSculptrice\u00bb _builder_version=\u00bb3.26.4&#8243; title_font=\u00bb||||||||\u00bb title_text_color=\u00bb#00cccc\u00bb title_font_size=\u00bb25px\u00bb subhead_font=\u00bb||||||||\u00bb subhead_text_color=\u00bb#0068d8&#8243; subhead_font_size=\u00bb24px\u00bb background_color=\u00bb#fbfaf5&#8243; border_color_all=\u00bb#ffffff\u00bb border_color_bottom=\u00bb#00cccc\u00bb border_style_bottom=\u00bbdotted\u00bb background_layout=\u00bblight\u00bb custom_padding=\u00bb25px||6px|||\u00bb][\/et_pb_fullwidth_header][\/et_pb_section][et_pb_section fb_built=\u00bb1&#8243; admin_label=\u00bbsection\u00bb _builder_version=\u00bb3.26.4&#8243; background_color=\u00bb#fcfcfc\u00bb use_background_color_gradient=\u00bbon\u00bb background_color_gradient_start=\u00bb#ffffff\u00bb background_color_gradient_end=\u00bb#efefef\u00bb background_color_gradient_start_position=\u00bb70%\u00bb max_width=\u00bb100%\u00bb custom_padding=\u00bb||35px|||\u00bb][et_pb_row column_structure=\u00bb3_5,2_5&#8243; custom_padding=\u00bb||1px|||\u00bb custom_margin=\u00bb||||false|false\u00bb admin_label=\u00bbrow\u00bb _builder_version=\u00bb3.26.4&#8243; background_color=\u00bbrgba(0,0,0,0)\u00bb collapsed=\u00bboff\u00bb][et_pb_column type=\u00bb3_5&#8243; _builder_version=\u00bb3.25&#8243; custom_padding=\u00bb|||\u00bb custom_padding__hover=\u00bb|||\u00bb][et_pb_text admin_label=\u00bbText\u00bb _builder_version=\u00bb3.26.4&#8243; background_size=\u00bbinitial\u00bb background_position=\u00bbtop_left\u00bb background_repeat=\u00bbrepeat\u00bb] Tamara Landau, psicoanalista, se convirti\u00f3 en escultora para [&hellip;]","og_url":"https:\/\/tamara-landau.net\/es\/tamara-landau-escultora\/","og_site_name":"Tamara Landau","article_modified_time":"2019-10-23T05:50:55+00:00","og_image":[{"width":1000,"height":667,"url":"https:\/\/tamara-landau.net\/wp-content\/uploads\/2019\/10\/IMG_0797.jpg","type":"image\/jpeg"}],"twitter_card":"summary_large_image","twitter_misc":{"Tiempo de lectura":"6 minutos"},"schema":{"@context":"https:\/\/schema.org","@graph":[{"@type":"WebPage","@id":"https:\/\/tamara-landau.net\/es\/tamara-landau-escultora\/","url":"https:\/\/tamara-landau.net\/es\/tamara-landau-escultora\/","name":"Tamara Landau, Escultora | Tamara Landau","isPartOf":{"@id":"https:\/\/tamara-landau.net\/#website"},"datePublished":"2019-10-23T05:43:38+00:00","dateModified":"2019-10-23T05:50:55+00:00","breadcrumb":{"@id":"https:\/\/tamara-landau.net\/es\/tamara-landau-escultora\/#breadcrumb"},"inLanguage":"es","potentialAction":[{"@type":"ReadAction","target":["https:\/\/tamara-landau.net\/es\/tamara-landau-escultora\/"]}]},{"@type":"BreadcrumbList","@id":"https:\/\/tamara-landau.net\/es\/tamara-landau-escultora\/#breadcrumb","itemListElement":[{"@type":"ListItem","position":1,"name":"Accueil","item":"https:\/\/tamara-landau.net\/es\/tamara-landau-psicoanalista-y-escultora\/"},{"@type":"ListItem","position":2,"name":"Tamara Landau, Escultora"}]},{"@type":"WebSite","@id":"https:\/\/tamara-landau.net\/#website","url":"https:\/\/tamara-landau.net\/","name":"Tamara Landau","description":"psychanalyste et sculptrice","potentialAction":[{"@type":"SearchAction","target":{"@type":"EntryPoint","urlTemplate":"https:\/\/tamara-landau.net\/?s={search_term_string}"},"query-input":"required name=search_term_string"}],"inLanguage":"es"}]}},"_links":{"self":[{"href":"https:\/\/tamara-landau.net\/es\/wp-json\/wp\/v2\/pages\/1454"}],"collection":[{"href":"https:\/\/tamara-landau.net\/es\/wp-json\/wp\/v2\/pages"}],"about":[{"href":"https:\/\/tamara-landau.net\/es\/wp-json\/wp\/v2\/types\/page"}],"author":[{"embeddable":true,"href":"https:\/\/tamara-landau.net\/es\/wp-json\/wp\/v2\/users\/1"}],"replies":[{"embeddable":true,"href":"https:\/\/tamara-landau.net\/es\/wp-json\/wp\/v2\/comments?post=1454"}],"version-history":[{"count":2,"href":"https:\/\/tamara-landau.net\/es\/wp-json\/wp\/v2\/pages\/1454\/revisions"}],"predecessor-version":[{"id":1458,"href":"https:\/\/tamara-landau.net\/es\/wp-json\/wp\/v2\/pages\/1454\/revisions\/1458"}],"wp:featuredmedia":[{"embeddable":true,"href":"https:\/\/tamara-landau.net\/es\/wp-json\/wp\/v2\/media\/1455"}],"wp:attachment":[{"href":"https:\/\/tamara-landau.net\/es\/wp-json\/wp\/v2\/media?parent=1454"}],"curies":[{"name":"wp","href":"https:\/\/api.w.org\/{rel}","templated":true}]}}