{"id":2576,"date":"2019-11-23T19:56:19","date_gmt":"2019-11-23T19:56:19","guid":{"rendered":"https:\/\/tamara-landau.net\/news-2016\/"},"modified":"2019-12-13T12:22:51","modified_gmt":"2019-12-13T12:22:51","slug":"news-2016","status":"publish","type":"page","link":"https:\/\/tamara-landau.net\/en\/news-2016\/","title":{"rendered":"News 2016"},"content":{"rendered":"<p>[et_pb_section fb_built=&#8221;1&#8243; fullwidth=&#8221;on&#8221; _builder_version=&#8221;3.26.4&#8243; background_color=&#8221;#fcfaf6&#8243;][et_pb_fullwidth_header title=&#8221;Tamara Landau&#8221; subhead=&#8221;News 2016&#8243; _builder_version=&#8221;3.26.4&#8243; title_font=&#8221;||||||||&#8221; title_text_color=&#8221;#00cccc&#8221; title_font_size=&#8221;25px&#8221; subhead_font=&#8221;||||||||&#8221; subhead_text_color=&#8221;#0068d8&#8243; subhead_font_size=&#8221;24px&#8221; background_color=&#8221;#fbfaf5&#8243; border_color_all=&#8221;#ffffff&#8221; border_color_bottom=&#8221;#00cccc&#8221; border_style_bottom=&#8221;dotted&#8221; background_layout=&#8221;light&#8221; custom_padding=&#8221;25px||6px|||&#8221;][\/et_pb_fullwidth_header][\/et_pb_section][et_pb_section fb_built=&#8221;1&#8243; fullwidth=&#8221;on&#8221; _builder_version=&#8221;3.26.4&#8243; background_color=&#8221;#ffffff&#8221; border_width_bottom=&#8221;1px&#8221; border_color_bottom=&#8221;#d7f9ee&#8221; custom_padding=&#8221;5px||16px|||&#8221; locked=&#8221;off&#8221;][et_pb_fullwidth_menu menu_id=&#8221;36&#8243; active_link_color=&#8221;#0068d8&#8243; dropdown_menu_text_color=&#8221;#0068d8&#8243; _builder_version=&#8221;3.26.4&#8243; background_color=&#8221;rgba(0,0,0,0)&#8221; border_color_bottom=&#8221;#d7f9ee&#8221; custom_margin=&#8221;||-10px|||&#8221;][\/et_pb_fullwidth_menu][\/et_pb_section][et_pb_section fb_built=&#8221;1&#8243; _builder_version=&#8221;3.26.4&#8243; border_width_bottom=&#8221;1px&#8221; border_color_bottom=&#8221;#d7f9ee&#8221; box_shadow_style=&#8221;preset3&#8243; box_shadow_color=&#8221;#d7f9ee&#8221; custom_padding=&#8221;40px||16px|||&#8221; locked=&#8221;off&#8221;][et_pb_row column_structure=&#8221;2_3,1_3&#8243; custom_padding=&#8221;3px||8px|||&#8221; custom_margin=&#8221;|auto|-6px|50px||&#8221; _builder_version=&#8221;3.26.4&#8243; min_height=&#8221;179px&#8221;][et_pb_column type=&#8221;2_3&#8243; _builder_version=&#8221;3.26.4&#8243;][et_pb_text _builder_version=&#8221;3.26.4&#8243; text_font=&#8221;|||on|||||&#8221; text_text_color=&#8221;#00cccc&#8221; text_font_size=&#8221;18px&#8221;]<\/p>\n<p><span class=\"tlid-translation translation\" lang=\"en\"><span class=\"\" title=\"\">Wednesday, 30 November, 2016<\/span><\/span><\/p>\n<p>[\/et_pb_text][et_pb_text _builder_version=&#8221;3.26.4&#8243;]<\/p>\n<h2 class=\"entry-titre\">Article, Journal Addenda, Buenos Aires<\/h2>\n<p>[\/et_pb_text][et_pb_text _builder_version=&#8221;3.26.4&#8243;]Tamara Landau\u2019s article <strong>\u201cThe Prenatal Genesis of Anorexia and Bulimia\u201d<\/strong> is featured in the Argentinian psychoanalytical journal Addenda, published by Ricardo Vergara in Buenos Aires.[\/et_pb_text][et_pb_text _builder_version=&#8221;3.26.4&#8243; background_color=&#8221;rgba(0,0,0,0)&#8221; border_width_top=&#8221;1px&#8221; border_color_top=&#8221;#d7f9ee&#8221; custom_padding=&#8221;10px|10px|5px|10px|false|true&#8221;]<\/p>\n<p><strong>Addenda Psicoan\u00e1lisis &amp; Cultura<\/strong>, Buenos Aires<br \/> Dossier Anorexia y Bulimia Tamara Landau<br \/> <strong>Ediciones Ricardo Vergara<\/strong><\/p>\n<p>[\/et_pb_text][\/et_pb_column][et_pb_column type=&#8221;1_3&#8243; _builder_version=&#8221;3.26.4&#8243;][et_pb_image src=&#8221;https:\/\/tamara-landau.net\/wp-content\/uploads\/2019\/11\/addenda_2016.jpg&#8221; show_in_lightbox=&#8221;on&#8221; _builder_version=&#8221;3.26.4&#8243;][\/et_pb_image][\/et_pb_column][\/et_pb_row][\/et_pb_section][et_pb_section fb_built=&#8221;1&#8243; _builder_version=&#8221;3.26.4&#8243; border_width_bottom=&#8221;1px&#8221; border_color_bottom=&#8221;#d7f9ee&#8221; box_shadow_style=&#8221;preset3&#8243; box_shadow_color=&#8221;#d7f9ee&#8221; custom_padding=&#8221;40px||16px|||&#8221; locked=&#8221;off&#8221;][et_pb_row column_structure=&#8221;2_3,1_3&#8243; custom_padding=&#8221;3px||8px|||&#8221; custom_margin=&#8221;|auto|-6px|50px||&#8221; _builder_version=&#8221;3.26.4&#8243; min_height=&#8221;179px&#8221;][et_pb_column type=&#8221;2_3&#8243; _builder_version=&#8221;3.26.4&#8243;][et_pb_text _builder_version=&#8221;3.26.4&#8243; text_font=&#8221;|||on|||||&#8221; text_text_color=&#8221;#00cccc&#8221; text_font_size=&#8221;18px&#8221;]<\/p>\n<p><span class=\"tlid-translation translation\" lang=\"en\"><span class=\"\" title=\"\">Saturday, 22 October, 2016<\/span><\/span><\/p>\n<p>[\/et_pb_text][et_pb_text _builder_version=&#8221;3.26.4&#8243;]<\/p>\n<h2 class=\"entry-titre\">Conference &#8211; University of Pistoia, Italy<\/h2>\n<p>[\/et_pb_text][et_pb_text _builder_version=&#8221;3.26.4&#8243;]<strong>Luciana La Stella<\/strong>, president of O.P.I.F.E.R. (an organisation of Italian psychoanalysts) invites Tamara Landau to screen her videos during the conference <strong>&#8220;Word, Symbol and Narration between Psychoanalysis and Neurosciences&#8221;<\/strong> at the University of Pistoia.[\/et_pb_text][\/et_pb_column][et_pb_column type=&#8221;1_3&#8243; _builder_version=&#8221;3.26.4&#8243;][et_pb_text _builder_version=&#8221;3.26.4&#8243; background_color=&#8221;rgba(0,0,0,0)&#8221; border_width_top=&#8221;1px&#8221; border_color_top=&#8221;#d7f9ee&#8221; custom_padding=&#8221;10px|10px|5px|10px|false|true&#8221;]<\/p>\n<p><strong>OPIFER<\/strong>, Organizzazione di Psicoanalisti Italiani.<br \/><a href=\"https:\/\/opiferpsicoanalisti.org\/\">https:\/\/opiferpsicoanalisti.org\/<\/a><\/p>\n<p>[\/et_pb_text][\/et_pb_column][\/et_pb_row][\/et_pb_section][et_pb_section fb_built=&#8221;1&#8243; _builder_version=&#8221;3.26.4&#8243; border_width_bottom=&#8221;1px&#8221; border_color_bottom=&#8221;#d7f9ee&#8221; box_shadow_style=&#8221;preset3&#8243; box_shadow_color=&#8221;#d7f9ee&#8221; custom_padding=&#8221;40px||16px|||&#8221; locked=&#8221;off&#8221;][et_pb_row column_structure=&#8221;2_3,1_3&#8243; custom_padding=&#8221;3px||8px|||&#8221; custom_margin=&#8221;|auto|-6px|50px||&#8221; _builder_version=&#8221;3.26.4&#8243; min_height=&#8221;179px&#8221;][et_pb_column type=&#8221;2_3&#8243; _builder_version=&#8221;3.26.4&#8243;][et_pb_text _builder_version=&#8221;3.26.4&#8243; text_font=&#8221;|||on|||||&#8221; text_text_color=&#8221;#00cccc&#8221; text_font_size=&#8221;18px&#8221;]<\/p>\n<p><span class=\"tlid-translation translation\" lang=\"en\"><span class=\"\" title=\"\">Saturday, 15 October, 2016<\/span><\/span><\/p>\n<p>[\/et_pb_text][et_pb_text _builder_version=&#8221;3.26.4&#8243;]<\/p>\n<h2 class=\"entry-titre\">&#8220;I trantatr\u00e9 nomi di Dio&#8221; Centro Antinoo \u2013 Yourcenar, Rome<\/h2>\n<p>[\/et_pb_text][et_pb_text _builder_version=&#8221;3.26.4&#8243;]Laura Monachesi, president, and Roberta Filippi, artistic director of the International Centre Antinoo\/ Marguerite Yourcenar invites Tamara Landau among the 33 artists who illustrated with original works the last book by Marguerite Yourcenar <strong>&#8220;The 33 Names of God&#8221;<\/strong>.<br \/>\nOn 15 October, for the 12th National Day of Contemporary Art, the Antinoo-Marguerite Yourcenar Art Centre presents the book at Spazio Daistudio in viale Trastevere 143, Rome.[\/et_pb_text][\/et_pb_column][et_pb_column type=&#8221;1_3&#8243; _builder_version=&#8221;3.26.4&#8243;][et_pb_text _builder_version=&#8221;3.26.4&#8243; background_color=&#8221;rgba(0,0,0,0)&#8221; border_width_top=&#8221;1px&#8221; border_color_top=&#8221;#d7f9ee&#8221; custom_padding=&#8221;10px|10px|5px|10px|false|true&#8221;]Antinoo-Marguerite Yourcenar Art Centre<br \/>\n<a href=\"https:\/\/www.centroantinoo-yourcenar.it\/2016\/10\/12\/sabato-15-ottobre-roma-la-presentazione-de-33-nomi-dio\/\">https:\/\/www.centroantinoo-yourcenar.it<\/a>[\/et_pb_text][et_pb_image src=&#8221;https:\/\/tamara-landau.net\/wp-content\/uploads\/2019\/11\/yourcenar-33-nomi-dio.jpg&#8221; show_in_lightbox=&#8221;on&#8221; _builder_version=&#8221;3.26.4&#8243;][\/et_pb_image][\/et_pb_column][\/et_pb_row][\/et_pb_section][et_pb_section fb_built=&#8221;1&#8243; _builder_version=&#8221;3.26.4&#8243; border_width_bottom=&#8221;1px&#8221; border_color_bottom=&#8221;#d7f9ee&#8221; box_shadow_style=&#8221;preset3&#8243; box_shadow_color=&#8221;#d7f9ee&#8221; custom_padding=&#8221;40px||16px|||&#8221; locked=&#8221;off&#8221;][et_pb_row column_structure=&#8221;2_3,1_3&#8243; custom_padding=&#8221;3px||8px|||&#8221; custom_margin=&#8221;|auto|-6px|50px||&#8221; _builder_version=&#8221;3.26.4&#8243; min_height=&#8221;179px&#8221;][et_pb_column type=&#8221;2_3&#8243; _builder_version=&#8221;3.26.4&#8243;][et_pb_text _builder_version=&#8221;3.26.4&#8243; text_font=&#8221;|||on|||||&#8221; text_text_color=&#8221;#00cccc&#8221; text_font_size=&#8221;18px&#8221;]<\/p>\n<p><span class=\"tlid-translation translation\" lang=\"en\"><span class=\"\" title=\"\">Thursday, 9 June, 2016<\/span><\/span><\/p>\n<p>[\/et_pb_text][et_pb_text _builder_version=&#8221;3.26.4&#8243;]<\/p>\n<h2 class=\"entry-titre\">Palermo Book Fair &#8220;Una marina di libri&#8221;<\/h2>\n<p>[\/et_pb_text][et_pb_text _builder_version=&#8221;3.26.4&#8243;]Tamara Landau\u2019 books presented in Palermo by <strong>Alexandre Madonia<\/strong>, editor of the Journal Fort-Da and director of the Paul Lemoine Centre, Luciana La Stella, editor of the \u201cSociety and the Unconscious\u201d collection of Aracne books, and Sandra Giordano.[\/et_pb_text][\/et_pb_column][et_pb_column type=&#8221;1_3&#8243; _builder_version=&#8221;3.26.4&#8243;][et_pb_image src=&#8221;https:\/\/tamara-landau.net\/wp-content\/uploads\/2019\/11\/Presentazione.jpg&#8221; show_in_lightbox=&#8221;on&#8221; _builder_version=&#8221;3.26.4&#8243;][\/et_pb_image][\/et_pb_column][\/et_pb_row][\/et_pb_section][et_pb_section fb_built=&#8221;1&#8243; _builder_version=&#8221;3.26.4&#8243; border_width_bottom=&#8221;1px&#8221; border_color_bottom=&#8221;#d7f9ee&#8221; box_shadow_style=&#8221;preset3&#8243; box_shadow_color=&#8221;#d7f9ee&#8221; custom_padding=&#8221;40px||16px|||&#8221; locked=&#8221;off&#8221;][et_pb_row column_structure=&#8221;2_3,1_3&#8243; custom_padding=&#8221;3px||8px|||&#8221; custom_margin=&#8221;|auto|-6px|50px||&#8221; _builder_version=&#8221;3.26.4&#8243; min_height=&#8221;179px&#8221;][et_pb_column type=&#8221;2_3&#8243; _builder_version=&#8221;3.26.4&#8243;][et_pb_text _builder_version=&#8221;3.26.4&#8243; text_font=&#8221;|||on|||||&#8221; text_text_color=&#8221;#00cccc&#8221; text_font_size=&#8221;18px&#8221;]<\/p>\n<p><span class=\"tlid-translation translation\" lang=\"en\"><span class=\"\" title=\"\">Saturday, 7 May, 2016<\/span><\/span><\/p>\n<p>[\/et_pb_text][et_pb_text _builder_version=&#8221;3.26.4&#8243;]<\/p>\n<h2 class=\"entry-titre\">Aracne editrice, Paul Lemoine Centre, Palermo<\/h2>\n<p>[\/et_pb_text][et_pb_text _builder_version=&#8221;3.26.4&#8243;]<span class=\"tlid-translation translation\" lang=\"en\"><span class=\"\" title=\"\">Tamara Landau\u2019 books presented in Palermo by <strong>Alexandre Madonia<\/strong>, editor of the Journal Fort-Da and director of the Paul Lemoine Centre, Luciana La Stella, editor of the \u201cSociety and the Unconscious\u201d collection of Aracne books, and Sandra Giordano.<\/span><\/span>[\/et_pb_text][et_pb_text _builder_version=&#8221;3.26.4&#8243; background_color=&#8221;rgba(0,0,0,0)&#8221; border_width_top=&#8221;1px&#8221; border_color_top=&#8221;#d7f9ee&#8221; custom_padding=&#8221;10px|10px|5px|10px|false|true&#8221;]Casa Editrice Navarra, Palermo<br \/>\nhttp:\/\/www.navarraeditore.it[\/et_pb_text][\/et_pb_column][et_pb_column type=&#8221;1_3&#8243; _builder_version=&#8221;3.26.4&#8243;][et_pb_image src=&#8221;https:\/\/tamara-landau.net\/wp-content\/uploads\/2019\/11\/Tamara_070516.jpg&#8221; show_in_lightbox=&#8221;on&#8221; _builder_version=&#8221;3.26.4&#8243;][\/et_pb_image][\/et_pb_column][\/et_pb_row][\/et_pb_section][et_pb_section fb_built=&#8221;1&#8243; _builder_version=&#8221;3.26.4&#8243; border_width_bottom=&#8221;1px&#8221; border_color_bottom=&#8221;#d7f9ee&#8221; box_shadow_style=&#8221;preset3&#8243; box_shadow_color=&#8221;#d7f9ee&#8221; custom_padding=&#8221;40px||16px|||&#8221; locked=&#8221;off&#8221;][et_pb_row column_structure=&#8221;2_3,1_3&#8243; custom_padding=&#8221;3px||8px|||&#8221; custom_margin=&#8221;|auto|-6px|50px||&#8221; _builder_version=&#8221;3.26.4&#8243; min_height=&#8221;179px&#8221;][et_pb_column type=&#8221;2_3&#8243; _builder_version=&#8221;3.26.4&#8243;][et_pb_text _builder_version=&#8221;3.26.4&#8243; text_font=&#8221;|||on|||||&#8221; text_text_color=&#8221;#00cccc&#8221; text_font_size=&#8221;18px&#8221;]<\/p>\n<p><span class=\"tlid-translation translation\" lang=\"en\"><span class=\"\" title=\"\">Tuesday, 5 April, 2016<\/span><\/span><\/p>\n<p>[\/et_pb_text][et_pb_text _builder_version=&#8221;3.26.4&#8243;]<\/p>\n<h2 class=\"entry-titre\">Seminar with Marie-Claire Busnel, SPF<\/h2>\n<p>[\/et_pb_text][et_pb_text _builder_version=&#8221;3.26.4&#8243;]Tamara Landau invites Marie-Claire Busnel, researcher at I.N.R.A. and U.F.R., Paris V University, to her research seminar to continue their mutual dialogue and present her latest findings on mother-foetus and mother-newborn communication.[\/et_pb_text][\/et_pb_column][et_pb_column type=&#8221;1_3&#8243; _builder_version=&#8221;3.26.4&#8243;][et_pb_text _builder_version=&#8221;3.26.4&#8243; background_color=&#8221;rgba(0,0,0,0)&#8221; border_width_top=&#8221;1px&#8221; border_color_top=&#8221;#d7f9ee&#8221; custom_padding=&#8221;10px|10px|5px|10px|false|true&#8221;]<\/p>\n<p>Soci\u00e9t\u00e9 de Psychanalyse Freudienne \u00e0 Paris<br \/><a href=\"https:\/\/www.spf.asso.fr\">https:\/\/www.spf.asso.fr<\/a><\/p>\n<p>[\/et_pb_text][\/et_pb_column][\/et_pb_row][\/et_pb_section][et_pb_section fb_built=&#8221;1&#8243; _builder_version=&#8221;3.26.4&#8243; border_width_bottom=&#8221;1px&#8221; border_color_bottom=&#8221;#d7f9ee&#8221; box_shadow_style=&#8221;preset3&#8243; box_shadow_color=&#8221;#d7f9ee&#8221; custom_padding=&#8221;40px||16px|||&#8221; locked=&#8221;off&#8221;][et_pb_row column_structure=&#8221;2_3,1_3&#8243; custom_padding=&#8221;3px||8px|||&#8221; custom_margin=&#8221;|auto|-6px|50px||&#8221; _builder_version=&#8221;3.26.4&#8243; min_height=&#8221;179px&#8221;][et_pb_column type=&#8221;2_3&#8243; _builder_version=&#8221;3.26.4&#8243;][et_pb_text _builder_version=&#8221;3.26.4&#8243; text_font=&#8221;|||on|||||&#8221; text_text_color=&#8221;#00cccc&#8221; text_font_size=&#8221;18px&#8221;]<\/p>\n<p><span class=\"tlid-translation translation\" lang=\"en\"><span class=\"\" title=\"\">Tuesday, 1st March, 2016<\/span><\/span><\/p>\n<p>[\/et_pb_text][et_pb_text _builder_version=&#8221;3.26.4&#8243;]<\/p>\n<h2 class=\"entry-titre\">Italian Central Archives of the State &#8211; Mnemoart Presentation<\/h2>\n<p>[\/et_pb_text][et_pb_text _builder_version=&#8221;3.26.4&#8243;]At the Italian Central Archives of the State, Fortunato D&#8217;Amico and Massimo Domenicucci, curators of the exhibition \u201cKilometro Zero\u201d, introduce the twenty artists present at the event with their works and Tamara and Jean-Pierre Landau introduce the MnemoArt group with videos by Tamara Landau, Catherine Fava-Dauvergne and Claude Yvans.[\/et_pb_text][\/et_pb_column][et_pb_column type=&#8221;1_3&#8243; _builder_version=&#8221;3.26.4&#8243;][et_pb_text _builder_version=&#8221;3.26.4&#8243; background_color=&#8221;rgba(0,0,0,0)&#8221; border_width_top=&#8221;1px&#8221; border_color_top=&#8221;#d7f9ee&#8221; custom_padding=&#8221;10px|10px|5px|10px|false|true&#8221;]<\/p>\n<p>Archivio centrale dello StatoPiazzale degli Archivi, 27 -00144 Roma<br \/> <a href=\"https:\/\/tamara-landau.net\/wp-content\/uploads\/2019\/11\/CS-Evento-artisti.pdf\" rel=\"attachment wp-att-1967 noopener noreferrer\" target=\"_blank\">&gt; CS-Evento-artisti<\/a><\/p>\n<p>[\/et_pb_text][\/et_pb_column][\/et_pb_row][\/et_pb_section][et_pb_section fb_built=&#8221;1&#8243; _builder_version=&#8221;3.26.4&#8243; border_width_bottom=&#8221;1px&#8221; border_color_bottom=&#8221;#d7f9ee&#8221; box_shadow_style=&#8221;preset3&#8243; box_shadow_color=&#8221;#d7f9ee&#8221; custom_padding=&#8221;40px||16px|||&#8221; locked=&#8221;off&#8221;][et_pb_row column_structure=&#8221;2_3,1_3&#8243; custom_padding=&#8221;3px||8px|||&#8221; custom_margin=&#8221;|auto|-6px|50px||&#8221; _builder_version=&#8221;3.26.4&#8243; min_height=&#8221;179px&#8221;][et_pb_column type=&#8221;2_3&#8243; _builder_version=&#8221;3.26.4&#8243;][et_pb_text _builder_version=&#8221;3.26.4&#8243; text_font=&#8221;|||on|||||&#8221; text_text_color=&#8221;#00cccc&#8221; text_font_size=&#8221;18px&#8221;]<\/p>\n<p><span class=\"tlid-translation translation\" lang=\"en\"><span class=\"\" title=\"\">Monday, 29 February, 2016<\/span><\/span><\/p>\n<p>[\/et_pb_text][et_pb_text _builder_version=&#8221;3.26.4&#8243;]<\/p>\n<h2 class=\"entry-titre\">Presentation &#8211; Aracne Editions<\/h2>\n<p>[\/et_pb_text][et_pb_text _builder_version=&#8221;3.26.4&#8243;]Tamara Landau presents her book \u201cThe Tightrope Walkers of Oblivion\u201d with a video-performance featuring Christine Dal Bon, Daniela Moccia, Marco Picistrelli and Luciana La Stella at DaiStudio Rome.[\/et_pb_text][\/et_pb_column][et_pb_column type=&#8221;1_3&#8243; _builder_version=&#8221;3.26.4&#8243;][et_pb_text _builder_version=&#8221;3.26.4&#8243; background_color=&#8221;rgba(0,0,0,0)&#8221; border_width_top=&#8221;1px&#8221; border_color_top=&#8221;#d7f9ee&#8221; custom_padding=&#8221;10px|10px|5px|10px|false|true&#8221;]DAI Studio, Viale di Trastevere 143 \u2013 Rome.<\/p>\n<p><a href=\"http:\/\/www.aracneeditrice.it\/index.php\/pubblicazione.html?item=9788854881648\" target=\"_blank\" rel=\"noopener noreferrer\">http:\/\/www.aracneeditrice.it<\/a>[\/et_pb_text][et_pb_image src=&#8221;https:\/\/tamara-landau.net\/wp-content\/uploads\/2019\/11\/Presentazione-Funambole.jpg&#8221; show_in_lightbox=&#8221;on&#8221; _builder_version=&#8221;3.26.4&#8243;][\/et_pb_image][\/et_pb_column][\/et_pb_row][\/et_pb_section][et_pb_section fb_built=&#8221;1&#8243; _builder_version=&#8221;3.26.4&#8243; border_width_bottom=&#8221;1px&#8221; border_color_bottom=&#8221;#d7f9ee&#8221; box_shadow_style=&#8221;preset3&#8243; box_shadow_color=&#8221;#d7f9ee&#8221; custom_padding=&#8221;40px||16px|||&#8221; locked=&#8221;off&#8221;][et_pb_row column_structure=&#8221;2_3,1_3&#8243; custom_padding=&#8221;3px||8px|||&#8221; custom_margin=&#8221;|auto|-6px|50px||&#8221; _builder_version=&#8221;3.26.4&#8243; min_height=&#8221;179px&#8221;][et_pb_column type=&#8221;2_3&#8243; _builder_version=&#8221;3.26.4&#8243;][et_pb_text _builder_version=&#8221;3.26.4&#8243; text_font=&#8221;|||on|||||&#8221; text_text_color=&#8221;#00cccc&#8221; text_font_size=&#8221;18px&#8221;]<\/p>\n<p><span class=\"tlid-translation translation\" lang=\"en\"><span class=\"\" title=\"\">Saturday, 27 February, 2016<\/span><\/span><\/p>\n<p>[\/et_pb_text][et_pb_text _builder_version=&#8221;3.26.4&#8243;]<\/p>\n<h2 class=\"entry-titre\">Presentation book &#8211; Psicanalisi Critica, Florence<\/h2>\n<p>[\/et_pb_text][et_pb_text _builder_version=&#8221;3.26.4&#8243;]Christine Dal Bon and Alberto Zino invite Tamara Landau to discuss her work and her latest book <strong>\u201cThe Tightrope Walkers of Oblivion\u201d<\/strong> at the Psychoanalytical association \u201cPsicanalisi critica\u201d in Florence.[\/et_pb_text][et_pb_text _builder_version=&#8221;3.26.4&#8243; background_color=&#8221;rgba(0,0,0,0)&#8221; border_width_top=&#8221;1px&#8221; border_color_top=&#8221;#d7f9ee&#8221; custom_padding=&#8221;10px|10px|5px|10px|false|true&#8221;]<\/p>\n<p><strong>Psicanalisi Critica<\/strong> \u00e0 Florence, <br \/>via Giordano Bruno 13.<br \/><a href=\"https:\/\/www.psicanalisicritica.it\/\" target=\"_blank\" rel=\"noopener noreferrer\">https:\/\/www.psicanalisicritica.it\/<\/a><\/p>\n<p>[\/et_pb_text][\/et_pb_column][et_pb_column type=&#8221;1_3&#8243; _builder_version=&#8221;3.26.4&#8243;][et_pb_image src=&#8221;https:\/\/tamara-landau.net\/wp-content\/uploads\/2019\/11\/Le-Funambole-tamara-landau-it.jpg&#8221; show_in_lightbox=&#8221;on&#8221; _builder_version=&#8221;3.26.4&#8243; border_width_all=&#8221;1px&#8221;][\/et_pb_image][\/et_pb_column][\/et_pb_row][\/et_pb_section][et_pb_section fb_built=&#8221;1&#8243; _builder_version=&#8221;3.26.4&#8243; border_width_bottom=&#8221;1px&#8221; border_color_bottom=&#8221;#d7f9ee&#8221; box_shadow_style=&#8221;preset3&#8243; box_shadow_color=&#8221;#d7f9ee&#8221; custom_padding=&#8221;40px||16px|||&#8221; locked=&#8221;off&#8221;][et_pb_row column_structure=&#8221;2_3,1_3&#8243; custom_padding=&#8221;3px||8px|||&#8221; custom_margin=&#8221;|auto|-6px|50px||&#8221; _builder_version=&#8221;3.26.4&#8243; min_height=&#8221;179px&#8221;][et_pb_column type=&#8221;2_3&#8243; _builder_version=&#8221;3.26.4&#8243;][et_pb_text _builder_version=&#8221;3.26.4&#8243; text_font=&#8221;|||on|||||&#8221; text_text_color=&#8221;#00cccc&#8221; text_font_size=&#8221;18px&#8221;]<\/p>\n<p><span class=\"tlid-translation translation\" lang=\"en\"><span class=\"\" title=\"\">Friday, 26 February, 2016<\/span><\/span><\/p>\n<p>[\/et_pb_text][et_pb_text _builder_version=&#8221;3.26.4&#8243;]<\/p>\n<h2 class=\"entry-titre\"><span class=\"tlid-translation translation\" lang=\"en\"><span class=\"\" title=\"\">Laboratorio Freudiano in Rome<\/span><\/span><\/h2>\n<p>[\/et_pb_text][et_pb_text _builder_version=&#8221;3.26.4&#8243;]<strong>Luigi Burzotta<\/strong> invites Tamara Landau to give a <strong>clinical lesson on anorexia<\/strong> at the Laboratorio Freudiano in Rome.[\/et_pb_text][\/et_pb_column][et_pb_column type=&#8221;1_3&#8243; _builder_version=&#8221;3.26.4&#8243;][et_pb_image src=&#8221;https:\/\/tamara-landau.net\/wp-content\/uploads\/2019\/11\/App-Feb-2016-Roma.jpg&#8221; show_in_lightbox=&#8221;on&#8221; _builder_version=&#8221;3.26.4&#8243;][\/et_pb_image][\/et_pb_column][\/et_pb_row][\/et_pb_section][et_pb_section fb_built=&#8221;1&#8243; _builder_version=&#8221;3.26.4&#8243; border_width_bottom=&#8221;1px&#8221; border_color_bottom=&#8221;#d7f9ee&#8221; box_shadow_style=&#8221;preset3&#8243; box_shadow_color=&#8221;#d7f9ee&#8221; custom_padding=&#8221;40px||16px|||&#8221; locked=&#8221;off&#8221;][et_pb_row column_structure=&#8221;2_3,1_3&#8243; custom_padding=&#8221;3px||8px|||&#8221; custom_margin=&#8221;|auto|-6px|50px||&#8221; _builder_version=&#8221;3.26.4&#8243; min_height=&#8221;179px&#8221;][et_pb_column type=&#8221;2_3&#8243; _builder_version=&#8221;3.26.4&#8243;][et_pb_text _builder_version=&#8221;3.26.4&#8243; text_font=&#8221;|||on|||||&#8221; text_text_color=&#8221;#00cccc&#8221; text_font_size=&#8221;18px&#8221;]<\/p>\n<p><span class=\"tlid-translation translation\" lang=\"en\"><span class=\"\" title=\"\">Tuesday, 23 February, 2016<\/span><\/span><\/p>\n<p>[\/et_pb_text][et_pb_text _builder_version=&#8221;3.26.4&#8243;]<\/p>\n<h2 class=\"entry-titre\">Jean-Pierre Landau, &#8220;Carnet di uno psicanalista&#8221; &#8211; Rome<\/h2>\n<p>[\/et_pb_text][et_pb_text _builder_version=&#8221;3.26.4&#8243;]Tamara Landau takes part in the exhibition by Jean-Pierre Landau \u201cA Psychoanalyst\u2019s Notebook\u201d at the DaiStudio in viale Trastevere 143, Rome, with a video and a music and poetry performance.<br \/>\n<span class=\"tlid-translation translation\" lang=\"en\"><span class=\"\" title=\"\">The exhibition will be visible from February 23 to March 4, 2016.<\/span><\/span>[\/et_pb_text][\/et_pb_column][et_pb_column type=&#8221;1_3&#8243; _builder_version=&#8221;3.26.4&#8243;][et_pb_text _builder_version=&#8221;3.26.4&#8243; background_color=&#8221;rgba(0,0,0,0)&#8221; border_width_top=&#8221;1px&#8221; border_color_top=&#8221;#d7f9ee&#8221; custom_padding=&#8221;10px|10px|5px|10px|false|true&#8221;]<\/p>\n<p>DAI Studio, <br \/>Viale di Trastevere 143, Rome<\/p>\n<p>[\/et_pb_text][et_pb_image src=&#8221;https:\/\/tamara-landau.net\/wp-content\/uploads\/2019\/11\/Jean-Pierre-Landau_230216.jpg&#8221; show_in_lightbox=&#8221;on&#8221; _builder_version=&#8221;3.26.4&#8243;][\/et_pb_image][\/et_pb_column][\/et_pb_row][\/et_pb_section][et_pb_section fb_built=&#8221;1&#8243; _builder_version=&#8221;3.26.4&#8243; border_width_bottom=&#8221;1px&#8221; border_color_bottom=&#8221;#d7f9ee&#8221; box_shadow_style=&#8221;preset3&#8243; box_shadow_color=&#8221;#d7f9ee&#8221; custom_padding=&#8221;40px||16px|||&#8221; locked=&#8221;off&#8221;][et_pb_row column_structure=&#8221;2_3,1_3&#8243; custom_padding=&#8221;3px||8px|||&#8221; custom_margin=&#8221;|auto|-6px|50px||&#8221; _builder_version=&#8221;3.26.4&#8243; min_height=&#8221;179px&#8221;][et_pb_column type=&#8221;2_3&#8243; _builder_version=&#8221;3.26.4&#8243;][et_pb_text _builder_version=&#8221;3.26.4&#8243; text_font=&#8221;|||on|||||&#8221; text_text_color=&#8221;#00cccc&#8221; text_font_size=&#8221;18px&#8221;]<\/p>\n<p><span class=\"tlid-translation translation\" lang=\"en\"><span class=\"\" title=\"\">Wednesday, 27 January, 2016<\/span><\/span><\/p>\n<p>[\/et_pb_text][et_pb_text _builder_version=&#8221;3.26.4&#8243;]<\/p>\n<h2 class=\"entry-titre\">Exhibition on &#8220;Memory and the Infinite&#8221;, Utopia Art Gallery, Rome<\/h2>\n<p>[\/et_pb_text][et_pb_text _builder_version=&#8221;3.26.4&#8243;]Tamara Landau is invited to introduce her installation at the collective exhibition on &#8220;Memory and the Infinite&#8221; at the Utopia Art Gallery in Rome, as part of the International Holocaust Remembrance Day celebrations.[\/et_pb_text][\/et_pb_column][et_pb_column type=&#8221;1_3&#8243; _builder_version=&#8221;3.26.4&#8243;][et_pb_image src=&#8221;https:\/\/tamara-landau.net\/wp-content\/uploads\/2019\/11\/memoriaShoah-utopia-Rome.png&#8221; show_in_lightbox=&#8221;on&#8221; _builder_version=&#8221;3.26.4&#8243;][\/et_pb_image][\/et_pb_column][\/et_pb_row][\/et_pb_section][et_pb_section fb_built=&#8221;1&#8243; fullwidth=&#8221;on&#8221; _builder_version=&#8221;3.26.4&#8243; background_color=&#8221;#ffffff&#8221; border_width_bottom=&#8221;1px&#8221; border_color_bottom=&#8221;#d7f9ee&#8221; custom_padding=&#8221;5px||16px|||&#8221; locked=&#8221;off&#8221;][et_pb_fullwidth_menu menu_id=&#8221;36&#8243; active_link_color=&#8221;#0068d8&#8243; dropdown_menu_text_color=&#8221;#0068d8&#8243; _builder_version=&#8221;3.26.4&#8243; background_color=&#8221;rgba(0,0,0,0)&#8221; border_color_bottom=&#8221;#d7f9ee&#8221; custom_margin=&#8221;||-10px|||&#8221;][\/et_pb_fullwidth_menu][\/et_pb_section]<\/p>\n","protected":false},"excerpt":{"rendered":"<p>[et_pb_section fb_built=&#8221;1&#8243; fullwidth=&#8221;on&#8221; _builder_version=&#8221;3.26.4&#8243; background_color=&#8221;#fcfaf6&#8243;][et_pb_fullwidth_header title=&#8221;Tamara Landau&#8221; subhead=&#8221;News 2016&#8243; _builder_version=&#8221;3.26.4&#8243; title_font=&#8221;||||||||&#8221; title_text_color=&#8221;#00cccc&#8221; title_font_size=&#8221;25px&#8221; subhead_font=&#8221;||||||||&#8221; subhead_text_color=&#8221;#0068d8&#8243; subhead_font_size=&#8221;24px&#8221; background_color=&#8221;#fbfaf5&#8243; border_color_all=&#8221;#ffffff&#8221; border_color_bottom=&#8221;#00cccc&#8221; border_style_bottom=&#8221;dotted&#8221; background_layout=&#8221;light&#8221; custom_padding=&#8221;25px||6px|||&#8221;][\/et_pb_fullwidth_header][\/et_pb_section][et_pb_section fb_built=&#8221;1&#8243; fullwidth=&#8221;on&#8221; _builder_version=&#8221;3.26.4&#8243; background_color=&#8221;#ffffff&#8221; border_width_bottom=&#8221;1px&#8221; border_color_bottom=&#8221;#d7f9ee&#8221; custom_padding=&#8221;5px||16px|||&#8221; locked=&#8221;off&#8221;][et_pb_fullwidth_menu menu_id=&#8221;36&#8243; active_link_color=&#8221;#0068d8&#8243; dropdown_menu_text_color=&#8221;#0068d8&#8243; _builder_version=&#8221;3.26.4&#8243; background_color=&#8221;rgba(0,0,0,0)&#8221; border_color_bottom=&#8221;#d7f9ee&#8221; custom_margin=&#8221;||-10px|||&#8221;][\/et_pb_fullwidth_menu][\/et_pb_section][et_pb_section fb_built=&#8221;1&#8243; _builder_version=&#8221;3.26.4&#8243; border_width_bottom=&#8221;1px&#8221; border_color_bottom=&#8221;#d7f9ee&#8221; box_shadow_style=&#8221;preset3&#8243; box_shadow_color=&#8221;#d7f9ee&#8221; custom_padding=&#8221;40px||16px|||&#8221; locked=&#8221;off&#8221;][et_pb_row column_structure=&#8221;2_3,1_3&#8243; custom_padding=&#8221;3px||8px|||&#8221; custom_margin=&#8221;|auto|-6px|50px||&#8221; _builder_version=&#8221;3.26.4&#8243; min_height=&#8221;179px&#8221;][et_pb_column type=&#8221;2_3&#8243; _builder_version=&#8221;3.26.4&#8243;][et_pb_text _builder_version=&#8221;3.26.4&#8243; text_font=&#8221;|||on|||||&#8221; text_text_color=&#8221;#00cccc&#8221; [&hellip;]<\/p>\n","protected":false},"author":1,"featured_media":0,"parent":0,"menu_order":0,"comment_status":"closed","ping_status":"closed","template":"","meta":{"_et_pb_use_builder":"on","_et_pb_old_content":"","_et_gb_content_width":""},"yoast_head":"<!-- This site is optimized with the Yoast SEO plugin v20.3 - https:\/\/yoast.com\/wordpress\/plugins\/seo\/ -->\n<title>News 2016 | Tamara Landau<\/title>\n<meta name=\"robots\" content=\"index, follow, max-snippet:-1, max-image-preview:large, max-video-preview:-1\" \/>\n<link rel=\"canonical\" href=\"https:\/\/tamara-landau.net\/en\/news-2016\/\" \/>\n<meta property=\"og:locale\" content=\"en_US\" \/>\n<meta property=\"og:type\" content=\"article\" \/>\n<meta property=\"og:title\" content=\"News 2016 | Tamara Landau\" \/>\n<meta property=\"og:description\" content=\"[et_pb_section fb_built=&#8221;1&#8243; fullwidth=&#8221;on&#8221; _builder_version=&#8221;3.26.4&#8243; background_color=&#8221;#fcfaf6&#8243;][et_pb_fullwidth_header title=&#8221;Tamara Landau&#8221; subhead=&#8221;News 2016&#8243; _builder_version=&#8221;3.26.4&#8243; title_font=&#8221;||||||||&#8221; title_text_color=&#8221;#00cccc&#8221; title_font_size=&#8221;25px&#8221; subhead_font=&#8221;||||||||&#8221; subhead_text_color=&#8221;#0068d8&#8243; subhead_font_size=&#8221;24px&#8221; background_color=&#8221;#fbfaf5&#8243; border_color_all=&#8221;#ffffff&#8221; border_color_bottom=&#8221;#00cccc&#8221; border_style_bottom=&#8221;dotted&#8221; background_layout=&#8221;light&#8221; custom_padding=&#8221;25px||6px|||&#8221;][\/et_pb_fullwidth_header][\/et_pb_section][et_pb_section fb_built=&#8221;1&#8243; fullwidth=&#8221;on&#8221; _builder_version=&#8221;3.26.4&#8243; background_color=&#8221;#ffffff&#8221; border_width_bottom=&#8221;1px&#8221; border_color_bottom=&#8221;#d7f9ee&#8221; custom_padding=&#8221;5px||16px|||&#8221; locked=&#8221;off&#8221;][et_pb_fullwidth_menu menu_id=&#8221;36&#8243; active_link_color=&#8221;#0068d8&#8243; dropdown_menu_text_color=&#8221;#0068d8&#8243; _builder_version=&#8221;3.26.4&#8243; background_color=&#8221;rgba(0,0,0,0)&#8221; border_color_bottom=&#8221;#d7f9ee&#8221; custom_margin=&#8221;||-10px|||&#8221;][\/et_pb_fullwidth_menu][\/et_pb_section][et_pb_section fb_built=&#8221;1&#8243; _builder_version=&#8221;3.26.4&#8243; border_width_bottom=&#8221;1px&#8221; border_color_bottom=&#8221;#d7f9ee&#8221; box_shadow_style=&#8221;preset3&#8243; box_shadow_color=&#8221;#d7f9ee&#8221; custom_padding=&#8221;40px||16px|||&#8221; locked=&#8221;off&#8221;][et_pb_row column_structure=&#8221;2_3,1_3&#8243; custom_padding=&#8221;3px||8px|||&#8221; custom_margin=&#8221;|auto|-6px|50px||&#8221; _builder_version=&#8221;3.26.4&#8243; min_height=&#8221;179px&#8221;][et_pb_column type=&#8221;2_3&#8243; _builder_version=&#8221;3.26.4&#8243;][et_pb_text _builder_version=&#8221;3.26.4&#8243; text_font=&#8221;|||on|||||&#8221; text_text_color=&#8221;#00cccc&#8221; [&hellip;]\" \/>\n<meta property=\"og:url\" content=\"https:\/\/tamara-landau.net\/en\/news-2016\/\" \/>\n<meta property=\"og:site_name\" content=\"Tamara Landau\" \/>\n<meta property=\"article:modified_time\" content=\"2019-12-13T12:22:51+00:00\" \/>\n<meta name=\"twitter:card\" content=\"summary_large_image\" \/>\n<meta name=\"twitter:label1\" content=\"Est. reading time\" \/>\n\t<meta name=\"twitter:data1\" content=\"13 minutes\" \/>\n<script type=\"application\/ld+json\" class=\"yoast-schema-graph\">{\"@context\":\"https:\/\/schema.org\",\"@graph\":[{\"@type\":\"WebPage\",\"@id\":\"https:\/\/tamara-landau.net\/en\/news-2016\/\",\"url\":\"https:\/\/tamara-landau.net\/en\/news-2016\/\",\"name\":\"News 2016 | Tamara Landau\",\"isPartOf\":{\"@id\":\"https:\/\/tamara-landau.net\/#website\"},\"datePublished\":\"2019-11-23T19:56:19+00:00\",\"dateModified\":\"2019-12-13T12:22:51+00:00\",\"breadcrumb\":{\"@id\":\"https:\/\/tamara-landau.net\/en\/news-2016\/#breadcrumb\"},\"inLanguage\":\"en-US\",\"potentialAction\":[{\"@type\":\"ReadAction\",\"target\":[\"https:\/\/tamara-landau.net\/en\/news-2016\/\"]}]},{\"@type\":\"BreadcrumbList\",\"@id\":\"https:\/\/tamara-landau.net\/en\/news-2016\/#breadcrumb\",\"itemListElement\":[{\"@type\":\"ListItem\",\"position\":1,\"name\":\"Accueil\",\"item\":\"https:\/\/tamara-landau.net\/en\/tamara-landau-psychoanalyst-and-sculptor\/\"},{\"@type\":\"ListItem\",\"position\":2,\"name\":\"News 2016\"}]},{\"@type\":\"WebSite\",\"@id\":\"https:\/\/tamara-landau.net\/#website\",\"url\":\"https:\/\/tamara-landau.net\/\",\"name\":\"Tamara Landau\",\"description\":\"psychanalyste et sculptrice\",\"potentialAction\":[{\"@type\":\"SearchAction\",\"target\":{\"@type\":\"EntryPoint\",\"urlTemplate\":\"https:\/\/tamara-landau.net\/?s={search_term_string}\"},\"query-input\":\"required name=search_term_string\"}],\"inLanguage\":\"en-US\"}]}<\/script>\n<!-- \/ Yoast SEO plugin. -->","yoast_head_json":{"title":"News 2016 | Tamara Landau","robots":{"index":"index","follow":"follow","max-snippet":"max-snippet:-1","max-image-preview":"max-image-preview:large","max-video-preview":"max-video-preview:-1"},"canonical":"https:\/\/tamara-landau.net\/en\/news-2016\/","og_locale":"en_US","og_type":"article","og_title":"News 2016 | Tamara Landau","og_description":"[et_pb_section fb_built=&#8221;1&#8243; fullwidth=&#8221;on&#8221; _builder_version=&#8221;3.26.4&#8243; background_color=&#8221;#fcfaf6&#8243;][et_pb_fullwidth_header title=&#8221;Tamara Landau&#8221; subhead=&#8221;News 2016&#8243; _builder_version=&#8221;3.26.4&#8243; title_font=&#8221;||||||||&#8221; title_text_color=&#8221;#00cccc&#8221; title_font_size=&#8221;25px&#8221; subhead_font=&#8221;||||||||&#8221; subhead_text_color=&#8221;#0068d8&#8243; subhead_font_size=&#8221;24px&#8221; background_color=&#8221;#fbfaf5&#8243; border_color_all=&#8221;#ffffff&#8221; border_color_bottom=&#8221;#00cccc&#8221; border_style_bottom=&#8221;dotted&#8221; background_layout=&#8221;light&#8221; custom_padding=&#8221;25px||6px|||&#8221;][\/et_pb_fullwidth_header][\/et_pb_section][et_pb_section fb_built=&#8221;1&#8243; fullwidth=&#8221;on&#8221; _builder_version=&#8221;3.26.4&#8243; background_color=&#8221;#ffffff&#8221; border_width_bottom=&#8221;1px&#8221; border_color_bottom=&#8221;#d7f9ee&#8221; custom_padding=&#8221;5px||16px|||&#8221; locked=&#8221;off&#8221;][et_pb_fullwidth_menu menu_id=&#8221;36&#8243; active_link_color=&#8221;#0068d8&#8243; dropdown_menu_text_color=&#8221;#0068d8&#8243; _builder_version=&#8221;3.26.4&#8243; background_color=&#8221;rgba(0,0,0,0)&#8221; border_color_bottom=&#8221;#d7f9ee&#8221; custom_margin=&#8221;||-10px|||&#8221;][\/et_pb_fullwidth_menu][\/et_pb_section][et_pb_section fb_built=&#8221;1&#8243; _builder_version=&#8221;3.26.4&#8243; border_width_bottom=&#8221;1px&#8221; border_color_bottom=&#8221;#d7f9ee&#8221; box_shadow_style=&#8221;preset3&#8243; box_shadow_color=&#8221;#d7f9ee&#8221; custom_padding=&#8221;40px||16px|||&#8221; locked=&#8221;off&#8221;][et_pb_row column_structure=&#8221;2_3,1_3&#8243; custom_padding=&#8221;3px||8px|||&#8221; custom_margin=&#8221;|auto|-6px|50px||&#8221; _builder_version=&#8221;3.26.4&#8243; min_height=&#8221;179px&#8221;][et_pb_column type=&#8221;2_3&#8243; _builder_version=&#8221;3.26.4&#8243;][et_pb_text _builder_version=&#8221;3.26.4&#8243; text_font=&#8221;|||on|||||&#8221; text_text_color=&#8221;#00cccc&#8221; [&hellip;]","og_url":"https:\/\/tamara-landau.net\/en\/news-2016\/","og_site_name":"Tamara Landau","article_modified_time":"2019-12-13T12:22:51+00:00","twitter_card":"summary_large_image","twitter_misc":{"Est. reading time":"13 minutes"},"schema":{"@context":"https:\/\/schema.org","@graph":[{"@type":"WebPage","@id":"https:\/\/tamara-landau.net\/en\/news-2016\/","url":"https:\/\/tamara-landau.net\/en\/news-2016\/","name":"News 2016 | Tamara Landau","isPartOf":{"@id":"https:\/\/tamara-landau.net\/#website"},"datePublished":"2019-11-23T19:56:19+00:00","dateModified":"2019-12-13T12:22:51+00:00","breadcrumb":{"@id":"https:\/\/tamara-landau.net\/en\/news-2016\/#breadcrumb"},"inLanguage":"en-US","potentialAction":[{"@type":"ReadAction","target":["https:\/\/tamara-landau.net\/en\/news-2016\/"]}]},{"@type":"BreadcrumbList","@id":"https:\/\/tamara-landau.net\/en\/news-2016\/#breadcrumb","itemListElement":[{"@type":"ListItem","position":1,"name":"Accueil","item":"https:\/\/tamara-landau.net\/en\/tamara-landau-psychoanalyst-and-sculptor\/"},{"@type":"ListItem","position":2,"name":"News 2016"}]},{"@type":"WebSite","@id":"https:\/\/tamara-landau.net\/#website","url":"https:\/\/tamara-landau.net\/","name":"Tamara Landau","description":"psychanalyste et sculptrice","potentialAction":[{"@type":"SearchAction","target":{"@type":"EntryPoint","urlTemplate":"https:\/\/tamara-landau.net\/?s={search_term_string}"},"query-input":"required name=search_term_string"}],"inLanguage":"en-US"}]}},"_links":{"self":[{"href":"https:\/\/tamara-landau.net\/en\/wp-json\/wp\/v2\/pages\/2576"}],"collection":[{"href":"https:\/\/tamara-landau.net\/en\/wp-json\/wp\/v2\/pages"}],"about":[{"href":"https:\/\/tamara-landau.net\/en\/wp-json\/wp\/v2\/types\/page"}],"author":[{"embeddable":true,"href":"https:\/\/tamara-landau.net\/en\/wp-json\/wp\/v2\/users\/1"}],"replies":[{"embeddable":true,"href":"https:\/\/tamara-landau.net\/en\/wp-json\/wp\/v2\/comments?post=2576"}],"version-history":[{"count":3,"href":"https:\/\/tamara-landau.net\/en\/wp-json\/wp\/v2\/pages\/2576\/revisions"}],"predecessor-version":[{"id":2974,"href":"https:\/\/tamara-landau.net\/en\/wp-json\/wp\/v2\/pages\/2576\/revisions\/2974"}],"wp:attachment":[{"href":"https:\/\/tamara-landau.net\/en\/wp-json\/wp\/v2\/media?parent=2576"}],"curies":[{"name":"wp","href":"https:\/\/api.w.org\/{rel}","templated":true}]}}