{"id":2574,"date":"2019-11-23T19:34:40","date_gmt":"2019-11-23T19:34:40","guid":{"rendered":"https:\/\/tamara-landau.net\/news-2017\/"},"modified":"2019-12-12T10:39:23","modified_gmt":"2019-12-12T10:39:23","slug":"news-2017","status":"publish","type":"page","link":"https:\/\/tamara-landau.net\/en\/news-2017\/","title":{"rendered":"News 2017"},"content":{"rendered":"<p>[et_pb_section fb_built=&#8221;1&#8243; fullwidth=&#8221;on&#8221; _builder_version=&#8221;3.26.4&#8243; background_color=&#8221;#fcfaf6&#8243;][et_pb_fullwidth_header title=&#8221;Tamara Landau&#8221; subhead=&#8221;News 2017&#8243; _builder_version=&#8221;3.26.4&#8243; title_font=&#8221;||||||||&#8221; title_text_color=&#8221;#00cccc&#8221; title_font_size=&#8221;25px&#8221; subhead_font=&#8221;||||||||&#8221; subhead_text_color=&#8221;#0068d8&#8243; subhead_font_size=&#8221;24px&#8221; background_color=&#8221;#fbfaf5&#8243; border_color_all=&#8221;#ffffff&#8221; border_color_bottom=&#8221;#00cccc&#8221; border_style_bottom=&#8221;dotted&#8221; background_layout=&#8221;light&#8221; custom_padding=&#8221;25px||6px|||&#8221;][\/et_pb_fullwidth_header][\/et_pb_section][et_pb_section fb_built=&#8221;1&#8243; fullwidth=&#8221;on&#8221; _builder_version=&#8221;3.26.4&#8243; background_color=&#8221;#ffffff&#8221; border_width_bottom=&#8221;1px&#8221; border_color_bottom=&#8221;#d7f9ee&#8221; custom_padding=&#8221;5px||16px|||&#8221; locked=&#8221;off&#8221;][et_pb_fullwidth_menu menu_id=&#8221;36&#8243; active_link_color=&#8221;#0068d8&#8243; dropdown_menu_text_color=&#8221;#0068d8&#8243; _builder_version=&#8221;3.26.4&#8243; background_color=&#8221;rgba(0,0,0,0)&#8221; border_color_bottom=&#8221;#d7f9ee&#8221; custom_margin=&#8221;||-10px|||&#8221;][\/et_pb_fullwidth_menu][\/et_pb_section][et_pb_section fb_built=&#8221;1&#8243; _builder_version=&#8221;3.26.4&#8243; border_width_bottom=&#8221;1px&#8221; border_color_bottom=&#8221;#d7f9ee&#8221; box_shadow_style=&#8221;preset3&#8243; box_shadow_color=&#8221;#d7f9ee&#8221; custom_padding=&#8221;40px||16px|||&#8221; locked=&#8221;off&#8221;][et_pb_row column_structure=&#8221;2_3,1_3&#8243; custom_padding=&#8221;3px||8px|||&#8221; custom_margin=&#8221;|auto|-6px|50px||&#8221; _builder_version=&#8221;3.26.4&#8243; min_height=&#8221;179px&#8221;][et_pb_column type=&#8221;2_3&#8243; _builder_version=&#8221;3.26.4&#8243;][et_pb_text _builder_version=&#8221;3.26.4&#8243; text_font=&#8221;|||on|||||&#8221; text_text_color=&#8221;#00cccc&#8221; text_font_size=&#8221;18px&#8221;]<\/p>\n<p><span class=\"tlid-translation translation\" lang=\"en\"><span class=\"\" title=\"\">Wednesday, 25 October, 2017<\/span><\/span><\/p>\n<p>[\/et_pb_text][et_pb_text _builder_version=&#8221;3.26.4&#8243;]<\/p>\n<h2 class=\"entry-titre\">Institution de formation psychanalytique, Salvador de Bahia<\/h2>\n<p>[\/et_pb_text][et_pb_text _builder_version=&#8221;3.26.4&#8243;]<strong>Monica Veras<\/strong>, psychanalyste et directrice du NAPSI, Institution de formation psychanalytique \u00e0 Salvador de Bahia, invite Tamara Landau \u00e0 faire une conf\u00e9rence-d\u00e9bat au NAPSI \u00e0 partir de 18H30 autour de <strong>\u00abComment l\u2019\u00e9coute du fantasme primordial de l\u2019arbre renvers\u00e9 peut dynamiser les cures d\u2019enfants et d\u2019adultes souffrant d\u2019anorexie, boulimie et n\u00e9vrose d\u2019angoisse\u00bb<\/strong>.[\/et_pb_text][\/et_pb_column][et_pb_column type=&#8221;1_3&#8243; _builder_version=&#8221;3.26.4&#8243;][et_pb_text _builder_version=&#8221;3.26.4&#8243; background_color=&#8221;rgba(0,0,0,0)&#8221; border_width_top=&#8221;1px&#8221; border_color_top=&#8221;#d7f9ee&#8221; custom_padding=&#8221;10px|10px|5px|10px|false|true&#8221;]<\/p>\n<p><strong>NAPSI<\/strong><br \/> Forma\u00e7\u00e3o en psichan\u00e1lise<br \/> Salavador de Bahia &#8211; <span class=\"tlid-translation translation\" lang=\"en\"><span title=\"\" class=\"\">Brazil<\/span><\/span><br \/> <a href=\"http:\/\/napsi.org.br\/\">http:\/\/napsi.org.br\/<\/a><\/p>\n<p>[\/et_pb_text][et_pb_image src=&#8221;https:\/\/tamara-landau.net\/wp-content\/uploads\/2019\/11\/jornada_do_napsi-tamara-landau.jpg&#8221; show_in_lightbox=&#8221;on&#8221; _builder_version=&#8221;3.26.4&#8243;][\/et_pb_image][\/et_pb_column][\/et_pb_row][\/et_pb_section][et_pb_section fb_built=&#8221;1&#8243; _builder_version=&#8221;3.26.4&#8243; border_width_bottom=&#8221;1px&#8221; border_color_bottom=&#8221;#d7f9ee&#8221; box_shadow_style=&#8221;preset3&#8243; box_shadow_color=&#8221;#d7f9ee&#8221; custom_padding=&#8221;40px||16px|||&#8221; locked=&#8221;off&#8221;][et_pb_row column_structure=&#8221;2_3,1_3&#8243; custom_padding=&#8221;3px||8px|||&#8221; custom_margin=&#8221;|auto|-6px|50px||&#8221; _builder_version=&#8221;3.26.4&#8243; min_height=&#8221;179px&#8221;][et_pb_column type=&#8221;2_3&#8243; _builder_version=&#8221;3.26.4&#8243;][et_pb_text _builder_version=&#8221;3.26.4&#8243; text_font=&#8221;|||on|||||&#8221; text_text_color=&#8221;#00cccc&#8221; text_font_size=&#8221;18px&#8221;]<\/p>\n<p><span class=\"tlid-translation translation\" lang=\"en\"><span class=\"\" title=\"\">Monday, 23 October, 2017<\/span><\/span><\/p>\n<p>[\/et_pb_text][et_pb_text _builder_version=&#8221;3.26.4&#8243;]<\/p>\n<h2 class=\"entry-titre\">UNEB &#8211; Universit\u00e9 de l\u2019Etat de Bahia<\/h2>\n<p>[\/et_pb_text][et_pb_text _builder_version=&#8221;3.26.4&#8243;]<strong>Larissa Ornellas<\/strong>, psychanalyste et professeur \u00e0 l\u2019UNEB (Universit\u00e9 de l\u2019Etat de Bahia), invite Tamara Landau \u00e0 faire deux conf\u00e9rences et \u00e0 projeter ses vid\u00e9os sur sa <strong>recherche sur l\u2019impact de la vie prenatale<\/strong> lundi 23 octobre dans la section s\u2019occupant de la naissance et la dyade m\u00e8re-enfant.[\/et_pb_text][et_pb_text _builder_version=&#8221;3.26.4&#8243; background_color=&#8221;rgba(0,0,0,0)&#8221; border_width_top=&#8221;1px&#8221; border_color_top=&#8221;#d7f9ee&#8221; custom_padding=&#8221;10px|10px|5px|10px|false|true&#8221;]Departamento de Educa\u00e7\u00e3o<br \/>\nDEDCI &#8211; UNEB Universidade do Estado da Bahia[\/et_pb_text][\/et_pb_column][et_pb_column type=&#8221;1_3&#8243; _builder_version=&#8221;3.26.4&#8243;][et_pb_image src=&#8221;https:\/\/tamara-landau.net\/wp-content\/uploads\/2019\/11\/l_ornellas_00.jpg&#8221; show_in_lightbox=&#8221;on&#8221; _builder_version=&#8221;3.26.4&#8243;][\/et_pb_image][\/et_pb_column][\/et_pb_row][\/et_pb_section][et_pb_section fb_built=&#8221;1&#8243; _builder_version=&#8221;3.26.4&#8243; border_width_bottom=&#8221;1px&#8221; border_color_bottom=&#8221;#d7f9ee&#8221; box_shadow_style=&#8221;preset3&#8243; box_shadow_color=&#8221;#d7f9ee&#8221; custom_padding=&#8221;40px||16px|||&#8221; locked=&#8221;off&#8221;][et_pb_row column_structure=&#8221;2_3,1_3&#8243; custom_padding=&#8221;3px||8px|||&#8221; custom_margin=&#8221;|auto|-6px|50px||&#8221; _builder_version=&#8221;3.26.4&#8243; min_height=&#8221;179px&#8221;][et_pb_column type=&#8221;2_3&#8243; _builder_version=&#8221;3.26.4&#8243;][et_pb_text _builder_version=&#8221;3.26.4&#8243; text_font=&#8221;|||on|||||&#8221; text_text_color=&#8221;#00cccc&#8221; text_font_size=&#8221;18px&#8221;]<\/p>\n<p><span class=\"tlid-translation translation\" lang=\"en\"><span class=\"\" title=\"\">Friday, 20 October, 2017 &#8211; 5:30 to 6 pm<\/span><\/span><\/p>\n<p>[\/et_pb_text][et_pb_text _builder_version=&#8221;3.26.4&#8243;]<\/p>\n<h2 class=\"entry-titre\">Congr\u00e8s des psychanalystes lacaniens d\u2019Am\u00e9rique Latine, Rio de Janeiro<\/h2>\n<p>[\/et_pb_text][et_pb_text _builder_version=&#8221;3.26.4&#8243;]Tamara Landau participe au congr\u00e8s des psychanalystes lacaniens d\u2019Am\u00e9rique Latine qui a lieu \u00e0 Rio de Janeiro. Elle va pr\u00e9senter son expos\u00e9 \u00ab Concept d\u2019enclave et fantasme primordial de l\u2019arbre renvers\u00e9 \u00bb dans la salle Guaratiba.[\/et_pb_text][\/et_pb_column][et_pb_column type=&#8221;1_3&#8243; _builder_version=&#8221;3.26.4&#8243;][et_pb_text _builder_version=&#8221;3.26.4&#8243; background_color=&#8221;rgba(0,0,0,0)&#8221; border_width_top=&#8221;1px&#8221; border_color_top=&#8221;#d7f9ee&#8221; custom_padding=&#8221;10px|10px|5px|10px|false|true&#8221;]Reuni\u00e3o Lacanoamerica de Psican\u00e1lise &#8211; <strong>LacanoRio 2017<\/strong><br \/>\nRio Othon Palace<br \/>\n<span class=\"tlid-translation translation\" lang=\"en\"><span class=\"\" title=\"\">from 18 to 21 october 2017<\/span><\/span><br \/>\n<a href=\"https:\/\/www.facebook.com\/LacanoRio\/\">https:\/\/www.facebook.com\/LacanoRio\/<\/a>[\/et_pb_text][\/et_pb_column][\/et_pb_row][\/et_pb_section][et_pb_section fb_built=&#8221;1&#8243; _builder_version=&#8221;3.26.4&#8243; border_width_bottom=&#8221;1px&#8221; border_color_bottom=&#8221;#d7f9ee&#8221; box_shadow_style=&#8221;preset3&#8243; box_shadow_color=&#8221;#d7f9ee&#8221; custom_padding=&#8221;40px||16px|||&#8221; locked=&#8221;off&#8221;][et_pb_row column_structure=&#8221;2_3,1_3&#8243; custom_padding=&#8221;3px||8px|||&#8221; custom_margin=&#8221;|auto|-6px|50px||&#8221; _builder_version=&#8221;3.26.4&#8243; min_height=&#8221;179px&#8221;][et_pb_column type=&#8221;2_3&#8243; _builder_version=&#8221;3.26.4&#8243;][et_pb_text _builder_version=&#8221;3.26.4&#8243; text_font=&#8221;|||on|||||&#8221; text_text_color=&#8221;#00cccc&#8221; text_font_size=&#8221;18px&#8221;]<\/p>\n<p><span class=\"tlid-translation translation\" lang=\"en\"><span class=\"\" title=\"\">Friday, 7 April, 2017<\/span><\/span><\/p>\n<p>[\/et_pb_text][et_pb_text _builder_version=&#8221;3.26.4&#8243;]<\/p>\n<h2 class=\"entry-titre\">USAL Universidad del Salvador<\/h2>\n<p>[\/et_pb_text][et_pb_text _builder_version=&#8221;3.26.4&#8243;]Tamara Landau was invited by <strong>Gabriela Renault<\/strong>, dean of the Psychology Faculty of Salvador University in Buenos Aires, and by professor <strong>Moty Benyacar<\/strong>, director of doctoral research of the psychoanalysis department, to hold a conference on <strong>\u201cThe Prenatal Origins of Several Mental Pathologies, Including Anorexia and Bulimia\u201d<\/strong>.[\/et_pb_text][\/et_pb_column][et_pb_column type=&#8221;1_3&#8243; _builder_version=&#8221;3.26.4&#8243;][et_pb_text _builder_version=&#8221;3.26.4&#8243; background_color=&#8221;rgba(0,0,0,0)&#8221; border_width_top=&#8221;1px&#8221; border_color_top=&#8221;#d7f9ee&#8221; custom_padding=&#8221;10px|10px|5px|10px|false|true&#8221;]Grupo de Investigaci\u00f2n en Psicoan\u00e1lisis y\/o Lo Disruptivo para el Doctorado en Psicologia, dirigido por el Prof. Dr. Moty Benyakar M.D. Ph.D.[\/et_pb_text][et_pb_image src=&#8221;https:\/\/tamara-landau.net\/wp-content\/uploads\/2019\/11\/IMG-TL-07042017.jpg&#8221; show_in_lightbox=&#8221;on&#8221; _builder_version=&#8221;3.26.4&#8243;][\/et_pb_image][\/et_pb_column][\/et_pb_row][\/et_pb_section][et_pb_section fb_built=&#8221;1&#8243; _builder_version=&#8221;3.26.4&#8243; border_width_bottom=&#8221;1px&#8221; border_color_bottom=&#8221;#d7f9ee&#8221; box_shadow_style=&#8221;preset3&#8243; box_shadow_color=&#8221;#d7f9ee&#8221; custom_padding=&#8221;40px||16px|||&#8221; locked=&#8221;off&#8221;][et_pb_row column_structure=&#8221;2_3,1_3&#8243; custom_padding=&#8221;3px||8px|||&#8221; custom_margin=&#8221;|auto|-6px|50px||&#8221; _builder_version=&#8221;3.26.4&#8243; min_height=&#8221;179px&#8221;][et_pb_column type=&#8221;2_3&#8243; _builder_version=&#8221;3.26.4&#8243;][et_pb_text _builder_version=&#8221;3.26.4&#8243; text_font=&#8221;|||on|||||&#8221; text_text_color=&#8221;#00cccc&#8221; text_font_size=&#8221;18px&#8221;]<\/p>\n<p><span class=\"tlid-translation translation\" lang=\"en\"><span class=\"\" title=\"\">Monday, 3 April, 2017<\/span><\/span><\/p>\n<p>[\/et_pb_text][et_pb_text _builder_version=&#8221;3.26.4&#8243;]<\/p>\n<h2 class=\"entry-titre\">Fondaci\u00f3n Creavida, Buenos Aires<\/h2>\n<p>[\/et_pb_text][et_pb_text _builder_version=&#8221;3.26.4&#8243;]Tamara Landau was invited by <strong>Jaqui Zieler<\/strong>, founder of the Creavida Association of a Buenos Aires, to hold a conference on <strong>\u201cHow to Imagine a Blue House?\u201d<\/strong>, i.e. how to conceive work on preventing psychic disorders in young children while preparing for delivery during pregnancy. Creavida Foundation, St Isidoro, Buenos Aires.[\/et_pb_text][\/et_pb_column][et_pb_column type=&#8221;1_3&#8243; _builder_version=&#8221;3.26.4&#8243;][et_pb_text _builder_version=&#8221;3.26.4&#8243; background_color=&#8221;rgba(0,0,0,0)&#8221; border_width_top=&#8221;1px&#8221; border_color_top=&#8221;#d7f9ee&#8221; custom_padding=&#8221;10px|10px|5px|10px|false|true&#8221;]Fondaci\u00f3n Creavida, San Isidoro, Buenos Aires.[\/et_pb_text][et_pb_image src=&#8221;https:\/\/tamara-landau.net\/wp-content\/uploads\/2019\/11\/Buenos-Aires-2017.jpg&#8221; show_in_lightbox=&#8221;on&#8221; _builder_version=&#8221;3.26.4&#8243;][\/et_pb_image][\/et_pb_column][\/et_pb_row][\/et_pb_section][et_pb_section fb_built=&#8221;1&#8243; _builder_version=&#8221;3.26.4&#8243; border_width_bottom=&#8221;1px&#8221; border_color_bottom=&#8221;#d7f9ee&#8221; box_shadow_style=&#8221;preset3&#8243; box_shadow_color=&#8221;#d7f9ee&#8221; custom_padding=&#8221;40px||16px|||&#8221; locked=&#8221;off&#8221;][et_pb_row column_structure=&#8221;2_3,1_3&#8243; custom_padding=&#8221;3px||8px|||&#8221; custom_margin=&#8221;|auto|-6px|50px||&#8221; _builder_version=&#8221;3.26.4&#8243; min_height=&#8221;179px&#8221;][et_pb_column type=&#8221;2_3&#8243; _builder_version=&#8221;3.26.4&#8243;][et_pb_text _builder_version=&#8221;3.26.4&#8243; text_font=&#8221;|||on|||||&#8221; text_text_color=&#8221;#00cccc&#8221; text_font_size=&#8221;18px&#8221;]<\/p>\n<p><span class=\"tlid-translation translation\" lang=\"en\"><span class=\"\" title=\"\">Sunday, 2 April, 2017<\/span><\/span><\/p>\n<p>[\/et_pb_text][et_pb_text _builder_version=&#8221;3.26.4&#8243;]<\/p>\n<h2 class=\"entry-titre\">Encounter &#8211; Buenos Aires, Argentina<\/h2>\n<p>[\/et_pb_text][et_pb_text _builder_version=&#8221;3.26.4&#8243;]Buenos Aires <strong>publisher Ricardo Vergara<\/strong> invited Tamara Landau to hold a talk on the concept of enclave, as the origin of several mental pathologies, Buenos Aires, Barrio de Colegiales.[\/et_pb_text][\/et_pb_column][et_pb_column type=&#8221;1_3&#8243; _builder_version=&#8221;3.26.4&#8243;][et_pb_text _builder_version=&#8221;3.26.4&#8243; background_color=&#8221;rgba(0,0,0,0)&#8221; border_width_top=&#8221;1px&#8221; border_color_top=&#8221;#d7f9ee&#8221; custom_padding=&#8221;10px|10px|5px|10px|false|true&#8221;]Buenos Aires, Barrio de Colegiales, Torres de Cramer y Santos Dumont.[\/et_pb_text][et_pb_image src=&#8221;https:\/\/tamara-landau.net\/wp-content\/uploads\/2019\/11\/BBAA_2017.jpg&#8221; show_in_lightbox=&#8221;on&#8221; _builder_version=&#8221;3.26.4&#8243;][\/et_pb_image][\/et_pb_column][\/et_pb_row][\/et_pb_section][et_pb_section fb_built=&#8221;1&#8243; _builder_version=&#8221;3.26.4&#8243; border_width_bottom=&#8221;1px&#8221; border_color_bottom=&#8221;#d7f9ee&#8221; box_shadow_style=&#8221;preset3&#8243; box_shadow_color=&#8221;#d7f9ee&#8221; custom_padding=&#8221;40px||16px|||&#8221; locked=&#8221;off&#8221;][et_pb_row column_structure=&#8221;2_3,1_3&#8243; custom_padding=&#8221;3px||8px|||&#8221; custom_margin=&#8221;|auto|-6px|50px||&#8221; _builder_version=&#8221;3.26.4&#8243; min_height=&#8221;179px&#8221;][et_pb_column type=&#8221;2_3&#8243; _builder_version=&#8221;3.26.4&#8243;][et_pb_text _builder_version=&#8221;3.26.4&#8243; text_font=&#8221;|||on|||||&#8221; text_text_color=&#8221;#00cccc&#8221; text_font_size=&#8221;18px&#8221;]<\/p>\n<p><span class=\"tlid-translation translation\" lang=\"en\"><span class=\"\" title=\"\">Saturday, 25 February, 2017<\/span><\/span><\/p>\n<p>[\/et_pb_text][et_pb_text _builder_version=&#8221;3.26.4&#8243;]<\/p>\n<h2 class=\"entry-titre\">Soci\u00e9t\u00e9 de Psychanalyse Freudienne on the concept of enclave<\/h2>\n<p>[\/et_pb_text][et_pb_text _builder_version=&#8221;3.26.4&#8243;]Tamara Landau has organised a <strong>study meeting at the Soci\u00e9t\u00e9 de Psychanalyse Freudienne on the concept of enclave in psychoanalytic clinical practice.<\/strong> Several analysts, who took part in the Paris and Italy meetings will participate.<br \/>\nWith contributions from <strong>Pietro Andujar, Bice Benvenuto, Gianluca Caldana, Caroline Gillier, Fran\u00e7ois Lamour,Touria Mignotte and the participation of Elsa Carvalho, Catherine Lemoine, Marie-Christine Moulier, Maryvonne Paul, Monique Zerbib.<\/strong><br \/>\nScreening of a video by Tamara Landau.[\/et_pb_text][\/et_pb_column][et_pb_column type=&#8221;1_3&#8243; _builder_version=&#8221;3.26.4&#8243;][et_pb_text _builder_version=&#8221;3.26.4&#8243; background_color=&#8221;rgba(0,0,0,0)&#8221; border_width_top=&#8221;1px&#8221; border_color_top=&#8221;#d7f9ee&#8221; custom_padding=&#8221;10px|10px|5px|10px|false|true&#8221;]SPF<br \/>\nSoci\u00e9t\u00e9 de Psychanalyse Freudienne, Paris<br \/>\n<a href=\"https:\/\/www.spf.asso.fr\">www.spf.asso.fr<\/a>[\/et_pb_text][et_pb_image src=&#8221;https:\/\/tamara-landau.net\/wp-content\/uploads\/2019\/11\/IMG_25-02-2017.jpg&#8221; show_in_lightbox=&#8221;on&#8221; _builder_version=&#8221;3.26.4&#8243;][\/et_pb_image][\/et_pb_column][\/et_pb_row][\/et_pb_section][et_pb_section fb_built=&#8221;1&#8243; _builder_version=&#8221;3.26.4&#8243; border_width_bottom=&#8221;1px&#8221; border_color_bottom=&#8221;#d7f9ee&#8221; box_shadow_style=&#8221;preset3&#8243; box_shadow_color=&#8221;#d7f9ee&#8221; custom_padding=&#8221;40px||16px|||&#8221; locked=&#8221;off&#8221;][et_pb_row column_structure=&#8221;2_3,1_3&#8243; custom_padding=&#8221;3px||8px|||&#8221; custom_margin=&#8221;|auto|-6px|50px||&#8221; _builder_version=&#8221;3.26.4&#8243; min_height=&#8221;179px&#8221;][et_pb_column type=&#8221;2_3&#8243; _builder_version=&#8221;3.26.4&#8243;][et_pb_text _builder_version=&#8221;3.26.4&#8243; text_font=&#8221;|||on|||||&#8221; text_text_color=&#8221;#00cccc&#8221; text_font_size=&#8221;18px&#8221;]<\/p>\n<p><span class=\"tlid-translation translation\" lang=\"en\"><span class=\"\" title=\"\">Saturday, 25 February, 2017. from 6pm<\/span><\/span><\/p>\n<p>[\/et_pb_text][et_pb_text _builder_version=&#8221;3.26.4&#8243;]<\/p>\n<h2 class=\"entry-titre\">Jean-Pierre Landau &#8220;Carnet d\u2019un psychanalyste&#8221;<\/h2>\n<p>[\/et_pb_text][et_pb_text _builder_version=&#8221;3.26.4&#8243;]Vernissage of the personal exhibition by Jean-Pierre Landau <strong>&#8220;A psychoanalyst\u2019s notebook&#8221;<\/strong> at the Soci\u00e9t\u00e9 de Psychanalyse Freudienne,\u00a0 Paris.<br \/>\nL\u2019exposition aura lieu du 25 f\u00e9vrier au 5 mars.<br \/>\nFinissage dimanche 5 mars \u00e0 partir de 18h.[\/et_pb_text][et_pb_text _builder_version=&#8221;3.26.4&#8243; background_color=&#8221;rgba(0,0,0,0)&#8221; border_width_top=&#8221;1px&#8221; border_color_top=&#8221;#d7f9ee&#8221; custom_padding=&#8221;10px|10px|5px|10px|false|true&#8221;]Soci\u00e9t\u00e9 de Psychanalyse Freudienne<br \/>\n23 rue Campagne-Premi\u00e8re Paris 75014[\/et_pb_text][\/et_pb_column][et_pb_column type=&#8221;1_3&#8243; _builder_version=&#8221;3.26.4&#8243;][et_pb_image src=&#8221;https:\/\/tamara-landau.net\/wp-content\/uploads\/2019\/11\/jean-pierre-landau_carnet-psychanalsyte_2017.jpg&#8221; show_in_lightbox=&#8221;on&#8221; _builder_version=&#8221;3.26.4&#8243;][\/et_pb_image][\/et_pb_column][\/et_pb_row][\/et_pb_section][et_pb_section fb_built=&#8221;1&#8243; fullwidth=&#8221;on&#8221; _builder_version=&#8221;3.26.4&#8243; background_color=&#8221;#ffffff&#8221; border_width_bottom=&#8221;1px&#8221; border_color_bottom=&#8221;#d7f9ee&#8221; custom_padding=&#8221;5px||16px|||&#8221; locked=&#8221;off&#8221;][et_pb_fullwidth_menu menu_id=&#8221;36&#8243; active_link_color=&#8221;#0068d8&#8243; dropdown_menu_text_color=&#8221;#0068d8&#8243; _builder_version=&#8221;3.26.4&#8243; background_color=&#8221;rgba(0,0,0,0)&#8221; border_color_bottom=&#8221;#d7f9ee&#8221; custom_margin=&#8221;||-10px|||&#8221;][\/et_pb_fullwidth_menu][\/et_pb_section]<\/p>\n","protected":false},"excerpt":{"rendered":"<p>[et_pb_section fb_built=&#8221;1&#8243; fullwidth=&#8221;on&#8221; _builder_version=&#8221;3.26.4&#8243; background_color=&#8221;#fcfaf6&#8243;][et_pb_fullwidth_header title=&#8221;Tamara Landau&#8221; subhead=&#8221;News 2017&#8243; _builder_version=&#8221;3.26.4&#8243; title_font=&#8221;||||||||&#8221; title_text_color=&#8221;#00cccc&#8221; title_font_size=&#8221;25px&#8221; subhead_font=&#8221;||||||||&#8221; subhead_text_color=&#8221;#0068d8&#8243; subhead_font_size=&#8221;24px&#8221; background_color=&#8221;#fbfaf5&#8243; border_color_all=&#8221;#ffffff&#8221; border_color_bottom=&#8221;#00cccc&#8221; border_style_bottom=&#8221;dotted&#8221; background_layout=&#8221;light&#8221; custom_padding=&#8221;25px||6px|||&#8221;][\/et_pb_fullwidth_header][\/et_pb_section][et_pb_section fb_built=&#8221;1&#8243; fullwidth=&#8221;on&#8221; _builder_version=&#8221;3.26.4&#8243; background_color=&#8221;#ffffff&#8221; border_width_bottom=&#8221;1px&#8221; border_color_bottom=&#8221;#d7f9ee&#8221; custom_padding=&#8221;5px||16px|||&#8221; locked=&#8221;off&#8221;][et_pb_fullwidth_menu menu_id=&#8221;36&#8243; active_link_color=&#8221;#0068d8&#8243; dropdown_menu_text_color=&#8221;#0068d8&#8243; _builder_version=&#8221;3.26.4&#8243; background_color=&#8221;rgba(0,0,0,0)&#8221; border_color_bottom=&#8221;#d7f9ee&#8221; custom_margin=&#8221;||-10px|||&#8221;][\/et_pb_fullwidth_menu][\/et_pb_section][et_pb_section fb_built=&#8221;1&#8243; _builder_version=&#8221;3.26.4&#8243; border_width_bottom=&#8221;1px&#8221; border_color_bottom=&#8221;#d7f9ee&#8221; box_shadow_style=&#8221;preset3&#8243; box_shadow_color=&#8221;#d7f9ee&#8221; custom_padding=&#8221;40px||16px|||&#8221; locked=&#8221;off&#8221;][et_pb_row column_structure=&#8221;2_3,1_3&#8243; custom_padding=&#8221;3px||8px|||&#8221; custom_margin=&#8221;|auto|-6px|50px||&#8221; _builder_version=&#8221;3.26.4&#8243; min_height=&#8221;179px&#8221;][et_pb_column type=&#8221;2_3&#8243; _builder_version=&#8221;3.26.4&#8243;][et_pb_text _builder_version=&#8221;3.26.4&#8243; text_font=&#8221;|||on|||||&#8221; text_text_color=&#8221;#00cccc&#8221; [&hellip;]<\/p>\n","protected":false},"author":1,"featured_media":0,"parent":0,"menu_order":0,"comment_status":"closed","ping_status":"closed","template":"","meta":{"_et_pb_use_builder":"on","_et_pb_old_content":"<!-- wp:divi\/placeholder \/-->","_et_gb_content_width":""},"yoast_head":"<!-- This site is optimized with the Yoast SEO plugin v20.3 - https:\/\/yoast.com\/wordpress\/plugins\/seo\/ -->\n<title>News 2017 | Tamara Landau<\/title>\n<meta name=\"robots\" content=\"index, follow, max-snippet:-1, max-image-preview:large, max-video-preview:-1\" \/>\n<link rel=\"canonical\" href=\"https:\/\/tamara-landau.net\/en\/news-2017\/\" \/>\n<meta property=\"og:locale\" content=\"en_US\" \/>\n<meta property=\"og:type\" content=\"article\" \/>\n<meta property=\"og:title\" content=\"News 2017 | Tamara Landau\" \/>\n<meta property=\"og:description\" content=\"[et_pb_section fb_built=&#8221;1&#8243; fullwidth=&#8221;on&#8221; _builder_version=&#8221;3.26.4&#8243; background_color=&#8221;#fcfaf6&#8243;][et_pb_fullwidth_header title=&#8221;Tamara Landau&#8221; subhead=&#8221;News 2017&#8243; _builder_version=&#8221;3.26.4&#8243; title_font=&#8221;||||||||&#8221; title_text_color=&#8221;#00cccc&#8221; title_font_size=&#8221;25px&#8221; subhead_font=&#8221;||||||||&#8221; subhead_text_color=&#8221;#0068d8&#8243; subhead_font_size=&#8221;24px&#8221; background_color=&#8221;#fbfaf5&#8243; border_color_all=&#8221;#ffffff&#8221; border_color_bottom=&#8221;#00cccc&#8221; border_style_bottom=&#8221;dotted&#8221; background_layout=&#8221;light&#8221; custom_padding=&#8221;25px||6px|||&#8221;][\/et_pb_fullwidth_header][\/et_pb_section][et_pb_section fb_built=&#8221;1&#8243; fullwidth=&#8221;on&#8221; _builder_version=&#8221;3.26.4&#8243; background_color=&#8221;#ffffff&#8221; border_width_bottom=&#8221;1px&#8221; border_color_bottom=&#8221;#d7f9ee&#8221; custom_padding=&#8221;5px||16px|||&#8221; locked=&#8221;off&#8221;][et_pb_fullwidth_menu menu_id=&#8221;36&#8243; active_link_color=&#8221;#0068d8&#8243; dropdown_menu_text_color=&#8221;#0068d8&#8243; _builder_version=&#8221;3.26.4&#8243; background_color=&#8221;rgba(0,0,0,0)&#8221; border_color_bottom=&#8221;#d7f9ee&#8221; custom_margin=&#8221;||-10px|||&#8221;][\/et_pb_fullwidth_menu][\/et_pb_section][et_pb_section fb_built=&#8221;1&#8243; _builder_version=&#8221;3.26.4&#8243; border_width_bottom=&#8221;1px&#8221; border_color_bottom=&#8221;#d7f9ee&#8221; box_shadow_style=&#8221;preset3&#8243; box_shadow_color=&#8221;#d7f9ee&#8221; custom_padding=&#8221;40px||16px|||&#8221; locked=&#8221;off&#8221;][et_pb_row column_structure=&#8221;2_3,1_3&#8243; custom_padding=&#8221;3px||8px|||&#8221; custom_margin=&#8221;|auto|-6px|50px||&#8221; _builder_version=&#8221;3.26.4&#8243; min_height=&#8221;179px&#8221;][et_pb_column type=&#8221;2_3&#8243; _builder_version=&#8221;3.26.4&#8243;][et_pb_text _builder_version=&#8221;3.26.4&#8243; text_font=&#8221;|||on|||||&#8221; text_text_color=&#8221;#00cccc&#8221; [&hellip;]\" \/>\n<meta property=\"og:url\" content=\"https:\/\/tamara-landau.net\/en\/news-2017\/\" \/>\n<meta property=\"og:site_name\" content=\"Tamara Landau\" \/>\n<meta property=\"article:modified_time\" content=\"2019-12-12T10:39:23+00:00\" \/>\n<meta name=\"twitter:card\" content=\"summary_large_image\" \/>\n<meta name=\"twitter:label1\" content=\"Est. reading time\" \/>\n\t<meta name=\"twitter:data1\" content=\"10 minutes\" \/>\n<script type=\"application\/ld+json\" class=\"yoast-schema-graph\">{\"@context\":\"https:\/\/schema.org\",\"@graph\":[{\"@type\":\"WebPage\",\"@id\":\"https:\/\/tamara-landau.net\/en\/news-2017\/\",\"url\":\"https:\/\/tamara-landau.net\/en\/news-2017\/\",\"name\":\"News 2017 | Tamara Landau\",\"isPartOf\":{\"@id\":\"https:\/\/tamara-landau.net\/#website\"},\"datePublished\":\"2019-11-23T19:34:40+00:00\",\"dateModified\":\"2019-12-12T10:39:23+00:00\",\"breadcrumb\":{\"@id\":\"https:\/\/tamara-landau.net\/en\/news-2017\/#breadcrumb\"},\"inLanguage\":\"en-US\",\"potentialAction\":[{\"@type\":\"ReadAction\",\"target\":[\"https:\/\/tamara-landau.net\/en\/news-2017\/\"]}]},{\"@type\":\"BreadcrumbList\",\"@id\":\"https:\/\/tamara-landau.net\/en\/news-2017\/#breadcrumb\",\"itemListElement\":[{\"@type\":\"ListItem\",\"position\":1,\"name\":\"Accueil\",\"item\":\"https:\/\/tamara-landau.net\/en\/tamara-landau-psychoanalyst-and-sculptor\/\"},{\"@type\":\"ListItem\",\"position\":2,\"name\":\"News 2017\"}]},{\"@type\":\"WebSite\",\"@id\":\"https:\/\/tamara-landau.net\/#website\",\"url\":\"https:\/\/tamara-landau.net\/\",\"name\":\"Tamara Landau\",\"description\":\"psychanalyste et sculptrice\",\"potentialAction\":[{\"@type\":\"SearchAction\",\"target\":{\"@type\":\"EntryPoint\",\"urlTemplate\":\"https:\/\/tamara-landau.net\/?s={search_term_string}\"},\"query-input\":\"required name=search_term_string\"}],\"inLanguage\":\"en-US\"}]}<\/script>\n<!-- \/ Yoast SEO plugin. -->","yoast_head_json":{"title":"News 2017 | Tamara Landau","robots":{"index":"index","follow":"follow","max-snippet":"max-snippet:-1","max-image-preview":"max-image-preview:large","max-video-preview":"max-video-preview:-1"},"canonical":"https:\/\/tamara-landau.net\/en\/news-2017\/","og_locale":"en_US","og_type":"article","og_title":"News 2017 | Tamara Landau","og_description":"[et_pb_section fb_built=&#8221;1&#8243; fullwidth=&#8221;on&#8221; _builder_version=&#8221;3.26.4&#8243; background_color=&#8221;#fcfaf6&#8243;][et_pb_fullwidth_header title=&#8221;Tamara Landau&#8221; subhead=&#8221;News 2017&#8243; _builder_version=&#8221;3.26.4&#8243; title_font=&#8221;||||||||&#8221; title_text_color=&#8221;#00cccc&#8221; title_font_size=&#8221;25px&#8221; subhead_font=&#8221;||||||||&#8221; subhead_text_color=&#8221;#0068d8&#8243; subhead_font_size=&#8221;24px&#8221; background_color=&#8221;#fbfaf5&#8243; border_color_all=&#8221;#ffffff&#8221; border_color_bottom=&#8221;#00cccc&#8221; border_style_bottom=&#8221;dotted&#8221; background_layout=&#8221;light&#8221; custom_padding=&#8221;25px||6px|||&#8221;][\/et_pb_fullwidth_header][\/et_pb_section][et_pb_section fb_built=&#8221;1&#8243; fullwidth=&#8221;on&#8221; _builder_version=&#8221;3.26.4&#8243; background_color=&#8221;#ffffff&#8221; border_width_bottom=&#8221;1px&#8221; border_color_bottom=&#8221;#d7f9ee&#8221; custom_padding=&#8221;5px||16px|||&#8221; locked=&#8221;off&#8221;][et_pb_fullwidth_menu menu_id=&#8221;36&#8243; active_link_color=&#8221;#0068d8&#8243; dropdown_menu_text_color=&#8221;#0068d8&#8243; _builder_version=&#8221;3.26.4&#8243; background_color=&#8221;rgba(0,0,0,0)&#8221; border_color_bottom=&#8221;#d7f9ee&#8221; custom_margin=&#8221;||-10px|||&#8221;][\/et_pb_fullwidth_menu][\/et_pb_section][et_pb_section fb_built=&#8221;1&#8243; _builder_version=&#8221;3.26.4&#8243; border_width_bottom=&#8221;1px&#8221; border_color_bottom=&#8221;#d7f9ee&#8221; box_shadow_style=&#8221;preset3&#8243; box_shadow_color=&#8221;#d7f9ee&#8221; custom_padding=&#8221;40px||16px|||&#8221; locked=&#8221;off&#8221;][et_pb_row column_structure=&#8221;2_3,1_3&#8243; custom_padding=&#8221;3px||8px|||&#8221; custom_margin=&#8221;|auto|-6px|50px||&#8221; _builder_version=&#8221;3.26.4&#8243; min_height=&#8221;179px&#8221;][et_pb_column type=&#8221;2_3&#8243; _builder_version=&#8221;3.26.4&#8243;][et_pb_text _builder_version=&#8221;3.26.4&#8243; text_font=&#8221;|||on|||||&#8221; text_text_color=&#8221;#00cccc&#8221; [&hellip;]","og_url":"https:\/\/tamara-landau.net\/en\/news-2017\/","og_site_name":"Tamara Landau","article_modified_time":"2019-12-12T10:39:23+00:00","twitter_card":"summary_large_image","twitter_misc":{"Est. reading time":"10 minutes"},"schema":{"@context":"https:\/\/schema.org","@graph":[{"@type":"WebPage","@id":"https:\/\/tamara-landau.net\/en\/news-2017\/","url":"https:\/\/tamara-landau.net\/en\/news-2017\/","name":"News 2017 | Tamara Landau","isPartOf":{"@id":"https:\/\/tamara-landau.net\/#website"},"datePublished":"2019-11-23T19:34:40+00:00","dateModified":"2019-12-12T10:39:23+00:00","breadcrumb":{"@id":"https:\/\/tamara-landau.net\/en\/news-2017\/#breadcrumb"},"inLanguage":"en-US","potentialAction":[{"@type":"ReadAction","target":["https:\/\/tamara-landau.net\/en\/news-2017\/"]}]},{"@type":"BreadcrumbList","@id":"https:\/\/tamara-landau.net\/en\/news-2017\/#breadcrumb","itemListElement":[{"@type":"ListItem","position":1,"name":"Accueil","item":"https:\/\/tamara-landau.net\/en\/tamara-landau-psychoanalyst-and-sculptor\/"},{"@type":"ListItem","position":2,"name":"News 2017"}]},{"@type":"WebSite","@id":"https:\/\/tamara-landau.net\/#website","url":"https:\/\/tamara-landau.net\/","name":"Tamara Landau","description":"psychanalyste et sculptrice","potentialAction":[{"@type":"SearchAction","target":{"@type":"EntryPoint","urlTemplate":"https:\/\/tamara-landau.net\/?s={search_term_string}"},"query-input":"required name=search_term_string"}],"inLanguage":"en-US"}]}},"_links":{"self":[{"href":"https:\/\/tamara-landau.net\/en\/wp-json\/wp\/v2\/pages\/2574"}],"collection":[{"href":"https:\/\/tamara-landau.net\/en\/wp-json\/wp\/v2\/pages"}],"about":[{"href":"https:\/\/tamara-landau.net\/en\/wp-json\/wp\/v2\/types\/page"}],"author":[{"embeddable":true,"href":"https:\/\/tamara-landau.net\/en\/wp-json\/wp\/v2\/users\/1"}],"replies":[{"embeddable":true,"href":"https:\/\/tamara-landau.net\/en\/wp-json\/wp\/v2\/comments?post=2574"}],"version-history":[{"count":3,"href":"https:\/\/tamara-landau.net\/en\/wp-json\/wp\/v2\/pages\/2574\/revisions"}],"predecessor-version":[{"id":2931,"href":"https:\/\/tamara-landau.net\/en\/wp-json\/wp\/v2\/pages\/2574\/revisions\/2931"}],"wp:attachment":[{"href":"https:\/\/tamara-landau.net\/en\/wp-json\/wp\/v2\/media?parent=2574"}],"curies":[{"name":"wp","href":"https:\/\/api.w.org\/{rel}","templated":true}]}}