{"id":2465,"date":"2019-11-22T20:53:41","date_gmt":"2019-11-22T20:53:41","guid":{"rendered":"https:\/\/tamara-landau.net\/news-2019\/"},"modified":"2020-10-18T21:20:08","modified_gmt":"2020-10-18T21:20:08","slug":"news-2019","status":"publish","type":"page","link":"https:\/\/tamara-landau.net\/en\/news-2019\/","title":{"rendered":"News 2019"},"content":{"rendered":"<p>[et_pb_section fb_built=&#8221;1&#8243; fullwidth=&#8221;on&#8221; _builder_version=&#8221;3.26.4&#8243; background_color=&#8221;#fcfaf6&#8243; locked=&#8221;off&#8221;][et_pb_fullwidth_header title=&#8221;Tamara Landau&#8221; subhead=&#8221;News 2019- 2020&#8243; _builder_version=&#8221;3.26.4&#8243; title_font=&#8221;||||||||&#8221; title_text_color=&#8221;#00cccc&#8221; title_font_size=&#8221;25px&#8221; subhead_font=&#8221;||||||||&#8221; subhead_text_color=&#8221;#0068d8&#8243; subhead_font_size=&#8221;24px&#8221; background_color=&#8221;#fbfaf5&#8243; background_layout=&#8221;light&#8221; custom_padding=&#8221;25px||6px|||&#8221; border_color_all=&#8221;#ffffff&#8221; border_color_bottom=&#8221;#00cccc&#8221; border_style_bottom=&#8221;dotted&#8221;][\/et_pb_fullwidth_header][\/et_pb_section][et_pb_section fb_built=&#8221;1&#8243; fullwidth=&#8221;on&#8221; _builder_version=&#8221;3.26.4&#8243; background_color=&#8221;#ffffff&#8221; custom_padding=&#8221;5px||16px|||&#8221; border_width_bottom=&#8221;1px&#8221; border_color_bottom=&#8221;#d7f9ee&#8221; saved_tabs=&#8221;all&#8221; locked=&#8221;off&#8221;][et_pb_fullwidth_menu menu_id=&#8221;36&#8243; active_link_color=&#8221;#0068d8&#8243; dropdown_menu_text_color=&#8221;#0068d8&#8243; _builder_version=&#8221;3.26.4&#8243; background_color=&#8221;rgba(0,0,0,0)&#8221; custom_margin=&#8221;||-10px|||&#8221; border_color_bottom=&#8221;#d7f9ee&#8221;][\/et_pb_fullwidth_menu][\/et_pb_section][et_pb_section fb_built=&#8221;1&#8243; _builder_version=&#8221;3.26.4&#8243; custom_padding=&#8221;40px||16px|||&#8221; border_width_bottom=&#8221;1px&#8221; border_color_bottom=&#8221;#d7f9ee&#8221; box_shadow_style=&#8221;preset3&#8243; box_shadow_color=&#8221;#d7f9ee&#8221; locked=&#8221;off&#8221;][et_pb_row column_structure=&#8221;2_3,1_3&#8243; _builder_version=&#8221;4.4.3&#8243; min_height=&#8221;179px&#8221; custom_margin=&#8221;|auto|-6px|50px||&#8221; custom_padding=&#8221;3px||8px|||&#8221;][et_pb_column type=&#8221;2_3&#8243; _builder_version=&#8221;3.26.4&#8243;][et_pb_text _builder_version=&#8221;4.4.3&#8243; text_font=&#8221;|||on|||||&#8221; text_text_color=&#8221;#00cccc&#8221; text_font_size=&#8221;18px&#8221; hover_enabled=&#8221;0&#8243; locked=&#8221;off&#8221;]<\/p>\n<p>Tuesday, 20 octobre, 2020<\/p>\n<p>[\/et_pb_text][et_pb_text _builder_version=&#8221;4.4.3&#8243; custom_margin=&#8221;-3px|||||&#8221; custom_padding=&#8221;||0px|||&#8221; locked=&#8221;off&#8221;]<\/p>\n<h2 class=\"entry-title\">Live en direct avec M\u00f4nica V\u00e9ras, Salvador &#8211; Brasil<\/h2>\n<p>[\/et_pb_text][et_pb_text _builder_version=&#8221;4.4.3&#8243; custom_padding=&#8221;0px|||||&#8221; locked=&#8221;off&#8221;]<\/p>\n<div>\n<p><strong>Dr M\u00f4nica V\u00e9ras<\/strong>, psychanalyste et directrice du NAPSI, Institution de formation psychanalytique \u00e0 Salvador de Bahia, invite Tamara Landau pour un Live le 20 octobre 2020 en direct \u00e0 11h (Salvador do Brasil) &#8211; 16h (Paris).<\/p>\n<\/div>\n<div>Th\u00e8me : <strong><span class=\"gmail-tlid-translation gmail-translation\" tabindex=\"-1\" lang=\"fr\"><span title=\"\" class=\"gmail-\">&#8220;La souffrance psychologique de la vie foetale&#8221;<\/span><\/span><\/strong><\/div>\n<p><strong><\/strong><\/p>\n<p>[\/et_pb_text][et_pb_text _builder_version=&#8221;4.4.3&#8243; background_color=&#8221;rgba(0,0,0,0)&#8221; custom_padding=&#8221;10px|10px|5px|10px|false|true&#8221; border_width_top=&#8221;1px&#8221; border_color_top=&#8221;#d7f9ee&#8221; locked=&#8221;off&#8221;]<\/p>\n<p><span class=\"gmail-tlid-translation gmail-translation\" lang=\"fr\" tabindex=\"-1\"><span title=\"\" class=\"gmail-\"><a href=\"https:\/\/www.youtube.com\/c\/M%C3%B4nicaV%C3%A9rasPsicanalista\/featured\">Youtube M\u00f4nica V\u00e9ras Psicanalista<\/a><\/span><\/span><\/p>\n<p>En direct le 20 octobre \u00e0 <strong>11h Salvador do Brasil<\/strong> &#8211; 16h \u00e0 Paris.<\/p>\n<p>[\/et_pb_text][\/et_pb_column][et_pb_column type=&#8221;1_3&#8243; _builder_version=&#8221;3.26.4&#8243;][et_pb_image src=&#8221;https:\/\/tamara-landau.net\/wp-content\/uploads\/2020\/10\/Live-Tamara-Landau-Monica-Veras.jpg&#8221; show_in_lightbox=&#8221;on&#8221; _builder_version=&#8221;4.4.3&#8243; width=&#8221;100%&#8221; custom_padding=&#8221;10px|||0px|false|false&#8221; border_width_all=&#8221;1px&#8221; border_color_all=&#8221;#e02b20&#8243; locked=&#8221;off&#8221;][\/et_pb_image][\/et_pb_column][\/et_pb_row][\/et_pb_section][et_pb_section fb_built=&#8221;1&#8243; _builder_version=&#8221;3.26.4&#8243; custom_padding=&#8221;40px||16px|||&#8221; border_width_bottom=&#8221;1px&#8221; border_color_bottom=&#8221;#d7f9ee&#8221; box_shadow_style=&#8221;preset3&#8243; box_shadow_color=&#8221;#d7f9ee&#8221; locked=&#8221;off&#8221;][et_pb_row column_structure=&#8221;2_3,1_3&#8243; _builder_version=&#8221;3.26.4&#8243; min_height=&#8221;179px&#8221; custom_margin=&#8221;|auto|-6px|50px||&#8221; custom_padding=&#8221;3px||8px|||&#8221; locked=&#8221;off&#8221;][et_pb_column type=&#8221;2_3&#8243; _builder_version=&#8221;3.26.4&#8243;][et_pb_text _builder_version=&#8221;4.4.3&#8243; text_font=&#8221;|||on|||||&#8221; text_text_color=&#8221;#00cccc&#8221; text_font_size=&#8221;18px&#8221; locked=&#8221;off&#8221;]<\/p>\n<div class=\"text-wrap tlid-copy-target\">\n<div class=\"result-shield-container tlid-copy-target\" tabindex=\"0\"><span class=\"tlid-translation translation\" lang=\"en\"><span title=\"\" class=\"\">Saturday, 19 September, 2020, 10 a.m. to 4 p.m.<br \/> <\/span><\/span><span class=\"tlid-translation-gender-indicator translation-gender-indicator\"><\/span><\/div>\n<\/div>\n<div class=\"tlid-result-transliteration-container result-transliteration-container transliteration-container\">\n<div class=\"tlid-transliteration-content transliteration-content full\"><\/div>\n<\/div>\n<p>[\/et_pb_text][et_pb_text _builder_version=&#8221;4.4.3&#8243; custom_margin=&#8221;-3px|||||&#8221; custom_padding=&#8221;||0px|||&#8221; locked=&#8221;off&#8221;]<\/p>\n<h2 class=\"entry-title\">Meeting in Montpellier, Association Lacanienne Internationale Languedoc-Roussillon<\/h2>\n<p>[\/et_pb_text][et_pb_text _builder_version=&#8221;4.4.3&#8243; custom_padding=&#8221;0px|||||&#8221; locked=&#8221;off&#8221;]<\/p>\n<p><b>Tamara Landau<\/b> is invited by <b>Frederique F. Berger,<\/b> psychoanalyst and researcher, for a one day workshop about her latest \u00a0 book &#8220;Delivering and giving birth&#8221; at Montpellier with the Association Lacanien International (ALI) Languedoc-Roussillon.<br \/><strong><\/strong><\/p>\n<p>[\/et_pb_text][et_pb_text _builder_version=&#8221;4.0.9&#8243; background_color=&#8221;rgba(0,0,0,0)&#8221; custom_padding=&#8221;10px|10px|5px|10px|false|true&#8221; border_width_top=&#8221;1px&#8221; border_color_top=&#8221;#d7f9ee&#8221; locked=&#8221;off&#8221;]<\/p>\n<p>Association Mas des Moulins<br \/> 2452 Avenue du P\u00e8re Soulas, 34090 Montpellier<br \/> Tram 1 : Arr\u00eat Ch\u00e2teau d\u2019\u00d4.<\/p>\n<p>Contact : Fr\u00e9d\u00e9rique F. Berger &#8211;\u00a0 frederiquefberger@gmail.com<\/p>\n<p>[\/et_pb_text][\/et_pb_column][et_pb_column type=&#8221;1_3&#8243; _builder_version=&#8221;3.26.4&#8243;][et_pb_image src=&#8221;https:\/\/tamara-landau.net\/wp-content\/uploads\/2020\/07\/Tamara-Landau-ALI-LR-Rencontre-Debat.jpg&#8221; show_in_lightbox=&#8221;on&#8221; _builder_version=&#8221;4.4.3&#8243; width=&#8221;100%&#8221; custom_padding=&#8221;10px|||0px|false|false&#8221; border_width_all=&#8221;1px&#8221; border_color_all=&#8221;#e02b20&#8243; locked=&#8221;off&#8221;][\/et_pb_image][\/et_pb_column][\/et_pb_row][\/et_pb_section][et_pb_section fb_built=&#8221;1&#8243; _builder_version=&#8221;3.26.4&#8243; custom_padding=&#8221;40px||16px|||&#8221; border_width_bottom=&#8221;1px&#8221; border_color_bottom=&#8221;#d7f9ee&#8221; box_shadow_style=&#8221;preset3&#8243; box_shadow_color=&#8221;#d7f9ee&#8221; locked=&#8221;off&#8221;][et_pb_row column_structure=&#8221;2_3,1_3&#8243; _builder_version=&#8221;3.26.4&#8243; min_height=&#8221;179px&#8221; custom_margin=&#8221;|auto|-6px|50px||&#8221; custom_padding=&#8221;3px||8px|||&#8221;][et_pb_column type=&#8221;2_3&#8243; _builder_version=&#8221;3.26.4&#8243;][et_pb_text _builder_version=&#8221;3.27.4&#8243; text_font=&#8221;|||on|||||&#8221; text_text_color=&#8221;#00cccc&#8221; text_font_size=&#8221;18px&#8221; locked=&#8221;off&#8221;]<span class=\"tlid-translation translation\" lang=\"en\"><span class=\"\" title=\"\">27 February, 2020 at 9 pm<\/span><\/span>[\/et_pb_text][et_pb_text _builder_version=&#8221;3.27.4&#8243; custom_margin=&#8221;-3px|||||&#8221; custom_padding=&#8221;||0px|||&#8221; locked=&#8221;off&#8221;]<\/p>\n<h2 class=\"entry-title\">Jeudi d&#8217;Insistance &#8211; Book Presentation<\/h2>\n<p>[\/et_pb_text][et_pb_text _builder_version=&#8221;4.0.9&#8243; custom_padding=&#8221;0px|||||&#8221; locked=&#8221;off&#8221;]<strong>Presentation<\/strong> and discussion with Tamara Landau about her last book \u00a0<em>Accoucher et faire na\u00eetre.\u00a0Dialogues et s\u00e9parations durant la grossesse<\/em>, Imago, Paris, 2019 <strong>(<em>DELIVERING AND GIVING BIRTH. Dialogues and separations \u00a0during pregnancy<\/em>) at a Thursday\u2019s meeting of the movement Insistance (Art, Psychoanalysis and Politics) in Paris<\/strong>, 14 rue de Birague 75004.[\/et_pb_text][et_pb_text _builder_version=&#8221;4.0.9&#8243; background_color=&#8221;rgba(0,0,0,0)&#8221; custom_padding=&#8221;10px|10px|5px|10px|false|true&#8221; border_width_top=&#8221;1px&#8221; border_color_top=&#8221;#d7f9ee&#8221; locked=&#8221;off&#8221;]Jeudis d\u2019Insistance, Paris, 14 rue de Birague[\/et_pb_text][\/et_pb_column][et_pb_column type=&#8221;1_3&#8243; _builder_version=&#8221;3.26.4&#8243;][et_pb_image src=&#8221;https:\/\/tamara-landau.net\/wp-content\/uploads\/2020\/02\/Tamara-Landau-Jeudi-Insistance-2020.jpg&#8221; show_in_lightbox=&#8221;on&#8221; _builder_version=&#8221;4.0.9&#8243; width=&#8221;100%&#8221; custom_padding=&#8221;10px|||0px|false|false&#8221; border_width_all=&#8221;1px&#8221; border_color_all=&#8221;#e02b20&#8243; locked=&#8221;off&#8221;][\/et_pb_image][\/et_pb_column][\/et_pb_row][\/et_pb_section][et_pb_section fb_built=&#8221;1&#8243; _builder_version=&#8221;3.26.4&#8243; custom_padding=&#8221;40px||16px|||&#8221; border_width_bottom=&#8221;1px&#8221; border_color_bottom=&#8221;#d7f9ee&#8221; box_shadow_style=&#8221;preset3&#8243; box_shadow_color=&#8221;#d7f9ee&#8221; locked=&#8221;off&#8221;][et_pb_row column_structure=&#8221;2_3,1_3&#8243; _builder_version=&#8221;3.26.4&#8243; min_height=&#8221;179px&#8221; custom_margin=&#8221;|auto|-6px|50px||&#8221; custom_padding=&#8221;3px||8px|||&#8221;][et_pb_column type=&#8221;2_3&#8243; _builder_version=&#8221;3.26.4&#8243;][et_pb_text _builder_version=&#8221;4.0.9&#8243; text_font=&#8221;|||on|||||&#8221; text_text_color=&#8221;#00cccc&#8221; text_font_size=&#8221;18px&#8221; locked=&#8221;off&#8221;]<\/p>\n<p>16 february, 2020<\/p>\n<p>[\/et_pb_text][et_pb_text _builder_version=&#8221;4.0.9&#8243; custom_margin=&#8221;-3px|||||&#8221; custom_padding=&#8221;||0px|||&#8221; locked=&#8221;off&#8221;]<\/p>\n<h2 class=\"entry-title\">Rencontre avec Valerio Grassi<\/h2>\n<p>[\/et_pb_text][et_pb_text _builder_version=&#8221;4.0.9&#8243; custom_padding=&#8221;0px|||||&#8221; locked=&#8221;off&#8221;]<\/p>\n<p>Tamara Landau a rencontr\u00e9 en Italie <strong>Valerio Grassi, Senior researcher New York et CERN (Gen\u00e8ve) cochercheur de Higgs<\/strong> (Nobel) sur les bosons pour organiser un \u00e9v\u00e9nement MnemoArt (Art, Psychanalyse et Science) en 2020 \u00e0 Paris autour de son concept &#8220;\u2019arbre renvers\u00e9&#8221; entre psychanalyse et physique quantique.<\/p>\n<p>[\/et_pb_text][\/et_pb_column][et_pb_column type=&#8221;1_3&#8243; _builder_version=&#8221;3.26.4&#8243;][et_pb_image src=&#8221;https:\/\/tamara-landau.net\/wp-content\/uploads\/2020\/03\/Valerio-Grassi-Tamara-JP-Landau.jpg&#8221; show_in_lightbox=&#8221;on&#8221; _builder_version=&#8221;4.0.9&#8243;][\/et_pb_image][et_pb_text _builder_version=&#8221;4.0.9&#8243;]<\/p>\n<p>\u00e0 gauche Valerio Grassi, Tamara Landau au centre et Jean-Pierre Landau <\/p>\n<p>[\/et_pb_text][\/et_pb_column][\/et_pb_row][\/et_pb_section][et_pb_section fb_built=&#8221;1&#8243; _builder_version=&#8221;3.26.4&#8243; custom_padding=&#8221;40px||16px|||&#8221; border_width_bottom=&#8221;1px&#8221; border_color_bottom=&#8221;#d7f9ee&#8221; box_shadow_style=&#8221;preset3&#8243; box_shadow_color=&#8221;#d7f9ee&#8221; locked=&#8221;off&#8221;][et_pb_row column_structure=&#8221;2_3,1_3&#8243; _builder_version=&#8221;3.26.4&#8243; min_height=&#8221;179px&#8221; custom_margin=&#8221;|auto|-6px|50px||&#8221; custom_padding=&#8221;3px||8px|||&#8221;][et_pb_column type=&#8221;2_3&#8243; _builder_version=&#8221;3.26.4&#8243;][et_pb_text _builder_version=&#8221;3.27.4&#8243; text_font=&#8221;|||on|||||&#8221; text_text_color=&#8221;#00cccc&#8221; text_font_size=&#8221;18px&#8221; locked=&#8221;off&#8221;]<span class=\"tlid-translation translation\" lang=\"en\"><span class=\"\" title=\"\">Thursday, 16 January, 2020 at 9:15 pm<\/span><\/span>[\/et_pb_text][et_pb_text _builder_version=&#8221;3.27.4&#8243; custom_margin=&#8221;-3px|||||&#8221; custom_padding=&#8221;||0px|||&#8221; locked=&#8221;off&#8221;]<\/p>\n<h2 class=\"entry-title\">Meeting with Tamara Landau \u2013 Soci\u00e9t\u00e9 de Psychanalyse Freudienne, Paris<\/h2>\n<p>[\/et_pb_text][et_pb_text _builder_version=&#8221;4.0.9&#8243; custom_padding=&#8221;0px|||||&#8221; locked=&#8221;off&#8221;]<\/p>\n<p>Presentation and discussion with Tamara Landau about her last book <em>Accoucher et faire na\u00eetre. Dialogues et s\u00e9parations durant la grossesse<\/em>, Imago, Paris, 2019 (<strong><em>DELIVERING AND GIVING BIRTH. Dialogues and separations during pregnancy<\/em><\/strong>) at the Society of Freudian Psychoanalysis (S.P.F.) in Paris.<\/p>\n<p>SPEAKERS<br \/> <strong>Patrick Avrane<\/strong>, vice-president S.P.F., <strong>Patrick Guyomard<\/strong>, president S.P.F. and <strong>Dr. Marie-Jos\u00e9 Soubieux<\/strong>, psychoanalyst at Perinatal Center of Paris (CPBB)<\/p>\n<p>[\/et_pb_text][\/et_pb_column][et_pb_column type=&#8221;1_3&#8243; _builder_version=&#8221;3.26.4&#8243;][et_pb_image src=&#8221;https:\/\/tamara-landau.net\/wp-content\/uploads\/2019\/12\/SPF-Tamara-Landau-livre-Accoucher.jpg&#8221; show_in_lightbox=&#8221;on&#8221; _builder_version=&#8221;3.26.4&#8243;][\/et_pb_image][et_pb_text _builder_version=&#8221;4.0.9&#8243; background_color=&#8221;rgba(0,0,0,0)&#8221; custom_padding=&#8221;10px|10px|5px|10px|false|true&#8221; border_width_top=&#8221;1px&#8221; border_color_top=&#8221;#d7f9ee&#8221; locked=&#8221;off&#8221;]Soci\u00e9t\u00e9 de Psychanalyse Freudienne,<br \/>\n23, rue Campagne-Premi\u00e8re, 75014 PARIS<br \/>\n<a href=\"https:\/\/www.spf.asso.fr\/\" target=\"_blank\" rel=\"noopener noreferrer\">https:\/\/www.spf.asso.fr<\/a>[\/et_pb_text][\/et_pb_column][\/et_pb_row][\/et_pb_section][et_pb_section fb_built=&#8221;1&#8243; _builder_version=&#8221;3.26.4&#8243; custom_padding=&#8221;40px||16px|||&#8221; border_width_bottom=&#8221;1px&#8221; border_color_bottom=&#8221;#d7f9ee&#8221; box_shadow_style=&#8221;preset3&#8243; box_shadow_color=&#8221;#d7f9ee&#8221; locked=&#8221;off&#8221;][et_pb_row column_structure=&#8221;2_3,1_3&#8243; _builder_version=&#8221;3.26.4&#8243; min_height=&#8221;179px&#8221; custom_margin=&#8221;|auto|-6px|50px||&#8221; custom_padding=&#8221;3px||8px|||&#8221;][et_pb_column type=&#8221;2_3&#8243; _builder_version=&#8221;3.26.4&#8243;][et_pb_text _builder_version=&#8221;4.0.9&#8243; text_font=&#8221;|||on|||||&#8221; text_text_color=&#8221;#00cccc&#8221; text_font_size=&#8221;18px&#8221; locked=&#8221;off&#8221;]<\/p>\n<p><span class=\"tlid-translation translation\" lang=\"en\"><span title=\"\" class=\"\">Thursday, 2 January, 2020<\/span><\/span><\/p>\n<p>[\/et_pb_text][et_pb_text _builder_version=&#8221;4.0.9&#8243; custom_margin=&#8221;-3px|||||&#8221; custom_padding=&#8221;||0px|||&#8221; locked=&#8221;off&#8221;]<\/p>\n<h2 class=\"entry-title\">Meeting with Noam Sobel<\/h2>\n<p>[\/et_pb_text][et_pb_text _builder_version=&#8221;4.0.9&#8243; custom_padding=&#8221;0px|||||&#8221; locked=&#8221;off&#8221;]<\/p>\n<p>Tamara Landau rencontre <strong>Noam Sobel, chef du d\u00e9partement de neuro-biologie de l\u2019Institut Weizmann \u00e0 Rehovot<\/strong> (Isra\u00ebl) pour lui soumettre ses hypoth\u00e8ses concernant le &#8220;lien placentaire primitif&#8221;.<\/p>\n<p>[\/et_pb_text][\/et_pb_column][et_pb_column type=&#8221;1_3&#8243; _builder_version=&#8221;3.26.4&#8243;][et_pb_image src=&#8221;https:\/\/tamara-landau.net\/wp-content\/uploads\/2020\/01\/Tamara-Landau-Noam-Sobel.jpeg&#8221; url=&#8221;\/accoucher-et-faire-naitre-dialogues-et-separations-durant-la-grossesse&#8221; _builder_version=&#8221;4.0.9&#8243; width=&#8221;100%&#8221; custom_padding=&#8221;10px|||0px|false|false&#8221; locked=&#8221;off&#8221;][\/et_pb_image][\/et_pb_column][\/et_pb_row][\/et_pb_section][et_pb_section fb_built=&#8221;1&#8243; _builder_version=&#8221;3.26.4&#8243; custom_padding=&#8221;40px||16px|||&#8221; border_width_bottom=&#8221;1px&#8221; border_color_bottom=&#8221;#d7f9ee&#8221; box_shadow_style=&#8221;preset3&#8243; box_shadow_color=&#8221;#d7f9ee&#8221; locked=&#8221;off&#8221;][et_pb_row column_structure=&#8221;2_3,1_3&#8243; _builder_version=&#8221;3.26.4&#8243; min_height=&#8221;179px&#8221; custom_margin=&#8221;|auto|-6px|50px||&#8221; custom_padding=&#8221;3px||8px|||&#8221;][et_pb_column type=&#8221;2_3&#8243; _builder_version=&#8221;3.26.4&#8243;][et_pb_text _builder_version=&#8221;3.27.4&#8243; text_font=&#8221;|||on|||||&#8221; text_text_color=&#8221;#00cccc&#8221; text_font_size=&#8221;18px&#8221; locked=&#8221;off&#8221;]<span class=\"tlid-translation translation\" lang=\"en\"><span class=\"\" title=\"\">Friday, December 13, 2019 &#8211; 8:30 pm<\/span><\/span>[\/et_pb_text][et_pb_text _builder_version=&#8221;3.27.4&#8243; custom_margin=&#8221;-3px|||||&#8221; custom_padding=&#8221;||0px|||&#8221; locked=&#8221;off&#8221;]<\/p>\n<h2 class=\"entry-title\">Meeting in Tours<br \/>\n\u2013 Une Biblioth\u00e8que Pour la Psychanalyse<br \/>\n(A Library for Psychoanalysis)<\/h2>\n<p>[\/et_pb_text][et_pb_text _builder_version=&#8221;4.4.3&#8243; custom_padding=&#8221;0px|||||&#8221; locked=&#8221;off&#8221;]<strong>Marta Pepe<\/strong> and the association <em>Une Biblioth\u00e8que pour la Psychanalyse<\/em> are inviting Tamara LANDAU to a lecture entitled <strong><em>How to Avert a Number of Diseases in the Child, Adolescent and Adult during Pregnancy.<\/em><\/strong><\/p>\n<div class=\"text-wrap tlid-copy-target\">\n<div class=\"result-shield-container tlid-copy-target\" tabindex=\"0\"><span class=\"tlid-translation translation\" lang=\"en\"><span title=\"\" class=\"\">with the participation of <\/span><\/span><span class=\"tlid-translation-gender-indicator translation-gender-indicator\"><\/span><span class=\"tlid-trans-verified-button trans-verified-button\" role=\"button\"><\/span><strong>Mrs Cl\u00e9op\u00e2tre Athanassiou-Popesco<\/strong>,<span color=\"#808080\"> <span class=\"tlid-translation translation\" lang=\"en\"><span title=\"\" class=\"\">child psychoanalyst, member of the <\/span><\/span>SPP (Soci\u00e9t\u00e9<\/span>\u00a0Psychanalytique de Paris).<\/div>\n<\/div>\n<p><span style=\"color: #808080;\"><span style=\"font-size: small;\">To the left <strong>Dr. Marta Pepe<\/strong>, center <strong>Tamara Landau<\/strong> , right, <strong>Mrs Cl\u00e9op\u00e2tre Athanassiou-Popesco<\/strong><\/span><\/span><\/p>\n<\/div>\n<\/div>\n<p>[\/et_pb_text][et_pb_image src=&#8221;https:\/\/tamara-landau.net\/wp-content\/uploads\/2019\/12\/Tours-2019-.jpeg&#8221; _builder_version=&#8221;4.0.9&#8243;][\/et_pb_image][\/et_pb_column][et_pb_column type=&#8221;1_3&#8243; _builder_version=&#8221;3.26.4&#8243;][et_pb_image src=&#8221;https:\/\/tamara-landau.net\/wp-content\/uploads\/2019\/11\/2019_12_13_TamaraLandau_UneBPP.jpg&#8221; show_in_lightbox=&#8221;on&#8221; _builder_version=&#8221;3.26.4&#8243;][\/et_pb_image][et_pb_text _builder_version=&#8221;3.27.4&#8243;]The lecture\u2019s venue is Salle CRAPI \u2013 16, rue de la Pierre 37100 TOURS.[\/et_pb_text][et_pb_text _builder_version=&#8221;4.0.9&#8243; background_color=&#8221;rgba(0,0,0,0)&#8221; custom_padding=&#8221;10px|10px|5px|10px|false|true&#8221; border_width_top=&#8221;1px&#8221; border_color_top=&#8221;#d7f9ee&#8221; locked=&#8221;off&#8221;]Une Biblioth\u00e8que Pour La Psychanalyse<br \/>\n46, Rue de la Fosse Marine 37100 TOURS<br \/>\n<a href=\"https:\/\/unebpp.blogspot.com\" target=\"_blank\" rel=\"noopener noreferrer\">unebpp.blogspot.com<\/a>[\/et_pb_text][\/et_pb_column][\/et_pb_row][\/et_pb_section][et_pb_section fb_built=&#8221;1&#8243; _builder_version=&#8221;3.26.4&#8243; custom_padding=&#8221;40px||16px|||&#8221; border_width_bottom=&#8221;1px&#8221; border_color_bottom=&#8221;#d7f9ee&#8221; box_shadow_style=&#8221;preset3&#8243; box_shadow_color=&#8221;#d7f9ee&#8221; locked=&#8221;off&#8221;][et_pb_row column_structure=&#8221;2_3,1_3&#8243; _builder_version=&#8221;3.26.4&#8243; min_height=&#8221;179px&#8221; custom_margin=&#8221;|auto|-6px|50px||&#8221; custom_padding=&#8221;3px||8px|||&#8221;][et_pb_column type=&#8221;2_3&#8243; _builder_version=&#8221;3.26.4&#8243;][et_pb_text _builder_version=&#8221;4.0.9&#8243; text_font=&#8221;|||on|||||&#8221; text_text_color=&#8221;#00cccc&#8221; text_font_size=&#8221;18px&#8221; locked=&#8221;off&#8221;]<span style=\"text-transform: lowercase; color: #ff6600;\">Due to strikes, presentation postponed to 2020, the date will be fixed later.<\/span><br \/>\n<span class=\"tlid-translation translation\" lang=\"en\"><span class=\"\" title=\"\">Thursday, December 12, 2019 at 9:15 pm<\/span><\/span>[\/et_pb_text][et_pb_text _builder_version=&#8221;3.27.4&#8243; custom_margin=&#8221;-3px|||||&#8221; custom_padding=&#8221;||0px|||&#8221; locked=&#8221;off&#8221;]<\/p>\n<h2 class=\"entry-title\">Lecture <em>On Anorexia and Bulimia from a Feminine Viewpoint<\/em>, SPF (Society of Freudian Psychoanalysis) \u2013 Paris<\/h2>\n<p>[\/et_pb_text][et_pb_text _builder_version=&#8221;3.27.4&#8243; custom_padding=&#8221;0px|||||&#8221; locked=&#8221;off&#8221;]Tamara Landau is invited to speak about <em>Anorexia and Bulimia from a Feminine Viewpoint <\/em>by <strong>Sylvie Ses\u00e9-L\u00e9ger<\/strong> and <strong>\u00c9liane Allouch<\/strong>, during their seminar <em>On the Feminine, from Freud to Our Times<\/em> at the Soci\u00e9t\u00e9 de Psychanalyse Freudienne in Paris.[\/et_pb_text][\/et_pb_column][et_pb_column type=&#8221;1_3&#8243; _builder_version=&#8221;3.26.4&#8243;][et_pb_text _builder_version=&#8221;3.27.4&#8243; background_color=&#8221;rgba(0,0,0,0)&#8221; custom_padding=&#8221;10px|10px|5px|10px|false|true&#8221; border_width_top=&#8221;1px&#8221; border_color_top=&#8221;#d7f9ee&#8221; locked=&#8221;off&#8221;]Soci\u00e9t\u00e9 de Psychanalyse Freudienne,<br \/>\n23, rue Campagne-Premi\u00e8re, 75014 PARIS<br \/>\n<a href=\"https:\/\/www.spf.asso.fr\/les-grands-textes-sur-la-sexualite-feminine\/\">https:\/\/www.spf.asso.fr<\/a>[\/et_pb_text][\/et_pb_column][\/et_pb_row][\/et_pb_section][et_pb_section fb_built=&#8221;1&#8243; _builder_version=&#8221;3.26.4&#8243; custom_padding=&#8221;40px||16px|||&#8221; border_width_bottom=&#8221;1px&#8221; border_color_bottom=&#8221;#d7f9ee&#8221; box_shadow_style=&#8221;preset3&#8243; box_shadow_color=&#8221;#d7f9ee&#8221; locked=&#8221;off&#8221;][et_pb_row column_structure=&#8221;2_3,1_3&#8243; _builder_version=&#8221;3.26.4&#8243; min_height=&#8221;179px&#8221; custom_margin=&#8221;|auto|-6px|50px||&#8221; custom_padding=&#8221;3px||8px|||&#8221;][et_pb_column type=&#8221;2_3&#8243; _builder_version=&#8221;3.26.4&#8243;][et_pb_text _builder_version=&#8221;4.0.9&#8243; text_font=&#8221;|||on|||||&#8221; text_text_color=&#8221;#00cccc&#8221; text_font_size=&#8221;18px&#8221; locked=&#8221;off&#8221;]<span class=\"tlid-translation translation\" lang=\"en\"><span class=\"\" title=\"\">Tuesday, 3 December, 2019<\/span><\/span>[\/et_pb_text][et_pb_text _builder_version=&#8221;4.0.9&#8243; custom_margin=&#8221;-3px|||||&#8221; custom_padding=&#8221;||0px|||&#8221; locked=&#8221;off&#8221;]<\/p>\n<h2 class=\"entry-title\">Sortie de la revue Insistance n\u00b015<\/h2>\n<p>[\/et_pb_text][et_pb_text _builder_version=&#8221;4.0.9&#8243; custom_padding=&#8221;0px|||||&#8221; locked=&#8221;off&#8221;]Sortie de la revue <em><strong>Insistance n\u00b015<\/strong><\/em> (Pourquoi la haine ?<br \/>\nPenser le monde avec Alain Didier-Weill) \u00e0 laquelle Tamara Landau a particip\u00e9 avec l\u2019article <strong>&#8220;La Note Bleue et la (pro)cr\u00e9ation&#8221;<\/strong>.[\/et_pb_text][et_pb_text _builder_version=&#8221;4.0.9&#8243; background_color=&#8221;rgba(0,0,0,0)&#8221; custom_padding=&#8221;10px|10px|5px|10px|false|true&#8221; border_width_top=&#8221;1px&#8221; border_color_top=&#8221;#d7f9ee&#8221; locked=&#8221;off&#8221;]\u00c9ditions \u00c9r\u00e8s<br \/>\n33 avenue Marcel Dassault 31500 Toulouse<br \/>\n<a href=\"https:\/\/www.editions-eres.com\/ouvrage\/4555\/pourquoi-la-haine\" target=\"_blank\" rel=\"noopener noreferrer\">https:\/\/www.editions-eres.com<\/a>[\/et_pb_text][\/et_pb_column][et_pb_column type=&#8221;1_3&#8243; _builder_version=&#8221;3.26.4&#8243;][et_pb_image src=&#8221;https:\/\/tamara-landau.net\/wp-content\/uploads\/2019\/12\/insistance-n15-pourquoi-la-haine-.jpg&#8221; show_in_lightbox=&#8221;on&#8221; _builder_version=&#8221;4.0.9&#8243;][\/et_pb_image][\/et_pb_column][\/et_pb_row][\/et_pb_section][et_pb_section fb_built=&#8221;1&#8243; _builder_version=&#8221;3.26.4&#8243; custom_padding=&#8221;40px||16px|||&#8221; border_width_bottom=&#8221;1px&#8221; border_color_bottom=&#8221;#d7f9ee&#8221; box_shadow_style=&#8221;preset3&#8243; box_shadow_color=&#8221;#d7f9ee&#8221; locked=&#8221;off&#8221;][et_pb_row column_structure=&#8221;2_3,1_3&#8243; _builder_version=&#8221;3.26.4&#8243; min_height=&#8221;179px&#8221; custom_margin=&#8221;|auto|-6px|50px||&#8221; custom_padding=&#8221;3px||8px|||&#8221;][et_pb_column type=&#8221;2_3&#8243; _builder_version=&#8221;3.26.4&#8243;][et_pb_text _builder_version=&#8221;4.0.9&#8243; text_font=&#8221;|||on|||||&#8221; text_text_color=&#8221;#00cccc&#8221; text_font_size=&#8221;18px&#8221; locked=&#8221;off&#8221;]<span class=\"tlid-translation translation\" lang=\"en\"><span class=\"\" title=\"\">Monday, 2 December, 2019<\/span><\/span>[\/et_pb_text][et_pb_text _builder_version=&#8221;4.0.9&#8243; custom_margin=&#8221;-3px|||||&#8221; custom_padding=&#8221;||0px|||&#8221; locked=&#8221;off&#8221;]<\/p>\n<h2 class=\"entry-title\">New issue of Lacunae n\u00b019, Dublin<\/h2>\n<p>[\/et_pb_text][et_pb_text _builder_version=&#8221;4.0.9&#8243; custom_padding=&#8221;0px|||||&#8221; locked=&#8221;off&#8221;]<\/p>\n<p>Sortie \u00e0 Dublin de la revue Lacunae n\u00b0 19, <strong>Revue Internationale de Psychanalyse Lacanienne<\/strong> de l\u2019APPI (Association for Psychoanalysis and Psychotherapy in Ireland) \u00e0 laquelle Tamara Landau a particip\u00e9 avec l\u2019article <strong>&#8220;Creativity and the symbolic structuring of time and desire after Winnicott and Dolto&#8221;<\/strong>.<\/p>\n<p>[\/et_pb_text][et_pb_text _builder_version=&#8221;4.0.9&#8243; background_color=&#8221;rgba(0,0,0,0)&#8221; custom_padding=&#8221;10px|10px|5px|10px|false|true&#8221; border_width_top=&#8221;1px&#8221; border_color_top=&#8221;#d7f9ee&#8221; locked=&#8221;off&#8221;]<\/p>\n<p>Lacunae \u2013 Psychoanalytic Journal<br \/> APPI Association for Psychoanalysis and Psychotherapy in Ireland<br \/><a href=\"http:\/\/appi.ie\/publications\/\" target=\"_blank\" rel=\"noopener noreferrer\">http:\/\/appi.ie\/publications\/<\/a><\/p>\n<p>[\/et_pb_text][\/et_pb_column][et_pb_column type=&#8221;1_3&#8243; _builder_version=&#8221;3.26.4&#8243;][et_pb_image src=&#8221;https:\/\/tamara-landau.net\/wp-content\/uploads\/2019\/12\/Lacunae19-APPI-Dublin.jpg&#8221; show_in_lightbox=&#8221;on&#8221; _builder_version=&#8221;4.0.9&#8243;][\/et_pb_image][\/et_pb_column][\/et_pb_row][\/et_pb_section][et_pb_section fb_built=&#8221;1&#8243; _builder_version=&#8221;3.26.4&#8243; custom_padding=&#8221;40px||16px|||&#8221; border_width_bottom=&#8221;1px&#8221; border_color_bottom=&#8221;#d7f9ee&#8221; box_shadow_style=&#8221;preset3&#8243; box_shadow_color=&#8221;#d7f9ee&#8221;][et_pb_row column_structure=&#8221;2_3,1_3&#8243; _builder_version=&#8221;3.26.4&#8243; min_height=&#8221;179px&#8221; custom_margin=&#8221;|auto|-6px|50px||&#8221; custom_padding=&#8221;3px||8px|||&#8221;][et_pb_column type=&#8221;2_3&#8243; _builder_version=&#8221;3.26.4&#8243;][et_pb_text _builder_version=&#8221;3.27.4&#8243; text_font=&#8221;|||on|||||&#8221; text_text_color=&#8221;#00cccc&#8221; text_font_size=&#8221;18px&#8221; locked=&#8221;off&#8221;]<span class=\"tlid-translation translation\" lang=\"en\"><span class=\"\" title=\"\">November 7, 2019 &#8211; 8 pm<\/span><\/span>[\/et_pb_text][et_pb_text _builder_version=&#8221;3.27.4&#8243; custom_margin=&#8221;-3px|||||&#8221; custom_padding=&#8221;||0px|||&#8221; locked=&#8221;off&#8221;]<\/p>\n<h2 class=\"entry-title\">Lacanoamerican Convention, la Plata<\/h2>\n<p>[\/et_pb_text][et_pb_text _builder_version=&#8221;3.27.4&#8243; custom_padding=&#8221;0px|||||&#8221; locked=&#8221;off&#8221;]Tamara Landau speaks at the Lacanoamerican Convention at la Plata, Argentina.[\/et_pb_text][\/et_pb_column][et_pb_column type=&#8221;1_3&#8243; _builder_version=&#8221;3.26.4&#8243;][et_pb_text _builder_version=&#8221;3.27.4&#8243; background_color=&#8221;rgba(0,0,0,0)&#8221; custom_padding=&#8221;10px|10px|5px|10px|false|true&#8221; border_width_top=&#8221;1px&#8221; border_color_top=&#8221;#d7f9ee&#8221; locked=&#8221;off&#8221;]la Plata,<br \/>\nAv. 7834 La Plata,<br \/>\nSal\u00f3n Jockey Multiespacios[\/et_pb_text][\/et_pb_column][\/et_pb_row][\/et_pb_section][et_pb_section fb_built=&#8221;1&#8243; _builder_version=&#8221;3.26.4&#8243; custom_padding=&#8221;40px||16px|||&#8221; border_width_bottom=&#8221;1px&#8221; border_color_bottom=&#8221;#d7f9ee&#8221; box_shadow_style=&#8221;preset3&#8243; box_shadow_color=&#8221;#d7f9ee&#8221; locked=&#8221;off&#8221;][et_pb_row column_structure=&#8221;2_3,1_3&#8243; _builder_version=&#8221;3.26.4&#8243; min_height=&#8221;179px&#8221; custom_margin=&#8221;|auto|-6px|50px||&#8221; custom_padding=&#8221;3px||8px|||&#8221;][et_pb_column type=&#8221;2_3&#8243; _builder_version=&#8221;3.26.4&#8243;][et_pb_text _builder_version=&#8221;3.27.4&#8243; text_font=&#8221;|||on|||||&#8221; text_text_color=&#8221;#00cccc&#8221; text_font_size=&#8221;18px&#8221; locked=&#8221;off&#8221;]<\/p>\n<div class=\"text-wrap tlid-copy-target\">\n<div class=\"result-shield-container tlid-copy-target\" tabindex=\"0\"><span class=\"tlid-translation translation\" lang=\"en\"><span class=\"\" title=\"\">November 5, 2019, 9h-11h<\/span><\/span><\/div>\n<\/div>\n<p>[\/et_pb_text][et_pb_text _builder_version=&#8221;3.27.4&#8243; custom_margin=&#8221;-3px|||||&#8221; custom_padding=&#8221;||0px|||&#8221; locked=&#8221;off&#8221;]<\/p>\n<h2 class=\"entry-title\">Argentinian Psychoanalytical Association<\/h2>\n<p>[\/et_pb_text][et_pb_text _builder_version=&#8221;4.0.9&#8243; locked=&#8221;off&#8221;]<\/p>\n<p>Doctor Tamara Landau presents: <em>Fetal Life and Formation of Autistic Enclaves and Psychic and Behavioral Disorders in the Child, Adolescent and Adult<\/em>.<br \/> Coordinator: Doctor Hilda Catz PhD.<\/p>\n<p>Screening of Tamara Landau&#8217;s videos.<\/p>\n<p>Department of Children and Adolescents<\/p>\n<p>[\/et_pb_text][et_pb_video src=&#8221;https:\/\/www.youtube.com\/watch?v=eEWuSd2keKE&#038;t=9s&#8221; _builder_version=&#8221;4.0.9&#8243; locked=&#8221;off&#8221;][\/et_pb_video][\/et_pb_column][et_pb_column type=&#8221;1_3&#8243; _builder_version=&#8221;3.26.4&#8243;][et_pb_image src=&#8221;https:\/\/tamara-landau.net\/wp-content\/uploads\/2019\/11\/accoucher-14_12_2018.jpeg&#8221; show_in_lightbox=&#8221;on&#8221; _builder_version=&#8221;3.26.4&#8243;][\/et_pb_image][et_pb_text _builder_version=&#8221;3.27.4&#8243; background_color=&#8221;rgba(0,0,0,0)&#8221; custom_padding=&#8221;10px|10px|5px|10px|false|true&#8221; border_width_top=&#8221;1px&#8221; border_color_top=&#8221;#d7f9ee&#8221; locked=&#8221;off&#8221;]Asociaci\u00f3n Psicoanal\u00edtica Argentina, Rodriguez Pe\u00f1a 1674, Buenos Aires CABA[\/et_pb_text][\/et_pb_column][\/et_pb_row][\/et_pb_section][et_pb_section fb_built=&#8221;1&#8243; _builder_version=&#8221;3.26.4&#8243; custom_padding=&#8221;40px||16px|||&#8221; border_width_bottom=&#8221;1px&#8221; border_color_bottom=&#8221;#d7f9ee&#8221; box_shadow_style=&#8221;preset3&#8243; box_shadow_color=&#8221;#d7f9ee&#8221; locked=&#8221;off&#8221;][et_pb_row column_structure=&#8221;2_3,1_3&#8243; _builder_version=&#8221;3.26.4&#8243; min_height=&#8221;179px&#8221; custom_margin=&#8221;|auto|-6px|50px||&#8221; custom_padding=&#8221;3px||8px|||&#8221;][et_pb_column type=&#8221;2_3&#8243; _builder_version=&#8221;3.26.4&#8243;][et_pb_text _builder_version=&#8221;3.27.4&#8243; text_font=&#8221;|||on|||||&#8221; text_text_color=&#8221;#00cccc&#8221; text_font_size=&#8221;18px&#8221; locked=&#8221;off&#8221;]<span class=\"tlid-translation translation\" lang=\"en\"><span class=\"\" title=\"\">November 2, 2019, 7:30 pm<\/span><\/span>[\/et_pb_text][et_pb_text _builder_version=&#8221;3.27.4&#8243; custom_margin=&#8221;-3px|||||&#8221; custom_padding=&#8221;||0px|||&#8221; locked=&#8221;off&#8221;]<\/p>\n<h2 class=\"entry-title\"><strong>Actualidad &amp; Psicoan\u00e1lisis<\/strong> on Canal Metro and Argentin\u00edsima<\/h2>\n<p>[\/et_pb_text][et_pb_text _builder_version=&#8221;4.0.9&#8243;]<\/p>\n<p>Tamara Landau, TV program hosted by <strong>Doctor Luisa Kremer<\/strong> in <em>Actualidad &amp; Psicoan\u00e1lisis<\/em> on Canal Metro and Argentin\u00edsima.<\/p>\n<p>I was invited once more by Doctor Luisa Kremer to her program <em>Current Topics &amp; Psychoanalysis<\/em> in Buenos Aires. The program will be aired Saturday, 2 November on Channel Metro and Sunday, 3 November at 3 pm on Channel Argentin\u00edsima Satelital. Later, it will appear on Metro\u2019s Youtube channel.<\/p>\n<p>[\/et_pb_text][\/et_pb_column][et_pb_column type=&#8221;1_3&#8243; _builder_version=&#8221;3.26.4&#8243;][et_pb_image src=&#8221;https:\/\/tamara-landau.net\/wp-content\/uploads\/2019\/11\/Actualidad-psicoanalisis-tamara-landau.jpg&#8221; show_in_lightbox=&#8221;on&#8221; _builder_version=&#8221;3.26.4&#8243;][\/et_pb_image][et_pb_text _builder_version=&#8221;3.27.4&#8243; background_color=&#8221;rgba(0,0,0,0)&#8221; custom_padding=&#8221;10px|10px|5px|10px|false|true&#8221; border_width_top=&#8221;1px&#8221; border_color_top=&#8221;#d7f9ee&#8221; locked=&#8221;off&#8221;]<a href=\"https:\/\/www.youtube.com\/watch?v=WaiX8joglBw\" target=\"_blank\" rel=\"noopener noreferrer\"><strong>Watch the video on youtube<\/strong><\/a><\/p>\n<p>Canal Metro TV, Argentine[\/et_pb_text][\/et_pb_column][\/et_pb_row][\/et_pb_section][et_pb_section fb_built=&#8221;1&#8243; _builder_version=&#8221;3.26.4&#8243; custom_padding=&#8221;40px||16px|||&#8221; border_width_bottom=&#8221;1px&#8221; border_color_bottom=&#8221;#d7f9ee&#8221; box_shadow_style=&#8221;preset3&#8243; box_shadow_color=&#8221;#d7f9ee&#8221;][et_pb_row column_structure=&#8221;2_3,1_3&#8243; _builder_version=&#8221;3.26.4&#8243; min_height=&#8221;100px&#8221; custom_margin=&#8221;|auto|-6px|50px||&#8221; custom_padding=&#8221;3px||8px|||&#8221;][et_pb_column type=&#8221;2_3&#8243; _builder_version=&#8221;3.26.4&#8243;][et_pb_text _builder_version=&#8221;3.27.4&#8243; text_font=&#8221;|||on|||||&#8221; text_text_color=&#8221;#00cccc&#8221; text_font_size=&#8221;18px&#8221; locked=&#8221;off&#8221;]<span class=\"tlid-translation translation\" lang=\"en\"><span class=\"\" title=\"\">October 25 and 26, 2019<\/span><\/span>[\/et_pb_text][et_pb_text _builder_version=&#8221;3.27.4&#8243; custom_margin=&#8221;-3px|||||&#8221; custom_padding=&#8221;||0px|||&#8221; locked=&#8221;off&#8221;]<\/p>\n<h2 class=\"entry-title\"><strong>Yearly Open Days<\/strong> \u2013 Argentinian Psychoanalytical Association<\/h2>\n<p>[\/et_pb_text][et_pb_text _builder_version=&#8221;4.0.9&#8243; locked=&#8221;off&#8221;]<\/p>\n<p><strong>Hilda Catz<\/strong>, Head of the Department of Children and Adolescents of the Argentinian Psychoanalytical Association (A.P.A.), is inviting Tamara Landau to the Yearly Open Days of A.P.A. that will be held in Buenos Aires on 25 and 26 October\u2026<\/p>\n<p><img decoding=\"async\" loading=\"lazy\" src=\"https:\/\/tamara-landau.net\/wp-content\/uploads\/2020\/01\/jornadasAPA2019-300x225.jpeg\" width=\"300\" height=\"225\" \/><br \/> <span style=\"font-size: small;\"><em>Claudia Borensztejn, pr\u00e9sidente de l\u2019APA, Dr Liliana Kaplan chercheur INSERM, Hilda Catz, responsable enfants et adolescents APA, Tamara Landau, Marcelo Vi\u00f1ar, pr\u00e9sident APU (Association Psychanalytique Uruguay)<\/em><\/span><\/p>\n<p>[\/et_pb_text][\/et_pb_column][et_pb_column type=&#8221;1_3&#8243; _builder_version=&#8221;3.26.4&#8243;][et_pb_image src=&#8221;https:\/\/tamara-landau.net\/wp-content\/uploads\/2019\/10\/APA-Jornada-Anual-2019.jpeg&#8221; show_in_lightbox=&#8221;on&#8221; _builder_version=&#8221;3.26.4&#8243;][\/et_pb_image][et_pb_text _builder_version=&#8221;3.27.4&#8243; background_color=&#8221;rgba(0,0,0,0)&#8221; custom_padding=&#8221;10px|10px|5px|10px|false|true&#8221; border_width_top=&#8221;1px&#8221; border_color_top=&#8221;#d7f9ee&#8221; locked=&#8221;off&#8221;]Asociaci\u00f3n Psicoanal\u00edtica Argentina,<br \/>\nRodriguez Pe\u00f1a 1674, Buenos Aires CABA[\/et_pb_text][\/et_pb_column][\/et_pb_row][\/et_pb_section][et_pb_section fb_built=&#8221;1&#8243; _builder_version=&#8221;3.26.4&#8243; custom_padding=&#8221;40px||16px|||&#8221; border_width_bottom=&#8221;1px&#8221; border_color_bottom=&#8221;#d7f9ee&#8221; box_shadow_style=&#8221;preset3&#8243; box_shadow_color=&#8221;#d7f9ee&#8221;][et_pb_row column_structure=&#8221;2_3,1_3&#8243; _builder_version=&#8221;3.26.4&#8243; min_height=&#8221;100px&#8221; custom_margin=&#8221;|auto|-6px|50px||&#8221; custom_padding=&#8221;15px||8px|||&#8221;][et_pb_column type=&#8221;2_3&#8243; _builder_version=&#8221;3.26.4&#8243;][et_pb_text _builder_version=&#8221;3.27.4&#8243; text_font=&#8221;|||on|||||&#8221; text_text_color=&#8221;#00cccc&#8221; text_font_size=&#8221;18px&#8221; locked=&#8221;off&#8221;]<span class=\"tlid-translation translation\" lang=\"en\"><span class=\"\" title=\"\">October 20, 2019<\/span><\/span>[\/et_pb_text][et_pb_text _builder_version=&#8221;3.27.4&#8243; custom_margin=&#8221;-3px|||||&#8221; custom_padding=&#8221;||0px|||&#8221; locked=&#8221;off&#8221;]<\/p>\n<h2 class=\"entry-title\">Release of the <strong>second edition<\/strong> of the book<br \/>\n<em>Delivering and Giving Birth in Buenos Aires<\/em> (Spanish edition)<\/h2>\n<p>[\/et_pb_text][et_pb_text _builder_version=&#8221;3.27.4&#8243; locked=&#8221;off&#8221;]<\/p>\n<p>Release of the second revised and supplemented edition of the book <em>Delivering and Giving Birth<\/em> by Tamara Landau in the Spanish version <strong><em>Dar a Luz, Dar Vida. <\/em><em>Di\u00e1logos y Separaciones durante el Embarazo<\/em><\/strong> published by Ricardo Vergara, Buenos Aires.<\/p>\n<p>[\/et_pb_text][et_pb_text _builder_version=&#8221;3.27.4&#8243; background_color=&#8221;rgba(0,0,0,0)&#8221; custom_padding=&#8221;10px|10px|5px|10px|false|true&#8221; border_width_top=&#8221;1px&#8221; border_color_top=&#8221;#d7f9ee&#8221; locked=&#8221;off&#8221;]<\/p>\n<p><strong><\/strong><strong>Ricardo Vergara Ediciones<\/strong>,<br \/> Buenos Aires, Argentina<\/p>\n<p>[\/et_pb_text][\/et_pb_column][et_pb_column type=&#8221;1_3&#8243; _builder_version=&#8221;3.26.4&#8243;][et_pb_image src=&#8221;https:\/\/tamara-landau.net\/wp-content\/uploads\/2019\/10\/Dar-a-luz-Dar-vida-Tamara-Landau.jpg&#8221; show_in_lightbox=&#8221;on&#8221; _builder_version=&#8221;3.26.4&#8243; locked=&#8221;off&#8221;][\/et_pb_image][\/et_pb_column][\/et_pb_row][\/et_pb_section][et_pb_section fb_built=&#8221;1&#8243; _builder_version=&#8221;3.26.4&#8243; custom_padding=&#8221;40px||16px|||&#8221; border_width_bottom=&#8221;1px&#8221; border_color_bottom=&#8221;#d7f9ee&#8221; box_shadow_style=&#8221;preset3&#8243; box_shadow_color=&#8221;#d7f9ee&#8221;][et_pb_row column_structure=&#8221;2_3,1_3&#8243; _builder_version=&#8221;3.26.4&#8243; min_height=&#8221;199px&#8221; custom_margin=&#8221;|auto||47px|false|false&#8221; custom_padding=&#8221;||0px|||&#8221;][et_pb_column type=&#8221;2_3&#8243; _builder_version=&#8221;3.26.4&#8243;][et_pb_text _builder_version=&#8221;3.27.4&#8243; text_font=&#8221;|||on|||||&#8221; text_text_color=&#8221;#00cccc&#8221; text_font_size=&#8221;18px&#8221; locked=&#8221;off&#8221;]<\/p>\n<div class=\"text-wrap tlid-copy-target\">\n<div class=\"result-shield-container tlid-copy-target\" tabindex=\"0\"><span class=\"tlid-translation translation\" lang=\"en\"><span class=\"\" title=\"\">Sunday September 15th 2019 &#8211; 5h30pm<\/span><\/span><\/div>\n<\/div>\n<p>[\/et_pb_text][et_pb_text _builder_version=&#8221;3.27.4&#8243; custom_margin=&#8221;-3px|||||&#8221; custom_padding=&#8221;||0px|||&#8221; locked=&#8221;off&#8221;]<\/p>\n<h2 class=\"entry-title\">Librairie Tschann, Paris<\/h2>\n<p>[\/et_pb_text][et_pb_text _builder_version=&#8221;3.27.4&#8243; locked=&#8221;off&#8221;]Tschann Bookshop and <strong>Imago Publisher<\/strong> are inviting Tamara Landau to present her latest book <em>Delivering and Giving Birth. Dialogues and Separations during Pregnancy<\/em> (French edition).<\/p>\n<p>With <strong>Gorana Manenti<\/strong>, psychoanalyst, as discussant and <strong>Claudine Bohi<\/strong>, poetess, who will be reading her poems on this subject.[\/et_pb_text][\/et_pb_column][et_pb_column type=&#8221;1_3&#8243; _builder_version=&#8221;3.26.4&#8243;][et_pb_text _builder_version=&#8221;3.27.4&#8243; background_color=&#8221;rgba(0,0,0,0)&#8221; custom_padding=&#8221;10px|10px|5px|10px|false|true&#8221; border_width_top=&#8221;1px&#8221; border_color_top=&#8221;#d7f9ee&#8221; locked=&#8221;off&#8221;]Librairie Tschann,<br \/>\n125 Boulevard Montparnasse,<br \/>\nParis 75006[\/et_pb_text][\/et_pb_column][\/et_pb_row][\/et_pb_section][et_pb_section fb_built=&#8221;1&#8243; _builder_version=&#8221;3.26.4&#8243; custom_padding=&#8221;40px||16px|||&#8221; border_width_bottom=&#8221;1px&#8221; border_color_bottom=&#8221;#d7f9ee&#8221; box_shadow_style=&#8221;preset3&#8243; box_shadow_color=&#8221;#d7f9ee&#8221;][et_pb_row column_structure=&#8221;2_3,1_3&#8243; _builder_version=&#8221;3.26.4&#8243; min_height=&#8221;240px&#8221; custom_margin=&#8221;|auto|-6px|50px||&#8221; custom_padding=&#8221;3px||8px|||&#8221;][et_pb_column type=&#8221;2_3&#8243; _builder_version=&#8221;3.26.4&#8243;][et_pb_text _builder_version=&#8221;3.27.4&#8243; text_font=&#8221;|||on|||||&#8221; text_text_color=&#8221;#00cccc&#8221; text_font_size=&#8221;18px&#8221; locked=&#8221;off&#8221;]<span class=\"tlid-translation translation\" lang=\"en\"><span class=\"\" title=\"\">Sunday, June 9, 2019<\/span><\/span>[\/et_pb_text][et_pb_text _builder_version=&#8221;3.27.4&#8243; custom_margin=&#8221;-3px|||||&#8221; custom_padding=&#8221;||0px|||&#8221; locked=&#8221;off&#8221;]<\/p>\n<h2 class=\"entry-title\">Hommage \u00e0 Alain Didier-Weill<\/h2>\n<p>[\/et_pb_text][et_pb_text _builder_version=&#8221;4.0.9&#8243; locked=&#8221;off&#8221;]<\/p>\n<div class=\"et_pb_module et_pb_text et_pb_text_2 et_pb_bg_layout_light et_pb_text_align_left\">\n<div class=\"et_pb_text_inner\">\n<p class=\"tribe-events-single-event-title\"><strong>Penser le monde avec Alain Didier-Weill : pourquoi la haine ?<\/strong><\/p>\n<p><strong>Projection des vid\u00e9os de Tamara Landau<\/strong> lors de l\u2019\u00e9v\u00e9nement organis\u00e9 en hommage \u00e0\u00a0<b>Alain Didier-Weill<\/b>\u00a0avec le mouvement <strong>INSISTANCE<\/strong> au New Morning.<\/p>\n<\/div>\n<\/div>\n<p>[\/et_pb_text][et_pb_text _builder_version=&#8221;3.27.4&#8243; background_color=&#8221;rgba(0,0,0,0)&#8221; custom_padding=&#8221;10px|10px|5px|10px|false|true&#8221; border_width_top=&#8221;1px&#8221; border_color_top=&#8221;#d7f9ee&#8221; locked=&#8221;off&#8221;]New Morning,<br \/>\n7\/9 rue des Petites Ecuries, Paris[\/et_pb_text][\/et_pb_column][et_pb_column type=&#8221;1_3&#8243; _builder_version=&#8221;3.26.4&#8243;][et_pb_image src=&#8221;https:\/\/tamara-landau.net\/wp-content\/uploads\/2019\/10\/homma-alain-didier-weil-1.jpg&#8221; show_in_lightbox=&#8221;on&#8221; _builder_version=&#8221;3.26.4&#8243;][\/et_pb_image][\/et_pb_column][\/et_pb_row][\/et_pb_section][et_pb_section fb_built=&#8221;1&#8243; _builder_version=&#8221;3.26.4&#8243; custom_padding=&#8221;40px||16px|||&#8221; border_width_bottom=&#8221;1px&#8221; border_color_bottom=&#8221;#d7f9ee&#8221; box_shadow_style=&#8221;preset3&#8243; box_shadow_color=&#8221;#d7f9ee&#8221;][et_pb_row column_structure=&#8221;2_3,1_3&#8243; _builder_version=&#8221;3.26.4&#8243; min_height=&#8221;260px&#8221; custom_margin=&#8221;|auto|-6px|50px||&#8221; custom_padding=&#8221;3px||8px|||&#8221;][et_pb_column type=&#8221;2_3&#8243; _builder_version=&#8221;3.26.4&#8243;][et_pb_text _builder_version=&#8221;3.27.4&#8243; text_font=&#8221;|||on|||||&#8221; text_text_color=&#8221;#00cccc&#8221; text_font_size=&#8221;18px&#8221; locked=&#8221;off&#8221;]<span class=\"tlid-translation translation\" lang=\"en\"><span class=\"\" title=\"\">Saturday, May 25, 2019 &#8211; 16h<\/span><\/span>[\/et_pb_text][et_pb_text _builder_version=&#8221;3.27.4&#8243; custom_margin=&#8221;-3px|||||&#8221; custom_padding=&#8221;||0px|||&#8221; locked=&#8221;off&#8221;]<\/p>\n<h2 class=\"entry-title\">Librairie La Terrasse de Gutenberg<\/h2>\n<p>[\/et_pb_text][et_pb_text _builder_version=&#8221;3.27.4&#8243; locked=&#8221;off&#8221;]<\/p>\n<div class=\"et_pb_module et_pb_text et_pb_text_2 et_pb_bg_layout_light et_pb_text_align_left\">\n<div class=\"et_pb_text_inner\">\n<div class=\"et_pb_module et_pb_text et_pb_text_2 et_pb_bg_layout_light et_pb_text_align_left\">\n<div class=\"et_pb_text_inner\">\n<p>La librairie <strong>La Terrasse de Gutenberg et les \u00c9ditions Imago<\/strong> invitent\u00a0Tamara Landau\u00a0\u00e0 pr\u00e9senter son dernier livre \u00a0<em>Accoucher et faire na\u00eetre. Dialogues et s\u00e9parations durant la grossesse.<\/em><\/p>\n<p>Avec\u00a0<strong>Claude Guy,\u00a0psychanalyste, comme discutant<\/strong>.<\/p>\n<\/div>\n<\/div>\n<\/div>\n<\/div>\n<p>[\/et_pb_text][\/et_pb_column][et_pb_column type=&#8221;1_3&#8243; _builder_version=&#8221;3.26.4&#8243;][et_pb_text _builder_version=&#8221;3.27.4&#8243; background_color=&#8221;rgba(0,0,0,0)&#8221; custom_padding=&#8221;10px|10px|5px|10px|false|true&#8221; border_width_top=&#8221;1px&#8221; border_color_top=&#8221;#d7f9ee&#8221; locked=&#8221;off&#8221;]La Terrasse de Gutenberg,<br \/>\n6 Emilio Castelar Paris XII.[\/et_pb_text][\/et_pb_column][\/et_pb_row][\/et_pb_section][et_pb_section fb_built=&#8221;1&#8243; _builder_version=&#8221;3.26.4&#8243; custom_padding=&#8221;40px||16px|||&#8221; border_width_bottom=&#8221;1px&#8221; border_color_bottom=&#8221;#d7f9ee&#8221; box_shadow_style=&#8221;preset3&#8243; box_shadow_color=&#8221;#d7f9ee&#8221;][et_pb_row column_structure=&#8221;2_3,1_3&#8243; _builder_version=&#8221;3.26.4&#8243; min_height=&#8221;260px&#8221; custom_margin=&#8221;|auto|-6px|50px||&#8221; custom_padding=&#8221;3px||8px|||&#8221;][et_pb_column type=&#8221;2_3&#8243; _builder_version=&#8221;3.26.4&#8243;][et_pb_text _builder_version=&#8221;3.27.4&#8243; text_font=&#8221;|||on|||||&#8221; text_text_color=&#8221;#00cccc&#8221; text_font_size=&#8221;18px&#8221; locked=&#8221;off&#8221;]<span class=\"tlid-translation translation\" lang=\"en\"><span class=\"\" title=\"\">Wednesday, April 10, 2019<\/span><\/span>[\/et_pb_text][et_pb_text _builder_version=&#8221;3.27.4&#8243; custom_margin=&#8221;-3px|||||&#8221; custom_padding=&#8221;||0px|||&#8221; locked=&#8221;off&#8221;]<\/p>\n<h2 class=\"entry-title\">Sortie en librairie du livre<br \/>\n\u00ab\u00a0Accoucher, faire na\u00eetre\u00a0\u00bb<\/h2>\n<p>[\/et_pb_text][et_pb_text _builder_version=&#8221;3.27.4&#8243; locked=&#8221;off&#8221;]<\/p>\n<div class=\"et_pb_module et_pb_text et_pb_text_2 et_pb_bg_layout_light et_pb_text_align_left\">\n<div class=\"et_pb_text_inner\">\n<div class=\"et_pb_module et_pb_text et_pb_text_2 et_pb_bg_layout_light et_pb_text_align_left\">\n<div class=\"et_pb_text_inner\">\n<div class=\"et_pb_module et_pb_text et_pb_text_35 et_pb_bg_layout_light et_pb_text_align_left\">\n<div class=\"et_pb_text_inner\">\n<p>Sortie en librairie du dernier livre de Tamara Landau <strong><em>\u00ab Accoucher et faire na\u00eetre. Dialogues et s\u00e9parations durant la grossesse \u00bb<\/em><\/strong>,\u00a0<a href=\"http:\/\/www.editions-imago.fr\/listeauteur.php?recordID=566&amp;categorie=Psychanalyse%20\/%20Psychologie\" target=\"_blank\" rel=\"noopener noreferrer\">\u00c9ditions Imago<\/a>, 2019.<\/p>\n<p>240 pages,\u00a02019. ISBN 978-2-84952-972-0<\/p>\n<\/div>\n<\/div>\n<\/div>\n<\/div>\n<\/div>\n<\/div>\n<p>[\/et_pb_text][et_pb_text _builder_version=&#8221;3.27.4&#8243; background_color=&#8221;rgba(0,0,0,0)&#8221; custom_padding=&#8221;10px|10px|5px|10px|false|true&#8221; border_width_top=&#8221;1px&#8221; border_color_top=&#8221;#d7f9ee&#8221; locked=&#8221;off&#8221;]<a href=\"http:\/\/www.editions-imago.fr\/listeauteur.php?recordID=566&amp;categorie=Psychanalyse%20\/%20Psychologie\" target=\"_blank\" rel=\"noopener noreferrer\">\u00c9ditions Imago<\/a> 7, rue Suger \u2013 75006 PARIS[\/et_pb_text][\/et_pb_column][et_pb_column type=&#8221;1_3&#8243; _builder_version=&#8221;3.26.4&#8243;][et_pb_image src=&#8221;https:\/\/tamara-landau.net\/wp-content\/uploads\/2019\/09\/Accoucher_faire-naitre-tamara-landau.jpg&#8221; show_in_lightbox=&#8221;on&#8221; _builder_version=&#8221;3.26.4&#8243;][\/et_pb_image][\/et_pb_column][\/et_pb_row][\/et_pb_section][et_pb_section fb_built=&#8221;1&#8243; _builder_version=&#8221;3.26.4&#8243; custom_padding=&#8221;40px||16px|||&#8221; border_width_bottom=&#8221;1px&#8221; border_color_bottom=&#8221;#d7f9ee&#8221; box_shadow_style=&#8221;preset3&#8243; box_shadow_color=&#8221;#d7f9ee&#8221;][et_pb_row column_structure=&#8221;2_3,1_3&#8243; _builder_version=&#8221;3.26.4&#8243; custom_margin=&#8221;|auto|-6px|50px||&#8221; custom_padding=&#8221;3px||8px|||&#8221;][et_pb_column type=&#8221;2_3&#8243; _builder_version=&#8221;3.26.4&#8243;][et_pb_text _builder_version=&#8221;3.27.4&#8243; text_font=&#8221;|||on|||||&#8221; text_text_color=&#8221;#00cccc&#8221; text_font_size=&#8221;18px&#8221; locked=&#8221;off&#8221;]<span class=\"tlid-translation translation\" lang=\"en\"><span class=\"\" title=\"\">Tuesday, April 2, 2019<\/span><\/span>[\/et_pb_text][et_pb_text _builder_version=&#8221;3.27.4&#8243; custom_margin=&#8221;-3px|||||&#8221; custom_padding=&#8221;||0px|||&#8221; locked=&#8221;off&#8221;]<\/p>\n<h2 class=\"entry-title\">Mnemoart Event &#8211; Biblioth\u00e8que Polonaise de Paris<\/h2>\n<p>[\/et_pb_text][et_pb_text _builder_version=&#8221;3.27.4&#8243;]Le Pr\u00e9sident de la Soci\u00e9t\u00e9 Historique et Litt\u00e9raire Polonaise <strong>C. Pierre ZALESKI<\/strong> et la Directrice de la collection artistique <strong>Anna Czarnocka<\/strong> vous invitent \u00e0 l\u2019exposition des artistes du groupe <strong>MnemoArt<\/strong> autour du livre de Tamara Landau <em>Accoucher et faire na\u00eetre. Dialogues et s\u00e9parations durant la grossesse<\/em>, \u00c9ditions Imago.<\/p>\n<div class=\"et_pb_column et_pb_column_3_8 et_pb_column_inner et_pb_column_inner_29\">\n<div class=\"et_pb_module et_pb_text et_pb_text_39 et_pb_bg_layout_light et_pb_text_align_left\">\n<div class=\"et_pb_text_inner\">\n<p>&nbsp;<\/p>\n<\/div>\n<\/div>\n<\/div>\n<p>[\/et_pb_text][et_pb_image src=&#8221;https:\/\/tamara-landau.net\/wp-content\/uploads\/2019\/10\/2-avril-Mnemoart-Bibliotheque-polonaise.jpg&#8221; show_in_lightbox=&#8221;on&#8221; _builder_version=&#8221;3.26.4&#8243; border_width_all=&#8221;1px&#8221;][\/et_pb_image][et_pb_video src=&#8221;https:\/\/www.youtube.com\/watch?v=ZigAakCgTpw&#038;feature=youtu.be&#8221; _builder_version=&#8221;3.26.4&#8243;][\/et_pb_video][et_pb_video src=&#8221;https:\/\/www.youtube.com\/watch?v=avlBWkm75dg&#8221; _builder_version=&#8221;3.26.4&#8243;][\/et_pb_video][\/et_pb_column][et_pb_column type=&#8221;1_3&#8243; _builder_version=&#8221;3.26.4&#8243;][et_pb_text _builder_version=&#8221;3.27.4&#8243; background_color=&#8221;rgba(0,0,0,0)&#8221; custom_padding=&#8221;10px|10px|5px|10px|false|true&#8221; border_width_top=&#8221;1px&#8221; border_color_top=&#8221;#d7f9ee&#8221;]<strong>Exposition<\/strong>\u00a0du 3 au 6 avril 2019.<br \/>\n<strong style=\"font-size: 16px;\">Vernissage et la pr\u00e9sentation<\/strong><span style=\"font-size: 16px;\"> du livre mardi 2 avril \u00e0 19h.<\/span>[\/et_pb_text][et_pb_text _builder_version=&#8221;3.27.4&#8243; background_color=&#8221;rgba(0,0,0,0)&#8221; custom_padding=&#8221;10px|10px|5px|10px|false|true&#8221; border_width_top=&#8221;1px&#8221; border_color_top=&#8221;#d7f9ee&#8221; locked=&#8221;off&#8221;]<strong>Biblioth\u00e8que Polonaise de Paris<\/strong> 6, quai d\u2019Orl\u00e9ans \u2013 75004 Paris.[\/et_pb_text][\/et_pb_column][\/et_pb_row][\/et_pb_section][et_pb_section fb_built=&#8221;1&#8243; _builder_version=&#8221;3.26.4&#8243; custom_padding=&#8221;40px||16px|||&#8221; border_width_bottom=&#8221;1px&#8221; border_color_bottom=&#8221;#d7f9ee&#8221; box_shadow_style=&#8221;preset3&#8243; box_shadow_color=&#8221;#d7f9ee&#8221; locked=&#8221;off&#8221;][et_pb_row column_structure=&#8221;2_3,1_3&#8243; _builder_version=&#8221;3.26.4&#8243; min_height=&#8221;179px&#8221; custom_margin=&#8221;|auto|12px|50px||&#8221; custom_padding=&#8221;3px||8px|||&#8221;][et_pb_column type=&#8221;2_3&#8243; _builder_version=&#8221;3.26.4&#8243;][et_pb_text _builder_version=&#8221;4.0.9&#8243; text_font=&#8221;|||on|||||&#8221; text_text_color=&#8221;#00cccc&#8221; text_font_size=&#8221;18px&#8221;]Exhibition until March 31, 2019[\/et_pb_text][et_pb_text _builder_version=&#8221;3.27.4&#8243;]<\/p>\n<h2 class=\"entry-titre\">Mus\u00e9e Juif de Buenos Aires, <br \/>&#8220;L&#8217;arbre renvers\u00e9&#8221;, sculpture de Tamara Landau<\/h2>\n<p>[\/et_pb_text][et_pb_text _builder_version=&#8221;3.27.4&#8243;]<\/p>\n<p>Exposition au Mus\u00e9e Juif de Buenos Aires\u00a0 prolong\u00e9e jusqu&#8217;au 31 mars 2019 de l&#8217;installation &#8220;L\u2019arbre renvers\u00e9&#8221; de Tamara Landau.<\/p>\n<p>[\/et_pb_text][et_pb_video src=&#8221;https:\/\/www.youtube.com\/watch?v=CHtXxyvKe6A&#8221; _builder_version=&#8221;3.26.4&#8243;][\/et_pb_video][\/et_pb_column][et_pb_column type=&#8221;1_3&#8243; _builder_version=&#8221;3.26.4&#8243;][et_pb_text _builder_version=&#8221;3.27.4&#8243; background_color=&#8221;rgba(0,0,0,0)&#8221; custom_padding=&#8221;10px|10px|5px|10px|false|true&#8221; border_width_top=&#8221;1px&#8221; border_color_top=&#8221;#d7f9ee&#8221;]<\/p>\n<p><span>Mus\u00e9e Juif de Buenos Aires<br \/> Libertad 769 C.A.B.A.<\/span><\/p>\n<p>[\/et_pb_text][\/et_pb_column][\/et_pb_row][\/et_pb_section][et_pb_section fb_built=&#8221;1&#8243; fullwidth=&#8221;on&#8221; _builder_version=&#8221;3.26.4&#8243; background_color=&#8221;#ffffff&#8221; custom_padding=&#8221;5px||16px|||&#8221; border_width_bottom=&#8221;1px&#8221; border_color_bottom=&#8221;#d7f9ee&#8221; locked=&#8221;off&#8221;][et_pb_fullwidth_menu menu_id=&#8221;36&#8243; active_link_color=&#8221;#0068d8&#8243; dropdown_menu_text_color=&#8221;#0068d8&#8243; _builder_version=&#8221;3.26.4&#8243; background_color=&#8221;rgba(0,0,0,0)&#8221; custom_margin=&#8221;||-10px|||&#8221; border_color_bottom=&#8221;#d7f9ee&#8221;][\/et_pb_fullwidth_menu][\/et_pb_section]<\/p>\n","protected":false},"excerpt":{"rendered":"<p>[et_pb_section fb_built=&#8221;1&#8243; fullwidth=&#8221;on&#8221; _builder_version=&#8221;3.26.4&#8243; background_color=&#8221;#fcfaf6&#8243; locked=&#8221;off&#8221;][et_pb_fullwidth_header title=&#8221;Tamara Landau&#8221; subhead=&#8221;News 2019- 2020&#8243; _builder_version=&#8221;3.26.4&#8243; title_font=&#8221;||||||||&#8221; title_text_color=&#8221;#00cccc&#8221; title_font_size=&#8221;25px&#8221; subhead_font=&#8221;||||||||&#8221; subhead_text_color=&#8221;#0068d8&#8243; subhead_font_size=&#8221;24px&#8221; background_color=&#8221;#fbfaf5&#8243; background_layout=&#8221;light&#8221; custom_padding=&#8221;25px||6px|||&#8221; border_color_all=&#8221;#ffffff&#8221; border_color_bottom=&#8221;#00cccc&#8221; border_style_bottom=&#8221;dotted&#8221;][\/et_pb_fullwidth_header][\/et_pb_section][et_pb_section fb_built=&#8221;1&#8243; fullwidth=&#8221;on&#8221; _builder_version=&#8221;3.26.4&#8243; background_color=&#8221;#ffffff&#8221; custom_padding=&#8221;5px||16px|||&#8221; border_width_bottom=&#8221;1px&#8221; border_color_bottom=&#8221;#d7f9ee&#8221; saved_tabs=&#8221;all&#8221; locked=&#8221;off&#8221;][et_pb_fullwidth_menu menu_id=&#8221;36&#8243; active_link_color=&#8221;#0068d8&#8243; dropdown_menu_text_color=&#8221;#0068d8&#8243; _builder_version=&#8221;3.26.4&#8243; background_color=&#8221;rgba(0,0,0,0)&#8221; custom_margin=&#8221;||-10px|||&#8221; border_color_bottom=&#8221;#d7f9ee&#8221;][\/et_pb_fullwidth_menu][\/et_pb_section][et_pb_section fb_built=&#8221;1&#8243; _builder_version=&#8221;3.26.4&#8243; custom_padding=&#8221;40px||16px|||&#8221; border_width_bottom=&#8221;1px&#8221; border_color_bottom=&#8221;#d7f9ee&#8221; box_shadow_style=&#8221;preset3&#8243; box_shadow_color=&#8221;#d7f9ee&#8221; locked=&#8221;off&#8221;][et_pb_row column_structure=&#8221;2_3,1_3&#8243; _builder_version=&#8221;4.4.3&#8243; min_height=&#8221;179px&#8221; custom_margin=&#8221;|auto|-6px|50px||&#8221; custom_padding=&#8221;3px||8px|||&#8221;][et_pb_column type=&#8221;2_3&#8243; _builder_version=&#8221;3.26.4&#8243;][et_pb_text [&hellip;]<\/p>\n","protected":false},"author":1,"featured_media":0,"parent":0,"menu_order":0,"comment_status":"closed","ping_status":"closed","template":"","meta":{"_et_pb_use_builder":"on","_et_pb_old_content":"","_et_gb_content_width":""},"yoast_head":"<!-- This site is optimized with the Yoast SEO plugin v20.3 - https:\/\/yoast.com\/wordpress\/plugins\/seo\/ -->\n<title>News 2019 | Tamara Landau<\/title>\n<meta name=\"robots\" content=\"index, follow, max-snippet:-1, max-image-preview:large, max-video-preview:-1\" \/>\n<link rel=\"canonical\" href=\"https:\/\/tamara-landau.net\/en\/news-2019\/\" \/>\n<meta property=\"og:locale\" content=\"en_US\" \/>\n<meta property=\"og:type\" content=\"article\" \/>\n<meta property=\"og:title\" content=\"News 2019 | Tamara Landau\" \/>\n<meta property=\"og:description\" content=\"[et_pb_section fb_built=&#8221;1&#8243; fullwidth=&#8221;on&#8221; _builder_version=&#8221;3.26.4&#8243; background_color=&#8221;#fcfaf6&#8243; locked=&#8221;off&#8221;][et_pb_fullwidth_header title=&#8221;Tamara Landau&#8221; subhead=&#8221;News 2019- 2020&#8243; _builder_version=&#8221;3.26.4&#8243; title_font=&#8221;||||||||&#8221; title_text_color=&#8221;#00cccc&#8221; title_font_size=&#8221;25px&#8221; subhead_font=&#8221;||||||||&#8221; subhead_text_color=&#8221;#0068d8&#8243; subhead_font_size=&#8221;24px&#8221; background_color=&#8221;#fbfaf5&#8243; background_layout=&#8221;light&#8221; custom_padding=&#8221;25px||6px|||&#8221; border_color_all=&#8221;#ffffff&#8221; border_color_bottom=&#8221;#00cccc&#8221; border_style_bottom=&#8221;dotted&#8221;][\/et_pb_fullwidth_header][\/et_pb_section][et_pb_section fb_built=&#8221;1&#8243; fullwidth=&#8221;on&#8221; _builder_version=&#8221;3.26.4&#8243; background_color=&#8221;#ffffff&#8221; custom_padding=&#8221;5px||16px|||&#8221; border_width_bottom=&#8221;1px&#8221; border_color_bottom=&#8221;#d7f9ee&#8221; saved_tabs=&#8221;all&#8221; locked=&#8221;off&#8221;][et_pb_fullwidth_menu menu_id=&#8221;36&#8243; active_link_color=&#8221;#0068d8&#8243; dropdown_menu_text_color=&#8221;#0068d8&#8243; _builder_version=&#8221;3.26.4&#8243; background_color=&#8221;rgba(0,0,0,0)&#8221; custom_margin=&#8221;||-10px|||&#8221; border_color_bottom=&#8221;#d7f9ee&#8221;][\/et_pb_fullwidth_menu][\/et_pb_section][et_pb_section fb_built=&#8221;1&#8243; _builder_version=&#8221;3.26.4&#8243; custom_padding=&#8221;40px||16px|||&#8221; border_width_bottom=&#8221;1px&#8221; border_color_bottom=&#8221;#d7f9ee&#8221; box_shadow_style=&#8221;preset3&#8243; box_shadow_color=&#8221;#d7f9ee&#8221; locked=&#8221;off&#8221;][et_pb_row column_structure=&#8221;2_3,1_3&#8243; _builder_version=&#8221;4.4.3&#8243; min_height=&#8221;179px&#8221; custom_margin=&#8221;|auto|-6px|50px||&#8221; custom_padding=&#8221;3px||8px|||&#8221;][et_pb_column type=&#8221;2_3&#8243; _builder_version=&#8221;3.26.4&#8243;][et_pb_text [&hellip;]\" \/>\n<meta property=\"og:url\" content=\"https:\/\/tamara-landau.net\/en\/news-2019\/\" \/>\n<meta property=\"og:site_name\" content=\"Tamara Landau\" \/>\n<meta property=\"article:modified_time\" content=\"2020-10-18T21:20:08+00:00\" \/>\n<meta property=\"og:image\" content=\"https:\/\/tamara-landau.net\/wp-content\/uploads\/2020\/01\/jornadasAPA2019-300x225.jpeg\" \/>\n<meta name=\"twitter:card\" content=\"summary_large_image\" \/>\n<meta name=\"twitter:label1\" content=\"Est. reading time\" \/>\n\t<meta name=\"twitter:data1\" content=\"27 minutes\" \/>\n<script type=\"application\/ld+json\" class=\"yoast-schema-graph\">{\"@context\":\"https:\/\/schema.org\",\"@graph\":[{\"@type\":\"WebPage\",\"@id\":\"https:\/\/tamara-landau.net\/en\/news-2019\/\",\"url\":\"https:\/\/tamara-landau.net\/en\/news-2019\/\",\"name\":\"News 2019 | Tamara Landau\",\"isPartOf\":{\"@id\":\"https:\/\/tamara-landau.net\/#website\"},\"datePublished\":\"2019-11-22T20:53:41+00:00\",\"dateModified\":\"2020-10-18T21:20:08+00:00\",\"breadcrumb\":{\"@id\":\"https:\/\/tamara-landau.net\/en\/news-2019\/#breadcrumb\"},\"inLanguage\":\"en-US\",\"potentialAction\":[{\"@type\":\"ReadAction\",\"target\":[\"https:\/\/tamara-landau.net\/en\/news-2019\/\"]}]},{\"@type\":\"BreadcrumbList\",\"@id\":\"https:\/\/tamara-landau.net\/en\/news-2019\/#breadcrumb\",\"itemListElement\":[{\"@type\":\"ListItem\",\"position\":1,\"name\":\"Accueil\",\"item\":\"https:\/\/tamara-landau.net\/en\/tamara-landau-psychoanalyst-and-sculptor\/\"},{\"@type\":\"ListItem\",\"position\":2,\"name\":\"News 2019\"}]},{\"@type\":\"WebSite\",\"@id\":\"https:\/\/tamara-landau.net\/#website\",\"url\":\"https:\/\/tamara-landau.net\/\",\"name\":\"Tamara Landau\",\"description\":\"psychanalyste et sculptrice\",\"potentialAction\":[{\"@type\":\"SearchAction\",\"target\":{\"@type\":\"EntryPoint\",\"urlTemplate\":\"https:\/\/tamara-landau.net\/?s={search_term_string}\"},\"query-input\":\"required name=search_term_string\"}],\"inLanguage\":\"en-US\"}]}<\/script>\n<!-- \/ Yoast SEO plugin. -->","yoast_head_json":{"title":"News 2019 | Tamara Landau","robots":{"index":"index","follow":"follow","max-snippet":"max-snippet:-1","max-image-preview":"max-image-preview:large","max-video-preview":"max-video-preview:-1"},"canonical":"https:\/\/tamara-landau.net\/en\/news-2019\/","og_locale":"en_US","og_type":"article","og_title":"News 2019 | Tamara Landau","og_description":"[et_pb_section fb_built=&#8221;1&#8243; fullwidth=&#8221;on&#8221; _builder_version=&#8221;3.26.4&#8243; background_color=&#8221;#fcfaf6&#8243; locked=&#8221;off&#8221;][et_pb_fullwidth_header title=&#8221;Tamara Landau&#8221; subhead=&#8221;News 2019- 2020&#8243; _builder_version=&#8221;3.26.4&#8243; title_font=&#8221;||||||||&#8221; title_text_color=&#8221;#00cccc&#8221; title_font_size=&#8221;25px&#8221; subhead_font=&#8221;||||||||&#8221; subhead_text_color=&#8221;#0068d8&#8243; subhead_font_size=&#8221;24px&#8221; background_color=&#8221;#fbfaf5&#8243; background_layout=&#8221;light&#8221; custom_padding=&#8221;25px||6px|||&#8221; border_color_all=&#8221;#ffffff&#8221; border_color_bottom=&#8221;#00cccc&#8221; border_style_bottom=&#8221;dotted&#8221;][\/et_pb_fullwidth_header][\/et_pb_section][et_pb_section fb_built=&#8221;1&#8243; fullwidth=&#8221;on&#8221; _builder_version=&#8221;3.26.4&#8243; background_color=&#8221;#ffffff&#8221; custom_padding=&#8221;5px||16px|||&#8221; border_width_bottom=&#8221;1px&#8221; border_color_bottom=&#8221;#d7f9ee&#8221; saved_tabs=&#8221;all&#8221; locked=&#8221;off&#8221;][et_pb_fullwidth_menu menu_id=&#8221;36&#8243; active_link_color=&#8221;#0068d8&#8243; dropdown_menu_text_color=&#8221;#0068d8&#8243; _builder_version=&#8221;3.26.4&#8243; background_color=&#8221;rgba(0,0,0,0)&#8221; custom_margin=&#8221;||-10px|||&#8221; border_color_bottom=&#8221;#d7f9ee&#8221;][\/et_pb_fullwidth_menu][\/et_pb_section][et_pb_section fb_built=&#8221;1&#8243; _builder_version=&#8221;3.26.4&#8243; custom_padding=&#8221;40px||16px|||&#8221; border_width_bottom=&#8221;1px&#8221; border_color_bottom=&#8221;#d7f9ee&#8221; box_shadow_style=&#8221;preset3&#8243; box_shadow_color=&#8221;#d7f9ee&#8221; locked=&#8221;off&#8221;][et_pb_row column_structure=&#8221;2_3,1_3&#8243; _builder_version=&#8221;4.4.3&#8243; min_height=&#8221;179px&#8221; custom_margin=&#8221;|auto|-6px|50px||&#8221; custom_padding=&#8221;3px||8px|||&#8221;][et_pb_column type=&#8221;2_3&#8243; _builder_version=&#8221;3.26.4&#8243;][et_pb_text [&hellip;]","og_url":"https:\/\/tamara-landau.net\/en\/news-2019\/","og_site_name":"Tamara Landau","article_modified_time":"2020-10-18T21:20:08+00:00","og_image":[{"url":"https:\/\/tamara-landau.net\/wp-content\/uploads\/2020\/01\/jornadasAPA2019-300x225.jpeg"}],"twitter_card":"summary_large_image","twitter_misc":{"Est. reading time":"27 minutes"},"schema":{"@context":"https:\/\/schema.org","@graph":[{"@type":"WebPage","@id":"https:\/\/tamara-landau.net\/en\/news-2019\/","url":"https:\/\/tamara-landau.net\/en\/news-2019\/","name":"News 2019 | Tamara Landau","isPartOf":{"@id":"https:\/\/tamara-landau.net\/#website"},"datePublished":"2019-11-22T20:53:41+00:00","dateModified":"2020-10-18T21:20:08+00:00","breadcrumb":{"@id":"https:\/\/tamara-landau.net\/en\/news-2019\/#breadcrumb"},"inLanguage":"en-US","potentialAction":[{"@type":"ReadAction","target":["https:\/\/tamara-landau.net\/en\/news-2019\/"]}]},{"@type":"BreadcrumbList","@id":"https:\/\/tamara-landau.net\/en\/news-2019\/#breadcrumb","itemListElement":[{"@type":"ListItem","position":1,"name":"Accueil","item":"https:\/\/tamara-landau.net\/en\/tamara-landau-psychoanalyst-and-sculptor\/"},{"@type":"ListItem","position":2,"name":"News 2019"}]},{"@type":"WebSite","@id":"https:\/\/tamara-landau.net\/#website","url":"https:\/\/tamara-landau.net\/","name":"Tamara Landau","description":"psychanalyste et sculptrice","potentialAction":[{"@type":"SearchAction","target":{"@type":"EntryPoint","urlTemplate":"https:\/\/tamara-landau.net\/?s={search_term_string}"},"query-input":"required name=search_term_string"}],"inLanguage":"en-US"}]}},"_links":{"self":[{"href":"https:\/\/tamara-landau.net\/en\/wp-json\/wp\/v2\/pages\/2465"}],"collection":[{"href":"https:\/\/tamara-landau.net\/en\/wp-json\/wp\/v2\/pages"}],"about":[{"href":"https:\/\/tamara-landau.net\/en\/wp-json\/wp\/v2\/types\/page"}],"author":[{"embeddable":true,"href":"https:\/\/tamara-landau.net\/en\/wp-json\/wp\/v2\/users\/1"}],"replies":[{"embeddable":true,"href":"https:\/\/tamara-landau.net\/en\/wp-json\/wp\/v2\/comments?post=2465"}],"version-history":[{"count":38,"href":"https:\/\/tamara-landau.net\/en\/wp-json\/wp\/v2\/pages\/2465\/revisions"}],"predecessor-version":[{"id":3664,"href":"https:\/\/tamara-landau.net\/en\/wp-json\/wp\/v2\/pages\/2465\/revisions\/3664"}],"wp:attachment":[{"href":"https:\/\/tamara-landau.net\/en\/wp-json\/wp\/v2\/media?parent=2465"}],"curies":[{"name":"wp","href":"https:\/\/api.w.org\/{rel}","templated":true}]}}