{"id":2405,"date":"2019-11-22T17:34:06","date_gmt":"2019-11-22T17:34:06","guid":{"rendered":"https:\/\/tamara-landau.net\/publications\/"},"modified":"2019-12-14T07:46:08","modified_gmt":"2019-12-14T07:46:08","slug":"publications","status":"publish","type":"page","link":"https:\/\/tamara-landau.net\/en\/publications\/","title":{"rendered":"Publications"},"content":{"rendered":"<p>[et_pb_section fb_built=&#8221;1&#8243; fullwidth=&#8221;on&#8221; _builder_version=&#8221;3.26.4&#8243; background_color=&#8221;#fcfaf6&#8243;][et_pb_fullwidth_header title=&#8221;Tamara Landau&#8221; subhead=&#8221;Publications&#8221; _builder_version=&#8221;3.26.4&#8243; title_font=&#8221;||||||||&#8221; title_text_color=&#8221;#00cccc&#8221; title_font_size=&#8221;25px&#8221; subhead_font=&#8221;||||||||&#8221; subhead_text_color=&#8221;#0068d8&#8243; subhead_font_size=&#8221;24px&#8221; background_color=&#8221;#fbfaf5&#8243; background_layout=&#8221;light&#8221; custom_padding=&#8221;25px||6px|||&#8221; border_color_all=&#8221;#ffffff&#8221; border_color_bottom=&#8221;#00cccc&#8221; border_style_bottom=&#8221;dotted&#8221;][\/et_pb_fullwidth_header][\/et_pb_section][et_pb_section fb_built=&#8221;1&#8243; fullwidth=&#8221;on&#8221; _builder_version=&#8221;3.26.4&#8243;][et_pb_fullwidth_header title=&#8221;Published books&#8221; _builder_version=&#8221;3.26.4&#8243; title_level=&#8221;h2&#8243; title_font=&#8221;||||||||&#8221; background_color=&#8221;#f4f4f4&#8243; background_layout=&#8221;light&#8221; custom_padding=&#8221;29px||2px|||&#8221;][\/et_pb_fullwidth_header][\/et_pb_section][et_pb_section fb_built=&#8221;1&#8243; _builder_version=&#8221;3.26.4&#8243; collapsed=&#8221;off&#8221;][et_pb_row column_structure=&#8221;1_3,1_3,1_3&#8243; _builder_version=&#8221;3.26.4&#8243; collapsed=&#8221;on&#8221;][et_pb_column type=&#8221;1_3&#8243; _builder_version=&#8221;3.26.4&#8243;][et_pb_image src=&#8221;https:\/\/tamara-landau.net\/wp-content\/uploads\/2019\/09\/Accoucher_faire-naitre-tamara-landau.jpg&#8221; url=&#8221;https:\/\/tamara-landau.net\/en\/delivering-and-giving-birth-dialogues-and-separations-during-pregnancy\/&#8221; _builder_version=&#8221;3.26.4&#8243;][\/et_pb_image][\/et_pb_column][et_pb_column type=&#8221;1_3&#8243; _builder_version=&#8221;3.26.4&#8243;][et_pb_image src=&#8221;https:\/\/tamara-landau.net\/wp-content\/uploads\/2019\/09\/funambules-oubli-tamara-landau.jpg&#8221; _builder_version=&#8221;3.26.4&#8243;][\/et_pb_image][\/et_pb_column][et_pb_column type=&#8221;1_3&#8243; _builder_version=&#8221;3.26.4&#8243;][et_pb_image src=&#8221;https:\/\/tamara-landau.net\/wp-content\/uploads\/2019\/09\/impossible-naissance-tamara-landau.jpg&#8221; _builder_version=&#8221;3.26.4&#8243;][\/et_pb_image][\/et_pb_column][\/et_pb_row][et_pb_row _builder_version=&#8221;3.26.4&#8243; collapsed=&#8221;on&#8221;][et_pb_column type=&#8221;4_4&#8243; _builder_version=&#8221;3.26.4&#8243;][et_pb_text _builder_version=&#8221;4.0.9&#8243; text_line_height=&#8221;2em&#8221; custom_margin=&#8221;10px||10px||true|false&#8221; custom_padding=&#8221;0px|10px|0px|10px|true|true&#8221; hover_enabled=&#8221;0&#8243; border_style_all=&#8221;dotted&#8221; border_color_top=&#8221;#e02b20&#8243; border_width_bottom=&#8221;1px&#8221; border_color_bottom=&#8221;#d3d3d3&#8243; border_color_left=&#8221;#d7f9ee&#8221; border_style_left=&#8221;solid&#8221; saved_tabs=&#8221;all&#8221;]<em>\u2022 <\/em>2\u00e8me \u00e9dition revue et augment\u00e9e de<em>\u00a0Dar a luz, dar vida. Di\u00e1logos y separaciones durante el embarazo<\/em>. Editions Ricardo Vergaras, Buenos Aires, 2019.<br \/>\n[\/et_pb_text][et_pb_text _builder_version=&#8221;3.27.4&#8243; text_line_height=&#8221;2em&#8221; custom_margin=&#8221;10px||10px||true|false&#8221; custom_padding=&#8221;0px|10px|0px|10px|true|true&#8221; border_style_all=&#8221;dotted&#8221; border_color_top=&#8221;#e02b20&#8243; border_width_bottom=&#8221;1px&#8221; border_color_bottom=&#8221;#d3d3d3&#8243; border_color_left=&#8221;#d7f9ee&#8221; border_style_left=&#8221;solid&#8221; saved_tabs=&#8221;all&#8221;]<\/p>\n<p><a href=\"https:\/\/www.tamara-landau.net\/accoucher.fr.php\"><em><span style=\"text-decoration: underline;\"><strong><\/strong><\/span><\/em><\/a><em><\/em><a href=\"https:\/\/www.tamara-landau.net\/accoucher.fr.php\"><em>\u2022 Accoucher et faire na\u00eetre. Dialogues et s\u00e9parations durant la grossesse.<\/em><\/a> \u00c9ditions IMAGO, Paris 2019.<\/p>\n<p>[\/et_pb_text][et_pb_text _builder_version=&#8221;3.27.4&#8243; text_line_height=&#8221;2em&#8221; custom_margin=&#8221;10px||10px||true|false&#8221; custom_padding=&#8221;0px|10px|0px|10px|true|true&#8221; border_style_all=&#8221;dotted&#8221; border_color_top=&#8221;#e02b20&#8243; border_width_bottom=&#8221;1px&#8221; border_color_bottom=&#8221;#d3d3d3&#8243; border_color_left=&#8221;#d7f9ee&#8221; border_style_left=&#8221;solid&#8221; saved_tabs=&#8221;all&#8221;]<\/p>\n<p><a href=\"https:\/\/www.tamara-landau.net\/accoucher.fr.php\"><em><span style=\"text-decoration: underline;\"><strong><\/strong><\/span><\/em><\/a><em><\/em><a href=\"https:\/\/www.tamara-landau.net\/accoucher.fr.php\"><em><\/em><\/a><em>\u2022 Desafios da subjetividade frente \u00e0s vicissitudes comtempor\u00e2neas: praticas psicanaliticas<\/em>. Livre collectif sous la direction de Larissa Ornellas. Editions Instituto Langage, Bahia 2018.<\/p>\n<p>[\/et_pb_text][et_pb_text _builder_version=&#8221;3.27.4&#8243; text_line_height=&#8221;2em&#8221; custom_margin=&#8221;10px||10px||true|false&#8221; custom_padding=&#8221;0px|10px|0px|10px|true|true&#8221; border_style_all=&#8221;dotted&#8221; border_color_top=&#8221;#e02b20&#8243; border_width_bottom=&#8221;1px&#8221; border_color_bottom=&#8221;#d3d3d3&#8243; border_color_left=&#8221;#d7f9ee&#8221; border_style_left=&#8221;solid&#8221; saved_tabs=&#8221;all&#8221;]<em>\u2022 Dar a luz, dar vida<\/em>. Ediciones Ricardo Vergara. Buenos Aires 2018.[\/et_pb_text][et_pb_text _builder_version=&#8221;3.27.4&#8243; text_line_height=&#8221;2em&#8221; custom_margin=&#8221;10px||10px||true|false&#8221; custom_padding=&#8221;0px|10px|0px|10px|true|true&#8221; border_style_all=&#8221;dotted&#8221; border_color_top=&#8221;#e02b20&#8243; border_width_bottom=&#8221;1px&#8221; border_color_bottom=&#8221;#d3d3d3&#8243; border_color_left=&#8221;#d7f9ee&#8221; border_style_left=&#8221;solid&#8221; saved_tabs=&#8221;all&#8221;]<em>\u2022 \u00c9coute, \u00f4 b\u00e9b\u00e9, la voix de ta m\u00e8re<\/em>. Livre collectif. \u00c9ditions \u00c9r\u00e8s, Paris 2015.[\/et_pb_text][et_pb_text _builder_version=&#8221;4.0.9&#8243; text_line_height=&#8221;2em&#8221; custom_margin=&#8221;10px||10px||true|false&#8221; custom_padding=&#8221;0px|10px|0px|10px|true|true&#8221; hover_enabled=&#8221;0&#8243; border_style_all=&#8221;dotted&#8221; border_color_top=&#8221;#e02b20&#8243; border_width_bottom=&#8221;1px&#8221; border_color_bottom=&#8221;#d3d3d3&#8243; border_color_left=&#8221;#d7f9ee&#8221; border_style_left=&#8221;solid&#8221; saved_tabs=&#8221;all&#8221;]<em>\u2022 <a href=\"https:\/\/tamara-landau.net\/en\/the-tightrope-walkers-of-oblivion-prenatal-origins-of-anorexia-and-bulimia\/\">Le funambole della dimenticanza. Origini prenatali dell\u2019anoressia e della bulimia<\/a><\/em>. Aracne Editrice. Milan, 2015.<br \/>\n[\/et_pb_text][et_pb_text _builder_version=&#8221;4.0.9&#8243; text_line_height=&#8221;2em&#8221; custom_margin=&#8221;10px||10px||true|false&#8221; custom_padding=&#8221;0px|10px|0px|10px|true|true&#8221; hover_enabled=&#8221;0&#8243; border_style_all=&#8221;dotted&#8221; border_color_top=&#8221;#e02b20&#8243; border_width_bottom=&#8221;1px&#8221; border_color_bottom=&#8221;#d3d3d3&#8243; border_color_left=&#8221;#d7f9ee&#8221; border_style_left=&#8221;solid&#8221; saved_tabs=&#8221;all&#8221;]<\/p>\n<p><em>\u2022 <a href=\"https:\/\/tamara-landau.net\/en\/the-impossible-birth\/\">La Nascita Impossible o il bambino &#8220;enclav\u00e9&#8221; fobie, nevrosi d&#8217;angoscia e sentimento di esistere<\/a><\/em>. Aracne Editrice. Milan, 2015.<\/p>\n<p>[\/et_pb_text][et_pb_text _builder_version=&#8221;4.0.9&#8243; text_line_height=&#8221;2em&#8221; custom_margin=&#8221;10px||10px||true|false&#8221; custom_padding=&#8221;0px|10px|0px|10px|true|true&#8221; hover_enabled=&#8221;0&#8243; border_style_all=&#8221;dotted&#8221; border_color_top=&#8221;#e02b20&#8243; border_width_bottom=&#8221;1px&#8221; border_color_bottom=&#8221;#d3d3d3&#8243; border_color_left=&#8221;#d7f9ee&#8221; border_style_left=&#8221;solid&#8221; saved_tabs=&#8221;all&#8221;]<em>\u2022 <a href=\"https:\/\/tamara-landau.net\/en\/the-tightrope-walkers-of-oblivion-prenatal-origins-of-anorexia-and-bulimia\/\">Les funambules de l&#8217;oubli. Origines de l&#8217;anorexie et de la boulimie<\/a>.<\/em> \u00c9ditions IMAGO, Paris 2012.<br \/>\n[\/et_pb_text][et_pb_text _builder_version=&#8221;4.0.9&#8243; text_line_height=&#8221;2em&#8221; custom_margin=&#8221;10px||10px||true|false&#8221; custom_padding=&#8221;0px|10px|0px|10px|true|true&#8221; hover_enabled=&#8221;0&#8243; border_style_all=&#8221;dotted&#8221; border_color_top=&#8221;#e02b20&#8243; border_width_bottom=&#8221;1px&#8221; border_color_bottom=&#8221;#d3d3d3&#8243; border_color_left=&#8221;#d7f9ee&#8221; border_style_left=&#8221;solid&#8221; saved_tabs=&#8221;all&#8221;]\u2022 2\u00e8me \u00e9dition corrig\u00e9e de <a href=\"https:\/\/tamara-landau.net\/en\/the-impossible-birth\/\"><em>L&#8217;impossible naissance ou l&#8217;enfant enclav\u00e9<\/em><\/a>, \u00c9ditions IMAGO, Paris 2009.<br \/>\n[\/et_pb_text][et_pb_text _builder_version=&#8221;3.27.4&#8243; text_line_height=&#8221;2em&#8221; custom_margin=&#8221;10px||10px||true|false&#8221; custom_padding=&#8221;0px|10px|0px|10px|true|true&#8221; border_style_all=&#8221;dotted&#8221; border_color_top=&#8221;#e02b20&#8243; border_width_bottom=&#8221;1px&#8221; border_color_bottom=&#8221;#d3d3d3&#8243; border_color_left=&#8221;#d7f9ee&#8221; border_style_left=&#8221;solid&#8221; saved_tabs=&#8221;all&#8221;]<em>\u2022 La convention nationale fait le proc\u00e8s de Sigmund Freud<\/em>, co-auteur d&#8217;une pi\u00e8ce de th\u00e9\u00e2tre publi\u00e9e dans <em>L&#8217;inconscient et le politique<\/em>, \u00c9dition \u00c9r\u00e8s, Paris 2007.[\/et_pb_text][et_pb_text _builder_version=&#8221;3.27.4&#8243; text_line_height=&#8221;2em&#8221; custom_margin=&#8221;10px||10px||true|false&#8221; custom_padding=&#8221;0px|10px|0px|10px|true|true&#8221; border_style_all=&#8221;dotted&#8221; border_color_top=&#8221;#e02b20&#8243; border_width_bottom=&#8221;1px&#8221; border_color_bottom=&#8221;#d3d3d3&#8243; border_color_left=&#8221;#d7f9ee&#8221; border_style_left=&#8221;solid&#8221; saved_tabs=&#8221;all&#8221;]<em>\u2022 R\u00e9siliences<\/em>, Livre collectif. \u00c9ditions \u00c9r\u00e8s, Paris 2007.[\/et_pb_text][et_pb_text _builder_version=&#8221;3.27.4&#8243; text_line_height=&#8221;2em&#8221; custom_margin=&#8221;10px||10px||true|false&#8221; custom_padding=&#8221;0px|10px|0px|10px|true|true&#8221; border_style_all=&#8221;dotted&#8221; border_color_top=&#8221;#e02b20&#8243; border_width_bottom=&#8221;1px&#8221; border_color_bottom=&#8221;#d3d3d3&#8243; border_color_left=&#8221;#d7f9ee&#8221; border_style_left=&#8221;solid&#8221; saved_tabs=&#8221;all&#8221;]<em>\u2022 \u0152dipe \u00e0 Venise<\/em>, Livre Collectif. \u00c9ditions Elema, Paris 2005.[\/et_pb_text][et_pb_text _builder_version=&#8221;3.27.4&#8243; text_line_height=&#8221;2em&#8221; custom_margin=&#8221;10px||10px||true|false&#8221; custom_padding=&#8221;0px|10px|0px|10px|true|true&#8221; border_style_all=&#8221;dotted&#8221; border_color_top=&#8221;#e02b20&#8243; border_width_bottom=&#8221;1px&#8221; border_color_bottom=&#8221;#d3d3d3&#8243; border_color_left=&#8221;#d7f9ee&#8221; border_style_left=&#8221;solid&#8221; saved_tabs=&#8221;all&#8221;]<\/p>\n<p>\u2022 <a href=\"https:\/\/www.tamara-landau.net\/impossible-naissance.fr.php\"><em>L&#8217;impossible naissance ou l&#8217;enfant enclav\u00e9<\/em><\/a>, \u00c9ditions Imago, Paris 2004.<\/p>\n<p>[\/et_pb_text][\/et_pb_column][\/et_pb_row][\/et_pb_section][et_pb_section fb_built=&#8221;1&#8243; fullwidth=&#8221;on&#8221; _builder_version=&#8221;3.26.4&#8243;][et_pb_fullwidth_header title=&#8221;Communications and Articles&#8221; _builder_version=&#8221;3.26.4&#8243; title_level=&#8221;h2&#8243; title_font=&#8221;||||||||&#8221; background_color=&#8221;#f4f4f4&#8243; background_layout=&#8221;light&#8221; custom_padding=&#8221;29px||2px|||&#8221;][\/et_pb_fullwidth_header][\/et_pb_section][et_pb_section fb_built=&#8221;1&#8243; _builder_version=&#8221;3.26.4&#8243;][et_pb_row _builder_version=&#8221;3.26.4&#8243; collapsed=&#8221;off&#8221;][et_pb_column type=&#8221;4_4&#8243; _builder_version=&#8221;3.26.4&#8243;][et_pb_text _builder_version=&#8221;3.27.4&#8243; custom_margin=&#8221;5px||5px||false|false&#8221; custom_padding=&#8221;0px||0px||true|false&#8221; border_width_bottom=&#8221;1px&#8221; border_color_bottom=&#8221;#d3d3d3&#8243; border_style_bottom=&#8221;dotted&#8221;]2018[\/et_pb_text][et_pb_text _builder_version=&#8221;4.0.9&#8243; text_line_height=&#8221;2em&#8221; custom_margin=&#8221;6px||6px||true|false&#8221; custom_padding=&#8221;8px|10px|0px|10px|false|true&#8221; hover_enabled=&#8221;0&#8243; border_style_all=&#8221;dotted&#8221; border_color_top=&#8221;#e02b20&#8243; border_color_bottom=&#8221;#e02b20&#8243; border_color_left=&#8221;#e02b20&#8243; border_style_left=&#8221;solid&#8221; saved_tabs=&#8221;all&#8221;]<\/p>\n<ul>\n<li>Publication du S\u00e9minaire d&#8217;\u00c9cologie P\u00e9rinatal de Tamara Landau dans la revue Cr\u00e9avida N\u00b0 23. Buenos Aires, sous la direction de Jaqui Zieler. <a href=\"http:\/\/fundacioncreavida.org.ar\/\">Link<\/a><\/li>\n<\/ul>\n<p>[\/et_pb_text][et_pb_text _builder_version=&#8221;3.27.4&#8243; custom_margin=&#8221;5px||5px||false|false&#8221; custom_padding=&#8221;0px||0px||true|false&#8221; border_width_bottom=&#8221;1px&#8221; border_color_bottom=&#8221;#d3d3d3&#8243; border_style_bottom=&#8221;dotted&#8221;]2016[\/et_pb_text][et_pb_text _builder_version=&#8221;4.0.9&#8243; text_line_height=&#8221;2em&#8221; custom_margin=&#8221;6px||6px||true|false&#8221; custom_padding=&#8221;8px|10px|0px|10px|false|true&#8221; hover_enabled=&#8221;0&#8243; border_style_all=&#8221;dotted&#8221; border_color_top=&#8221;#e02b20&#8243; border_color_bottom=&#8221;#e02b20&#8243; border_color_left=&#8221;#e02b20&#8243; border_style_left=&#8221;solid&#8221; saved_tabs=&#8221;all&#8221;]<\/p>\n<ul>\n<li><a href=\"https:\/\/www.tamara-landau.net\/impossible-naissance.fr.php\"><em><\/em><\/a>\u00ab Gen\u00e8se prenatale de la boulimie et l\u2019anorexie \u00bb, revue Addenda, \u00e9ditions Ricardo Vergara, Buenos Aires.<\/li>\n<\/ul>\n<p>[\/et_pb_text][et_pb_text _builder_version=&#8221;3.27.4&#8243; custom_margin=&#8221;5px||5px||false|false&#8221; custom_padding=&#8221;0px||0px||true|false&#8221; border_width_bottom=&#8221;1px&#8221; border_color_bottom=&#8221;#d3d3d3&#8243; border_style_bottom=&#8221;dotted&#8221;]2014[\/et_pb_text][et_pb_text _builder_version=&#8221;3.27.4&#8243; text_line_height=&#8221;2em&#8221; custom_margin=&#8221;6px||6px||true|false&#8221; custom_padding=&#8221;8px|10px|0px|10px|false|true&#8221; border_style_all=&#8221;dotted&#8221; border_color_top=&#8221;#e02b20&#8243; border_color_bottom=&#8221;#e02b20&#8243; border_color_left=&#8221;#e02b20&#8243; border_style_left=&#8221;solid&#8221; saved_tabs=&#8221;all&#8221;]<\/p>\n<ul>\n<li><a href=\"https:\/\/www.tamara-landau.net\/impossible-naissance.fr.php\"><em><\/em><\/a>\u00ab Traces and impact of prenatal traumatism on the genesys of symptoms \u00bb, JCFAR n\u00b025 (Journal of the Centre for Freudien Analysis and Research), Karnac books, Londres.<\/li>\n<\/ul>\n<p>[\/et_pb_text][et_pb_text _builder_version=&#8221;3.27.4&#8243; custom_margin=&#8221;5px||5px||false|false&#8221; custom_padding=&#8221;0px||0px||true|false&#8221; border_width_bottom=&#8221;1px&#8221; border_color_bottom=&#8221;#d3d3d3&#8243; border_style_bottom=&#8221;dotted&#8221;]2013[\/et_pb_text][et_pb_text _builder_version=&#8221;3.27.4&#8243; text_line_height=&#8221;2em&#8221; custom_margin=&#8221;6px||6px||true|false&#8221; custom_padding=&#8221;8px|10px|0px|10px|false|true&#8221; border_style_all=&#8221;dotted&#8221; border_color_top=&#8221;#e02b20&#8243; border_color_bottom=&#8221;#e02b20&#8243; border_color_left=&#8221;#e02b20&#8243; border_style_left=&#8221;solid&#8221; saved_tabs=&#8221;all&#8221;]<\/p>\n<ul>\n<li><a href=\"https:\/\/www.tamara-landau.net\/impossible-naissance.fr.php\"><em><\/em><\/a>\u00ab Le cri de l&#8217;enfant enclav\u00e9 : M\u00e8re ne vois-tu pas que je br\u00fble? \u00bb actes du colloque &#8220;La voix sur les braises&#8221;, \u00e9ditions Solilang.<\/li>\n<\/ul>\n<p>[\/et_pb_text][et_pb_text _builder_version=&#8221;3.27.4&#8243; custom_margin=&#8221;5px||5px||false|false&#8221; custom_padding=&#8221;0px||0px||true|false&#8221; border_width_bottom=&#8221;1px&#8221; border_color_bottom=&#8221;#d3d3d3&#8243; border_style_bottom=&#8221;dotted&#8221;]2012[\/et_pb_text][et_pb_text _builder_version=&#8221;3.27.4&#8243; text_line_height=&#8221;2em&#8221; custom_margin=&#8221;6px||6px||true|false&#8221; custom_padding=&#8221;8px|10px|0px|10px|false|true&#8221; saved_tabs=&#8221;all&#8221;]<\/p>\n<ul>\n<li><a href=\"https:\/\/www.tamara-landau.net\/impossible-naissance.fr.php\"><em><\/em><\/a>\u00ab Origines pr\u00e9natales de l&#8217;anorexie et de la boulimie \u00bb, communication au Centre of Freudian Analysis and Research, Londres.<\/li>\n<\/ul>\n<p>[\/et_pb_text][et_pb_text _builder_version=&#8221;3.27.4&#8243; custom_margin=&#8221;5px||5px||false|false&#8221; custom_padding=&#8221;0px||0px||true|false&#8221; border_width_bottom=&#8221;1px&#8221; border_color_bottom=&#8221;#d3d3d3&#8243; border_style_bottom=&#8221;dotted&#8221;]2010[\/et_pb_text][et_pb_text _builder_version=&#8221;3.27.4&#8243; text_line_height=&#8221;2em&#8221; custom_margin=&#8221;6px||6px||true|false&#8221; custom_padding=&#8221;8px|10px|0px|10px|false|true&#8221; saved_tabs=&#8221;all&#8221;]<\/p>\n<ul>\n<li>\u00ab Le temps du sc\u00e9nario et parcours analytique \u00bb communication \u00e0 la Soci\u00e9t\u00e9 de Psychanalyse Freudienne.<\/li>\n<li>\u00ab La psychanalyse et l&#8217;Autre sc\u00e8ne \u00bb communication \u00e0 la Fondation Europ\u00e9enne de la psychanalyse \u00e0 Dubrovnick.<\/li>\n<\/ul>\n<p>[\/et_pb_text][et_pb_text _builder_version=&#8221;3.27.4&#8243; custom_margin=&#8221;5px||5px||false|false&#8221; custom_padding=&#8221;0px||0px||true|false&#8221; border_width_bottom=&#8221;1px&#8221; border_color_bottom=&#8221;#d3d3d3&#8243; border_style_bottom=&#8221;dotted&#8221;]2009[\/et_pb_text][et_pb_text _builder_version=&#8221;3.27.4&#8243; text_line_height=&#8221;2em&#8221; custom_margin=&#8221;6px||6px||true|false&#8221; custom_padding=&#8221;8px|10px|0px|10px|false|true&#8221; saved_tabs=&#8221;all&#8221;]<\/p>\n<ul>\n<li>\u00ab The body of desire \u00bb, communication \u00e0 l&#8217;Universit\u00e9 de Toronto avec l&#8217;association &#8220;Speaking of Lacan&#8221;.<\/li>\n<li>\u00ab Pr\u00e9sentation du concept d&#8217;enclave \u00bb, article, Cahiers pour une \u00e9cole n\u00b017, revue de psychanalyse.<\/li>\n<li>\u00ab L&#8217;enclave \u00e0 l&#8217;\u00e9preuve de la clinique \u00bb, communication audio, Soci\u00e9t\u00e9 de Psychanalyse Freudienne, Paris.<\/li>\n<\/ul>\n<p>[\/et_pb_text][et_pb_text _builder_version=&#8221;3.27.4&#8243; custom_margin=&#8221;5px||5px||false|false&#8221; custom_padding=&#8221;0px||0px||true|false&#8221; border_width_bottom=&#8221;1px&#8221; border_color_bottom=&#8221;#d3d3d3&#8243; border_style_bottom=&#8221;dotted&#8221;]2008[\/et_pb_text][et_pb_text _builder_version=&#8221;3.27.4&#8243; text_line_height=&#8221;2em&#8221; custom_margin=&#8221;6px||6px||true|false&#8221; custom_padding=&#8221;8px|10px|0px|10px|false|true&#8221; saved_tabs=&#8221;all&#8221;]<\/p>\n<ul>\n<li>\u00ab Identit\u00e9 et d\u00e9ni de grossesse \u00bb communication American Accademy of psychoanalysis et Opifer 2008.<\/li>\n<li>\u00ab Le corps maternel, un espace hors-droit \u00bb communication audio Akadem.org<\/li>\n<li>\u00ab La d\u00e9couverte du f\u00e9minin avec Fran\u00e7oise Dolto \u00bb communication Association Dolto, Rome<\/li>\n<li>\u00ab Transfert po\u00e9tique et enclave \u00bb communication audio Soci\u00e9t\u00e9 de Psychanalyse Freudienne, Paris<\/li>\n<li>\u00ab Entre moi et moi \u00bb communication audio Carmed, Toulouse<\/li>\n<\/ul>\n<p>[\/et_pb_text][et_pb_text _builder_version=&#8221;3.27.4&#8243; custom_margin=&#8221;5px||5px||false|false&#8221; custom_padding=&#8221;0px||0px||true|false&#8221; border_width_bottom=&#8221;1px&#8221; border_color_bottom=&#8221;#d3d3d3&#8243; border_style_bottom=&#8221;dotted&#8221;]2007[\/et_pb_text][et_pb_text _builder_version=&#8221;3.27.4&#8243; text_line_height=&#8221;2em&#8221; custom_margin=&#8221;6px||6px||true|false&#8221; custom_padding=&#8221;8px|10px|0px|10px|false|true&#8221; saved_tabs=&#8221;all&#8221;]<\/p>\n<ul>\n<li>\u00ab D\u00e9vorer le temps de l&#8217;objet \u00bb article, actes Forum Lou Salom\u00e9, Milan, Italie<\/li>\n<li>\u00ab Interrogations autour du f\u00e9minin \u00bb communication audio S.P.F. Paris<\/li>\n<li>\u00ab Le transfert d\u00e9vorant des boulimiques \u00bb article, Revue de Psychanalyse \u00ab Che vuoi ? \u00bb n\u00b027 \u00e9ditions L&#8217;Harmattan<\/li>\n<li>\u00ab Les tricoteuses : les femmes, le sang et la R\u00e9volution \u00bb article dans \u00ab L&#8217; Inconscient et le politique \u00bb Insistance n\u00b03, \u00e9dition Eres, revue de Psychanalyse.<\/li>\n<li>\u00ab Love and oblivion sonata \u00bb Essai sur Alice Munro en cours de publication sur J.E.S.S. (Journal Shorts Stories in English).<\/li>\n<li>\u00ab Come affrontare l&#8217;enclave nelle nevrosi e le perversioni \u00bb article, Florent Art Edizioni, Italie.<\/li>\n<\/ul>\n<p>[\/et_pb_text][et_pb_text _builder_version=&#8221;3.27.4&#8243; custom_margin=&#8221;5px||5px||false|false&#8221; custom_padding=&#8221;0px||0px||true|false&#8221; border_width_bottom=&#8221;1px&#8221; border_color_bottom=&#8221;#d3d3d3&#8243; border_style_bottom=&#8221;dotted&#8221;]2006[\/et_pb_text][et_pb_text _builder_version=&#8221;3.27.4&#8243; text_line_height=&#8221;2em&#8221; custom_margin=&#8221;6px||6px||true|false&#8221; custom_padding=&#8221;8px|10px|0px|10px|false|true&#8221; saved_tabs=&#8221;all&#8221;]<\/p>\n<ul>\n<li>\u00ab \u00c9tat de grossesse et d\u00e9pressions anaclitiques \u00bb communication Soci\u00e9t\u00e9 de Psychanalyse Freudienne, Paris<\/li>\n<li>\u00ab Du narcissisme primordial de Fran\u00e7oise Dolto \u00e0 l&#8217;arbre renvers\u00e9 \u00bb communication, actes Forum Lou Salom\u00e9, Milan, Italie.<\/li>\n<li>\u00ab Le corps-psych\u00e9 et le transfert \u00bb communication Universit\u00e9 Turin, Italie<\/li>\n<li>\u00ab Le maternel et l&#8217;enclave \u00bb communication audio Soci\u00e9t\u00e9 de Psychanalyse Freudienne, Paris<\/li>\n<\/ul>\n<p>[\/et_pb_text][et_pb_text _builder_version=&#8221;3.27.4&#8243; custom_margin=&#8221;5px||5px||false|false&#8221; custom_padding=&#8221;0px||0px||true|false&#8221; border_width_bottom=&#8221;1px&#8221; border_color_bottom=&#8221;#d3d3d3&#8243; border_style_bottom=&#8221;dotted&#8221;]2005[\/et_pb_text][et_pb_text _builder_version=&#8221;3.27.4&#8243; text_line_height=&#8221;2em&#8221; custom_margin=&#8221;6px||6px||true|false&#8221; custom_padding=&#8221;8px|10px|0px|10px|false|true&#8221; saved_tabs=&#8221;all&#8221;]<\/p>\n<ul>\n<li>\u00ab Le f\u00e9minin entrav\u00e9 \u00bb article, AML, Paris<\/li>\n<\/ul>\n<p>[\/et_pb_text][et_pb_text _builder_version=&#8221;3.27.4&#8243; custom_margin=&#8221;5px||5px||false|false&#8221; custom_padding=&#8221;0px||0px||true|false&#8221; border_width_bottom=&#8221;1px&#8221; border_color_bottom=&#8221;#d3d3d3&#8243; border_style_bottom=&#8221;dotted&#8221;]2004[\/et_pb_text][et_pb_text _builder_version=&#8221;3.27.4&#8243; text_line_height=&#8221;2em&#8221; custom_margin=&#8221;6px||6px||true|false&#8221; custom_padding=&#8221;8px|10px|0px|10px|false|true&#8221; saved_tabs=&#8221;all&#8221;]<\/p>\n<ul>\n<li>\u00ab Dissociation et hypnose originaire \u00bb communication audio, colloque internationale G.E.M.A.H.<\/li>\n<\/ul>\n<p>[\/et_pb_text][et_pb_text _builder_version=&#8221;3.27.4&#8243; custom_margin=&#8221;5px||5px||false|false&#8221; custom_padding=&#8221;0px||0px||true|false&#8221; border_width_bottom=&#8221;1px&#8221; border_color_bottom=&#8221;#d3d3d3&#8243; border_style_bottom=&#8221;dotted&#8221;]2000[\/et_pb_text][et_pb_text _builder_version=&#8221;3.27.4&#8243; custom_margin=&#8221;5px||5px||false|false&#8221; custom_padding=&#8221;0px||0px||true|false&#8221; saved_tabs=&#8221;all&#8221;]<\/p>\n<ul>\n<li>\u00ab Attention flottante et gravit\u00e9 z\u00e9ro \u00bb article, \u00e9ditions Art Th\u00e9rapie<\/li>\n<\/ul>\n<p>[\/et_pb_text][et_pb_text _builder_version=&#8221;3.27.4&#8243; custom_margin=&#8221;5px||5px||false|false&#8221; custom_padding=&#8221;0px||0px||true|false&#8221; border_width_bottom=&#8221;1px&#8221; border_color_bottom=&#8221;#d3d3d3&#8243; border_style_bottom=&#8221;dotted&#8221;]1996[\/et_pb_text][et_pb_text _builder_version=&#8221;3.27.4&#8243; text_line_height=&#8221;2em&#8221; custom_margin=&#8221;10px||10px||true|false&#8221; custom_padding=&#8221;8px|10px|0px|10px|false|true&#8221; saved_tabs=&#8221;all&#8221;]<\/p>\n<ul>\n<li>\u00ab Le sch\u00e8me du sablier ou une topologie de l&#8217;inceste \u00bb communication, Soci\u00e9t\u00e9 de Psychanalyse Freudienne, Paris<\/li>\n<\/ul>\n<p>[\/et_pb_text][et_pb_text _builder_version=&#8221;3.27.4&#8243; custom_margin=&#8221;5px||5px||false|false&#8221; custom_padding=&#8221;0px||0px||true|false&#8221; border_width_bottom=&#8221;1px&#8221; border_color_bottom=&#8221;#d3d3d3&#8243; border_style_bottom=&#8221;dotted&#8221;]1995[\/et_pb_text][et_pb_text _builder_version=&#8221;3.27.4&#8243; text_line_height=&#8221;2em&#8221; custom_margin=&#8221;10px||10px||true|false&#8221; custom_padding=&#8221;8px|10px|0px|10px|false|true&#8221; saved_tabs=&#8221;all&#8221;]<\/p>\n<ul>\n<li>\u00ab Le sch\u00e8me du sablier ou une topologie de l&#8217;inceste \u00bb communication, Soci\u00e9t\u00e9 de Psychanalyse Freudienne, Paris<\/li>\n<\/ul>\n<p>[\/et_pb_text][\/et_pb_column][\/et_pb_row][\/et_pb_section]<\/p>\n","protected":false},"excerpt":{"rendered":"<p>[et_pb_section fb_built=&#8221;1&#8243; fullwidth=&#8221;on&#8221; _builder_version=&#8221;3.26.4&#8243; background_color=&#8221;#fcfaf6&#8243;][et_pb_fullwidth_header title=&#8221;Tamara Landau&#8221; subhead=&#8221;Publications&#8221; _builder_version=&#8221;3.26.4&#8243; title_font=&#8221;||||||||&#8221; title_text_color=&#8221;#00cccc&#8221; title_font_size=&#8221;25px&#8221; subhead_font=&#8221;||||||||&#8221; subhead_text_color=&#8221;#0068d8&#8243; subhead_font_size=&#8221;24px&#8221; background_color=&#8221;#fbfaf5&#8243; background_layout=&#8221;light&#8221; custom_padding=&#8221;25px||6px|||&#8221; border_color_all=&#8221;#ffffff&#8221; border_color_bottom=&#8221;#00cccc&#8221; border_style_bottom=&#8221;dotted&#8221;][\/et_pb_fullwidth_header][\/et_pb_section][et_pb_section fb_built=&#8221;1&#8243; fullwidth=&#8221;on&#8221; _builder_version=&#8221;3.26.4&#8243;][et_pb_fullwidth_header title=&#8221;Published books&#8221; _builder_version=&#8221;3.26.4&#8243; title_level=&#8221;h2&#8243; title_font=&#8221;||||||||&#8221; background_color=&#8221;#f4f4f4&#8243; background_layout=&#8221;light&#8221; custom_padding=&#8221;29px||2px|||&#8221;][\/et_pb_fullwidth_header][\/et_pb_section][et_pb_section fb_built=&#8221;1&#8243; _builder_version=&#8221;3.26.4&#8243; collapsed=&#8221;off&#8221;][et_pb_row column_structure=&#8221;1_3,1_3,1_3&#8243; _builder_version=&#8221;3.26.4&#8243; collapsed=&#8221;on&#8221;][et_pb_column type=&#8221;1_3&#8243; _builder_version=&#8221;3.26.4&#8243;][et_pb_image src=&#8221;https:\/\/tamara-landau.net\/wp-content\/uploads\/2019\/09\/Accoucher_faire-naitre-tamara-landau.jpg&#8221; url=&#8221;https:\/\/tamara-landau.net\/en\/delivering-and-giving-birth-dialogues-and-separations-during-pregnancy\/&#8221; _builder_version=&#8221;3.26.4&#8243;][\/et_pb_image][\/et_pb_column][et_pb_column type=&#8221;1_3&#8243; _builder_version=&#8221;3.26.4&#8243;][et_pb_image src=&#8221;https:\/\/tamara-landau.net\/wp-content\/uploads\/2019\/09\/funambules-oubli-tamara-landau.jpg&#8221; _builder_version=&#8221;3.26.4&#8243;][\/et_pb_image][\/et_pb_column][et_pb_column type=&#8221;1_3&#8243; _builder_version=&#8221;3.26.4&#8243;][et_pb_image src=&#8221;https:\/\/tamara-landau.net\/wp-content\/uploads\/2019\/09\/impossible-naissance-tamara-landau.jpg&#8221; _builder_version=&#8221;3.26.4&#8243;][\/et_pb_image][\/et_pb_column][\/et_pb_row][et_pb_row _builder_version=&#8221;3.26.4&#8243; collapsed=&#8221;on&#8221;][et_pb_column type=&#8221;4_4&#8243; _builder_version=&#8221;3.26.4&#8243;][et_pb_text [&hellip;]<\/p>\n","protected":false},"author":1,"featured_media":0,"parent":0,"menu_order":0,"comment_status":"closed","ping_status":"closed","template":"","meta":{"_et_pb_use_builder":"on","_et_pb_old_content":"","_et_gb_content_width":""},"yoast_head":"<!-- This site is optimized with the Yoast SEO plugin v20.3 - https:\/\/yoast.com\/wordpress\/plugins\/seo\/ -->\n<title>Publications | Tamara Landau<\/title>\n<meta name=\"robots\" content=\"index, follow, max-snippet:-1, max-image-preview:large, max-video-preview:-1\" \/>\n<link rel=\"canonical\" href=\"https:\/\/tamara-landau.net\/en\/publications\/\" \/>\n<meta property=\"og:locale\" content=\"en_US\" \/>\n<meta property=\"og:type\" content=\"article\" \/>\n<meta property=\"og:title\" content=\"Publications | Tamara Landau\" \/>\n<meta property=\"og:description\" content=\"[et_pb_section fb_built=&#8221;1&#8243; fullwidth=&#8221;on&#8221; _builder_version=&#8221;3.26.4&#8243; background_color=&#8221;#fcfaf6&#8243;][et_pb_fullwidth_header title=&#8221;Tamara Landau&#8221; subhead=&#8221;Publications&#8221; _builder_version=&#8221;3.26.4&#8243; title_font=&#8221;||||||||&#8221; title_text_color=&#8221;#00cccc&#8221; title_font_size=&#8221;25px&#8221; subhead_font=&#8221;||||||||&#8221; subhead_text_color=&#8221;#0068d8&#8243; subhead_font_size=&#8221;24px&#8221; background_color=&#8221;#fbfaf5&#8243; background_layout=&#8221;light&#8221; custom_padding=&#8221;25px||6px|||&#8221; border_color_all=&#8221;#ffffff&#8221; border_color_bottom=&#8221;#00cccc&#8221; border_style_bottom=&#8221;dotted&#8221;][\/et_pb_fullwidth_header][\/et_pb_section][et_pb_section fb_built=&#8221;1&#8243; fullwidth=&#8221;on&#8221; _builder_version=&#8221;3.26.4&#8243;][et_pb_fullwidth_header title=&#8221;Published books&#8221; _builder_version=&#8221;3.26.4&#8243; title_level=&#8221;h2&#8243; title_font=&#8221;||||||||&#8221; background_color=&#8221;#f4f4f4&#8243; background_layout=&#8221;light&#8221; custom_padding=&#8221;29px||2px|||&#8221;][\/et_pb_fullwidth_header][\/et_pb_section][et_pb_section fb_built=&#8221;1&#8243; _builder_version=&#8221;3.26.4&#8243; collapsed=&#8221;off&#8221;][et_pb_row column_structure=&#8221;1_3,1_3,1_3&#8243; _builder_version=&#8221;3.26.4&#8243; collapsed=&#8221;on&#8221;][et_pb_column type=&#8221;1_3&#8243; _builder_version=&#8221;3.26.4&#8243;][et_pb_image src=&#8221;https:\/\/tamara-landau.net\/wp-content\/uploads\/2019\/09\/Accoucher_faire-naitre-tamara-landau.jpg&#8221; url=&#8221;https:\/\/tamara-landau.net\/en\/delivering-and-giving-birth-dialogues-and-separations-during-pregnancy\/&#8221; _builder_version=&#8221;3.26.4&#8243;][\/et_pb_image][\/et_pb_column][et_pb_column type=&#8221;1_3&#8243; _builder_version=&#8221;3.26.4&#8243;][et_pb_image src=&#8221;https:\/\/tamara-landau.net\/wp-content\/uploads\/2019\/09\/funambules-oubli-tamara-landau.jpg&#8221; _builder_version=&#8221;3.26.4&#8243;][\/et_pb_image][\/et_pb_column][et_pb_column type=&#8221;1_3&#8243; _builder_version=&#8221;3.26.4&#8243;][et_pb_image src=&#8221;https:\/\/tamara-landau.net\/wp-content\/uploads\/2019\/09\/impossible-naissance-tamara-landau.jpg&#8221; _builder_version=&#8221;3.26.4&#8243;][\/et_pb_image][\/et_pb_column][\/et_pb_row][et_pb_row _builder_version=&#8221;3.26.4&#8243; collapsed=&#8221;on&#8221;][et_pb_column type=&#8221;4_4&#8243; _builder_version=&#8221;3.26.4&#8243;][et_pb_text [&hellip;]\" \/>\n<meta property=\"og:url\" content=\"https:\/\/tamara-landau.net\/en\/publications\/\" \/>\n<meta property=\"og:site_name\" content=\"Tamara Landau\" \/>\n<meta property=\"article:modified_time\" content=\"2019-12-14T07:46:08+00:00\" \/>\n<meta name=\"twitter:card\" content=\"summary_large_image\" \/>\n<meta name=\"twitter:label1\" content=\"Est. reading time\" \/>\n\t<meta name=\"twitter:data1\" content=\"14 minutes\" \/>\n<script type=\"application\/ld+json\" class=\"yoast-schema-graph\">{\"@context\":\"https:\/\/schema.org\",\"@graph\":[{\"@type\":\"WebPage\",\"@id\":\"https:\/\/tamara-landau.net\/en\/publications\/\",\"url\":\"https:\/\/tamara-landau.net\/en\/publications\/\",\"name\":\"Publications | Tamara Landau\",\"isPartOf\":{\"@id\":\"https:\/\/tamara-landau.net\/#website\"},\"datePublished\":\"2019-11-22T17:34:06+00:00\",\"dateModified\":\"2019-12-14T07:46:08+00:00\",\"breadcrumb\":{\"@id\":\"https:\/\/tamara-landau.net\/en\/publications\/#breadcrumb\"},\"inLanguage\":\"en-US\",\"potentialAction\":[{\"@type\":\"ReadAction\",\"target\":[\"https:\/\/tamara-landau.net\/en\/publications\/\"]}]},{\"@type\":\"BreadcrumbList\",\"@id\":\"https:\/\/tamara-landau.net\/en\/publications\/#breadcrumb\",\"itemListElement\":[{\"@type\":\"ListItem\",\"position\":1,\"name\":\"Accueil\",\"item\":\"https:\/\/tamara-landau.net\/en\/tamara-landau-psychoanalyst-and-sculptor\/\"},{\"@type\":\"ListItem\",\"position\":2,\"name\":\"Publications\"}]},{\"@type\":\"WebSite\",\"@id\":\"https:\/\/tamara-landau.net\/#website\",\"url\":\"https:\/\/tamara-landau.net\/\",\"name\":\"Tamara Landau\",\"description\":\"psychanalyste et sculptrice\",\"potentialAction\":[{\"@type\":\"SearchAction\",\"target\":{\"@type\":\"EntryPoint\",\"urlTemplate\":\"https:\/\/tamara-landau.net\/?s={search_term_string}\"},\"query-input\":\"required name=search_term_string\"}],\"inLanguage\":\"en-US\"}]}<\/script>\n<!-- \/ Yoast SEO plugin. -->","yoast_head_json":{"title":"Publications | Tamara Landau","robots":{"index":"index","follow":"follow","max-snippet":"max-snippet:-1","max-image-preview":"max-image-preview:large","max-video-preview":"max-video-preview:-1"},"canonical":"https:\/\/tamara-landau.net\/en\/publications\/","og_locale":"en_US","og_type":"article","og_title":"Publications | Tamara Landau","og_description":"[et_pb_section fb_built=&#8221;1&#8243; fullwidth=&#8221;on&#8221; _builder_version=&#8221;3.26.4&#8243; background_color=&#8221;#fcfaf6&#8243;][et_pb_fullwidth_header title=&#8221;Tamara Landau&#8221; subhead=&#8221;Publications&#8221; _builder_version=&#8221;3.26.4&#8243; title_font=&#8221;||||||||&#8221; title_text_color=&#8221;#00cccc&#8221; title_font_size=&#8221;25px&#8221; subhead_font=&#8221;||||||||&#8221; subhead_text_color=&#8221;#0068d8&#8243; subhead_font_size=&#8221;24px&#8221; background_color=&#8221;#fbfaf5&#8243; background_layout=&#8221;light&#8221; custom_padding=&#8221;25px||6px|||&#8221; border_color_all=&#8221;#ffffff&#8221; border_color_bottom=&#8221;#00cccc&#8221; border_style_bottom=&#8221;dotted&#8221;][\/et_pb_fullwidth_header][\/et_pb_section][et_pb_section fb_built=&#8221;1&#8243; fullwidth=&#8221;on&#8221; _builder_version=&#8221;3.26.4&#8243;][et_pb_fullwidth_header title=&#8221;Published books&#8221; _builder_version=&#8221;3.26.4&#8243; title_level=&#8221;h2&#8243; title_font=&#8221;||||||||&#8221; background_color=&#8221;#f4f4f4&#8243; background_layout=&#8221;light&#8221; custom_padding=&#8221;29px||2px|||&#8221;][\/et_pb_fullwidth_header][\/et_pb_section][et_pb_section fb_built=&#8221;1&#8243; _builder_version=&#8221;3.26.4&#8243; collapsed=&#8221;off&#8221;][et_pb_row column_structure=&#8221;1_3,1_3,1_3&#8243; _builder_version=&#8221;3.26.4&#8243; collapsed=&#8221;on&#8221;][et_pb_column type=&#8221;1_3&#8243; _builder_version=&#8221;3.26.4&#8243;][et_pb_image src=&#8221;https:\/\/tamara-landau.net\/wp-content\/uploads\/2019\/09\/Accoucher_faire-naitre-tamara-landau.jpg&#8221; url=&#8221;https:\/\/tamara-landau.net\/en\/delivering-and-giving-birth-dialogues-and-separations-during-pregnancy\/&#8221; _builder_version=&#8221;3.26.4&#8243;][\/et_pb_image][\/et_pb_column][et_pb_column type=&#8221;1_3&#8243; _builder_version=&#8221;3.26.4&#8243;][et_pb_image src=&#8221;https:\/\/tamara-landau.net\/wp-content\/uploads\/2019\/09\/funambules-oubli-tamara-landau.jpg&#8221; _builder_version=&#8221;3.26.4&#8243;][\/et_pb_image][\/et_pb_column][et_pb_column type=&#8221;1_3&#8243; _builder_version=&#8221;3.26.4&#8243;][et_pb_image src=&#8221;https:\/\/tamara-landau.net\/wp-content\/uploads\/2019\/09\/impossible-naissance-tamara-landau.jpg&#8221; _builder_version=&#8221;3.26.4&#8243;][\/et_pb_image][\/et_pb_column][\/et_pb_row][et_pb_row _builder_version=&#8221;3.26.4&#8243; collapsed=&#8221;on&#8221;][et_pb_column type=&#8221;4_4&#8243; _builder_version=&#8221;3.26.4&#8243;][et_pb_text [&hellip;]","og_url":"https:\/\/tamara-landau.net\/en\/publications\/","og_site_name":"Tamara Landau","article_modified_time":"2019-12-14T07:46:08+00:00","twitter_card":"summary_large_image","twitter_misc":{"Est. reading time":"14 minutes"},"schema":{"@context":"https:\/\/schema.org","@graph":[{"@type":"WebPage","@id":"https:\/\/tamara-landau.net\/en\/publications\/","url":"https:\/\/tamara-landau.net\/en\/publications\/","name":"Publications | Tamara Landau","isPartOf":{"@id":"https:\/\/tamara-landau.net\/#website"},"datePublished":"2019-11-22T17:34:06+00:00","dateModified":"2019-12-14T07:46:08+00:00","breadcrumb":{"@id":"https:\/\/tamara-landau.net\/en\/publications\/#breadcrumb"},"inLanguage":"en-US","potentialAction":[{"@type":"ReadAction","target":["https:\/\/tamara-landau.net\/en\/publications\/"]}]},{"@type":"BreadcrumbList","@id":"https:\/\/tamara-landau.net\/en\/publications\/#breadcrumb","itemListElement":[{"@type":"ListItem","position":1,"name":"Accueil","item":"https:\/\/tamara-landau.net\/en\/tamara-landau-psychoanalyst-and-sculptor\/"},{"@type":"ListItem","position":2,"name":"Publications"}]},{"@type":"WebSite","@id":"https:\/\/tamara-landau.net\/#website","url":"https:\/\/tamara-landau.net\/","name":"Tamara Landau","description":"psychanalyste et sculptrice","potentialAction":[{"@type":"SearchAction","target":{"@type":"EntryPoint","urlTemplate":"https:\/\/tamara-landau.net\/?s={search_term_string}"},"query-input":"required name=search_term_string"}],"inLanguage":"en-US"}]}},"_links":{"self":[{"href":"https:\/\/tamara-landau.net\/en\/wp-json\/wp\/v2\/pages\/2405"}],"collection":[{"href":"https:\/\/tamara-landau.net\/en\/wp-json\/wp\/v2\/pages"}],"about":[{"href":"https:\/\/tamara-landau.net\/en\/wp-json\/wp\/v2\/types\/page"}],"author":[{"embeddable":true,"href":"https:\/\/tamara-landau.net\/en\/wp-json\/wp\/v2\/users\/1"}],"replies":[{"embeddable":true,"href":"https:\/\/tamara-landau.net\/en\/wp-json\/wp\/v2\/comments?post=2405"}],"version-history":[{"count":2,"href":"https:\/\/tamara-landau.net\/en\/wp-json\/wp\/v2\/pages\/2405\/revisions"}],"predecessor-version":[{"id":2992,"href":"https:\/\/tamara-landau.net\/en\/wp-json\/wp\/v2\/pages\/2405\/revisions\/2992"}],"wp:attachment":[{"href":"https:\/\/tamara-landau.net\/en\/wp-json\/wp\/v2\/media?parent=2405"}],"curies":[{"name":"wp","href":"https:\/\/api.w.org\/{rel}","templated":true}]}}