{"id":2387,"date":"2019-11-22T16:18:22","date_gmt":"2019-11-22T16:18:22","guid":{"rendered":"https:\/\/tamara-landau.net\/tamara-landau-sculptor\/"},"modified":"2019-11-22T16:20:40","modified_gmt":"2019-11-22T16:20:40","slug":"tamara-landau-sculptor","status":"publish","type":"page","link":"https:\/\/tamara-landau.net\/en\/tamara-landau-sculptor\/","title":{"rendered":"Tamara Landau, Sculptor"},"content":{"rendered":"<p>[et_pb_section fb_built=&#8221;1&#8243; fullwidth=&#8221;on&#8221; _builder_version=&#8221;3.26.4&#8243; background_color=&#8221;#fcfaf6&#8243;][et_pb_fullwidth_header title=&#8221;Tamara Landau&#8221; subhead=&#8221;Sculptor&#8221; _builder_version=&#8221;3.26.4&#8243; title_font=&#8221;||||||||&#8221; title_text_color=&#8221;#00cccc&#8221; title_font_size=&#8221;25px&#8221; subhead_font=&#8221;||||||||&#8221; subhead_text_color=&#8221;#0068d8&#8243; subhead_font_size=&#8221;24px&#8221; background_color=&#8221;#fbfaf5&#8243; border_color_all=&#8221;#ffffff&#8221; border_color_bottom=&#8221;#00cccc&#8221; border_style_bottom=&#8221;dotted&#8221; background_layout=&#8221;light&#8221; custom_padding=&#8221;25px||6px|||&#8221;][\/et_pb_fullwidth_header][\/et_pb_section][et_pb_section fb_built=&#8221;1&#8243; admin_label=&#8221;section&#8221; _builder_version=&#8221;3.26.4&#8243; background_color=&#8221;#fcfcfc&#8221; use_background_color_gradient=&#8221;on&#8221; background_color_gradient_start=&#8221;#ffffff&#8221; background_color_gradient_end=&#8221;#efefef&#8221; background_color_gradient_start_position=&#8221;70%&#8221; max_width=&#8221;100%&#8221; custom_padding=&#8221;||35px|||&#8221;][et_pb_row column_structure=&#8221;3_5,2_5&#8243; custom_padding=&#8221;||1px|||&#8221; custom_margin=&#8221;||||false|false&#8221; admin_label=&#8221;row&#8221; _builder_version=&#8221;3.26.4&#8243; background_color=&#8221;rgba(0,0,0,0)&#8221; collapsed=&#8221;off&#8221;][et_pb_column type=&#8221;3_5&#8243; _builder_version=&#8221;3.25&#8243; custom_padding=&#8221;|||&#8221; custom_padding__hover=&#8221;|||&#8221;][et_pb_text admin_label=&#8221;Text&#8221; _builder_version=&#8221;3.26.4&#8243; background_size=&#8221;initial&#8221; background_position=&#8221;top_left&#8221; background_repeat=&#8221;repeat&#8221;]<\/p>\n<p><strong>Tamara Landau, psychoanalyst, became a sculptor so she could listen to, think about and convey the hidden inexpressible suffering of her patients. <\/strong><\/p>\n<p>Between 1994 and 2002 she attended the ateliers of Alberto Carlinsky, a pupil of Ossip Zadkine, of Fran\u00e7oise Voledda and the Ateliers des Beaux Arts in Paris.<\/p>\n<p>Direct carving asserts itself as the first poetic writing of the unfathomable area of the unconscious. Her works in alabaster, a feminine stone, very erotic and sinuous, and at once hard and tender, strongly express this primal ambivalence.<\/p>\n<p>[\/et_pb_text][\/et_pb_column][et_pb_column type=&#8221;2_5&#8243; _builder_version=&#8221;3.25&#8243; custom_padding=&#8221;|||&#8221; custom_padding__hover=&#8221;|||&#8221;][et_pb_image src=&#8221;https:\/\/tamara-landau.net\/wp-content\/uploads\/2019\/10\/tamara-landau-sculptrice.jpg&#8221; _builder_version=&#8221;3.26.4&#8243;][\/et_pb_image][\/et_pb_column][\/et_pb_row][\/et_pb_section][et_pb_section fb_built=&#8221;1&#8243; admin_label=&#8221;section&#8221; _builder_version=&#8221;3.26.4&#8243; background_color=&#8221;#efefef&#8221; max_width=&#8221;100%&#8221;][et_pb_row column_structure=&#8221;2_5,3_5&#8243; _builder_version=&#8221;3.26.4&#8243; background_color=&#8221;rgba(0,0,0,0)&#8221; collapsed=&#8221;off&#8221;][et_pb_column type=&#8221;2_5&#8243; _builder_version=&#8221;3.26.4&#8243;][et_pb_image src=&#8221;https:\/\/tamara-landau.net\/wp-content\/uploads\/2019\/10\/IMG_0797.jpg&#8221; show_in_lightbox=&#8221;on&#8221; _builder_version=&#8221;3.26.4&#8243; custom_margin=&#8221;4px||1px|||&#8221; custom_padding=&#8221;1px||20px||false|false&#8221;][\/et_pb_image][et_pb_image src=&#8221;https:\/\/tamara-landau.net\/wp-content\/uploads\/2019\/10\/IMG_0790.jpg&#8221; show_in_lightbox=&#8221;on&#8221; _builder_version=&#8221;3.26.4&#8243; custom_padding=&#8221;20px||80px||false|false&#8221;][\/et_pb_image][et_pb_image src=&#8221;https:\/\/tamara-landau.net\/wp-content\/uploads\/2019\/10\/IMG_0783.jpg&#8221; show_in_lightbox=&#8221;on&#8221; _builder_version=&#8221;3.26.4&#8243; custom_margin=&#8221;27px|||||&#8221; custom_padding=&#8221;||80px||false|false&#8221;][\/et_pb_image][et_pb_image src=&#8221;https:\/\/tamara-landau.net\/wp-content\/uploads\/2019\/10\/Tamara-Landau-Space-and-dream1.jpg&#8221; show_in_lightbox=&#8221;on&#8221; _builder_version=&#8221;3.26.4&#8243; custom_padding=&#8221;80px||20px||false|false&#8221;][\/et_pb_image][et_pb_image src=&#8221;https:\/\/tamara-landau.net\/wp-content\/uploads\/2019\/10\/ArbreRenverseTL_03.jpg&#8221; show_in_lightbox=&#8221;on&#8221; _builder_version=&#8221;3.26.4&#8243; custom_margin=&#8221;||9px|||&#8221; custom_padding=&#8221;80px||20px||false|false&#8221;][\/et_pb_image][et_pb_image src=&#8221;https:\/\/tamara-landau.net\/wp-content\/uploads\/2019\/10\/tamara-landau-arbol-invertido-17.jpg&#8221; show_in_lightbox=&#8221;on&#8221; _builder_version=&#8221;3.26.4&#8243; custom_padding=&#8221;10px||80px||false|false&#8221;][\/et_pb_image][\/et_pb_column][et_pb_column type=&#8221;3_5&#8243; _builder_version=&#8221;3.26.4&#8243;][et_pb_text admin_label=&#8221;Text&#8221; _builder_version=&#8221;3.26.4&#8243; background_size=&#8221;initial&#8221; background_position=&#8221;top_left&#8221; background_repeat=&#8221;repeat&#8221;]<\/p>\n<p>Tamara Landau has been taking part in collective exhibitions since 2001: \u201cArt in progress\u201d Artship, Paris, San Francisco and the Ateliers des Beaux Arts.<\/p>\n<p>Successively, a cultural and artistic exchange with Jean-Pierre Landau, psychoanalyst and painter, and his \u201cwords-colours\u201d, would bring new nourishment to her theoretical elaborations and writings.<\/p>\n<p>* In 2004 she presented her sculptures on the theme of the \u201cenfant enclav\u00e9\u201d at the Montparnasse Museum in Paris, at the Marseilles Exhibition and Convention Centre\u00a0 and at the Vinatier in Lyon.<\/p>\n<p>* In 2005, her exhibition at the Espace Beaurepaire in Paris closed this phase devoted to listening to torment and the primal fault.<\/p>\n<p>* A new more joyous reflection announced itself, one on time, the unconscious and the ability for transformation of subjects. Creation thus becomes at once a tool for listening, for change and the only way of relating to the world. The relation between being, time and desire is now represented playfully in her installations, which link dreams and memories to the real in a poetic act. In the 2008 exhibition \u201cL&#8217;\u00e9-lu, l&#8217;\u00e9 -cri et le temps\u201d at the Blanchisserie gallery in Boulogne, Tamara Landau marks a turning point with \u201cBloc-notes Magique 1\u201d,\u00a0 which continues to plunge us inside the unconscious and makes us fly over the universe of all that is possible like on a magic carpet.<\/p>\n<p>* In August 2008, her installation \u201cSpace and dream 1\u201d was selected by the jury to represent France at OPEN XI, the International Sculpture and Installations Exhibition in\u00a0 Biennale of\u00a0 Venice.<\/p>\n<p>* In October 2008, her alabaster sculptures were exhibited in Chiavenna (Lombardy, Italy) at the International Sculpture, Installations and Painting Exhibition.<\/p>\n<p>* In November 2008, she took part with a video and her installations in the exhibition \u201cA.N.G.E.L.I e tracce d&#8217;infinito\u201d at the Mya Lurgo gallery in Lugano.<\/p>\n<p>* In February 2009, she presented the installation \u201cBloc-notes 2\u201d at Spazio Tadini in Milan. In May, she participated with a video and a performance in the collective exhibition \u201cThe Soul of the Sound\u201d, organized by the contemporary art research workshop Pardes, based in Mirano (Venice) and linked to the Venice Biennale.<\/p>\n<p>* In October 2009, with some of her sculptures, she took part in the collective exhibition organised by Mnemoart at the Royal Villa of Monza &#8220;Visible and Invisible Territories of Evil&#8221;.<\/p>\n<p>* In May 2010, she presented her video \u201cL&#8217;autre scene. Traces\u201d at the Freud Museum in London.<\/p>\n<p>* In October 2010, she took part with an alabaster triptych in the exhibition \u201cElevations and Permutations 2\u201d for the Contemporary Art Museums Day organised in Mirano (Venice). The exhibition was filmed by Italian State TV for the arts show \u201cIl Paradiso dell&#8217;Arte\u201d on Rai 2.<\/p>\n<p>* In April 2011, she participated with her installation \u201cRescap\u00e9\u201d in a collective exhibition on the Shoah held in Paris at the Societ\u00e9 des Gens et des Lettres. In October, she participated with some of her works in the painting and sculpture exhibition \u201cArs poetica erotica\u201d at the Orenda International Art gallery in Paris.<\/p>\n<p>* In April 2012, she presented an alabaster, a large installation and the video \u201cM\u00e8refille toutattach\u00e9\u201d at the collective exhibition for her book \u201cLes funambules de l&#8217;oubli\u201d (The Tightrope Walkers of Oblivion) held at the Hungarian Institute in Paris.<\/p>\n<p>* In June 2012, projection of her videos at the bookshop La Terrasse de Gutenberg in Paris.<\/p>\n<p>* 2013 Projection of her videos at the Buenos Aires Conference Centre \u00a0<\/p>\n<p>* 2013 Collective MnemoArt exhibition at the Paris XIV Municipal Building.<\/p>\n<p>* 2014 Video-performance with Jean-Pierre Landau at the bookshop La Terrasse de Gutenberg in Paris.<\/p>\n<p>* 2015 Video-performance with Jean-Pierre Landau at the exhibition \u00ab P\u00e8re&amp;Fils \u00bb at the Milan French Institute.<\/p>\n<p>* 2015 Video-performance \u00ab The Tightrope Walkers of Oblivion \u00bb at the Milan French Institute.<\/p>\n<p>* 2015 Projection of her videos at the exhibition \u00ab Jean-Pierre Landau or listening at work \u00bb at Spazio Tadini in Milan.<\/p>\n<p>* 2015 Collective exhibition \u00ab The Taste of Words \u00bb at Spazio Tadini in Milan, Fuoriexpo Milan, 2015.<\/p>\n<p>* 2015 Video-performance \u00ab The Tightrope Walkers of Oblivion \u00bb at the Alliance Fran\u00e7aise in Buenos Aires.<\/p>\n<p>* 2015 Collective exhibition BAR, Beauty-Art-Restoration, at the Central Archives of the State in Rome.<\/p>\n<p>* 2016 Collective exhibition \u00ab Memory and Infinity \u00bb at the Utopia gallery in Rome.<\/p>\n<p>* 2016 Projection of her videos at Jean-Pierre Landau\u2019s exhibition \u00ab A Psychoanalyst\u2019s Notebook \u00bb at the DAIstudio in Rome.<\/p>\n<p>* 2016 Video-performance with Jean-Pierre Landau at the Central Archives of the State in Rome.<\/p>\n<p>* 2016 Video-Performance \u00ab The Tightrope Walkers of Oblivion \u00bb at DAIstudio in Rome.<\/p>\n<p>* 2016 Projection of her videos and presentation of her books in Palermo, Navarra publishers.<\/p>\n<p>[\/et_pb_text][\/et_pb_column][\/et_pb_row][\/et_pb_section]<\/p>\n","protected":false},"excerpt":{"rendered":"<p>[et_pb_section fb_built=&#8221;1&#8243; fullwidth=&#8221;on&#8221; _builder_version=&#8221;3.26.4&#8243; background_color=&#8221;#fcfaf6&#8243;][et_pb_fullwidth_header title=&#8221;Tamara Landau&#8221; subhead=&#8221;Sculptor&#8221; _builder_version=&#8221;3.26.4&#8243; title_font=&#8221;||||||||&#8221; title_text_color=&#8221;#00cccc&#8221; title_font_size=&#8221;25px&#8221; subhead_font=&#8221;||||||||&#8221; subhead_text_color=&#8221;#0068d8&#8243; subhead_font_size=&#8221;24px&#8221; background_color=&#8221;#fbfaf5&#8243; border_color_all=&#8221;#ffffff&#8221; border_color_bottom=&#8221;#00cccc&#8221; border_style_bottom=&#8221;dotted&#8221; background_layout=&#8221;light&#8221; custom_padding=&#8221;25px||6px|||&#8221;][\/et_pb_fullwidth_header][\/et_pb_section][et_pb_section fb_built=&#8221;1&#8243; admin_label=&#8221;section&#8221; _builder_version=&#8221;3.26.4&#8243; background_color=&#8221;#fcfcfc&#8221; use_background_color_gradient=&#8221;on&#8221; background_color_gradient_start=&#8221;#ffffff&#8221; background_color_gradient_end=&#8221;#efefef&#8221; background_color_gradient_start_position=&#8221;70%&#8221; max_width=&#8221;100%&#8221; custom_padding=&#8221;||35px|||&#8221;][et_pb_row column_structure=&#8221;3_5,2_5&#8243; custom_padding=&#8221;||1px|||&#8221; custom_margin=&#8221;||||false|false&#8221; admin_label=&#8221;row&#8221; _builder_version=&#8221;3.26.4&#8243; background_color=&#8221;rgba(0,0,0,0)&#8221; collapsed=&#8221;off&#8221;][et_pb_column type=&#8221;3_5&#8243; _builder_version=&#8221;3.25&#8243; custom_padding=&#8221;|||&#8221; custom_padding__hover=&#8221;|||&#8221;][et_pb_text admin_label=&#8221;Text&#8221; _builder_version=&#8221;3.26.4&#8243; background_size=&#8221;initial&#8221; background_position=&#8221;top_left&#8221; background_repeat=&#8221;repeat&#8221;] Tamara Landau, psychoanalyst, became a sculptor so she [&hellip;]<\/p>\n","protected":false},"author":1,"featured_media":2388,"parent":0,"menu_order":0,"comment_status":"closed","ping_status":"closed","template":"","meta":{"_et_pb_use_builder":"on","_et_pb_old_content":"<!-- wp:paragraph -->\n<p>Tamara Landau, psychanalyste, est devenue sculpteur pour\n\t  pouvoir \u00e9couter, penser et transmettre la souffrance cach\u00e9e\n\t  et indicible des patients. Entre 1994 et 2002, elle\n\t  fr\u00e9quente l'atelier de A.&nbsp;Carlinsky, \u00e9l\u00e8ve de O.&nbsp;Zadkine,\n\t  celui de Voledda et les ateliers des Beaux Arts. La taille\n\t  directe s'impose \u00e0 elle comme premi\u00e8re \u00e9criture po\u00e9tique des\n\t  zones insondables de l'inconscient. Ses oeuvres en alb\u00e2tre,\n\t  pierre f\u00e9minine tr\u00e8s \u00e9rotique et sinueuse nomm\u00e9e \u00ab&nbsp;agathe \u00e0\n\t  seins&nbsp;\u00bb \u00e0 Volterra, \u00e0 la fois dure et tendre, expriment avec\n\t  force cette ambivalence originaire. <\/p>\n<!-- \/wp:paragraph -->\n\n<!-- wp:paragraph -->\n<p>Tamara Landau participe \u00e0 des expositions collectives \u00e0\n\t  partir de 2001, \u00ab&nbsp;Art in progress&nbsp;\u00bb Artship, Paris, St\n\t  Francisco et aux ateliers des Beaux Arts. Par la suite,\n\t  l'\u00e9change avec <a href=\"http:\/\/ww.jplandau.net\">Jean-Pierre\n\t    Landau,  psychanalyste et peintre<\/a>, viendra nourrir\n\t  avec ses \u00ab&nbsp;mots-couleurs&nbsp;\u00bb son \u00e9laboration th\u00e9orique et son\n\t  \u00e9criture.<\/p>\n<!-- \/wp:paragraph -->\n\n<!-- wp:paragraph -->\n<p>* En 2004, elle va exposer ses sculptures autour de\n\t  \u00ab&nbsp;l'enfant enclav\u00e9&nbsp;\u00bb au Mus\u00e9e du Montparnasse, Paris, au\n\t  Palais des Congr\u00e8s \u00e0 Marseille, au Vinatier \u00e0 Lyon. <\/p>\n<!-- \/wp:paragraph -->\n\n<!-- wp:paragraph -->\n<p>* En 2005, l'exposition \u00e0 l'Espace Beaurepaire  \u00e0 Paris viendra clore\n\t  cette phase riv\u00e9e sur le tourment et la faille\n\t  originaire. \n\t  Une autre r\u00e9flexion s'annonce, plus joyeuse, sur\n\t  le temps, l'inconscient et la capacit\u00e9 de transformation des\n\t  sujets. La cr\u00e9ation devient ainsi \u00e0 la fois outil d'\u00e9coute,\n\t  de changement et le seul moyen d'\u00eatre en relation avec le\n\t  monde. Le rapport entre l'\u00eatre, le temps et le d\u00e9sir est\n\t  d\u00e9sormais figur\u00e9 de fa\u00e7on ludique dans des installations qui\n\t  relient r\u00eave et souvenirs au r\u00e9el dans un acte\n\t  po\u00e9tique. Dans l'exposition \u00ab&nbsp;L'\u00e9-lu, l'\u00e9-cri et le temps&nbsp;\u00bb\n\t  en 2008 \u00e0 la galerie La Blanchisserie, \u00e0 Boulogne(92),\n\t  Tamara Landau marque ce tournant avec \u00ab&nbsp;Bloc-notes magique\n\t  1&nbsp;\u00bb qui va continuer \u00e0 nous plonger dans l'inconscient en\n\t  nous faisant survoler, comme un tapis magique, l'univers de\n\t  tous les possibles. \n\t  <\/p>\n<!-- \/wp:paragraph -->\n\n<!-- wp:paragraph -->\n<p>* En ao\u00fbt 2008, son installation \u00ab&nbsp;Space and dream 1&nbsp;\u00bb est <a href=\"http:\/\/www.artecommunications.com\/index.en.php\/component\/content\/article\/388-francia-tamara-landau-jean-pierre-landau-bruno-contensou\">s\u00e9lectionn\u00e9e par le jury<\/a> pour repr\u00e9senter la France \u00e0 <a href=\"http:\/\/www.artecommunications.com\/index.php\/open?lang=en#catid34\">OPEN XI<\/a>, exposition internationale de sculptures et installations \u00e0 Venise. <\/p>\n<!-- \/wp:paragraph -->\n\n<!-- wp:paragraph -->\n<p>* En octobre 2008, elle expose ses sculptures en alb\u00e2tres \u00e0 Chiavenna, <a href=\"http:\/\/www.exibart.com\/profilo\/eventiV2.asp?idelemento=60858\">exposition internationale de sculptures, installations et peintures<\/a>. <\/p>\n<!-- \/wp:paragraph -->\n\n<!-- wp:paragraph -->\n<p>* En novembre 2008, elle participe avec sa video et ses installations \u00e0 l'exposition <a href=\"http:\/\/www.exibart.com\/profilo\/eventiV2.asp?idelemento=62963\">\u00ab&nbsp;Angeli, tracce d'infinito&nbsp;\u00bb<\/a> \u00e0 la Mya Lurgo Gallery \u00e0 Lugano. <\/p>\n<!-- \/wp:paragraph -->\n\n<!-- wp:paragraph -->\n<p>* En f\u00e9vrier 2009, elle pr\u00e9sente son installation \u00ab&nbsp;Bloc-notes 2&nbsp;\u00bb\n \u00e0 Milan, \u00e0 l'Espace Tadini. En mai,elle participe avec une vid\u00e9o et une\n performance \u00e0 l'exposition collective <a href=\"http:\/\/www.exibart.com\/profilo\/eventiV2.asp?idelemento=71929\">\u00ab&nbsp;L'\u00e2me du son&nbsp;\u00bb<\/a> reli\u00e9e \u00e0 la Biennale de Venise, organis\u00e9e par Pardes, laboratoire de recherche en art contemporain (Mirano). <\/p>\n<!-- \/wp:paragraph -->\n\n<!-- wp:paragraph -->\n<p>* En octobre 2009, elle participe avec des sculptures \u00e0 l\u2019expo collective de Mnemoart \u00e0 Villa Reale \u00e0 Monza. <\/p>\n<!-- \/wp:paragraph -->\n\n<!-- wp:paragraph -->\n<p>* En mai 2010, elle pr\u00e9sente  sa video \u00ab&nbsp;L'Autre sc\u00e8ne. Traces&nbsp;\u00bb au Freud Museum \u00e0 Londres. <\/p>\n<!-- \/wp:paragraph -->\n\n<!-- wp:paragraph -->\n<p>* En octobre 2010,  elle participe avec un triptyque en alb\u00e2tre \u00e0 \nla journ\u00e9e des Mus\u00e9es d'Art Contemporain Italiens avec l'exposition \n\u00ab&nbsp;El\u00e9vations et Permutations\u00bb2 \u00e0 Mirano (Venise)reprise par RAI2&nbsp;dans \nl'\u00e9mission \u00ab&nbsp;Le paradis de l'art&nbsp;\u00bb. <\/p>\n<!-- \/wp:paragraph -->\n\n<!-- wp:paragraph -->\n<p>* En avril 2011, elle expose son installation \u00abRescap\u00e9\u00bb dans une \nexpo collective sur la Shoah \u00e0 la Soci\u00e9t\u00e9 des Gens et des Lettres, \u00e0 \nParis. En octobre, elle participe avec ses sculptures \u00e0 l'exposition de \npeintures et de sculptures \u00ab&nbsp;Ars poetica erotica&nbsp;\u00bb \u00e0 la galerie Orenda  \n Art International \u00e0 Paris.<\/p>\n<!-- \/wp:paragraph -->\n\n<!-- wp:paragraph -->\n<p>* En avril 2012 elle expose un alb\u00e2tre, une grande installation et\n la video \"m\u00e8refille toutattach\u00e9\" \u00e0 l'exposition collective autour de \nson livre \"Les funambules de l'oubli\" qui a eu lieu \u00e0 L'institut \nHongrois \u00e0 Paris. <\/p>\n<!-- \/wp:paragraph -->\n\n<!-- wp:paragraph -->\n<p>* En juin 2012, elle a projet\u00e9  ses  video \u00e0 la librairie  La terrasse de Gutenberg  \u00e0 Paris.<\/p>\n<!-- \/wp:paragraph -->\n\n<!-- wp:paragraph -->\n<p>* 2013 \u2013 Projection de vid\u00e9os, palais de congr\u00e8s de Buenos Aires, Argentine<\/p>\n<!-- \/wp:paragraph -->\n\n<!-- wp:paragraph -->\n<p>* 2013 \u2013 Exposition collective MnemoArt, Mairie du XIVe arrondissement de Paris<\/p>\n<!-- \/wp:paragraph -->\n\n<!-- wp:paragraph -->\n<p>* 2014 \u2013 Projection de vid\u00e9os \u00e0 la librairie-galerie La Terrasse de Gutenberg, Paris<\/p>\n<!-- \/wp:paragraph -->\n\n<!-- wp:paragraph -->\n<p>* 2015 \u2013 Projection de vid\u00e9os \u00e0 l\u2019Institut Fran\u00e7ais de Milan<\/p>\n<!-- \/wp:paragraph -->\n\n<!-- wp:paragraph -->\n<p>* 2015 Projection vid\u00e9o dans l\u2019exposition \"Jean-Pierre Landau ou l\u2019\u00e9coute \u00e0 l\u2019oeuvre\" Spazio Tadini Milano.<\/p>\n<!-- \/wp:paragraph -->\n\n<!-- wp:paragraph -->\n<p>* <a href=\"http:\/\/spaziotadini.com\/2015\/05\/30\/mostre-milano-fuori-expo-2015-il-gusto-delle-parole-energia-per-la-vita\/\" target=\"_blank\" rel=\"noreferrer noopener\">2015 \u2013 <em>Il gusto delle parole energia per la vita<\/em>, exposition avec le groupe MnemoArt, Espace Tadini, Milan<\/a><\/p>\n<!-- \/wp:paragraph -->\n\n<!-- wp:paragraph -->\n<p>* 2015 \u2013 Projection de vid\u00e9os \u00e0 l\u2019Alliance Fran\u00e7aise de Buenos Aires<\/p>\n<!-- \/wp:paragraph -->\n\n<!-- wp:paragraph -->\n<p>* 2015 \u2013 Exposition collective MnemoArt : <em><a href=\"http:\/\/www.mnemoart.org\/pdf-doc\/2015_cat_rome.pdf\" target=\"_blank\" rel=\"noreferrer noopener\">BAR<\/a><\/em>, Archive Centrale, Rome<\/p>\n<!-- \/wp:paragraph -->\n\n<!-- wp:paragraph -->\n<p>* 2016 Exposition collective  \"M\u00e9moire et infini\" \u00e0 la galerie Utopia \u00e0 Rome.<\/p>\n<!-- \/wp:paragraph -->\n\n<!-- wp:paragraph -->\n<p>* 2016 Projection vid\u00e9o dans exposition \"Carnet d\u2019un psychanalyste\" de Jean-Pierre Landau \u00e0 Rome, DAIStudio.<\/p>\n<!-- \/wp:paragraph -->\n\n<!-- wp:paragraph -->\n<p>* 2016 Vid\u00e9o-performance avec Jean-Pierre Landau \u00e0 l\u2019Archive Centrale d\u2019\u00c9tat \u00e0 Rome.<\/p>\n<!-- \/wp:paragraph -->\n\n<!-- wp:paragraph -->\n<p>* 2016 Vid\u00e9o-performance \"Les funambules de l\u2019oubli\" \u00e0 Rome, DAIstudio. <\/p>\n<!-- \/wp:paragraph -->\n\n<!-- wp:paragraph -->\n<p>* 2016 Projection des vid\u00e9os \u00e0 Palerme, Navarra edizione.<\/p>\n<!-- \/wp:paragraph -->\n\n<!-- wp:paragraph -->\n<p>* 2017 Projection des vid\u00e9os \u00e0 l'Universit\u00e9 de l'\u00c9tat de Bahia (UNEB), \u00e0 Salvador (Bresil).<\/p>\n<!-- \/wp:paragraph -->\n\n<!-- wp:paragraph -->\n<p>Anna Caterina Bellati, commissaire d'expositions et \u00e9diteur,<a href=\"http:\/\/www.bellatieditore.com\">edizione BELLATI<\/a>.<\/p>\n<!-- \/wp:paragraph -->","_et_gb_content_width":""},"yoast_head":"<!-- This site is optimized with the Yoast SEO plugin v20.3 - https:\/\/yoast.com\/wordpress\/plugins\/seo\/ -->\n<title>Tamara Landau, Sculptor | Tamara Landau<\/title>\n<meta name=\"robots\" content=\"index, follow, max-snippet:-1, max-image-preview:large, max-video-preview:-1\" \/>\n<link rel=\"canonical\" href=\"https:\/\/tamara-landau.net\/en\/tamara-landau-sculptor\/\" \/>\n<meta property=\"og:locale\" content=\"en_US\" \/>\n<meta property=\"og:type\" content=\"article\" \/>\n<meta property=\"og:title\" content=\"Tamara Landau, Sculptor | Tamara Landau\" \/>\n<meta property=\"og:description\" content=\"[et_pb_section fb_built=&#8221;1&#8243; fullwidth=&#8221;on&#8221; _builder_version=&#8221;3.26.4&#8243; background_color=&#8221;#fcfaf6&#8243;][et_pb_fullwidth_header title=&#8221;Tamara Landau&#8221; subhead=&#8221;Sculptor&#8221; _builder_version=&#8221;3.26.4&#8243; title_font=&#8221;||||||||&#8221; title_text_color=&#8221;#00cccc&#8221; title_font_size=&#8221;25px&#8221; subhead_font=&#8221;||||||||&#8221; subhead_text_color=&#8221;#0068d8&#8243; subhead_font_size=&#8221;24px&#8221; background_color=&#8221;#fbfaf5&#8243; border_color_all=&#8221;#ffffff&#8221; border_color_bottom=&#8221;#00cccc&#8221; border_style_bottom=&#8221;dotted&#8221; background_layout=&#8221;light&#8221; custom_padding=&#8221;25px||6px|||&#8221;][\/et_pb_fullwidth_header][\/et_pb_section][et_pb_section fb_built=&#8221;1&#8243; admin_label=&#8221;section&#8221; _builder_version=&#8221;3.26.4&#8243; background_color=&#8221;#fcfcfc&#8221; use_background_color_gradient=&#8221;on&#8221; background_color_gradient_start=&#8221;#ffffff&#8221; background_color_gradient_end=&#8221;#efefef&#8221; background_color_gradient_start_position=&#8221;70%&#8221; max_width=&#8221;100%&#8221; custom_padding=&#8221;||35px|||&#8221;][et_pb_row column_structure=&#8221;3_5,2_5&#8243; custom_padding=&#8221;||1px|||&#8221; custom_margin=&#8221;||||false|false&#8221; admin_label=&#8221;row&#8221; _builder_version=&#8221;3.26.4&#8243; background_color=&#8221;rgba(0,0,0,0)&#8221; collapsed=&#8221;off&#8221;][et_pb_column type=&#8221;3_5&#8243; _builder_version=&#8221;3.25&#8243; custom_padding=&#8221;|||&#8221; custom_padding__hover=&#8221;|||&#8221;][et_pb_text admin_label=&#8221;Text&#8221; _builder_version=&#8221;3.26.4&#8243; background_size=&#8221;initial&#8221; background_position=&#8221;top_left&#8221; background_repeat=&#8221;repeat&#8221;] Tamara Landau, psychoanalyst, became a sculptor so she [&hellip;]\" \/>\n<meta property=\"og:url\" content=\"https:\/\/tamara-landau.net\/en\/tamara-landau-sculptor\/\" \/>\n<meta property=\"og:site_name\" content=\"Tamara Landau\" \/>\n<meta property=\"article:modified_time\" content=\"2019-11-22T16:20:40+00:00\" \/>\n<meta property=\"og:image\" content=\"https:\/\/tamara-landau.net\/wp-content\/uploads\/2019\/10\/IMG_0797.jpg\" \/>\n\t<meta property=\"og:image:width\" content=\"1000\" \/>\n\t<meta property=\"og:image:height\" content=\"667\" \/>\n\t<meta property=\"og:image:type\" content=\"image\/jpeg\" \/>\n<meta name=\"twitter:card\" content=\"summary_large_image\" \/>\n<meta name=\"twitter:label1\" content=\"Est. reading time\" \/>\n\t<meta name=\"twitter:data1\" content=\"6 minutes\" \/>\n<script type=\"application\/ld+json\" class=\"yoast-schema-graph\">{\"@context\":\"https:\/\/schema.org\",\"@graph\":[{\"@type\":\"WebPage\",\"@id\":\"https:\/\/tamara-landau.net\/en\/tamara-landau-sculptor\/\",\"url\":\"https:\/\/tamara-landau.net\/en\/tamara-landau-sculptor\/\",\"name\":\"Tamara Landau, Sculptor | Tamara Landau\",\"isPartOf\":{\"@id\":\"https:\/\/tamara-landau.net\/#website\"},\"datePublished\":\"2019-11-22T16:18:22+00:00\",\"dateModified\":\"2019-11-22T16:20:40+00:00\",\"breadcrumb\":{\"@id\":\"https:\/\/tamara-landau.net\/en\/tamara-landau-sculptor\/#breadcrumb\"},\"inLanguage\":\"en-US\",\"potentialAction\":[{\"@type\":\"ReadAction\",\"target\":[\"https:\/\/tamara-landau.net\/en\/tamara-landau-sculptor\/\"]}]},{\"@type\":\"BreadcrumbList\",\"@id\":\"https:\/\/tamara-landau.net\/en\/tamara-landau-sculptor\/#breadcrumb\",\"itemListElement\":[{\"@type\":\"ListItem\",\"position\":1,\"name\":\"Accueil\",\"item\":\"https:\/\/tamara-landau.net\/en\/tamara-landau-psychoanalyst-and-sculptor\/\"},{\"@type\":\"ListItem\",\"position\":2,\"name\":\"Tamara Landau, Sculptor\"}]},{\"@type\":\"WebSite\",\"@id\":\"https:\/\/tamara-landau.net\/#website\",\"url\":\"https:\/\/tamara-landau.net\/\",\"name\":\"Tamara Landau\",\"description\":\"psychanalyste et sculptrice\",\"potentialAction\":[{\"@type\":\"SearchAction\",\"target\":{\"@type\":\"EntryPoint\",\"urlTemplate\":\"https:\/\/tamara-landau.net\/?s={search_term_string}\"},\"query-input\":\"required name=search_term_string\"}],\"inLanguage\":\"en-US\"}]}<\/script>\n<!-- \/ Yoast SEO plugin. -->","yoast_head_json":{"title":"Tamara Landau, Sculptor | Tamara Landau","robots":{"index":"index","follow":"follow","max-snippet":"max-snippet:-1","max-image-preview":"max-image-preview:large","max-video-preview":"max-video-preview:-1"},"canonical":"https:\/\/tamara-landau.net\/en\/tamara-landau-sculptor\/","og_locale":"en_US","og_type":"article","og_title":"Tamara Landau, Sculptor | Tamara Landau","og_description":"[et_pb_section fb_built=&#8221;1&#8243; fullwidth=&#8221;on&#8221; _builder_version=&#8221;3.26.4&#8243; background_color=&#8221;#fcfaf6&#8243;][et_pb_fullwidth_header title=&#8221;Tamara Landau&#8221; subhead=&#8221;Sculptor&#8221; _builder_version=&#8221;3.26.4&#8243; title_font=&#8221;||||||||&#8221; title_text_color=&#8221;#00cccc&#8221; title_font_size=&#8221;25px&#8221; subhead_font=&#8221;||||||||&#8221; subhead_text_color=&#8221;#0068d8&#8243; subhead_font_size=&#8221;24px&#8221; background_color=&#8221;#fbfaf5&#8243; border_color_all=&#8221;#ffffff&#8221; border_color_bottom=&#8221;#00cccc&#8221; border_style_bottom=&#8221;dotted&#8221; background_layout=&#8221;light&#8221; custom_padding=&#8221;25px||6px|||&#8221;][\/et_pb_fullwidth_header][\/et_pb_section][et_pb_section fb_built=&#8221;1&#8243; admin_label=&#8221;section&#8221; _builder_version=&#8221;3.26.4&#8243; background_color=&#8221;#fcfcfc&#8221; use_background_color_gradient=&#8221;on&#8221; background_color_gradient_start=&#8221;#ffffff&#8221; background_color_gradient_end=&#8221;#efefef&#8221; background_color_gradient_start_position=&#8221;70%&#8221; max_width=&#8221;100%&#8221; custom_padding=&#8221;||35px|||&#8221;][et_pb_row column_structure=&#8221;3_5,2_5&#8243; custom_padding=&#8221;||1px|||&#8221; custom_margin=&#8221;||||false|false&#8221; admin_label=&#8221;row&#8221; _builder_version=&#8221;3.26.4&#8243; background_color=&#8221;rgba(0,0,0,0)&#8221; collapsed=&#8221;off&#8221;][et_pb_column type=&#8221;3_5&#8243; _builder_version=&#8221;3.25&#8243; custom_padding=&#8221;|||&#8221; custom_padding__hover=&#8221;|||&#8221;][et_pb_text admin_label=&#8221;Text&#8221; _builder_version=&#8221;3.26.4&#8243; background_size=&#8221;initial&#8221; background_position=&#8221;top_left&#8221; background_repeat=&#8221;repeat&#8221;] Tamara Landau, psychoanalyst, became a sculptor so she [&hellip;]","og_url":"https:\/\/tamara-landau.net\/en\/tamara-landau-sculptor\/","og_site_name":"Tamara Landau","article_modified_time":"2019-11-22T16:20:40+00:00","og_image":[{"width":1000,"height":667,"url":"https:\/\/tamara-landau.net\/wp-content\/uploads\/2019\/10\/IMG_0797.jpg","type":"image\/jpeg"}],"twitter_card":"summary_large_image","twitter_misc":{"Est. reading time":"6 minutes"},"schema":{"@context":"https:\/\/schema.org","@graph":[{"@type":"WebPage","@id":"https:\/\/tamara-landau.net\/en\/tamara-landau-sculptor\/","url":"https:\/\/tamara-landau.net\/en\/tamara-landau-sculptor\/","name":"Tamara Landau, Sculptor | Tamara Landau","isPartOf":{"@id":"https:\/\/tamara-landau.net\/#website"},"datePublished":"2019-11-22T16:18:22+00:00","dateModified":"2019-11-22T16:20:40+00:00","breadcrumb":{"@id":"https:\/\/tamara-landau.net\/en\/tamara-landau-sculptor\/#breadcrumb"},"inLanguage":"en-US","potentialAction":[{"@type":"ReadAction","target":["https:\/\/tamara-landau.net\/en\/tamara-landau-sculptor\/"]}]},{"@type":"BreadcrumbList","@id":"https:\/\/tamara-landau.net\/en\/tamara-landau-sculptor\/#breadcrumb","itemListElement":[{"@type":"ListItem","position":1,"name":"Accueil","item":"https:\/\/tamara-landau.net\/en\/tamara-landau-psychoanalyst-and-sculptor\/"},{"@type":"ListItem","position":2,"name":"Tamara Landau, Sculptor"}]},{"@type":"WebSite","@id":"https:\/\/tamara-landau.net\/#website","url":"https:\/\/tamara-landau.net\/","name":"Tamara Landau","description":"psychanalyste et sculptrice","potentialAction":[{"@type":"SearchAction","target":{"@type":"EntryPoint","urlTemplate":"https:\/\/tamara-landau.net\/?s={search_term_string}"},"query-input":"required name=search_term_string"}],"inLanguage":"en-US"}]}},"_links":{"self":[{"href":"https:\/\/tamara-landau.net\/en\/wp-json\/wp\/v2\/pages\/2387"}],"collection":[{"href":"https:\/\/tamara-landau.net\/en\/wp-json\/wp\/v2\/pages"}],"about":[{"href":"https:\/\/tamara-landau.net\/en\/wp-json\/wp\/v2\/types\/page"}],"author":[{"embeddable":true,"href":"https:\/\/tamara-landau.net\/en\/wp-json\/wp\/v2\/users\/1"}],"replies":[{"embeddable":true,"href":"https:\/\/tamara-landau.net\/en\/wp-json\/wp\/v2\/comments?post=2387"}],"version-history":[{"count":2,"href":"https:\/\/tamara-landau.net\/en\/wp-json\/wp\/v2\/pages\/2387\/revisions"}],"predecessor-version":[{"id":2391,"href":"https:\/\/tamara-landau.net\/en\/wp-json\/wp\/v2\/pages\/2387\/revisions\/2391"}],"wp:featuredmedia":[{"embeddable":true,"href":"https:\/\/tamara-landau.net\/en\/wp-json\/wp\/v2\/media\/2388"}],"wp:attachment":[{"href":"https:\/\/tamara-landau.net\/en\/wp-json\/wp\/v2\/media?parent=2387"}],"curies":[{"name":"wp","href":"https:\/\/api.w.org\/{rel}","templated":true}]}}